{"id":19140,"date":"2024-06-07T17:30:37","date_gmt":"2024-06-07T15:30:37","guid":{"rendered":"https:\/\/www.visitamalfi.info\/evento\/capodanno-bizantino-3\/"},"modified":"2024-08-26T16:10:48","modified_gmt":"2024-08-26T14:10:48","slug":"capodanno-bizantino-3","status":"publish","type":"tribe_events","link":"https:\/\/www.visitamalfi.info\/es\/evento\/capodanno-bizantino-3\/","title":{"rendered":"A\u00f1o Nuevo Bizantino 2024"},"content":{"rendered":"<p class=\" text-justify\"><strong>S\u00c1BADO 31 DE AGOSTO DE 2024.<\/strong> Los actos se inaugurar\u00e1n con una entrevista p\u00fablica al Magistrado Franco Nuschese, durante la cual el empresario, uno de los italianos m\u00e1s influyentes de Estados Unidos, contar\u00e1 a los ciudadanos su vida: desde su juventud vivida en Minori, hasta el desapego de los lugares perfectos de su infancia, lejos de los cuales construy\u00f3 su fortuna. Nuschese, de hecho, lleva m\u00e1s de 30 a\u00f1os viviendo en Washington, donde en 1992 fund\u00f3 el Caf\u00e9 Milano, un refinado establecimiento del distrito de Georgetown frecuentado por presidentes estadounidenses, estrellas de cine y pol\u00edticos internacionales. <\/p>\n<p class=\" text-justify\">La entrevista tendr\u00e1 lugar a las 20.30 horas en el sal\u00f3n Largo Duca Piccolomini de Amalfi y estar\u00e1 precedida a las 20.00 horas por una introducci\u00f3n hist\u00f3rica a cargo de los creadores del acto, los profesores Giovanni Camelia y Giuseppe Gargano.<\/p>\n<p class=\" text-justify\"><strong>DOMINGO 1 DE SEPTIEMBRE DE 2024.<\/strong> La procesi\u00f3n hist\u00f3rica de la Antigua Rep\u00fablica Mar\u00edtima se abrir\u00e1 con la actuaci\u00f3n de los &#8220;Sbandieratori e Musici citt\u00e0 Regia&#8221; (Abanderados y m\u00fasicos de la Ciudad Real) a las 18.15 h en la Piazza Duomo de Amalfi. A las 18.30 h, la procesi\u00f3n partir\u00e1 de la Catedral de Sant&#8217;Andrea para llegar a la Iglesia de San Salvatore de&#8217; Birecto de Atrani, donde tendr\u00e1 lugar la ceremonia de investidura del Magistral de la Civilizaci\u00f3n Amalfitana en presencia del Arzobispo, prevista para las 19.30 h e inspirada en el fascinante rito medieval de la coronaci\u00f3n de los Duques de Amalfi. <\/p>\n<p class=\" text-justify\">Al final de la ceremonia, la procesi\u00f3n girar\u00e1 desde Atrani hacia Amalfi para alinearse a las 21.00 h en toda su grandeza en la escalinata monumental de la Catedral de San Andr\u00e9s, donde el Magistrado de la Civilt\u00e0 Amalfitana saludar\u00e1 a los ciudadanos. A continuaci\u00f3n, a las 21.15 h, tendr\u00e1 lugar el sugestivo espect\u00e1culo de fuego a lo largo de la escalera monumental de la Catedral, a cargo de los artistas de la compa\u00f1\u00eda belga Pyronix. <\/p>\n<p class=\" text-justify\"><strong>LUNES 2 DE SEPTIEMBRE DE 2024.<\/strong> El gran final est\u00e1 en la m\u00fasica, una elegante velada con la extraordinaria participaci\u00f3n de <a href=\"https:\/\/www.visitamalfi.info\/evento\/arisa-in-concerto\/\">Arisa<\/a> en la Piazza Duomo de Amalfi, programada a las 21.30 h, que para la ocasi\u00f3n propondr\u00e1 un espect\u00e1culo sin precedentes hecho s\u00f3lo de voz y piano.<\/p>\n<p class=\" text-justify\"><strong>ALTERACIONES DEL TR\u00c1FICO, INFORMACI\u00d3N SOBRE MOVILIDAD Y APARCAMIENTO<\/strong><\/p>\n<p class=\" text-justify\">El 1 de septiembre de 2024 habr\u00e1 restricciones de tr\u00e1fico para permitir que se celebre el evento, la procesi\u00f3n hist\u00f3rica y los actos posteriores.<\/p>\n<p class=\" text-justify\">Est\u00e1 previsto el cierre temporal al tr\u00e1fico de la carretera estatal SS163 entre Amalfi y Atrani<\/p>\n<ul class=\"list-wrapper\">\n<li>de 18:15 a 19:15<\/li>\n<li>de 20:00 a 21:00<\/li>\n<\/ul>\n<p class=\" text-justify\">El centro hist\u00f3rico de Amalfi estar\u00e1 cerrado al tr\u00e1fico:<\/p>\n<ul class=\"list-wrapper\">\n<li>de 18:00 a 19:00<\/li>\n<li>de 20:00 a 22:00<\/li>\n<\/ul>\n<p class=\" text-justify\">Con motivo del A\u00f1o Nuevo Bizantino, Tra.Vel.Mar. realizar\u00e1 conexiones mar\u00edtimas extraordinarias el domingo 1 y el lunes 2 de septiembre de 2024: <\/p>\n<ul class=\"list-wrapper\">\n<li>de Salerno a Amalfi (con paradas en Cetara y Minori) a las 20.30 h.<\/li>\n<li>de Amalfi a Salerno (con paradas en Minori y Cetara) a medianoche<\/li>\n<\/ul>\n<p class=\" text-justify\">Para informaci\u00f3n y reservas, consulta la p\u00e1gina web de Tra.Vel.Mar.<\/p>\n<p class=\" text-justify\">Para quienes tengan intenci\u00f3n de llegar a Amalfi en coche, el Ayuntamiento de Amalfi te invita a controlar siempre la disponibilidad de plazas de aparcamiento en los aparcamientos p\u00fablicos, en tiempo real, a trav\u00e9s de la aplicaci\u00f3n<a title=\"Enlace a Info Parking Amalfi\" href=\"https:\/\/www.infoparkingamalfi.com\/tabs\/tab2\">&#8220;Info Parking Amalfi&#8221;<\/a>.<\/p>\n","protected":false},"excerpt":{"rendered":"<p>Vuelve el esperado A\u00f1o Nuevo Bizantino, lleno de acontecimientos, emoci\u00f3n y tradiciones. <\/p>\n","protected":false},"author":7,"featured_media":0,"template":"","meta":{"inline_featured_image":false,"_tribe_events_status":"","_tribe_events_status_reason":"","footnotes":""},"tags":[],"tribe_events_cat":[661,371,571,719,572],"class_list":["post-19140","tribe_events","type-tribe_events","status-publish","hentry","tribe_events_cat-musica-es","tribe_events_cat-musica-dal-vivo-es","tribe_events_cat-musica-italiana-es","tribe_events_cat-recreacion-historica","tribe_events_cat-tradicion","cat_musica-es","cat_musica-dal-vivo-es","cat_musica-italiana-es","cat_recreacion-historica","cat_tradicion"],"yoast_head":"<!-- This site is optimized with the Yoast SEO plugin v27.3 - https:\/\/yoast.com\/product\/yoast-seo-wordpress\/ -->\n<title>A\u00f1o Nuevo Bizantino 2024 - Visit Amalfi<\/title>\n<meta name=\"robots\" content=\"index, follow, max-snippet:-1, max-image-preview:large, max-video-preview:-1\" \/>\n<link rel=\"canonical\" href=\"https:\/\/www.visitamalfi.info\/es\/evento\/capodanno-bizantino-3\/\" \/>\n<meta property=\"og:locale\" content=\"es_ES\" \/>\n<meta property=\"og:type\" content=\"article\" \/>\n<meta property=\"og:title\" content=\"A\u00f1o Nuevo Bizantino 2024 - Visit Amalfi\" \/>\n<meta property=\"og:description\" content=\"Vuelve el esperado A\u00f1o Nuevo Bizantino, lleno de acontecimientos, emoci\u00f3n y tradiciones.\" \/>\n<meta property=\"og:url\" content=\"https:\/\/www.visitamalfi.info\/es\/evento\/capodanno-bizantino-3\/\" \/>\n<meta property=\"og:site_name\" content=\"Visit Amalfi\" \/>\n<meta property=\"article:publisher\" content=\"https:\/\/www.facebook.com\/visitamalfiofficial\" \/>\n<meta property=\"article:modified_time\" content=\"2024-08-26T14:10:48+00:00\" \/>\n<meta name=\"twitter:card\" content=\"summary_large_image\" \/>\n<meta name=\"twitter:label1\" content=\"Tiempo de lectura\" \/>\n\t<meta name=\"twitter:data1\" content=\"3 minutos\" \/>\n<script type=\"application\/ld+json\" class=\"yoast-schema-graph\">{\"@context\":\"https:\\\/\\\/schema.org\",\"@graph\":[{\"@type\":\"WebPage\",\"@id\":\"https:\\\/\\\/www.visitamalfi.info\\\/es\\\/evento\\\/capodanno-bizantino-3\\\/\",\"url\":\"https:\\\/\\\/www.visitamalfi.info\\\/es\\\/evento\\\/capodanno-bizantino-3\\\/\",\"name\":\"A\u00f1o Nuevo Bizantino 2024 - Visit Amalfi\",\"isPartOf\":{\"@id\":\"https:\\\/\\\/www.visitamalfi.info\\\/es\\\/#website\"},\"datePublished\":\"2024-06-07T15:30:37+00:00\",\"dateModified\":\"2024-08-26T14:10:48+00:00\",\"breadcrumb\":{\"@id\":\"https:\\\/\\\/www.visitamalfi.info\\\/es\\\/evento\\\/capodanno-bizantino-3\\\/#breadcrumb\"},\"inLanguage\":\"es\",\"potentialAction\":[{\"@type\":\"ReadAction\",\"target\":[\"https:\\\/\\\/www.visitamalfi.info\\\/es\\\/evento\\\/capodanno-bizantino-3\\\/\"]}]},{\"@type\":\"BreadcrumbList\",\"@id\":\"https:\\\/\\\/www.visitamalfi.info\\\/es\\\/evento\\\/capodanno-bizantino-3\\\/#breadcrumb\",\"itemListElement\":[{\"@type\":\"ListItem\",\"position\":1,\"name\":\"Home\",\"item\":\"https:\\\/\\\/www.visitamalfi.info\\\/es\\\/\"},{\"@type\":\"ListItem\",\"position\":2,\"name\":\"Eventos\",\"item\":\"https:\\\/\\\/www.visitamalfi.info\\\/es\\\/eventi\\\/\"},{\"@type\":\"ListItem\",\"position\":3,\"name\":\"A\u00f1o Nuevo Bizantino 2024\"}]},{\"@type\":\"WebSite\",\"@id\":\"https:\\\/\\\/www.visitamalfi.info\\\/es\\\/#website\",\"url\":\"https:\\\/\\\/www.visitamalfi.info\\\/es\\\/\",\"name\":\"Visit Amalfi\",\"description\":\"Amalfi Destination Official Website\",\"publisher\":{\"@id\":\"https:\\\/\\\/www.visitamalfi.info\\\/es\\\/#organization\"},\"potentialAction\":[{\"@type\":\"SearchAction\",\"target\":{\"@type\":\"EntryPoint\",\"urlTemplate\":\"https:\\\/\\\/www.visitamalfi.info\\\/es\\\/?s={search_term_string}\"},\"query-input\":{\"@type\":\"PropertyValueSpecification\",\"valueRequired\":true,\"valueName\":\"search_term_string\"}}],\"inLanguage\":\"es\"},{\"@type\":\"Organization\",\"@id\":\"https:\\\/\\\/www.visitamalfi.info\\\/es\\\/#organization\",\"name\":\"Visit Amalfi\",\"url\":\"https:\\\/\\\/www.visitamalfi.info\\\/es\\\/\",\"logo\":{\"@type\":\"ImageObject\",\"inLanguage\":\"es\",\"@id\":\"https:\\\/\\\/www.visitamalfi.info\\\/es\\\/#\\\/schema\\\/logo\\\/image\\\/\",\"url\":\"https:\\\/\\\/www.visitamalfi.info\\\/wp-content\\\/uploads\\\/2023\\\/04\\\/visit-amalfi-logo-web.png\",\"contentUrl\":\"https:\\\/\\\/www.visitamalfi.info\\\/wp-content\\\/uploads\\\/2023\\\/04\\\/visit-amalfi-logo-web.png\",\"width\":800,\"height\":870,\"caption\":\"Visit Amalfi\"},\"image\":{\"@id\":\"https:\\\/\\\/www.visitamalfi.info\\\/es\\\/#\\\/schema\\\/logo\\\/image\\\/\"},\"sameAs\":[\"https:\\\/\\\/www.facebook.com\\\/visitamalfiofficial\",\"https:\\\/\\\/www.instagram.com\\\/visitamalfiofficial\\\/\"]}]}<\/script>\n<!-- \/ Yoast SEO plugin. -->","yoast_head_json":{"title":"A\u00f1o Nuevo Bizantino 2024 - Visit Amalfi","robots":{"index":"index","follow":"follow","max-snippet":"max-snippet:-1","max-image-preview":"max-image-preview:large","max-video-preview":"max-video-preview:-1"},"canonical":"https:\/\/www.visitamalfi.info\/es\/evento\/capodanno-bizantino-3\/","og_locale":"es_ES","og_type":"article","og_title":"A\u00f1o Nuevo Bizantino 2024 - Visit Amalfi","og_description":"Vuelve el esperado A\u00f1o Nuevo Bizantino, lleno de acontecimientos, emoci\u00f3n y tradiciones.","og_url":"https:\/\/www.visitamalfi.info\/es\/evento\/capodanno-bizantino-3\/","og_site_name":"Visit Amalfi","article_publisher":"https:\/\/www.facebook.com\/visitamalfiofficial","article_modified_time":"2024-08-26T14:10:48+00:00","twitter_card":"summary_large_image","twitter_misc":{"Tiempo de lectura":"3 minutos"},"schema":{"@context":"https:\/\/schema.org","@graph":[{"@type":"WebPage","@id":"https:\/\/www.visitamalfi.info\/es\/evento\/capodanno-bizantino-3\/","url":"https:\/\/www.visitamalfi.info\/es\/evento\/capodanno-bizantino-3\/","name":"A\u00f1o Nuevo Bizantino 2024 - Visit Amalfi","isPartOf":{"@id":"https:\/\/www.visitamalfi.info\/es\/#website"},"datePublished":"2024-06-07T15:30:37+00:00","dateModified":"2024-08-26T14:10:48+00:00","breadcrumb":{"@id":"https:\/\/www.visitamalfi.info\/es\/evento\/capodanno-bizantino-3\/#breadcrumb"},"inLanguage":"es","potentialAction":[{"@type":"ReadAction","target":["https:\/\/www.visitamalfi.info\/es\/evento\/capodanno-bizantino-3\/"]}]},{"@type":"BreadcrumbList","@id":"https:\/\/www.visitamalfi.info\/es\/evento\/capodanno-bizantino-3\/#breadcrumb","itemListElement":[{"@type":"ListItem","position":1,"name":"Home","item":"https:\/\/www.visitamalfi.info\/es\/"},{"@type":"ListItem","position":2,"name":"Eventos","item":"https:\/\/www.visitamalfi.info\/es\/eventi\/"},{"@type":"ListItem","position":3,"name":"A\u00f1o Nuevo Bizantino 2024"}]},{"@type":"WebSite","@id":"https:\/\/www.visitamalfi.info\/es\/#website","url":"https:\/\/www.visitamalfi.info\/es\/","name":"Visit Amalfi","description":"Amalfi Destination Official Website","publisher":{"@id":"https:\/\/www.visitamalfi.info\/es\/#organization"},"potentialAction":[{"@type":"SearchAction","target":{"@type":"EntryPoint","urlTemplate":"https:\/\/www.visitamalfi.info\/es\/?s={search_term_string}"},"query-input":{"@type":"PropertyValueSpecification","valueRequired":true,"valueName":"search_term_string"}}],"inLanguage":"es"},{"@type":"Organization","@id":"https:\/\/www.visitamalfi.info\/es\/#organization","name":"Visit Amalfi","url":"https:\/\/www.visitamalfi.info\/es\/","logo":{"@type":"ImageObject","inLanguage":"es","@id":"https:\/\/www.visitamalfi.info\/es\/#\/schema\/logo\/image\/","url":"https:\/\/www.visitamalfi.info\/wp-content\/uploads\/2023\/04\/visit-amalfi-logo-web.png","contentUrl":"https:\/\/www.visitamalfi.info\/wp-content\/uploads\/2023\/04\/visit-amalfi-logo-web.png","width":800,"height":870,"caption":"Visit Amalfi"},"image":{"@id":"https:\/\/www.visitamalfi.info\/es\/#\/schema\/logo\/image\/"},"sameAs":["https:\/\/www.facebook.com\/visitamalfiofficial","https:\/\/www.instagram.com\/visitamalfiofficial\/"]}]}},"_links":{"self":[{"href":"https:\/\/www.visitamalfi.info\/es\/wp-json\/wp\/v2\/tribe_events\/19140","targetHints":{"allow":["GET"]}}],"collection":[{"href":"https:\/\/www.visitamalfi.info\/es\/wp-json\/wp\/v2\/tribe_events"}],"about":[{"href":"https:\/\/www.visitamalfi.info\/es\/wp-json\/wp\/v2\/types\/tribe_events"}],"author":[{"embeddable":true,"href":"https:\/\/www.visitamalfi.info\/es\/wp-json\/wp\/v2\/users\/7"}],"version-history":[{"count":3,"href":"https:\/\/www.visitamalfi.info\/es\/wp-json\/wp\/v2\/tribe_events\/19140\/revisions"}],"predecessor-version":[{"id":19908,"href":"https:\/\/www.visitamalfi.info\/es\/wp-json\/wp\/v2\/tribe_events\/19140\/revisions\/19908"}],"wp:attachment":[{"href":"https:\/\/www.visitamalfi.info\/es\/wp-json\/wp\/v2\/media?parent=19140"}],"wp:term":[{"taxonomy":"post_tag","embeddable":true,"href":"https:\/\/www.visitamalfi.info\/es\/wp-json\/wp\/v2\/tags?post=19140"},{"taxonomy":"tribe_events_cat","embeddable":true,"href":"https:\/\/www.visitamalfi.info\/es\/wp-json\/wp\/v2\/tribe_events_cat?post=19140"}],"curies":[{"name":"wp","href":"https:\/\/api.w.org\/{rel}","templated":true}]}}