{"id":14062,"date":"2024-02-14T10:21:48","date_gmt":"2024-02-14T09:21:48","guid":{"rendered":"https:\/\/www.visitamalfi.info\/evento\/el-carnaval-de-amalfi\/"},"modified":"2024-02-14T10:21:48","modified_gmt":"2024-02-14T09:21:48","slug":"el-carnaval-de-amalfi","status":"publish","type":"tribe_events","link":"https:\/\/www.visitamalfi.info\/es\/evento\/el-carnaval-de-amalfi\/","title":{"rendered":"El Carnaval de Amalfi"},"content":{"rendered":"<p>El <strong>Carnaval Amalfitano<\/strong> ha llegado a la ciudad. D\u00edas de gran celebraci\u00f3n esperan a visitantes de todas las edades.<\/p>\n<p>Concierto interactivo del Juego de la Oca con guitarras, tambores, tamboriles y maracas. Actuaciones y espect\u00e1culos en el Arsenal en busca del Rey Carnaval. Tres d\u00edas de gran celebraci\u00f3n: martes 13, viernes 16 y s\u00e1bado 17 de febrero.<\/p>\n<p>Un programa de emoci\u00f3n y alegr\u00eda, actividades promovidas por la administraci\u00f3n municipal dirigida por el alcalde Daniele Milano, con el \u00fanico objetivo de divertirse y m\u00e1s divertirse. No hay l\u00edmites para la imaginaci\u00f3n, y el Carnaval amalfitano espera a todos, desde el m\u00e1s peque\u00f1o al menos.<\/p>\n<p>&#8220;.<em>..una mezcla de creatividad, coreograf\u00eda y energ\u00eda, a trav\u00e9s de las vistas m\u00e1s bellas de Amalfi, entre desfiles callejeros, magos cuentacuentos, historias fant\u00e1sticas, m\u00e1scaras, payasos, ritmos, trucos de colores y m\u00e1scaras exc\u00e9ntricas, sin olvidar las grandes tradiciones populares<\/em>&#8230;&#8221;<\/p>\n<p>La ciudad se viste de gala, \u00a1la ver\u00e1s m\u00e1s bonita que nunca!<\/p>\n<p>A continuaci\u00f3n figura el programa:<\/p>\n<ul>\n<li>El <strong>Martes de Carnaval, 13 de febrero de 2024<\/strong> a las 11.00 horas, ser\u00e1 familiar con el espect\u00e1culo<strong>&#8220;Che mondo \u00e8 se Carnevale non c&#8217;\u00e8&#8221;<\/strong> en el Arsenal de la Rep\u00fablica, con m\u00fasica, actores, alegres marionetas y el mism\u00edsimo Rey Carnaval.<\/li>\n<li><strong>Viernes 16 de febrero de 2024<\/strong> a las 16.00 horas en la Piazza Duomo, emoci\u00f3n y energ\u00eda con los Grupos de Danza del Gran Carnevale Maiorese y las m\u00e1s bellas y originales Mascherine Amalfitane.<\/li>\n<li><strong>El s\u00e1bado 17 de febrero tendr\u00e1 lugar el concierto interactivo &#8220;Una orquesta para Carnaval.<\/strong> El juego de la oca musical&#8217;, en la Piazza della Bussola. El juego se desarrolla en dos rondas, a las 16.00 y a las 17.00 horas: es obligatorio reservar en el 333 9234383.<\/li>\n<\/ul>\n<p>En resumen, s\u00f3lo queda ponerse la m\u00e1scara y&#8230; \u00a1divertirse!<\/p>\n","protected":false},"excerpt":{"rendered":"<p>El Carnaval Amalfitano ha llegado a la ciudad. D\u00edas de gran celebraci\u00f3n esperan a visitantes de todas las edades.<br \/>\nConcierto interactivo del Juego de la Oca con guitarras, tambores, tamboriles y maracas. Actuaciones y espect\u00e1culos en el Arsenal en busca del Rey Carnaval. Tres d\u00edas de gran celebraci\u00f3n: martes 13, viernes 16 y s\u00e1bado 17 de febrero.<\/p>\n","protected":false},"author":7,"featured_media":14058,"template":"","meta":{"inline_featured_image":false,"_tribe_events_status":"","_tribe_events_status_reason":"","footnotes":""},"tags":[1443,265,1440,1441,1289,1344,1442,974],"tribe_events_cat":[617,1444,661,371,572],"class_list":["post-14062","tribe_events","type-tribe_events","status-publish","has-post-thumbnail","hentry","tag-alegria","tag-amalfi-es","tag-carnaval","tag-carnavalamalfitano","tag-eventiamalfi-es","tag-fiesta","tag-mascaras","tag-musica-es","tribe_events_cat-arte-es","tribe_events_cat-carnaval","tribe_events_cat-musica-es","tribe_events_cat-musica-dal-vivo-es","tribe_events_cat-tradicion","cat_arte-es","cat_carnaval","cat_musica-es","cat_musica-dal-vivo-es","cat_tradicion"],"yoast_head":"<!-- This site is optimized with the Yoast SEO plugin v27.3 - https:\/\/yoast.com\/product\/yoast-seo-wordpress\/ -->\n<title>El Carnaval de Amalfi - Visit Amalfi<\/title>\n<meta name=\"description\" content=\"El Carnaval Amalfitano ha llegado a la ciudad. D\u00edas de gran celebraci\u00f3n esperan a visitantes de todas las edades.\" \/>\n<meta name=\"robots\" content=\"index, follow, max-snippet:-1, max-image-preview:large, max-video-preview:-1\" \/>\n<link rel=\"canonical\" href=\"https:\/\/www.visitamalfi.info\/es\/evento\/el-carnaval-de-amalfi\/\" \/>\n<meta property=\"og:locale\" content=\"es_ES\" \/>\n<meta property=\"og:type\" content=\"article\" \/>\n<meta property=\"og:title\" content=\"El Carnaval de Amalfi - Visit Amalfi\" \/>\n<meta property=\"og:description\" content=\"El Carnaval Amalfitano ha llegado a la ciudad. D\u00edas de gran celebraci\u00f3n esperan a visitantes de todas las edades.\" \/>\n<meta property=\"og:url\" content=\"https:\/\/www.visitamalfi.info\/es\/evento\/el-carnaval-de-amalfi\/\" \/>\n<meta property=\"og:site_name\" content=\"Visit Amalfi\" \/>\n<meta property=\"article:publisher\" content=\"https:\/\/www.facebook.com\/visitamalfiofficial\" \/>\n<meta property=\"og:image\" content=\"https:\/\/www.visitamalfi.info\/wp-content\/uploads\/2024\/02\/carnevale.jpeg\" \/>\n\t<meta property=\"og:image:width\" content=\"1080\" \/>\n\t<meta property=\"og:image:height\" content=\"1543\" \/>\n\t<meta property=\"og:image:type\" content=\"image\/jpeg\" \/>\n<meta name=\"twitter:card\" content=\"summary_large_image\" \/>\n<meta name=\"twitter:label1\" content=\"Tiempo de lectura\" \/>\n\t<meta name=\"twitter:data1\" content=\"2 minutos\" \/>\n<script type=\"application\/ld+json\" class=\"yoast-schema-graph\">{\"@context\":\"https:\\\/\\\/schema.org\",\"@graph\":[{\"@type\":\"WebPage\",\"@id\":\"https:\\\/\\\/www.visitamalfi.info\\\/es\\\/evento\\\/el-carnaval-de-amalfi\\\/\",\"url\":\"https:\\\/\\\/www.visitamalfi.info\\\/es\\\/evento\\\/el-carnaval-de-amalfi\\\/\",\"name\":\"El Carnaval de Amalfi - Visit Amalfi\",\"isPartOf\":{\"@id\":\"https:\\\/\\\/www.visitamalfi.info\\\/es\\\/#website\"},\"primaryImageOfPage\":{\"@id\":\"https:\\\/\\\/www.visitamalfi.info\\\/es\\\/evento\\\/el-carnaval-de-amalfi\\\/#primaryimage\"},\"image\":{\"@id\":\"https:\\\/\\\/www.visitamalfi.info\\\/es\\\/evento\\\/el-carnaval-de-amalfi\\\/#primaryimage\"},\"thumbnailUrl\":\"https:\\\/\\\/www.visitamalfi.info\\\/wp-content\\\/uploads\\\/2024\\\/02\\\/carnevale.jpeg\",\"datePublished\":\"2024-02-14T09:21:48+00:00\",\"description\":\"El Carnaval Amalfitano ha llegado a la ciudad. D\u00edas de gran celebraci\u00f3n esperan a visitantes de todas las edades.\",\"breadcrumb\":{\"@id\":\"https:\\\/\\\/www.visitamalfi.info\\\/es\\\/evento\\\/el-carnaval-de-amalfi\\\/#breadcrumb\"},\"inLanguage\":\"es\",\"potentialAction\":[{\"@type\":\"ReadAction\",\"target\":[\"https:\\\/\\\/www.visitamalfi.info\\\/es\\\/evento\\\/el-carnaval-de-amalfi\\\/\"]}]},{\"@type\":\"ImageObject\",\"inLanguage\":\"es\",\"@id\":\"https:\\\/\\\/www.visitamalfi.info\\\/es\\\/evento\\\/el-carnaval-de-amalfi\\\/#primaryimage\",\"url\":\"https:\\\/\\\/www.visitamalfi.info\\\/wp-content\\\/uploads\\\/2024\\\/02\\\/carnevale.jpeg\",\"contentUrl\":\"https:\\\/\\\/www.visitamalfi.info\\\/wp-content\\\/uploads\\\/2024\\\/02\\\/carnevale.jpeg\",\"width\":1080,\"height\":1543},{\"@type\":\"BreadcrumbList\",\"@id\":\"https:\\\/\\\/www.visitamalfi.info\\\/es\\\/evento\\\/el-carnaval-de-amalfi\\\/#breadcrumb\",\"itemListElement\":[{\"@type\":\"ListItem\",\"position\":1,\"name\":\"Home\",\"item\":\"https:\\\/\\\/www.visitamalfi.info\\\/es\\\/\"},{\"@type\":\"ListItem\",\"position\":2,\"name\":\"Eventos\",\"item\":\"https:\\\/\\\/www.visitamalfi.info\\\/es\\\/eventi\\\/\"},{\"@type\":\"ListItem\",\"position\":3,\"name\":\"El Carnaval de Amalfi\"}]},{\"@type\":\"WebSite\",\"@id\":\"https:\\\/\\\/www.visitamalfi.info\\\/es\\\/#website\",\"url\":\"https:\\\/\\\/www.visitamalfi.info\\\/es\\\/\",\"name\":\"Visit Amalfi\",\"description\":\"Amalfi Destination Official Website\",\"publisher\":{\"@id\":\"https:\\\/\\\/www.visitamalfi.info\\\/es\\\/#organization\"},\"potentialAction\":[{\"@type\":\"SearchAction\",\"target\":{\"@type\":\"EntryPoint\",\"urlTemplate\":\"https:\\\/\\\/www.visitamalfi.info\\\/es\\\/?s={search_term_string}\"},\"query-input\":{\"@type\":\"PropertyValueSpecification\",\"valueRequired\":true,\"valueName\":\"search_term_string\"}}],\"inLanguage\":\"es\"},{\"@type\":\"Organization\",\"@id\":\"https:\\\/\\\/www.visitamalfi.info\\\/es\\\/#organization\",\"name\":\"Visit Amalfi\",\"url\":\"https:\\\/\\\/www.visitamalfi.info\\\/es\\\/\",\"logo\":{\"@type\":\"ImageObject\",\"inLanguage\":\"es\",\"@id\":\"https:\\\/\\\/www.visitamalfi.info\\\/es\\\/#\\\/schema\\\/logo\\\/image\\\/\",\"url\":\"https:\\\/\\\/www.visitamalfi.info\\\/wp-content\\\/uploads\\\/2023\\\/04\\\/visit-amalfi-logo-web.png\",\"contentUrl\":\"https:\\\/\\\/www.visitamalfi.info\\\/wp-content\\\/uploads\\\/2023\\\/04\\\/visit-amalfi-logo-web.png\",\"width\":800,\"height\":870,\"caption\":\"Visit Amalfi\"},\"image\":{\"@id\":\"https:\\\/\\\/www.visitamalfi.info\\\/es\\\/#\\\/schema\\\/logo\\\/image\\\/\"},\"sameAs\":[\"https:\\\/\\\/www.facebook.com\\\/visitamalfiofficial\",\"https:\\\/\\\/www.instagram.com\\\/visitamalfiofficial\\\/\"]}]}<\/script>\n<!-- \/ Yoast SEO plugin. -->","yoast_head_json":{"title":"El Carnaval de Amalfi - Visit Amalfi","description":"El Carnaval Amalfitano ha llegado a la ciudad. D\u00edas de gran celebraci\u00f3n esperan a visitantes de todas las edades.","robots":{"index":"index","follow":"follow","max-snippet":"max-snippet:-1","max-image-preview":"max-image-preview:large","max-video-preview":"max-video-preview:-1"},"canonical":"https:\/\/www.visitamalfi.info\/es\/evento\/el-carnaval-de-amalfi\/","og_locale":"es_ES","og_type":"article","og_title":"El Carnaval de Amalfi - Visit Amalfi","og_description":"El Carnaval Amalfitano ha llegado a la ciudad. D\u00edas de gran celebraci\u00f3n esperan a visitantes de todas las edades.","og_url":"https:\/\/www.visitamalfi.info\/es\/evento\/el-carnaval-de-amalfi\/","og_site_name":"Visit Amalfi","article_publisher":"https:\/\/www.facebook.com\/visitamalfiofficial","og_image":[{"width":1080,"height":1543,"url":"https:\/\/www.visitamalfi.info\/wp-content\/uploads\/2024\/02\/carnevale.jpeg","type":"image\/jpeg"}],"twitter_card":"summary_large_image","twitter_misc":{"Tiempo de lectura":"2 minutos"},"schema":{"@context":"https:\/\/schema.org","@graph":[{"@type":"WebPage","@id":"https:\/\/www.visitamalfi.info\/es\/evento\/el-carnaval-de-amalfi\/","url":"https:\/\/www.visitamalfi.info\/es\/evento\/el-carnaval-de-amalfi\/","name":"El Carnaval de Amalfi - Visit Amalfi","isPartOf":{"@id":"https:\/\/www.visitamalfi.info\/es\/#website"},"primaryImageOfPage":{"@id":"https:\/\/www.visitamalfi.info\/es\/evento\/el-carnaval-de-amalfi\/#primaryimage"},"image":{"@id":"https:\/\/www.visitamalfi.info\/es\/evento\/el-carnaval-de-amalfi\/#primaryimage"},"thumbnailUrl":"https:\/\/www.visitamalfi.info\/wp-content\/uploads\/2024\/02\/carnevale.jpeg","datePublished":"2024-02-14T09:21:48+00:00","description":"El Carnaval Amalfitano ha llegado a la ciudad. D\u00edas de gran celebraci\u00f3n esperan a visitantes de todas las edades.","breadcrumb":{"@id":"https:\/\/www.visitamalfi.info\/es\/evento\/el-carnaval-de-amalfi\/#breadcrumb"},"inLanguage":"es","potentialAction":[{"@type":"ReadAction","target":["https:\/\/www.visitamalfi.info\/es\/evento\/el-carnaval-de-amalfi\/"]}]},{"@type":"ImageObject","inLanguage":"es","@id":"https:\/\/www.visitamalfi.info\/es\/evento\/el-carnaval-de-amalfi\/#primaryimage","url":"https:\/\/www.visitamalfi.info\/wp-content\/uploads\/2024\/02\/carnevale.jpeg","contentUrl":"https:\/\/www.visitamalfi.info\/wp-content\/uploads\/2024\/02\/carnevale.jpeg","width":1080,"height":1543},{"@type":"BreadcrumbList","@id":"https:\/\/www.visitamalfi.info\/es\/evento\/el-carnaval-de-amalfi\/#breadcrumb","itemListElement":[{"@type":"ListItem","position":1,"name":"Home","item":"https:\/\/www.visitamalfi.info\/es\/"},{"@type":"ListItem","position":2,"name":"Eventos","item":"https:\/\/www.visitamalfi.info\/es\/eventi\/"},{"@type":"ListItem","position":3,"name":"El Carnaval de Amalfi"}]},{"@type":"WebSite","@id":"https:\/\/www.visitamalfi.info\/es\/#website","url":"https:\/\/www.visitamalfi.info\/es\/","name":"Visit Amalfi","description":"Amalfi Destination Official Website","publisher":{"@id":"https:\/\/www.visitamalfi.info\/es\/#organization"},"potentialAction":[{"@type":"SearchAction","target":{"@type":"EntryPoint","urlTemplate":"https:\/\/www.visitamalfi.info\/es\/?s={search_term_string}"},"query-input":{"@type":"PropertyValueSpecification","valueRequired":true,"valueName":"search_term_string"}}],"inLanguage":"es"},{"@type":"Organization","@id":"https:\/\/www.visitamalfi.info\/es\/#organization","name":"Visit Amalfi","url":"https:\/\/www.visitamalfi.info\/es\/","logo":{"@type":"ImageObject","inLanguage":"es","@id":"https:\/\/www.visitamalfi.info\/es\/#\/schema\/logo\/image\/","url":"https:\/\/www.visitamalfi.info\/wp-content\/uploads\/2023\/04\/visit-amalfi-logo-web.png","contentUrl":"https:\/\/www.visitamalfi.info\/wp-content\/uploads\/2023\/04\/visit-amalfi-logo-web.png","width":800,"height":870,"caption":"Visit Amalfi"},"image":{"@id":"https:\/\/www.visitamalfi.info\/es\/#\/schema\/logo\/image\/"},"sameAs":["https:\/\/www.facebook.com\/visitamalfiofficial","https:\/\/www.instagram.com\/visitamalfiofficial\/"]}]}},"_links":{"self":[{"href":"https:\/\/www.visitamalfi.info\/es\/wp-json\/wp\/v2\/tribe_events\/14062","targetHints":{"allow":["GET"]}}],"collection":[{"href":"https:\/\/www.visitamalfi.info\/es\/wp-json\/wp\/v2\/tribe_events"}],"about":[{"href":"https:\/\/www.visitamalfi.info\/es\/wp-json\/wp\/v2\/types\/tribe_events"}],"author":[{"embeddable":true,"href":"https:\/\/www.visitamalfi.info\/es\/wp-json\/wp\/v2\/users\/7"}],"version-history":[{"count":0,"href":"https:\/\/www.visitamalfi.info\/es\/wp-json\/wp\/v2\/tribe_events\/14062\/revisions"}],"wp:featuredmedia":[{"embeddable":true,"href":"https:\/\/www.visitamalfi.info\/es\/wp-json\/wp\/v2\/media\/14058"}],"wp:attachment":[{"href":"https:\/\/www.visitamalfi.info\/es\/wp-json\/wp\/v2\/media?parent=14062"}],"wp:term":[{"taxonomy":"post_tag","embeddable":true,"href":"https:\/\/www.visitamalfi.info\/es\/wp-json\/wp\/v2\/tags?post=14062"},{"taxonomy":"tribe_events_cat","embeddable":true,"href":"https:\/\/www.visitamalfi.info\/es\/wp-json\/wp\/v2\/tribe_events_cat?post=14062"}],"curies":[{"name":"wp","href":"https:\/\/api.w.org\/{rel}","templated":true}]}}