{"id":13323,"date":"2023-12-09T10:29:34","date_gmt":"2023-12-09T09:29:34","guid":{"rendered":"https:\/\/www.visitamalfi.info\/evento\/mercados-navidenos-en-colaboracion-con-el-anantara-convento-grand-hotel-de-amalfi\/"},"modified":"2023-12-09T10:29:34","modified_gmt":"2023-12-09T09:29:34","slug":"mercados-navidenos-en-colaboracion-con-el-anantara-convento-grand-hotel-de-amalfi","status":"publish","type":"tribe_events","link":"https:\/\/www.visitamalfi.info\/es\/evento\/mercados-navidenos-en-colaboracion-con-el-anantara-convento-grand-hotel-de-amalfi\/","title":{"rendered":"Mercados navide\u00f1os en colaboraci\u00f3n con el Anantara Convento Grand Hotel de Amalfi"},"content":{"rendered":"<p class=\"cvGsUA direction-ltr align-start para-style-body\"><span class=\"OYPEnA text-decoration-none text-strikethrough-none\">En busca del regalo navide\u00f1o perfecto en el <strong>Mercado de Navidad<\/strong> en colaboraci\u00f3n con el <a href=\"https:\/\/www.visitamalfi.info\/amw-accommodation\/anantara-convento-di-amalfi\/\">Anantara Convento Grand Hotel de Amalfi<\/a>.  <\/span><\/p>\n<p class=\"cvGsUA direction-ltr align-start para-style-body\"><span class=\"OYPEnA text-decoration-none text-strikethrough-none\">Aqu\u00ed tiene informaci\u00f3n \u00fatil:<\/span><\/p>\n<p class=\"cvGsUA direction-ltr align-start para-style-body\"><strong><br \/>\n  <span class=\"OYPEnA text-decoration-none text-strikethrough-none\">Cu\u00e1ndo<\/span><br \/>\n<\/strong><span class=\"OYPEnA text-decoration-none text-strikethrough-none\">8 &#8211; 9 &#8211; 10 de diciembre<\/span><\/p>\n<p class=\"cvGsUA direction-ltr align-start para-style-body\"><strong><br \/>\n  <span class=\"OYPEnA text-decoration-none text-strikethrough-none\">Ubicaci\u00f3n<\/span><br \/>\n<\/strong><span class=\"OYPEnA text-decoration-none text-strikethrough-none\">: Claustro<\/span><\/p>\n<p class=\"cvGsUA direction-ltr align-start para-style-body\"><strong><br \/>\n  <span class=\"OYPEnA text-decoration-none text-strikethrough-none\">Horario<\/span><br \/>\n<\/strong><span class=\"OYPEnA text-decoration-none text-strikethrough-none\">:<\/span><\/p>\n<p class=\"cvGsUA direction-ltr align-start para-style-body\"><span class=\"OYPEnA text-decoration-none text-strikethrough-none\">8 de diciembre: 15 &#8211; 21<\/span><\/p>\n<p class=\"cvGsUA direction-ltr align-start para-style-body\"><span class=\"OYPEnA text-decoration-none text-strikethrough-none\">9 de diciembre: de 10.00 a 20.00 horas<\/span><\/p>\n<p class=\"cvGsUA direction-ltr align-start para-style-body\"><span class=\"OYPEnA text-decoration-none text-strikethrough-none\">10 de diciembre: de 9.00 a 14.00 horas<\/span><\/p>\n<p class=\"cvGsUA direction-ltr align-start para-style-body\"><strong><span class=\"OYPEnA text-decoration-none text-strikethrough-none\">\u00bfDe qu\u00e9 se trata?<\/span><\/strong><\/p>\n<p class=\"cvGsUA direction-ltr align-start para-style-body\"><span class=\"OYPEnA text-decoration-none text-strikethrough-none\">Numerosos expositores locales y sus productos artesanales para encontrar el regalo de Navidad perfecto.  <\/span><\/p>\n<p class=\"cvGsUA direction-ltr align-start para-style-body\"><span class=\"OYPEnA text-decoration-none text-strikethrough-none\">Abierto a invitados internos y externos.  <\/span><em><span class=\"OYPEnA text-decoration-none text-strikethrough-none\">Reserva obligatoria<\/span><\/em><\/p>\n","protected":false},"excerpt":{"rendered":"<p>Numerosos expositores locales y sus productos artesanales para encontrar el regalo de Navidad perfecto.<\/p>\n","protected":false},"author":7,"featured_media":13182,"template":"","meta":{"inline_featured_image":false,"_tribe_events_status":"","_tribe_events_status_reason":"","footnotes":""},"tags":[1238,1237,1180,1239,1178,1183,1236,1235],"tribe_events_cat":[1240,572],"class_list":["post-13323","tribe_events","type-tribe_events","status-publish","has-post-thumbnail","hentry","tag-anantara-es","tag-mercado-de-navidad","tag-mercado-navideno","tag-navidad-es","tag-navidad","tag-papa-noel","tag-presente","tag-regalo-es","tribe_events_cat-navidad","tribe_events_cat-tradicion","cat_navidad","cat_tradicion"],"yoast_head":"<!-- This site is optimized with the Yoast SEO plugin v27.3 - https:\/\/yoast.com\/product\/yoast-seo-wordpress\/ -->\n<title>Mercados navide\u00f1os en colaboraci\u00f3n con el Anantara Convento Grand Hotel de Amalfi - Visit Amalfi<\/title>\n<meta name=\"robots\" content=\"index, follow, max-snippet:-1, max-image-preview:large, max-video-preview:-1\" \/>\n<link rel=\"canonical\" href=\"https:\/\/www.visitamalfi.info\/es\/evento\/mercados-navidenos-en-colaboracion-con-el-anantara-convento-grand-hotel-de-amalfi\/\" \/>\n<meta property=\"og:locale\" content=\"es_ES\" \/>\n<meta property=\"og:type\" content=\"article\" \/>\n<meta property=\"og:title\" content=\"Mercados navide\u00f1os en colaboraci\u00f3n con el Anantara Convento Grand Hotel de Amalfi - Visit Amalfi\" \/>\n<meta property=\"og:description\" content=\"Numerosos expositores locales y sus productos artesanales para encontrar el regalo de Navidad perfecto.\" \/>\n<meta property=\"og:url\" content=\"https:\/\/www.visitamalfi.info\/es\/evento\/mercados-navidenos-en-colaboracion-con-el-anantara-convento-grand-hotel-de-amalfi\/\" \/>\n<meta property=\"og:site_name\" content=\"Visit Amalfi\" \/>\n<meta property=\"article:publisher\" content=\"https:\/\/www.facebook.com\/visitamalfiofficial\" \/>\n<meta property=\"og:image\" content=\"https:\/\/www.visitamalfi.info\/wp-content\/uploads\/2023\/12\/2.png\" \/>\n\t<meta property=\"og:image:width\" content=\"940\" \/>\n\t<meta property=\"og:image:height\" content=\"788\" \/>\n\t<meta property=\"og:image:type\" content=\"image\/png\" \/>\n<meta name=\"twitter:card\" content=\"summary_large_image\" \/>\n<script type=\"application\/ld+json\" class=\"yoast-schema-graph\">{\"@context\":\"https:\\\/\\\/schema.org\",\"@graph\":[{\"@type\":\"WebPage\",\"@id\":\"https:\\\/\\\/www.visitamalfi.info\\\/es\\\/evento\\\/mercados-navidenos-en-colaboracion-con-el-anantara-convento-grand-hotel-de-amalfi\\\/\",\"url\":\"https:\\\/\\\/www.visitamalfi.info\\\/es\\\/evento\\\/mercados-navidenos-en-colaboracion-con-el-anantara-convento-grand-hotel-de-amalfi\\\/\",\"name\":\"Mercados navide\u00f1os en colaboraci\u00f3n con el Anantara Convento Grand Hotel de Amalfi - Visit Amalfi\",\"isPartOf\":{\"@id\":\"https:\\\/\\\/www.visitamalfi.info\\\/es\\\/#website\"},\"primaryImageOfPage\":{\"@id\":\"https:\\\/\\\/www.visitamalfi.info\\\/es\\\/evento\\\/mercados-navidenos-en-colaboracion-con-el-anantara-convento-grand-hotel-de-amalfi\\\/#primaryimage\"},\"image\":{\"@id\":\"https:\\\/\\\/www.visitamalfi.info\\\/es\\\/evento\\\/mercados-navidenos-en-colaboracion-con-el-anantara-convento-grand-hotel-de-amalfi\\\/#primaryimage\"},\"thumbnailUrl\":\"https:\\\/\\\/www.visitamalfi.info\\\/wp-content\\\/uploads\\\/2023\\\/12\\\/2.png\",\"datePublished\":\"2023-12-09T09:29:34+00:00\",\"breadcrumb\":{\"@id\":\"https:\\\/\\\/www.visitamalfi.info\\\/es\\\/evento\\\/mercados-navidenos-en-colaboracion-con-el-anantara-convento-grand-hotel-de-amalfi\\\/#breadcrumb\"},\"inLanguage\":\"es\",\"potentialAction\":[{\"@type\":\"ReadAction\",\"target\":[\"https:\\\/\\\/www.visitamalfi.info\\\/es\\\/evento\\\/mercados-navidenos-en-colaboracion-con-el-anantara-convento-grand-hotel-de-amalfi\\\/\"]}]},{\"@type\":\"ImageObject\",\"inLanguage\":\"es\",\"@id\":\"https:\\\/\\\/www.visitamalfi.info\\\/es\\\/evento\\\/mercados-navidenos-en-colaboracion-con-el-anantara-convento-grand-hotel-de-amalfi\\\/#primaryimage\",\"url\":\"https:\\\/\\\/www.visitamalfi.info\\\/wp-content\\\/uploads\\\/2023\\\/12\\\/2.png\",\"contentUrl\":\"https:\\\/\\\/www.visitamalfi.info\\\/wp-content\\\/uploads\\\/2023\\\/12\\\/2.png\",\"width\":940,\"height\":788},{\"@type\":\"BreadcrumbList\",\"@id\":\"https:\\\/\\\/www.visitamalfi.info\\\/es\\\/evento\\\/mercados-navidenos-en-colaboracion-con-el-anantara-convento-grand-hotel-de-amalfi\\\/#breadcrumb\",\"itemListElement\":[{\"@type\":\"ListItem\",\"position\":1,\"name\":\"Home\",\"item\":\"https:\\\/\\\/www.visitamalfi.info\\\/es\\\/\"},{\"@type\":\"ListItem\",\"position\":2,\"name\":\"Eventos\",\"item\":\"https:\\\/\\\/www.visitamalfi.info\\\/es\\\/eventi\\\/\"},{\"@type\":\"ListItem\",\"position\":3,\"name\":\"Mercados navide\u00f1os en colaboraci\u00f3n con el Anantara Convento Grand Hotel de Amalfi\"}]},{\"@type\":\"WebSite\",\"@id\":\"https:\\\/\\\/www.visitamalfi.info\\\/es\\\/#website\",\"url\":\"https:\\\/\\\/www.visitamalfi.info\\\/es\\\/\",\"name\":\"Visit Amalfi\",\"description\":\"Amalfi Destination Official Website\",\"publisher\":{\"@id\":\"https:\\\/\\\/www.visitamalfi.info\\\/es\\\/#organization\"},\"potentialAction\":[{\"@type\":\"SearchAction\",\"target\":{\"@type\":\"EntryPoint\",\"urlTemplate\":\"https:\\\/\\\/www.visitamalfi.info\\\/es\\\/?s={search_term_string}\"},\"query-input\":{\"@type\":\"PropertyValueSpecification\",\"valueRequired\":true,\"valueName\":\"search_term_string\"}}],\"inLanguage\":\"es\"},{\"@type\":\"Organization\",\"@id\":\"https:\\\/\\\/www.visitamalfi.info\\\/es\\\/#organization\",\"name\":\"Visit Amalfi\",\"url\":\"https:\\\/\\\/www.visitamalfi.info\\\/es\\\/\",\"logo\":{\"@type\":\"ImageObject\",\"inLanguage\":\"es\",\"@id\":\"https:\\\/\\\/www.visitamalfi.info\\\/es\\\/#\\\/schema\\\/logo\\\/image\\\/\",\"url\":\"https:\\\/\\\/www.visitamalfi.info\\\/wp-content\\\/uploads\\\/2023\\\/04\\\/visit-amalfi-logo-web.png\",\"contentUrl\":\"https:\\\/\\\/www.visitamalfi.info\\\/wp-content\\\/uploads\\\/2023\\\/04\\\/visit-amalfi-logo-web.png\",\"width\":800,\"height\":870,\"caption\":\"Visit Amalfi\"},\"image\":{\"@id\":\"https:\\\/\\\/www.visitamalfi.info\\\/es\\\/#\\\/schema\\\/logo\\\/image\\\/\"},\"sameAs\":[\"https:\\\/\\\/www.facebook.com\\\/visitamalfiofficial\",\"https:\\\/\\\/www.instagram.com\\\/visitamalfiofficial\\\/\"]}]}<\/script>\n<!-- \/ Yoast SEO plugin. -->","yoast_head_json":{"title":"Mercados navide\u00f1os en colaboraci\u00f3n con el Anantara Convento Grand Hotel de Amalfi - Visit Amalfi","robots":{"index":"index","follow":"follow","max-snippet":"max-snippet:-1","max-image-preview":"max-image-preview:large","max-video-preview":"max-video-preview:-1"},"canonical":"https:\/\/www.visitamalfi.info\/es\/evento\/mercados-navidenos-en-colaboracion-con-el-anantara-convento-grand-hotel-de-amalfi\/","og_locale":"es_ES","og_type":"article","og_title":"Mercados navide\u00f1os en colaboraci\u00f3n con el Anantara Convento Grand Hotel de Amalfi - Visit Amalfi","og_description":"Numerosos expositores locales y sus productos artesanales para encontrar el regalo de Navidad perfecto.","og_url":"https:\/\/www.visitamalfi.info\/es\/evento\/mercados-navidenos-en-colaboracion-con-el-anantara-convento-grand-hotel-de-amalfi\/","og_site_name":"Visit Amalfi","article_publisher":"https:\/\/www.facebook.com\/visitamalfiofficial","og_image":[{"width":940,"height":788,"url":"https:\/\/www.visitamalfi.info\/wp-content\/uploads\/2023\/12\/2.png","type":"image\/png"}],"twitter_card":"summary_large_image","schema":{"@context":"https:\/\/schema.org","@graph":[{"@type":"WebPage","@id":"https:\/\/www.visitamalfi.info\/es\/evento\/mercados-navidenos-en-colaboracion-con-el-anantara-convento-grand-hotel-de-amalfi\/","url":"https:\/\/www.visitamalfi.info\/es\/evento\/mercados-navidenos-en-colaboracion-con-el-anantara-convento-grand-hotel-de-amalfi\/","name":"Mercados navide\u00f1os en colaboraci\u00f3n con el Anantara Convento Grand Hotel de Amalfi - Visit Amalfi","isPartOf":{"@id":"https:\/\/www.visitamalfi.info\/es\/#website"},"primaryImageOfPage":{"@id":"https:\/\/www.visitamalfi.info\/es\/evento\/mercados-navidenos-en-colaboracion-con-el-anantara-convento-grand-hotel-de-amalfi\/#primaryimage"},"image":{"@id":"https:\/\/www.visitamalfi.info\/es\/evento\/mercados-navidenos-en-colaboracion-con-el-anantara-convento-grand-hotel-de-amalfi\/#primaryimage"},"thumbnailUrl":"https:\/\/www.visitamalfi.info\/wp-content\/uploads\/2023\/12\/2.png","datePublished":"2023-12-09T09:29:34+00:00","breadcrumb":{"@id":"https:\/\/www.visitamalfi.info\/es\/evento\/mercados-navidenos-en-colaboracion-con-el-anantara-convento-grand-hotel-de-amalfi\/#breadcrumb"},"inLanguage":"es","potentialAction":[{"@type":"ReadAction","target":["https:\/\/www.visitamalfi.info\/es\/evento\/mercados-navidenos-en-colaboracion-con-el-anantara-convento-grand-hotel-de-amalfi\/"]}]},{"@type":"ImageObject","inLanguage":"es","@id":"https:\/\/www.visitamalfi.info\/es\/evento\/mercados-navidenos-en-colaboracion-con-el-anantara-convento-grand-hotel-de-amalfi\/#primaryimage","url":"https:\/\/www.visitamalfi.info\/wp-content\/uploads\/2023\/12\/2.png","contentUrl":"https:\/\/www.visitamalfi.info\/wp-content\/uploads\/2023\/12\/2.png","width":940,"height":788},{"@type":"BreadcrumbList","@id":"https:\/\/www.visitamalfi.info\/es\/evento\/mercados-navidenos-en-colaboracion-con-el-anantara-convento-grand-hotel-de-amalfi\/#breadcrumb","itemListElement":[{"@type":"ListItem","position":1,"name":"Home","item":"https:\/\/www.visitamalfi.info\/es\/"},{"@type":"ListItem","position":2,"name":"Eventos","item":"https:\/\/www.visitamalfi.info\/es\/eventi\/"},{"@type":"ListItem","position":3,"name":"Mercados navide\u00f1os en colaboraci\u00f3n con el Anantara Convento Grand Hotel de Amalfi"}]},{"@type":"WebSite","@id":"https:\/\/www.visitamalfi.info\/es\/#website","url":"https:\/\/www.visitamalfi.info\/es\/","name":"Visit Amalfi","description":"Amalfi Destination Official Website","publisher":{"@id":"https:\/\/www.visitamalfi.info\/es\/#organization"},"potentialAction":[{"@type":"SearchAction","target":{"@type":"EntryPoint","urlTemplate":"https:\/\/www.visitamalfi.info\/es\/?s={search_term_string}"},"query-input":{"@type":"PropertyValueSpecification","valueRequired":true,"valueName":"search_term_string"}}],"inLanguage":"es"},{"@type":"Organization","@id":"https:\/\/www.visitamalfi.info\/es\/#organization","name":"Visit Amalfi","url":"https:\/\/www.visitamalfi.info\/es\/","logo":{"@type":"ImageObject","inLanguage":"es","@id":"https:\/\/www.visitamalfi.info\/es\/#\/schema\/logo\/image\/","url":"https:\/\/www.visitamalfi.info\/wp-content\/uploads\/2023\/04\/visit-amalfi-logo-web.png","contentUrl":"https:\/\/www.visitamalfi.info\/wp-content\/uploads\/2023\/04\/visit-amalfi-logo-web.png","width":800,"height":870,"caption":"Visit Amalfi"},"image":{"@id":"https:\/\/www.visitamalfi.info\/es\/#\/schema\/logo\/image\/"},"sameAs":["https:\/\/www.facebook.com\/visitamalfiofficial","https:\/\/www.instagram.com\/visitamalfiofficial\/"]}]}},"_links":{"self":[{"href":"https:\/\/www.visitamalfi.info\/es\/wp-json\/wp\/v2\/tribe_events\/13323","targetHints":{"allow":["GET"]}}],"collection":[{"href":"https:\/\/www.visitamalfi.info\/es\/wp-json\/wp\/v2\/tribe_events"}],"about":[{"href":"https:\/\/www.visitamalfi.info\/es\/wp-json\/wp\/v2\/types\/tribe_events"}],"author":[{"embeddable":true,"href":"https:\/\/www.visitamalfi.info\/es\/wp-json\/wp\/v2\/users\/7"}],"version-history":[{"count":0,"href":"https:\/\/www.visitamalfi.info\/es\/wp-json\/wp\/v2\/tribe_events\/13323\/revisions"}],"wp:featuredmedia":[{"embeddable":true,"href":"https:\/\/www.visitamalfi.info\/es\/wp-json\/wp\/v2\/media\/13182"}],"wp:attachment":[{"href":"https:\/\/www.visitamalfi.info\/es\/wp-json\/wp\/v2\/media?parent=13323"}],"wp:term":[{"taxonomy":"post_tag","embeddable":true,"href":"https:\/\/www.visitamalfi.info\/es\/wp-json\/wp\/v2\/tags?post=13323"},{"taxonomy":"tribe_events_cat","embeddable":true,"href":"https:\/\/www.visitamalfi.info\/es\/wp-json\/wp\/v2\/tribe_events_cat?post=13323"}],"curies":[{"name":"wp","href":"https:\/\/api.w.org\/{rel}","templated":true}]}}