{"id":6248,"date":"2023-05-31T10:25:49","date_gmt":"2023-05-31T08:25:49","guid":{"rendered":"https:\/\/www.visitamalfi.info\/puntos-de-interes-en-amalfi\/conjunto-monumental-de-la-catedral-de-amalfi\/"},"modified":"2023-08-13T16:27:43","modified_gmt":"2023-08-13T14:27:43","slug":"conjunto-monumental-de-la-catedral-de-amalfi","status":"publish","type":"page","link":"https:\/\/www.visitamalfi.info\/es\/puntos-de-interes-en-amalfi\/conjunto-monumental-de-la-catedral-de-amalfi\/","title":{"rendered":"Conjunto Monumental de la Catedral de Amalfi"},"content":{"rendered":"\t\t<div data-elementor-type=\"wp-post\" data-elementor-id=\"6248\" class=\"elementor elementor-6248 elementor-3006\">\n\t\t\t\t\t\t<section class=\"elementor-section elementor-top-section elementor-element elementor-element-a245c11 elementor-section-full_width elementor-section-height-default elementor-section-height-default\" data-id=\"a245c11\" data-element_type=\"section\" data-e-type=\"section\">\n\t\t\t\t\t\t<div class=\"elementor-container elementor-column-gap-no\">\n\t\t\t\t\t<div class=\"elementor-column elementor-col-100 elementor-top-column elementor-element elementor-element-d803bdd\" data-id=\"d803bdd\" data-element_type=\"column\" data-e-type=\"column\">\n\t\t\t<div class=\"elementor-widget-wrap elementor-element-populated\">\n\t\t\t\t\t\t<div class=\"elementor-element elementor-element-3d0d982 elementor-widget elementor-widget-shortcode\" data-id=\"3d0d982\" data-element_type=\"widget\" data-e-type=\"widget\" data-widget_type=\"shortcode.default\">\n\t\t\t\t<div class=\"elementor-widget-container\">\n\t\t\t\t\t\t\t<div class=\"elementor-shortcode\"><div\n\tid=\"maxslider-3018\"\n\tclass=\"maxslider\"\n\tdata-autoslide=\"true\" data-effect=\"fade\" data-slide-speed=\"5000\" data-height=\"700\" data-height_unit=\"px\" data-navigation=\"arrows\" data-navigation_fg_color=\"\" data-navigation_bg_color=\"\" data-image_size=\"full\" data-arrows=\"1\" data-arrows_fg_color=\"\" data-arrows_bg_color=\"\" >\n\t\t<div class=\"maxslider-slide maxslider-3018-slide-0\">\n\t\t<div class=\"maxslider-slide-content maxslider-align-center maxslider-align-middle\">\n\t\t\t<div class=\"maxslider-slide-content-pad\">\n\t\t\t\t\n\t\t\t\t\n\t\t\t\t\t\t\t<\/div>\n\t\t<\/div>\n\t<\/div>\n\t<div class=\"maxslider-slide maxslider-3018-slide-1\">\n\t\t<div class=\"maxslider-slide-content maxslider-align-center maxslider-align-middle\">\n\t\t\t<div class=\"maxslider-slide-content-pad\">\n\t\t\t\t\n\t\t\t\t\n\t\t\t\t\t\t\t<\/div>\n\t\t<\/div>\n\t<\/div>\n\t<div class=\"maxslider-slide maxslider-3018-slide-2\">\n\t\t<div class=\"maxslider-slide-content maxslider-align-center maxslider-align-middle\">\n\t\t\t<div class=\"maxslider-slide-content-pad\">\n\t\t\t\t\n\t\t\t\t\n\t\t\t\t\t\t\t<\/div>\n\t\t<\/div>\n\t<\/div>\n\t<div class=\"maxslider-slide maxslider-3018-slide-3\">\n\t\t<div class=\"maxslider-slide-content maxslider-align-center maxslider-align-middle\">\n\t\t\t<div class=\"maxslider-slide-content-pad\">\n\t\t\t\t\n\t\t\t\t\n\t\t\t\t\t\t\t<\/div>\n\t\t<\/div>\n\t<\/div>\n\t<div class=\"maxslider-slide maxslider-3018-slide-4\">\n\t\t<div class=\"maxslider-slide-content maxslider-align-center maxslider-align-middle\">\n\t\t\t<div class=\"maxslider-slide-content-pad\">\n\t\t\t\t\n\t\t\t\t\n\t\t\t\t\t\t\t<\/div>\n\t\t<\/div>\n\t<\/div>\n<\/div>\n<\/div>\n\t\t\t\t\t\t<\/div>\n\t\t\t\t<\/div>\n\t\t\t\t\t<\/div>\n\t\t<\/div>\n\t\t\t\t\t<\/div>\n\t\t<\/section>\n\t\t\t\t<section class=\"elementor-section elementor-top-section elementor-element elementor-element-6bc47b6 elementor-section-full_width elementor-section-height-default elementor-section-height-default\" data-id=\"6bc47b6\" data-element_type=\"section\" data-e-type=\"section\" data-settings=\"{&quot;background_background&quot;:&quot;classic&quot;}\">\n\t\t\t\t\t\t<div class=\"elementor-container elementor-column-gap-default\">\n\t\t\t\t\t<div class=\"elementor-column elementor-col-50 elementor-top-column elementor-element elementor-element-2f81196\" data-id=\"2f81196\" data-element_type=\"column\" data-e-type=\"column\" data-settings=\"{&quot;background_background&quot;:&quot;classic&quot;}\">\n\t\t\t<div class=\"elementor-widget-wrap elementor-element-populated\">\n\t\t\t\t\t\t<div class=\"elementor-element elementor-element-ec3726f elementor-widget elementor-widget-heading\" data-id=\"ec3726f\" data-element_type=\"widget\" data-e-type=\"widget\" data-widget_type=\"heading.default\">\n\t\t\t\t<div class=\"elementor-widget-container\">\n\t\t\t\t\t<h2 class=\"elementor-heading-title elementor-size-default\">Conjunto Monumental de la Catedral\n<\/h2>\t\t\t\t<\/div>\n\t\t\t\t<\/div>\n\t\t\t\t<div class=\"elementor-element elementor-element-328d89f elementor-widget elementor-widget-text-editor\" data-id=\"328d89f\" data-element_type=\"widget\" data-e-type=\"widget\" data-widget_type=\"text-editor.default\">\n\t\t\t\t<div class=\"elementor-widget-container\">\n\t\t\t\t\t\t\t\t\t<p>El Conjunto Monumental de la Catedral de Amalfi incluye el Claustro del Para\u00edso, la Cripta de San Andr\u00e9s y el Museo Diocesano, que se encuentra en el interior de la antigua Bas\u00edlica del Crucifijo. <\/p>\n\t\t\t\t\t\t\t\t<\/div>\n\t\t\t\t<\/div>\n\t\t\t\t\t<\/div>\n\t\t<\/div>\n\t\t\t\t<div class=\"elementor-column elementor-col-50 elementor-top-column elementor-element elementor-element-d48e7d3\" data-id=\"d48e7d3\" data-element_type=\"column\" data-e-type=\"column\">\n\t\t\t<div class=\"elementor-widget-wrap elementor-element-populated\">\n\t\t\t\t\t\t<div class=\"elementor-element elementor-element-194e89b elementor-widget elementor-widget-spacer\" data-id=\"194e89b\" data-element_type=\"widget\" data-e-type=\"widget\" data-widget_type=\"spacer.default\">\n\t\t\t\t<div class=\"elementor-widget-container\">\n\t\t\t\t\t\t\t<div class=\"elementor-spacer\">\n\t\t\t<div class=\"elementor-spacer-inner\"><\/div>\n\t\t<\/div>\n\t\t\t\t\t\t<\/div>\n\t\t\t\t<\/div>\n\t\t\t\t\t<\/div>\n\t\t<\/div>\n\t\t\t\t\t<\/div>\n\t\t<\/section>\n\t\t\t\t<section class=\"elementor-section elementor-top-section elementor-element elementor-element-57a7146 elementor-section-full_width elementor-section-height-default elementor-section-height-default\" data-id=\"57a7146\" data-element_type=\"section\" data-e-type=\"section\" data-settings=\"{&quot;background_background&quot;:&quot;classic&quot;}\">\n\t\t\t\t\t\t<div class=\"elementor-container elementor-column-gap-default\">\n\t\t\t\t\t<div class=\"elementor-column elementor-col-50 elementor-top-column elementor-element elementor-element-05dfb4a elementor-hidden-mobile\" data-id=\"05dfb4a\" data-element_type=\"column\" data-e-type=\"column\" data-settings=\"{&quot;background_background&quot;:&quot;classic&quot;}\">\n\t\t\t<div class=\"elementor-widget-wrap\">\n\t\t\t\t\t\t\t<\/div>\n\t\t<\/div>\n\t\t\t\t<div class=\"elementor-column elementor-col-50 elementor-top-column elementor-element elementor-element-387283d\" data-id=\"387283d\" data-element_type=\"column\" data-e-type=\"column\" data-settings=\"{&quot;background_background&quot;:&quot;classic&quot;}\">\n\t\t\t<div class=\"elementor-widget-wrap elementor-element-populated\">\n\t\t\t\t\t\t<div class=\"elementor-element elementor-element-3a7710d elementor-widget elementor-widget-heading\" data-id=\"3a7710d\" data-element_type=\"widget\" data-e-type=\"widget\" data-widget_type=\"heading.default\">\n\t\t\t\t<div class=\"elementor-widget-container\">\n\t\t\t\t\t<h2 class=\"elementor-heading-title elementor-size-default\">El Claustro del Para\u00edso<\/h2>\t\t\t\t<\/div>\n\t\t\t\t<\/div>\n\t\t\t\t<div class=\"elementor-element elementor-element-80e8357 elementor-widget elementor-widget-text-editor\" data-id=\"80e8357\" data-element_type=\"widget\" data-e-type=\"widget\" data-widget_type=\"text-editor.default\">\n\t\t\t\t<div class=\"elementor-widget-container\">\n\t\t\t\t\t\t\t\t\t<p>El Claustro del Para\u00edso se utilizaba antiguamente para albergar los cuerpos de los nobles de Amalfi. Con su encanto oriental, armonizado por arcos entrelazados y peque\u00f1as columnas, se construy\u00f3 entre 1266 y 1268 con el objetivo de restaurar la sensaci\u00f3n de conexi\u00f3n entre el cielo y la tierra. Paseando por las galer\u00edas, se puede admirar el coraz\u00f3n del claustro verde exuberante del peque\u00f1o jard\u00edn mediterr\u00e1neo. Decoraciones de m\u00e1rmol, mosaicos, capillas funerarias, sarc\u00f3fagos y frescos triunfan en el claustro.&nbsp;<br \/>En el centro del lado norte del Claustro del Para\u00edso se encuentra una de las vistas m\u00e1s sorprendentes del campanario de la Catedral de Amalfi.<\/p>\n\t\t\t\t\t\t\t\t<\/div>\n\t\t\t\t<\/div>\n\t\t\t\t<div class=\"elementor-element elementor-element-0d29539 elementor-align-center elementor-widget elementor-widget-button\" data-id=\"0d29539\" data-element_type=\"widget\" data-e-type=\"widget\" data-widget_type=\"button.default\">\n\t\t\t\t<div class=\"elementor-widget-container\">\n\t\t\t\t\t\t\t\t\t<div class=\"elementor-button-wrapper\">\n\t\t\t\t\t<a class=\"elementor-button elementor-button-link elementor-size-sm\" href=\"http:\/\/www.parrocchiaamalfi.com\/cattedrale\/chiostro-del-paradiso\/\">\n\t\t\t\t\t\t<span class=\"elementor-button-content-wrapper\">\n\t\t\t\t\t\t\t\t\t<span class=\"elementor-button-text\">VISITE EL SITIO WEB PARA OBTENER M\u00c1S INFORMACI\u00d3N<\/span>\n\t\t\t\t\t<\/span>\n\t\t\t\t\t<\/a>\n\t\t\t\t<\/div>\n\t\t\t\t\t\t\t\t<\/div>\n\t\t\t\t<\/div>\n\t\t\t\t\t<\/div>\n\t\t<\/div>\n\t\t\t\t\t<\/div>\n\t\t<\/section>\n\t\t\t\t<section class=\"elementor-section elementor-top-section elementor-element elementor-element-c77d2fc elementor-section-full_width elementor-reverse-mobile elementor-section-height-default elementor-section-height-default\" data-id=\"c77d2fc\" data-element_type=\"section\" data-e-type=\"section\" data-settings=\"{&quot;background_background&quot;:&quot;classic&quot;}\">\n\t\t\t\t\t\t<div class=\"elementor-container elementor-column-gap-default\">\n\t\t\t\t\t<div class=\"elementor-column elementor-col-50 elementor-top-column elementor-element elementor-element-a014060\" data-id=\"a014060\" data-element_type=\"column\" data-e-type=\"column\" data-settings=\"{&quot;background_background&quot;:&quot;classic&quot;}\">\n\t\t\t<div class=\"elementor-widget-wrap elementor-element-populated\">\n\t\t\t\t\t\t<div class=\"elementor-element elementor-element-de24b97 elementor-widget elementor-widget-heading\" data-id=\"de24b97\" data-element_type=\"widget\" data-e-type=\"widget\" data-widget_type=\"heading.default\">\n\t\t\t\t<div class=\"elementor-widget-container\">\n\t\t\t\t\t<h2 class=\"elementor-heading-title elementor-size-default\">Cripta de la Catedral<\/h2>\t\t\t\t<\/div>\n\t\t\t\t<\/div>\n\t\t\t\t<div class=\"elementor-element elementor-element-b797eb9 elementor-widget elementor-widget-text-editor\" data-id=\"b797eb9\" data-element_type=\"widget\" data-e-type=\"widget\" data-widget_type=\"text-editor.default\">\n\t\t\t\t<div class=\"elementor-widget-container\">\n\t\t\t\t\t\t\t\t\t<p>La Cripta del Conjunto Monumental de la Catedral de Amalfi fue construida a principios del siglo XIII a instancias del cardenal Pietro Capuano, que el 8 de mayo de 1208 trajo directamente de Constantinopla los restos del patr\u00f3n de Amalfi, San Andr\u00e9s, a su regreso de la Cuarta Cruzada. El altar y la estatua de bronce de San Andr\u00e9s, obra de Michelangelo Naccherino, disc\u00edpulo de Buonarroti, se construyeron alrededor de la tumba del santo, situada en el centro de la cripta. La cripta, ricamente adornada, cuenta tambi\u00e9n con dos esculturas de m\u00e1rmol de San Esteban y San Lorenzo, esculpidas por Pietro Bernini. Conectado a la cripta est\u00e1 el milagro del Man\u00e1 de San Andr\u00e9s. <\/p>\n\t\t\t\t\t\t\t\t<\/div>\n\t\t\t\t<\/div>\n\t\t\t\t<div class=\"elementor-element elementor-element-1a5a16e elementor-align-center elementor-widget elementor-widget-button\" data-id=\"1a5a16e\" data-element_type=\"widget\" data-e-type=\"widget\" data-widget_type=\"button.default\">\n\t\t\t\t<div class=\"elementor-widget-container\">\n\t\t\t\t\t\t\t\t\t<div class=\"elementor-button-wrapper\">\n\t\t\t\t\t<a class=\"elementor-button elementor-button-link elementor-size-sm\" href=\"http:\/\/www.parrocchiaamalfi.com\/cattedrale\/la-cripta-ed-il-rito-della-manna\/\">\n\t\t\t\t\t\t<span class=\"elementor-button-content-wrapper\">\n\t\t\t\t\t\t\t\t\t<span class=\"elementor-button-text\">VISITE EL SITIO WEB PARA OBTENER M\u00c1S INFORMACI\u00d3N<\/span>\n\t\t\t\t\t<\/span>\n\t\t\t\t\t<\/a>\n\t\t\t\t<\/div>\n\t\t\t\t\t\t\t\t<\/div>\n\t\t\t\t<\/div>\n\t\t\t\t\t<\/div>\n\t\t<\/div>\n\t\t\t\t<div class=\"elementor-column elementor-col-50 elementor-top-column elementor-element elementor-element-09d8174\" data-id=\"09d8174\" data-element_type=\"column\" data-e-type=\"column\">\n\t\t\t<div class=\"elementor-widget-wrap elementor-element-populated\">\n\t\t\t\t\t\t<div class=\"elementor-element elementor-element-adadd2b elementor-widget elementor-widget-spacer\" data-id=\"adadd2b\" data-element_type=\"widget\" data-e-type=\"widget\" data-widget_type=\"spacer.default\">\n\t\t\t\t<div class=\"elementor-widget-container\">\n\t\t\t\t\t\t\t<div class=\"elementor-spacer\">\n\t\t\t<div class=\"elementor-spacer-inner\"><\/div>\n\t\t<\/div>\n\t\t\t\t\t\t<\/div>\n\t\t\t\t<\/div>\n\t\t\t\t\t<\/div>\n\t\t<\/div>\n\t\t\t\t\t<\/div>\n\t\t<\/section>\n\t\t\t\t<section class=\"elementor-section elementor-top-section elementor-element elementor-element-a372f4f elementor-section-full_width elementor-section-height-default elementor-section-height-default\" data-id=\"a372f4f\" data-element_type=\"section\" data-e-type=\"section\" data-settings=\"{&quot;background_background&quot;:&quot;classic&quot;}\">\n\t\t\t\t\t\t<div class=\"elementor-container elementor-column-gap-default\">\n\t\t\t\t\t<div class=\"elementor-column elementor-col-50 elementor-top-column elementor-element elementor-element-285eb2e\" data-id=\"285eb2e\" data-element_type=\"column\" data-e-type=\"column\" data-settings=\"{&quot;background_background&quot;:&quot;classic&quot;}\">\n\t\t\t<div class=\"elementor-widget-wrap elementor-element-populated\">\n\t\t\t\t\t\t<div class=\"elementor-element elementor-element-65369ee elementor-widget elementor-widget-spacer\" data-id=\"65369ee\" data-element_type=\"widget\" data-e-type=\"widget\" data-widget_type=\"spacer.default\">\n\t\t\t\t<div class=\"elementor-widget-container\">\n\t\t\t\t\t\t\t<div class=\"elementor-spacer\">\n\t\t\t<div class=\"elementor-spacer-inner\"><\/div>\n\t\t<\/div>\n\t\t\t\t\t\t<\/div>\n\t\t\t\t<\/div>\n\t\t\t\t\t<\/div>\n\t\t<\/div>\n\t\t\t\t<div class=\"elementor-column elementor-col-50 elementor-top-column elementor-element elementor-element-adef3a4\" data-id=\"adef3a4\" data-element_type=\"column\" data-e-type=\"column\" data-settings=\"{&quot;background_background&quot;:&quot;classic&quot;}\">\n\t\t\t<div class=\"elementor-widget-wrap elementor-element-populated\">\n\t\t\t\t\t\t<div class=\"elementor-element elementor-element-ae476c5 elementor-widget elementor-widget-heading\" data-id=\"ae476c5\" data-element_type=\"widget\" data-e-type=\"widget\" data-widget_type=\"heading.default\">\n\t\t\t\t<div class=\"elementor-widget-container\">\n\t\t\t\t\t<h2 class=\"elementor-heading-title elementor-size-default\">Museo Diocesano<\/h2>\t\t\t\t<\/div>\n\t\t\t\t<\/div>\n\t\t\t\t<div class=\"elementor-element elementor-element-6e0c5cd elementor-widget elementor-widget-text-editor\" data-id=\"6e0c5cd\" data-element_type=\"widget\" data-e-type=\"widget\" data-widget_type=\"text-editor.default\">\n\t\t\t\t<div class=\"elementor-widget-container\">\n\t\t\t\t\t\t\t\t\t<p>La Bas\u00edlica del Crucifijo, del siglo IX. es la catedral m\u00e1s antigua de la ciudad.  Toma su nombre de un antiguo crucifijo de madera que se encontraba en el altar mayor. Desde 1996 alberga el Museo de Arte Sacro de la Di\u00f3cesis de Amalfi. Aqu\u00ed se conservan objetos de la historia religiosa de la di\u00f3cesis procedentes de la catedral de San Andr\u00e9s Ap\u00f3stol y del territorio diocesano.<\/p>\n<p>Se exponen objetos de los siglos XII y XVIII, como relicarios de plata, collares, cruces, jarrones y c\u00e1lices, as\u00ed como objetos de piedra, bajorrelieves de m\u00e1rmol, capiteles, fragmentos de mosaicos de la antigua fachada de la catedral, frescos, esculturas y estatuas de madera.<\/p>\n\t\t\t\t\t\t\t\t<\/div>\n\t\t\t\t<\/div>\n\t\t\t\t<div class=\"elementor-element elementor-element-37074e6 elementor-align-center elementor-widget elementor-widget-button\" data-id=\"37074e6\" data-element_type=\"widget\" data-e-type=\"widget\" data-widget_type=\"button.default\">\n\t\t\t\t<div class=\"elementor-widget-container\">\n\t\t\t\t\t\t\t\t\t<div class=\"elementor-button-wrapper\">\n\t\t\t\t\t<a class=\"elementor-button elementor-button-link elementor-size-sm\" href=\"http:\/\/museodiocesanoamalfi.it\/app\/it\/la-basilica-del-crocifisso\/\">\n\t\t\t\t\t\t<span class=\"elementor-button-content-wrapper\">\n\t\t\t\t\t\t\t\t\t<span class=\"elementor-button-text\">VISITE EL SITIO WEB PARA OBTENER M\u00c1S INFORMACI\u00d3N<\/span>\n\t\t\t\t\t<\/span>\n\t\t\t\t\t<\/a>\n\t\t\t\t<\/div>\n\t\t\t\t\t\t\t\t<\/div>\n\t\t\t\t<\/div>\n\t\t\t\t\t<\/div>\n\t\t<\/div>\n\t\t\t\t\t<\/div>\n\t\t<\/section>\n\t\t\t\t<section class=\"elementor-section elementor-top-section elementor-element elementor-element-5230ad8f elementor-section-full_width elementor-section-height-default elementor-section-height-default\" data-id=\"5230ad8f\" data-element_type=\"section\" data-e-type=\"section\" data-settings=\"{&quot;background_background&quot;:&quot;classic&quot;}\">\n\t\t\t\t\t\t<div class=\"elementor-container elementor-column-gap-no\">\n\t\t\t\t\t<div class=\"elementor-column elementor-col-100 elementor-top-column elementor-element elementor-element-548a0617\" data-id=\"548a0617\" data-element_type=\"column\" data-e-type=\"column\" data-settings=\"{&quot;background_background&quot;:&quot;classic&quot;}\">\n\t\t\t<div class=\"elementor-widget-wrap elementor-element-populated\">\n\t\t\t\t\t\t<div class=\"elementor-element elementor-element-4c9a6edc gallery-spacing-custom elementor-widget elementor-widget-image-gallery\" data-id=\"4c9a6edc\" data-element_type=\"widget\" data-e-type=\"widget\" data-widget_type=\"image-gallery.default\">\n\t\t\t\t<div class=\"elementor-widget-container\">\n\t\t\t\t\t\t\t<div class=\"elementor-image-gallery\">\n\t\t\t<div id='gallery-1' class='gallery galleryid-6248 gallery-columns-5 gallery-size-ignition_article_media'><figure class='gallery-item'>\n\t\t\t<div class='gallery-icon portrait'>\n\t\t\t\t<a data-elementor-open-lightbox=\"yes\" data-elementor-lightbox-slideshow=\"4c9a6edc\" data-elementor-lightbox-title=\"33-Chiostro-del-Paradiso\" data-e-action-hash=\"#elementor-action%3Aaction%3Dlightbox%26settings%3DeyJpZCI6NTM5OSwidXJsIjoiaHR0cHM6XC9cL3d3dy52aXNpdGFtYWxmaS5pbmZvXC93cC1jb250ZW50XC91cGxvYWRzXC8yMDIzXC8wN1wvMzMtQ2hpb3N0cm8tZGVsLVBhcmFkaXNvLmpwZyIsInNsaWRlc2hvdyI6IjRjOWE2ZWRjIn0%3D\" href='https:\/\/www.visitamalfi.info\/wp-content\/uploads\/2023\/07\/33-Chiostro-del-Paradiso.jpg' data-lightbox=\"gal[6248]\"><img fetchpriority=\"high\" decoding=\"async\" width=\"510\" height=\"510\" src=\"https:\/\/www.visitamalfi.info\/wp-content\/uploads\/2023\/07\/33-Chiostro-del-Paradiso-510x510.jpg\" class=\"attachment-ignition_article_media size-ignition_article_media\" alt=\"malfiTourGuide_Amalfi_MicheleAmendola_Chiostro_del_Paradiso\" srcset=\"https:\/\/www.visitamalfi.info\/wp-content\/uploads\/2023\/07\/33-Chiostro-del-Paradiso-510x510.jpg 510w, https:\/\/www.visitamalfi.info\/wp-content\/uploads\/2023\/07\/33-Chiostro-del-Paradiso-150x150.jpg 150w, https:\/\/www.visitamalfi.info\/wp-content\/uploads\/2023\/07\/33-Chiostro-del-Paradiso-160x160.jpg 160w\" sizes=\"(max-width: 510px) 100vw, 510px\" \/><\/a>\n\t\t\t<\/div><\/figure><figure class='gallery-item'>\n\t\t\t<div class='gallery-icon landscape'>\n\t\t\t\t<a data-elementor-open-lightbox=\"yes\" data-elementor-lightbox-slideshow=\"4c9a6edc\" data-elementor-lightbox-title=\"17-Chiostro-del-Paradiso\" data-e-action-hash=\"#elementor-action%3Aaction%3Dlightbox%26settings%3DeyJpZCI6NDY5NCwidXJsIjoiaHR0cHM6XC9cL3d3dy52aXNpdGFtYWxmaS5pbmZvXC93cC1jb250ZW50XC91cGxvYWRzXC8yMDIzXC8wN1wvMTctQ2hpb3N0cm8tZGVsLVBhcmFkaXNvLmpwZyIsInNsaWRlc2hvdyI6IjRjOWE2ZWRjIn0%3D\" href='https:\/\/www.visitamalfi.info\/wp-content\/uploads\/2023\/07\/17-Chiostro-del-Paradiso.jpg' data-lightbox=\"gal[6248]\"><img decoding=\"async\" width=\"510\" height=\"510\" src=\"https:\/\/www.visitamalfi.info\/wp-content\/uploads\/2023\/07\/17-Chiostro-del-Paradiso-510x510.jpg\" class=\"attachment-ignition_article_media size-ignition_article_media\" alt=\"malfiTourGuide_Amalfi_MicheleAmendola_Chiostro_del_Paradiso\" srcset=\"https:\/\/www.visitamalfi.info\/wp-content\/uploads\/2023\/07\/17-Chiostro-del-Paradiso-510x510.jpg 510w, https:\/\/www.visitamalfi.info\/wp-content\/uploads\/2023\/07\/17-Chiostro-del-Paradiso-150x150.jpg 150w, https:\/\/www.visitamalfi.info\/wp-content\/uploads\/2023\/07\/17-Chiostro-del-Paradiso-160x160.jpg 160w\" sizes=\"(max-width: 510px) 100vw, 510px\" \/><\/a>\n\t\t\t<\/div><\/figure><figure class='gallery-item'>\n\t\t\t<div class='gallery-icon landscape'>\n\t\t\t\t<a data-elementor-open-lightbox=\"yes\" data-elementor-lightbox-slideshow=\"4c9a6edc\" data-elementor-lightbox-title=\"chiostro-del-paradiso-colonne\" data-e-action-hash=\"#elementor-action%3Aaction%3Dlightbox%26settings%3DeyJpZCI6MzAzMCwidXJsIjoiaHR0cHM6XC9cL3d3dy52aXNpdGFtYWxmaS5pbmZvXC93cC1jb250ZW50XC91cGxvYWRzXC8yMDIzXC8wNVwvY2hpb3N0cm8tZGVsLXBhcmFkaXNvLWNvbG9ubmUuanBnIiwic2xpZGVzaG93IjoiNGM5YTZlZGMifQ%3D%3D\" href='https:\/\/www.visitamalfi.info\/wp-content\/uploads\/2023\/05\/chiostro-del-paradiso-colonne.jpg' data-lightbox=\"gal[6248]\"><img decoding=\"async\" width=\"510\" height=\"510\" src=\"https:\/\/www.visitamalfi.info\/wp-content\/uploads\/2023\/05\/chiostro-del-paradiso-colonne-510x510.jpg\" class=\"attachment-ignition_article_media size-ignition_article_media\" alt=\"\" srcset=\"https:\/\/www.visitamalfi.info\/wp-content\/uploads\/2023\/05\/chiostro-del-paradiso-colonne-510x510.jpg 510w, https:\/\/www.visitamalfi.info\/wp-content\/uploads\/2023\/05\/chiostro-del-paradiso-colonne-150x150.jpg 150w, https:\/\/www.visitamalfi.info\/wp-content\/uploads\/2023\/05\/chiostro-del-paradiso-colonne-160x160.jpg 160w\" sizes=\"(max-width: 510px) 100vw, 510px\" \/><\/a>\n\t\t\t<\/div><\/figure><figure class='gallery-item'>\n\t\t\t<div class='gallery-icon landscape'>\n\t\t\t\t<a data-elementor-open-lightbox=\"yes\" data-elementor-lightbox-slideshow=\"4c9a6edc\" data-elementor-lightbox-title=\"64-Chiostro-del-Paradiso\" data-e-action-hash=\"#elementor-action%3Aaction%3Dlightbox%26settings%3DeyJpZCI6NjA1OSwidXJsIjoiaHR0cHM6XC9cL3d3dy52aXNpdGFtYWxmaS5pbmZvXC93cC1jb250ZW50XC91cGxvYWRzXC8yMDIzXC8wN1wvNjQtQ2hpb3N0cm8tZGVsLVBhcmFkaXNvLmpwZyIsInNsaWRlc2hvdyI6IjRjOWE2ZWRjIn0%3D\" href='https:\/\/www.visitamalfi.info\/wp-content\/uploads\/2023\/07\/64-Chiostro-del-Paradiso.jpg' data-lightbox=\"gal[6248]\"><img loading=\"lazy\" decoding=\"async\" width=\"510\" height=\"510\" src=\"https:\/\/www.visitamalfi.info\/wp-content\/uploads\/2023\/07\/64-Chiostro-del-Paradiso-510x510.jpg\" class=\"attachment-ignition_article_media size-ignition_article_media\" alt=\"\" srcset=\"https:\/\/www.visitamalfi.info\/wp-content\/uploads\/2023\/07\/64-Chiostro-del-Paradiso-510x510.jpg 510w, https:\/\/www.visitamalfi.info\/wp-content\/uploads\/2023\/07\/64-Chiostro-del-Paradiso-150x150.jpg 150w, https:\/\/www.visitamalfi.info\/wp-content\/uploads\/2023\/07\/64-Chiostro-del-Paradiso-160x160.jpg 160w\" sizes=\"(max-width: 510px) 100vw, 510px\" \/><\/a>\n\t\t\t<\/div><\/figure><figure class='gallery-item'>\n\t\t\t<div class='gallery-icon landscape'>\n\t\t\t\t<a data-elementor-open-lightbox=\"yes\" data-elementor-lightbox-slideshow=\"4c9a6edc\" data-elementor-lightbox-title=\"02-Chiostro-del-Paradiso\" data-e-action-hash=\"#elementor-action%3Aaction%3Dlightbox%26settings%3DeyJpZCI6NTM3OCwidXJsIjoiaHR0cHM6XC9cL3d3dy52aXNpdGFtYWxmaS5pbmZvXC93cC1jb250ZW50XC91cGxvYWRzXC8yMDIzXC8wN1wvMDItQ2hpb3N0cm8tZGVsLVBhcmFkaXNvLmpwZyIsInNsaWRlc2hvdyI6IjRjOWE2ZWRjIn0%3D\" href='https:\/\/www.visitamalfi.info\/wp-content\/uploads\/2023\/07\/02-Chiostro-del-Paradiso.jpg' data-lightbox=\"gal[6248]\"><img loading=\"lazy\" decoding=\"async\" width=\"510\" height=\"510\" src=\"https:\/\/www.visitamalfi.info\/wp-content\/uploads\/2023\/07\/02-Chiostro-del-Paradiso-510x510.jpg\" class=\"attachment-ignition_article_media size-ignition_article_media\" alt=\"\" srcset=\"https:\/\/www.visitamalfi.info\/wp-content\/uploads\/2023\/07\/02-Chiostro-del-Paradiso-510x510.jpg 510w, https:\/\/www.visitamalfi.info\/wp-content\/uploads\/2023\/07\/02-Chiostro-del-Paradiso-150x150.jpg 150w, https:\/\/www.visitamalfi.info\/wp-content\/uploads\/2023\/07\/02-Chiostro-del-Paradiso-160x160.jpg 160w\" sizes=\"(max-width: 510px) 100vw, 510px\" \/><\/a>\n\t\t\t<\/div><\/figure><figure class='gallery-item'>\n\t\t\t<div class='gallery-icon landscape'>\n\t\t\t\t<a data-elementor-open-lightbox=\"yes\" data-elementor-lightbox-slideshow=\"4c9a6edc\" data-elementor-lightbox-title=\"02-Cripta\" data-e-action-hash=\"#elementor-action%3Aaction%3Dlightbox%26settings%3DeyJpZCI6NTcwOCwidXJsIjoiaHR0cHM6XC9cL3d3dy52aXNpdGFtYWxmaS5pbmZvXC93cC1jb250ZW50XC91cGxvYWRzXC8yMDIzXC8wN1wvMDItQ3JpcHRhLmpwZyIsInNsaWRlc2hvdyI6IjRjOWE2ZWRjIn0%3D\" href='https:\/\/www.visitamalfi.info\/wp-content\/uploads\/2023\/07\/02-Cripta.jpg' data-lightbox=\"gal[6248]\"><img loading=\"lazy\" decoding=\"async\" width=\"510\" height=\"510\" src=\"https:\/\/www.visitamalfi.info\/wp-content\/uploads\/2023\/07\/02-Cripta-510x510.jpg\" class=\"attachment-ignition_article_media size-ignition_article_media\" alt=\"\" srcset=\"https:\/\/www.visitamalfi.info\/wp-content\/uploads\/2023\/07\/02-Cripta-510x510.jpg 510w, https:\/\/www.visitamalfi.info\/wp-content\/uploads\/2023\/07\/02-Cripta-150x150.jpg 150w, https:\/\/www.visitamalfi.info\/wp-content\/uploads\/2023\/07\/02-Cripta-160x160.jpg 160w\" sizes=\"(max-width: 510px) 100vw, 510px\" \/><\/a>\n\t\t\t<\/div><\/figure><figure class='gallery-item'>\n\t\t\t<div class='gallery-icon landscape'>\n\t\t\t\t<a data-elementor-open-lightbox=\"yes\" data-elementor-lightbox-slideshow=\"4c9a6edc\" data-elementor-lightbox-title=\"12-Cripta-Cattedrale-di-Amalfi\" data-e-action-hash=\"#elementor-action%3Aaction%3Dlightbox%26settings%3DeyJpZCI6NTg4NSwidXJsIjoiaHR0cHM6XC9cL3d3dy52aXNpdGFtYWxmaS5pbmZvXC93cC1jb250ZW50XC91cGxvYWRzXC8yMDIzXC8wN1wvMTItQ3JpcHRhLUNhdHRlZHJhbGUtZGktQW1hbGZpLmpwZyIsInNsaWRlc2hvdyI6IjRjOWE2ZWRjIn0%3D\" href='https:\/\/www.visitamalfi.info\/wp-content\/uploads\/2023\/07\/12-Cripta-Cattedrale-di-Amalfi.jpg' data-lightbox=\"gal[6248]\"><img loading=\"lazy\" decoding=\"async\" width=\"510\" height=\"510\" src=\"https:\/\/www.visitamalfi.info\/wp-content\/uploads\/2023\/07\/12-Cripta-Cattedrale-di-Amalfi-510x510.jpg\" class=\"attachment-ignition_article_media size-ignition_article_media\" alt=\"malfiTourGuide_Amalfi_MicheleAmendola_Cripta\" srcset=\"https:\/\/www.visitamalfi.info\/wp-content\/uploads\/2023\/07\/12-Cripta-Cattedrale-di-Amalfi-510x510.jpg 510w, https:\/\/www.visitamalfi.info\/wp-content\/uploads\/2023\/07\/12-Cripta-Cattedrale-di-Amalfi-150x150.jpg 150w, https:\/\/www.visitamalfi.info\/wp-content\/uploads\/2023\/07\/12-Cripta-Cattedrale-di-Amalfi-160x160.jpg 160w\" sizes=\"(max-width: 510px) 100vw, 510px\" \/><\/a>\n\t\t\t<\/div><\/figure><figure class='gallery-item'>\n\t\t\t<div class='gallery-icon landscape'>\n\t\t\t\t<a data-elementor-open-lightbox=\"yes\" data-elementor-lightbox-slideshow=\"4c9a6edc\" data-elementor-lightbox-title=\"11-Cripta-amalfi\" data-e-action-hash=\"#elementor-action%3Aaction%3Dlightbox%26settings%3DeyJpZCI6NTg4MCwidXJsIjoiaHR0cHM6XC9cL3d3dy52aXNpdGFtYWxmaS5pbmZvXC93cC1jb250ZW50XC91cGxvYWRzXC8yMDIzXC8wN1wvMTEtQ3JpcHRhLWFtYWxmaS5qcGciLCJzbGlkZXNob3ciOiI0YzlhNmVkYyJ9\" href='https:\/\/www.visitamalfi.info\/wp-content\/uploads\/2023\/07\/11-Cripta-amalfi.jpg' data-lightbox=\"gal[6248]\"><img loading=\"lazy\" decoding=\"async\" width=\"510\" height=\"510\" src=\"https:\/\/www.visitamalfi.info\/wp-content\/uploads\/2023\/07\/11-Cripta-amalfi-510x510.jpg\" class=\"attachment-ignition_article_media size-ignition_article_media\" alt=\"\" srcset=\"https:\/\/www.visitamalfi.info\/wp-content\/uploads\/2023\/07\/11-Cripta-amalfi-510x510.jpg 510w, https:\/\/www.visitamalfi.info\/wp-content\/uploads\/2023\/07\/11-Cripta-amalfi-150x150.jpg 150w, https:\/\/www.visitamalfi.info\/wp-content\/uploads\/2023\/07\/11-Cripta-amalfi-160x160.jpg 160w\" sizes=\"(max-width: 510px) 100vw, 510px\" \/><\/a>\n\t\t\t<\/div><\/figure><figure class='gallery-item'>\n\t\t\t<div class='gallery-icon landscape'>\n\t\t\t\t<a data-elementor-open-lightbox=\"yes\" data-elementor-lightbox-slideshow=\"4c9a6edc\" data-elementor-lightbox-title=\"04-Cripta-interno\" data-e-action-hash=\"#elementor-action%3Aaction%3Dlightbox%26settings%3DeyJpZCI6NTkwMCwidXJsIjoiaHR0cHM6XC9cL3d3dy52aXNpdGFtYWxmaS5pbmZvXC93cC1jb250ZW50XC91cGxvYWRzXC8yMDIzXC8wN1wvMDQtQ3JpcHRhLWludGVybm8uanBnIiwic2xpZGVzaG93IjoiNGM5YTZlZGMifQ%3D%3D\" href='https:\/\/www.visitamalfi.info\/wp-content\/uploads\/2023\/07\/04-Cripta-interno.jpg' data-lightbox=\"gal[6248]\"><img loading=\"lazy\" decoding=\"async\" width=\"510\" height=\"510\" src=\"https:\/\/www.visitamalfi.info\/wp-content\/uploads\/2023\/07\/04-Cripta-interno-510x510.jpg\" class=\"attachment-ignition_article_media size-ignition_article_media\" alt=\"\" srcset=\"https:\/\/www.visitamalfi.info\/wp-content\/uploads\/2023\/07\/04-Cripta-interno-510x510.jpg 510w, https:\/\/www.visitamalfi.info\/wp-content\/uploads\/2023\/07\/04-Cripta-interno-150x150.jpg 150w, https:\/\/www.visitamalfi.info\/wp-content\/uploads\/2023\/07\/04-Cripta-interno-160x160.jpg 160w\" sizes=\"(max-width: 510px) 100vw, 510px\" \/><\/a>\n\t\t\t<\/div><\/figure><figure class='gallery-item'>\n\t\t\t<div class='gallery-icon landscape'>\n\t\t\t\t<a data-elementor-open-lightbox=\"yes\" data-elementor-lightbox-slideshow=\"4c9a6edc\" data-elementor-lightbox-title=\"59-Basilica-del-Crocifisso\" data-e-action-hash=\"#elementor-action%3Aaction%3Dlightbox%26settings%3DeyJpZCI6NTIwOCwidXJsIjoiaHR0cHM6XC9cL3d3dy52aXNpdGFtYWxmaS5pbmZvXC93cC1jb250ZW50XC91cGxvYWRzXC8yMDIzXC8wN1wvNTktQmFzaWxpY2EtZGVsLUNyb2NpZmlzc28uanBnIiwic2xpZGVzaG93IjoiNGM5YTZlZGMifQ%3D%3D\" href='https:\/\/www.visitamalfi.info\/wp-content\/uploads\/2023\/07\/59-Basilica-del-Crocifisso.jpg' data-lightbox=\"gal[6248]\"><img loading=\"lazy\" decoding=\"async\" width=\"510\" height=\"510\" src=\"https:\/\/www.visitamalfi.info\/wp-content\/uploads\/2023\/07\/59-Basilica-del-Crocifisso-510x510.jpg\" class=\"attachment-ignition_article_media size-ignition_article_media\" alt=\"\" srcset=\"https:\/\/www.visitamalfi.info\/wp-content\/uploads\/2023\/07\/59-Basilica-del-Crocifisso-510x510.jpg 510w, https:\/\/www.visitamalfi.info\/wp-content\/uploads\/2023\/07\/59-Basilica-del-Crocifisso-150x150.jpg 150w, https:\/\/www.visitamalfi.info\/wp-content\/uploads\/2023\/07\/59-Basilica-del-Crocifisso-160x160.jpg 160w\" sizes=\"(max-width: 510px) 100vw, 510px\" \/><\/a>\n\t\t\t<\/div><\/figure><figure class='gallery-item'>\n\t\t\t<div class='gallery-icon landscape'>\n\t\t\t\t<a data-elementor-open-lightbox=\"yes\" data-elementor-lightbox-slideshow=\"4c9a6edc\" data-elementor-lightbox-title=\"11-Basilica-del-Crocifisso-e-Museo-Diocesano\" data-e-action-hash=\"#elementor-action%3Aaction%3Dlightbox%26settings%3DeyJpZCI6NTE5MSwidXJsIjoiaHR0cHM6XC9cL3d3dy52aXNpdGFtYWxmaS5pbmZvXC93cC1jb250ZW50XC91cGxvYWRzXC8yMDIzXC8wN1wvMTEtQmFzaWxpY2EtZGVsLUNyb2NpZmlzc28tZS1NdXNlby1EaW9jZXNhbm8uanBnIiwic2xpZGVzaG93IjoiNGM5YTZlZGMifQ%3D%3D\" href='https:\/\/www.visitamalfi.info\/wp-content\/uploads\/2023\/07\/11-Basilica-del-Crocifisso-e-Museo-Diocesano.jpg' data-lightbox=\"gal[6248]\"><img loading=\"lazy\" decoding=\"async\" width=\"510\" height=\"510\" src=\"https:\/\/www.visitamalfi.info\/wp-content\/uploads\/2023\/07\/11-Basilica-del-Crocifisso-e-Museo-Diocesano-510x510.jpg\" class=\"attachment-ignition_article_media size-ignition_article_media\" alt=\"\" srcset=\"https:\/\/www.visitamalfi.info\/wp-content\/uploads\/2023\/07\/11-Basilica-del-Crocifisso-e-Museo-Diocesano-510x510.jpg 510w, https:\/\/www.visitamalfi.info\/wp-content\/uploads\/2023\/07\/11-Basilica-del-Crocifisso-e-Museo-Diocesano-150x150.jpg 150w, https:\/\/www.visitamalfi.info\/wp-content\/uploads\/2023\/07\/11-Basilica-del-Crocifisso-e-Museo-Diocesano-160x160.jpg 160w\" sizes=\"(max-width: 510px) 100vw, 510px\" \/><\/a>\n\t\t\t<\/div><\/figure><figure class='gallery-item'>\n\t\t\t<div class='gallery-icon landscape'>\n\t\t\t\t<a data-elementor-open-lightbox=\"yes\" data-elementor-lightbox-slideshow=\"4c9a6edc\" data-elementor-lightbox-title=\"40Museo Diocesano\" data-e-action-hash=\"#elementor-action%3Aaction%3Dlightbox%26settings%3DeyJpZCI6NTIzMywidXJsIjoiaHR0cHM6XC9cL3d3dy52aXNpdGFtYWxmaS5pbmZvXC93cC1jb250ZW50XC91cGxvYWRzXC8yMDIzXC8wN1wvNDBNdXNlby1EaW9jZXNhbm8tc2NhbGVkLmpwZyIsInNsaWRlc2hvdyI6IjRjOWE2ZWRjIn0%3D\" href='https:\/\/www.visitamalfi.info\/wp-content\/uploads\/2023\/07\/40Museo-Diocesano-scaled.jpg' data-lightbox=\"gal[6248]\"><img loading=\"lazy\" decoding=\"async\" width=\"510\" height=\"510\" src=\"https:\/\/www.visitamalfi.info\/wp-content\/uploads\/2023\/07\/40Museo-Diocesano-510x510.jpg\" class=\"attachment-ignition_article_media size-ignition_article_media\" alt=\"\" srcset=\"https:\/\/www.visitamalfi.info\/wp-content\/uploads\/2023\/07\/40Museo-Diocesano-510x510.jpg 510w, https:\/\/www.visitamalfi.info\/wp-content\/uploads\/2023\/07\/40Museo-Diocesano-150x150.jpg 150w, https:\/\/www.visitamalfi.info\/wp-content\/uploads\/2023\/07\/40Museo-Diocesano-160x160.jpg 160w\" sizes=\"(max-width: 510px) 100vw, 510px\" \/><\/a>\n\t\t\t<\/div><\/figure><figure class='gallery-item'>\n\t\t\t<div class='gallery-icon portrait'>\n\t\t\t\t<a data-elementor-open-lightbox=\"yes\" data-elementor-lightbox-slideshow=\"4c9a6edc\" data-elementor-lightbox-title=\"Museo-Diocesano1\" data-e-action-hash=\"#elementor-action%3Aaction%3Dlightbox%26settings%3DeyJpZCI6NTIxOCwidXJsIjoiaHR0cHM6XC9cL3d3dy52aXNpdGFtYWxmaS5pbmZvXC93cC1jb250ZW50XC91cGxvYWRzXC8yMDIzXC8wN1wvTXVzZW8tRGlvY2VzYW5vMS5qcGciLCJzbGlkZXNob3ciOiI0YzlhNmVkYyJ9\" href='https:\/\/www.visitamalfi.info\/wp-content\/uploads\/2023\/07\/Museo-Diocesano1.jpg' data-lightbox=\"gal[6248]\"><img loading=\"lazy\" decoding=\"async\" width=\"510\" height=\"510\" src=\"https:\/\/www.visitamalfi.info\/wp-content\/uploads\/2023\/07\/Museo-Diocesano1-510x510.jpg\" class=\"attachment-ignition_article_media size-ignition_article_media\" alt=\"\" srcset=\"https:\/\/www.visitamalfi.info\/wp-content\/uploads\/2023\/07\/Museo-Diocesano1-510x510.jpg 510w, https:\/\/www.visitamalfi.info\/wp-content\/uploads\/2023\/07\/Museo-Diocesano1-150x150.jpg 150w, https:\/\/www.visitamalfi.info\/wp-content\/uploads\/2023\/07\/Museo-Diocesano1-160x160.jpg 160w\" sizes=\"(max-width: 510px) 100vw, 510px\" \/><\/a>\n\t\t\t<\/div><\/figure><figure class='gallery-item'>\n\t\t\t<div class='gallery-icon landscape'>\n\t\t\t\t<a data-elementor-open-lightbox=\"yes\" data-elementor-lightbox-slideshow=\"4c9a6edc\" data-elementor-lightbox-title=\"Museo-Diocesano\" data-e-action-hash=\"#elementor-action%3Aaction%3Dlightbox%26settings%3DeyJpZCI6NTIxMywidXJsIjoiaHR0cHM6XC9cL3d3dy52aXNpdGFtYWxmaS5pbmZvXC93cC1jb250ZW50XC91cGxvYWRzXC8yMDIzXC8wN1wvTXVzZW8tRGlvY2VzYW5vLmpwZyIsInNsaWRlc2hvdyI6IjRjOWE2ZWRjIn0%3D\" href='https:\/\/www.visitamalfi.info\/wp-content\/uploads\/2023\/07\/Museo-Diocesano.jpg' data-lightbox=\"gal[6248]\"><img loading=\"lazy\" decoding=\"async\" width=\"510\" height=\"510\" src=\"https:\/\/www.visitamalfi.info\/wp-content\/uploads\/2023\/07\/Museo-Diocesano-510x510.jpg\" class=\"attachment-ignition_article_media size-ignition_article_media\" alt=\"\" srcset=\"https:\/\/www.visitamalfi.info\/wp-content\/uploads\/2023\/07\/Museo-Diocesano-510x510.jpg 510w, https:\/\/www.visitamalfi.info\/wp-content\/uploads\/2023\/07\/Museo-Diocesano-150x150.jpg 150w, https:\/\/www.visitamalfi.info\/wp-content\/uploads\/2023\/07\/Museo-Diocesano-160x160.jpg 160w\" sizes=\"(max-width: 510px) 100vw, 510px\" \/><\/a>\n\t\t\t<\/div><\/figure><figure class='gallery-item'>\n\t\t\t<div class='gallery-icon landscape'>\n\t\t\t\t<a data-elementor-open-lightbox=\"yes\" data-elementor-lightbox-slideshow=\"4c9a6edc\" data-elementor-lightbox-title=\"30Museo-Diocesano\" data-e-action-hash=\"#elementor-action%3Aaction%3Dlightbox%26settings%3DeyJpZCI6NTIzOCwidXJsIjoiaHR0cHM6XC9cL3d3dy52aXNpdGFtYWxmaS5pbmZvXC93cC1jb250ZW50XC91cGxvYWRzXC8yMDIzXC8wN1wvMzBNdXNlby1EaW9jZXNhbm8uanBnIiwic2xpZGVzaG93IjoiNGM5YTZlZGMifQ%3D%3D\" href='https:\/\/www.visitamalfi.info\/wp-content\/uploads\/2023\/07\/30Museo-Diocesano.jpg' data-lightbox=\"gal[6248]\"><img loading=\"lazy\" decoding=\"async\" width=\"510\" height=\"510\" src=\"https:\/\/www.visitamalfi.info\/wp-content\/uploads\/2023\/07\/30Museo-Diocesano-510x510.jpg\" class=\"attachment-ignition_article_media size-ignition_article_media\" alt=\"\" srcset=\"https:\/\/www.visitamalfi.info\/wp-content\/uploads\/2023\/07\/30Museo-Diocesano-510x510.jpg 510w, https:\/\/www.visitamalfi.info\/wp-content\/uploads\/2023\/07\/30Museo-Diocesano-150x150.jpg 150w, https:\/\/www.visitamalfi.info\/wp-content\/uploads\/2023\/07\/30Museo-Diocesano-160x160.jpg 160w\" sizes=\"(max-width: 510px) 100vw, 510px\" \/><\/a>\n\t\t\t<\/div><\/figure>\n\t\t<\/div>\n\t\t<\/div>\n\t\t\t\t\t\t<\/div>\n\t\t\t\t<\/div>\n\t\t\t\t\t<\/div>\n\t\t<\/div>\n\t\t\t\t\t<\/div>\n\t\t<\/section>\n\t\t\t\t<section class=\"elementor-section elementor-top-section elementor-element elementor-element-24c6fb7f elementor-section-full_width elementor-section-height-default elementor-section-height-default\" data-id=\"24c6fb7f\" data-element_type=\"section\" data-e-type=\"section\">\n\t\t\t\t\t\t<div class=\"elementor-container elementor-column-gap-no\">\n\t\t\t\t\t<div class=\"elementor-column elementor-col-100 elementor-top-column elementor-element elementor-element-35a1f545\" data-id=\"35a1f545\" data-element_type=\"column\" data-e-type=\"column\">\n\t\t\t<div class=\"elementor-widget-wrap elementor-element-populated\">\n\t\t\t\t\t\t<div class=\"elementor-element elementor-element-579a950c elementor-widget elementor-widget-google_maps\" data-id=\"579a950c\" data-element_type=\"widget\" data-e-type=\"widget\" data-widget_type=\"google_maps.default\">\n\t\t\t\t<div class=\"elementor-widget-container\">\n\t\t\t\t\t\t\t<div class=\"elementor-custom-embed\">\n\t\t\t<iframe loading=\"lazy\"\n\t\t\t\t\tsrc=\"https:\/\/maps.google.com\/maps?q=Chiostro%20del%20Paradiso%2C%20Amalfi&#038;t=m&#038;z=16&#038;output=embed&#038;iwloc=near\"\n\t\t\t\t\ttitle=\"Chiostro del Paradiso, Amalfi\"\n\t\t\t\t\taria-label=\"Chiostro del Paradiso, Amalfi\"\n\t\t\t><\/iframe>\n\t\t<\/div>\n\t\t\t\t\t\t<\/div>\n\t\t\t\t<\/div>\n\t\t\t\t\t<\/div>\n\t\t<\/div>\n\t\t\t\t\t<\/div>\n\t\t<\/section>\n\t\t\t\t<\/div>\n\t\t","protected":false},"excerpt":{"rendered":"<p>Conjunto Monumental de la Catedral El Conjunto Monumental de la Catedral de Amalfi incluye el Claustro del Para\u00edso, la Cripta de San Andr\u00e9s y el Museo Diocesano, que se encuentra [&hellip;]<\/p>\n","protected":false},"author":1,"featured_media":1830,"parent":6229,"menu_order":0,"comment_status":"closed","ping_status":"closed","template":"elementor_header_footer","meta":{"inline_featured_image":false,"footnotes":""},"class_list":["post-6248","page","type-page","status-publish","has-post-thumbnail","hentry"],"yoast_head":"<!-- This site is optimized with the Yoast SEO plugin v27.3 - https:\/\/yoast.com\/product\/yoast-seo-wordpress\/ -->\n<title>Conjunto Monumental de la Catedral de Amalfi - Visit Amalfi<\/title>\n<meta name=\"robots\" content=\"index, follow, max-snippet:-1, max-image-preview:large, max-video-preview:-1\" \/>\n<link rel=\"canonical\" href=\"https:\/\/www.visitamalfi.info\/es\/puntos-de-interes-en-amalfi\/conjunto-monumental-de-la-catedral-de-amalfi\/\" \/>\n<meta property=\"og:locale\" content=\"es_ES\" \/>\n<meta property=\"og:type\" content=\"article\" \/>\n<meta property=\"og:title\" content=\"Conjunto Monumental de la Catedral de Amalfi - Visit Amalfi\" \/>\n<meta property=\"og:description\" content=\"Conjunto Monumental de la Catedral El Conjunto Monumental de la Catedral de Amalfi incluye el Claustro del Para\u00edso, la Cripta de San Andr\u00e9s y el Museo Diocesano, que se encuentra [&hellip;]\" \/>\n<meta property=\"og:url\" content=\"https:\/\/www.visitamalfi.info\/es\/puntos-de-interes-en-amalfi\/conjunto-monumental-de-la-catedral-de-amalfi\/\" \/>\n<meta property=\"og:site_name\" content=\"Visit Amalfi\" \/>\n<meta property=\"article:publisher\" content=\"https:\/\/www.facebook.com\/visitamalfiofficial\" \/>\n<meta property=\"article:modified_time\" content=\"2023-08-13T14:27:43+00:00\" \/>\n<meta property=\"og:image\" content=\"https:\/\/www.visitamalfi.info\/wp-content\/uploads\/2023\/07\/33-Chiostro-del-Paradiso-510x510.jpg\" \/>\n<meta name=\"twitter:card\" content=\"summary_large_image\" \/>\n<meta name=\"twitter:label1\" content=\"Tiempo de lectura\" \/>\n\t<meta name=\"twitter:data1\" content=\"2 minutos\" \/>\n<script type=\"application\/ld+json\" class=\"yoast-schema-graph\">{\"@context\":\"https:\\\/\\\/schema.org\",\"@graph\":[{\"@type\":\"WebPage\",\"@id\":\"https:\\\/\\\/www.visitamalfi.info\\\/es\\\/puntos-de-interes-en-amalfi\\\/conjunto-monumental-de-la-catedral-de-amalfi\\\/\",\"url\":\"https:\\\/\\\/www.visitamalfi.info\\\/es\\\/puntos-de-interes-en-amalfi\\\/conjunto-monumental-de-la-catedral-de-amalfi\\\/\",\"name\":\"Conjunto Monumental de la Catedral de Amalfi - Visit Amalfi\",\"isPartOf\":{\"@id\":\"https:\\\/\\\/www.visitamalfi.info\\\/es\\\/#website\"},\"primaryImageOfPage\":{\"@id\":\"https:\\\/\\\/www.visitamalfi.info\\\/es\\\/puntos-de-interes-en-amalfi\\\/conjunto-monumental-de-la-catedral-de-amalfi\\\/#primaryimage\"},\"image\":{\"@id\":\"https:\\\/\\\/www.visitamalfi.info\\\/es\\\/puntos-de-interes-en-amalfi\\\/conjunto-monumental-de-la-catedral-de-amalfi\\\/#primaryimage\"},\"thumbnailUrl\":\"https:\\\/\\\/www.visitamalfi.info\\\/wp-content\\\/uploads\\\/2023\\\/05\\\/chiostro-del-paradiso-amalfi.jpg\",\"datePublished\":\"2023-05-31T08:25:49+00:00\",\"dateModified\":\"2023-08-13T14:27:43+00:00\",\"breadcrumb\":{\"@id\":\"https:\\\/\\\/www.visitamalfi.info\\\/es\\\/puntos-de-interes-en-amalfi\\\/conjunto-monumental-de-la-catedral-de-amalfi\\\/#breadcrumb\"},\"inLanguage\":\"es\",\"potentialAction\":[{\"@type\":\"ReadAction\",\"target\":[\"https:\\\/\\\/www.visitamalfi.info\\\/es\\\/puntos-de-interes-en-amalfi\\\/conjunto-monumental-de-la-catedral-de-amalfi\\\/\"]}]},{\"@type\":\"ImageObject\",\"inLanguage\":\"es\",\"@id\":\"https:\\\/\\\/www.visitamalfi.info\\\/es\\\/puntos-de-interes-en-amalfi\\\/conjunto-monumental-de-la-catedral-de-amalfi\\\/#primaryimage\",\"url\":\"https:\\\/\\\/www.visitamalfi.info\\\/wp-content\\\/uploads\\\/2023\\\/05\\\/chiostro-del-paradiso-amalfi.jpg\",\"contentUrl\":\"https:\\\/\\\/www.visitamalfi.info\\\/wp-content\\\/uploads\\\/2023\\\/05\\\/chiostro-del-paradiso-amalfi.jpg\",\"width\":1920,\"height\":1280},{\"@type\":\"BreadcrumbList\",\"@id\":\"https:\\\/\\\/www.visitamalfi.info\\\/es\\\/puntos-de-interes-en-amalfi\\\/conjunto-monumental-de-la-catedral-de-amalfi\\\/#breadcrumb\",\"itemListElement\":[{\"@type\":\"ListItem\",\"position\":1,\"name\":\"Home\",\"item\":\"https:\\\/\\\/www.visitamalfi.info\\\/es\\\/\"},{\"@type\":\"ListItem\",\"position\":2,\"name\":\"Puntos de inter\u00e9s en Amalfi\",\"item\":\"https:\\\/\\\/www.visitamalfi.info\\\/es\\\/puntos-de-interes-en-amalfi\\\/\"},{\"@type\":\"ListItem\",\"position\":3,\"name\":\"Conjunto Monumental de la Catedral de Amalfi\"}]},{\"@type\":\"WebSite\",\"@id\":\"https:\\\/\\\/www.visitamalfi.info\\\/es\\\/#website\",\"url\":\"https:\\\/\\\/www.visitamalfi.info\\\/es\\\/\",\"name\":\"Visit Amalfi\",\"description\":\"Amalfi Destination Official Website\",\"publisher\":{\"@id\":\"https:\\\/\\\/www.visitamalfi.info\\\/es\\\/#organization\"},\"potentialAction\":[{\"@type\":\"SearchAction\",\"target\":{\"@type\":\"EntryPoint\",\"urlTemplate\":\"https:\\\/\\\/www.visitamalfi.info\\\/es\\\/?s={search_term_string}\"},\"query-input\":{\"@type\":\"PropertyValueSpecification\",\"valueRequired\":true,\"valueName\":\"search_term_string\"}}],\"inLanguage\":\"es\"},{\"@type\":\"Organization\",\"@id\":\"https:\\\/\\\/www.visitamalfi.info\\\/es\\\/#organization\",\"name\":\"Visit Amalfi\",\"url\":\"https:\\\/\\\/www.visitamalfi.info\\\/es\\\/\",\"logo\":{\"@type\":\"ImageObject\",\"inLanguage\":\"es\",\"@id\":\"https:\\\/\\\/www.visitamalfi.info\\\/es\\\/#\\\/schema\\\/logo\\\/image\\\/\",\"url\":\"https:\\\/\\\/www.visitamalfi.info\\\/wp-content\\\/uploads\\\/2023\\\/04\\\/visit-amalfi-logo-web.png\",\"contentUrl\":\"https:\\\/\\\/www.visitamalfi.info\\\/wp-content\\\/uploads\\\/2023\\\/04\\\/visit-amalfi-logo-web.png\",\"width\":800,\"height\":870,\"caption\":\"Visit Amalfi\"},\"image\":{\"@id\":\"https:\\\/\\\/www.visitamalfi.info\\\/es\\\/#\\\/schema\\\/logo\\\/image\\\/\"},\"sameAs\":[\"https:\\\/\\\/www.facebook.com\\\/visitamalfiofficial\",\"https:\\\/\\\/www.instagram.com\\\/visitamalfiofficial\\\/\"]}]}<\/script>\n<!-- \/ Yoast SEO plugin. -->","yoast_head_json":{"title":"Conjunto Monumental de la Catedral de Amalfi - Visit Amalfi","robots":{"index":"index","follow":"follow","max-snippet":"max-snippet:-1","max-image-preview":"max-image-preview:large","max-video-preview":"max-video-preview:-1"},"canonical":"https:\/\/www.visitamalfi.info\/es\/puntos-de-interes-en-amalfi\/conjunto-monumental-de-la-catedral-de-amalfi\/","og_locale":"es_ES","og_type":"article","og_title":"Conjunto Monumental de la Catedral de Amalfi - Visit Amalfi","og_description":"Conjunto Monumental de la Catedral El Conjunto Monumental de la Catedral de Amalfi incluye el Claustro del Para\u00edso, la Cripta de San Andr\u00e9s y el Museo Diocesano, que se encuentra [&hellip;]","og_url":"https:\/\/www.visitamalfi.info\/es\/puntos-de-interes-en-amalfi\/conjunto-monumental-de-la-catedral-de-amalfi\/","og_site_name":"Visit Amalfi","article_publisher":"https:\/\/www.facebook.com\/visitamalfiofficial","article_modified_time":"2023-08-13T14:27:43+00:00","og_image":[{"url":"https:\/\/www.visitamalfi.info\/wp-content\/uploads\/2023\/07\/33-Chiostro-del-Paradiso-510x510.jpg","type":"","width":"","height":""}],"twitter_card":"summary_large_image","twitter_misc":{"Tiempo de lectura":"2 minutos"},"schema":{"@context":"https:\/\/schema.org","@graph":[{"@type":"WebPage","@id":"https:\/\/www.visitamalfi.info\/es\/puntos-de-interes-en-amalfi\/conjunto-monumental-de-la-catedral-de-amalfi\/","url":"https:\/\/www.visitamalfi.info\/es\/puntos-de-interes-en-amalfi\/conjunto-monumental-de-la-catedral-de-amalfi\/","name":"Conjunto Monumental de la Catedral de Amalfi - Visit Amalfi","isPartOf":{"@id":"https:\/\/www.visitamalfi.info\/es\/#website"},"primaryImageOfPage":{"@id":"https:\/\/www.visitamalfi.info\/es\/puntos-de-interes-en-amalfi\/conjunto-monumental-de-la-catedral-de-amalfi\/#primaryimage"},"image":{"@id":"https:\/\/www.visitamalfi.info\/es\/puntos-de-interes-en-amalfi\/conjunto-monumental-de-la-catedral-de-amalfi\/#primaryimage"},"thumbnailUrl":"https:\/\/www.visitamalfi.info\/wp-content\/uploads\/2023\/05\/chiostro-del-paradiso-amalfi.jpg","datePublished":"2023-05-31T08:25:49+00:00","dateModified":"2023-08-13T14:27:43+00:00","breadcrumb":{"@id":"https:\/\/www.visitamalfi.info\/es\/puntos-de-interes-en-amalfi\/conjunto-monumental-de-la-catedral-de-amalfi\/#breadcrumb"},"inLanguage":"es","potentialAction":[{"@type":"ReadAction","target":["https:\/\/www.visitamalfi.info\/es\/puntos-de-interes-en-amalfi\/conjunto-monumental-de-la-catedral-de-amalfi\/"]}]},{"@type":"ImageObject","inLanguage":"es","@id":"https:\/\/www.visitamalfi.info\/es\/puntos-de-interes-en-amalfi\/conjunto-monumental-de-la-catedral-de-amalfi\/#primaryimage","url":"https:\/\/www.visitamalfi.info\/wp-content\/uploads\/2023\/05\/chiostro-del-paradiso-amalfi.jpg","contentUrl":"https:\/\/www.visitamalfi.info\/wp-content\/uploads\/2023\/05\/chiostro-del-paradiso-amalfi.jpg","width":1920,"height":1280},{"@type":"BreadcrumbList","@id":"https:\/\/www.visitamalfi.info\/es\/puntos-de-interes-en-amalfi\/conjunto-monumental-de-la-catedral-de-amalfi\/#breadcrumb","itemListElement":[{"@type":"ListItem","position":1,"name":"Home","item":"https:\/\/www.visitamalfi.info\/es\/"},{"@type":"ListItem","position":2,"name":"Puntos de inter\u00e9s en Amalfi","item":"https:\/\/www.visitamalfi.info\/es\/puntos-de-interes-en-amalfi\/"},{"@type":"ListItem","position":3,"name":"Conjunto Monumental de la Catedral de Amalfi"}]},{"@type":"WebSite","@id":"https:\/\/www.visitamalfi.info\/es\/#website","url":"https:\/\/www.visitamalfi.info\/es\/","name":"Visit Amalfi","description":"Amalfi Destination Official Website","publisher":{"@id":"https:\/\/www.visitamalfi.info\/es\/#organization"},"potentialAction":[{"@type":"SearchAction","target":{"@type":"EntryPoint","urlTemplate":"https:\/\/www.visitamalfi.info\/es\/?s={search_term_string}"},"query-input":{"@type":"PropertyValueSpecification","valueRequired":true,"valueName":"search_term_string"}}],"inLanguage":"es"},{"@type":"Organization","@id":"https:\/\/www.visitamalfi.info\/es\/#organization","name":"Visit Amalfi","url":"https:\/\/www.visitamalfi.info\/es\/","logo":{"@type":"ImageObject","inLanguage":"es","@id":"https:\/\/www.visitamalfi.info\/es\/#\/schema\/logo\/image\/","url":"https:\/\/www.visitamalfi.info\/wp-content\/uploads\/2023\/04\/visit-amalfi-logo-web.png","contentUrl":"https:\/\/www.visitamalfi.info\/wp-content\/uploads\/2023\/04\/visit-amalfi-logo-web.png","width":800,"height":870,"caption":"Visit Amalfi"},"image":{"@id":"https:\/\/www.visitamalfi.info\/es\/#\/schema\/logo\/image\/"},"sameAs":["https:\/\/www.facebook.com\/visitamalfiofficial","https:\/\/www.instagram.com\/visitamalfiofficial\/"]}]}},"_links":{"self":[{"href":"https:\/\/www.visitamalfi.info\/es\/wp-json\/wp\/v2\/pages\/6248","targetHints":{"allow":["GET"]}}],"collection":[{"href":"https:\/\/www.visitamalfi.info\/es\/wp-json\/wp\/v2\/pages"}],"about":[{"href":"https:\/\/www.visitamalfi.info\/es\/wp-json\/wp\/v2\/types\/page"}],"author":[{"embeddable":true,"href":"https:\/\/www.visitamalfi.info\/es\/wp-json\/wp\/v2\/users\/1"}],"replies":[{"embeddable":true,"href":"https:\/\/www.visitamalfi.info\/es\/wp-json\/wp\/v2\/comments?post=6248"}],"version-history":[{"count":4,"href":"https:\/\/www.visitamalfi.info\/es\/wp-json\/wp\/v2\/pages\/6248\/revisions"}],"predecessor-version":[{"id":10172,"href":"https:\/\/www.visitamalfi.info\/es\/wp-json\/wp\/v2\/pages\/6248\/revisions\/10172"}],"up":[{"embeddable":true,"href":"https:\/\/www.visitamalfi.info\/es\/wp-json\/wp\/v2\/pages\/6229"}],"wp:featuredmedia":[{"embeddable":true,"href":"https:\/\/www.visitamalfi.info\/es\/wp-json\/wp\/v2\/media\/1830"}],"wp:attachment":[{"href":"https:\/\/www.visitamalfi.info\/es\/wp-json\/wp\/v2\/media?parent=6248"}],"curies":[{"name":"wp","href":"https:\/\/api.w.org\/{rel}","templated":true}]}}