{"id":17506,"date":"2024-04-17T19:44:30","date_gmt":"2024-04-17T17:44:30","guid":{"rendered":"https:\/\/www.visitamalfi.info\/?post_type=ignition-package&#038;p=17506"},"modified":"2024-06-17T15:49:00","modified_gmt":"2024-06-17T13:49:00","slug":"propuesta-premium-balneare-4-dias","status":"publish","type":"ignition-package","link":"https:\/\/www.visitamalfi.info\/es\/package\/propuesta-premium-balneare-4-dias\/","title":{"rendered":"Propuesta Premium Balneare &#8211; 4 d\u00edas"},"content":{"rendered":"\t\t<div data-elementor-type=\"wp-post\" data-elementor-id=\"17506\" class=\"elementor elementor-17506 elementor-17503\">\n\t\t\t\t\t\t<section class=\"elementor-section elementor-top-section elementor-element elementor-element-11336dd2 elementor-section-full_width elementor-section-height-default elementor-section-height-default\" data-id=\"11336dd2\" data-element_type=\"section\" data-e-type=\"section\">\n\t\t\t\t\t\t<div class=\"elementor-container elementor-column-gap-no\">\n\t\t\t\t\t<div class=\"elementor-column elementor-col-100 elementor-top-column elementor-element elementor-element-9921d2c\" data-id=\"9921d2c\" data-element_type=\"column\" data-e-type=\"column\">\n\t\t\t<div class=\"elementor-widget-wrap elementor-element-populated\">\n\t\t\t\t\t\t<div class=\"elementor-element elementor-element-230d350e elementor-widget__width-initial elementor-widget elementor-widget-text-editor\" data-id=\"230d350e\" data-element_type=\"widget\" data-e-type=\"widget\" data-widget_type=\"text-editor.default\">\n\t\t\t\t<div class=\"elementor-widget-container\">\n\t\t\t\t\t\t\t\t\t<p>Navegando a lo largo de la costa, descubriendo los sabores de la tierra y el mar con actividades de clases de cocina y cenas gourmet, despertarse a bordo de un yate har\u00e1 revivir toda la magia de la Costa Amalfitana.<\/p>\n<p><strong>N\u00famero m\u00e1ximo de participantes:<\/strong> 6<br \/><strong>Disponibilidad:<\/strong> 01\/05 &#8211; 31\/10<\/p>\n\t\t\t\t\t\t\t\t<\/div>\n\t\t\t\t<\/div>\n\t\t\t\t<div class=\"elementor-element elementor-element-2b00874e is-style-ignition-cousteau-pro-anchor-title elementor-widget elementor-widget-heading\" data-id=\"2b00874e\" data-element_type=\"widget\" data-e-type=\"widget\" data-widget_type=\"heading.default\">\n\t\t\t\t<div class=\"elementor-widget-container\">\n\t\t\t\t\t<h2 class=\"elementor-heading-title elementor-size-default\">Itinerario <\/h2>\t\t\t\t<\/div>\n\t\t\t\t<\/div>\n\t\t\t\t<div class=\"elementor-element elementor-element-536a615 elementor-widget elementor-widget-text-editor\" data-id=\"536a615\" data-element_type=\"widget\" data-e-type=\"widget\" data-widget_type=\"text-editor.default\">\n\t\t\t\t<div class=\"elementor-widget-container\">\n\t\t\t\t\t\t\t\t\t<p>La propuesta combina un crucero privado para descubrir la belleza de la Costa Amalfitana, una clase de cocina, una experiencia gourmet en un restaurante con estrella y una noche a bordo de un exclusivo yate.<\/p>\n\t\t\t\t\t\t\t\t<\/div>\n\t\t\t\t<\/div>\n\t\t\t\t<div class=\"elementor-element elementor-element-31cc8b7e elementor-widget elementor-widget-spacer\" data-id=\"31cc8b7e\" data-element_type=\"widget\" data-e-type=\"widget\" data-widget_type=\"spacer.default\">\n\t\t\t\t<div class=\"elementor-widget-container\">\n\t\t\t\t\t\t\t<div class=\"elementor-spacer\">\n\t\t\t<div class=\"elementor-spacer-inner\"><\/div>\n\t\t<\/div>\n\t\t\t\t\t\t<\/div>\n\t\t\t\t<\/div>\n\t\t\t\t<section class=\"elementor-section elementor-inner-section elementor-element elementor-element-3c107755 elementor-section-full_width elementor-section-height-default elementor-section-height-default\" data-id=\"3c107755\" data-element_type=\"section\" data-e-type=\"section\">\n\t\t\t\t\t\t<div class=\"elementor-container elementor-column-gap-extended\">\n\t\t\t\t\t<div class=\"elementor-column elementor-col-100 elementor-inner-column elementor-element elementor-element-76e0368c\" data-id=\"76e0368c\" data-element_type=\"column\" data-e-type=\"column\" data-settings=\"{&quot;background_background&quot;:&quot;gradient&quot;}\">\n\t\t\t<div class=\"elementor-widget-wrap elementor-element-populated\">\n\t\t\t\t\t\t<div class=\"elementor-element elementor-element-5d9d59e4 elementor-widget elementor-widget-heading\" data-id=\"5d9d59e4\" data-element_type=\"widget\" data-e-type=\"widget\" data-widget_type=\"heading.default\">\n\t\t\t\t<div class=\"elementor-widget-container\">\n\t\t\t\t\t<h3 class=\"elementor-heading-title elementor-size-default\">D\u00eda 1 - Sunset Tour<\/h3>\t\t\t\t<\/div>\n\t\t\t\t<\/div>\n\t\t\t\t\t<\/div>\n\t\t<\/div>\n\t\t\t\t\t<\/div>\n\t\t<\/section>\n\t\t\t\t<div class=\"elementor-element elementor-element-67a8726a elementor-widget elementor-widget-spacer\" data-id=\"67a8726a\" data-element_type=\"widget\" data-e-type=\"widget\" data-widget_type=\"spacer.default\">\n\t\t\t\t<div class=\"elementor-widget-container\">\n\t\t\t\t\t\t\t<div class=\"elementor-spacer\">\n\t\t\t<div class=\"elementor-spacer-inner\"><\/div>\n\t\t<\/div>\n\t\t\t\t\t\t<\/div>\n\t\t\t\t<\/div>\n\t\t\t\t<div class=\"elementor-element elementor-element-33614226 elementor-widget elementor-widget-text-editor\" data-id=\"33614226\" data-element_type=\"widget\" data-e-type=\"widget\" data-widget_type=\"text-editor.default\">\n\t\t\t\t<div class=\"elementor-widget-container\">\n\t\t\t\t\t\t\t\t\t<p><img decoding=\"async\" class=\"wp-image-9869 alignleft\" src=\"https:\/\/www.visitamalfi.info\/wp-content\/uploads\/2023\/06\/jeranto-10-lay-out-300x300.jpg\" alt=\"\" width=\"150\" height=\"150\" srcset=\"https:\/\/www.visitamalfi.info\/wp-content\/uploads\/2023\/06\/jeranto-10-lay-out-300x300.jpg 300w, https:\/\/www.visitamalfi.info\/wp-content\/uploads\/2023\/06\/jeranto-10-lay-out-510x510.jpg 510w, https:\/\/www.visitamalfi.info\/wp-content\/uploads\/2023\/06\/jeranto-10-lay-out-160x160.jpg 160w\" sizes=\"(max-width: 150px) 100vw, 150px\" \/>Excursi\u00f3n privada para descubrir la belleza de la Costa Amalfitana a bordo de un gozzo Sorrentino de 10 metros.<\/p>\n<p>Partiendo de Amalfi, capital de una de las organizaciones comerciales m\u00e1s poderosas de la Edad Media, pasamos por Atrani, Ravello, Minori, Maiori, Conca dei Marini, Grotta dello Smeraldo y Fiordo di Fuorore.<\/p>\n<p>Pasada la roca Isca, se entra en la bah\u00eda de Positano, la Perla de la Costa. Aqu\u00ed, Escritores, M\u00fasicos, Bailarines, Pintores, Actores, Directores han vivido, por poco o por mucho, fascinados por un &#8220;Genius Loci&#8221; que mezcla el Mediterr\u00e1neo, los colores, las formas, la naturaleza y el esp\u00edritu del pueblo en una atm\u00f3sfera de ocio y creatividad a la que ellos tambi\u00e9n han contribuido fuertemente.<\/p>\n<p>Tras un \u00faltimo vistazo a la ciudad vertical desde el mar, navegaremos hacia las islas Galias, la \u00faltima sorpresa de este fascinante recorrido.<\/p>\n<p>Para que el d\u00eda sea a\u00fan m\u00e1s exclusivo, se ofrecen una serie de servicios como minibar, bebida de bienvenida, aperitivos tipo c\u00f3ctel, fruta fresca, toallas de playa, m\u00e1scaras de buceo y equipo de m\u00fasica. Para el almuerzo est\u00e1 prevista una parada en Positano o en uno de los innumerables peque\u00f1os restaurantes de las playas de la Divina.<\/p>\n<p><strong>Cena en restaurante con estrella: La Caravella<\/strong><\/p>\n<p><img decoding=\"async\" class=\"wp-image-4070 alignright\" src=\"https:\/\/www.visitamalfi.info\/wp-content\/uploads\/2023\/06\/la-caravella-restaurant-150x150.jpg\" alt=\"\" width=\"150\" height=\"150\" srcset=\"https:\/\/www.visitamalfi.info\/wp-content\/uploads\/2023\/06\/la-caravella-restaurant-150x150.jpg 150w, https:\/\/www.visitamalfi.info\/wp-content\/uploads\/2023\/06\/la-caravella-restaurant-510x510.jpg 510w, https:\/\/www.visitamalfi.info\/wp-content\/uploads\/2023\/06\/la-caravella-restaurant-160x160.jpg 160w\" sizes=\"(max-width: 150px) 100vw, 150px\" \/>Un d\u00eda perfecto merece terminar con una cena estrellada en el restaurante La Caravella: la primera estrella Michelin del sur de Italia y parada culinaria obligada en la Costa Amalfitana.<\/p>\n<p>Con estas palabras describe su arte el chef Antonio: &#8220;La sencillez es el objetivo m\u00e1s dif\u00edcil de alcanzar en la cocina. Cada detalle cuenta la historia de nuestra continua investigaci\u00f3n, la historia de mi familia, depositaria de la gran tradici\u00f3n culinaria de nuestra Costa, con tanta atenci\u00f3n a nuestros clientes que pueden sentirse como en casa&#8217;.<\/p>\n<p>El restaurante est\u00e1 situado en el coraz\u00f3n del centro hist\u00f3rico, en el palacio ducal del siglo XII de los duques de Amalfi, los Piccolomini. El restaurante, gracias a numerosas obras de restauraci\u00f3n, como la renovaci\u00f3n de los techos con frescos, que dur\u00f3 casi 15 a\u00f1os, conserva su estructura original, que data de 1959.<\/p>\n\t\t\t\t\t\t\t\t<\/div>\n\t\t\t\t<\/div>\n\t\t\t\t<div class=\"elementor-element elementor-element-2264f0eb elementor-widget elementor-widget-spacer\" data-id=\"2264f0eb\" data-element_type=\"widget\" data-e-type=\"widget\" data-widget_type=\"spacer.default\">\n\t\t\t\t<div class=\"elementor-widget-container\">\n\t\t\t\t\t\t\t<div class=\"elementor-spacer\">\n\t\t\t<div class=\"elementor-spacer-inner\"><\/div>\n\t\t<\/div>\n\t\t\t\t\t\t<\/div>\n\t\t\t\t<\/div>\n\t\t\t\t<section class=\"elementor-section elementor-inner-section elementor-element elementor-element-2086e8e9 elementor-section-full_width elementor-section-height-default elementor-section-height-default\" data-id=\"2086e8e9\" data-element_type=\"section\" data-e-type=\"section\">\n\t\t\t\t\t\t<div class=\"elementor-container elementor-column-gap-extended\">\n\t\t\t\t\t<div class=\"elementor-column elementor-col-100 elementor-inner-column elementor-element elementor-element-76c7120b\" data-id=\"76c7120b\" data-element_type=\"column\" data-e-type=\"column\" data-settings=\"{&quot;background_background&quot;:&quot;gradient&quot;}\">\n\t\t\t<div class=\"elementor-widget-wrap elementor-element-populated\">\n\t\t\t\t\t\t<div class=\"elementor-element elementor-element-22292ca9 elementor-widget elementor-widget-heading\" data-id=\"22292ca9\" data-element_type=\"widget\" data-e-type=\"widget\" data-widget_type=\"heading.default\">\n\t\t\t\t<div class=\"elementor-widget-container\">\n\t\t\t\t\t<h3 class=\"elementor-heading-title elementor-size-default\">D\u00eda 2 - Clase de cocina<\/h3>\t\t\t\t<\/div>\n\t\t\t\t<\/div>\n\t\t\t\t\t<\/div>\n\t\t<\/div>\n\t\t\t\t\t<\/div>\n\t\t<\/section>\n\t\t\t\t<div class=\"elementor-element elementor-element-143fbee elementor-widget elementor-widget-spacer\" data-id=\"143fbee\" data-element_type=\"widget\" data-e-type=\"widget\" data-widget_type=\"spacer.default\">\n\t\t\t\t<div class=\"elementor-widget-container\">\n\t\t\t\t\t\t\t<div class=\"elementor-spacer\">\n\t\t\t<div class=\"elementor-spacer-inner\"><\/div>\n\t\t<\/div>\n\t\t\t\t\t\t<\/div>\n\t\t\t\t<\/div>\n\t\t\t\t<div class=\"elementor-element elementor-element-697344cd elementor-widget elementor-widget-text-editor\" data-id=\"697344cd\" data-element_type=\"widget\" data-e-type=\"widget\" data-widget_type=\"text-editor.default\">\n\t\t\t\t<div class=\"elementor-widget-container\">\n\t\t\t\t\t\t\t\t\t<p><img decoding=\"async\" class=\"wp-image-13718 alignleft\" src=\"https:\/\/www.visitamalfi.info\/wp-content\/uploads\/2024\/01\/WhatsApp-Image-2024-01-22-at-19.23.40-1-300x300.jpeg\" alt=\"\" width=\"150\" height=\"150\" srcset=\"https:\/\/www.visitamalfi.info\/wp-content\/uploads\/2024\/01\/WhatsApp-Image-2024-01-22-at-19.23.40-1-300x300.jpeg 300w, https:\/\/www.visitamalfi.info\/wp-content\/uploads\/2024\/01\/WhatsApp-Image-2024-01-22-at-19.23.40-1-510x510.jpeg 510w, https:\/\/www.visitamalfi.info\/wp-content\/uploads\/2024\/01\/WhatsApp-Image-2024-01-22-at-19.23.40-1-160x160.jpeg 160w\" sizes=\"(max-width: 150px) 100vw, 150px\" \/>Pasar un d\u00eda en los Jardines del Cielo de Amalfi es la mejor manera de descubrir Amalfi y la Costa Amalfitana a 360\u00b0 a trav\u00e9s de sus sabores, colores y olores, al tiempo que aprende recetas aut\u00e9nticas para llevarse en la maleta.<\/p>\n<p>Tras recoger ingredientes directamente del huerto de Amalfi Heaven Gardens y pasear por los limoneros, olivares y vi\u00f1edos en terrazas de la propiedad, pasar\u00e1 a la cocina para descubrir los secretos de la cocina amalfitana.<\/p>\n<p>El curso de cocina incluye la preparaci\u00f3n de cuatro platos con ingredientes recogidos previamente en el huerto bajo la atenta supervisi\u00f3n de chefs locales que guiar\u00e1n a los participantes a trav\u00e9s de los sabores y aromas de la cocina tradicional de Amalfi.<\/p>\n<p>Despu\u00e9s, todos a la mesa para disfrutar de los platos acompa\u00f1ados de un excelente vino local y de unas vistas impresionantes. Para concluir la jornada un delicioso limoncello y la entrega de un diploma de participaci\u00f3n y las recetas de cada plato elaborado junto a los simp\u00e1ticos chefs y colaboradores de Amalfi Heaven Gardens.<\/p>\n\t\t\t\t\t\t\t\t<\/div>\n\t\t\t\t<\/div>\n\t\t\t\t<div class=\"elementor-element elementor-element-12d32799 elementor-widget elementor-widget-spacer\" data-id=\"12d32799\" data-element_type=\"widget\" data-e-type=\"widget\" data-widget_type=\"spacer.default\">\n\t\t\t\t<div class=\"elementor-widget-container\">\n\t\t\t\t\t\t\t<div class=\"elementor-spacer\">\n\t\t\t<div class=\"elementor-spacer-inner\"><\/div>\n\t\t<\/div>\n\t\t\t\t\t\t<\/div>\n\t\t\t\t<\/div>\n\t\t\t\t<section class=\"elementor-section elementor-inner-section elementor-element elementor-element-4478a12d elementor-section-full_width elementor-section-height-default elementor-section-height-default\" data-id=\"4478a12d\" data-element_type=\"section\" data-e-type=\"section\">\n\t\t\t\t\t\t<div class=\"elementor-container elementor-column-gap-extended\">\n\t\t\t\t\t<div class=\"elementor-column elementor-col-100 elementor-inner-column elementor-element elementor-element-6eab5cb4\" data-id=\"6eab5cb4\" data-element_type=\"column\" data-e-type=\"column\" data-settings=\"{&quot;background_background&quot;:&quot;gradient&quot;}\">\n\t\t\t<div class=\"elementor-widget-wrap elementor-element-populated\">\n\t\t\t\t\t\t<div class=\"elementor-element elementor-element-45d5864f elementor-widget elementor-widget-heading\" data-id=\"45d5864f\" data-element_type=\"widget\" data-e-type=\"widget\" data-widget_type=\"heading.default\">\n\t\t\t\t<div class=\"elementor-widget-container\">\n\t\t\t\t\t<h3 class=\"elementor-heading-title elementor-size-default\">D\u00eda 3 - Noche a bordo de un yate<\/h3>\t\t\t\t<\/div>\n\t\t\t\t<\/div>\n\t\t\t\t\t<\/div>\n\t\t<\/div>\n\t\t\t\t\t<\/div>\n\t\t<\/section>\n\t\t\t\t<div class=\"elementor-element elementor-element-4303dd2f elementor-widget elementor-widget-spacer\" data-id=\"4303dd2f\" data-element_type=\"widget\" data-e-type=\"widget\" data-widget_type=\"spacer.default\">\n\t\t\t\t<div class=\"elementor-widget-container\">\n\t\t\t\t\t\t\t<div class=\"elementor-spacer\">\n\t\t\t<div class=\"elementor-spacer-inner\"><\/div>\n\t\t<\/div>\n\t\t\t\t\t\t<\/div>\n\t\t\t\t<\/div>\n\t\t\t\t<div class=\"elementor-element elementor-element-4292bba5 elementor-widget elementor-widget-text-editor\" data-id=\"4292bba5\" data-element_type=\"widget\" data-e-type=\"widget\" data-widget_type=\"text-editor.default\">\n\t\t\t\t<div class=\"elementor-widget-container\">\n\t\t\t\t\t\t\t\t\t<p><img loading=\"lazy\" decoding=\"async\" class=\"wp-image-2002 alignright\" src=\"https:\/\/www.visitamalfi.info\/wp-content\/uploads\/2023\/05\/amalfi-premium-boat-150x150.jpg\" alt=\"\" width=\"151\" height=\"151\" srcset=\"https:\/\/www.visitamalfi.info\/wp-content\/uploads\/2023\/05\/amalfi-premium-boat-150x150.jpg 150w, https:\/\/www.visitamalfi.info\/wp-content\/uploads\/2023\/05\/amalfi-premium-boat-510x510.jpg 510w, https:\/\/www.visitamalfi.info\/wp-content\/uploads\/2023\/05\/amalfi-premium-boat-160x160.jpg 160w\" sizes=\"(max-width: 151px) 100vw, 151px\" \/>Una noche a bordo de un yate es una experiencia que le har\u00e1 revivir toda la magia de la Costa Amalfitana y las islas del Golfo de N\u00e1poles.<\/p>\n<\/p>\n<p>El yate a motor m\u00e1s adecuado para esta excursi\u00f3n es el Aicon TICHE 72ft, el barco estar\u00e1 a disposici\u00f3n de los hu\u00e9spedes desde las 9:30 a.m. del d\u00eda de embarque hasta las 5:00 p.m. del d\u00eda de desembarque, los horarios pueden modificarse seg\u00fan las necesidades de los hu\u00e9spedes.<\/p>\n<\/p>\n<p>La tripulaci\u00f3n a bordo podr\u00e1 estructurar el itinerario, permitiendo a los hu\u00e9spedes tanto navegar a lo largo de la Costa, hacia Sorrento, Capri, Ischia y Procida, como detenerse y visitar algunos de los lugares m\u00e1s famosos.<\/p>\n<\/p>\n<p>Poder disfrutar del caf\u00e9 de la ma\u00f1ana cuando los primeros rayos del sol se reflejan centelleantes en las olas del mar o admirar los pueblos cuando el sol se pone, coloreando el cielo en mil tonos, es una experiencia que refresca el esp\u00edritu.<\/p>\n\t\t\t\t\t\t\t\t<\/div>\n\t\t\t\t<\/div>\n\t\t\t\t<div class=\"elementor-element elementor-element-5e59e302 is-style-ignition-cousteau-pro-anchor-title elementor-widget elementor-widget-heading\" data-id=\"5e59e302\" data-element_type=\"widget\" data-e-type=\"widget\" data-widget_type=\"heading.default\">\n\t\t\t\t<div class=\"elementor-widget-container\">\n\t\t\t\t\t<h2 class=\"elementor-heading-title elementor-size-default\">Galer\u00eda<\/h2>\t\t\t\t<\/div>\n\t\t\t\t<\/div>\n\t\t\t\t<div class=\"elementor-element elementor-element-6ca8e43b gallery-spacing-custom elementor-widget elementor-widget-image-gallery\" data-id=\"6ca8e43b\" data-element_type=\"widget\" data-e-type=\"widget\" data-widget_type=\"image-gallery.default\">\n\t\t\t\t<div class=\"elementor-widget-container\">\n\t\t\t\t\t\t\t<div class=\"elementor-image-gallery\">\n\t\t\t<div id='gallery-1' class='gallery galleryid-17506 gallery-columns-3 gallery-size-ignition_item'><figure class='gallery-item'>\n\t\t\t<div class='gallery-icon landscape'>\n\t\t\t\t<a data-elementor-open-lightbox=\"yes\" data-elementor-lightbox-slideshow=\"6ca8e43b\" data-elementor-lightbox-title=\"moonlight off shore\" data-e-action-hash=\"#elementor-action%3Aaction%3Dlightbox%26settings%3DeyJpZCI6OTg5OCwidXJsIjoiaHR0cHM6XC9cL3d3dy52aXNpdGFtYWxmaS5pbmZvXC93cC1jb250ZW50XC91cGxvYWRzXC8yMDIzXC8wNlwvbW9vbmxpZ2h0LW9mZi1zaG9yZS5qcGciLCJzbGlkZXNob3ciOiI2Y2E4ZTQzYiJ9\" href='https:\/\/www.visitamalfi.info\/wp-content\/uploads\/2023\/06\/moonlight-off-shore.jpg' data-lightbox=\"gal[17506]\"><img loading=\"lazy\" decoding=\"async\" width=\"615\" height=\"410\" src=\"https:\/\/www.visitamalfi.info\/wp-content\/uploads\/2023\/06\/moonlight-off-shore-615x410.jpg\" class=\"attachment-ignition_item size-ignition_item\" alt=\"\" srcset=\"https:\/\/www.visitamalfi.info\/wp-content\/uploads\/2023\/06\/moonlight-off-shore-615x410.jpg 615w, https:\/\/www.visitamalfi.info\/wp-content\/uploads\/2023\/06\/moonlight-off-shore-870x580.jpg 870w, https:\/\/www.visitamalfi.info\/wp-content\/uploads\/2023\/06\/moonlight-off-shore-1240x825.jpg 1240w\" sizes=\"(max-width: 615px) 100vw, 615px\" \/><\/a>\n\t\t\t<\/div><\/figure><figure class='gallery-item'>\n\t\t\t<div class='gallery-icon landscape'>\n\t\t\t\t<a data-elementor-open-lightbox=\"yes\" data-elementor-lightbox-slideshow=\"6ca8e43b\" data-elementor-lightbox-title=\"Amalfi Heaven Gardens - Cooking, Pirogies, Dough.\" data-e-action-hash=\"#elementor-action%3Aaction%3Dlightbox%26settings%3DeyJpZCI6MTI0OTQsInVybCI6Imh0dHBzOlwvXC93d3cudmlzaXRhbWFsZmkuaW5mb1wvd3AtY29udGVudFwvdXBsb2Fkc1wvMjAyM1wvMDZcL0FtYWxmaS1Db2FzdC1Db29raW5nLUNsYXNzLTMtSFEuanBnIiwic2xpZGVzaG93IjoiNmNhOGU0M2IifQ%3D%3D\" href='https:\/\/www.visitamalfi.info\/wp-content\/uploads\/2023\/06\/Amalfi-Coast-Cooking-Class-3-HQ.jpg' data-lightbox=\"gal[17506]\"><img loading=\"lazy\" decoding=\"async\" width=\"615\" height=\"410\" src=\"https:\/\/www.visitamalfi.info\/wp-content\/uploads\/2023\/06\/Amalfi-Coast-Cooking-Class-3-HQ-615x410.jpg\" class=\"attachment-ignition_item size-ignition_item\" alt=\"\" srcset=\"https:\/\/www.visitamalfi.info\/wp-content\/uploads\/2023\/06\/Amalfi-Coast-Cooking-Class-3-HQ-615x410.jpg 615w, https:\/\/www.visitamalfi.info\/wp-content\/uploads\/2023\/06\/Amalfi-Coast-Cooking-Class-3-HQ-300x201.jpg 300w, https:\/\/www.visitamalfi.info\/wp-content\/uploads\/2023\/06\/Amalfi-Coast-Cooking-Class-3-HQ-1024x685.jpg 1024w, https:\/\/www.visitamalfi.info\/wp-content\/uploads\/2023\/06\/Amalfi-Coast-Cooking-Class-3-HQ-870x580.jpg 870w, https:\/\/www.visitamalfi.info\/wp-content\/uploads\/2023\/06\/Amalfi-Coast-Cooking-Class-3-HQ-1240x825.jpg 1240w\" sizes=\"(max-width: 615px) 100vw, 615px\" \/><\/a>\n\t\t\t<\/div><\/figure><figure class='gallery-item'>\n\t\t\t<div class='gallery-icon landscape'>\n\t\t\t\t<a data-elementor-open-lightbox=\"yes\" data-elementor-lightbox-slideshow=\"6ca8e43b\" data-elementor-lightbox-title=\"Amalfi Heaven Gardens - Picking vegetables - Farm - Nature.\" data-e-action-hash=\"#elementor-action%3Aaction%3Dlightbox%26settings%3DeyJpZCI6MTI1MjQsInVybCI6Imh0dHBzOlwvXC93d3cudmlzaXRhbWFsZmkuaW5mb1wvd3AtY29udGVudFwvdXBsb2Fkc1wvMjAyM1wvMDZcL0FtYWxmaS1Db2FzdC1Db29raW5nLUNsYXNzLTE5LUhRLmpwZyIsInNsaWRlc2hvdyI6IjZjYThlNDNiIn0%3D\" href='https:\/\/www.visitamalfi.info\/wp-content\/uploads\/2023\/06\/Amalfi-Coast-Cooking-Class-19-HQ.jpg' data-lightbox=\"gal[17506]\"><img loading=\"lazy\" decoding=\"async\" width=\"615\" height=\"410\" src=\"https:\/\/www.visitamalfi.info\/wp-content\/uploads\/2023\/06\/Amalfi-Coast-Cooking-Class-19-HQ-615x410.jpg\" class=\"attachment-ignition_item size-ignition_item\" alt=\"\" srcset=\"https:\/\/www.visitamalfi.info\/wp-content\/uploads\/2023\/06\/Amalfi-Coast-Cooking-Class-19-HQ-615x410.jpg 615w, https:\/\/www.visitamalfi.info\/wp-content\/uploads\/2023\/06\/Amalfi-Coast-Cooking-Class-19-HQ-300x200.jpg 300w, https:\/\/www.visitamalfi.info\/wp-content\/uploads\/2023\/06\/Amalfi-Coast-Cooking-Class-19-HQ-1024x683.jpg 1024w, https:\/\/www.visitamalfi.info\/wp-content\/uploads\/2023\/06\/Amalfi-Coast-Cooking-Class-19-HQ-768x512.jpg 768w, https:\/\/www.visitamalfi.info\/wp-content\/uploads\/2023\/06\/Amalfi-Coast-Cooking-Class-19-HQ-1536x1024.jpg 1536w, https:\/\/www.visitamalfi.info\/wp-content\/uploads\/2023\/06\/Amalfi-Coast-Cooking-Class-19-HQ-870x580.jpg 870w, https:\/\/www.visitamalfi.info\/wp-content\/uploads\/2023\/06\/Amalfi-Coast-Cooking-Class-19-HQ-1240x825.jpg 1240w, https:\/\/www.visitamalfi.info\/wp-content\/uploads\/2023\/06\/Amalfi-Coast-Cooking-Class-19-HQ.jpg 1920w\" sizes=\"(max-width: 615px) 100vw, 615px\" \/><\/a>\n\t\t\t<\/div><\/figure><figure class='gallery-item'>\n\t\t\t<div class='gallery-icon landscape'>\n\t\t\t\t<a data-elementor-open-lightbox=\"yes\" data-elementor-lightbox-slideshow=\"6ca8e43b\" data-elementor-lightbox-title=\"Amalfi Heaven Gardens - Homemade, Vegetables, Harvest\" data-e-action-hash=\"#elementor-action%3Aaction%3Dlightbox%26settings%3DeyJpZCI6MTI1MDksInVybCI6Imh0dHBzOlwvXC93d3cudmlzaXRhbWFsZmkuaW5mb1wvd3AtY29udGVudFwvdXBsb2Fkc1wvMjAyM1wvMDZcL0FtYWxmaS1Db2FzdC1Db29raW5nLUNsYXNzLTExLUhRLmpwZyIsInNsaWRlc2hvdyI6IjZjYThlNDNiIn0%3D\" href='https:\/\/www.visitamalfi.info\/wp-content\/uploads\/2023\/06\/Amalfi-Coast-Cooking-Class-11-HQ.jpg' data-lightbox=\"gal[17506]\"><img loading=\"lazy\" decoding=\"async\" width=\"615\" height=\"410\" src=\"https:\/\/www.visitamalfi.info\/wp-content\/uploads\/2023\/06\/Amalfi-Coast-Cooking-Class-11-HQ-615x410.jpg\" class=\"attachment-ignition_item size-ignition_item\" alt=\"\" srcset=\"https:\/\/www.visitamalfi.info\/wp-content\/uploads\/2023\/06\/Amalfi-Coast-Cooking-Class-11-HQ-615x410.jpg 615w, https:\/\/www.visitamalfi.info\/wp-content\/uploads\/2023\/06\/Amalfi-Coast-Cooking-Class-11-HQ-300x200.jpg 300w, https:\/\/www.visitamalfi.info\/wp-content\/uploads\/2023\/06\/Amalfi-Coast-Cooking-Class-11-HQ-1024x683.jpg 1024w, https:\/\/www.visitamalfi.info\/wp-content\/uploads\/2023\/06\/Amalfi-Coast-Cooking-Class-11-HQ-768x512.jpg 768w, https:\/\/www.visitamalfi.info\/wp-content\/uploads\/2023\/06\/Amalfi-Coast-Cooking-Class-11-HQ-1536x1024.jpg 1536w, https:\/\/www.visitamalfi.info\/wp-content\/uploads\/2023\/06\/Amalfi-Coast-Cooking-Class-11-HQ-870x580.jpg 870w, https:\/\/www.visitamalfi.info\/wp-content\/uploads\/2023\/06\/Amalfi-Coast-Cooking-Class-11-HQ-1240x825.jpg 1240w, https:\/\/www.visitamalfi.info\/wp-content\/uploads\/2023\/06\/Amalfi-Coast-Cooking-Class-11-HQ.jpg 1920w\" sizes=\"(max-width: 615px) 100vw, 615px\" \/><\/a>\n\t\t\t<\/div><\/figure><figure class='gallery-item'>\n\t\t\t<div class='gallery-icon portrait'>\n\t\t\t\t<a data-elementor-open-lightbox=\"yes\" data-elementor-lightbox-slideshow=\"6ca8e43b\" data-elementor-lightbox-title=\"2023_corretta\" data-e-action-hash=\"#elementor-action%3Aaction%3Dlightbox%26settings%3DeyJpZCI6NjkwOCwidXJsIjoiaHR0cHM6XC9cL3d3dy52aXNpdGFtYWxmaS5pbmZvXC93cC1jb250ZW50XC91cGxvYWRzXC8yMDIzXC8wNlwvMjAyM19jb3JyZXR0YS1zY2FsZWQuanBnIiwic2xpZGVzaG93IjoiNmNhOGU0M2IifQ%3D%3D\" href='https:\/\/www.visitamalfi.info\/wp-content\/uploads\/2023\/06\/2023_corretta-scaled.jpg' data-lightbox=\"gal[17506]\"><img loading=\"lazy\" decoding=\"async\" width=\"615\" height=\"410\" src=\"https:\/\/www.visitamalfi.info\/wp-content\/uploads\/2023\/06\/2023_corretta-615x410.jpg\" class=\"attachment-ignition_item size-ignition_item\" alt=\"\" srcset=\"https:\/\/www.visitamalfi.info\/wp-content\/uploads\/2023\/06\/2023_corretta-615x410.jpg 615w, https:\/\/www.visitamalfi.info\/wp-content\/uploads\/2023\/06\/2023_corretta-870x580.jpg 870w, https:\/\/www.visitamalfi.info\/wp-content\/uploads\/2023\/06\/2023_corretta-1240x825.jpg 1240w\" sizes=\"(max-width: 615px) 100vw, 615px\" \/><\/a>\n\t\t\t<\/div><\/figure><figure class='gallery-item'>\n\t\t\t<div class='gallery-icon landscape'>\n\t\t\t\t<a data-elementor-open-lightbox=\"yes\" data-elementor-lightbox-slideshow=\"6ca8e43b\" data-elementor-lightbox-title=\"antonio dipino chef\" data-e-action-hash=\"#elementor-action%3Aaction%3Dlightbox%26settings%3DeyJpZCI6NjkxMywidXJsIjoiaHR0cHM6XC9cL3d3dy52aXNpdGFtYWxmaS5pbmZvXC93cC1jb250ZW50XC91cGxvYWRzXC8yMDIzXC8wNlwvYW50b25pby1kaXBpbm8tY2hlZi1zY2FsZWQuanBnIiwic2xpZGVzaG93IjoiNmNhOGU0M2IifQ%3D%3D\" href='https:\/\/www.visitamalfi.info\/wp-content\/uploads\/2023\/06\/antonio-dipino-chef-scaled.jpg' data-lightbox=\"gal[17506]\"><img loading=\"lazy\" decoding=\"async\" width=\"615\" height=\"410\" src=\"https:\/\/www.visitamalfi.info\/wp-content\/uploads\/2023\/06\/antonio-dipino-chef-615x410.jpg\" class=\"attachment-ignition_item size-ignition_item\" alt=\"\" srcset=\"https:\/\/www.visitamalfi.info\/wp-content\/uploads\/2023\/06\/antonio-dipino-chef-615x410.jpg 615w, https:\/\/www.visitamalfi.info\/wp-content\/uploads\/2023\/06\/antonio-dipino-chef-870x580.jpg 870w, https:\/\/www.visitamalfi.info\/wp-content\/uploads\/2023\/06\/antonio-dipino-chef-1240x825.jpg 1240w\" sizes=\"(max-width: 615px) 100vw, 615px\" \/><\/a>\n\t\t\t<\/div><\/figure><figure class='gallery-item'>\n\t\t\t<div class='gallery-icon landscape'>\n\t\t\t\t<a data-elementor-open-lightbox=\"yes\" data-elementor-lightbox-slideshow=\"6ca8e43b\" data-elementor-lightbox-title=\"Food-Amalfi\" data-e-action-hash=\"#elementor-action%3Aaction%3Dlightbox%26settings%3DeyJpZCI6Njg1OSwidXJsIjoiaHR0cHM6XC9cL3d3dy52aXNpdGFtYWxmaS5pbmZvXC93cC1jb250ZW50XC91cGxvYWRzXC8yMDIzXC8wN1wvRm9vZC1BbWFsZmkuanBnIiwic2xpZGVzaG93IjoiNmNhOGU0M2IifQ%3D%3D\" href='https:\/\/www.visitamalfi.info\/wp-content\/uploads\/2023\/07\/Food-Amalfi.jpg' data-lightbox=\"gal[17506]\"><img loading=\"lazy\" decoding=\"async\" width=\"615\" height=\"410\" src=\"https:\/\/www.visitamalfi.info\/wp-content\/uploads\/2023\/07\/Food-Amalfi-615x410.jpg\" class=\"attachment-ignition_item size-ignition_item\" alt=\"\" srcset=\"https:\/\/www.visitamalfi.info\/wp-content\/uploads\/2023\/07\/Food-Amalfi-615x410.jpg 615w, https:\/\/www.visitamalfi.info\/wp-content\/uploads\/2023\/07\/Food-Amalfi-870x580.jpg 870w, https:\/\/www.visitamalfi.info\/wp-content\/uploads\/2023\/07\/Food-Amalfi-1240x825.jpg 1240w\" sizes=\"(max-width: 615px) 100vw, 615px\" \/><\/a>\n\t\t\t<\/div><\/figure><figure class='gallery-item'>\n\t\t\t<div class='gallery-icon landscape'>\n\t\t\t\t<a data-elementor-open-lightbox=\"yes\" data-elementor-lightbox-slideshow=\"6ca8e43b\" data-elementor-lightbox-title=\"Premium-yacht-amalfi\" data-e-action-hash=\"#elementor-action%3Aaction%3Dlightbox%26settings%3DeyJpZCI6MjAxMSwidXJsIjoiaHR0cHM6XC9cL3d3dy52aXNpdGFtYWxmaS5pbmZvXC93cC1jb250ZW50XC91cGxvYWRzXC8yMDIzXC8wNVwvUHJlbWl1bS15YWNodC1hbWFsZmkuanBnIiwic2xpZGVzaG93IjoiNmNhOGU0M2IifQ%3D%3D\" href='https:\/\/www.visitamalfi.info\/wp-content\/uploads\/2023\/05\/Premium-yacht-amalfi.jpg' data-lightbox=\"gal[17506]\"><img loading=\"lazy\" decoding=\"async\" width=\"615\" height=\"410\" src=\"https:\/\/www.visitamalfi.info\/wp-content\/uploads\/2023\/05\/Premium-yacht-amalfi-615x410.jpg\" class=\"attachment-ignition_item size-ignition_item\" alt=\"\" \/><\/a>\n\t\t\t<\/div><\/figure><figure class='gallery-item'>\n\t\t\t<div class='gallery-icon landscape'>\n\t\t\t\t<a data-elementor-open-lightbox=\"yes\" data-elementor-lightbox-slideshow=\"6ca8e43b\" data-elementor-lightbox-title=\"Premium Boat Charter - Amalfi - Bedroom\" data-e-action-hash=\"#elementor-action%3Aaction%3Dlightbox%26settings%3DeyJpZCI6OTI1OCwidXJsIjoiaHR0cHM6XC9cL3d3dy52aXNpdGFtYWxmaS5pbmZvXC93cC1jb250ZW50XC91cGxvYWRzXC8yMDIzXC8wNlwvUHJlbWl1bS1Cb2F0LUNoYXJ0ZXItQW1hbGZpLUJlZHJvb20uanBlZyIsInNsaWRlc2hvdyI6IjZjYThlNDNiIn0%3D\" href='https:\/\/www.visitamalfi.info\/wp-content\/uploads\/2023\/06\/Premium-Boat-Charter-Amalfi-Bedroom.jpeg' data-lightbox=\"gal[17506]\"><img loading=\"lazy\" decoding=\"async\" width=\"615\" height=\"410\" src=\"https:\/\/www.visitamalfi.info\/wp-content\/uploads\/2023\/06\/Premium-Boat-Charter-Amalfi-Bedroom-615x410.jpeg\" class=\"attachment-ignition_item size-ignition_item\" alt=\"\" srcset=\"https:\/\/www.visitamalfi.info\/wp-content\/uploads\/2023\/06\/Premium-Boat-Charter-Amalfi-Bedroom-615x410.jpeg 615w, https:\/\/www.visitamalfi.info\/wp-content\/uploads\/2023\/06\/Premium-Boat-Charter-Amalfi-Bedroom-870x580.jpeg 870w\" sizes=\"(max-width: 615px) 100vw, 615px\" \/><\/a>\n\t\t\t<\/div><\/figure>\n\t\t<\/div>\n\t\t<\/div>\n\t\t\t\t\t\t<\/div>\n\t\t\t\t<\/div>\n\t\t\t\t\t<\/div>\n\t\t<\/div>\n\t\t\t\t\t<\/div>\n\t\t<\/section>\n\t\t\t\t<\/div>\n\t\t","protected":false},"excerpt":{"rendered":"<p>Navegando a lo largo de la costa, descubriendo los sabores de la tierra y el mar con actividades de clases de cocina y cenas gourmet, despertarse a bordo de un yate har\u00e1 revivir toda la magia de la Costa Amalfitana.<\/p>\n","protected":false},"featured_media":9873,"comment_status":"open","ping_status":"closed","template":"","ignition_package_destination":[],"ignition_package_category":[1093,1112,874],"experience":[344,270,340,248,335,256],"inspiration":[1147,460,463,459],"season":[231,235,237],"class_list":["post-17506","ignition-package","type-ignition-package","status-publish","has-post-thumbnail","hentry","ignition_package_category-cooking-class-es","ignition_package_category-excursion-en-barco","ignition_package_category-restaurantes-con-estrella","experience-bienestar","experience-boda","experience-gourmet-es","experience-amalfi-premium-es","experience-romantico","experience-vivir-el-mar","inspiration-boda","inspiration-vacaciones-de-relax","inspiration-vacaciones-en-familia","inspiration-vacaciones-en-pareja","season-otono","season-primavera-es","season-verano"],"yoast_head":"<!-- This site is optimized with the Yoast SEO plugin v27.3 - https:\/\/yoast.com\/product\/yoast-seo-wordpress\/ -->\n<title>Propuesta Premium Balneare - 4 d\u00edas - Visit Amalfi<\/title>\n<meta name=\"robots\" content=\"index, follow, max-snippet:-1, max-image-preview:large, max-video-preview:-1\" \/>\n<link rel=\"canonical\" href=\"https:\/\/www.visitamalfi.info\/es\/package\/propuesta-premium-balneare-4-dias\/\" \/>\n<meta property=\"og:locale\" content=\"es_ES\" \/>\n<meta property=\"og:type\" content=\"article\" \/>\n<meta property=\"og:title\" content=\"Propuesta Premium Balneare - 4 d\u00edas - Visit Amalfi\" \/>\n<meta property=\"og:description\" content=\"Navegando a lo largo de la costa, descubriendo los sabores de la tierra y el mar con actividades de clases de cocina y cenas gourmet, despertarse a bordo de un yate har\u00e1 revivir toda la magia de la Costa Amalfitana.\" \/>\n<meta property=\"og:url\" content=\"https:\/\/www.visitamalfi.info\/es\/package\/propuesta-premium-balneare-4-dias\/\" \/>\n<meta property=\"og:site_name\" content=\"Visit Amalfi\" \/>\n<meta property=\"article:publisher\" content=\"https:\/\/www.facebook.com\/visitamalfiofficial\" \/>\n<meta property=\"article:modified_time\" content=\"2024-06-17T13:49:00+00:00\" \/>\n<meta property=\"og:image\" content=\"https:\/\/www.visitamalfi.info\/wp-content\/uploads\/2023\/06\/jeranto-10-lay-out.jpg\" \/>\n\t<meta property=\"og:image:width\" content=\"1920\" \/>\n\t<meta property=\"og:image:height\" content=\"1387\" \/>\n\t<meta property=\"og:image:type\" content=\"image\/jpeg\" \/>\n<meta name=\"twitter:card\" content=\"summary_large_image\" \/>\n<meta name=\"twitter:label1\" content=\"Tiempo de lectura\" \/>\n\t<meta name=\"twitter:data1\" content=\"4 minutos\" \/>\n<script type=\"application\/ld+json\" class=\"yoast-schema-graph\">{\"@context\":\"https:\\\/\\\/schema.org\",\"@graph\":[{\"@type\":\"WebPage\",\"@id\":\"https:\\\/\\\/www.visitamalfi.info\\\/es\\\/package\\\/propuesta-premium-balneare-4-dias\\\/\",\"url\":\"https:\\\/\\\/www.visitamalfi.info\\\/es\\\/package\\\/propuesta-premium-balneare-4-dias\\\/\",\"name\":\"Propuesta Premium Balneare - 4 d\u00edas - Visit Amalfi\",\"isPartOf\":{\"@id\":\"https:\\\/\\\/www.visitamalfi.info\\\/es\\\/#website\"},\"primaryImageOfPage\":{\"@id\":\"https:\\\/\\\/www.visitamalfi.info\\\/es\\\/package\\\/propuesta-premium-balneare-4-dias\\\/#primaryimage\"},\"image\":{\"@id\":\"https:\\\/\\\/www.visitamalfi.info\\\/es\\\/package\\\/propuesta-premium-balneare-4-dias\\\/#primaryimage\"},\"thumbnailUrl\":\"https:\\\/\\\/www.visitamalfi.info\\\/wp-content\\\/uploads\\\/2023\\\/06\\\/jeranto-10-lay-out.jpg\",\"datePublished\":\"2024-04-17T17:44:30+00:00\",\"dateModified\":\"2024-06-17T13:49:00+00:00\",\"breadcrumb\":{\"@id\":\"https:\\\/\\\/www.visitamalfi.info\\\/es\\\/package\\\/propuesta-premium-balneare-4-dias\\\/#breadcrumb\"},\"inLanguage\":\"es\",\"potentialAction\":[{\"@type\":\"ReadAction\",\"target\":[\"https:\\\/\\\/www.visitamalfi.info\\\/es\\\/package\\\/propuesta-premium-balneare-4-dias\\\/\"]}]},{\"@type\":\"ImageObject\",\"inLanguage\":\"es\",\"@id\":\"https:\\\/\\\/www.visitamalfi.info\\\/es\\\/package\\\/propuesta-premium-balneare-4-dias\\\/#primaryimage\",\"url\":\"https:\\\/\\\/www.visitamalfi.info\\\/wp-content\\\/uploads\\\/2023\\\/06\\\/jeranto-10-lay-out.jpg\",\"contentUrl\":\"https:\\\/\\\/www.visitamalfi.info\\\/wp-content\\\/uploads\\\/2023\\\/06\\\/jeranto-10-lay-out.jpg\",\"width\":1920,\"height\":1387},{\"@type\":\"BreadcrumbList\",\"@id\":\"https:\\\/\\\/www.visitamalfi.info\\\/es\\\/package\\\/propuesta-premium-balneare-4-dias\\\/#breadcrumb\",\"itemListElement\":[{\"@type\":\"ListItem\",\"position\":1,\"name\":\"Home\",\"item\":\"https:\\\/\\\/www.visitamalfi.info\\\/es\\\/\"},{\"@type\":\"ListItem\",\"position\":2,\"name\":\"Propuesta Premium Balneare &#8211; 4 d\u00edas\"}]},{\"@type\":\"WebSite\",\"@id\":\"https:\\\/\\\/www.visitamalfi.info\\\/es\\\/#website\",\"url\":\"https:\\\/\\\/www.visitamalfi.info\\\/es\\\/\",\"name\":\"Visit Amalfi\",\"description\":\"Amalfi Destination Official Website\",\"publisher\":{\"@id\":\"https:\\\/\\\/www.visitamalfi.info\\\/es\\\/#organization\"},\"potentialAction\":[{\"@type\":\"SearchAction\",\"target\":{\"@type\":\"EntryPoint\",\"urlTemplate\":\"https:\\\/\\\/www.visitamalfi.info\\\/es\\\/?s={search_term_string}\"},\"query-input\":{\"@type\":\"PropertyValueSpecification\",\"valueRequired\":true,\"valueName\":\"search_term_string\"}}],\"inLanguage\":\"es\"},{\"@type\":\"Organization\",\"@id\":\"https:\\\/\\\/www.visitamalfi.info\\\/es\\\/#organization\",\"name\":\"Visit Amalfi\",\"url\":\"https:\\\/\\\/www.visitamalfi.info\\\/es\\\/\",\"logo\":{\"@type\":\"ImageObject\",\"inLanguage\":\"es\",\"@id\":\"https:\\\/\\\/www.visitamalfi.info\\\/es\\\/#\\\/schema\\\/logo\\\/image\\\/\",\"url\":\"https:\\\/\\\/www.visitamalfi.info\\\/wp-content\\\/uploads\\\/2023\\\/04\\\/visit-amalfi-logo-web.png\",\"contentUrl\":\"https:\\\/\\\/www.visitamalfi.info\\\/wp-content\\\/uploads\\\/2023\\\/04\\\/visit-amalfi-logo-web.png\",\"width\":800,\"height\":870,\"caption\":\"Visit Amalfi\"},\"image\":{\"@id\":\"https:\\\/\\\/www.visitamalfi.info\\\/es\\\/#\\\/schema\\\/logo\\\/image\\\/\"},\"sameAs\":[\"https:\\\/\\\/www.facebook.com\\\/visitamalfiofficial\",\"https:\\\/\\\/www.instagram.com\\\/visitamalfiofficial\\\/\"]}]}<\/script>\n<!-- \/ Yoast SEO plugin. -->","yoast_head_json":{"title":"Propuesta Premium Balneare - 4 d\u00edas - Visit Amalfi","robots":{"index":"index","follow":"follow","max-snippet":"max-snippet:-1","max-image-preview":"max-image-preview:large","max-video-preview":"max-video-preview:-1"},"canonical":"https:\/\/www.visitamalfi.info\/es\/package\/propuesta-premium-balneare-4-dias\/","og_locale":"es_ES","og_type":"article","og_title":"Propuesta Premium Balneare - 4 d\u00edas - Visit Amalfi","og_description":"Navegando a lo largo de la costa, descubriendo los sabores de la tierra y el mar con actividades de clases de cocina y cenas gourmet, despertarse a bordo de un yate har\u00e1 revivir toda la magia de la Costa Amalfitana.","og_url":"https:\/\/www.visitamalfi.info\/es\/package\/propuesta-premium-balneare-4-dias\/","og_site_name":"Visit Amalfi","article_publisher":"https:\/\/www.facebook.com\/visitamalfiofficial","article_modified_time":"2024-06-17T13:49:00+00:00","og_image":[{"width":1920,"height":1387,"url":"https:\/\/www.visitamalfi.info\/wp-content\/uploads\/2023\/06\/jeranto-10-lay-out.jpg","type":"image\/jpeg"}],"twitter_card":"summary_large_image","twitter_misc":{"Tiempo de lectura":"4 minutos"},"schema":{"@context":"https:\/\/schema.org","@graph":[{"@type":"WebPage","@id":"https:\/\/www.visitamalfi.info\/es\/package\/propuesta-premium-balneare-4-dias\/","url":"https:\/\/www.visitamalfi.info\/es\/package\/propuesta-premium-balneare-4-dias\/","name":"Propuesta Premium Balneare - 4 d\u00edas - Visit Amalfi","isPartOf":{"@id":"https:\/\/www.visitamalfi.info\/es\/#website"},"primaryImageOfPage":{"@id":"https:\/\/www.visitamalfi.info\/es\/package\/propuesta-premium-balneare-4-dias\/#primaryimage"},"image":{"@id":"https:\/\/www.visitamalfi.info\/es\/package\/propuesta-premium-balneare-4-dias\/#primaryimage"},"thumbnailUrl":"https:\/\/www.visitamalfi.info\/wp-content\/uploads\/2023\/06\/jeranto-10-lay-out.jpg","datePublished":"2024-04-17T17:44:30+00:00","dateModified":"2024-06-17T13:49:00+00:00","breadcrumb":{"@id":"https:\/\/www.visitamalfi.info\/es\/package\/propuesta-premium-balneare-4-dias\/#breadcrumb"},"inLanguage":"es","potentialAction":[{"@type":"ReadAction","target":["https:\/\/www.visitamalfi.info\/es\/package\/propuesta-premium-balneare-4-dias\/"]}]},{"@type":"ImageObject","inLanguage":"es","@id":"https:\/\/www.visitamalfi.info\/es\/package\/propuesta-premium-balneare-4-dias\/#primaryimage","url":"https:\/\/www.visitamalfi.info\/wp-content\/uploads\/2023\/06\/jeranto-10-lay-out.jpg","contentUrl":"https:\/\/www.visitamalfi.info\/wp-content\/uploads\/2023\/06\/jeranto-10-lay-out.jpg","width":1920,"height":1387},{"@type":"BreadcrumbList","@id":"https:\/\/www.visitamalfi.info\/es\/package\/propuesta-premium-balneare-4-dias\/#breadcrumb","itemListElement":[{"@type":"ListItem","position":1,"name":"Home","item":"https:\/\/www.visitamalfi.info\/es\/"},{"@type":"ListItem","position":2,"name":"Propuesta Premium Balneare &#8211; 4 d\u00edas"}]},{"@type":"WebSite","@id":"https:\/\/www.visitamalfi.info\/es\/#website","url":"https:\/\/www.visitamalfi.info\/es\/","name":"Visit Amalfi","description":"Amalfi Destination Official Website","publisher":{"@id":"https:\/\/www.visitamalfi.info\/es\/#organization"},"potentialAction":[{"@type":"SearchAction","target":{"@type":"EntryPoint","urlTemplate":"https:\/\/www.visitamalfi.info\/es\/?s={search_term_string}"},"query-input":{"@type":"PropertyValueSpecification","valueRequired":true,"valueName":"search_term_string"}}],"inLanguage":"es"},{"@type":"Organization","@id":"https:\/\/www.visitamalfi.info\/es\/#organization","name":"Visit Amalfi","url":"https:\/\/www.visitamalfi.info\/es\/","logo":{"@type":"ImageObject","inLanguage":"es","@id":"https:\/\/www.visitamalfi.info\/es\/#\/schema\/logo\/image\/","url":"https:\/\/www.visitamalfi.info\/wp-content\/uploads\/2023\/04\/visit-amalfi-logo-web.png","contentUrl":"https:\/\/www.visitamalfi.info\/wp-content\/uploads\/2023\/04\/visit-amalfi-logo-web.png","width":800,"height":870,"caption":"Visit Amalfi"},"image":{"@id":"https:\/\/www.visitamalfi.info\/es\/#\/schema\/logo\/image\/"},"sameAs":["https:\/\/www.facebook.com\/visitamalfiofficial","https:\/\/www.instagram.com\/visitamalfiofficial\/"]}]}},"_links":{"self":[{"href":"https:\/\/www.visitamalfi.info\/es\/wp-json\/wp\/v2\/ignition-package\/17506","targetHints":{"allow":["GET"]}}],"collection":[{"href":"https:\/\/www.visitamalfi.info\/es\/wp-json\/wp\/v2\/ignition-package"}],"about":[{"href":"https:\/\/www.visitamalfi.info\/es\/wp-json\/wp\/v2\/types\/ignition-package"}],"replies":[{"embeddable":true,"href":"https:\/\/www.visitamalfi.info\/es\/wp-json\/wp\/v2\/comments?post=17506"}],"version-history":[{"count":4,"href":"https:\/\/www.visitamalfi.info\/es\/wp-json\/wp\/v2\/ignition-package\/17506\/revisions"}],"predecessor-version":[{"id":17928,"href":"https:\/\/www.visitamalfi.info\/es\/wp-json\/wp\/v2\/ignition-package\/17506\/revisions\/17928"}],"wp:featuredmedia":[{"embeddable":true,"href":"https:\/\/www.visitamalfi.info\/es\/wp-json\/wp\/v2\/media\/9873"}],"wp:attachment":[{"href":"https:\/\/www.visitamalfi.info\/es\/wp-json\/wp\/v2\/media?parent=17506"}],"wp:term":[{"taxonomy":"ignition_package_destination","embeddable":true,"href":"https:\/\/www.visitamalfi.info\/es\/wp-json\/wp\/v2\/ignition_package_destination?post=17506"},{"taxonomy":"ignition_package_category","embeddable":true,"href":"https:\/\/www.visitamalfi.info\/es\/wp-json\/wp\/v2\/ignition_package_category?post=17506"},{"taxonomy":"experience","embeddable":true,"href":"https:\/\/www.visitamalfi.info\/es\/wp-json\/wp\/v2\/experience?post=17506"},{"taxonomy":"inspiration","embeddable":true,"href":"https:\/\/www.visitamalfi.info\/es\/wp-json\/wp\/v2\/inspiration?post=17506"},{"taxonomy":"season","embeddable":true,"href":"https:\/\/www.visitamalfi.info\/es\/wp-json\/wp\/v2\/season?post=17506"}],"curies":[{"name":"wp","href":"https:\/\/api.w.org\/{rel}","templated":true}]}}