{"id":17477,"date":"2024-04-17T19:44:30","date_gmt":"2024-04-17T17:44:30","guid":{"rendered":"https:\/\/www.visitamalfi.info\/?post_type=ignition-package&#038;p=17477"},"modified":"2024-06-17T15:51:52","modified_gmt":"2024-06-17T13:51:52","slug":"romantic-proposal-summer-edition-4-dias","status":"publish","type":"ignition-package","link":"https:\/\/www.visitamalfi.info\/es\/package\/romantic-proposal-summer-edition-4-dias\/","title":{"rendered":"Romantic Proposal Summer Edition &#8211; 4 d\u00edas"},"content":{"rendered":"\t\t<div data-elementor-type=\"wp-post\" data-elementor-id=\"17477\" class=\"elementor elementor-17477 elementor-17474\">\n\t\t\t\t\t\t<section class=\"elementor-section elementor-top-section elementor-element elementor-element-11336dd2 elementor-section-full_width elementor-section-height-default elementor-section-height-default\" data-id=\"11336dd2\" data-element_type=\"section\" data-e-type=\"section\">\n\t\t\t\t\t\t<div class=\"elementor-container elementor-column-gap-no\">\n\t\t\t\t\t<div class=\"elementor-column elementor-col-100 elementor-top-column elementor-element elementor-element-9921d2c\" data-id=\"9921d2c\" data-element_type=\"column\" data-e-type=\"column\">\n\t\t\t<div class=\"elementor-widget-wrap elementor-element-populated\">\n\t\t\t\t\t\t<div class=\"elementor-element elementor-element-230d350e elementor-widget__width-initial elementor-widget elementor-widget-text-editor\" data-id=\"230d350e\" data-element_type=\"widget\" data-e-type=\"widget\" data-widget_type=\"text-editor.default\">\n\t\t\t\t<div class=\"elementor-widget-container\">\n\t\t\t\t\t\t\t\t\t<p>Navegue por la costa contemplando el atardecer y el amanecer amalfitanos, rel\u00e1jese con una copa, inmortalice un recuerdo con un chupito y disfrute de una experiencia gastron\u00f3mica.<\/p>\n<p><strong>N\u00famero m\u00e1ximo de participantes:<\/strong> 2<br \/><strong>Disponibilidad:<\/strong> 01\/04 &#8211; 31\/10<\/p>\n\t\t\t\t\t\t\t\t<\/div>\n\t\t\t\t<\/div>\n\t\t\t\t<div class=\"elementor-element elementor-element-2b00874e is-style-ignition-cousteau-pro-anchor-title elementor-widget elementor-widget-heading\" data-id=\"2b00874e\" data-element_type=\"widget\" data-e-type=\"widget\" data-widget_type=\"heading.default\">\n\t\t\t\t<div class=\"elementor-widget-container\">\n\t\t\t\t\t<h2 class=\"elementor-heading-title elementor-size-default\">Itinerario <\/h2>\t\t\t\t<\/div>\n\t\t\t\t<\/div>\n\t\t\t\t<div class=\"elementor-element elementor-element-536a615 elementor-widget elementor-widget-text-editor\" data-id=\"536a615\" data-element_type=\"widget\" data-e-type=\"widget\" data-widget_type=\"text-editor.default\">\n\t\t\t\t<div class=\"elementor-widget-container\">\n\t\t\t\t\t\t\t\t\t<p>La propuesta combina cruceros privados al amanecer y al atardecer, un recorrido fotogr\u00e1fico, un aperitivo y una cena rom\u00e1ntica. <\/p>\n\t\t\t\t\t\t\t\t<\/div>\n\t\t\t\t<\/div>\n\t\t\t\t<div class=\"elementor-element elementor-element-31cc8b7e elementor-widget elementor-widget-spacer\" data-id=\"31cc8b7e\" data-element_type=\"widget\" data-e-type=\"widget\" data-widget_type=\"spacer.default\">\n\t\t\t\t<div class=\"elementor-widget-container\">\n\t\t\t\t\t\t\t<div class=\"elementor-spacer\">\n\t\t\t<div class=\"elementor-spacer-inner\"><\/div>\n\t\t<\/div>\n\t\t\t\t\t\t<\/div>\n\t\t\t\t<\/div>\n\t\t\t\t<section class=\"elementor-section elementor-inner-section elementor-element elementor-element-3c107755 elementor-section-full_width elementor-section-height-default elementor-section-height-default\" data-id=\"3c107755\" data-element_type=\"section\" data-e-type=\"section\">\n\t\t\t\t\t\t<div class=\"elementor-container elementor-column-gap-extended\">\n\t\t\t\t\t<div class=\"elementor-column elementor-col-100 elementor-inner-column elementor-element elementor-element-76e0368c\" data-id=\"76e0368c\" data-element_type=\"column\" data-e-type=\"column\" data-settings=\"{&quot;background_background&quot;:&quot;gradient&quot;}\">\n\t\t\t<div class=\"elementor-widget-wrap elementor-element-populated\">\n\t\t\t\t\t\t<div class=\"elementor-element elementor-element-5d9d59e4 elementor-widget elementor-widget-heading\" data-id=\"5d9d59e4\" data-element_type=\"widget\" data-e-type=\"widget\" data-widget_type=\"heading.default\">\n\t\t\t\t<div class=\"elementor-widget-container\">\n\t\t\t\t\t<h3 class=\"elementor-heading-title elementor-size-default\">D\u00eda 1 - Sunset Tour<\/h3>\t\t\t\t<\/div>\n\t\t\t\t<\/div>\n\t\t\t\t\t<\/div>\n\t\t<\/div>\n\t\t\t\t\t<\/div>\n\t\t<\/section>\n\t\t\t\t<div class=\"elementor-element elementor-element-67a8726a elementor-widget elementor-widget-spacer\" data-id=\"67a8726a\" data-element_type=\"widget\" data-e-type=\"widget\" data-widget_type=\"spacer.default\">\n\t\t\t\t<div class=\"elementor-widget-container\">\n\t\t\t\t\t\t\t<div class=\"elementor-spacer\">\n\t\t\t<div class=\"elementor-spacer-inner\"><\/div>\n\t\t<\/div>\n\t\t\t\t\t\t<\/div>\n\t\t\t\t<\/div>\n\t\t\t\t<div class=\"elementor-element elementor-element-33614226 elementor-widget elementor-widget-text-editor\" data-id=\"33614226\" data-element_type=\"widget\" data-e-type=\"widget\" data-widget_type=\"text-editor.default\">\n\t\t\t\t<div class=\"elementor-widget-container\">\n\t\t\t\t\t\t\t\t\t<p><img decoding=\"async\" class=\"wp-image-4789 alignleft\" src=\"https:\/\/www.visitamalfi.info\/wp-content\/uploads\/2023\/07\/emanueleanastasioph-DMO-2023_ana9342-150x150.jpg\" alt=\"\" width=\"150\" height=\"150\" srcset=\"https:\/\/www.visitamalfi.info\/wp-content\/uploads\/2023\/07\/emanueleanastasioph-DMO-2023_ana9342-150x150.jpg 150w, https:\/\/www.visitamalfi.info\/wp-content\/uploads\/2023\/07\/emanueleanastasioph-DMO-2023_ana9342-510x510.jpg 510w, https:\/\/www.visitamalfi.info\/wp-content\/uploads\/2023\/07\/emanueleanastasioph-DMO-2023_ana9342-160x160.jpg 160w\" sizes=\"(max-width: 150px) 100vw, 150px\" \/>Contemplar la puesta de sol sobre las aguas de la Costa Amalfitana, declarada Patrimonio de la Humanidad por la UNESCO, en un crucero nocturno ser\u00e1 sin duda la opci\u00f3n ideal para celebrar una ocasi\u00f3n especial. Navegar por la rompiente, darse un chapuz\u00f3n en las aguas cristalinas y relajarse con una copa, viendo c\u00f3mo el sol se cuela en el mar, quedar\u00e1 para siempre como el recuerdo de unas vacaciones de ensue\u00f1o.<\/p>\n<p>Una experiencia aut\u00e9ntica cuyo valor a\u00f1adido reside en el conocimiento y el amor del capit\u00e1n Gioacchino por la Costa Divina.<\/p>\n\t\t\t\t\t\t\t\t<\/div>\n\t\t\t\t<\/div>\n\t\t\t\t<div class=\"elementor-element elementor-element-2264f0eb elementor-widget elementor-widget-spacer\" data-id=\"2264f0eb\" data-element_type=\"widget\" data-e-type=\"widget\" data-widget_type=\"spacer.default\">\n\t\t\t\t<div class=\"elementor-widget-container\">\n\t\t\t\t\t\t\t<div class=\"elementor-spacer\">\n\t\t\t<div class=\"elementor-spacer-inner\"><\/div>\n\t\t<\/div>\n\t\t\t\t\t\t<\/div>\n\t\t\t\t<\/div>\n\t\t\t\t<section class=\"elementor-section elementor-inner-section elementor-element elementor-element-2086e8e9 elementor-section-full_width elementor-section-height-default elementor-section-height-default\" data-id=\"2086e8e9\" data-element_type=\"section\" data-e-type=\"section\">\n\t\t\t\t\t\t<div class=\"elementor-container elementor-column-gap-extended\">\n\t\t\t\t\t<div class=\"elementor-column elementor-col-100 elementor-inner-column elementor-element elementor-element-76c7120b\" data-id=\"76c7120b\" data-element_type=\"column\" data-e-type=\"column\" data-settings=\"{&quot;background_background&quot;:&quot;gradient&quot;}\">\n\t\t\t<div class=\"elementor-widget-wrap elementor-element-populated\">\n\t\t\t\t\t\t<div class=\"elementor-element elementor-element-22292ca9 elementor-widget elementor-widget-heading\" data-id=\"22292ca9\" data-element_type=\"widget\" data-e-type=\"widget\" data-widget_type=\"heading.default\">\n\t\t\t\t<div class=\"elementor-widget-container\">\n\t\t\t\t\t<h3 class=\"elementor-heading-title elementor-size-default\">D\u00eda 2 - Amalfi Photo Tour + Aperitivo al atardecer<\/h3>\t\t\t\t<\/div>\n\t\t\t\t<\/div>\n\t\t\t\t\t<\/div>\n\t\t<\/div>\n\t\t\t\t\t<\/div>\n\t\t<\/section>\n\t\t\t\t<div class=\"elementor-element elementor-element-143fbee elementor-widget elementor-widget-spacer\" data-id=\"143fbee\" data-element_type=\"widget\" data-e-type=\"widget\" data-widget_type=\"spacer.default\">\n\t\t\t\t<div class=\"elementor-widget-container\">\n\t\t\t\t\t\t\t<div class=\"elementor-spacer\">\n\t\t\t<div class=\"elementor-spacer-inner\"><\/div>\n\t\t<\/div>\n\t\t\t\t\t\t<\/div>\n\t\t\t\t<\/div>\n\t\t\t\t<div class=\"elementor-element elementor-element-697344cd elementor-widget elementor-widget-text-editor\" data-id=\"697344cd\" data-element_type=\"widget\" data-e-type=\"widget\" data-widget_type=\"text-editor.default\">\n\t\t\t\t<div class=\"elementor-widget-container\">\n\t\t\t\t\t\t\t\t\t<p><img decoding=\"async\" class=\"wp-image-1784 alignright\" src=\"https:\/\/www.visitamalfi.info\/wp-content\/uploads\/2023\/05\/ANA5401-reed-heley-amalfi-150x150.jpg\" alt=\"\" width=\"150\" height=\"100\" srcset=\"https:\/\/www.visitamalfi.info\/wp-content\/uploads\/2023\/05\/ANA5401-reed-heley-amalfi-300x200.jpg 300w, https:\/\/www.visitamalfi.info\/wp-content\/uploads\/2023\/05\/ANA5401-reed-heley-amalfi-1024x683.jpg 1024w, https:\/\/www.visitamalfi.info\/wp-content\/uploads\/2023\/05\/ANA5401-reed-heley-amalfi-768x512.jpg 768w, https:\/\/www.visitamalfi.info\/wp-content\/uploads\/2023\/05\/ANA5401-reed-heley-amalfi-1536x1024.jpg 1536w, https:\/\/www.visitamalfi.info\/wp-content\/uploads\/2023\/05\/ANA5401-reed-heley-amalfi-2048x1365.jpg 2048w, https:\/\/www.visitamalfi.info\/wp-content\/uploads\/2023\/05\/ANA5401-reed-heley-amalfi-870x580.jpg 870w, https:\/\/www.visitamalfi.info\/wp-content\/uploads\/2023\/05\/ANA5401-reed-heley-amalfi-615x410.jpg 615w, https:\/\/www.visitamalfi.info\/wp-content\/uploads\/2023\/05\/ANA5401-reed-heley-amalfi-1240x825.jpg 1240w\" sizes=\"(max-width: 150px) 100vw, 150px\" \/>\u00bfQu\u00e9 mejor que un tour por Amalfi acompa\u00f1ado por un fot\u00f3grafo local que le guiar\u00e1 por los rincones m\u00e1s escondidos y sugerentes de la ciudad para hacerle una foto de ensue\u00f1o?<\/p>\n<p>El recorrido fotogr\u00e1fico puede durar de una a un m\u00e1ximo de ocho horas. Por el camino, visitar\u00e1 los lugares m\u00e1s bellos de la ciudad entre historia, arquitectura e impresionantes vistas.<\/p>\n<p>Desde la azotea del Bar Sea Waves, situado en la \u00faltima planta del Hotel La Bussola, los hu\u00e9spedes pueden disfrutar de una hermosa puesta de sol sobre el mar y de una velada exclusiva acompa\u00f1ados de un buen c\u00f3ctel.<\/p>\n\t\t\t\t\t\t\t\t<\/div>\n\t\t\t\t<\/div>\n\t\t\t\t<div class=\"elementor-element elementor-element-12d32799 elementor-widget elementor-widget-spacer\" data-id=\"12d32799\" data-element_type=\"widget\" data-e-type=\"widget\" data-widget_type=\"spacer.default\">\n\t\t\t\t<div class=\"elementor-widget-container\">\n\t\t\t\t\t\t\t<div class=\"elementor-spacer\">\n\t\t\t<div class=\"elementor-spacer-inner\"><\/div>\n\t\t<\/div>\n\t\t\t\t\t\t<\/div>\n\t\t\t\t<\/div>\n\t\t\t\t<section class=\"elementor-section elementor-inner-section elementor-element elementor-element-4478a12d elementor-section-full_width elementor-section-height-default elementor-section-height-default\" data-id=\"4478a12d\" data-element_type=\"section\" data-e-type=\"section\">\n\t\t\t\t\t\t<div class=\"elementor-container elementor-column-gap-extended\">\n\t\t\t\t\t<div class=\"elementor-column elementor-col-100 elementor-inner-column elementor-element elementor-element-6eab5cb4\" data-id=\"6eab5cb4\" data-element_type=\"column\" data-e-type=\"column\" data-settings=\"{&quot;background_background&quot;:&quot;gradient&quot;}\">\n\t\t\t<div class=\"elementor-widget-wrap elementor-element-populated\">\n\t\t\t\t\t\t<div class=\"elementor-element elementor-element-45d5864f elementor-widget elementor-widget-heading\" data-id=\"45d5864f\" data-element_type=\"widget\" data-e-type=\"widget\" data-widget_type=\"heading.default\">\n\t\t\t\t<div class=\"elementor-widget-container\">\n\t\t\t\t\t<h3 class=\"elementor-heading-title elementor-size-default\">D\u00eda 3 - Sunrise Tour + Cena rom\u00e1ntica<\/h3>\t\t\t\t<\/div>\n\t\t\t\t<\/div>\n\t\t\t\t\t<\/div>\n\t\t<\/div>\n\t\t\t\t\t<\/div>\n\t\t<\/section>\n\t\t\t\t<div class=\"elementor-element elementor-element-4303dd2f elementor-widget elementor-widget-spacer\" data-id=\"4303dd2f\" data-element_type=\"widget\" data-e-type=\"widget\" data-widget_type=\"spacer.default\">\n\t\t\t\t<div class=\"elementor-widget-container\">\n\t\t\t\t\t\t\t<div class=\"elementor-spacer\">\n\t\t\t<div class=\"elementor-spacer-inner\"><\/div>\n\t\t<\/div>\n\t\t\t\t\t\t<\/div>\n\t\t\t\t<\/div>\n\t\t\t\t<div class=\"elementor-element elementor-element-4292bba5 elementor-widget elementor-widget-text-editor\" data-id=\"4292bba5\" data-element_type=\"widget\" data-e-type=\"widget\" data-widget_type=\"text-editor.default\">\n\t\t\t\t<div class=\"elementor-widget-container\">\n\t\t\t\t\t\t\t\t\t<p><img decoding=\"async\" class=\"wp-image-7390 alignleft\" src=\"https:\/\/www.visitamalfi.info\/wp-content\/uploads\/2023\/06\/terrace-300x300.jpg\" alt=\"\" width=\"150\" height=\"150\" srcset=\"https:\/\/www.visitamalfi.info\/wp-content\/uploads\/2023\/06\/terrace-300x300.jpg 300w, https:\/\/www.visitamalfi.info\/wp-content\/uploads\/2023\/06\/terrace-510x510.jpg 510w, https:\/\/www.visitamalfi.info\/wp-content\/uploads\/2023\/06\/terrace-160x160.jpg 160w\" sizes=\"(max-width: 150px) 100vw, 150px\" \/>Empezar el d\u00eda con una excursi\u00f3n al amanecer con desayuno a bordo acompa\u00f1ado por Umberto, a bordo de su Ieranto de 7,50 metros, ser\u00e1 la mejor manera de descubrir la Costa Divina con otra luz y desde otra perspectiva.<\/p>\n<p>Terminar el d\u00eda con una cena rom\u00e1ntica en el Baglio Amalfi Italian Bistr\u00f2 proporcionar\u00e1 una experiencia culinaria \u00fanica con sabor a costa. Un lugar especial para el alma y el paladar donde: &#8216;el aroma del mar se mezcla con el de los limoneros, manteniendo vivas las tradiciones locales con un toque de innovaci\u00f3n&#8217;. De los sabores del mar a los de la tierra, la experiencia en Baglio debe describirse como &#8220;emocional&#8221; y \u00fanica. Una mezcla de tradici\u00f3n e innovaci\u00f3n que pasa por el sabor y la autenticidad.<\/p>\n\t\t\t\t\t\t\t\t<\/div>\n\t\t\t\t<\/div>\n\t\t\t\t<div class=\"elementor-element elementor-element-5e59e302 is-style-ignition-cousteau-pro-anchor-title elementor-widget elementor-widget-heading\" data-id=\"5e59e302\" data-element_type=\"widget\" data-e-type=\"widget\" data-widget_type=\"heading.default\">\n\t\t\t\t<div class=\"elementor-widget-container\">\n\t\t\t\t\t<h2 class=\"elementor-heading-title elementor-size-default\">Galer\u00eda<\/h2>\t\t\t\t<\/div>\n\t\t\t\t<\/div>\n\t\t\t\t<div class=\"elementor-element elementor-element-6ca8e43b gallery-spacing-custom elementor-widget elementor-widget-image-gallery\" data-id=\"6ca8e43b\" data-element_type=\"widget\" data-e-type=\"widget\" data-widget_type=\"image-gallery.default\">\n\t\t\t\t<div class=\"elementor-widget-container\">\n\t\t\t\t\t\t\t<div class=\"elementor-image-gallery\">\n\t\t\t<div id='gallery-1' class='gallery galleryid-17477 gallery-columns-3 gallery-size-ignition_item'><figure class='gallery-item'>\n\t\t\t<div class='gallery-icon portrait'>\n\t\t\t\t<a data-elementor-open-lightbox=\"yes\" data-elementor-lightbox-slideshow=\"6ca8e43b\" data-elementor-lightbox-title=\"_ANA5650-reed-heley-amalfi\" data-e-action-hash=\"#elementor-action%3Aaction%3Dlightbox%26settings%3DeyJpZCI6MTc5MywidXJsIjoiaHR0cHM6XC9cL3d3dy52aXNpdGFtYWxmaS5pbmZvXC93cC1jb250ZW50XC91cGxvYWRzXC8yMDIzXC8wNVwvQU5BNTY1MC1yZWVkLWhlbGV5LWFtYWxmaS1zY2FsZWQuanBnIiwic2xpZGVzaG93IjoiNmNhOGU0M2IifQ%3D%3D\" href='https:\/\/www.visitamalfi.info\/wp-content\/uploads\/2023\/05\/ANA5650-reed-heley-amalfi-scaled.jpg' data-lightbox=\"gal[17477]\"><img loading=\"lazy\" decoding=\"async\" width=\"615\" height=\"410\" src=\"https:\/\/www.visitamalfi.info\/wp-content\/uploads\/2023\/05\/ANA5650-reed-heley-amalfi-615x410.jpg\" class=\"attachment-ignition_item size-ignition_item\" alt=\"\" srcset=\"https:\/\/www.visitamalfi.info\/wp-content\/uploads\/2023\/05\/ANA5650-reed-heley-amalfi-615x410.jpg 615w, https:\/\/www.visitamalfi.info\/wp-content\/uploads\/2023\/05\/ANA5650-reed-heley-amalfi-870x580.jpg 870w, https:\/\/www.visitamalfi.info\/wp-content\/uploads\/2023\/05\/ANA5650-reed-heley-amalfi-1240x825.jpg 1240w\" sizes=\"(max-width: 615px) 100vw, 615px\" \/><\/a>\n\t\t\t<\/div><\/figure><figure class='gallery-item'>\n\t\t\t<div class='gallery-icon landscape'>\n\t\t\t\t<a data-elementor-open-lightbox=\"yes\" data-elementor-lightbox-slideshow=\"6ca8e43b\" data-elementor-lightbox-title=\"IMG_20230616_123943\" data-e-action-hash=\"#elementor-action%3Aaction%3Dlightbox%26settings%3DeyJpZCI6MTY0NjEsInVybCI6Imh0dHBzOlwvXC93d3cudmlzaXRhbWFsZmkuaW5mb1wvd3AtY29udGVudFwvdXBsb2Fkc1wvMjAyM1wvMDhcL0lNR18yMDIzMDYxNl8xMjM5NDMuanBnIiwic2xpZGVzaG93IjoiNmNhOGU0M2IifQ%3D%3D\" href='https:\/\/www.visitamalfi.info\/wp-content\/uploads\/2023\/08\/IMG_20230616_123943.jpg' data-lightbox=\"gal[17477]\"><img loading=\"lazy\" decoding=\"async\" width=\"615\" height=\"410\" src=\"https:\/\/www.visitamalfi.info\/wp-content\/uploads\/2023\/08\/IMG_20230616_123943-615x410.jpg\" class=\"attachment-ignition_item size-ignition_item\" alt=\"Sailing Amalfi Coast_Sunset\" srcset=\"https:\/\/www.visitamalfi.info\/wp-content\/uploads\/2023\/08\/IMG_20230616_123943-615x410.jpg 615w, https:\/\/www.visitamalfi.info\/wp-content\/uploads\/2023\/08\/IMG_20230616_123943-870x580.jpg 870w\" sizes=\"(max-width: 615px) 100vw, 615px\" \/><\/a>\n\t\t\t<\/div><\/figure><figure class='gallery-item'>\n\t\t\t<div class='gallery-icon landscape'>\n\t\t\t\t<a data-elementor-open-lightbox=\"yes\" data-elementor-lightbox-slideshow=\"6ca8e43b\" data-elementor-lightbox-title=\"3\" data-e-action-hash=\"#elementor-action%3Aaction%3Dlightbox%26settings%3DeyJpZCI6NzM4OSwidXJsIjoiaHR0cHM6XC9cL3d3dy52aXNpdGFtYWxmaS5pbmZvXC93cC1jb250ZW50XC91cGxvYWRzXC8yMDIzXC8wNlwvMy5qcGciLCJzbGlkZXNob3ciOiI2Y2E4ZTQzYiJ9\" href='https:\/\/www.visitamalfi.info\/wp-content\/uploads\/2023\/06\/3.jpg' data-lightbox=\"gal[17477]\"><img loading=\"lazy\" decoding=\"async\" width=\"615\" height=\"410\" src=\"https:\/\/www.visitamalfi.info\/wp-content\/uploads\/2023\/06\/3-615x410.jpg\" class=\"attachment-ignition_item size-ignition_item\" alt=\"\" srcset=\"https:\/\/www.visitamalfi.info\/wp-content\/uploads\/2023\/06\/3-615x410.jpg 615w, https:\/\/www.visitamalfi.info\/wp-content\/uploads\/2023\/06\/3-870x580.jpg 870w\" sizes=\"(max-width: 615px) 100vw, 615px\" \/><\/a>\n\t\t\t<\/div><\/figure><figure class='gallery-item'>\n\t\t\t<div class='gallery-icon landscape'>\n\t\t\t\t<a data-elementor-open-lightbox=\"yes\" data-elementor-lightbox-slideshow=\"6ca8e43b\" data-elementor-lightbox-title=\"SeaWavesBussola0005\" data-e-action-hash=\"#elementor-action%3Aaction%3Dlightbox%26settings%3DeyJpZCI6NzEwNywidXJsIjoiaHR0cHM6XC9cL3d3dy52aXNpdGFtYWxmaS5pbmZvXC93cC1jb250ZW50XC91cGxvYWRzXC8yMDIzXC8wNVwvU2VhV2F2ZXNCdXNzb2xhMDAwNS1zY2FsZWQuanBnIiwic2xpZGVzaG93IjoiNmNhOGU0M2IifQ%3D%3D\" href='https:\/\/www.visitamalfi.info\/wp-content\/uploads\/2023\/05\/SeaWavesBussola0005-scaled.jpg' data-lightbox=\"gal[17477]\"><img loading=\"lazy\" decoding=\"async\" width=\"615\" height=\"410\" src=\"https:\/\/www.visitamalfi.info\/wp-content\/uploads\/2023\/05\/SeaWavesBussola0005-615x410.jpg\" class=\"attachment-ignition_item size-ignition_item\" alt=\"\" srcset=\"https:\/\/www.visitamalfi.info\/wp-content\/uploads\/2023\/05\/SeaWavesBussola0005-615x410.jpg 615w, https:\/\/www.visitamalfi.info\/wp-content\/uploads\/2023\/05\/SeaWavesBussola0005-870x580.jpg 870w, https:\/\/www.visitamalfi.info\/wp-content\/uploads\/2023\/05\/SeaWavesBussola0005-1240x825.jpg 1240w\" sizes=\"(max-width: 615px) 100vw, 615px\" \/><\/a>\n\t\t\t<\/div><\/figure><figure class='gallery-item'>\n\t\t\t<div class='gallery-icon landscape'>\n\t\t\t\t<a data-elementor-open-lightbox=\"yes\" data-elementor-lightbox-slideshow=\"6ca8e43b\" data-elementor-lightbox-title=\"SeaWavesBussola0009\" data-e-action-hash=\"#elementor-action%3Aaction%3Dlightbox%26settings%3DeyJpZCI6NzExMiwidXJsIjoiaHR0cHM6XC9cL3d3dy52aXNpdGFtYWxmaS5pbmZvXC93cC1jb250ZW50XC91cGxvYWRzXC8yMDIzXC8wNVwvU2VhV2F2ZXNCdXNzb2xhMDAwOS1zY2FsZWQuanBnIiwic2xpZGVzaG93IjoiNmNhOGU0M2IifQ%3D%3D\" href='https:\/\/www.visitamalfi.info\/wp-content\/uploads\/2023\/05\/SeaWavesBussola0009-scaled.jpg' data-lightbox=\"gal[17477]\"><img loading=\"lazy\" decoding=\"async\" width=\"615\" height=\"410\" src=\"https:\/\/www.visitamalfi.info\/wp-content\/uploads\/2023\/05\/SeaWavesBussola0009-615x410.jpg\" class=\"attachment-ignition_item size-ignition_item\" alt=\"\" srcset=\"https:\/\/www.visitamalfi.info\/wp-content\/uploads\/2023\/05\/SeaWavesBussola0009-615x410.jpg 615w, https:\/\/www.visitamalfi.info\/wp-content\/uploads\/2023\/05\/SeaWavesBussola0009-870x580.jpg 870w, https:\/\/www.visitamalfi.info\/wp-content\/uploads\/2023\/05\/SeaWavesBussola0009-1240x825.jpg 1240w\" sizes=\"(max-width: 615px) 100vw, 615px\" \/><\/a>\n\t\t\t<\/div><\/figure><figure class='gallery-item'>\n\t\t\t<div class='gallery-icon portrait'>\n\t\t\t\t<a data-elementor-open-lightbox=\"yes\" data-elementor-lightbox-slideshow=\"6ca8e43b\" data-elementor-lightbox-title=\"SeaWavesBussola20200814_192507\" data-e-action-hash=\"#elementor-action%3Aaction%3Dlightbox%26settings%3DeyJpZCI6NzExNywidXJsIjoiaHR0cHM6XC9cL3d3dy52aXNpdGFtYWxmaS5pbmZvXC93cC1jb250ZW50XC91cGxvYWRzXC8yMDIzXC8wNVwvU2VhV2F2ZXNCdXNzb2xhMjAyMDA4MTRfMTkyNTA3LXNjYWxlZC5qcGciLCJzbGlkZXNob3ciOiI2Y2E4ZTQzYiJ9\" href='https:\/\/www.visitamalfi.info\/wp-content\/uploads\/2023\/05\/SeaWavesBussola20200814_192507-scaled.jpg' data-lightbox=\"gal[17477]\"><img loading=\"lazy\" decoding=\"async\" width=\"615\" height=\"410\" src=\"https:\/\/www.visitamalfi.info\/wp-content\/uploads\/2023\/05\/SeaWavesBussola20200814_192507-615x410.jpg\" class=\"attachment-ignition_item size-ignition_item\" alt=\"\" srcset=\"https:\/\/www.visitamalfi.info\/wp-content\/uploads\/2023\/05\/SeaWavesBussola20200814_192507-615x410.jpg 615w, https:\/\/www.visitamalfi.info\/wp-content\/uploads\/2023\/05\/SeaWavesBussola20200814_192507-870x580.jpg 870w, https:\/\/www.visitamalfi.info\/wp-content\/uploads\/2023\/05\/SeaWavesBussola20200814_192507-1240x825.jpg 1240w\" sizes=\"(max-width: 615px) 100vw, 615px\" \/><\/a>\n\t\t\t<\/div><\/figure>\n\t\t<\/div>\n\t\t<\/div>\n\t\t\t\t\t\t<\/div>\n\t\t\t\t<\/div>\n\t\t\t\t\t<\/div>\n\t\t<\/div>\n\t\t\t\t\t<\/div>\n\t\t<\/section>\n\t\t\t\t<\/div>\n\t\t","protected":false},"excerpt":{"rendered":"<p>Navegue por la costa contemplando el atardecer y el amanecer amalfitanos, rel\u00e1jese con una copa, inmortalice el momento y disfrute de una experiencia gastron\u00f3mica. <\/p>\n","protected":false},"featured_media":4793,"comment_status":"open","ping_status":"closed","template":"","ignition_package_destination":[],"ignition_package_category":[1112,1682,863],"experience":[344,270,340,248,335,256],"inspiration":[1147,460,459],"season":[231,235,237],"class_list":["post-17477","ignition-package","type-ignition-package","status-publish","has-post-thumbnail","hentry","ignition_package_category-excursion-en-barco","ignition_package_category-recorrido-fotografico","ignition_package_category-restaurantes","experience-bienestar","experience-boda","experience-gourmet-es","experience-amalfi-premium-es","experience-romantico","experience-vivir-el-mar","inspiration-boda","inspiration-vacaciones-de-relax","inspiration-vacaciones-en-pareja","season-otono","season-primavera-es","season-verano"],"yoast_head":"<!-- This site is optimized with the Yoast SEO plugin v27.3 - https:\/\/yoast.com\/product\/yoast-seo-wordpress\/ -->\n<title>Romantic Proposal Summer Edition - 4 d\u00edas - Visit Amalfi<\/title>\n<meta name=\"robots\" content=\"index, follow, max-snippet:-1, max-image-preview:large, max-video-preview:-1\" \/>\n<link rel=\"canonical\" href=\"https:\/\/www.visitamalfi.info\/es\/package\/romantic-proposal-summer-edition-4-dias\/\" \/>\n<meta property=\"og:locale\" content=\"es_ES\" \/>\n<meta property=\"og:type\" content=\"article\" \/>\n<meta property=\"og:title\" content=\"Romantic Proposal Summer Edition - 4 d\u00edas - Visit Amalfi\" \/>\n<meta property=\"og:description\" content=\"Navegue por la costa contemplando el atardecer y el amanecer amalfitanos, rel\u00e1jese con una copa, inmortalice el momento y disfrute de una experiencia gastron\u00f3mica.\" \/>\n<meta property=\"og:url\" content=\"https:\/\/www.visitamalfi.info\/es\/package\/romantic-proposal-summer-edition-4-dias\/\" \/>\n<meta property=\"og:site_name\" content=\"Visit Amalfi\" \/>\n<meta property=\"article:publisher\" content=\"https:\/\/www.facebook.com\/visitamalfiofficial\" \/>\n<meta property=\"article:modified_time\" content=\"2024-06-17T13:51:52+00:00\" \/>\n<meta property=\"og:image\" content=\"https:\/\/www.visitamalfi.info\/wp-content\/uploads\/2023\/07\/emanueleanastasioph-DMO-2023_ana9342-scaled.jpg\" \/>\n\t<meta property=\"og:image:width\" content=\"1707\" \/>\n\t<meta property=\"og:image:height\" content=\"2560\" \/>\n\t<meta property=\"og:image:type\" content=\"image\/jpeg\" \/>\n<meta name=\"twitter:card\" content=\"summary_large_image\" \/>\n<meta name=\"twitter:label1\" content=\"Tiempo de lectura\" \/>\n\t<meta name=\"twitter:data1\" content=\"2 minutos\" \/>\n<script type=\"application\/ld+json\" class=\"yoast-schema-graph\">{\"@context\":\"https:\\\/\\\/schema.org\",\"@graph\":[{\"@type\":\"WebPage\",\"@id\":\"https:\\\/\\\/www.visitamalfi.info\\\/es\\\/package\\\/romantic-proposal-summer-edition-4-dias\\\/\",\"url\":\"https:\\\/\\\/www.visitamalfi.info\\\/es\\\/package\\\/romantic-proposal-summer-edition-4-dias\\\/\",\"name\":\"Romantic Proposal Summer Edition - 4 d\u00edas - Visit Amalfi\",\"isPartOf\":{\"@id\":\"https:\\\/\\\/www.visitamalfi.info\\\/es\\\/#website\"},\"primaryImageOfPage\":{\"@id\":\"https:\\\/\\\/www.visitamalfi.info\\\/es\\\/package\\\/romantic-proposal-summer-edition-4-dias\\\/#primaryimage\"},\"image\":{\"@id\":\"https:\\\/\\\/www.visitamalfi.info\\\/es\\\/package\\\/romantic-proposal-summer-edition-4-dias\\\/#primaryimage\"},\"thumbnailUrl\":\"https:\\\/\\\/www.visitamalfi.info\\\/wp-content\\\/uploads\\\/2023\\\/07\\\/emanueleanastasioph-DMO-2023_ana9342-scaled.jpg\",\"datePublished\":\"2024-04-17T17:44:30+00:00\",\"dateModified\":\"2024-06-17T13:51:52+00:00\",\"breadcrumb\":{\"@id\":\"https:\\\/\\\/www.visitamalfi.info\\\/es\\\/package\\\/romantic-proposal-summer-edition-4-dias\\\/#breadcrumb\"},\"inLanguage\":\"es\",\"potentialAction\":[{\"@type\":\"ReadAction\",\"target\":[\"https:\\\/\\\/www.visitamalfi.info\\\/es\\\/package\\\/romantic-proposal-summer-edition-4-dias\\\/\"]}]},{\"@type\":\"ImageObject\",\"inLanguage\":\"es\",\"@id\":\"https:\\\/\\\/www.visitamalfi.info\\\/es\\\/package\\\/romantic-proposal-summer-edition-4-dias\\\/#primaryimage\",\"url\":\"https:\\\/\\\/www.visitamalfi.info\\\/wp-content\\\/uploads\\\/2023\\\/07\\\/emanueleanastasioph-DMO-2023_ana9342-scaled.jpg\",\"contentUrl\":\"https:\\\/\\\/www.visitamalfi.info\\\/wp-content\\\/uploads\\\/2023\\\/07\\\/emanueleanastasioph-DMO-2023_ana9342-scaled.jpg\",\"width\":1707,\"height\":2560},{\"@type\":\"BreadcrumbList\",\"@id\":\"https:\\\/\\\/www.visitamalfi.info\\\/es\\\/package\\\/romantic-proposal-summer-edition-4-dias\\\/#breadcrumb\",\"itemListElement\":[{\"@type\":\"ListItem\",\"position\":1,\"name\":\"Home\",\"item\":\"https:\\\/\\\/www.visitamalfi.info\\\/es\\\/\"},{\"@type\":\"ListItem\",\"position\":2,\"name\":\"Romantic Proposal Summer Edition &#8211; 4 d\u00edas\"}]},{\"@type\":\"WebSite\",\"@id\":\"https:\\\/\\\/www.visitamalfi.info\\\/es\\\/#website\",\"url\":\"https:\\\/\\\/www.visitamalfi.info\\\/es\\\/\",\"name\":\"Visit Amalfi\",\"description\":\"Amalfi Destination Official Website\",\"publisher\":{\"@id\":\"https:\\\/\\\/www.visitamalfi.info\\\/es\\\/#organization\"},\"potentialAction\":[{\"@type\":\"SearchAction\",\"target\":{\"@type\":\"EntryPoint\",\"urlTemplate\":\"https:\\\/\\\/www.visitamalfi.info\\\/es\\\/?s={search_term_string}\"},\"query-input\":{\"@type\":\"PropertyValueSpecification\",\"valueRequired\":true,\"valueName\":\"search_term_string\"}}],\"inLanguage\":\"es\"},{\"@type\":\"Organization\",\"@id\":\"https:\\\/\\\/www.visitamalfi.info\\\/es\\\/#organization\",\"name\":\"Visit Amalfi\",\"url\":\"https:\\\/\\\/www.visitamalfi.info\\\/es\\\/\",\"logo\":{\"@type\":\"ImageObject\",\"inLanguage\":\"es\",\"@id\":\"https:\\\/\\\/www.visitamalfi.info\\\/es\\\/#\\\/schema\\\/logo\\\/image\\\/\",\"url\":\"https:\\\/\\\/www.visitamalfi.info\\\/wp-content\\\/uploads\\\/2023\\\/04\\\/visit-amalfi-logo-web.png\",\"contentUrl\":\"https:\\\/\\\/www.visitamalfi.info\\\/wp-content\\\/uploads\\\/2023\\\/04\\\/visit-amalfi-logo-web.png\",\"width\":800,\"height\":870,\"caption\":\"Visit Amalfi\"},\"image\":{\"@id\":\"https:\\\/\\\/www.visitamalfi.info\\\/es\\\/#\\\/schema\\\/logo\\\/image\\\/\"},\"sameAs\":[\"https:\\\/\\\/www.facebook.com\\\/visitamalfiofficial\",\"https:\\\/\\\/www.instagram.com\\\/visitamalfiofficial\\\/\"]}]}<\/script>\n<!-- \/ Yoast SEO plugin. -->","yoast_head_json":{"title":"Romantic Proposal Summer Edition - 4 d\u00edas - Visit Amalfi","robots":{"index":"index","follow":"follow","max-snippet":"max-snippet:-1","max-image-preview":"max-image-preview:large","max-video-preview":"max-video-preview:-1"},"canonical":"https:\/\/www.visitamalfi.info\/es\/package\/romantic-proposal-summer-edition-4-dias\/","og_locale":"es_ES","og_type":"article","og_title":"Romantic Proposal Summer Edition - 4 d\u00edas - Visit Amalfi","og_description":"Navegue por la costa contemplando el atardecer y el amanecer amalfitanos, rel\u00e1jese con una copa, inmortalice el momento y disfrute de una experiencia gastron\u00f3mica.","og_url":"https:\/\/www.visitamalfi.info\/es\/package\/romantic-proposal-summer-edition-4-dias\/","og_site_name":"Visit Amalfi","article_publisher":"https:\/\/www.facebook.com\/visitamalfiofficial","article_modified_time":"2024-06-17T13:51:52+00:00","og_image":[{"width":1707,"height":2560,"url":"https:\/\/www.visitamalfi.info\/wp-content\/uploads\/2023\/07\/emanueleanastasioph-DMO-2023_ana9342-scaled.jpg","type":"image\/jpeg"}],"twitter_card":"summary_large_image","twitter_misc":{"Tiempo de lectura":"2 minutos"},"schema":{"@context":"https:\/\/schema.org","@graph":[{"@type":"WebPage","@id":"https:\/\/www.visitamalfi.info\/es\/package\/romantic-proposal-summer-edition-4-dias\/","url":"https:\/\/www.visitamalfi.info\/es\/package\/romantic-proposal-summer-edition-4-dias\/","name":"Romantic Proposal Summer Edition - 4 d\u00edas - Visit Amalfi","isPartOf":{"@id":"https:\/\/www.visitamalfi.info\/es\/#website"},"primaryImageOfPage":{"@id":"https:\/\/www.visitamalfi.info\/es\/package\/romantic-proposal-summer-edition-4-dias\/#primaryimage"},"image":{"@id":"https:\/\/www.visitamalfi.info\/es\/package\/romantic-proposal-summer-edition-4-dias\/#primaryimage"},"thumbnailUrl":"https:\/\/www.visitamalfi.info\/wp-content\/uploads\/2023\/07\/emanueleanastasioph-DMO-2023_ana9342-scaled.jpg","datePublished":"2024-04-17T17:44:30+00:00","dateModified":"2024-06-17T13:51:52+00:00","breadcrumb":{"@id":"https:\/\/www.visitamalfi.info\/es\/package\/romantic-proposal-summer-edition-4-dias\/#breadcrumb"},"inLanguage":"es","potentialAction":[{"@type":"ReadAction","target":["https:\/\/www.visitamalfi.info\/es\/package\/romantic-proposal-summer-edition-4-dias\/"]}]},{"@type":"ImageObject","inLanguage":"es","@id":"https:\/\/www.visitamalfi.info\/es\/package\/romantic-proposal-summer-edition-4-dias\/#primaryimage","url":"https:\/\/www.visitamalfi.info\/wp-content\/uploads\/2023\/07\/emanueleanastasioph-DMO-2023_ana9342-scaled.jpg","contentUrl":"https:\/\/www.visitamalfi.info\/wp-content\/uploads\/2023\/07\/emanueleanastasioph-DMO-2023_ana9342-scaled.jpg","width":1707,"height":2560},{"@type":"BreadcrumbList","@id":"https:\/\/www.visitamalfi.info\/es\/package\/romantic-proposal-summer-edition-4-dias\/#breadcrumb","itemListElement":[{"@type":"ListItem","position":1,"name":"Home","item":"https:\/\/www.visitamalfi.info\/es\/"},{"@type":"ListItem","position":2,"name":"Romantic Proposal Summer Edition &#8211; 4 d\u00edas"}]},{"@type":"WebSite","@id":"https:\/\/www.visitamalfi.info\/es\/#website","url":"https:\/\/www.visitamalfi.info\/es\/","name":"Visit Amalfi","description":"Amalfi Destination Official Website","publisher":{"@id":"https:\/\/www.visitamalfi.info\/es\/#organization"},"potentialAction":[{"@type":"SearchAction","target":{"@type":"EntryPoint","urlTemplate":"https:\/\/www.visitamalfi.info\/es\/?s={search_term_string}"},"query-input":{"@type":"PropertyValueSpecification","valueRequired":true,"valueName":"search_term_string"}}],"inLanguage":"es"},{"@type":"Organization","@id":"https:\/\/www.visitamalfi.info\/es\/#organization","name":"Visit Amalfi","url":"https:\/\/www.visitamalfi.info\/es\/","logo":{"@type":"ImageObject","inLanguage":"es","@id":"https:\/\/www.visitamalfi.info\/es\/#\/schema\/logo\/image\/","url":"https:\/\/www.visitamalfi.info\/wp-content\/uploads\/2023\/04\/visit-amalfi-logo-web.png","contentUrl":"https:\/\/www.visitamalfi.info\/wp-content\/uploads\/2023\/04\/visit-amalfi-logo-web.png","width":800,"height":870,"caption":"Visit Amalfi"},"image":{"@id":"https:\/\/www.visitamalfi.info\/es\/#\/schema\/logo\/image\/"},"sameAs":["https:\/\/www.facebook.com\/visitamalfiofficial","https:\/\/www.instagram.com\/visitamalfiofficial\/"]}]}},"_links":{"self":[{"href":"https:\/\/www.visitamalfi.info\/es\/wp-json\/wp\/v2\/ignition-package\/17477","targetHints":{"allow":["GET"]}}],"collection":[{"href":"https:\/\/www.visitamalfi.info\/es\/wp-json\/wp\/v2\/ignition-package"}],"about":[{"href":"https:\/\/www.visitamalfi.info\/es\/wp-json\/wp\/v2\/types\/ignition-package"}],"replies":[{"embeddable":true,"href":"https:\/\/www.visitamalfi.info\/es\/wp-json\/wp\/v2\/comments?post=17477"}],"version-history":[{"count":7,"href":"https:\/\/www.visitamalfi.info\/es\/wp-json\/wp\/v2\/ignition-package\/17477\/revisions"}],"predecessor-version":[{"id":17923,"href":"https:\/\/www.visitamalfi.info\/es\/wp-json\/wp\/v2\/ignition-package\/17477\/revisions\/17923"}],"wp:featuredmedia":[{"embeddable":true,"href":"https:\/\/www.visitamalfi.info\/es\/wp-json\/wp\/v2\/media\/4793"}],"wp:attachment":[{"href":"https:\/\/www.visitamalfi.info\/es\/wp-json\/wp\/v2\/media?parent=17477"}],"wp:term":[{"taxonomy":"ignition_package_destination","embeddable":true,"href":"https:\/\/www.visitamalfi.info\/es\/wp-json\/wp\/v2\/ignition_package_destination?post=17477"},{"taxonomy":"ignition_package_category","embeddable":true,"href":"https:\/\/www.visitamalfi.info\/es\/wp-json\/wp\/v2\/ignition_package_category?post=17477"},{"taxonomy":"experience","embeddable":true,"href":"https:\/\/www.visitamalfi.info\/es\/wp-json\/wp\/v2\/experience?post=17477"},{"taxonomy":"inspiration","embeddable":true,"href":"https:\/\/www.visitamalfi.info\/es\/wp-json\/wp\/v2\/inspiration?post=17477"},{"taxonomy":"season","embeddable":true,"href":"https:\/\/www.visitamalfi.info\/es\/wp-json\/wp\/v2\/season?post=17477"}],"curies":[{"name":"wp","href":"https:\/\/api.w.org\/{rel}","templated":true}]}}