{"id":17280,"date":"2024-04-17T19:44:32","date_gmt":"2024-04-17T17:44:32","guid":{"rendered":"https:\/\/www.visitamalfi.info\/?post_type=ignition-package&#038;p=17280"},"modified":"2025-01-17T12:19:15","modified_gmt":"2025-01-17T11:19:15","slug":"amalfi-4-dias","status":"publish","type":"ignition-package","link":"https:\/\/www.visitamalfi.info\/es\/package\/amalfi-4-dias\/","title":{"rendered":"Amalfi &#8211; 4 d\u00edas"},"content":{"rendered":"\t\t<div data-elementor-type=\"wp-post\" data-elementor-id=\"17280\" class=\"elementor elementor-17280 elementor-17277\">\n\t\t\t\t\t\t<section class=\"elementor-section elementor-top-section elementor-element elementor-element-5bce4ded elementor-section-full_width elementor-section-height-default elementor-section-height-default\" data-id=\"5bce4ded\" data-element_type=\"section\" data-e-type=\"section\">\n\t\t\t\t\t\t<div class=\"elementor-container elementor-column-gap-no\">\n\t\t\t\t\t<div class=\"elementor-column elementor-col-100 elementor-top-column elementor-element elementor-element-723f46a9\" data-id=\"723f46a9\" data-element_type=\"column\" data-e-type=\"column\">\n\t\t\t<div class=\"elementor-widget-wrap elementor-element-populated\">\n\t\t\t\t\t\t<div class=\"elementor-element elementor-element-40eec27f elementor-widget elementor-widget-text-editor\" data-id=\"40eec27f\" data-element_type=\"widget\" data-e-type=\"widget\" data-widget_type=\"text-editor.default\">\n\t\t\t\t<div class=\"elementor-widget-container\">\n\t\t\t\t\t\t\t\t\t<p>Itinerario para descubrir Amalfi, sus aldeas a lo largo de la Via Maestra dei Villaggi y el Amalfi secreto al atardecer que conduce al famoso pueblo de Atrani.&nbsp;<\/p>\n<p><strong>N\u00f9mero m\u00e0ximo de partecipantes<\/strong>&nbsp;20<br>&nbsp;D<strong>isponibilidad:<\/strong> todo el a\u00f1o (excepto la Experiencia del Lim\u00f3n de Amalfi, disponible del 01\/03 al 31\/10)<br><strong>Modo de transporte recomendado:<\/strong> <br>&nbsp;<a href=\"https:\/\/sitasudtrasporti.it\/campania\/\">Autob\u00fas SITA Sur <\/a>(por tierra).<\/p>\t\t\t\t\t\t\t\t<\/div>\n\t\t\t\t<\/div>\n\t\t\t\t<div class=\"elementor-element elementor-element-67cd34e4 is-style-ignition-cousteau-pro-anchor-title elementor-widget elementor-widget-heading\" data-id=\"67cd34e4\" data-element_type=\"widget\" data-e-type=\"widget\" data-widget_type=\"heading.default\">\n\t\t\t\t<div class=\"elementor-widget-container\">\n\t\t\t\t\t<h2 class=\"elementor-heading-title elementor-size-default\">Itinerario <\/h2>\t\t\t\t<\/div>\n\t\t\t\t<\/div>\n\t\t\t\t<div class=\"elementor-element elementor-element-54d35cc3 elementor-widget elementor-widget-text-editor\" data-id=\"54d35cc3\" data-element_type=\"widget\" data-e-type=\"widget\" data-widget_type=\"text-editor.default\">\n\t\t\t\t<div class=\"elementor-widget-container\">\n\t\t\t\t\t\t\t\t\t<p>La propuesta combina un recorrido por Amalfi con una visita al Museo del Papel y a la granja de Salvatore Aceto, una caminata de dificultad media por la Via Maestra dei Villaggi y, por \u00faltimo, una excursi\u00f3n al atardecer por la Amalfi secreta que conducir\u00e1 al pueblo costero de Atrani. <\/p>\n\t\t\t\t\t\t\t\t<\/div>\n\t\t\t\t<\/div>\n\t\t\t\t<div class=\"elementor-element elementor-element-14bfc0c4 elementor-widget elementor-widget-spacer\" data-id=\"14bfc0c4\" data-element_type=\"widget\" data-e-type=\"widget\" data-widget_type=\"spacer.default\">\n\t\t\t\t<div class=\"elementor-widget-container\">\n\t\t\t\t\t\t\t<div class=\"elementor-spacer\">\n\t\t\t<div class=\"elementor-spacer-inner\"><\/div>\n\t\t<\/div>\n\t\t\t\t\t\t<\/div>\n\t\t\t\t<\/div>\n\t\t\t\t<section class=\"elementor-section elementor-inner-section elementor-element elementor-element-63ac3b6c elementor-section-full_width elementor-section-height-default elementor-section-height-default\" data-id=\"63ac3b6c\" data-element_type=\"section\" data-e-type=\"section\">\n\t\t\t\t\t\t<div class=\"elementor-container elementor-column-gap-extended\">\n\t\t\t\t\t<div class=\"elementor-column elementor-col-100 elementor-inner-column elementor-element elementor-element-43904f2b\" data-id=\"43904f2b\" data-element_type=\"column\" data-e-type=\"column\" data-settings=\"{&quot;background_background&quot;:&quot;gradient&quot;}\">\n\t\t\t<div class=\"elementor-widget-wrap elementor-element-populated\">\n\t\t\t\t\t\t<div class=\"elementor-element elementor-element-341c1e4e elementor-widget elementor-widget-heading\" data-id=\"341c1e4e\" data-element_type=\"widget\" data-e-type=\"widget\" data-widget_type=\"heading.default\">\n\t\t\t\t<div class=\"elementor-widget-container\">\n\t\t\t\t\t<h3 class=\"elementor-heading-title elementor-size-default\">D\u00eda 1 - Visita de la ciudad de Amalfi<\/h3>\t\t\t\t<\/div>\n\t\t\t\t<\/div>\n\t\t\t\t\t<\/div>\n\t\t<\/div>\n\t\t\t\t\t<\/div>\n\t\t<\/section>\n\t\t\t\t<div class=\"elementor-element elementor-element-cc70258 elementor-widget elementor-widget-spacer\" data-id=\"cc70258\" data-element_type=\"widget\" data-e-type=\"widget\" data-widget_type=\"spacer.default\">\n\t\t\t\t<div class=\"elementor-widget-container\">\n\t\t\t\t\t\t\t<div class=\"elementor-spacer\">\n\t\t\t<div class=\"elementor-spacer-inner\"><\/div>\n\t\t<\/div>\n\t\t\t\t\t\t<\/div>\n\t\t\t\t<\/div>\n\t\t\t\t<div class=\"elementor-element elementor-element-2aeb78aa elementor-widget elementor-widget-text-editor\" data-id=\"2aeb78aa\" data-element_type=\"widget\" data-e-type=\"widget\" data-widget_type=\"text-editor.default\">\n\t\t\t\t<div class=\"elementor-widget-container\">\n\t\t\t\t\t\t\t\t\t<p><img decoding=\"async\" class=\"wp-image-5131 alignleft\" src=\"https:\/\/www.visitamalfi.info\/wp-content\/uploads\/2023\/07\/70-Cattedrale-esterno-150x150.jpg\" alt=\"Catedral-exterior\" width=\"151\" height=\"151\" srcset=\"https:\/\/www.visitamalfi.info\/wp-content\/uploads\/2023\/07\/70-Cattedrale-esterno-150x150.jpg 150w, https:\/\/www.visitamalfi.info\/wp-content\/uploads\/2023\/07\/70-Cattedrale-esterno-510x510.jpg 510w, https:\/\/www.visitamalfi.info\/wp-content\/uploads\/2023\/07\/70-Cattedrale-esterno-160x160.jpg 160w\" sizes=\"(max-width: 151px) 100vw, 151px\" \/>Amalfi es uno de los destinos tur\u00edsticos m\u00e1s visitados de Italia: su inconfundible centro hist\u00f3rico y, a su alrededor, los limoneros en terrazas, las torres vig\u00eda y los campanarios, y luego los conventos-hoteles con sus claustros moriscos, a\u00fan guardan sorpresas especiales para principios del siglo XXI.<\/p>\n<p>A pocos pasos de la bulliciosa Piazza Duomo, una red de estrechas callejuelas y empinadas escaleras conducen a rincones \u00fanicos y silenciosos, donde el arte, la cultura y la naturaleza expresan el esp\u00edritu y la historia de Amalfi y del sur de Italia.<\/p>\n<p>Todo comienza con una visita guiada \u00fanica, desde la Piazza della Bussola para continuar por las estrechas callejuelas de la antigua &#8220;qasba&#8221; amalfitana, hasta el coraz\u00f3n monumental de la ciudad y visitar la Catedral de San Andr\u00e9s, el Claustro del Para\u00edso, el cercano Museo Diocesano y la Cripta, el coraz\u00f3n espiritual de Amalfi. \u00a1Pero no ha terminado! Llegaremos al Museo del Papel Artesanal de Amalfi y a la granja de la familia Aceto para vivir una aut\u00e9ntica experiencia limonera, en contacto con la historia y las t\u00e9cnicas de producci\u00f3n y transformaci\u00f3n del t\u00edpico &#8220;sfusato amalfitano&#8221;: \u00a1no puede perderse la degustaci\u00f3n de una limonada, una tarta de lim\u00f3n y una cata de limoncello artesanal!<\/p>\n<p><em><b>Punto de encuentro<\/b>: Piazza della Bussola<br \/><\/em><em style=\"color: var(--ignition-text-color); letter-spacing: 0em; background-color: var(--ignition-body-background-color);\"><b>Incluye<\/b>: servicio de gu\u00eda tur\u00edstico<br \/><\/em><em style=\"background-color: var(--ignition-body-background-color); color: var(--ignition-text-color); letter-spacing: 0em;\"><b>Entradas<\/b>: extra<br \/><\/em><em style=\"background-color: var(--ignition-body-background-color); color: var(--ignition-text-color); letter-spacing: 0em;\"><b>Duraci\u00f3n:<\/b> 2\/3 horas<\/em><\/p>\n\t\t\t\t\t\t\t\t<\/div>\n\t\t\t\t<\/div>\n\t\t\t\t<div class=\"elementor-element elementor-element-4fb4a9b4 elementor-widget elementor-widget-spacer\" data-id=\"4fb4a9b4\" data-element_type=\"widget\" data-e-type=\"widget\" data-widget_type=\"spacer.default\">\n\t\t\t\t<div class=\"elementor-widget-container\">\n\t\t\t\t\t\t\t<div class=\"elementor-spacer\">\n\t\t\t<div class=\"elementor-spacer-inner\"><\/div>\n\t\t<\/div>\n\t\t\t\t\t\t<\/div>\n\t\t\t\t<\/div>\n\t\t\t\t<section class=\"elementor-section elementor-inner-section elementor-element elementor-element-7e1f7498 elementor-section-full_width elementor-section-height-default elementor-section-height-default\" data-id=\"7e1f7498\" data-element_type=\"section\" data-e-type=\"section\">\n\t\t\t\t\t\t<div class=\"elementor-container elementor-column-gap-extended\">\n\t\t\t\t\t<div class=\"elementor-column elementor-col-100 elementor-inner-column elementor-element elementor-element-641d2a99\" data-id=\"641d2a99\" data-element_type=\"column\" data-e-type=\"column\" data-settings=\"{&quot;background_background&quot;:&quot;gradient&quot;}\">\n\t\t\t<div class=\"elementor-widget-wrap elementor-element-populated\">\n\t\t\t\t\t\t<div class=\"elementor-element elementor-element-7792c954 elementor-widget elementor-widget-heading\" data-id=\"7792c954\" data-element_type=\"widget\" data-e-type=\"widget\" data-widget_type=\"heading.default\">\n\t\t\t\t<div class=\"elementor-widget-container\">\n\t\t\t\t\t<h3 class=\"elementor-heading-title elementor-size-default\">D\u00eda 2 - V\u00eda Maestra de los Pueblos<\/h3>\t\t\t\t<\/div>\n\t\t\t\t<\/div>\n\t\t\t\t\t<\/div>\n\t\t<\/div>\n\t\t\t\t\t<\/div>\n\t\t<\/section>\n\t\t\t\t<div class=\"elementor-element elementor-element-1478de4b elementor-widget elementor-widget-spacer\" data-id=\"1478de4b\" data-element_type=\"widget\" data-e-type=\"widget\" data-widget_type=\"spacer.default\">\n\t\t\t\t<div class=\"elementor-widget-container\">\n\t\t\t\t\t\t\t<div class=\"elementor-spacer\">\n\t\t\t<div class=\"elementor-spacer-inner\"><\/div>\n\t\t<\/div>\n\t\t\t\t\t\t<\/div>\n\t\t\t\t<\/div>\n\t\t\t\t<div class=\"elementor-element elementor-element-26fc37f2 elementor-widget elementor-widget-text-editor\" data-id=\"26fc37f2\" data-element_type=\"widget\" data-e-type=\"widget\" data-widget_type=\"text-editor.default\">\n\t\t\t\t<div class=\"elementor-widget-container\">\n\t\t\t\t\t\t\t\t\t<p><img decoding=\"async\" class=\"wp-image-15636 alignright\" src=\"https:\/\/www.visitamalfi.info\/wp-content\/uploads\/2024\/03\/1-300x300.jpg\" alt=\"Via Maestra dei Villaggi\" width=\"150\" height=\"150\" srcset=\"https:\/\/www.visitamalfi.info\/wp-content\/uploads\/2024\/03\/1-300x300.jpg 300w, https:\/\/www.visitamalfi.info\/wp-content\/uploads\/2024\/03\/1-510x510.jpg 510w, https:\/\/www.visitamalfi.info\/wp-content\/uploads\/2024\/03\/1-160x160.jpg 160w\" sizes=\"(max-width: 150px) 100vw, 150px\" \/>Hoy en d\u00eda, la Via Maestra dei Villaggi es una pintoresca ruta de senderismo urbano, pero desde la Edad Media ha sido la principal &#8220;carretera&#8221; que conectaba el centro urbano de Amalfi con las aldeas situadas al oeste, hasta Agerola.<\/p>\n<p>La visita guiada parte de la Piazza Flavio Gioia y, a trav\u00e9s de las escalinatas del barrio de Vagliendola, llega a la localidad de Cieco, para continuar, entre limoneros en terrazas e impresionantes vistas de la costa central, entre los pueblos de Pastena, Lone y Pogerola.<\/p>\n<p>La Iglesia de Nuestra Se\u00f1ora del Pino, &#8216;o mur avet&#8217;, el ensanche de la Via Apotheca, el mirador de F. R. Unterberger, y luego la Iglesia de la Virgen Mar\u00eda, la Iglesia de Nuestra Se\u00f1ora de la Asunci\u00f3n, la V\u00eda Palavena al pie del Monte Gaudio, son s\u00f3lo algunos de los lugares aut\u00e9nticamente bellos de esta ruta.<\/p>\n<p>A su alrededor, las &#8220;casas&#8221;, a menudo de color blanco, conservan antiguas b\u00f3vedas extraplomadas, terrazas con p\u00e9rgolas y escalinatas que emergen de limoneros o huertos que a\u00fan se cultivan.<\/p>\n<p>Una parada en un restaurante t\u00edpico del valle de Pogerola, a la sombra de una fresca p\u00e9rgola, te brindar\u00e1 la oportunidad de saborear las especialidades de la gastronom\u00eda local y disfrutar de una aut\u00e9ntica experiencia culinaria caracterizada por sabores t\u00edpicos y genuinos.<\/p>\n<p>El recorrido finaliza con un descenso hacia Amalfi entre los aromas del maquis mediterr\u00e1neo, por Via Nova, o por Pietralata y Via dello Spinale.<\/p>\n<p>El recorrido implica bastantes escaleras cuesta arriba, pero puede modificarse y adaptarse a cualquier necesidad.<\/p>\n<p><em><b>Punto de encuentro: <\/b>Piazza Flavio Gioia<\/em><em style=\"background-color: var(--ignition-body-background-color); color: var(--ignition-text-color); letter-spacing: 0em;\"><br \/><\/em><em style=\"background-color: var(--ignition-body-background-color); color: var(--ignition-text-color); letter-spacing: 0em;\"><b>Incluye <\/b>: servicio de gu\u00eda<br \/><\/em><em style=\"background-color: var(--ignition-body-background-color); color: var(--ignition-text-color); letter-spacing: 0em;\"><b>Entradas: <\/b>extra<br \/><\/em><em style=\"background-color: var(--ignition-body-background-color); color: var(--ignition-text-color); letter-spacing: 0em;\"><b>Duraci\u00f3n: <\/b>7\/8 horas (incluida la pausa para comer)<\/em><\/p>\n\t\t\t\t\t\t\t\t<\/div>\n\t\t\t\t<\/div>\n\t\t\t\t<div class=\"elementor-element elementor-element-738e1a9c elementor-widget elementor-widget-spacer\" data-id=\"738e1a9c\" data-element_type=\"widget\" data-e-type=\"widget\" data-widget_type=\"spacer.default\">\n\t\t\t\t<div class=\"elementor-widget-container\">\n\t\t\t\t\t\t\t<div class=\"elementor-spacer\">\n\t\t\t<div class=\"elementor-spacer-inner\"><\/div>\n\t\t<\/div>\n\t\t\t\t\t\t<\/div>\n\t\t\t\t<\/div>\n\t\t\t\t<section class=\"elementor-section elementor-inner-section elementor-element elementor-element-8bf5dc4 elementor-section-full_width elementor-section-height-default elementor-section-height-default\" data-id=\"8bf5dc4\" data-element_type=\"section\" data-e-type=\"section\">\n\t\t\t\t\t\t<div class=\"elementor-container elementor-column-gap-extended\">\n\t\t\t\t\t<div class=\"elementor-column elementor-col-100 elementor-inner-column elementor-element elementor-element-330b8757\" data-id=\"330b8757\" data-element_type=\"column\" data-e-type=\"column\" data-settings=\"{&quot;background_background&quot;:&quot;gradient&quot;}\">\n\t\t\t<div class=\"elementor-widget-wrap elementor-element-populated\">\n\t\t\t\t\t\t<div class=\"elementor-element elementor-element-e20f03a elementor-widget elementor-widget-heading\" data-id=\"e20f03a\" data-element_type=\"widget\" data-e-type=\"widget\" data-widget_type=\"heading.default\">\n\t\t\t\t<div class=\"elementor-widget-container\">\n\t\t\t\t\t<h3 class=\"elementor-heading-title elementor-size-default\">D\u00eda 3 - Ravello City Tour<\/h3>\t\t\t\t<\/div>\n\t\t\t\t<\/div>\n\t\t\t\t\t<\/div>\n\t\t<\/div>\n\t\t\t\t\t<\/div>\n\t\t<\/section>\n\t\t\t\t<div class=\"elementor-element elementor-element-41117e87 elementor-widget elementor-widget-spacer\" data-id=\"41117e87\" data-element_type=\"widget\" data-e-type=\"widget\" data-widget_type=\"spacer.default\">\n\t\t\t\t<div class=\"elementor-widget-container\">\n\t\t\t\t\t\t\t<div class=\"elementor-spacer\">\n\t\t\t<div class=\"elementor-spacer-inner\"><\/div>\n\t\t<\/div>\n\t\t\t\t\t\t<\/div>\n\t\t\t\t<\/div>\n\t\t\t\t<div class=\"elementor-element elementor-element-6d5cda8f elementor-widget elementor-widget-text-editor\" data-id=\"6d5cda8f\" data-element_type=\"widget\" data-e-type=\"widget\" data-widget_type=\"text-editor.default\">\n\t\t\t\t<div class=\"elementor-widget-container\">\n\t\t\t\t\t\t\t\t\t<p><img decoding=\"async\" class=\"wp-image-11184 alignleft\" src=\"https:\/\/www.visitamalfi.info\/wp-content\/uploads\/2023\/09\/belvedere-amalfi-vicolo-300x300.jpg\" alt=\"belvedere-amalfi-veh\u00edculo\" width=\"150\" height=\"150\" srcset=\"https:\/\/www.visitamalfi.info\/wp-content\/uploads\/2023\/09\/belvedere-amalfi-vicolo-300x300.jpg 300w, https:\/\/www.visitamalfi.info\/wp-content\/uploads\/2023\/09\/belvedere-amalfi-vicolo-510x510.jpg 510w, https:\/\/www.visitamalfi.info\/wp-content\/uploads\/2023\/09\/belvedere-amalfi-vicolo-160x160.jpg 160w\" sizes=\"(max-width: 150px) 100vw, 150px\" \/>Cuenta la leyenda que algunas <em>gentes<\/em> romanas habr\u00edan elegido los valles del Canneto y del Dragone como praedia donde fundar sus ciudades de Amalfi y Atrani. Dividi\u00e9ndolos se encuentra el Monte Aureo con su antigua Torre dello Ziro, envuelta en un halo de misterio desde el Renacimiento, cuando, seg\u00fan la tradici\u00f3n popular, la duquesa de Amalfi, Giovanna de Arag\u00f3n, fue encarcelada all\u00ed.<\/p>\n<p>La excursi\u00f3n al atardecer partir\u00e1 del Arsenal de Amalfi, \u00a1un cofre lleno de historia, cuentos y secretos como el de Alvise! Luego continuamos por callejuelas escondidas para llegar a antiguas domus aristocr\u00e1ticas, la plaza Campo Aquario y la Piazzetta dello Spirito Santo. A trav\u00e9s de la antigua Ruga Mercatorum y luego por Torre dello Ziro ascenderemos a las laderas del Monte Aureo con sus impresionantes vistas. Una escalinata panor\u00e1mica desciende hasta la Via Nova, que conduce a Atrani: despu\u00e9s subir\u00e1 hasta la peque\u00f1a iglesia de Santa Maria del Bando, no lejos de la Grotta di Masaniello, o atravesar\u00e1 el barrio de Campo, donde estrechas callejuelas, tramos de escaleras, subterr\u00e1neos y peque\u00f1os slarghi (callejuelas) crean un aut\u00e9ntico laberinto.<\/p>\n<p>Al llegar a la Piazza Umberto I, admiramos la antigua iglesia de San Salvatore de&#8217; Birecto y, sobre ella, la Colegiata de Santa Maria Maddalena, antes de llegar a uno de los muchos lugares queridos por el artista Maurits Cornelis Escher, que encontr\u00f3 aqu\u00ed mismo, en Atrani, la inspiraci\u00f3n para su Metamorfosis.<\/p>\n<p>Un recorrido ins\u00f3lito para descubrir los miles de secretos que a\u00fan esconden Atrani y la famosa ciudad de Amalfi.<\/p>\n<p><em><b>Punto de encuentro:<\/b> Piazza della Bussola en Amalfi<br \/><\/em><em style=\"background-color: var(--ignition-body-background-color); color: var(--ignition-text-color); letter-spacing: 0em;\"><b>Incluye:<\/b> servicio de gu\u00eda<br \/><\/em><em style=\"background-color: var(--ignition-body-background-color); color: var(--ignition-text-color); letter-spacing: 0em;\"><b>Entradas:<\/b> extra<\/em><\/p>\n\t\t\t\t\t\t\t\t<\/div>\n\t\t\t\t<\/div>\n\t\t\t\t<div class=\"elementor-element elementor-element-9b2671f is-style-ignition-cousteau-pro-anchor-title elementor-widget elementor-widget-heading\" data-id=\"9b2671f\" data-element_type=\"widget\" data-e-type=\"widget\" data-widget_type=\"heading.default\">\n\t\t\t\t<div class=\"elementor-widget-container\">\n\t\t\t\t\t<h2 class=\"elementor-heading-title elementor-size-default\">Galer\u00eda<\/h2>\t\t\t\t<\/div>\n\t\t\t\t<\/div>\n\t\t\t\t<div class=\"elementor-element elementor-element-23c6a125 gallery-spacing-custom elementor-widget elementor-widget-image-gallery\" data-id=\"23c6a125\" data-element_type=\"widget\" data-e-type=\"widget\" data-widget_type=\"image-gallery.default\">\n\t\t\t\t<div class=\"elementor-widget-container\">\n\t\t\t\t\t\t\t<div class=\"elementor-image-gallery\">\n\t\t\t<div id='gallery-1' class='gallery galleryid-17280 gallery-columns-3 gallery-size-ignition_item'><figure class='gallery-item'>\n\t\t\t<div class='gallery-icon landscape'>\n\t\t\t\t<a data-elementor-open-lightbox=\"yes\" data-elementor-lightbox-slideshow=\"23c6a125\" data-elementor-lightbox-title=\"27 Chiostro del Paradiso - foto abbagnara\" data-e-action-hash=\"#elementor-action%3Aaction%3Dlightbox%26settings%3DeyJpZCI6MTUxMTAsInVybCI6Imh0dHBzOlwvXC93d3cudmlzaXRhbWFsZmkuaW5mb1wvd3AtY29udGVudFwvdXBsb2Fkc1wvMjAyNFwvMDNcLzI3LUNoaW9zdHJvLWRlbC1QYXJhZGlzby1mb3RvLWFiYmFnbmFyYS0xLmpwZyIsInNsaWRlc2hvdyI6IjIzYzZhMTI1In0%3D\" href='https:\/\/www.visitamalfi.info\/wp-content\/uploads\/2024\/03\/27-Chiostro-del-Paradiso-foto-abbagnara-1.jpg' data-lightbox=\"gal[17280]\"><img loading=\"lazy\" decoding=\"async\" width=\"615\" height=\"410\" src=\"https:\/\/www.visitamalfi.info\/wp-content\/uploads\/2024\/03\/27-Chiostro-del-Paradiso-foto-abbagnara-1-615x410.jpg\" class=\"attachment-ignition_item size-ignition_item\" alt=\"Complesso Monumentale Cattedrale S. Andrea_Chiostro Paradiso\" srcset=\"https:\/\/www.visitamalfi.info\/wp-content\/uploads\/2024\/03\/27-Chiostro-del-Paradiso-foto-abbagnara-1-615x410.jpg 615w, https:\/\/www.visitamalfi.info\/wp-content\/uploads\/2024\/03\/27-Chiostro-del-Paradiso-foto-abbagnara-1-300x200.jpg 300w, https:\/\/www.visitamalfi.info\/wp-content\/uploads\/2024\/03\/27-Chiostro-del-Paradiso-foto-abbagnara-1-1024x683.jpg 1024w, https:\/\/www.visitamalfi.info\/wp-content\/uploads\/2024\/03\/27-Chiostro-del-Paradiso-foto-abbagnara-1-768x512.jpg 768w, https:\/\/www.visitamalfi.info\/wp-content\/uploads\/2024\/03\/27-Chiostro-del-Paradiso-foto-abbagnara-1-1536x1024.jpg 1536w, https:\/\/www.visitamalfi.info\/wp-content\/uploads\/2024\/03\/27-Chiostro-del-Paradiso-foto-abbagnara-1-870x580.jpg 870w, https:\/\/www.visitamalfi.info\/wp-content\/uploads\/2024\/03\/27-Chiostro-del-Paradiso-foto-abbagnara-1-1240x825.jpg 1240w, https:\/\/www.visitamalfi.info\/wp-content\/uploads\/2024\/03\/27-Chiostro-del-Paradiso-foto-abbagnara-1.jpg 1920w\" sizes=\"(max-width: 615px) 100vw, 615px\" \/><\/a>\n\t\t\t<\/div><\/figure><figure class='gallery-item'>\n\t\t\t<div class='gallery-icon landscape'>\n\t\t\t\t<a data-elementor-open-lightbox=\"yes\" data-elementor-lightbox-slideshow=\"23c6a125\" data-elementor-lightbox-title=\"08 Cattedrale - foto abbagnara\" data-e-action-hash=\"#elementor-action%3Aaction%3Dlightbox%26settings%3DeyJpZCI6MTE1NDEsInVybCI6Imh0dHBzOlwvXC93d3cudmlzaXRhbWFsZmkuaW5mb1wvd3AtY29udGVudFwvdXBsb2Fkc1wvMjAyM1wvMTBcLzA4LUNhdHRlZHJhbGUtZm90by1hYmJhZ25hcmEtMS5qcGciLCJzbGlkZXNob3ciOiIyM2M2YTEyNSJ9\" href='https:\/\/www.visitamalfi.info\/wp-content\/uploads\/2023\/10\/08-Cattedrale-foto-abbagnara-1.jpg' data-lightbox=\"gal[17280]\"><img loading=\"lazy\" decoding=\"async\" width=\"615\" height=\"410\" src=\"https:\/\/www.visitamalfi.info\/wp-content\/uploads\/2023\/10\/08-Cattedrale-foto-abbagnara-1-615x410.jpg\" class=\"attachment-ignition_item size-ignition_item\" alt=\"\" srcset=\"https:\/\/www.visitamalfi.info\/wp-content\/uploads\/2023\/10\/08-Cattedrale-foto-abbagnara-1-615x410.jpg 615w, https:\/\/www.visitamalfi.info\/wp-content\/uploads\/2023\/10\/08-Cattedrale-foto-abbagnara-1-300x200.jpg 300w, https:\/\/www.visitamalfi.info\/wp-content\/uploads\/2023\/10\/08-Cattedrale-foto-abbagnara-1-1024x683.jpg 1024w, https:\/\/www.visitamalfi.info\/wp-content\/uploads\/2023\/10\/08-Cattedrale-foto-abbagnara-1-768x512.jpg 768w, https:\/\/www.visitamalfi.info\/wp-content\/uploads\/2023\/10\/08-Cattedrale-foto-abbagnara-1-1536x1024.jpg 1536w, https:\/\/www.visitamalfi.info\/wp-content\/uploads\/2023\/10\/08-Cattedrale-foto-abbagnara-1-870x580.jpg 870w, https:\/\/www.visitamalfi.info\/wp-content\/uploads\/2023\/10\/08-Cattedrale-foto-abbagnara-1-1240x825.jpg 1240w, https:\/\/www.visitamalfi.info\/wp-content\/uploads\/2023\/10\/08-Cattedrale-foto-abbagnara-1.jpg 1920w\" sizes=\"(max-width: 615px) 100vw, 615px\" \/><\/a>\n\t\t\t<\/div><\/figure><figure class='gallery-item'>\n\t\t\t<div class='gallery-icon landscape'>\n\t\t\t\t<a data-elementor-open-lightbox=\"yes\" data-elementor-lightbox-slideshow=\"23c6a125\" data-elementor-lightbox-title=\"36 Cattedrale - foto abbagnara\" data-e-action-hash=\"#elementor-action%3Aaction%3Dlightbox%26settings%3DeyJpZCI6MTUxMTUsInVybCI6Imh0dHBzOlwvXC93d3cudmlzaXRhbWFsZmkuaW5mb1wvd3AtY29udGVudFwvdXBsb2Fkc1wvMjAyNFwvMDNcLzM2LUNhdHRlZHJhbGUtZm90by1hYmJhZ25hcmEtMS5qcGciLCJzbGlkZXNob3ciOiIyM2M2YTEyNSJ9\" href='https:\/\/www.visitamalfi.info\/wp-content\/uploads\/2024\/03\/36-Cattedrale-foto-abbagnara-1.jpg' data-lightbox=\"gal[17280]\"><img loading=\"lazy\" decoding=\"async\" width=\"615\" height=\"410\" src=\"https:\/\/www.visitamalfi.info\/wp-content\/uploads\/2024\/03\/36-Cattedrale-foto-abbagnara-1-615x410.jpg\" class=\"attachment-ignition_item size-ignition_item\" alt=\"Complesso Monumentale Cattedrale S. Andrea_Cattedrale\" srcset=\"https:\/\/www.visitamalfi.info\/wp-content\/uploads\/2024\/03\/36-Cattedrale-foto-abbagnara-1-615x410.jpg 615w, https:\/\/www.visitamalfi.info\/wp-content\/uploads\/2024\/03\/36-Cattedrale-foto-abbagnara-1-300x200.jpg 300w, https:\/\/www.visitamalfi.info\/wp-content\/uploads\/2024\/03\/36-Cattedrale-foto-abbagnara-1-1024x683.jpg 1024w, https:\/\/www.visitamalfi.info\/wp-content\/uploads\/2024\/03\/36-Cattedrale-foto-abbagnara-1-768x512.jpg 768w, https:\/\/www.visitamalfi.info\/wp-content\/uploads\/2024\/03\/36-Cattedrale-foto-abbagnara-1-1536x1024.jpg 1536w, https:\/\/www.visitamalfi.info\/wp-content\/uploads\/2024\/03\/36-Cattedrale-foto-abbagnara-1-870x580.jpg 870w, https:\/\/www.visitamalfi.info\/wp-content\/uploads\/2024\/03\/36-Cattedrale-foto-abbagnara-1-1240x825.jpg 1240w, https:\/\/www.visitamalfi.info\/wp-content\/uploads\/2024\/03\/36-Cattedrale-foto-abbagnara-1.jpg 1920w\" sizes=\"(max-width: 615px) 100vw, 615px\" \/><\/a>\n\t\t\t<\/div><\/figure><figure class='gallery-item'>\n\t\t\t<div class='gallery-icon landscape'>\n\t\t\t\t<a data-elementor-open-lightbox=\"yes\" data-elementor-lightbox-slideshow=\"23c6a125\" data-elementor-lightbox-title=\"003 museo della carta - foto abbagnara\" data-e-action-hash=\"#elementor-action%3Aaction%3Dlightbox%26settings%3DeyJpZCI6MTU0NDYsInVybCI6Imh0dHBzOlwvXC93d3cudmlzaXRhbWFsZmkuaW5mb1wvd3AtY29udGVudFwvdXBsb2Fkc1wvMjAyNFwvMDNcLzAwMy1tdXNlby1kZWxsYS1jYXJ0YS1mb3RvLWFiYmFnbmFyYS5qcGciLCJzbGlkZXNob3ciOiIyM2M2YTEyNSJ9\" href='https:\/\/www.visitamalfi.info\/wp-content\/uploads\/2024\/03\/003-museo-della-carta-foto-abbagnara.jpg' data-lightbox=\"gal[17280]\"><img loading=\"lazy\" decoding=\"async\" width=\"615\" height=\"410\" src=\"https:\/\/www.visitamalfi.info\/wp-content\/uploads\/2024\/03\/003-museo-della-carta-foto-abbagnara-615x410.jpg\" class=\"attachment-ignition_item size-ignition_item\" alt=\"Amalfi_Museo della Carta\" srcset=\"https:\/\/www.visitamalfi.info\/wp-content\/uploads\/2024\/03\/003-museo-della-carta-foto-abbagnara-615x410.jpg 615w, https:\/\/www.visitamalfi.info\/wp-content\/uploads\/2024\/03\/003-museo-della-carta-foto-abbagnara-300x200.jpg 300w, https:\/\/www.visitamalfi.info\/wp-content\/uploads\/2024\/03\/003-museo-della-carta-foto-abbagnara-1024x683.jpg 1024w, https:\/\/www.visitamalfi.info\/wp-content\/uploads\/2024\/03\/003-museo-della-carta-foto-abbagnara-768x512.jpg 768w, https:\/\/www.visitamalfi.info\/wp-content\/uploads\/2024\/03\/003-museo-della-carta-foto-abbagnara-1536x1024.jpg 1536w, https:\/\/www.visitamalfi.info\/wp-content\/uploads\/2024\/03\/003-museo-della-carta-foto-abbagnara-870x580.jpg 870w, https:\/\/www.visitamalfi.info\/wp-content\/uploads\/2024\/03\/003-museo-della-carta-foto-abbagnara-1240x825.jpg 1240w, https:\/\/www.visitamalfi.info\/wp-content\/uploads\/2024\/03\/003-museo-della-carta-foto-abbagnara.jpg 1920w\" sizes=\"(max-width: 615px) 100vw, 615px\" \/><\/a>\n\t\t\t<\/div><\/figure><figure class='gallery-item'>\n\t\t\t<div class='gallery-icon landscape'>\n\t\t\t\t<a data-elementor-open-lightbox=\"yes\" data-elementor-lightbox-slideshow=\"23c6a125\" data-elementor-lightbox-title=\"025-museo-della-carta\" data-e-action-hash=\"#elementor-action%3Aaction%3Dlightbox%26settings%3DeyJpZCI6NTM0NywidXJsIjoiaHR0cHM6XC9cL3d3dy52aXNpdGFtYWxmaS5pbmZvXC93cC1jb250ZW50XC91cGxvYWRzXC8yMDIzXC8wN1wvMDI1LW11c2VvLWRlbGxhLWNhcnRhLmpwZyIsInNsaWRlc2hvdyI6IjIzYzZhMTI1In0%3D\" href='https:\/\/www.visitamalfi.info\/wp-content\/uploads\/2023\/07\/025-museo-della-carta.jpg' data-lightbox=\"gal[17280]\"><img loading=\"lazy\" decoding=\"async\" width=\"615\" height=\"410\" src=\"https:\/\/www.visitamalfi.info\/wp-content\/uploads\/2023\/07\/025-museo-della-carta-615x410.jpg\" class=\"attachment-ignition_item size-ignition_item\" alt=\"AmalfiTourGuide_Amalfi_MicheleAmendola_Paper_Museum\" srcset=\"https:\/\/www.visitamalfi.info\/wp-content\/uploads\/2023\/07\/025-museo-della-carta-615x410.jpg 615w, https:\/\/www.visitamalfi.info\/wp-content\/uploads\/2023\/07\/025-museo-della-carta-300x200.jpg 300w, https:\/\/www.visitamalfi.info\/wp-content\/uploads\/2023\/07\/025-museo-della-carta-1024x683.jpg 1024w, https:\/\/www.visitamalfi.info\/wp-content\/uploads\/2023\/07\/025-museo-della-carta-768x512.jpg 768w, https:\/\/www.visitamalfi.info\/wp-content\/uploads\/2023\/07\/025-museo-della-carta-1536x1024.jpg 1536w, https:\/\/www.visitamalfi.info\/wp-content\/uploads\/2023\/07\/025-museo-della-carta-870x580.jpg 870w, https:\/\/www.visitamalfi.info\/wp-content\/uploads\/2023\/07\/025-museo-della-carta-1240x825.jpg 1240w, https:\/\/www.visitamalfi.info\/wp-content\/uploads\/2023\/07\/025-museo-della-carta.jpg 1920w\" sizes=\"(max-width: 615px) 100vw, 615px\" \/><\/a>\n\t\t\t<\/div><\/figure><figure class='gallery-item'>\n\t\t\t<div class='gallery-icon landscape'>\n\t\t\t\t<a data-elementor-open-lightbox=\"yes\" data-elementor-lightbox-slideshow=\"23c6a125\" data-elementor-lightbox-title=\"limoni amalfi lemon experience\" data-e-action-hash=\"#elementor-action%3Aaction%3Dlightbox%26settings%3DeyJpZCI6ODU5NywidXJsIjoiaHR0cHM6XC9cL3d3dy52aXNpdGFtYWxmaS5pbmZvXC93cC1jb250ZW50XC91cGxvYWRzXC8yMDIzXC8wNlwvbGltb25pLWFtYWxmaS1sZW1vbi1leHBlcmllbmNlLmpwZyIsInNsaWRlc2hvdyI6IjIzYzZhMTI1In0%3D\" href='https:\/\/www.visitamalfi.info\/wp-content\/uploads\/2023\/06\/limoni-amalfi-lemon-experience.jpg' data-lightbox=\"gal[17280]\"><img loading=\"lazy\" decoding=\"async\" width=\"615\" height=\"410\" src=\"https:\/\/www.visitamalfi.info\/wp-content\/uploads\/2023\/06\/limoni-amalfi-lemon-experience-615x410.jpg\" class=\"attachment-ignition_item size-ignition_item\" alt=\"\" srcset=\"https:\/\/www.visitamalfi.info\/wp-content\/uploads\/2023\/06\/limoni-amalfi-lemon-experience-615x410.jpg 615w, https:\/\/www.visitamalfi.info\/wp-content\/uploads\/2023\/06\/limoni-amalfi-lemon-experience-870x580.jpg 870w, https:\/\/www.visitamalfi.info\/wp-content\/uploads\/2023\/06\/limoni-amalfi-lemon-experience-1240x825.jpg 1240w\" sizes=\"(max-width: 615px) 100vw, 615px\" \/><\/a>\n\t\t\t<\/div><\/figure><figure class='gallery-item'>\n\t\t\t<div class='gallery-icon landscape'>\n\t\t\t\t<a data-elementor-open-lightbox=\"yes\" data-elementor-lightbox-slideshow=\"23c6a125\" data-elementor-lightbox-title=\"lemon-tour-salvatore-aceto\" data-e-action-hash=\"#elementor-action%3Aaction%3Dlightbox%26settings%3DeyJpZCI6ODYyNywidXJsIjoiaHR0cHM6XC9cL3d3dy52aXNpdGFtYWxmaS5pbmZvXC93cC1jb250ZW50XC91cGxvYWRzXC8yMDIzXC8wNlwvbGVtb24tdG91ci1zYWx2YXRvcmUtYWNldG8uanBnIiwic2xpZGVzaG93IjoiMjNjNmExMjUifQ%3D%3D\" href='https:\/\/www.visitamalfi.info\/wp-content\/uploads\/2023\/06\/lemon-tour-salvatore-aceto.jpg' data-lightbox=\"gal[17280]\"><img loading=\"lazy\" decoding=\"async\" width=\"615\" height=\"410\" src=\"https:\/\/www.visitamalfi.info\/wp-content\/uploads\/2023\/06\/lemon-tour-salvatore-aceto-615x410.jpg\" class=\"attachment-ignition_item size-ignition_item\" alt=\"\" srcset=\"https:\/\/www.visitamalfi.info\/wp-content\/uploads\/2023\/06\/lemon-tour-salvatore-aceto-615x410.jpg 615w, https:\/\/www.visitamalfi.info\/wp-content\/uploads\/2023\/06\/lemon-tour-salvatore-aceto-300x200.jpg 300w, https:\/\/www.visitamalfi.info\/wp-content\/uploads\/2023\/06\/lemon-tour-salvatore-aceto-1024x684.jpg 1024w, https:\/\/www.visitamalfi.info\/wp-content\/uploads\/2023\/06\/lemon-tour-salvatore-aceto-768x513.jpg 768w, https:\/\/www.visitamalfi.info\/wp-content\/uploads\/2023\/06\/lemon-tour-salvatore-aceto-1536x1026.jpg 1536w, https:\/\/www.visitamalfi.info\/wp-content\/uploads\/2023\/06\/lemon-tour-salvatore-aceto-870x580.jpg 870w, https:\/\/www.visitamalfi.info\/wp-content\/uploads\/2023\/06\/lemon-tour-salvatore-aceto-1240x825.jpg 1240w, https:\/\/www.visitamalfi.info\/wp-content\/uploads\/2023\/06\/lemon-tour-salvatore-aceto.jpg 1920w\" sizes=\"(max-width: 615px) 100vw, 615px\" \/><\/a>\n\t\t\t<\/div><\/figure><figure class='gallery-item'>\n\t\t\t<div class='gallery-icon landscape'>\n\t\t\t\t<a data-elementor-open-lightbox=\"yes\" data-elementor-lightbox-slideshow=\"23c6a125\" data-elementor-lightbox-title=\"2\" data-e-action-hash=\"#elementor-action%3Aaction%3Dlightbox%26settings%3DeyJpZCI6MTU2NDUsInVybCI6Imh0dHBzOlwvXC93d3cudmlzaXRhbWFsZmkuaW5mb1wvd3AtY29udGVudFwvdXBsb2Fkc1wvMjAyNFwvMDNcLzIuanBnIiwic2xpZGVzaG93IjoiMjNjNmExMjUifQ%3D%3D\" href='https:\/\/www.visitamalfi.info\/wp-content\/uploads\/2024\/03\/2.jpg' data-lightbox=\"gal[17280]\"><img loading=\"lazy\" decoding=\"async\" width=\"615\" height=\"410\" src=\"https:\/\/www.visitamalfi.info\/wp-content\/uploads\/2024\/03\/2-615x410.jpg\" class=\"attachment-ignition_item size-ignition_item\" alt=\"Via Maestra dei Villaggi\" srcset=\"https:\/\/www.visitamalfi.info\/wp-content\/uploads\/2024\/03\/2-615x410.jpg 615w, https:\/\/www.visitamalfi.info\/wp-content\/uploads\/2024\/03\/2-300x200.jpg 300w, https:\/\/www.visitamalfi.info\/wp-content\/uploads\/2024\/03\/2-1024x683.jpg 1024w, https:\/\/www.visitamalfi.info\/wp-content\/uploads\/2024\/03\/2-768x512.jpg 768w, https:\/\/www.visitamalfi.info\/wp-content\/uploads\/2024\/03\/2-1536x1024.jpg 1536w, https:\/\/www.visitamalfi.info\/wp-content\/uploads\/2024\/03\/2-870x580.jpg 870w, https:\/\/www.visitamalfi.info\/wp-content\/uploads\/2024\/03\/2-1240x825.jpg 1240w, https:\/\/www.visitamalfi.info\/wp-content\/uploads\/2024\/03\/2.jpg 1920w\" sizes=\"(max-width: 615px) 100vw, 615px\" \/><\/a>\n\t\t\t<\/div><\/figure><figure class='gallery-item'>\n\t\t\t<div class='gallery-icon landscape'>\n\t\t\t\t<a data-elementor-open-lightbox=\"yes\" data-elementor-lightbox-slideshow=\"23c6a125\" data-elementor-lightbox-title=\"4\" data-e-action-hash=\"#elementor-action%3Aaction%3Dlightbox%26settings%3DeyJpZCI6MTU2NTUsInVybCI6Imh0dHBzOlwvXC93d3cudmlzaXRhbWFsZmkuaW5mb1wvd3AtY29udGVudFwvdXBsb2Fkc1wvMjAyNFwvMDNcLzQuanBnIiwic2xpZGVzaG93IjoiMjNjNmExMjUifQ%3D%3D\" href='https:\/\/www.visitamalfi.info\/wp-content\/uploads\/2024\/03\/4.jpg' data-lightbox=\"gal[17280]\"><img loading=\"lazy\" decoding=\"async\" width=\"615\" height=\"410\" src=\"https:\/\/www.visitamalfi.info\/wp-content\/uploads\/2024\/03\/4-615x410.jpg\" class=\"attachment-ignition_item size-ignition_item\" alt=\"Via Maestra dei Villaggi\" srcset=\"https:\/\/www.visitamalfi.info\/wp-content\/uploads\/2024\/03\/4-615x410.jpg 615w, https:\/\/www.visitamalfi.info\/wp-content\/uploads\/2024\/03\/4-300x200.jpg 300w, https:\/\/www.visitamalfi.info\/wp-content\/uploads\/2024\/03\/4-1024x683.jpg 1024w, https:\/\/www.visitamalfi.info\/wp-content\/uploads\/2024\/03\/4-768x512.jpg 768w, https:\/\/www.visitamalfi.info\/wp-content\/uploads\/2024\/03\/4-1536x1024.jpg 1536w, https:\/\/www.visitamalfi.info\/wp-content\/uploads\/2024\/03\/4-870x580.jpg 870w, https:\/\/www.visitamalfi.info\/wp-content\/uploads\/2024\/03\/4-1240x825.jpg 1240w, https:\/\/www.visitamalfi.info\/wp-content\/uploads\/2024\/03\/4.jpg 1920w\" sizes=\"(max-width: 615px) 100vw, 615px\" \/><\/a>\n\t\t\t<\/div><\/figure><figure class='gallery-item'>\n\t\t\t<div class='gallery-icon portrait'>\n\t\t\t\t<a data-elementor-open-lightbox=\"yes\" data-elementor-lightbox-slideshow=\"23c6a125\" data-elementor-lightbox-title=\"CIMITERO MONUMENTALE SENZA MODELLI - M.ABBAGNARA -6\" data-e-action-hash=\"#elementor-action%3Aaction%3Dlightbox%26settings%3DeyJpZCI6MTU1ODUsInVybCI6Imh0dHBzOlwvXC93d3cudmlzaXRhbWFsZmkuaW5mb1wvd3AtY29udGVudFwvdXBsb2Fkc1wvMjAyNFwvMDNcL0NJTUlURVJPLU1PTlVNRU5UQUxFLVNFTlpBLU1PREVMTEktTS5BQkJBR05BUkEtNi5qcGciLCJzbGlkZXNob3ciOiIyM2M2YTEyNSJ9\" href='https:\/\/www.visitamalfi.info\/wp-content\/uploads\/2024\/03\/CIMITERO-MONUMENTALE-SENZA-MODELLI-M.ABBAGNARA-6.jpg' data-lightbox=\"gal[17280]\"><img loading=\"lazy\" decoding=\"async\" width=\"615\" height=\"410\" src=\"https:\/\/www.visitamalfi.info\/wp-content\/uploads\/2024\/03\/CIMITERO-MONUMENTALE-SENZA-MODELLI-M.ABBAGNARA-6-615x410.jpg\" class=\"attachment-ignition_item size-ignition_item\" alt=\"Amalfi_Belvedere di San Lorenzo\" srcset=\"https:\/\/www.visitamalfi.info\/wp-content\/uploads\/2024\/03\/CIMITERO-MONUMENTALE-SENZA-MODELLI-M.ABBAGNARA-6-615x410.jpg 615w, https:\/\/www.visitamalfi.info\/wp-content\/uploads\/2024\/03\/CIMITERO-MONUMENTALE-SENZA-MODELLI-M.ABBAGNARA-6-870x580.jpg 870w, https:\/\/www.visitamalfi.info\/wp-content\/uploads\/2024\/03\/CIMITERO-MONUMENTALE-SENZA-MODELLI-M.ABBAGNARA-6-1240x825.jpg 1240w\" sizes=\"(max-width: 615px) 100vw, 615px\" \/><\/a>\n\t\t\t<\/div><\/figure><figure class='gallery-item'>\n\t\t\t<div class='gallery-icon landscape'>\n\t\t\t\t<a data-elementor-open-lightbox=\"yes\" data-elementor-lightbox-slideshow=\"23c6a125\" data-elementor-lightbox-title=\"CIMITERO MONUMENTALE SENZA MODELLI - M.ABBAGNARA -22\" data-e-action-hash=\"#elementor-action%3Aaction%3Dlightbox%26settings%3DeyJpZCI6MTU1OTUsInVybCI6Imh0dHBzOlwvXC93d3cudmlzaXRhbWFsZmkuaW5mb1wvd3AtY29udGVudFwvdXBsb2Fkc1wvMjAyNFwvMDNcL0NJTUlURVJPLU1PTlVNRU5UQUxFLVNFTlpBLU1PREVMTEktTS5BQkJBR05BUkEtMjIuanBnIiwic2xpZGVzaG93IjoiMjNjNmExMjUifQ%3D%3D\" href='https:\/\/www.visitamalfi.info\/wp-content\/uploads\/2024\/03\/CIMITERO-MONUMENTALE-SENZA-MODELLI-M.ABBAGNARA-22.jpg' data-lightbox=\"gal[17280]\"><img loading=\"lazy\" decoding=\"async\" width=\"615\" height=\"410\" src=\"https:\/\/www.visitamalfi.info\/wp-content\/uploads\/2024\/03\/CIMITERO-MONUMENTALE-SENZA-MODELLI-M.ABBAGNARA-22-615x410.jpg\" class=\"attachment-ignition_item size-ignition_item\" alt=\"Amalfi_Belvedere di San Lorenzo\" srcset=\"https:\/\/www.visitamalfi.info\/wp-content\/uploads\/2024\/03\/CIMITERO-MONUMENTALE-SENZA-MODELLI-M.ABBAGNARA-22-615x410.jpg 615w, https:\/\/www.visitamalfi.info\/wp-content\/uploads\/2024\/03\/CIMITERO-MONUMENTALE-SENZA-MODELLI-M.ABBAGNARA-22-300x200.jpg 300w, https:\/\/www.visitamalfi.info\/wp-content\/uploads\/2024\/03\/CIMITERO-MONUMENTALE-SENZA-MODELLI-M.ABBAGNARA-22-1024x683.jpg 1024w, https:\/\/www.visitamalfi.info\/wp-content\/uploads\/2024\/03\/CIMITERO-MONUMENTALE-SENZA-MODELLI-M.ABBAGNARA-22-768x512.jpg 768w, https:\/\/www.visitamalfi.info\/wp-content\/uploads\/2024\/03\/CIMITERO-MONUMENTALE-SENZA-MODELLI-M.ABBAGNARA-22-1536x1024.jpg 1536w, https:\/\/www.visitamalfi.info\/wp-content\/uploads\/2024\/03\/CIMITERO-MONUMENTALE-SENZA-MODELLI-M.ABBAGNARA-22-870x580.jpg 870w, https:\/\/www.visitamalfi.info\/wp-content\/uploads\/2024\/03\/CIMITERO-MONUMENTALE-SENZA-MODELLI-M.ABBAGNARA-22-1240x825.jpg 1240w, https:\/\/www.visitamalfi.info\/wp-content\/uploads\/2024\/03\/CIMITERO-MONUMENTALE-SENZA-MODELLI-M.ABBAGNARA-22.jpg 1920w\" sizes=\"(max-width: 615px) 100vw, 615px\" \/><\/a>\n\t\t\t<\/div><\/figure><figure class='gallery-item'>\n\t\t\t<div class='gallery-icon portrait'>\n\t\t\t\t<a data-elementor-open-lightbox=\"yes\" data-elementor-lightbox-slideshow=\"23c6a125\" data-elementor-lightbox-title=\"RIONE S. ANTONIO SENZA MODELLI - M.ABBAGNARA -4\" data-e-action-hash=\"#elementor-action%3Aaction%3Dlightbox%26settings%3DeyJpZCI6MTU1NTIsInVybCI6Imh0dHBzOlwvXC93d3cudmlzaXRhbWFsZmkuaW5mb1wvd3AtY29udGVudFwvdXBsb2Fkc1wvMjAyNFwvMDNcL1JJT05FLVMuLUFOVE9OSU8tU0VOWkEtTU9ERUxMSS1NLkFCQkFHTkFSQS00LmpwZyIsInNsaWRlc2hvdyI6IjIzYzZhMTI1In0%3D\" href='https:\/\/www.visitamalfi.info\/wp-content\/uploads\/2024\/03\/RIONE-S.-ANTONIO-SENZA-MODELLI-M.ABBAGNARA-4.jpg' data-lightbox=\"gal[17280]\"><img loading=\"lazy\" decoding=\"async\" width=\"615\" height=\"410\" src=\"https:\/\/www.visitamalfi.info\/wp-content\/uploads\/2024\/03\/RIONE-S.-ANTONIO-SENZA-MODELLI-M.ABBAGNARA-4-615x410.jpg\" class=\"attachment-ignition_item size-ignition_item\" alt=\"Amalfi_Rione San Antonio\" srcset=\"https:\/\/www.visitamalfi.info\/wp-content\/uploads\/2024\/03\/RIONE-S.-ANTONIO-SENZA-MODELLI-M.ABBAGNARA-4-615x410.jpg 615w, https:\/\/www.visitamalfi.info\/wp-content\/uploads\/2024\/03\/RIONE-S.-ANTONIO-SENZA-MODELLI-M.ABBAGNARA-4-870x580.jpg 870w, https:\/\/www.visitamalfi.info\/wp-content\/uploads\/2024\/03\/RIONE-S.-ANTONIO-SENZA-MODELLI-M.ABBAGNARA-4-1240x825.jpg 1240w\" sizes=\"(max-width: 615px) 100vw, 615px\" \/><\/a>\n\t\t\t<\/div><\/figure>\n\t\t<\/div>\n\t\t<\/div>\n\t\t\t\t\t\t<\/div>\n\t\t\t\t<\/div>\n\t\t\t\t<div class=\"elementor-element elementor-element-1eb8b7ab is-style-ignition-cousteau-pro-anchor-title elementor-widget elementor-widget-heading\" data-id=\"1eb8b7ab\" data-element_type=\"widget\" data-e-type=\"widget\" data-widget_type=\"heading.default\">\n\t\t\t\t<div class=\"elementor-widget-container\">\n\t\t\t\t\t<h2 class=\"elementor-heading-title elementor-size-default\">Informaci\u00f3n \u00fatil <\/h2>\t\t\t\t<\/div>\n\t\t\t\t<\/div>\n\t\t\t\t<section class=\"elementor-section elementor-inner-section elementor-element elementor-element-66453965 elementor-section-full_width elementor-section-height-default elementor-section-height-default\" data-id=\"66453965\" data-element_type=\"section\" data-e-type=\"section\">\n\t\t\t\t\t\t<div class=\"elementor-container elementor-column-gap-wider\">\n\t\t\t\t\t<div class=\"elementor-column elementor-col-100 elementor-inner-column elementor-element elementor-element-19c77b0a\" data-id=\"19c77b0a\" data-element_type=\"column\" data-e-type=\"column\" data-settings=\"{&quot;background_background&quot;:&quot;gradient&quot;}\">\n\t\t\t<div class=\"elementor-widget-wrap elementor-element-populated\">\n\t\t\t\t\t\t<div class=\"elementor-element elementor-element-606caaf4 elementor-widget elementor-widget-heading\" data-id=\"606caaf4\" data-element_type=\"widget\" data-e-type=\"widget\" data-widget_type=\"heading.default\">\n\t\t\t\t<div class=\"elementor-widget-container\">\n\t\t\t\t\t<p class=\"elementor-heading-title elementor-size-default\">Qu\u00e9 llevar: <\/p>\t\t\t\t<\/div>\n\t\t\t\t<\/div>\n\t\t\t\t<div class=\"elementor-element elementor-element-2954b2cc elementor-widget elementor-widget-spacer\" data-id=\"2954b2cc\" data-element_type=\"widget\" data-e-type=\"widget\" data-widget_type=\"spacer.default\">\n\t\t\t\t<div class=\"elementor-widget-container\">\n\t\t\t\t\t\t\t<div class=\"elementor-spacer\">\n\t\t\t<div class=\"elementor-spacer-inner\"><\/div>\n\t\t<\/div>\n\t\t\t\t\t\t<\/div>\n\t\t\t\t<\/div>\n\t\t\t\t<div class=\"elementor-element elementor-element-3b6cb14f elementor-icon-list--layout-traditional elementor-list-item-link-full_width elementor-widget elementor-widget-icon-list\" data-id=\"3b6cb14f\" data-element_type=\"widget\" data-e-type=\"widget\" data-widget_type=\"icon-list.default\">\n\t\t\t\t<div class=\"elementor-widget-container\">\n\t\t\t\t\t\t\t<ul class=\"elementor-icon-list-items\">\n\t\t\t\t\t\t\t<li class=\"elementor-icon-list-item\">\n\t\t\t\t\t\t\t\t\t\t\t<span class=\"elementor-icon-list-icon\">\n\t\t\t\t\t\t\t<i aria-hidden=\"true\" class=\"fas fa-circle\"><\/i>\t\t\t\t\t\t<\/span>\n\t\t\t\t\t\t\t\t\t\t<span class=\"elementor-icon-list-text\">Botella de agua<\/span>\n\t\t\t\t\t\t\t\t\t<\/li>\n\t\t\t\t\t\t\t\t<li class=\"elementor-icon-list-item\">\n\t\t\t\t\t\t\t\t\t\t\t<span class=\"elementor-icon-list-icon\">\n\t\t\t\t\t\t\t<i aria-hidden=\"true\" class=\"fas fa-circle\"><\/i>\t\t\t\t\t\t<\/span>\n\t\t\t\t\t\t\t\t\t\t<span class=\"elementor-icon-list-text\">Merienda<\/span>\n\t\t\t\t\t\t\t\t\t<\/li>\n\t\t\t\t\t\t\t\t<li class=\"elementor-icon-list-item\">\n\t\t\t\t\t\t\t\t\t\t\t<span class=\"elementor-icon-list-icon\">\n\t\t\t\t\t\t\t<i aria-hidden=\"true\" class=\"fas fa-circle\"><\/i>\t\t\t\t\t\t<\/span>\n\t\t\t\t\t\t\t\t\t\t<span class=\"elementor-icon-list-text\">Zapatos c\u00f3modos<\/span>\n\t\t\t\t\t\t\t\t\t<\/li>\n\t\t\t\t\t\t\t\t<li class=\"elementor-icon-list-item\">\n\t\t\t\t\t\t\t\t\t\t\t<span class=\"elementor-icon-list-icon\">\n\t\t\t\t\t\t\t<i aria-hidden=\"true\" class=\"fas fa-circle\"><\/i>\t\t\t\t\t\t<\/span>\n\t\t\t\t\t\t\t\t\t\t<span class=\"elementor-icon-list-text\">Sombrero<\/span>\n\t\t\t\t\t\t\t\t\t<\/li>\n\t\t\t\t\t\t\t\t<li class=\"elementor-icon-list-item\">\n\t\t\t\t\t\t\t\t\t\t\t<span class=\"elementor-icon-list-icon\">\n\t\t\t\t\t\t\t<i aria-hidden=\"true\" class=\"fas fa-circle\"><\/i>\t\t\t\t\t\t<\/span>\n\t\t\t\t\t\t\t\t\t\t<span class=\"elementor-icon-list-text\">Gafas de sol<\/span>\n\t\t\t\t\t\t\t\t\t<\/li>\n\t\t\t\t\t\t\t\t<li class=\"elementor-icon-list-item\">\n\t\t\t\t\t\t\t\t\t\t\t<span class=\"elementor-icon-list-icon\">\n\t\t\t\t\t\t\t<i aria-hidden=\"true\" class=\"fas fa-circle\"><\/i>\t\t\t\t\t\t<\/span>\n\t\t\t\t\t\t\t\t\t\t<span class=\"elementor-icon-list-text\">Crema solar<\/span>\n\t\t\t\t\t\t\t\t\t<\/li>\n\t\t\t\t\t\t<\/ul>\n\t\t\t\t\t\t<\/div>\n\t\t\t\t<\/div>\n\t\t\t\t\t<\/div>\n\t\t<\/div>\n\t\t\t\t\t<\/div>\n\t\t<\/section>\n\t\t\t\t\t<\/div>\n\t\t<\/div>\n\t\t\t\t\t<\/div>\n\t\t<\/section>\n\t\t\t\t<\/div>\n\t\t","protected":false},"excerpt":{"rendered":"<p>Excursi\u00f3n para descubrir Amalfi, sus aldeas a lo largo de la Via Maestra dei Villaggi y el Amalfi secreto al atardecer que conduce al famoso pueblo de Atrani. <\/p>\n","protected":false},"featured_media":15552,"comment_status":"open","ping_status":"closed","template":"","ignition_package_destination":[],"ignition_package_category":[1111,863,1664],"experience":[252,1668],"inspiration":[1660,460,459],"season":[240,231,235,237],"class_list":["post-17280","ignition-package","type-ignition-package","status-publish","has-post-thumbnail","hentry","ignition_package_category-excursiones","ignition_package_category-restaurantes","ignition_package_category-senderismo","experience-al-aire-libre","experience-culturas","inspiration-vacaciones-activas","inspiration-vacaciones-de-relax","inspiration-vacaciones-en-pareja","season-invierno","season-otono","season-primavera-es","season-verano"],"yoast_head":"<!-- This site is optimized with the Yoast SEO plugin v27.3 - https:\/\/yoast.com\/product\/yoast-seo-wordpress\/ -->\n<title>Amalfi - 4 d\u00edas - Visit Amalfi<\/title>\n<meta name=\"robots\" content=\"index, follow, max-snippet:-1, max-image-preview:large, max-video-preview:-1\" \/>\n<link rel=\"canonical\" href=\"https:\/\/www.visitamalfi.info\/es\/package\/amalfi-4-dias\/\" \/>\n<meta property=\"og:locale\" content=\"es_ES\" \/>\n<meta property=\"og:type\" content=\"article\" \/>\n<meta property=\"og:title\" content=\"Amalfi - 4 d\u00edas - Visit Amalfi\" \/>\n<meta property=\"og:description\" content=\"Excursi\u00f3n para descubrir Amalfi, sus aldeas a lo largo de la Via Maestra dei Villaggi y el Amalfi secreto al atardecer que conduce al famoso pueblo de Atrani.\" \/>\n<meta property=\"og:url\" content=\"https:\/\/www.visitamalfi.info\/es\/package\/amalfi-4-dias\/\" \/>\n<meta property=\"og:site_name\" content=\"Visit Amalfi\" \/>\n<meta property=\"article:publisher\" content=\"https:\/\/www.facebook.com\/visitamalfiofficial\" \/>\n<meta property=\"article:modified_time\" content=\"2025-01-17T11:19:15+00:00\" \/>\n<meta property=\"og:image\" content=\"https:\/\/www.visitamalfi.info\/wp-content\/uploads\/2024\/03\/RIONE-S.-ANTONIO-SENZA-MODELLI-M.ABBAGNARA-4.jpg\" \/>\n\t<meta property=\"og:image:width\" content=\"1280\" \/>\n\t<meta property=\"og:image:height\" content=\"1920\" \/>\n\t<meta property=\"og:image:type\" content=\"image\/jpeg\" \/>\n<meta name=\"twitter:card\" content=\"summary_large_image\" \/>\n<meta name=\"twitter:label1\" content=\"Tiempo de lectura\" \/>\n\t<meta name=\"twitter:data1\" content=\"5 minutos\" \/>\n<script type=\"application\/ld+json\" class=\"yoast-schema-graph\">{\"@context\":\"https:\\\/\\\/schema.org\",\"@graph\":[{\"@type\":\"WebPage\",\"@id\":\"https:\\\/\\\/www.visitamalfi.info\\\/es\\\/package\\\/amalfi-4-dias\\\/\",\"url\":\"https:\\\/\\\/www.visitamalfi.info\\\/es\\\/package\\\/amalfi-4-dias\\\/\",\"name\":\"Amalfi - 4 d\u00edas - Visit Amalfi\",\"isPartOf\":{\"@id\":\"https:\\\/\\\/www.visitamalfi.info\\\/es\\\/#website\"},\"primaryImageOfPage\":{\"@id\":\"https:\\\/\\\/www.visitamalfi.info\\\/es\\\/package\\\/amalfi-4-dias\\\/#primaryimage\"},\"image\":{\"@id\":\"https:\\\/\\\/www.visitamalfi.info\\\/es\\\/package\\\/amalfi-4-dias\\\/#primaryimage\"},\"thumbnailUrl\":\"https:\\\/\\\/www.visitamalfi.info\\\/wp-content\\\/uploads\\\/2024\\\/03\\\/RIONE-S.-ANTONIO-SENZA-MODELLI-M.ABBAGNARA-4.jpg\",\"datePublished\":\"2024-04-17T17:44:32+00:00\",\"dateModified\":\"2025-01-17T11:19:15+00:00\",\"breadcrumb\":{\"@id\":\"https:\\\/\\\/www.visitamalfi.info\\\/es\\\/package\\\/amalfi-4-dias\\\/#breadcrumb\"},\"inLanguage\":\"es\",\"potentialAction\":[{\"@type\":\"ReadAction\",\"target\":[\"https:\\\/\\\/www.visitamalfi.info\\\/es\\\/package\\\/amalfi-4-dias\\\/\"]}]},{\"@type\":\"ImageObject\",\"inLanguage\":\"es\",\"@id\":\"https:\\\/\\\/www.visitamalfi.info\\\/es\\\/package\\\/amalfi-4-dias\\\/#primaryimage\",\"url\":\"https:\\\/\\\/www.visitamalfi.info\\\/wp-content\\\/uploads\\\/2024\\\/03\\\/RIONE-S.-ANTONIO-SENZA-MODELLI-M.ABBAGNARA-4.jpg\",\"contentUrl\":\"https:\\\/\\\/www.visitamalfi.info\\\/wp-content\\\/uploads\\\/2024\\\/03\\\/RIONE-S.-ANTONIO-SENZA-MODELLI-M.ABBAGNARA-4.jpg\",\"width\":1280,\"height\":1920,\"caption\":\"Amalfi_Rione San Antonio\"},{\"@type\":\"BreadcrumbList\",\"@id\":\"https:\\\/\\\/www.visitamalfi.info\\\/es\\\/package\\\/amalfi-4-dias\\\/#breadcrumb\",\"itemListElement\":[{\"@type\":\"ListItem\",\"position\":1,\"name\":\"Home\",\"item\":\"https:\\\/\\\/www.visitamalfi.info\\\/es\\\/\"},{\"@type\":\"ListItem\",\"position\":2,\"name\":\"Amalfi &#8211; 4 d\u00edas\"}]},{\"@type\":\"WebSite\",\"@id\":\"https:\\\/\\\/www.visitamalfi.info\\\/es\\\/#website\",\"url\":\"https:\\\/\\\/www.visitamalfi.info\\\/es\\\/\",\"name\":\"Visit Amalfi\",\"description\":\"Amalfi Destination Official Website\",\"publisher\":{\"@id\":\"https:\\\/\\\/www.visitamalfi.info\\\/es\\\/#organization\"},\"potentialAction\":[{\"@type\":\"SearchAction\",\"target\":{\"@type\":\"EntryPoint\",\"urlTemplate\":\"https:\\\/\\\/www.visitamalfi.info\\\/es\\\/?s={search_term_string}\"},\"query-input\":{\"@type\":\"PropertyValueSpecification\",\"valueRequired\":true,\"valueName\":\"search_term_string\"}}],\"inLanguage\":\"es\"},{\"@type\":\"Organization\",\"@id\":\"https:\\\/\\\/www.visitamalfi.info\\\/es\\\/#organization\",\"name\":\"Visit Amalfi\",\"url\":\"https:\\\/\\\/www.visitamalfi.info\\\/es\\\/\",\"logo\":{\"@type\":\"ImageObject\",\"inLanguage\":\"es\",\"@id\":\"https:\\\/\\\/www.visitamalfi.info\\\/es\\\/#\\\/schema\\\/logo\\\/image\\\/\",\"url\":\"https:\\\/\\\/www.visitamalfi.info\\\/wp-content\\\/uploads\\\/2023\\\/04\\\/visit-amalfi-logo-web.png\",\"contentUrl\":\"https:\\\/\\\/www.visitamalfi.info\\\/wp-content\\\/uploads\\\/2023\\\/04\\\/visit-amalfi-logo-web.png\",\"width\":800,\"height\":870,\"caption\":\"Visit Amalfi\"},\"image\":{\"@id\":\"https:\\\/\\\/www.visitamalfi.info\\\/es\\\/#\\\/schema\\\/logo\\\/image\\\/\"},\"sameAs\":[\"https:\\\/\\\/www.facebook.com\\\/visitamalfiofficial\",\"https:\\\/\\\/www.instagram.com\\\/visitamalfiofficial\\\/\"]}]}<\/script>\n<!-- \/ Yoast SEO plugin. -->","yoast_head_json":{"title":"Amalfi - 4 d\u00edas - Visit Amalfi","robots":{"index":"index","follow":"follow","max-snippet":"max-snippet:-1","max-image-preview":"max-image-preview:large","max-video-preview":"max-video-preview:-1"},"canonical":"https:\/\/www.visitamalfi.info\/es\/package\/amalfi-4-dias\/","og_locale":"es_ES","og_type":"article","og_title":"Amalfi - 4 d\u00edas - Visit Amalfi","og_description":"Excursi\u00f3n para descubrir Amalfi, sus aldeas a lo largo de la Via Maestra dei Villaggi y el Amalfi secreto al atardecer que conduce al famoso pueblo de Atrani.","og_url":"https:\/\/www.visitamalfi.info\/es\/package\/amalfi-4-dias\/","og_site_name":"Visit Amalfi","article_publisher":"https:\/\/www.facebook.com\/visitamalfiofficial","article_modified_time":"2025-01-17T11:19:15+00:00","og_image":[{"width":1280,"height":1920,"url":"https:\/\/www.visitamalfi.info\/wp-content\/uploads\/2024\/03\/RIONE-S.-ANTONIO-SENZA-MODELLI-M.ABBAGNARA-4.jpg","type":"image\/jpeg"}],"twitter_card":"summary_large_image","twitter_misc":{"Tiempo de lectura":"5 minutos"},"schema":{"@context":"https:\/\/schema.org","@graph":[{"@type":"WebPage","@id":"https:\/\/www.visitamalfi.info\/es\/package\/amalfi-4-dias\/","url":"https:\/\/www.visitamalfi.info\/es\/package\/amalfi-4-dias\/","name":"Amalfi - 4 d\u00edas - Visit Amalfi","isPartOf":{"@id":"https:\/\/www.visitamalfi.info\/es\/#website"},"primaryImageOfPage":{"@id":"https:\/\/www.visitamalfi.info\/es\/package\/amalfi-4-dias\/#primaryimage"},"image":{"@id":"https:\/\/www.visitamalfi.info\/es\/package\/amalfi-4-dias\/#primaryimage"},"thumbnailUrl":"https:\/\/www.visitamalfi.info\/wp-content\/uploads\/2024\/03\/RIONE-S.-ANTONIO-SENZA-MODELLI-M.ABBAGNARA-4.jpg","datePublished":"2024-04-17T17:44:32+00:00","dateModified":"2025-01-17T11:19:15+00:00","breadcrumb":{"@id":"https:\/\/www.visitamalfi.info\/es\/package\/amalfi-4-dias\/#breadcrumb"},"inLanguage":"es","potentialAction":[{"@type":"ReadAction","target":["https:\/\/www.visitamalfi.info\/es\/package\/amalfi-4-dias\/"]}]},{"@type":"ImageObject","inLanguage":"es","@id":"https:\/\/www.visitamalfi.info\/es\/package\/amalfi-4-dias\/#primaryimage","url":"https:\/\/www.visitamalfi.info\/wp-content\/uploads\/2024\/03\/RIONE-S.-ANTONIO-SENZA-MODELLI-M.ABBAGNARA-4.jpg","contentUrl":"https:\/\/www.visitamalfi.info\/wp-content\/uploads\/2024\/03\/RIONE-S.-ANTONIO-SENZA-MODELLI-M.ABBAGNARA-4.jpg","width":1280,"height":1920,"caption":"Amalfi_Rione San Antonio"},{"@type":"BreadcrumbList","@id":"https:\/\/www.visitamalfi.info\/es\/package\/amalfi-4-dias\/#breadcrumb","itemListElement":[{"@type":"ListItem","position":1,"name":"Home","item":"https:\/\/www.visitamalfi.info\/es\/"},{"@type":"ListItem","position":2,"name":"Amalfi &#8211; 4 d\u00edas"}]},{"@type":"WebSite","@id":"https:\/\/www.visitamalfi.info\/es\/#website","url":"https:\/\/www.visitamalfi.info\/es\/","name":"Visit Amalfi","description":"Amalfi Destination Official Website","publisher":{"@id":"https:\/\/www.visitamalfi.info\/es\/#organization"},"potentialAction":[{"@type":"SearchAction","target":{"@type":"EntryPoint","urlTemplate":"https:\/\/www.visitamalfi.info\/es\/?s={search_term_string}"},"query-input":{"@type":"PropertyValueSpecification","valueRequired":true,"valueName":"search_term_string"}}],"inLanguage":"es"},{"@type":"Organization","@id":"https:\/\/www.visitamalfi.info\/es\/#organization","name":"Visit Amalfi","url":"https:\/\/www.visitamalfi.info\/es\/","logo":{"@type":"ImageObject","inLanguage":"es","@id":"https:\/\/www.visitamalfi.info\/es\/#\/schema\/logo\/image\/","url":"https:\/\/www.visitamalfi.info\/wp-content\/uploads\/2023\/04\/visit-amalfi-logo-web.png","contentUrl":"https:\/\/www.visitamalfi.info\/wp-content\/uploads\/2023\/04\/visit-amalfi-logo-web.png","width":800,"height":870,"caption":"Visit Amalfi"},"image":{"@id":"https:\/\/www.visitamalfi.info\/es\/#\/schema\/logo\/image\/"},"sameAs":["https:\/\/www.facebook.com\/visitamalfiofficial","https:\/\/www.instagram.com\/visitamalfiofficial\/"]}]}},"_links":{"self":[{"href":"https:\/\/www.visitamalfi.info\/es\/wp-json\/wp\/v2\/ignition-package\/17280","targetHints":{"allow":["GET"]}}],"collection":[{"href":"https:\/\/www.visitamalfi.info\/es\/wp-json\/wp\/v2\/ignition-package"}],"about":[{"href":"https:\/\/www.visitamalfi.info\/es\/wp-json\/wp\/v2\/types\/ignition-package"}],"replies":[{"embeddable":true,"href":"https:\/\/www.visitamalfi.info\/es\/wp-json\/wp\/v2\/comments?post=17280"}],"version-history":[{"count":7,"href":"https:\/\/www.visitamalfi.info\/es\/wp-json\/wp\/v2\/ignition-package\/17280\/revisions"}],"predecessor-version":[{"id":20541,"href":"https:\/\/www.visitamalfi.info\/es\/wp-json\/wp\/v2\/ignition-package\/17280\/revisions\/20541"}],"wp:featuredmedia":[{"embeddable":true,"href":"https:\/\/www.visitamalfi.info\/es\/wp-json\/wp\/v2\/media\/15552"}],"wp:attachment":[{"href":"https:\/\/www.visitamalfi.info\/es\/wp-json\/wp\/v2\/media?parent=17280"}],"wp:term":[{"taxonomy":"ignition_package_destination","embeddable":true,"href":"https:\/\/www.visitamalfi.info\/es\/wp-json\/wp\/v2\/ignition_package_destination?post=17280"},{"taxonomy":"ignition_package_category","embeddable":true,"href":"https:\/\/www.visitamalfi.info\/es\/wp-json\/wp\/v2\/ignition_package_category?post=17280"},{"taxonomy":"experience","embeddable":true,"href":"https:\/\/www.visitamalfi.info\/es\/wp-json\/wp\/v2\/experience?post=17280"},{"taxonomy":"inspiration","embeddable":true,"href":"https:\/\/www.visitamalfi.info\/es\/wp-json\/wp\/v2\/inspiration?post=17280"},{"taxonomy":"season","embeddable":true,"href":"https:\/\/www.visitamalfi.info\/es\/wp-json\/wp\/v2\/season?post=17280"}],"curies":[{"name":"wp","href":"https:\/\/api.w.org\/{rel}","templated":true}]}}