{"id":10952,"date":"2023-08-27T20:28:58","date_gmt":"2023-08-27T18:28:58","guid":{"rendered":"https:\/\/www.visitamalfi.info\/package\/la-caravella\/"},"modified":"2023-08-27T20:30:42","modified_gmt":"2023-08-27T18:30:42","slug":"la-caravella","status":"publish","type":"ignition-package","link":"https:\/\/www.visitamalfi.info\/es\/package\/la-caravella\/","title":{"rendered":"La Caravella"},"content":{"rendered":"<div id='gallery-1' class='gallery galleryid-10952 gallery-columns-4 gallery-size-thumbnail'><figure class='gallery-item'>\n\t\t\t<div class='gallery-icon portrait'>\n\t\t\t\t<a href='https:\/\/www.visitamalfi.info\/wp-content\/uploads\/2023\/06\/2023_corretta-scaled.jpg' data-lightbox=\"gal[10952]\"><img fetchpriority=\"high\" decoding=\"async\" width=\"300\" height=\"300\" src=\"https:\/\/www.visitamalfi.info\/wp-content\/uploads\/2023\/06\/2023_corretta-scaled-300x300.jpg\" class=\"attachment-thumbnail size-thumbnail\" alt=\"\" srcset=\"https:\/\/www.visitamalfi.info\/wp-content\/uploads\/2023\/06\/2023_corretta-scaled-300x300.jpg 300w, https:\/\/www.visitamalfi.info\/wp-content\/uploads\/2023\/06\/2023_corretta-510x510.jpg 510w, https:\/\/www.visitamalfi.info\/wp-content\/uploads\/2023\/06\/2023_corretta-160x160.jpg 160w\" sizes=\"(max-width: 300px) 100vw, 300px\" \/><\/a>\n\t\t\t<\/div><\/figure><figure class='gallery-item'>\n\t\t\t<div class='gallery-icon landscape'>\n\t\t\t\t<a href='https:\/\/www.visitamalfi.info\/wp-content\/uploads\/2023\/06\/il-sole-nel-piatto.jpg' data-lightbox=\"gal[10952]\"><img decoding=\"async\" width=\"150\" height=\"150\" src=\"https:\/\/www.visitamalfi.info\/wp-content\/uploads\/2023\/06\/il-sole-nel-piatto-150x150.jpg\" class=\"attachment-thumbnail size-thumbnail\" alt=\"\" srcset=\"https:\/\/www.visitamalfi.info\/wp-content\/uploads\/2023\/06\/il-sole-nel-piatto-150x150.jpg 150w, https:\/\/www.visitamalfi.info\/wp-content\/uploads\/2023\/06\/il-sole-nel-piatto-510x510.jpg 510w, https:\/\/www.visitamalfi.info\/wp-content\/uploads\/2023\/06\/il-sole-nel-piatto-160x160.jpg 160w\" sizes=\"(max-width: 150px) 100vw, 150px\" \/><\/a>\n\t\t\t<\/div><\/figure><figure class='gallery-item'>\n\t\t\t<div class='gallery-icon landscape'>\n\t\t\t\t<a href='https:\/\/www.visitamalfi.info\/wp-content\/uploads\/2023\/06\/antonio-dipino-chef-scaled.jpg' data-lightbox=\"gal[10952]\"><img decoding=\"async\" width=\"150\" height=\"150\" src=\"https:\/\/www.visitamalfi.info\/wp-content\/uploads\/2023\/06\/antonio-dipino-chef-150x150.jpg\" class=\"attachment-thumbnail size-thumbnail\" alt=\"\" srcset=\"https:\/\/www.visitamalfi.info\/wp-content\/uploads\/2023\/06\/antonio-dipino-chef-150x150.jpg 150w, https:\/\/www.visitamalfi.info\/wp-content\/uploads\/2023\/06\/antonio-dipino-chef-510x510.jpg 510w, https:\/\/www.visitamalfi.info\/wp-content\/uploads\/2023\/06\/antonio-dipino-chef-160x160.jpg 160w\" sizes=\"(max-width: 150px) 100vw, 150px\" \/><\/a>\n\t\t\t<\/div><\/figure><figure class='gallery-item'>\n\t\t\t<div class='gallery-icon landscape'>\n\t\t\t\t<a href='https:\/\/www.visitamalfi.info\/wp-content\/uploads\/2023\/06\/rarity-cellar-scaled.jpg' data-lightbox=\"gal[10952]\"><img loading=\"lazy\" decoding=\"async\" width=\"300\" height=\"300\" src=\"https:\/\/www.visitamalfi.info\/wp-content\/uploads\/2023\/06\/rarity-cellar-scaled-300x300.jpg\" class=\"attachment-thumbnail size-thumbnail\" alt=\"\" srcset=\"https:\/\/www.visitamalfi.info\/wp-content\/uploads\/2023\/06\/rarity-cellar-scaled-300x300.jpg 300w, https:\/\/www.visitamalfi.info\/wp-content\/uploads\/2023\/06\/rarity-cellar-510x510.jpg 510w, https:\/\/www.visitamalfi.info\/wp-content\/uploads\/2023\/06\/rarity-cellar-160x160.jpg 160w\" sizes=\"(max-width: 300px) 100vw, 300px\" \/><\/a>\n\t\t\t<\/div><\/figure>\n\t\t<\/div>\n\n<p><span style=\"font-weight: 400;\">Desde 1959, el restaurante Caravella, primera estrella Michelin del sur de Italia, es una parada culinaria ineludible en la costa amalfitana. <\/span><\/p>\n<p><span style=\"font-weight: 400;\">Con estas palabras describe el Chef Antonio su arte: &#8216;<\/span><i><span style=\"font-weight: 400;\">La sencillez es el objetivo m\u00e1s dif\u00edcil de alcanzar en la cocina. Cada detalle habla de nuestra continua investigaci\u00f3n, la historia de mi familia, custodios de la gran tradici\u00f3n culinaria de nuestra Costa, con tanta atenci\u00f3n a nuestros clientes que pueden sentirse como en casa<\/span><\/i><span style=\"font-weight: 400;\">&#8220;.<\/span><\/p>\n<p><span style=\"font-weight: 400;\">El restaurante est\u00e1 situado en el coraz\u00f3n del centro hist\u00f3rico, en el palacio ducal del siglo XII de los duques de Amalfi, los Piccolomini. El restaurante, gracias a numerosas obras de restauraci\u00f3n, como la renovaci\u00f3n de los techos con frescos, que dur\u00f3 casi 15 a\u00f1os, conserva su estructura original, que data de 1959.<\/span><\/p>\n<div id='gallery-2' class='gallery galleryid-10952 gallery-columns-4 gallery-size-thumbnail'><figure class='gallery-item'>\n\t\t\t<div class='gallery-icon landscape'>\n\t\t\t\t<a href='https:\/\/www.visitamalfi.info\/wp-content\/uploads\/2023\/06\/artgallery-scaled.jpg' data-lightbox=\"gal[10952]\"><img loading=\"lazy\" decoding=\"async\" width=\"150\" height=\"150\" src=\"https:\/\/www.visitamalfi.info\/wp-content\/uploads\/2023\/06\/artgallery-150x150.jpg\" class=\"attachment-thumbnail size-thumbnail\" alt=\"\" srcset=\"https:\/\/www.visitamalfi.info\/wp-content\/uploads\/2023\/06\/artgallery-150x150.jpg 150w, https:\/\/www.visitamalfi.info\/wp-content\/uploads\/2023\/06\/artgallery-510x510.jpg 510w, https:\/\/www.visitamalfi.info\/wp-content\/uploads\/2023\/06\/artgallery-160x160.jpg 160w\" sizes=\"(max-width: 150px) 100vw, 150px\" \/><\/a>\n\t\t\t<\/div><\/figure><figure class='gallery-item'>\n\t\t\t<div class='gallery-icon landscape'>\n\t\t\t\t<a href='https:\/\/www.visitamalfi.info\/wp-content\/uploads\/2023\/06\/sala-san-francesco.jpg' data-lightbox=\"gal[10952]\"><img loading=\"lazy\" decoding=\"async\" width=\"300\" height=\"300\" src=\"https:\/\/www.visitamalfi.info\/wp-content\/uploads\/2023\/06\/sala-san-francesco-300x300.jpg\" class=\"attachment-thumbnail size-thumbnail\" alt=\"\" srcset=\"https:\/\/www.visitamalfi.info\/wp-content\/uploads\/2023\/06\/sala-san-francesco-300x300.jpg 300w, https:\/\/www.visitamalfi.info\/wp-content\/uploads\/2023\/06\/sala-san-francesco-510x510.jpg 510w, https:\/\/www.visitamalfi.info\/wp-content\/uploads\/2023\/06\/sala-san-francesco-160x160.jpg 160w\" sizes=\"(max-width: 300px) 100vw, 300px\" \/><\/a>\n\t\t\t<\/div><\/figure><figure class='gallery-item'>\n\t\t\t<div class='gallery-icon landscape'>\n\t\t\t\t<a href='https:\/\/www.visitamalfi.info\/wp-content\/uploads\/2023\/07\/Food-Amalfi.jpg' data-lightbox=\"gal[10952]\"><img loading=\"lazy\" decoding=\"async\" width=\"300\" height=\"300\" src=\"https:\/\/www.visitamalfi.info\/wp-content\/uploads\/2023\/07\/Food-Amalfi-300x300.jpg\" class=\"attachment-thumbnail size-thumbnail\" alt=\"\" srcset=\"https:\/\/www.visitamalfi.info\/wp-content\/uploads\/2023\/07\/Food-Amalfi-300x300.jpg 300w, https:\/\/www.visitamalfi.info\/wp-content\/uploads\/2023\/07\/Food-Amalfi-510x510.jpg 510w, https:\/\/www.visitamalfi.info\/wp-content\/uploads\/2023\/07\/Food-Amalfi-160x160.jpg 160w\" sizes=\"(max-width: 300px) 100vw, 300px\" \/><\/a>\n\t\t\t<\/div><\/figure><figure class='gallery-item'>\n\t\t\t<div class='gallery-icon landscape'>\n\t\t\t\t<a href='https:\/\/www.visitamalfi.info\/wp-content\/uploads\/2023\/06\/salone-donore-soffitto-restaurato-nel-1999.jpg' data-lightbox=\"gal[10952]\"><img loading=\"lazy\" decoding=\"async\" width=\"300\" height=\"300\" src=\"https:\/\/www.visitamalfi.info\/wp-content\/uploads\/2023\/06\/salone-donore-soffitto-restaurato-nel-1999-300x300.jpg\" class=\"attachment-thumbnail size-thumbnail\" alt=\"\" srcset=\"https:\/\/www.visitamalfi.info\/wp-content\/uploads\/2023\/06\/salone-donore-soffitto-restaurato-nel-1999-300x300.jpg 300w, https:\/\/www.visitamalfi.info\/wp-content\/uploads\/2023\/06\/salone-donore-soffitto-restaurato-nel-1999-510x510.jpg 510w, https:\/\/www.visitamalfi.info\/wp-content\/uploads\/2023\/06\/salone-donore-soffitto-restaurato-nel-1999-160x160.jpg 160w\" sizes=\"(max-width: 300px) 100vw, 300px\" \/><\/a>\n\t\t\t<\/div><\/figure>\n\t\t<\/div>\n\n<p><span style=\"font-weight: 400;\">La Caravella tambi\u00e9n cuenta con una colecci\u00f3n privada de obras de algunos de los artistas m\u00e1s famosos de la Costa Amalfitana que hacen que este restaurante sea \u00fanico y m\u00e1gico. <\/span><\/p>\n<p><span style=\"font-weight: 400;\">Por \u00faltimo, pero no por ello menos importante, la Cantina delle Rarit\u00e0 (Bodega de las Rarezas), situada a pocos pasos del restaurante, que alberga miles de botellas en el interior de una antigua galera construida piedra a piedra con materiales recuperados de la playa en torno al siglo XVII y reconocida por los conocedores del sector como una de las primeras de Italia. <\/span><\/p>\n<p><span style=\"font-weight: 400;\">El interior alberga <a href=\"https:\/\/www.ristorantelacaravella.it\/ceramic-art-gallery\/\"><strong>Galer\u00eda de Arte La Caravella<\/strong><\/a> que, gracias a la paciente b\u00fasqueda de obras preciosas y \u00fanicas de artistas locales, ha sido reconocida por el historiador y cr\u00edtico de arte Enzo Biffi Gentile como: &#8220;La Caravella es el Sal\u00f3n de Honor exterior de la cer\u00e1mica de Vietri sul Mare&#8221;.<\/span><\/p>\n","protected":false},"excerpt":{"rendered":"<p>Desde 1959, el restaurante Caravella, primera estrella Michelin del sur de Italia, es una parada culinaria ineludible en la costa amalfitana. Con estas palabras describe el Chef Antonio su arte: [&hellip;]<\/p>\n","protected":false},"featured_media":6913,"comment_status":"open","ping_status":"closed","template":"","ignition_package_destination":[],"ignition_package_category":[874],"experience":[270,340,248,335],"inspiration":[460,459],"season":[240,231,235,237],"class_list":["post-10952","ignition-package","type-ignition-package","status-publish","has-post-thumbnail","hentry","ignition_package_category-restaurantes-con-estrella","experience-boda","experience-gourmet-es","experience-amalfi-premium-es","experience-romantico","inspiration-vacaciones-de-relax","inspiration-vacaciones-en-pareja","season-invierno","season-otono","season-primavera-es","season-verano"],"yoast_head":"<!-- This site is optimized with the Yoast SEO plugin v27.3 - https:\/\/yoast.com\/product\/yoast-seo-wordpress\/ -->\n<title>La Caravella - Visit Amalfi<\/title>\n<meta name=\"robots\" content=\"index, follow, max-snippet:-1, max-image-preview:large, max-video-preview:-1\" \/>\n<link rel=\"canonical\" href=\"https:\/\/www.visitamalfi.info\/es\/package\/la-caravella\/\" \/>\n<meta property=\"og:locale\" content=\"es_ES\" \/>\n<meta property=\"og:type\" content=\"article\" \/>\n<meta property=\"og:title\" content=\"La Caravella - Visit Amalfi\" \/>\n<meta property=\"og:description\" content=\"Desde 1959, el restaurante Caravella, primera estrella Michelin del sur de Italia, es una parada culinaria ineludible en la costa amalfitana. Con estas palabras describe el Chef Antonio su arte: [&hellip;]\" \/>\n<meta property=\"og:url\" content=\"https:\/\/www.visitamalfi.info\/es\/package\/la-caravella\/\" \/>\n<meta property=\"og:site_name\" content=\"Visit Amalfi\" \/>\n<meta property=\"article:publisher\" content=\"https:\/\/www.facebook.com\/visitamalfiofficial\" \/>\n<meta property=\"article:modified_time\" content=\"2023-08-27T18:30:42+00:00\" \/>\n<meta property=\"og:image\" content=\"https:\/\/www.visitamalfi.info\/wp-content\/uploads\/2023\/06\/antonio-dipino-chef-scaled.jpg\" \/>\n\t<meta property=\"og:image:width\" content=\"1920\" \/>\n\t<meta property=\"og:image:height\" content=\"1387\" \/>\n\t<meta property=\"og:image:type\" content=\"image\/jpeg\" \/>\n<meta name=\"twitter:card\" content=\"summary_large_image\" \/>\n<meta name=\"twitter:label1\" content=\"Tiempo de lectura\" \/>\n\t<meta name=\"twitter:data1\" content=\"1 minuto\" \/>\n<script type=\"application\/ld+json\" class=\"yoast-schema-graph\">{\"@context\":\"https:\\\/\\\/schema.org\",\"@graph\":[{\"@type\":\"WebPage\",\"@id\":\"https:\\\/\\\/www.visitamalfi.info\\\/es\\\/package\\\/la-caravella\\\/\",\"url\":\"https:\\\/\\\/www.visitamalfi.info\\\/es\\\/package\\\/la-caravella\\\/\",\"name\":\"La Caravella - Visit Amalfi\",\"isPartOf\":{\"@id\":\"https:\\\/\\\/www.visitamalfi.info\\\/es\\\/#website\"},\"primaryImageOfPage\":{\"@id\":\"https:\\\/\\\/www.visitamalfi.info\\\/es\\\/package\\\/la-caravella\\\/#primaryimage\"},\"image\":{\"@id\":\"https:\\\/\\\/www.visitamalfi.info\\\/es\\\/package\\\/la-caravella\\\/#primaryimage\"},\"thumbnailUrl\":\"https:\\\/\\\/www.visitamalfi.info\\\/wp-content\\\/uploads\\\/2023\\\/06\\\/antonio-dipino-chef-scaled.jpg\",\"datePublished\":\"2023-08-27T18:28:58+00:00\",\"dateModified\":\"2023-08-27T18:30:42+00:00\",\"breadcrumb\":{\"@id\":\"https:\\\/\\\/www.visitamalfi.info\\\/es\\\/package\\\/la-caravella\\\/#breadcrumb\"},\"inLanguage\":\"es\",\"potentialAction\":[{\"@type\":\"ReadAction\",\"target\":[\"https:\\\/\\\/www.visitamalfi.info\\\/es\\\/package\\\/la-caravella\\\/\"]}]},{\"@type\":\"ImageObject\",\"inLanguage\":\"es\",\"@id\":\"https:\\\/\\\/www.visitamalfi.info\\\/es\\\/package\\\/la-caravella\\\/#primaryimage\",\"url\":\"https:\\\/\\\/www.visitamalfi.info\\\/wp-content\\\/uploads\\\/2023\\\/06\\\/antonio-dipino-chef-scaled.jpg\",\"contentUrl\":\"https:\\\/\\\/www.visitamalfi.info\\\/wp-content\\\/uploads\\\/2023\\\/06\\\/antonio-dipino-chef-scaled.jpg\",\"width\":1920,\"height\":1387},{\"@type\":\"BreadcrumbList\",\"@id\":\"https:\\\/\\\/www.visitamalfi.info\\\/es\\\/package\\\/la-caravella\\\/#breadcrumb\",\"itemListElement\":[{\"@type\":\"ListItem\",\"position\":1,\"name\":\"Home\",\"item\":\"https:\\\/\\\/www.visitamalfi.info\\\/es\\\/\"},{\"@type\":\"ListItem\",\"position\":2,\"name\":\"La Caravella\"}]},{\"@type\":\"WebSite\",\"@id\":\"https:\\\/\\\/www.visitamalfi.info\\\/es\\\/#website\",\"url\":\"https:\\\/\\\/www.visitamalfi.info\\\/es\\\/\",\"name\":\"Visit Amalfi\",\"description\":\"Amalfi Destination Official Website\",\"publisher\":{\"@id\":\"https:\\\/\\\/www.visitamalfi.info\\\/es\\\/#organization\"},\"potentialAction\":[{\"@type\":\"SearchAction\",\"target\":{\"@type\":\"EntryPoint\",\"urlTemplate\":\"https:\\\/\\\/www.visitamalfi.info\\\/es\\\/?s={search_term_string}\"},\"query-input\":{\"@type\":\"PropertyValueSpecification\",\"valueRequired\":true,\"valueName\":\"search_term_string\"}}],\"inLanguage\":\"es\"},{\"@type\":\"Organization\",\"@id\":\"https:\\\/\\\/www.visitamalfi.info\\\/es\\\/#organization\",\"name\":\"Visit Amalfi\",\"url\":\"https:\\\/\\\/www.visitamalfi.info\\\/es\\\/\",\"logo\":{\"@type\":\"ImageObject\",\"inLanguage\":\"es\",\"@id\":\"https:\\\/\\\/www.visitamalfi.info\\\/es\\\/#\\\/schema\\\/logo\\\/image\\\/\",\"url\":\"https:\\\/\\\/www.visitamalfi.info\\\/wp-content\\\/uploads\\\/2023\\\/04\\\/visit-amalfi-logo-web.png\",\"contentUrl\":\"https:\\\/\\\/www.visitamalfi.info\\\/wp-content\\\/uploads\\\/2023\\\/04\\\/visit-amalfi-logo-web.png\",\"width\":800,\"height\":870,\"caption\":\"Visit Amalfi\"},\"image\":{\"@id\":\"https:\\\/\\\/www.visitamalfi.info\\\/es\\\/#\\\/schema\\\/logo\\\/image\\\/\"},\"sameAs\":[\"https:\\\/\\\/www.facebook.com\\\/visitamalfiofficial\",\"https:\\\/\\\/www.instagram.com\\\/visitamalfiofficial\\\/\"]}]}<\/script>\n<!-- \/ Yoast SEO plugin. -->","yoast_head_json":{"title":"La Caravella - Visit Amalfi","robots":{"index":"index","follow":"follow","max-snippet":"max-snippet:-1","max-image-preview":"max-image-preview:large","max-video-preview":"max-video-preview:-1"},"canonical":"https:\/\/www.visitamalfi.info\/es\/package\/la-caravella\/","og_locale":"es_ES","og_type":"article","og_title":"La Caravella - Visit Amalfi","og_description":"Desde 1959, el restaurante Caravella, primera estrella Michelin del sur de Italia, es una parada culinaria ineludible en la costa amalfitana. Con estas palabras describe el Chef Antonio su arte: [&hellip;]","og_url":"https:\/\/www.visitamalfi.info\/es\/package\/la-caravella\/","og_site_name":"Visit Amalfi","article_publisher":"https:\/\/www.facebook.com\/visitamalfiofficial","article_modified_time":"2023-08-27T18:30:42+00:00","og_image":[{"width":1920,"height":1387,"url":"https:\/\/www.visitamalfi.info\/wp-content\/uploads\/2023\/06\/antonio-dipino-chef-scaled.jpg","type":"image\/jpeg"}],"twitter_card":"summary_large_image","twitter_misc":{"Tiempo de lectura":"1 minuto"},"schema":{"@context":"https:\/\/schema.org","@graph":[{"@type":"WebPage","@id":"https:\/\/www.visitamalfi.info\/es\/package\/la-caravella\/","url":"https:\/\/www.visitamalfi.info\/es\/package\/la-caravella\/","name":"La Caravella - Visit Amalfi","isPartOf":{"@id":"https:\/\/www.visitamalfi.info\/es\/#website"},"primaryImageOfPage":{"@id":"https:\/\/www.visitamalfi.info\/es\/package\/la-caravella\/#primaryimage"},"image":{"@id":"https:\/\/www.visitamalfi.info\/es\/package\/la-caravella\/#primaryimage"},"thumbnailUrl":"https:\/\/www.visitamalfi.info\/wp-content\/uploads\/2023\/06\/antonio-dipino-chef-scaled.jpg","datePublished":"2023-08-27T18:28:58+00:00","dateModified":"2023-08-27T18:30:42+00:00","breadcrumb":{"@id":"https:\/\/www.visitamalfi.info\/es\/package\/la-caravella\/#breadcrumb"},"inLanguage":"es","potentialAction":[{"@type":"ReadAction","target":["https:\/\/www.visitamalfi.info\/es\/package\/la-caravella\/"]}]},{"@type":"ImageObject","inLanguage":"es","@id":"https:\/\/www.visitamalfi.info\/es\/package\/la-caravella\/#primaryimage","url":"https:\/\/www.visitamalfi.info\/wp-content\/uploads\/2023\/06\/antonio-dipino-chef-scaled.jpg","contentUrl":"https:\/\/www.visitamalfi.info\/wp-content\/uploads\/2023\/06\/antonio-dipino-chef-scaled.jpg","width":1920,"height":1387},{"@type":"BreadcrumbList","@id":"https:\/\/www.visitamalfi.info\/es\/package\/la-caravella\/#breadcrumb","itemListElement":[{"@type":"ListItem","position":1,"name":"Home","item":"https:\/\/www.visitamalfi.info\/es\/"},{"@type":"ListItem","position":2,"name":"La Caravella"}]},{"@type":"WebSite","@id":"https:\/\/www.visitamalfi.info\/es\/#website","url":"https:\/\/www.visitamalfi.info\/es\/","name":"Visit Amalfi","description":"Amalfi Destination Official Website","publisher":{"@id":"https:\/\/www.visitamalfi.info\/es\/#organization"},"potentialAction":[{"@type":"SearchAction","target":{"@type":"EntryPoint","urlTemplate":"https:\/\/www.visitamalfi.info\/es\/?s={search_term_string}"},"query-input":{"@type":"PropertyValueSpecification","valueRequired":true,"valueName":"search_term_string"}}],"inLanguage":"es"},{"@type":"Organization","@id":"https:\/\/www.visitamalfi.info\/es\/#organization","name":"Visit Amalfi","url":"https:\/\/www.visitamalfi.info\/es\/","logo":{"@type":"ImageObject","inLanguage":"es","@id":"https:\/\/www.visitamalfi.info\/es\/#\/schema\/logo\/image\/","url":"https:\/\/www.visitamalfi.info\/wp-content\/uploads\/2023\/04\/visit-amalfi-logo-web.png","contentUrl":"https:\/\/www.visitamalfi.info\/wp-content\/uploads\/2023\/04\/visit-amalfi-logo-web.png","width":800,"height":870,"caption":"Visit Amalfi"},"image":{"@id":"https:\/\/www.visitamalfi.info\/es\/#\/schema\/logo\/image\/"},"sameAs":["https:\/\/www.facebook.com\/visitamalfiofficial","https:\/\/www.instagram.com\/visitamalfiofficial\/"]}]}},"_links":{"self":[{"href":"https:\/\/www.visitamalfi.info\/es\/wp-json\/wp\/v2\/ignition-package\/10952","targetHints":{"allow":["GET"]}}],"collection":[{"href":"https:\/\/www.visitamalfi.info\/es\/wp-json\/wp\/v2\/ignition-package"}],"about":[{"href":"https:\/\/www.visitamalfi.info\/es\/wp-json\/wp\/v2\/types\/ignition-package"}],"replies":[{"embeddable":true,"href":"https:\/\/www.visitamalfi.info\/es\/wp-json\/wp\/v2\/comments?post=10952"}],"version-history":[{"count":1,"href":"https:\/\/www.visitamalfi.info\/es\/wp-json\/wp\/v2\/ignition-package\/10952\/revisions"}],"predecessor-version":[{"id":10953,"href":"https:\/\/www.visitamalfi.info\/es\/wp-json\/wp\/v2\/ignition-package\/10952\/revisions\/10953"}],"wp:featuredmedia":[{"embeddable":true,"href":"https:\/\/www.visitamalfi.info\/es\/wp-json\/wp\/v2\/media\/6913"}],"wp:attachment":[{"href":"https:\/\/www.visitamalfi.info\/es\/wp-json\/wp\/v2\/media?parent=10952"}],"wp:term":[{"taxonomy":"ignition_package_destination","embeddable":true,"href":"https:\/\/www.visitamalfi.info\/es\/wp-json\/wp\/v2\/ignition_package_destination?post=10952"},{"taxonomy":"ignition_package_category","embeddable":true,"href":"https:\/\/www.visitamalfi.info\/es\/wp-json\/wp\/v2\/ignition_package_category?post=10952"},{"taxonomy":"experience","embeddable":true,"href":"https:\/\/www.visitamalfi.info\/es\/wp-json\/wp\/v2\/experience?post=10952"},{"taxonomy":"inspiration","embeddable":true,"href":"https:\/\/www.visitamalfi.info\/es\/wp-json\/wp\/v2\/inspiration?post=10952"},{"taxonomy":"season","embeddable":true,"href":"https:\/\/www.visitamalfi.info\/es\/wp-json\/wp\/v2\/season?post=10952"}],"curies":[{"name":"wp","href":"https:\/\/api.w.org\/{rel}","templated":true}]}}