{"id":16260,"date":"2025-09-03T09:34:19","date_gmt":"2025-09-03T07:34:19","guid":{"rendered":"https:\/\/www.visitamalfi.info\/poi\/complejo-de-la-cattedrale-di-santandrea\/"},"modified":"2026-01-19T10:53:24","modified_gmt":"2026-01-19T09:53:24","slug":"complejo-de-la-cattedrale-di-santandrea","status":"publish","type":"amw_poi","link":"https:\/\/www.visitamalfi.info\/es\/poi\/complejo-de-la-cattedrale-di-santandrea\/","title":{"rendered":"Complejo de la Cattedrale di Sant\u2019Andrea"},"content":{"rendered":"<p>El conjunto monumental de la catedral incluye el Chiostro del Paradiso, el Museo Diocesano de la Basilica del Crocifisso, la Cripta y la Catedral de Sant\u2019Andrea Este conjunto es un testimonio invaluable del pasado de Amalfi, cuando durante los a\u00f1os dorados de la Rep\u00fablica Mar\u00edtima fue un punto de encuentro entre el mundo occidental y oriental.<\/p>\n<p>La <strong>catedral de Sant\u2019Andrea<\/strong>, fundada en 987 por el duque de Amalfi Mansone I y ampliada a principios del siglo XIII por el cardenal Pietro Capuano, tiene planta basilical con crucero y \u00e1bside. En su interior, la catedral exhibe una impresionante colecci\u00f3n de obras de arte que incluye un elaborado artesonado, pinturas del siglo XVIII, una cruz de n\u00e1car tra\u00edda de Jerusal\u00e9n, la pila bautismal (hecha de p\u00f3rfido y proveniente de una villa romana antigua), dos antiguas columnas de granito egipcio procedentes de la cercana Paestum que sostienen el arco triunfal, columnillas retorcidas y p\u00falpitos de finales del siglo XII y principios del siglo XIII. La cripta alberga las reliquias de Sant&#8217;Andrea, de las que exuda un roc\u00edo, el llamado <em>manna<\/em>, cuyos efectos se consideran taumat\u00fargicos. El prodigio aparece documentado por primera vez el 29 de noviembre de 1304. Uno de los elementos m\u00e1s valiosos son las puertas de bronce, fabricadas en Constantinopla y donadas en 1060 por el rico mercader amalfitano Pantaleone de Comite Maurone. Era un punto de encuentro entre Oriente y Occidente.<\/p>\n<p>La <strong>Bas\u00edlica del Crocifisso<\/strong>, contigua a la Catedral y conectada directamente con ella en la Edad Media, toma su nombre del crucifijo de madera del siglo XIII que all\u00ed se conserva, y data del siglo IX y fue construida sobre un edificio paleocristiano preexistente. Inicialmente dedicado a Ntra. Sra. de la Asunci\u00f3n y Ss. Cosme y Dami\u00e1n, cuenta con tres naves separadas por columnas que sostienen arcos ligeramente apuntados, sobre los cuales se encuentra un matroneo. La restauraci\u00f3n, llevada a cabo entre 1931 y 1991 , elimin\u00f3 las superestructuras barrocas, restaurando la arquitectura rom\u00e1nica original. Actualmente, la bas\u00edlica alberga el Museo de Arte Sacro de la Catedral.<\/p>\n<p>El <strong>Chiostro Paradiso<\/strong> fue encargado por el arzobispo Filippo Augustariccio en 1268 como cementerio para los nobles amalfitanos. Se trata de un p\u00f3rtico de cuatro lados con arcos apuntados entrelazados, caracter\u00edstico de la arquitectura \u00e1rabe-normanda, que se apoya en finas columnas emparejadas, con seis capillas entre ellas, una de las cuales contiene un fresco atribuido a la escuela napolitana de Giotto. En la actualidad, alberga algunos sarc\u00f3fagos romanos, uno del siglo XIV y los vestigios de la fachada original de la catedral.<\/p>\n<p><strong>Horario de apertura  <\/strong><\/p>\n<p>Del 1 de marzo al 30 de junio<br \/>\nDe 9.00 a 18.30 h (\u00faltima admisi\u00f3n)<\/p>\n<p>Del 1 de julio al 31 de agosto<br \/>\nDe 9.00 a 19.30 h (\u00faltima admisi\u00f3n)<\/p>\n<p>Del 1 de septiembre al 2 de noviembre<br \/>\nDe 9.00 a 18.30 h (\u00faltima admisi\u00f3n)<\/p>\n<p>Del 3 de noviembre al 24 de diciembre<br \/>\nDe 10.00 a 14.30 h (\u00faltima entrada)<\/p>\n<p>Del 26 de diciembre al 6 de enero<br \/>\nDe 9.00 a 18.30 h (\u00faltima admisi\u00f3n)<\/p>\n<p>*Cerrado del 7 de enero al 28 de febrero<\/p>\n","protected":false},"excerpt":{"rendered":"<p>El conjunto monumental de la catedral incluye el Chiostro del Paradiso, el Museo Diocesano de la Basilica del Crocifisso, la Cripta y la Catedral de Sant\u2019Andrea Este conjunto es un [&hellip;]<\/p>\n","protected":false},"featured_media":15051,"comment_status":"open","ping_status":"closed","template":"","categoria_poi":[1773,1548,1556],"class_list":["post-16260","amw_poi","type-amw_poi","status-publish","has-post-thumbnail","hentry","categoria_poi-amalfi-centro-es","categoria_poi-cultura-es","categoria_poi-esperienza-es"],"yoast_head":"<!-- This site is optimized with the Yoast SEO plugin v27.3 - https:\/\/yoast.com\/product\/yoast-seo-wordpress\/ -->\n<title>Complejo de la Cattedrale di Sant\u2019Andrea - Visit Amalfi<\/title>\n<meta name=\"robots\" content=\"index, follow, max-snippet:-1, max-image-preview:large, max-video-preview:-1\" \/>\n<link rel=\"canonical\" href=\"https:\/\/www.visitamalfi.info\/es\/poi\/complejo-de-la-cattedrale-di-santandrea\/\" \/>\n<meta property=\"og:locale\" content=\"es_ES\" \/>\n<meta property=\"og:type\" content=\"article\" \/>\n<meta property=\"og:title\" content=\"Complejo de la Cattedrale di Sant\u2019Andrea - Visit Amalfi\" \/>\n<meta property=\"og:description\" content=\"El conjunto monumental de la catedral incluye el Chiostro del Paradiso, el Museo Diocesano de la Basilica del Crocifisso, la Cripta y la Catedral de Sant\u2019Andrea Este conjunto es un [&hellip;]\" \/>\n<meta property=\"og:url\" content=\"https:\/\/www.visitamalfi.info\/es\/poi\/complejo-de-la-cattedrale-di-santandrea\/\" \/>\n<meta property=\"og:site_name\" content=\"Visit Amalfi\" \/>\n<meta property=\"article:publisher\" content=\"https:\/\/www.facebook.com\/visitamalfiofficial\" \/>\n<meta property=\"article:modified_time\" content=\"2026-01-19T09:53:24+00:00\" \/>\n<meta property=\"og:image\" content=\"https:\/\/www.visitamalfi.info\/wp-content\/uploads\/2024\/03\/DSC03074.jpg\" \/>\n\t<meta property=\"og:image:width\" content=\"1280\" \/>\n\t<meta property=\"og:image:height\" content=\"1920\" \/>\n\t<meta property=\"og:image:type\" content=\"image\/jpeg\" \/>\n<meta name=\"twitter:card\" content=\"summary_large_image\" \/>\n<meta name=\"twitter:label1\" content=\"Tiempo de lectura\" \/>\n\t<meta name=\"twitter:data1\" content=\"3 minutos\" \/>\n<script type=\"application\/ld+json\" class=\"yoast-schema-graph\">{\"@context\":\"https:\\\/\\\/schema.org\",\"@graph\":[{\"@type\":\"WebPage\",\"@id\":\"https:\\\/\\\/www.visitamalfi.info\\\/es\\\/poi\\\/complejo-de-la-cattedrale-di-santandrea\\\/\",\"url\":\"https:\\\/\\\/www.visitamalfi.info\\\/es\\\/poi\\\/complejo-de-la-cattedrale-di-santandrea\\\/\",\"name\":\"Complejo de la Cattedrale di Sant\u2019Andrea - Visit Amalfi\",\"isPartOf\":{\"@id\":\"https:\\\/\\\/www.visitamalfi.info\\\/es\\\/#website\"},\"primaryImageOfPage\":{\"@id\":\"https:\\\/\\\/www.visitamalfi.info\\\/es\\\/poi\\\/complejo-de-la-cattedrale-di-santandrea\\\/#primaryimage\"},\"image\":{\"@id\":\"https:\\\/\\\/www.visitamalfi.info\\\/es\\\/poi\\\/complejo-de-la-cattedrale-di-santandrea\\\/#primaryimage\"},\"thumbnailUrl\":\"https:\\\/\\\/www.visitamalfi.info\\\/wp-content\\\/uploads\\\/2024\\\/03\\\/DSC03074.jpg\",\"datePublished\":\"2025-09-03T07:34:19+00:00\",\"dateModified\":\"2026-01-19T09:53:24+00:00\",\"breadcrumb\":{\"@id\":\"https:\\\/\\\/www.visitamalfi.info\\\/es\\\/poi\\\/complejo-de-la-cattedrale-di-santandrea\\\/#breadcrumb\"},\"inLanguage\":\"es\",\"potentialAction\":[{\"@type\":\"ReadAction\",\"target\":[\"https:\\\/\\\/www.visitamalfi.info\\\/es\\\/poi\\\/complejo-de-la-cattedrale-di-santandrea\\\/\"]}]},{\"@type\":\"ImageObject\",\"inLanguage\":\"es\",\"@id\":\"https:\\\/\\\/www.visitamalfi.info\\\/es\\\/poi\\\/complejo-de-la-cattedrale-di-santandrea\\\/#primaryimage\",\"url\":\"https:\\\/\\\/www.visitamalfi.info\\\/wp-content\\\/uploads\\\/2024\\\/03\\\/DSC03074.jpg\",\"contentUrl\":\"https:\\\/\\\/www.visitamalfi.info\\\/wp-content\\\/uploads\\\/2024\\\/03\\\/DSC03074.jpg\",\"width\":1280,\"height\":1920,\"caption\":\"Amalfi_ Piazza Duomo\"},{\"@type\":\"BreadcrumbList\",\"@id\":\"https:\\\/\\\/www.visitamalfi.info\\\/es\\\/poi\\\/complejo-de-la-cattedrale-di-santandrea\\\/#breadcrumb\",\"itemListElement\":[{\"@type\":\"ListItem\",\"position\":1,\"name\":\"Home\",\"item\":\"https:\\\/\\\/www.visitamalfi.info\\\/es\\\/\"},{\"@type\":\"ListItem\",\"position\":2,\"name\":\"Complejo de la Cattedrale di Sant\u2019Andrea\"}]},{\"@type\":\"WebSite\",\"@id\":\"https:\\\/\\\/www.visitamalfi.info\\\/es\\\/#website\",\"url\":\"https:\\\/\\\/www.visitamalfi.info\\\/es\\\/\",\"name\":\"Visit Amalfi\",\"description\":\"Amalfi Destination Official Website\",\"publisher\":{\"@id\":\"https:\\\/\\\/www.visitamalfi.info\\\/es\\\/#organization\"},\"potentialAction\":[{\"@type\":\"SearchAction\",\"target\":{\"@type\":\"EntryPoint\",\"urlTemplate\":\"https:\\\/\\\/www.visitamalfi.info\\\/es\\\/?s={search_term_string}\"},\"query-input\":{\"@type\":\"PropertyValueSpecification\",\"valueRequired\":true,\"valueName\":\"search_term_string\"}}],\"inLanguage\":\"es\"},{\"@type\":\"Organization\",\"@id\":\"https:\\\/\\\/www.visitamalfi.info\\\/es\\\/#organization\",\"name\":\"Visit Amalfi\",\"url\":\"https:\\\/\\\/www.visitamalfi.info\\\/es\\\/\",\"logo\":{\"@type\":\"ImageObject\",\"inLanguage\":\"es\",\"@id\":\"https:\\\/\\\/www.visitamalfi.info\\\/es\\\/#\\\/schema\\\/logo\\\/image\\\/\",\"url\":\"https:\\\/\\\/www.visitamalfi.info\\\/wp-content\\\/uploads\\\/2023\\\/04\\\/visit-amalfi-logo-web.png\",\"contentUrl\":\"https:\\\/\\\/www.visitamalfi.info\\\/wp-content\\\/uploads\\\/2023\\\/04\\\/visit-amalfi-logo-web.png\",\"width\":800,\"height\":870,\"caption\":\"Visit Amalfi\"},\"image\":{\"@id\":\"https:\\\/\\\/www.visitamalfi.info\\\/es\\\/#\\\/schema\\\/logo\\\/image\\\/\"},\"sameAs\":[\"https:\\\/\\\/www.facebook.com\\\/visitamalfiofficial\",\"https:\\\/\\\/www.instagram.com\\\/visitamalfiofficial\\\/\"]}]}<\/script>\n<!-- \/ Yoast SEO plugin. -->","yoast_head_json":{"title":"Complejo de la Cattedrale di Sant\u2019Andrea - Visit Amalfi","robots":{"index":"index","follow":"follow","max-snippet":"max-snippet:-1","max-image-preview":"max-image-preview:large","max-video-preview":"max-video-preview:-1"},"canonical":"https:\/\/www.visitamalfi.info\/es\/poi\/complejo-de-la-cattedrale-di-santandrea\/","og_locale":"es_ES","og_type":"article","og_title":"Complejo de la Cattedrale di Sant\u2019Andrea - Visit Amalfi","og_description":"El conjunto monumental de la catedral incluye el Chiostro del Paradiso, el Museo Diocesano de la Basilica del Crocifisso, la Cripta y la Catedral de Sant\u2019Andrea Este conjunto es un [&hellip;]","og_url":"https:\/\/www.visitamalfi.info\/es\/poi\/complejo-de-la-cattedrale-di-santandrea\/","og_site_name":"Visit Amalfi","article_publisher":"https:\/\/www.facebook.com\/visitamalfiofficial","article_modified_time":"2026-01-19T09:53:24+00:00","og_image":[{"width":1280,"height":1920,"url":"https:\/\/www.visitamalfi.info\/wp-content\/uploads\/2024\/03\/DSC03074.jpg","type":"image\/jpeg"}],"twitter_card":"summary_large_image","twitter_misc":{"Tiempo de lectura":"3 minutos"},"schema":{"@context":"https:\/\/schema.org","@graph":[{"@type":"WebPage","@id":"https:\/\/www.visitamalfi.info\/es\/poi\/complejo-de-la-cattedrale-di-santandrea\/","url":"https:\/\/www.visitamalfi.info\/es\/poi\/complejo-de-la-cattedrale-di-santandrea\/","name":"Complejo de la Cattedrale di Sant\u2019Andrea - Visit Amalfi","isPartOf":{"@id":"https:\/\/www.visitamalfi.info\/es\/#website"},"primaryImageOfPage":{"@id":"https:\/\/www.visitamalfi.info\/es\/poi\/complejo-de-la-cattedrale-di-santandrea\/#primaryimage"},"image":{"@id":"https:\/\/www.visitamalfi.info\/es\/poi\/complejo-de-la-cattedrale-di-santandrea\/#primaryimage"},"thumbnailUrl":"https:\/\/www.visitamalfi.info\/wp-content\/uploads\/2024\/03\/DSC03074.jpg","datePublished":"2025-09-03T07:34:19+00:00","dateModified":"2026-01-19T09:53:24+00:00","breadcrumb":{"@id":"https:\/\/www.visitamalfi.info\/es\/poi\/complejo-de-la-cattedrale-di-santandrea\/#breadcrumb"},"inLanguage":"es","potentialAction":[{"@type":"ReadAction","target":["https:\/\/www.visitamalfi.info\/es\/poi\/complejo-de-la-cattedrale-di-santandrea\/"]}]},{"@type":"ImageObject","inLanguage":"es","@id":"https:\/\/www.visitamalfi.info\/es\/poi\/complejo-de-la-cattedrale-di-santandrea\/#primaryimage","url":"https:\/\/www.visitamalfi.info\/wp-content\/uploads\/2024\/03\/DSC03074.jpg","contentUrl":"https:\/\/www.visitamalfi.info\/wp-content\/uploads\/2024\/03\/DSC03074.jpg","width":1280,"height":1920,"caption":"Amalfi_ Piazza Duomo"},{"@type":"BreadcrumbList","@id":"https:\/\/www.visitamalfi.info\/es\/poi\/complejo-de-la-cattedrale-di-santandrea\/#breadcrumb","itemListElement":[{"@type":"ListItem","position":1,"name":"Home","item":"https:\/\/www.visitamalfi.info\/es\/"},{"@type":"ListItem","position":2,"name":"Complejo de la Cattedrale di Sant\u2019Andrea"}]},{"@type":"WebSite","@id":"https:\/\/www.visitamalfi.info\/es\/#website","url":"https:\/\/www.visitamalfi.info\/es\/","name":"Visit Amalfi","description":"Amalfi Destination Official Website","publisher":{"@id":"https:\/\/www.visitamalfi.info\/es\/#organization"},"potentialAction":[{"@type":"SearchAction","target":{"@type":"EntryPoint","urlTemplate":"https:\/\/www.visitamalfi.info\/es\/?s={search_term_string}"},"query-input":{"@type":"PropertyValueSpecification","valueRequired":true,"valueName":"search_term_string"}}],"inLanguage":"es"},{"@type":"Organization","@id":"https:\/\/www.visitamalfi.info\/es\/#organization","name":"Visit Amalfi","url":"https:\/\/www.visitamalfi.info\/es\/","logo":{"@type":"ImageObject","inLanguage":"es","@id":"https:\/\/www.visitamalfi.info\/es\/#\/schema\/logo\/image\/","url":"https:\/\/www.visitamalfi.info\/wp-content\/uploads\/2023\/04\/visit-amalfi-logo-web.png","contentUrl":"https:\/\/www.visitamalfi.info\/wp-content\/uploads\/2023\/04\/visit-amalfi-logo-web.png","width":800,"height":870,"caption":"Visit Amalfi"},"image":{"@id":"https:\/\/www.visitamalfi.info\/es\/#\/schema\/logo\/image\/"},"sameAs":["https:\/\/www.facebook.com\/visitamalfiofficial","https:\/\/www.instagram.com\/visitamalfiofficial\/"]}]}},"_links":{"self":[{"href":"https:\/\/www.visitamalfi.info\/es\/wp-json\/wp\/v2\/amw_poi\/16260","targetHints":{"allow":["GET"]}}],"collection":[{"href":"https:\/\/www.visitamalfi.info\/es\/wp-json\/wp\/v2\/amw_poi"}],"about":[{"href":"https:\/\/www.visitamalfi.info\/es\/wp-json\/wp\/v2\/types\/amw_poi"}],"replies":[{"embeddable":true,"href":"https:\/\/www.visitamalfi.info\/es\/wp-json\/wp\/v2\/comments?post=16260"}],"version-history":[{"count":3,"href":"https:\/\/www.visitamalfi.info\/es\/wp-json\/wp\/v2\/amw_poi\/16260\/revisions"}],"predecessor-version":[{"id":23791,"href":"https:\/\/www.visitamalfi.info\/es\/wp-json\/wp\/v2\/amw_poi\/16260\/revisions\/23791"}],"wp:featuredmedia":[{"embeddable":true,"href":"https:\/\/www.visitamalfi.info\/es\/wp-json\/wp\/v2\/media\/15051"}],"wp:attachment":[{"href":"https:\/\/www.visitamalfi.info\/es\/wp-json\/wp\/v2\/media?parent=16260"}],"wp:term":[{"taxonomy":"categoria_poi","embeddable":true,"href":"https:\/\/www.visitamalfi.info\/es\/wp-json\/wp\/v2\/categoria_poi?post=16260"}],"curies":[{"name":"wp","href":"https:\/\/api.w.org\/{rel}","templated":true}]}}