{"id":16257,"date":"2025-09-03T09:32:16","date_gmt":"2025-09-03T07:32:16","guid":{"rendered":"https:\/\/www.visitamalfi.info\/poi\/etapas-del-desplazamiento-de-las-reliquias-de-san-andres\/"},"modified":"2024-07-16T12:43:08","modified_gmt":"2024-07-16T10:43:08","slug":"etapas-del-desplazamiento-de-las-reliquias-de-san-andres","status":"publish","type":"amw_poi","link":"https:\/\/www.visitamalfi.info\/es\/poi\/etapas-del-desplazamiento-de-las-reliquias-de-san-andres\/","title":{"rendered":"Etapas del desplazamiento de las reliquias de San Andr\u00e9s"},"content":{"rendered":"<p>El 8 de mayo de 1208 es una fecha muy importante para los habitantes de Amalfi. De hecho, las reliquias del ap\u00f3stol Andr\u00e9s, tra\u00eddas de Constantinopla a Amalfi por el cardenal Pietro Capuano, fueron entregadas a la Iglesia amalfitana.<\/p>\n<p>Para el transporte se dispuso una flota de no menos de nueve galeras. Tras navegar hasta Siria, los restos llegaron a Gaeta, donde el cardenal los envi\u00f3 a casa en ba\u00fales sellados.<\/p>\n<p>Antes de entregar las reliquias a los amalfitanos, el cardenal hizo construir a sus expensas el crucero y la cripta de la catedral.<\/p>\n<p>En un momento de la historia en que todo el mundo andaba a la caza de reliquias, el cardenal decidi\u00f3 esconder algunas de ellas, como la cabeza de San Andr\u00e9s, en un lugar conocido por pocos; las otras las confi\u00f3 a la veneraci\u00f3n p\u00fablica, pero las enterr\u00f3 en lo m\u00e1s profundo bajo el altar mayor.<\/p>\n<p>La urna no se encontr\u00f3 hasta el 2 de enero de 1603, durante las obras de transformaci\u00f3n barroca de la cripta, pero se volvi\u00f3 a enterrar para protegerla de las incursiones berberiscas.<\/p>\n<p>En la noche del 28 al 29 de enero de 1846, durante trabajos en el suelo, la urna volvi\u00f3 a ser descubierta y desde entonces ha estado expuesta para la veneraci\u00f3n de los fieles.<\/p>\n","protected":false},"excerpt":{"rendered":"<p>El 8 de mayo de 1208 es una fecha muy importante para los habitantes de Amalfi. De hecho, las reliquias del ap\u00f3stol Andr\u00e9s, tra\u00eddas de Constantinopla a Amalfi por el [&hellip;]<\/p>\n","protected":false},"featured_media":15171,"comment_status":"open","ping_status":"closed","template":"","categoria_poi":[1773,1548],"class_list":["post-16257","amw_poi","type-amw_poi","status-publish","has-post-thumbnail","hentry","categoria_poi-amalfi-centro-es","categoria_poi-cultura-es"],"yoast_head":"<!-- This site is optimized with the Yoast SEO plugin v27.3 - https:\/\/yoast.com\/product\/yoast-seo-wordpress\/ -->\n<title>Etapas del desplazamiento de las reliquias de San Andr\u00e9s - Visit Amalfi<\/title>\n<meta name=\"robots\" content=\"index, follow, max-snippet:-1, max-image-preview:large, max-video-preview:-1\" \/>\n<link rel=\"canonical\" href=\"https:\/\/www.visitamalfi.info\/es\/poi\/etapas-del-desplazamiento-de-las-reliquias-de-san-andres\/\" \/>\n<meta property=\"og:locale\" content=\"es_ES\" \/>\n<meta property=\"og:type\" content=\"article\" \/>\n<meta property=\"og:title\" content=\"Etapas del desplazamiento de las reliquias de San Andr\u00e9s - Visit Amalfi\" \/>\n<meta property=\"og:description\" content=\"El 8 de mayo de 1208 es una fecha muy importante para los habitantes de Amalfi. De hecho, las reliquias del ap\u00f3stol Andr\u00e9s, tra\u00eddas de Constantinopla a Amalfi por el [&hellip;]\" \/>\n<meta property=\"og:url\" content=\"https:\/\/www.visitamalfi.info\/es\/poi\/etapas-del-desplazamiento-de-las-reliquias-de-san-andres\/\" \/>\n<meta property=\"og:site_name\" content=\"Visit Amalfi\" \/>\n<meta property=\"article:publisher\" content=\"https:\/\/www.facebook.com\/visitamalfiofficial\" \/>\n<meta property=\"og:image\" content=\"https:\/\/www.visitamalfi.info\/wp-content\/uploads\/2024\/03\/TRASLAZIONE-RELIQUIE-S.-ANDREA-CON-E-SENZA-MODELLI-M.ABBAGNARA-5.jpg\" \/>\n\t<meta property=\"og:image:width\" content=\"1920\" \/>\n\t<meta property=\"og:image:height\" content=\"1280\" \/>\n\t<meta property=\"og:image:type\" content=\"image\/jpeg\" \/>\n<meta name=\"twitter:card\" content=\"summary_large_image\" \/>\n<meta name=\"twitter:label1\" content=\"Tiempo de lectura\" \/>\n\t<meta name=\"twitter:data1\" content=\"2 minutos\" \/>\n<script type=\"application\/ld+json\" class=\"yoast-schema-graph\">{\"@context\":\"https:\\\/\\\/schema.org\",\"@graph\":[{\"@type\":\"WebPage\",\"@id\":\"https:\\\/\\\/www.visitamalfi.info\\\/es\\\/poi\\\/etapas-del-desplazamiento-de-las-reliquias-de-san-andres\\\/\",\"url\":\"https:\\\/\\\/www.visitamalfi.info\\\/es\\\/poi\\\/etapas-del-desplazamiento-de-las-reliquias-de-san-andres\\\/\",\"name\":\"Etapas del desplazamiento de las reliquias de San Andr\u00e9s - Visit Amalfi\",\"isPartOf\":{\"@id\":\"https:\\\/\\\/www.visitamalfi.info\\\/es\\\/#website\"},\"primaryImageOfPage\":{\"@id\":\"https:\\\/\\\/www.visitamalfi.info\\\/es\\\/poi\\\/etapas-del-desplazamiento-de-las-reliquias-de-san-andres\\\/#primaryimage\"},\"image\":{\"@id\":\"https:\\\/\\\/www.visitamalfi.info\\\/es\\\/poi\\\/etapas-del-desplazamiento-de-las-reliquias-de-san-andres\\\/#primaryimage\"},\"thumbnailUrl\":\"https:\\\/\\\/www.visitamalfi.info\\\/wp-content\\\/uploads\\\/2024\\\/03\\\/TRASLAZIONE-RELIQUIE-S.-ANDREA-CON-E-SENZA-MODELLI-M.ABBAGNARA-5.jpg\",\"datePublished\":\"2025-09-03T07:32:16+00:00\",\"breadcrumb\":{\"@id\":\"https:\\\/\\\/www.visitamalfi.info\\\/es\\\/poi\\\/etapas-del-desplazamiento-de-las-reliquias-de-san-andres\\\/#breadcrumb\"},\"inLanguage\":\"es\",\"potentialAction\":[{\"@type\":\"ReadAction\",\"target\":[\"https:\\\/\\\/www.visitamalfi.info\\\/es\\\/poi\\\/etapas-del-desplazamiento-de-las-reliquias-de-san-andres\\\/\"]}]},{\"@type\":\"ImageObject\",\"inLanguage\":\"es\",\"@id\":\"https:\\\/\\\/www.visitamalfi.info\\\/es\\\/poi\\\/etapas-del-desplazamiento-de-las-reliquias-de-san-andres\\\/#primaryimage\",\"url\":\"https:\\\/\\\/www.visitamalfi.info\\\/wp-content\\\/uploads\\\/2024\\\/03\\\/TRASLAZIONE-RELIQUIE-S.-ANDREA-CON-E-SENZA-MODELLI-M.ABBAGNARA-5.jpg\",\"contentUrl\":\"https:\\\/\\\/www.visitamalfi.info\\\/wp-content\\\/uploads\\\/2024\\\/03\\\/TRASLAZIONE-RELIQUIE-S.-ANDREA-CON-E-SENZA-MODELLI-M.ABBAGNARA-5.jpg\",\"width\":1920,\"height\":1280,\"caption\":\"A\"},{\"@type\":\"BreadcrumbList\",\"@id\":\"https:\\\/\\\/www.visitamalfi.info\\\/es\\\/poi\\\/etapas-del-desplazamiento-de-las-reliquias-de-san-andres\\\/#breadcrumb\",\"itemListElement\":[{\"@type\":\"ListItem\",\"position\":1,\"name\":\"Home\",\"item\":\"https:\\\/\\\/www.visitamalfi.info\\\/es\\\/\"},{\"@type\":\"ListItem\",\"position\":2,\"name\":\"Etapas del desplazamiento de las reliquias de San Andr\u00e9s\"}]},{\"@type\":\"WebSite\",\"@id\":\"https:\\\/\\\/www.visitamalfi.info\\\/es\\\/#website\",\"url\":\"https:\\\/\\\/www.visitamalfi.info\\\/es\\\/\",\"name\":\"Visit Amalfi\",\"description\":\"Amalfi Destination Official Website\",\"publisher\":{\"@id\":\"https:\\\/\\\/www.visitamalfi.info\\\/es\\\/#organization\"},\"potentialAction\":[{\"@type\":\"SearchAction\",\"target\":{\"@type\":\"EntryPoint\",\"urlTemplate\":\"https:\\\/\\\/www.visitamalfi.info\\\/es\\\/?s={search_term_string}\"},\"query-input\":{\"@type\":\"PropertyValueSpecification\",\"valueRequired\":true,\"valueName\":\"search_term_string\"}}],\"inLanguage\":\"es\"},{\"@type\":\"Organization\",\"@id\":\"https:\\\/\\\/www.visitamalfi.info\\\/es\\\/#organization\",\"name\":\"Visit Amalfi\",\"url\":\"https:\\\/\\\/www.visitamalfi.info\\\/es\\\/\",\"logo\":{\"@type\":\"ImageObject\",\"inLanguage\":\"es\",\"@id\":\"https:\\\/\\\/www.visitamalfi.info\\\/es\\\/#\\\/schema\\\/logo\\\/image\\\/\",\"url\":\"https:\\\/\\\/www.visitamalfi.info\\\/wp-content\\\/uploads\\\/2023\\\/04\\\/visit-amalfi-logo-web.png\",\"contentUrl\":\"https:\\\/\\\/www.visitamalfi.info\\\/wp-content\\\/uploads\\\/2023\\\/04\\\/visit-amalfi-logo-web.png\",\"width\":800,\"height\":870,\"caption\":\"Visit Amalfi\"},\"image\":{\"@id\":\"https:\\\/\\\/www.visitamalfi.info\\\/es\\\/#\\\/schema\\\/logo\\\/image\\\/\"},\"sameAs\":[\"https:\\\/\\\/www.facebook.com\\\/visitamalfiofficial\",\"https:\\\/\\\/www.instagram.com\\\/visitamalfiofficial\\\/\"]}]}<\/script>\n<!-- \/ Yoast SEO plugin. -->","yoast_head_json":{"title":"Etapas del desplazamiento de las reliquias de San Andr\u00e9s - Visit Amalfi","robots":{"index":"index","follow":"follow","max-snippet":"max-snippet:-1","max-image-preview":"max-image-preview:large","max-video-preview":"max-video-preview:-1"},"canonical":"https:\/\/www.visitamalfi.info\/es\/poi\/etapas-del-desplazamiento-de-las-reliquias-de-san-andres\/","og_locale":"es_ES","og_type":"article","og_title":"Etapas del desplazamiento de las reliquias de San Andr\u00e9s - Visit Amalfi","og_description":"El 8 de mayo de 1208 es una fecha muy importante para los habitantes de Amalfi. De hecho, las reliquias del ap\u00f3stol Andr\u00e9s, tra\u00eddas de Constantinopla a Amalfi por el [&hellip;]","og_url":"https:\/\/www.visitamalfi.info\/es\/poi\/etapas-del-desplazamiento-de-las-reliquias-de-san-andres\/","og_site_name":"Visit Amalfi","article_publisher":"https:\/\/www.facebook.com\/visitamalfiofficial","og_image":[{"width":1920,"height":1280,"url":"https:\/\/www.visitamalfi.info\/wp-content\/uploads\/2024\/03\/TRASLAZIONE-RELIQUIE-S.-ANDREA-CON-E-SENZA-MODELLI-M.ABBAGNARA-5.jpg","type":"image\/jpeg"}],"twitter_card":"summary_large_image","twitter_misc":{"Tiempo de lectura":"2 minutos"},"schema":{"@context":"https:\/\/schema.org","@graph":[{"@type":"WebPage","@id":"https:\/\/www.visitamalfi.info\/es\/poi\/etapas-del-desplazamiento-de-las-reliquias-de-san-andres\/","url":"https:\/\/www.visitamalfi.info\/es\/poi\/etapas-del-desplazamiento-de-las-reliquias-de-san-andres\/","name":"Etapas del desplazamiento de las reliquias de San Andr\u00e9s - Visit Amalfi","isPartOf":{"@id":"https:\/\/www.visitamalfi.info\/es\/#website"},"primaryImageOfPage":{"@id":"https:\/\/www.visitamalfi.info\/es\/poi\/etapas-del-desplazamiento-de-las-reliquias-de-san-andres\/#primaryimage"},"image":{"@id":"https:\/\/www.visitamalfi.info\/es\/poi\/etapas-del-desplazamiento-de-las-reliquias-de-san-andres\/#primaryimage"},"thumbnailUrl":"https:\/\/www.visitamalfi.info\/wp-content\/uploads\/2024\/03\/TRASLAZIONE-RELIQUIE-S.-ANDREA-CON-E-SENZA-MODELLI-M.ABBAGNARA-5.jpg","datePublished":"2025-09-03T07:32:16+00:00","breadcrumb":{"@id":"https:\/\/www.visitamalfi.info\/es\/poi\/etapas-del-desplazamiento-de-las-reliquias-de-san-andres\/#breadcrumb"},"inLanguage":"es","potentialAction":[{"@type":"ReadAction","target":["https:\/\/www.visitamalfi.info\/es\/poi\/etapas-del-desplazamiento-de-las-reliquias-de-san-andres\/"]}]},{"@type":"ImageObject","inLanguage":"es","@id":"https:\/\/www.visitamalfi.info\/es\/poi\/etapas-del-desplazamiento-de-las-reliquias-de-san-andres\/#primaryimage","url":"https:\/\/www.visitamalfi.info\/wp-content\/uploads\/2024\/03\/TRASLAZIONE-RELIQUIE-S.-ANDREA-CON-E-SENZA-MODELLI-M.ABBAGNARA-5.jpg","contentUrl":"https:\/\/www.visitamalfi.info\/wp-content\/uploads\/2024\/03\/TRASLAZIONE-RELIQUIE-S.-ANDREA-CON-E-SENZA-MODELLI-M.ABBAGNARA-5.jpg","width":1920,"height":1280,"caption":"A"},{"@type":"BreadcrumbList","@id":"https:\/\/www.visitamalfi.info\/es\/poi\/etapas-del-desplazamiento-de-las-reliquias-de-san-andres\/#breadcrumb","itemListElement":[{"@type":"ListItem","position":1,"name":"Home","item":"https:\/\/www.visitamalfi.info\/es\/"},{"@type":"ListItem","position":2,"name":"Etapas del desplazamiento de las reliquias de San Andr\u00e9s"}]},{"@type":"WebSite","@id":"https:\/\/www.visitamalfi.info\/es\/#website","url":"https:\/\/www.visitamalfi.info\/es\/","name":"Visit Amalfi","description":"Amalfi Destination Official Website","publisher":{"@id":"https:\/\/www.visitamalfi.info\/es\/#organization"},"potentialAction":[{"@type":"SearchAction","target":{"@type":"EntryPoint","urlTemplate":"https:\/\/www.visitamalfi.info\/es\/?s={search_term_string}"},"query-input":{"@type":"PropertyValueSpecification","valueRequired":true,"valueName":"search_term_string"}}],"inLanguage":"es"},{"@type":"Organization","@id":"https:\/\/www.visitamalfi.info\/es\/#organization","name":"Visit Amalfi","url":"https:\/\/www.visitamalfi.info\/es\/","logo":{"@type":"ImageObject","inLanguage":"es","@id":"https:\/\/www.visitamalfi.info\/es\/#\/schema\/logo\/image\/","url":"https:\/\/www.visitamalfi.info\/wp-content\/uploads\/2023\/04\/visit-amalfi-logo-web.png","contentUrl":"https:\/\/www.visitamalfi.info\/wp-content\/uploads\/2023\/04\/visit-amalfi-logo-web.png","width":800,"height":870,"caption":"Visit Amalfi"},"image":{"@id":"https:\/\/www.visitamalfi.info\/es\/#\/schema\/logo\/image\/"},"sameAs":["https:\/\/www.facebook.com\/visitamalfiofficial","https:\/\/www.instagram.com\/visitamalfiofficial\/"]}]}},"_links":{"self":[{"href":"https:\/\/www.visitamalfi.info\/es\/wp-json\/wp\/v2\/amw_poi\/16257","targetHints":{"allow":["GET"]}}],"collection":[{"href":"https:\/\/www.visitamalfi.info\/es\/wp-json\/wp\/v2\/amw_poi"}],"about":[{"href":"https:\/\/www.visitamalfi.info\/es\/wp-json\/wp\/v2\/types\/amw_poi"}],"replies":[{"embeddable":true,"href":"https:\/\/www.visitamalfi.info\/es\/wp-json\/wp\/v2\/comments?post=16257"}],"version-history":[{"count":1,"href":"https:\/\/www.visitamalfi.info\/es\/wp-json\/wp\/v2\/amw_poi\/16257\/revisions"}],"predecessor-version":[{"id":19532,"href":"https:\/\/www.visitamalfi.info\/es\/wp-json\/wp\/v2\/amw_poi\/16257\/revisions\/19532"}],"wp:featuredmedia":[{"embeddable":true,"href":"https:\/\/www.visitamalfi.info\/es\/wp-json\/wp\/v2\/media\/15171"}],"wp:attachment":[{"href":"https:\/\/www.visitamalfi.info\/es\/wp-json\/wp\/v2\/media?parent=16257"}],"wp:term":[{"taxonomy":"categoria_poi","embeddable":true,"href":"https:\/\/www.visitamalfi.info\/es\/wp-json\/wp\/v2\/categoria_poi?post=16257"}],"curies":[{"name":"wp","href":"https:\/\/api.w.org\/{rel}","templated":true}]}}