{"id":7808,"date":"2023-05-26T14:21:05","date_gmt":"2023-05-26T12:21:05","guid":{"rendered":"https:\/\/www.visitamalfi.info\/amw-accommodation\/core-amalfitano-city-suites-terraza\/"},"modified":"2023-07-14T19:41:56","modified_gmt":"2023-07-14T17:41:56","slug":"core-amalfitano-city-suites-terraza","status":"publish","type":"amw_accommodation","link":"https:\/\/www.visitamalfi.info\/es\/amw-accommodation\/core-amalfitano-city-suites-terraza\/","title":{"rendered":"Core Amalfitano City Suites Terrazza"},"content":{"rendered":"<div id='gallery-1' class='gallery galleryid-7808 gallery-columns-4 gallery-size-thumbnail'><figure class='gallery-item'>\n\t\t\t<div class='gallery-icon landscape'>\n\t\t\t\t<a href='https:\/\/www.visitamalfi.info\/wp-content\/uploads\/2023\/05\/R2-scaled.jpg' data-lightbox=\"gal[7808]\"><img decoding=\"async\" width=\"150\" height=\"150\" src=\"https:\/\/www.visitamalfi.info\/wp-content\/uploads\/2023\/05\/R2-150x150.jpg\" class=\"attachment-thumbnail size-thumbnail\" alt=\"\" srcset=\"https:\/\/www.visitamalfi.info\/wp-content\/uploads\/2023\/05\/R2-150x150.jpg 150w, https:\/\/www.visitamalfi.info\/wp-content\/uploads\/2023\/05\/R2-510x510.jpg 510w, https:\/\/www.visitamalfi.info\/wp-content\/uploads\/2023\/05\/R2-160x160.jpg 160w\" sizes=\"(max-width: 150px) 100vw, 150px\" \/><\/a>\n\t\t\t<\/div><\/figure><figure class='gallery-item'>\n\t\t\t<div class='gallery-icon landscape'>\n\t\t\t\t<a href='https:\/\/www.visitamalfi.info\/wp-content\/uploads\/2023\/05\/R4-scaled.jpg' data-lightbox=\"gal[7808]\"><img decoding=\"async\" width=\"150\" height=\"150\" src=\"https:\/\/www.visitamalfi.info\/wp-content\/uploads\/2023\/05\/R4-150x150.jpg\" class=\"attachment-thumbnail size-thumbnail\" alt=\"\" srcset=\"https:\/\/www.visitamalfi.info\/wp-content\/uploads\/2023\/05\/R4-150x150.jpg 150w, https:\/\/www.visitamalfi.info\/wp-content\/uploads\/2023\/05\/R4-510x510.jpg 510w, https:\/\/www.visitamalfi.info\/wp-content\/uploads\/2023\/05\/R4-160x160.jpg 160w\" sizes=\"(max-width: 150px) 100vw, 150px\" \/><\/a>\n\t\t\t<\/div><\/figure><figure class='gallery-item'>\n\t\t\t<div class='gallery-icon landscape'>\n\t\t\t\t<a href='https:\/\/www.visitamalfi.info\/wp-content\/uploads\/2023\/05\/P17-scaled.jpg' data-lightbox=\"gal[7808]\"><img decoding=\"async\" width=\"150\" height=\"150\" src=\"https:\/\/www.visitamalfi.info\/wp-content\/uploads\/2023\/05\/P17-150x150.jpg\" class=\"attachment-thumbnail size-thumbnail\" alt=\"\" srcset=\"https:\/\/www.visitamalfi.info\/wp-content\/uploads\/2023\/05\/P17-150x150.jpg 150w, https:\/\/www.visitamalfi.info\/wp-content\/uploads\/2023\/05\/P17-510x510.jpg 510w, https:\/\/www.visitamalfi.info\/wp-content\/uploads\/2023\/05\/P17-160x160.jpg 160w\" sizes=\"(max-width: 150px) 100vw, 150px\" \/><\/a>\n\t\t\t<\/div><\/figure><figure class='gallery-item'>\n\t\t\t<div class='gallery-icon landscape'>\n\t\t\t\t<a href='https:\/\/www.visitamalfi.info\/wp-content\/uploads\/2023\/05\/R7-scaled.jpg' data-lightbox=\"gal[7808]\"><img loading=\"lazy\" decoding=\"async\" width=\"150\" height=\"150\" src=\"https:\/\/www.visitamalfi.info\/wp-content\/uploads\/2023\/05\/R7-150x150.jpg\" class=\"attachment-thumbnail size-thumbnail\" alt=\"\" srcset=\"https:\/\/www.visitamalfi.info\/wp-content\/uploads\/2023\/05\/R7-150x150.jpg 150w, https:\/\/www.visitamalfi.info\/wp-content\/uploads\/2023\/05\/R7-510x510.jpg 510w, https:\/\/www.visitamalfi.info\/wp-content\/uploads\/2023\/05\/R7-160x160.jpg 160w\" sizes=\"(max-width: 150px) 100vw, 150px\" \/><\/a>\n\t\t\t<\/div><\/figure>\n\t\t<\/div>\n\n<p><span style=\"font-weight: 400;\">El Core Amalfitano City Suites Terrace est\u00e1 situado cerca de las playas de Marina Grande y Lido Delle Sirene, un espacio confortable en el coraz\u00f3n de Amalfi donde podr\u00e1 apreciar y experimentar la belleza de la zona en total relajaci\u00f3n. <\/span><\/p>\n<p><span style=\"font-weight: 400;\">La instalaci\u00f3n cuenta con <\/span><span style=\"font-weight: 400;\">cuatro habitaciones con vistas al mar cuyo mobiliario y colores se inspiran en las ciudades de Positano, Ravello, Atrani y Furore. Cada habitaci\u00f3n ha sido cuidadosamente amueblada con especial atenci\u00f3n a los detalles, el confort y el bienestar de sus hu\u00e9spedes. El suelo de las habitaciones es de la mejor porcelana vietnamita artigia<\/span><span style=\"font-weight: 400;\">nal con muebles seleccionados entre las mejores empresas Made in Italy, una mezcla de funcionalidad y belleza sin descuidar el estilo d<\/span><span style=\"font-weight: 400;\">in\u00e1mica contempor\u00e1nea. Los alojamientos disponen de aire acondicionado, balc\u00f3n, TV de pantalla plana y ba\u00f1o privado con ducha. <\/span><span style=\"font-weight: 400;\">bid\u00e9 y art\u00edculos de aseo, minibar y hervidor de agua.<\/span><\/p>\n<div id='gallery-2' class='gallery galleryid-7808 gallery-columns-4 gallery-size-thumbnail'><figure class='gallery-item'>\n\t\t\t<div class='gallery-icon landscape'>\n\t\t\t\t<a href='https:\/\/www.visitamalfi.info\/wp-content\/uploads\/2023\/05\/P6-scaled.jpg' data-lightbox=\"gal[7808]\"><img loading=\"lazy\" decoding=\"async\" width=\"150\" height=\"150\" src=\"https:\/\/www.visitamalfi.info\/wp-content\/uploads\/2023\/05\/P6-150x150.jpg\" class=\"attachment-thumbnail size-thumbnail\" alt=\"\" srcset=\"https:\/\/www.visitamalfi.info\/wp-content\/uploads\/2023\/05\/P6-150x150.jpg 150w, https:\/\/www.visitamalfi.info\/wp-content\/uploads\/2023\/05\/P6-510x510.jpg 510w, https:\/\/www.visitamalfi.info\/wp-content\/uploads\/2023\/05\/P6-160x160.jpg 160w\" sizes=\"(max-width: 150px) 100vw, 150px\" \/><\/a>\n\t\t\t<\/div><\/figure><figure class='gallery-item'>\n\t\t\t<div class='gallery-icon landscape'>\n\t\t\t\t<a href='https:\/\/www.visitamalfi.info\/wp-content\/uploads\/2023\/05\/A6-scaled.jpg' data-lightbox=\"gal[7808]\"><img loading=\"lazy\" decoding=\"async\" width=\"150\" height=\"150\" src=\"https:\/\/www.visitamalfi.info\/wp-content\/uploads\/2023\/05\/A6-150x150.jpg\" class=\"attachment-thumbnail size-thumbnail\" alt=\"\" srcset=\"https:\/\/www.visitamalfi.info\/wp-content\/uploads\/2023\/05\/A6-150x150.jpg 150w, https:\/\/www.visitamalfi.info\/wp-content\/uploads\/2023\/05\/A6-510x510.jpg 510w, https:\/\/www.visitamalfi.info\/wp-content\/uploads\/2023\/05\/A6-160x160.jpg 160w\" sizes=\"(max-width: 150px) 100vw, 150px\" \/><\/a>\n\t\t\t<\/div><\/figure><figure class='gallery-item'>\n\t\t\t<div class='gallery-icon landscape'>\n\t\t\t\t<a href='https:\/\/www.visitamalfi.info\/wp-content\/uploads\/2023\/05\/P3-scaled.jpg' data-lightbox=\"gal[7808]\"><img loading=\"lazy\" decoding=\"async\" width=\"150\" height=\"150\" src=\"https:\/\/www.visitamalfi.info\/wp-content\/uploads\/2023\/05\/P3-150x150.jpg\" class=\"attachment-thumbnail size-thumbnail\" alt=\"\" srcset=\"https:\/\/www.visitamalfi.info\/wp-content\/uploads\/2023\/05\/P3-150x150.jpg 150w, https:\/\/www.visitamalfi.info\/wp-content\/uploads\/2023\/05\/P3-510x510.jpg 510w, https:\/\/www.visitamalfi.info\/wp-content\/uploads\/2023\/05\/P3-160x160.jpg 160w\" sizes=\"(max-width: 150px) 100vw, 150px\" \/><\/a>\n\t\t\t<\/div><\/figure><figure class='gallery-item'>\n\t\t\t<div class='gallery-icon landscape'>\n\t\t\t\t<a href='https:\/\/www.visitamalfi.info\/wp-content\/uploads\/2023\/05\/P9-scaled.jpg' data-lightbox=\"gal[7808]\"><img loading=\"lazy\" decoding=\"async\" width=\"150\" height=\"150\" src=\"https:\/\/www.visitamalfi.info\/wp-content\/uploads\/2023\/05\/P9-150x150.jpg\" class=\"attachment-thumbnail size-thumbnail\" alt=\"\" srcset=\"https:\/\/www.visitamalfi.info\/wp-content\/uploads\/2023\/05\/P9-150x150.jpg 150w, https:\/\/www.visitamalfi.info\/wp-content\/uploads\/2023\/05\/P9-510x510.jpg 510w, https:\/\/www.visitamalfi.info\/wp-content\/uploads\/2023\/05\/P9-160x160.jpg 160w\" sizes=\"(max-width: 150px) 100vw, 150px\" \/><\/a>\n\t\t\t<\/div><\/figure>\n\t\t<\/div>\n\n<p><span style=\"font-weight: 400;\">El hotel tambi\u00e9n ofrece un servicio de desayuno europeo en un restaurante al aire libre situado en el centro de Amalfi. <\/span><\/p>\n<p><span style=\"font-weight: 400;\">Tambi\u00e9n es una oficina oficial de Trenitalia y de billetes de ferry multimarca. <\/span><\/p>\n<p><span style=\"font-weight: 400;\">Un libro al atardecer acompa\u00f1ado de una copa de vino en una de las terrazas del Core Amalfitano City Suites es la mejor manera de terminar un agradable d\u00eda pasado entre la belleza de Amalfi y sus alrededores.<\/span><\/p>\n","protected":false},"excerpt":{"rendered":"<p>El Core Amalfitano City Suites Terrace es un espacio confortable en el coraz\u00f3n de Amalfi donde podr\u00e1 apreciar y experimentar la belleza de la zona con total relajaci\u00f3n. <\/p>\n","protected":false},"featured_media":0,"template":"","accommodation_strenghts":[],"season":[240,231,235,237],"accommodation_amenities":[],"amw_accommodation_type":[515],"class_list":["post-7808","amw_accommodation","type-amw_accommodation","status-publish","hentry","season-invierno","season-otono","season-primavera-es","season-verano","amw_accommodation_type-habitaciones"],"yoast_head":"<!-- This site is optimized with the Yoast SEO plugin v27.3 - https:\/\/yoast.com\/product\/yoast-seo-wordpress\/ -->\n<title>Core Amalfitano City Suites Terrazza - Visit Amalfi<\/title>\n<meta name=\"robots\" content=\"index, follow, max-snippet:-1, max-image-preview:large, max-video-preview:-1\" \/>\n<link rel=\"canonical\" href=\"https:\/\/www.visitamalfi.info\/es\/amw-accommodation\/core-amalfitano-city-suites-terraza\/\" \/>\n<meta property=\"og:locale\" content=\"es_ES\" \/>\n<meta property=\"og:type\" content=\"article\" \/>\n<meta property=\"og:title\" content=\"Core Amalfitano City Suites Terrazza - Visit Amalfi\" \/>\n<meta property=\"og:description\" content=\"El Core Amalfitano City Suites Terrace es un espacio confortable en el coraz\u00f3n de Amalfi donde podr\u00e1 apreciar y experimentar la belleza de la zona con total relajaci\u00f3n.\" \/>\n<meta property=\"og:url\" content=\"https:\/\/www.visitamalfi.info\/es\/amw-accommodation\/core-amalfitano-city-suites-terraza\/\" \/>\n<meta property=\"og:site_name\" content=\"Visit Amalfi\" \/>\n<meta property=\"article:publisher\" content=\"https:\/\/www.facebook.com\/visitamalfiofficial\" \/>\n<meta property=\"article:modified_time\" content=\"2023-07-14T17:41:56+00:00\" \/>\n<meta property=\"og:image\" content=\"https:\/\/www.visitamalfi.info\/wp-content\/uploads\/2023\/05\/R2-150x150.jpg\" \/>\n<meta name=\"twitter:card\" content=\"summary_large_image\" \/>\n<meta name=\"twitter:label1\" content=\"Tiempo de lectura\" \/>\n\t<meta name=\"twitter:data1\" content=\"1 minuto\" \/>\n<script type=\"application\/ld+json\" class=\"yoast-schema-graph\">{\"@context\":\"https:\\\/\\\/schema.org\",\"@graph\":[{\"@type\":\"WebPage\",\"@id\":\"https:\\\/\\\/www.visitamalfi.info\\\/es\\\/amw-accommodation\\\/core-amalfitano-city-suites-terraza\\\/\",\"url\":\"https:\\\/\\\/www.visitamalfi.info\\\/es\\\/amw-accommodation\\\/core-amalfitano-city-suites-terraza\\\/\",\"name\":\"Core Amalfitano City Suites Terrazza - Visit Amalfi\",\"isPartOf\":{\"@id\":\"https:\\\/\\\/www.visitamalfi.info\\\/es\\\/#website\"},\"datePublished\":\"2023-05-26T12:21:05+00:00\",\"dateModified\":\"2023-07-14T17:41:56+00:00\",\"breadcrumb\":{\"@id\":\"https:\\\/\\\/www.visitamalfi.info\\\/es\\\/amw-accommodation\\\/core-amalfitano-city-suites-terraza\\\/#breadcrumb\"},\"inLanguage\":\"es\",\"potentialAction\":[{\"@type\":\"ReadAction\",\"target\":[\"https:\\\/\\\/www.visitamalfi.info\\\/es\\\/amw-accommodation\\\/core-amalfitano-city-suites-terraza\\\/\"]}]},{\"@type\":\"BreadcrumbList\",\"@id\":\"https:\\\/\\\/www.visitamalfi.info\\\/es\\\/amw-accommodation\\\/core-amalfitano-city-suites-terraza\\\/#breadcrumb\",\"itemListElement\":[{\"@type\":\"ListItem\",\"position\":1,\"name\":\"Home\",\"item\":\"https:\\\/\\\/www.visitamalfi.info\\\/es\\\/\"},{\"@type\":\"ListItem\",\"position\":2,\"name\":\"Core Amalfitano City Suites Terrazza\"}]},{\"@type\":\"WebSite\",\"@id\":\"https:\\\/\\\/www.visitamalfi.info\\\/es\\\/#website\",\"url\":\"https:\\\/\\\/www.visitamalfi.info\\\/es\\\/\",\"name\":\"Visit Amalfi\",\"description\":\"Amalfi Destination Official Website\",\"publisher\":{\"@id\":\"https:\\\/\\\/www.visitamalfi.info\\\/es\\\/#organization\"},\"potentialAction\":[{\"@type\":\"SearchAction\",\"target\":{\"@type\":\"EntryPoint\",\"urlTemplate\":\"https:\\\/\\\/www.visitamalfi.info\\\/es\\\/?s={search_term_string}\"},\"query-input\":{\"@type\":\"PropertyValueSpecification\",\"valueRequired\":true,\"valueName\":\"search_term_string\"}}],\"inLanguage\":\"es\"},{\"@type\":\"Organization\",\"@id\":\"https:\\\/\\\/www.visitamalfi.info\\\/es\\\/#organization\",\"name\":\"Visit Amalfi\",\"url\":\"https:\\\/\\\/www.visitamalfi.info\\\/es\\\/\",\"logo\":{\"@type\":\"ImageObject\",\"inLanguage\":\"es\",\"@id\":\"https:\\\/\\\/www.visitamalfi.info\\\/es\\\/#\\\/schema\\\/logo\\\/image\\\/\",\"url\":\"https:\\\/\\\/www.visitamalfi.info\\\/wp-content\\\/uploads\\\/2023\\\/04\\\/visit-amalfi-logo-web.png\",\"contentUrl\":\"https:\\\/\\\/www.visitamalfi.info\\\/wp-content\\\/uploads\\\/2023\\\/04\\\/visit-amalfi-logo-web.png\",\"width\":800,\"height\":870,\"caption\":\"Visit Amalfi\"},\"image\":{\"@id\":\"https:\\\/\\\/www.visitamalfi.info\\\/es\\\/#\\\/schema\\\/logo\\\/image\\\/\"},\"sameAs\":[\"https:\\\/\\\/www.facebook.com\\\/visitamalfiofficial\",\"https:\\\/\\\/www.instagram.com\\\/visitamalfiofficial\\\/\"]}]}<\/script>\n<!-- \/ Yoast SEO plugin. -->","yoast_head_json":{"title":"Core Amalfitano City Suites Terrazza - Visit Amalfi","robots":{"index":"index","follow":"follow","max-snippet":"max-snippet:-1","max-image-preview":"max-image-preview:large","max-video-preview":"max-video-preview:-1"},"canonical":"https:\/\/www.visitamalfi.info\/es\/amw-accommodation\/core-amalfitano-city-suites-terraza\/","og_locale":"es_ES","og_type":"article","og_title":"Core Amalfitano City Suites Terrazza - Visit Amalfi","og_description":"El Core Amalfitano City Suites Terrace es un espacio confortable en el coraz\u00f3n de Amalfi donde podr\u00e1 apreciar y experimentar la belleza de la zona con total relajaci\u00f3n.","og_url":"https:\/\/www.visitamalfi.info\/es\/amw-accommodation\/core-amalfitano-city-suites-terraza\/","og_site_name":"Visit Amalfi","article_publisher":"https:\/\/www.facebook.com\/visitamalfiofficial","article_modified_time":"2023-07-14T17:41:56+00:00","og_image":[{"url":"https:\/\/www.visitamalfi.info\/wp-content\/uploads\/2023\/05\/R2-150x150.jpg","type":"","width":"","height":""}],"twitter_card":"summary_large_image","twitter_misc":{"Tiempo de lectura":"1 minuto"},"schema":{"@context":"https:\/\/schema.org","@graph":[{"@type":"WebPage","@id":"https:\/\/www.visitamalfi.info\/es\/amw-accommodation\/core-amalfitano-city-suites-terraza\/","url":"https:\/\/www.visitamalfi.info\/es\/amw-accommodation\/core-amalfitano-city-suites-terraza\/","name":"Core Amalfitano City Suites Terrazza - Visit Amalfi","isPartOf":{"@id":"https:\/\/www.visitamalfi.info\/es\/#website"},"datePublished":"2023-05-26T12:21:05+00:00","dateModified":"2023-07-14T17:41:56+00:00","breadcrumb":{"@id":"https:\/\/www.visitamalfi.info\/es\/amw-accommodation\/core-amalfitano-city-suites-terraza\/#breadcrumb"},"inLanguage":"es","potentialAction":[{"@type":"ReadAction","target":["https:\/\/www.visitamalfi.info\/es\/amw-accommodation\/core-amalfitano-city-suites-terraza\/"]}]},{"@type":"BreadcrumbList","@id":"https:\/\/www.visitamalfi.info\/es\/amw-accommodation\/core-amalfitano-city-suites-terraza\/#breadcrumb","itemListElement":[{"@type":"ListItem","position":1,"name":"Home","item":"https:\/\/www.visitamalfi.info\/es\/"},{"@type":"ListItem","position":2,"name":"Core Amalfitano City Suites Terrazza"}]},{"@type":"WebSite","@id":"https:\/\/www.visitamalfi.info\/es\/#website","url":"https:\/\/www.visitamalfi.info\/es\/","name":"Visit Amalfi","description":"Amalfi Destination Official Website","publisher":{"@id":"https:\/\/www.visitamalfi.info\/es\/#organization"},"potentialAction":[{"@type":"SearchAction","target":{"@type":"EntryPoint","urlTemplate":"https:\/\/www.visitamalfi.info\/es\/?s={search_term_string}"},"query-input":{"@type":"PropertyValueSpecification","valueRequired":true,"valueName":"search_term_string"}}],"inLanguage":"es"},{"@type":"Organization","@id":"https:\/\/www.visitamalfi.info\/es\/#organization","name":"Visit Amalfi","url":"https:\/\/www.visitamalfi.info\/es\/","logo":{"@type":"ImageObject","inLanguage":"es","@id":"https:\/\/www.visitamalfi.info\/es\/#\/schema\/logo\/image\/","url":"https:\/\/www.visitamalfi.info\/wp-content\/uploads\/2023\/04\/visit-amalfi-logo-web.png","contentUrl":"https:\/\/www.visitamalfi.info\/wp-content\/uploads\/2023\/04\/visit-amalfi-logo-web.png","width":800,"height":870,"caption":"Visit Amalfi"},"image":{"@id":"https:\/\/www.visitamalfi.info\/es\/#\/schema\/logo\/image\/"},"sameAs":["https:\/\/www.facebook.com\/visitamalfiofficial","https:\/\/www.instagram.com\/visitamalfiofficial\/"]}]}},"_links":{"self":[{"href":"https:\/\/www.visitamalfi.info\/es\/wp-json\/wp\/v2\/amw_accommodation\/7808","targetHints":{"allow":["GET"]}}],"collection":[{"href":"https:\/\/www.visitamalfi.info\/es\/wp-json\/wp\/v2\/amw_accommodation"}],"about":[{"href":"https:\/\/www.visitamalfi.info\/es\/wp-json\/wp\/v2\/types\/amw_accommodation"}],"version-history":[{"count":1,"href":"https:\/\/www.visitamalfi.info\/es\/wp-json\/wp\/v2\/amw_accommodation\/7808\/revisions"}],"predecessor-version":[{"id":8724,"href":"https:\/\/www.visitamalfi.info\/es\/wp-json\/wp\/v2\/amw_accommodation\/7808\/revisions\/8724"}],"wp:attachment":[{"href":"https:\/\/www.visitamalfi.info\/es\/wp-json\/wp\/v2\/media?parent=7808"}],"wp:term":[{"taxonomy":"accommodation_strenghts","embeddable":true,"href":"https:\/\/www.visitamalfi.info\/es\/wp-json\/wp\/v2\/accommodation_strenghts?post=7808"},{"taxonomy":"season","embeddable":true,"href":"https:\/\/www.visitamalfi.info\/es\/wp-json\/wp\/v2\/season?post=7808"},{"taxonomy":"accommodation_amenities","embeddable":true,"href":"https:\/\/www.visitamalfi.info\/es\/wp-json\/wp\/v2\/accommodation_amenities?post=7808"},{"taxonomy":"amw_accommodation_type","embeddable":true,"href":"https:\/\/www.visitamalfi.info\/es\/wp-json\/wp\/v2\/amw_accommodation_type?post=7808"}],"curies":[{"name":"wp","href":"https:\/\/api.w.org\/{rel}","templated":true}]}}