{"id":7803,"date":"2023-05-26T14:21:05","date_gmt":"2023-05-26T12:21:05","guid":{"rendered":"https:\/\/www.visitamalfi.info\/amw-accommodation\/residencia-luz\/"},"modified":"2023-07-14T19:42:19","modified_gmt":"2023-07-14T17:42:19","slug":"residencia-luz","status":"publish","type":"amw_accommodation","link":"https:\/\/www.visitamalfi.info\/es\/amw-accommodation\/residencia-luz\/","title":{"rendered":"Residenza Luce"},"content":{"rendered":"<div id='gallery-1' class='gallery galleryid-7803 gallery-columns-4 gallery-size-thumbnail'><figure class='gallery-item'>\n\t\t\t<div class='gallery-icon landscape'>\n\t\t\t\t<a href='https:\/\/www.visitamalfi.info\/wp-content\/uploads\/2023\/05\/Dup.suite_.jpg' data-lightbox=\"gal[7803]\"><img decoding=\"async\" width=\"150\" height=\"150\" src=\"https:\/\/www.visitamalfi.info\/wp-content\/uploads\/2023\/05\/Dup.suite_-150x150.jpg\" class=\"attachment-thumbnail size-thumbnail\" alt=\"\" srcset=\"https:\/\/www.visitamalfi.info\/wp-content\/uploads\/2023\/05\/Dup.suite_-150x150.jpg 150w, https:\/\/www.visitamalfi.info\/wp-content\/uploads\/2023\/05\/Dup.suite_-510x510.jpg 510w, https:\/\/www.visitamalfi.info\/wp-content\/uploads\/2023\/05\/Dup.suite_-160x160.jpg 160w\" sizes=\"(max-width: 150px) 100vw, 150px\" \/><\/a>\n\t\t\t<\/div><\/figure><figure class='gallery-item'>\n\t\t\t<div class='gallery-icon landscape'>\n\t\t\t\t<a href='https:\/\/www.visitamalfi.info\/wp-content\/uploads\/2023\/05\/DSC_3538.jpg' data-lightbox=\"gal[7803]\"><img decoding=\"async\" width=\"150\" height=\"150\" src=\"https:\/\/www.visitamalfi.info\/wp-content\/uploads\/2023\/05\/DSC_3538-150x150.jpg\" class=\"attachment-thumbnail size-thumbnail\" alt=\"\" srcset=\"https:\/\/www.visitamalfi.info\/wp-content\/uploads\/2023\/05\/DSC_3538-150x150.jpg 150w, https:\/\/www.visitamalfi.info\/wp-content\/uploads\/2023\/05\/DSC_3538-160x160.jpg 160w\" sizes=\"(max-width: 150px) 100vw, 150px\" \/><\/a>\n\t\t\t<\/div><\/figure><figure class='gallery-item'>\n\t\t\t<div class='gallery-icon landscape'>\n\t\t\t\t<a href='https:\/\/www.visitamalfi.info\/wp-content\/uploads\/2023\/05\/J.suite-2.jpg' data-lightbox=\"gal[7803]\"><img decoding=\"async\" width=\"150\" height=\"150\" src=\"https:\/\/www.visitamalfi.info\/wp-content\/uploads\/2023\/05\/J.suite-2-150x150.jpg\" class=\"attachment-thumbnail size-thumbnail\" alt=\"\" srcset=\"https:\/\/www.visitamalfi.info\/wp-content\/uploads\/2023\/05\/J.suite-2-150x150.jpg 150w, https:\/\/www.visitamalfi.info\/wp-content\/uploads\/2023\/05\/J.suite-2-160x160.jpg 160w\" sizes=\"(max-width: 150px) 100vw, 150px\" \/><\/a>\n\t\t\t<\/div><\/figure><figure class='gallery-item'>\n\t\t\t<div class='gallery-icon portrait'>\n\t\t\t\t<a href='https:\/\/www.visitamalfi.info\/wp-content\/uploads\/2023\/05\/DSC_0209.jpg' data-lightbox=\"gal[7803]\"><img loading=\"lazy\" decoding=\"async\" width=\"150\" height=\"150\" src=\"https:\/\/www.visitamalfi.info\/wp-content\/uploads\/2023\/05\/DSC_0209-150x150.jpg\" class=\"attachment-thumbnail size-thumbnail\" alt=\"\" srcset=\"https:\/\/www.visitamalfi.info\/wp-content\/uploads\/2023\/05\/DSC_0209-150x150.jpg 150w, https:\/\/www.visitamalfi.info\/wp-content\/uploads\/2023\/05\/DSC_0209-510x510.jpg 510w, https:\/\/www.visitamalfi.info\/wp-content\/uploads\/2023\/05\/DSC_0209-160x160.jpg 160w\" sizes=\"(max-width: 150px) 100vw, 150px\" \/><\/a>\n\t\t\t<\/div><\/figure>\n\t\t<\/div>\n\n<p><span style=\"font-weight: 400;\">La Residenza Luce es un elegante Bed &amp; Breakfast con vistas al encantador centro hist\u00f3rico de Amalfi,<\/span>a pocos pasos de las playas y de las principales atracciones de la ciudad.<\/p>\n<p><span style=\"font-weight: 400;\">El edificio conserva el encanto y la belleza de tiempos pasados, donde cada detalle se cuida con esmero para satisfacer las necesidades de sus hu\u00e9spedes. <\/span><\/p>\n<p><span style=\"font-weight: 400;\">La Residenza Luce dispone de 10 amplias y luminosas habitaciones con ba\u00f1o, en las que el estilo mediterr\u00e1neo de los preciosos herrajes, los accesorios y la cer\u00e1mica de Vietri decorada a mano confieren al vest\u00edbulo y a las habitaciones un ambiente acogedor y rom\u00e1ntico. Las habitaciones est\u00e1n equipadas con ba\u00f1era de hidromasaje o c\u00f3moda cabina de ducha, aire acondicionado, tel\u00e9fono, minibar, TV v\u00eda sat\u00e9lite, caja fuerte, radio y punto de acceso a Internet con Ethernet o Wifi.<\/span><\/p>\n<p><span style=\"font-weight: 400;\">El rico desayuno, incluido en el precio de la estancia, se sirve en una terraza con vistas a la catedral y ofrece una amplia selecci\u00f3n de especialidades dulces y saladas para empezar el d\u00eda en Amalfi con la energ\u00eda adecuada. <\/span><\/p>\n<p><span style=\"font-weight: 400;\">Para estancias del 1 de noviembre al 31 de marzo, Residenza Luce ofrece 1 traslado desde o hacia el aeropuerto de N\u00e1poles o la estaci\u00f3n de tren de Salerno.<\/span><\/p>\n","protected":false},"excerpt":{"rendered":"<p>La Residenza Luce es un elegante Bed &amp; Breakfast con vistas al encantador centro hist\u00f3rico de Amalfi, a pocos pasos de las playas y de las principales atracciones de la ciudad.<\/p>\n","protected":false},"featured_media":0,"template":"","accommodation_strenghts":[],"season":[240,231,235,237],"accommodation_amenities":[],"amw_accommodation_type":[507],"class_list":["post-7803","amw_accommodation","type-amw_accommodation","status-publish","hentry","season-invierno","season-otono","season-primavera-es","season-verano","amw_accommodation_type-bb-es"],"yoast_head":"<!-- This site is optimized with the Yoast SEO plugin v27.3 - https:\/\/yoast.com\/product\/yoast-seo-wordpress\/ -->\n<title>Residenza Luce - Visit Amalfi<\/title>\n<meta name=\"robots\" content=\"index, follow, max-snippet:-1, max-image-preview:large, max-video-preview:-1\" \/>\n<link rel=\"canonical\" href=\"https:\/\/www.visitamalfi.info\/es\/amw-accommodation\/residencia-luz\/\" \/>\n<meta property=\"og:locale\" content=\"es_ES\" \/>\n<meta property=\"og:type\" content=\"article\" \/>\n<meta property=\"og:title\" content=\"Residenza Luce - Visit Amalfi\" \/>\n<meta property=\"og:description\" content=\"La Residenza Luce es un elegante Bed &amp; Breakfast con vistas al encantador centro hist\u00f3rico de Amalfi, a pocos pasos de las playas y de las principales atracciones de la ciudad.\" \/>\n<meta property=\"og:url\" content=\"https:\/\/www.visitamalfi.info\/es\/amw-accommodation\/residencia-luz\/\" \/>\n<meta property=\"og:site_name\" content=\"Visit Amalfi\" \/>\n<meta property=\"article:publisher\" content=\"https:\/\/www.facebook.com\/visitamalfiofficial\" \/>\n<meta property=\"article:modified_time\" content=\"2023-07-14T17:42:19+00:00\" \/>\n<meta property=\"og:image\" content=\"https:\/\/www.visitamalfi.info\/wp-content\/uploads\/2023\/05\/Dup.suite_-150x150.jpg\" \/>\n<meta name=\"twitter:card\" content=\"summary_large_image\" \/>\n<meta name=\"twitter:label1\" content=\"Tiempo de lectura\" \/>\n\t<meta name=\"twitter:data1\" content=\"1 minuto\" \/>\n<script type=\"application\/ld+json\" class=\"yoast-schema-graph\">{\"@context\":\"https:\\\/\\\/schema.org\",\"@graph\":[{\"@type\":\"WebPage\",\"@id\":\"https:\\\/\\\/www.visitamalfi.info\\\/es\\\/amw-accommodation\\\/residencia-luz\\\/\",\"url\":\"https:\\\/\\\/www.visitamalfi.info\\\/es\\\/amw-accommodation\\\/residencia-luz\\\/\",\"name\":\"Residenza Luce - Visit Amalfi\",\"isPartOf\":{\"@id\":\"https:\\\/\\\/www.visitamalfi.info\\\/es\\\/#website\"},\"datePublished\":\"2023-05-26T12:21:05+00:00\",\"dateModified\":\"2023-07-14T17:42:19+00:00\",\"breadcrumb\":{\"@id\":\"https:\\\/\\\/www.visitamalfi.info\\\/es\\\/amw-accommodation\\\/residencia-luz\\\/#breadcrumb\"},\"inLanguage\":\"es\",\"potentialAction\":[{\"@type\":\"ReadAction\",\"target\":[\"https:\\\/\\\/www.visitamalfi.info\\\/es\\\/amw-accommodation\\\/residencia-luz\\\/\"]}]},{\"@type\":\"BreadcrumbList\",\"@id\":\"https:\\\/\\\/www.visitamalfi.info\\\/es\\\/amw-accommodation\\\/residencia-luz\\\/#breadcrumb\",\"itemListElement\":[{\"@type\":\"ListItem\",\"position\":1,\"name\":\"Home\",\"item\":\"https:\\\/\\\/www.visitamalfi.info\\\/es\\\/\"},{\"@type\":\"ListItem\",\"position\":2,\"name\":\"Residenza Luce\"}]},{\"@type\":\"WebSite\",\"@id\":\"https:\\\/\\\/www.visitamalfi.info\\\/es\\\/#website\",\"url\":\"https:\\\/\\\/www.visitamalfi.info\\\/es\\\/\",\"name\":\"Visit Amalfi\",\"description\":\"Amalfi Destination Official Website\",\"publisher\":{\"@id\":\"https:\\\/\\\/www.visitamalfi.info\\\/es\\\/#organization\"},\"potentialAction\":[{\"@type\":\"SearchAction\",\"target\":{\"@type\":\"EntryPoint\",\"urlTemplate\":\"https:\\\/\\\/www.visitamalfi.info\\\/es\\\/?s={search_term_string}\"},\"query-input\":{\"@type\":\"PropertyValueSpecification\",\"valueRequired\":true,\"valueName\":\"search_term_string\"}}],\"inLanguage\":\"es\"},{\"@type\":\"Organization\",\"@id\":\"https:\\\/\\\/www.visitamalfi.info\\\/es\\\/#organization\",\"name\":\"Visit Amalfi\",\"url\":\"https:\\\/\\\/www.visitamalfi.info\\\/es\\\/\",\"logo\":{\"@type\":\"ImageObject\",\"inLanguage\":\"es\",\"@id\":\"https:\\\/\\\/www.visitamalfi.info\\\/es\\\/#\\\/schema\\\/logo\\\/image\\\/\",\"url\":\"https:\\\/\\\/www.visitamalfi.info\\\/wp-content\\\/uploads\\\/2023\\\/04\\\/visit-amalfi-logo-web.png\",\"contentUrl\":\"https:\\\/\\\/www.visitamalfi.info\\\/wp-content\\\/uploads\\\/2023\\\/04\\\/visit-amalfi-logo-web.png\",\"width\":800,\"height\":870,\"caption\":\"Visit Amalfi\"},\"image\":{\"@id\":\"https:\\\/\\\/www.visitamalfi.info\\\/es\\\/#\\\/schema\\\/logo\\\/image\\\/\"},\"sameAs\":[\"https:\\\/\\\/www.facebook.com\\\/visitamalfiofficial\",\"https:\\\/\\\/www.instagram.com\\\/visitamalfiofficial\\\/\"]}]}<\/script>\n<!-- \/ Yoast SEO plugin. -->","yoast_head_json":{"title":"Residenza Luce - Visit Amalfi","robots":{"index":"index","follow":"follow","max-snippet":"max-snippet:-1","max-image-preview":"max-image-preview:large","max-video-preview":"max-video-preview:-1"},"canonical":"https:\/\/www.visitamalfi.info\/es\/amw-accommodation\/residencia-luz\/","og_locale":"es_ES","og_type":"article","og_title":"Residenza Luce - Visit Amalfi","og_description":"La Residenza Luce es un elegante Bed &amp; Breakfast con vistas al encantador centro hist\u00f3rico de Amalfi, a pocos pasos de las playas y de las principales atracciones de la ciudad.","og_url":"https:\/\/www.visitamalfi.info\/es\/amw-accommodation\/residencia-luz\/","og_site_name":"Visit Amalfi","article_publisher":"https:\/\/www.facebook.com\/visitamalfiofficial","article_modified_time":"2023-07-14T17:42:19+00:00","og_image":[{"url":"https:\/\/www.visitamalfi.info\/wp-content\/uploads\/2023\/05\/Dup.suite_-150x150.jpg","type":"","width":"","height":""}],"twitter_card":"summary_large_image","twitter_misc":{"Tiempo de lectura":"1 minuto"},"schema":{"@context":"https:\/\/schema.org","@graph":[{"@type":"WebPage","@id":"https:\/\/www.visitamalfi.info\/es\/amw-accommodation\/residencia-luz\/","url":"https:\/\/www.visitamalfi.info\/es\/amw-accommodation\/residencia-luz\/","name":"Residenza Luce - Visit Amalfi","isPartOf":{"@id":"https:\/\/www.visitamalfi.info\/es\/#website"},"datePublished":"2023-05-26T12:21:05+00:00","dateModified":"2023-07-14T17:42:19+00:00","breadcrumb":{"@id":"https:\/\/www.visitamalfi.info\/es\/amw-accommodation\/residencia-luz\/#breadcrumb"},"inLanguage":"es","potentialAction":[{"@type":"ReadAction","target":["https:\/\/www.visitamalfi.info\/es\/amw-accommodation\/residencia-luz\/"]}]},{"@type":"BreadcrumbList","@id":"https:\/\/www.visitamalfi.info\/es\/amw-accommodation\/residencia-luz\/#breadcrumb","itemListElement":[{"@type":"ListItem","position":1,"name":"Home","item":"https:\/\/www.visitamalfi.info\/es\/"},{"@type":"ListItem","position":2,"name":"Residenza Luce"}]},{"@type":"WebSite","@id":"https:\/\/www.visitamalfi.info\/es\/#website","url":"https:\/\/www.visitamalfi.info\/es\/","name":"Visit Amalfi","description":"Amalfi Destination Official Website","publisher":{"@id":"https:\/\/www.visitamalfi.info\/es\/#organization"},"potentialAction":[{"@type":"SearchAction","target":{"@type":"EntryPoint","urlTemplate":"https:\/\/www.visitamalfi.info\/es\/?s={search_term_string}"},"query-input":{"@type":"PropertyValueSpecification","valueRequired":true,"valueName":"search_term_string"}}],"inLanguage":"es"},{"@type":"Organization","@id":"https:\/\/www.visitamalfi.info\/es\/#organization","name":"Visit Amalfi","url":"https:\/\/www.visitamalfi.info\/es\/","logo":{"@type":"ImageObject","inLanguage":"es","@id":"https:\/\/www.visitamalfi.info\/es\/#\/schema\/logo\/image\/","url":"https:\/\/www.visitamalfi.info\/wp-content\/uploads\/2023\/04\/visit-amalfi-logo-web.png","contentUrl":"https:\/\/www.visitamalfi.info\/wp-content\/uploads\/2023\/04\/visit-amalfi-logo-web.png","width":800,"height":870,"caption":"Visit Amalfi"},"image":{"@id":"https:\/\/www.visitamalfi.info\/es\/#\/schema\/logo\/image\/"},"sameAs":["https:\/\/www.facebook.com\/visitamalfiofficial","https:\/\/www.instagram.com\/visitamalfiofficial\/"]}]}},"_links":{"self":[{"href":"https:\/\/www.visitamalfi.info\/es\/wp-json\/wp\/v2\/amw_accommodation\/7803","targetHints":{"allow":["GET"]}}],"collection":[{"href":"https:\/\/www.visitamalfi.info\/es\/wp-json\/wp\/v2\/amw_accommodation"}],"about":[{"href":"https:\/\/www.visitamalfi.info\/es\/wp-json\/wp\/v2\/types\/amw_accommodation"}],"version-history":[{"count":2,"href":"https:\/\/www.visitamalfi.info\/es\/wp-json\/wp\/v2\/amw_accommodation\/7803\/revisions"}],"predecessor-version":[{"id":8725,"href":"https:\/\/www.visitamalfi.info\/es\/wp-json\/wp\/v2\/amw_accommodation\/7803\/revisions\/8725"}],"wp:attachment":[{"href":"https:\/\/www.visitamalfi.info\/es\/wp-json\/wp\/v2\/media?parent=7803"}],"wp:term":[{"taxonomy":"accommodation_strenghts","embeddable":true,"href":"https:\/\/www.visitamalfi.info\/es\/wp-json\/wp\/v2\/accommodation_strenghts?post=7803"},{"taxonomy":"season","embeddable":true,"href":"https:\/\/www.visitamalfi.info\/es\/wp-json\/wp\/v2\/season?post=7803"},{"taxonomy":"accommodation_amenities","embeddable":true,"href":"https:\/\/www.visitamalfi.info\/es\/wp-json\/wp\/v2\/accommodation_amenities?post=7803"},{"taxonomy":"amw_accommodation_type","embeddable":true,"href":"https:\/\/www.visitamalfi.info\/es\/wp-json\/wp\/v2\/amw_accommodation_type?post=7803"}],"curies":[{"name":"wp","href":"https:\/\/api.w.org\/{rel}","templated":true}]}}