{"id":23700,"date":"2026-01-09T13:04:03","date_gmt":"2026-01-09T12:04:03","guid":{"rendered":"https:\/\/www.visitamalfi.info\/amw-accommodation\/jori-vista-amalfi\/"},"modified":"2026-01-12T11:01:51","modified_gmt":"2026-01-12T10:01:51","slug":"jori-vista-amalfi","status":"publish","type":"amw_accommodation","link":"https:\/\/www.visitamalfi.info\/es\/amw-accommodation\/jori-vista-amalfi\/","title":{"rendered":"JoR\u00ec Vista Amalfi"},"content":{"rendered":"<div class=\"page\" title=\"P\u00e1gina 3\">\n<div class=\"layoutArea\">\n<div class=\"column\">\n<div id='gallery-1' class='gallery galleryid-23700 gallery-columns-4 gallery-size-thumbnail'><figure class='gallery-item'>\n\t\t\t<div class='gallery-icon landscape'>\n\t\t\t\t<a href='https:\/\/www.visitamalfi.info\/wp-content\/uploads\/2026\/01\/PHOTO-2025-12-09-21-51-29.jpg' data-lightbox=\"gal[23700]\"><img fetchpriority=\"high\" decoding=\"async\" width=\"300\" height=\"300\" src=\"https:\/\/www.visitamalfi.info\/wp-content\/uploads\/2026\/01\/PHOTO-2025-12-09-21-51-29-300x300.jpg\" class=\"attachment-thumbnail size-thumbnail\" alt=\"Jori\u0300 Vista Amalfi_Kitchen\" srcset=\"https:\/\/www.visitamalfi.info\/wp-content\/uploads\/2026\/01\/PHOTO-2025-12-09-21-51-29-300x300.jpg 300w, https:\/\/www.visitamalfi.info\/wp-content\/uploads\/2026\/01\/PHOTO-2025-12-09-21-51-29-510x510.jpg 510w, https:\/\/www.visitamalfi.info\/wp-content\/uploads\/2026\/01\/PHOTO-2025-12-09-21-51-29-160x160.jpg 160w\" sizes=\"(max-width: 300px) 100vw, 300px\" \/><\/a>\n\t\t\t<\/div><\/figure><figure class='gallery-item'>\n\t\t\t<div class='gallery-icon landscape'>\n\t\t\t\t<a href='https:\/\/www.visitamalfi.info\/wp-content\/uploads\/2026\/01\/PHOTO-2025-12-09-21-52-53-1.jpg' data-lightbox=\"gal[23700]\"><img decoding=\"async\" width=\"300\" height=\"300\" src=\"https:\/\/www.visitamalfi.info\/wp-content\/uploads\/2026\/01\/PHOTO-2025-12-09-21-52-53-1-300x300.jpg\" class=\"attachment-thumbnail size-thumbnail\" alt=\"Jori\u0300 Vista Amalfi_View\" srcset=\"https:\/\/www.visitamalfi.info\/wp-content\/uploads\/2026\/01\/PHOTO-2025-12-09-21-52-53-1-300x300.jpg 300w, https:\/\/www.visitamalfi.info\/wp-content\/uploads\/2026\/01\/PHOTO-2025-12-09-21-52-53-1-510x510.jpg 510w, https:\/\/www.visitamalfi.info\/wp-content\/uploads\/2026\/01\/PHOTO-2025-12-09-21-52-53-1-160x160.jpg 160w\" sizes=\"(max-width: 300px) 100vw, 300px\" \/><\/a>\n\t\t\t<\/div><\/figure><figure class='gallery-item'>\n\t\t\t<div class='gallery-icon landscape'>\n\t\t\t\t<a href='https:\/\/www.visitamalfi.info\/wp-content\/uploads\/2026\/01\/PHOTO-2025-12-09-21-51-29-10.jpg' data-lightbox=\"gal[23700]\"><img decoding=\"async\" width=\"300\" height=\"300\" src=\"https:\/\/www.visitamalfi.info\/wp-content\/uploads\/2026\/01\/PHOTO-2025-12-09-21-51-29-10-300x300.jpg\" class=\"attachment-thumbnail size-thumbnail\" alt=\"Jori\u0300 Vista Amalfi_Terrace\" srcset=\"https:\/\/www.visitamalfi.info\/wp-content\/uploads\/2026\/01\/PHOTO-2025-12-09-21-51-29-10-300x300.jpg 300w, https:\/\/www.visitamalfi.info\/wp-content\/uploads\/2026\/01\/PHOTO-2025-12-09-21-51-29-10-510x510.jpg 510w, https:\/\/www.visitamalfi.info\/wp-content\/uploads\/2026\/01\/PHOTO-2025-12-09-21-51-29-10-160x160.jpg 160w\" sizes=\"(max-width: 300px) 100vw, 300px\" \/><\/a>\n\t\t\t<\/div><\/figure><figure class='gallery-item'>\n\t\t\t<div class='gallery-icon landscape'>\n\t\t\t\t<a href='https:\/\/www.visitamalfi.info\/wp-content\/uploads\/2026\/01\/PHOTO-2025-12-09-21-51-29-8.jpg' data-lightbox=\"gal[23700]\"><img loading=\"lazy\" decoding=\"async\" width=\"300\" height=\"300\" src=\"https:\/\/www.visitamalfi.info\/wp-content\/uploads\/2026\/01\/PHOTO-2025-12-09-21-51-29-8-300x300.jpg\" class=\"attachment-thumbnail size-thumbnail\" alt=\"Jori\u0300 Vista Amalfi_Terrace\" srcset=\"https:\/\/www.visitamalfi.info\/wp-content\/uploads\/2026\/01\/PHOTO-2025-12-09-21-51-29-8-300x300.jpg 300w, https:\/\/www.visitamalfi.info\/wp-content\/uploads\/2026\/01\/PHOTO-2025-12-09-21-51-29-8-510x510.jpg 510w, https:\/\/www.visitamalfi.info\/wp-content\/uploads\/2026\/01\/PHOTO-2025-12-09-21-51-29-8-160x160.jpg 160w\" sizes=\"(max-width: 300px) 100vw, 300px\" \/><\/a>\n\t\t\t<\/div><\/figure>\n\t\t<\/div>\n\n<p>JoR\u00ec es la casa ideal para una escapada relajante y tranquila. Un rinc\u00f3n del para\u00edso con unas vistas impresionantes. En el pueblo de Tovere, a pocos minutos del centro de Amalfi, podr\u00e1s disfrutar de todas las comodidades, con espacios luminosos y amueblados con gusto.<br \/>\nEl ambiente \u00edntimo y hogare\u00f1o es perfecto para salir a descubrir la belleza natural, la historia milenaria y los sabores de la cultura culinaria de una tierra \u00fanica.<\/p>\n<div id='gallery-2' class='gallery galleryid-23700 gallery-columns-4 gallery-size-thumbnail'><figure class='gallery-item'>\n\t\t\t<div class='gallery-icon landscape'>\n\t\t\t\t<a href='https:\/\/www.visitamalfi.info\/wp-content\/uploads\/2026\/01\/Jori-Vista-Amalfi_Bedroom.jpg' data-lightbox=\"gal[23700]\"><img loading=\"lazy\" decoding=\"async\" width=\"300\" height=\"300\" src=\"https:\/\/www.visitamalfi.info\/wp-content\/uploads\/2026\/01\/Jori-Vista-Amalfi_Bedroom-300x300.jpg\" class=\"attachment-thumbnail size-thumbnail\" alt=\"Jori\u0300 Vista Amalfi_Bedroom\" srcset=\"https:\/\/www.visitamalfi.info\/wp-content\/uploads\/2026\/01\/Jori-Vista-Amalfi_Bedroom-300x300.jpg 300w, https:\/\/www.visitamalfi.info\/wp-content\/uploads\/2026\/01\/Jori-Vista-Amalfi_Bedroom-510x510.jpg 510w, https:\/\/www.visitamalfi.info\/wp-content\/uploads\/2026\/01\/Jori-Vista-Amalfi_Bedroom-160x160.jpg 160w\" sizes=\"(max-width: 300px) 100vw, 300px\" \/><\/a>\n\t\t\t<\/div><\/figure><figure class='gallery-item'>\n\t\t\t<div class='gallery-icon landscape'>\n\t\t\t\t<a href='https:\/\/www.visitamalfi.info\/wp-content\/uploads\/2026\/01\/PHOTO-2025-12-09-21-51-29-9.jpg' data-lightbox=\"gal[23700]\"><img loading=\"lazy\" decoding=\"async\" width=\"300\" height=\"300\" src=\"https:\/\/www.visitamalfi.info\/wp-content\/uploads\/2026\/01\/PHOTO-2025-12-09-21-51-29-9-300x300.jpg\" class=\"attachment-thumbnail size-thumbnail\" alt=\"\" srcset=\"https:\/\/www.visitamalfi.info\/wp-content\/uploads\/2026\/01\/PHOTO-2025-12-09-21-51-29-9-300x300.jpg 300w, https:\/\/www.visitamalfi.info\/wp-content\/uploads\/2026\/01\/PHOTO-2025-12-09-21-51-29-9-510x510.jpg 510w, https:\/\/www.visitamalfi.info\/wp-content\/uploads\/2026\/01\/PHOTO-2025-12-09-21-51-29-9-160x160.jpg 160w\" sizes=\"(max-width: 300px) 100vw, 300px\" \/><\/a>\n\t\t\t<\/div><\/figure><figure class='gallery-item'>\n\t\t\t<div class='gallery-icon landscape'>\n\t\t\t\t<a href='https:\/\/www.visitamalfi.info\/wp-content\/uploads\/2026\/01\/PHOTO-2025-12-09-21-52-53-5.jpg' data-lightbox=\"gal[23700]\"><img loading=\"lazy\" decoding=\"async\" width=\"300\" height=\"300\" src=\"https:\/\/www.visitamalfi.info\/wp-content\/uploads\/2026\/01\/PHOTO-2025-12-09-21-52-53-5-300x300.jpg\" class=\"attachment-thumbnail size-thumbnail\" alt=\"Jori\u0300 Vista Amalfi_Bedroom\" srcset=\"https:\/\/www.visitamalfi.info\/wp-content\/uploads\/2026\/01\/PHOTO-2025-12-09-21-52-53-5-300x300.jpg 300w, https:\/\/www.visitamalfi.info\/wp-content\/uploads\/2026\/01\/PHOTO-2025-12-09-21-52-53-5-510x510.jpg 510w, https:\/\/www.visitamalfi.info\/wp-content\/uploads\/2026\/01\/PHOTO-2025-12-09-21-52-53-5-160x160.jpg 160w\" sizes=\"(max-width: 300px) 100vw, 300px\" \/><\/a>\n\t\t\t<\/div><\/figure><figure class='gallery-item'>\n\t\t\t<div class='gallery-icon landscape'>\n\t\t\t\t<a href='https:\/\/www.visitamalfi.info\/wp-content\/uploads\/2026\/01\/PHOTO-2025-12-09-21-51-29-12.jpg' data-lightbox=\"gal[23700]\"><img loading=\"lazy\" decoding=\"async\" width=\"300\" height=\"300\" src=\"https:\/\/www.visitamalfi.info\/wp-content\/uploads\/2026\/01\/PHOTO-2025-12-09-21-51-29-12-300x300.jpg\" class=\"attachment-thumbnail size-thumbnail\" alt=\"Jori\u0300 Vista Amalfi_Terrace\" srcset=\"https:\/\/www.visitamalfi.info\/wp-content\/uploads\/2026\/01\/PHOTO-2025-12-09-21-51-29-12-300x300.jpg 300w, https:\/\/www.visitamalfi.info\/wp-content\/uploads\/2026\/01\/PHOTO-2025-12-09-21-51-29-12-510x510.jpg 510w, https:\/\/www.visitamalfi.info\/wp-content\/uploads\/2026\/01\/PHOTO-2025-12-09-21-51-29-12-160x160.jpg 160w\" sizes=\"(max-width: 300px) 100vw, 300px\" \/><\/a>\n\t\t\t<\/div><\/figure>\n\t\t<\/div>\n\n<p>Una experiencia inolvidable en un entorno elegante cargado de historia. La ubicaci\u00f3n ofrece unas vistas espectaculares de Amalfi y parte de su hermosa costa, lo que convierte a JoR\u00ec en una elecci\u00f3n verdaderamente \u00fanica. Los hu\u00e9spedes pueden relajarse c\u00f3modamente en el patio, disfrutar de comida y bebida mientras toman el sol en la tranquilidad de la naturaleza, y disfrutar de los numerosos fuegos artificiales que iluminan el cielo de Amalfi y de ciudades cercanas como Atrani y Maiori en diferentes noches del a\u00f1o (27 de junio, 22 de julio, 15 de agosto, 1 de septiembre, 30 de noviembre y 31 de diciembre).<\/p>\n<div id='gallery-3' class='gallery galleryid-23700 gallery-columns-4 gallery-size-thumbnail'><figure class='gallery-item'>\n\t\t\t<div class='gallery-icon portrait'>\n\t\t\t\t<a href='https:\/\/www.visitamalfi.info\/wp-content\/uploads\/2026\/01\/PHOTO-2025-12-09-21-52-53-2.jpg' data-lightbox=\"gal[23700]\"><img loading=\"lazy\" decoding=\"async\" width=\"300\" height=\"300\" src=\"https:\/\/www.visitamalfi.info\/wp-content\/uploads\/2026\/01\/PHOTO-2025-12-09-21-52-53-2-300x300.jpg\" class=\"attachment-thumbnail size-thumbnail\" alt=\"Jori\u0300 Vista Amalfi_Bathroom\" srcset=\"https:\/\/www.visitamalfi.info\/wp-content\/uploads\/2026\/01\/PHOTO-2025-12-09-21-52-53-2-300x300.jpg 300w, https:\/\/www.visitamalfi.info\/wp-content\/uploads\/2026\/01\/PHOTO-2025-12-09-21-52-53-2-510x510.jpg 510w, https:\/\/www.visitamalfi.info\/wp-content\/uploads\/2026\/01\/PHOTO-2025-12-09-21-52-53-2-160x160.jpg 160w\" sizes=\"(max-width: 300px) 100vw, 300px\" \/><\/a>\n\t\t\t<\/div><\/figure><figure class='gallery-item'>\n\t\t\t<div class='gallery-icon landscape'>\n\t\t\t\t<a href='https:\/\/www.visitamalfi.info\/wp-content\/uploads\/2026\/01\/Jori-Vista-Amalfi_Kitchen.jpg' data-lightbox=\"gal[23700]\"><img loading=\"lazy\" decoding=\"async\" width=\"300\" height=\"300\" src=\"https:\/\/www.visitamalfi.info\/wp-content\/uploads\/2026\/01\/Jori-Vista-Amalfi_Kitchen-300x300.jpg\" class=\"attachment-thumbnail size-thumbnail\" alt=\"Jori\u0300 Vista Amalfi_Kitchen\" srcset=\"https:\/\/www.visitamalfi.info\/wp-content\/uploads\/2026\/01\/Jori-Vista-Amalfi_Kitchen-300x300.jpg 300w, https:\/\/www.visitamalfi.info\/wp-content\/uploads\/2026\/01\/Jori-Vista-Amalfi_Kitchen-510x510.jpg 510w, https:\/\/www.visitamalfi.info\/wp-content\/uploads\/2026\/01\/Jori-Vista-Amalfi_Kitchen-160x160.jpg 160w\" sizes=\"(max-width: 300px) 100vw, 300px\" \/><\/a>\n\t\t\t<\/div><\/figure><figure class='gallery-item'>\n\t\t\t<div class='gallery-icon landscape'>\n\t\t\t\t<a href='https:\/\/www.visitamalfi.info\/wp-content\/uploads\/2026\/01\/PHOTO-2025-12-09-21-51-29-7.jpg' data-lightbox=\"gal[23700]\"><img loading=\"lazy\" decoding=\"async\" width=\"300\" height=\"300\" src=\"https:\/\/www.visitamalfi.info\/wp-content\/uploads\/2026\/01\/PHOTO-2025-12-09-21-51-29-7-300x300.jpg\" class=\"attachment-thumbnail size-thumbnail\" alt=\"Jori\u0300 Vista Amalfi_Terrace\" srcset=\"https:\/\/www.visitamalfi.info\/wp-content\/uploads\/2026\/01\/PHOTO-2025-12-09-21-51-29-7-300x300.jpg 300w, https:\/\/www.visitamalfi.info\/wp-content\/uploads\/2026\/01\/PHOTO-2025-12-09-21-51-29-7-510x510.jpg 510w, https:\/\/www.visitamalfi.info\/wp-content\/uploads\/2026\/01\/PHOTO-2025-12-09-21-51-29-7-160x160.jpg 160w\" sizes=\"(max-width: 300px) 100vw, 300px\" \/><\/a>\n\t\t\t<\/div><\/figure><figure class='gallery-item'>\n\t\t\t<div class='gallery-icon landscape'>\n\t\t\t\t<a href='https:\/\/www.visitamalfi.info\/wp-content\/uploads\/2026\/01\/PHOTO-2025-12-09-21-51-29-6.jpg' data-lightbox=\"gal[23700]\"><img loading=\"lazy\" decoding=\"async\" width=\"300\" height=\"300\" src=\"https:\/\/www.visitamalfi.info\/wp-content\/uploads\/2026\/01\/PHOTO-2025-12-09-21-51-29-6-300x300.jpg\" class=\"attachment-thumbnail size-thumbnail\" alt=\"Jori\u0300 Vista Amalfi_Bathroom\" srcset=\"https:\/\/www.visitamalfi.info\/wp-content\/uploads\/2026\/01\/PHOTO-2025-12-09-21-51-29-6-300x300.jpg 300w, https:\/\/www.visitamalfi.info\/wp-content\/uploads\/2026\/01\/PHOTO-2025-12-09-21-51-29-6-510x510.jpg 510w, https:\/\/www.visitamalfi.info\/wp-content\/uploads\/2026\/01\/PHOTO-2025-12-09-21-51-29-6-160x160.jpg 160w\" sizes=\"(max-width: 300px) 100vw, 300px\" \/><\/a>\n\t\t\t<\/div><\/figure>\n\t\t<\/div>\n\n<\/div>\n<div class=\"page\" title=\"Page 4\">\n<div class=\"layoutArea\">\n<div class=\"column\">\n<p><strong>Servicios ofrecidos<\/strong><\/p>\n<p>Plaza de aparcamiento reservada gratuita, wi-fi (fibra), placa de inducci\u00f3n, utensilios de cocina y sartenes, cuberter\u00eda, vasos, copas de vino, copa de vino espumoso, tazas de cer\u00e1mica pintadas a mano para caf\u00e9 y bebidas, platos de cer\u00e1mica pintados a mano, cafetera expr\u00e9s, batidora de inmersi\u00f3n, microondas, hervidor de agua tostadora, lavavajillas, lavadora, frigor\u00edfico, congelador, plancha, tabla de planchar, toallas personalizadas, toallas de playa, jab\u00f3n, gel de ducha, acondicionador, champ\u00fa, papel higi\u00e9nico, secador de pelo, aceite, sal, vinagre, az\u00facar, pastillas de caf\u00e9, parrilla el\u00e9ctrica, tumbonas, mesa de piedra de lava con sillas de exterior.<br \/>\nDetectores de humo, detectores de mon\u00f3xido de carbono, extintor, bolsa de primeros auxilios, etiquetas para insectos, costurero, sof\u00e1 cama doble, topper, caja fuerte.<\/p>\n<\/div>\n<\/div>\n<\/div>\n<\/div>\n<\/div>\n","protected":false},"excerpt":{"rendered":"<p>JoR\u00ec es un destino ideal para escritores, m\u00fasicos, pintores y artistas por su excelente ubicaci\u00f3n y tranquilidad.<\/p>\n","protected":false},"featured_media":23658,"template":"","accommodation_strenghts":[],"season":[240,231,235,237],"accommodation_amenities":[],"amw_accommodation_type":[519],"class_list":["post-23700","amw_accommodation","type-amw_accommodation","status-publish","has-post-thumbnail","hentry","season-invierno","season-otono","season-primavera-es","season-verano","amw_accommodation_type-casa-y-apartamento-de-vacaciones"],"yoast_head":"<!-- This site is optimized with the Yoast SEO plugin v27.3 - https:\/\/yoast.com\/product\/yoast-seo-wordpress\/ -->\n<title>JoR\u00ec Vista Amalfi - Visit Amalfi<\/title>\n<meta name=\"robots\" content=\"index, follow, max-snippet:-1, max-image-preview:large, max-video-preview:-1\" \/>\n<link rel=\"canonical\" href=\"https:\/\/www.visitamalfi.info\/es\/amw-accommodation\/jori-vista-amalfi\/\" \/>\n<meta property=\"og:locale\" content=\"es_ES\" \/>\n<meta property=\"og:type\" content=\"article\" \/>\n<meta property=\"og:title\" content=\"JoR\u00ec Vista Amalfi - Visit Amalfi\" \/>\n<meta property=\"og:description\" content=\"JoR\u00ec es un destino ideal para escritores, m\u00fasicos, pintores y artistas por su excelente ubicaci\u00f3n y tranquilidad.\" \/>\n<meta property=\"og:url\" content=\"https:\/\/www.visitamalfi.info\/es\/amw-accommodation\/jori-vista-amalfi\/\" \/>\n<meta property=\"og:site_name\" content=\"Visit Amalfi\" \/>\n<meta property=\"article:publisher\" content=\"https:\/\/www.facebook.com\/visitamalfiofficial\" \/>\n<meta property=\"article:modified_time\" content=\"2026-01-12T10:01:51+00:00\" \/>\n<meta property=\"og:image\" content=\"https:\/\/www.visitamalfi.info\/wp-content\/uploads\/2026\/01\/PHOTO-2025-12-09-21-52-53-1.jpg\" \/>\n\t<meta property=\"og:image:width\" content=\"1024\" \/>\n\t<meta property=\"og:image:height\" content=\"683\" \/>\n\t<meta property=\"og:image:type\" content=\"image\/jpeg\" \/>\n<meta name=\"twitter:card\" content=\"summary_large_image\" \/>\n<meta name=\"twitter:label1\" content=\"Tiempo de lectura\" \/>\n\t<meta name=\"twitter:data1\" content=\"2 minutos\" \/>\n<script type=\"application\/ld+json\" class=\"yoast-schema-graph\">{\"@context\":\"https:\\\/\\\/schema.org\",\"@graph\":[{\"@type\":\"WebPage\",\"@id\":\"https:\\\/\\\/www.visitamalfi.info\\\/es\\\/amw-accommodation\\\/jori-vista-amalfi\\\/\",\"url\":\"https:\\\/\\\/www.visitamalfi.info\\\/es\\\/amw-accommodation\\\/jori-vista-amalfi\\\/\",\"name\":\"JoR\u00ec Vista Amalfi - Visit Amalfi\",\"isPartOf\":{\"@id\":\"https:\\\/\\\/www.visitamalfi.info\\\/es\\\/#website\"},\"primaryImageOfPage\":{\"@id\":\"https:\\\/\\\/www.visitamalfi.info\\\/es\\\/amw-accommodation\\\/jori-vista-amalfi\\\/#primaryimage\"},\"image\":{\"@id\":\"https:\\\/\\\/www.visitamalfi.info\\\/es\\\/amw-accommodation\\\/jori-vista-amalfi\\\/#primaryimage\"},\"thumbnailUrl\":\"https:\\\/\\\/www.visitamalfi.info\\\/wp-content\\\/uploads\\\/2026\\\/01\\\/PHOTO-2025-12-09-21-52-53-1.jpg\",\"datePublished\":\"2026-01-09T12:04:03+00:00\",\"dateModified\":\"2026-01-12T10:01:51+00:00\",\"breadcrumb\":{\"@id\":\"https:\\\/\\\/www.visitamalfi.info\\\/es\\\/amw-accommodation\\\/jori-vista-amalfi\\\/#breadcrumb\"},\"inLanguage\":\"es\",\"potentialAction\":[{\"@type\":\"ReadAction\",\"target\":[\"https:\\\/\\\/www.visitamalfi.info\\\/es\\\/amw-accommodation\\\/jori-vista-amalfi\\\/\"]}]},{\"@type\":\"ImageObject\",\"inLanguage\":\"es\",\"@id\":\"https:\\\/\\\/www.visitamalfi.info\\\/es\\\/amw-accommodation\\\/jori-vista-amalfi\\\/#primaryimage\",\"url\":\"https:\\\/\\\/www.visitamalfi.info\\\/wp-content\\\/uploads\\\/2026\\\/01\\\/PHOTO-2025-12-09-21-52-53-1.jpg\",\"contentUrl\":\"https:\\\/\\\/www.visitamalfi.info\\\/wp-content\\\/uploads\\\/2026\\\/01\\\/PHOTO-2025-12-09-21-52-53-1.jpg\",\"width\":1024,\"height\":683,\"caption\":\"Jori\u0300 Vista Amalfi_View\"},{\"@type\":\"BreadcrumbList\",\"@id\":\"https:\\\/\\\/www.visitamalfi.info\\\/es\\\/amw-accommodation\\\/jori-vista-amalfi\\\/#breadcrumb\",\"itemListElement\":[{\"@type\":\"ListItem\",\"position\":1,\"name\":\"Home\",\"item\":\"https:\\\/\\\/www.visitamalfi.info\\\/es\\\/\"},{\"@type\":\"ListItem\",\"position\":2,\"name\":\"JoR\u00ec Vista Amalfi\"}]},{\"@type\":\"WebSite\",\"@id\":\"https:\\\/\\\/www.visitamalfi.info\\\/es\\\/#website\",\"url\":\"https:\\\/\\\/www.visitamalfi.info\\\/es\\\/\",\"name\":\"Visit Amalfi\",\"description\":\"Amalfi Destination Official Website\",\"publisher\":{\"@id\":\"https:\\\/\\\/www.visitamalfi.info\\\/es\\\/#organization\"},\"potentialAction\":[{\"@type\":\"SearchAction\",\"target\":{\"@type\":\"EntryPoint\",\"urlTemplate\":\"https:\\\/\\\/www.visitamalfi.info\\\/es\\\/?s={search_term_string}\"},\"query-input\":{\"@type\":\"PropertyValueSpecification\",\"valueRequired\":true,\"valueName\":\"search_term_string\"}}],\"inLanguage\":\"es\"},{\"@type\":\"Organization\",\"@id\":\"https:\\\/\\\/www.visitamalfi.info\\\/es\\\/#organization\",\"name\":\"Visit Amalfi\",\"url\":\"https:\\\/\\\/www.visitamalfi.info\\\/es\\\/\",\"logo\":{\"@type\":\"ImageObject\",\"inLanguage\":\"es\",\"@id\":\"https:\\\/\\\/www.visitamalfi.info\\\/es\\\/#\\\/schema\\\/logo\\\/image\\\/\",\"url\":\"https:\\\/\\\/www.visitamalfi.info\\\/wp-content\\\/uploads\\\/2023\\\/04\\\/visit-amalfi-logo-web.png\",\"contentUrl\":\"https:\\\/\\\/www.visitamalfi.info\\\/wp-content\\\/uploads\\\/2023\\\/04\\\/visit-amalfi-logo-web.png\",\"width\":800,\"height\":870,\"caption\":\"Visit Amalfi\"},\"image\":{\"@id\":\"https:\\\/\\\/www.visitamalfi.info\\\/es\\\/#\\\/schema\\\/logo\\\/image\\\/\"},\"sameAs\":[\"https:\\\/\\\/www.facebook.com\\\/visitamalfiofficial\",\"https:\\\/\\\/www.instagram.com\\\/visitamalfiofficial\\\/\"]}]}<\/script>\n<!-- \/ Yoast SEO plugin. -->","yoast_head_json":{"title":"JoR\u00ec Vista Amalfi - Visit Amalfi","robots":{"index":"index","follow":"follow","max-snippet":"max-snippet:-1","max-image-preview":"max-image-preview:large","max-video-preview":"max-video-preview:-1"},"canonical":"https:\/\/www.visitamalfi.info\/es\/amw-accommodation\/jori-vista-amalfi\/","og_locale":"es_ES","og_type":"article","og_title":"JoR\u00ec Vista Amalfi - Visit Amalfi","og_description":"JoR\u00ec es un destino ideal para escritores, m\u00fasicos, pintores y artistas por su excelente ubicaci\u00f3n y tranquilidad.","og_url":"https:\/\/www.visitamalfi.info\/es\/amw-accommodation\/jori-vista-amalfi\/","og_site_name":"Visit Amalfi","article_publisher":"https:\/\/www.facebook.com\/visitamalfiofficial","article_modified_time":"2026-01-12T10:01:51+00:00","og_image":[{"width":1024,"height":683,"url":"https:\/\/www.visitamalfi.info\/wp-content\/uploads\/2026\/01\/PHOTO-2025-12-09-21-52-53-1.jpg","type":"image\/jpeg"}],"twitter_card":"summary_large_image","twitter_misc":{"Tiempo de lectura":"2 minutos"},"schema":{"@context":"https:\/\/schema.org","@graph":[{"@type":"WebPage","@id":"https:\/\/www.visitamalfi.info\/es\/amw-accommodation\/jori-vista-amalfi\/","url":"https:\/\/www.visitamalfi.info\/es\/amw-accommodation\/jori-vista-amalfi\/","name":"JoR\u00ec Vista Amalfi - Visit Amalfi","isPartOf":{"@id":"https:\/\/www.visitamalfi.info\/es\/#website"},"primaryImageOfPage":{"@id":"https:\/\/www.visitamalfi.info\/es\/amw-accommodation\/jori-vista-amalfi\/#primaryimage"},"image":{"@id":"https:\/\/www.visitamalfi.info\/es\/amw-accommodation\/jori-vista-amalfi\/#primaryimage"},"thumbnailUrl":"https:\/\/www.visitamalfi.info\/wp-content\/uploads\/2026\/01\/PHOTO-2025-12-09-21-52-53-1.jpg","datePublished":"2026-01-09T12:04:03+00:00","dateModified":"2026-01-12T10:01:51+00:00","breadcrumb":{"@id":"https:\/\/www.visitamalfi.info\/es\/amw-accommodation\/jori-vista-amalfi\/#breadcrumb"},"inLanguage":"es","potentialAction":[{"@type":"ReadAction","target":["https:\/\/www.visitamalfi.info\/es\/amw-accommodation\/jori-vista-amalfi\/"]}]},{"@type":"ImageObject","inLanguage":"es","@id":"https:\/\/www.visitamalfi.info\/es\/amw-accommodation\/jori-vista-amalfi\/#primaryimage","url":"https:\/\/www.visitamalfi.info\/wp-content\/uploads\/2026\/01\/PHOTO-2025-12-09-21-52-53-1.jpg","contentUrl":"https:\/\/www.visitamalfi.info\/wp-content\/uploads\/2026\/01\/PHOTO-2025-12-09-21-52-53-1.jpg","width":1024,"height":683,"caption":"Jori\u0300 Vista Amalfi_View"},{"@type":"BreadcrumbList","@id":"https:\/\/www.visitamalfi.info\/es\/amw-accommodation\/jori-vista-amalfi\/#breadcrumb","itemListElement":[{"@type":"ListItem","position":1,"name":"Home","item":"https:\/\/www.visitamalfi.info\/es\/"},{"@type":"ListItem","position":2,"name":"JoR\u00ec Vista Amalfi"}]},{"@type":"WebSite","@id":"https:\/\/www.visitamalfi.info\/es\/#website","url":"https:\/\/www.visitamalfi.info\/es\/","name":"Visit Amalfi","description":"Amalfi Destination Official Website","publisher":{"@id":"https:\/\/www.visitamalfi.info\/es\/#organization"},"potentialAction":[{"@type":"SearchAction","target":{"@type":"EntryPoint","urlTemplate":"https:\/\/www.visitamalfi.info\/es\/?s={search_term_string}"},"query-input":{"@type":"PropertyValueSpecification","valueRequired":true,"valueName":"search_term_string"}}],"inLanguage":"es"},{"@type":"Organization","@id":"https:\/\/www.visitamalfi.info\/es\/#organization","name":"Visit Amalfi","url":"https:\/\/www.visitamalfi.info\/es\/","logo":{"@type":"ImageObject","inLanguage":"es","@id":"https:\/\/www.visitamalfi.info\/es\/#\/schema\/logo\/image\/","url":"https:\/\/www.visitamalfi.info\/wp-content\/uploads\/2023\/04\/visit-amalfi-logo-web.png","contentUrl":"https:\/\/www.visitamalfi.info\/wp-content\/uploads\/2023\/04\/visit-amalfi-logo-web.png","width":800,"height":870,"caption":"Visit Amalfi"},"image":{"@id":"https:\/\/www.visitamalfi.info\/es\/#\/schema\/logo\/image\/"},"sameAs":["https:\/\/www.facebook.com\/visitamalfiofficial","https:\/\/www.instagram.com\/visitamalfiofficial\/"]}]}},"_links":{"self":[{"href":"https:\/\/www.visitamalfi.info\/es\/wp-json\/wp\/v2\/amw_accommodation\/23700","targetHints":{"allow":["GET"]}}],"collection":[{"href":"https:\/\/www.visitamalfi.info\/es\/wp-json\/wp\/v2\/amw_accommodation"}],"about":[{"href":"https:\/\/www.visitamalfi.info\/es\/wp-json\/wp\/v2\/types\/amw_accommodation"}],"version-history":[{"count":2,"href":"https:\/\/www.visitamalfi.info\/es\/wp-json\/wp\/v2\/amw_accommodation\/23700\/revisions"}],"predecessor-version":[{"id":23715,"href":"https:\/\/www.visitamalfi.info\/es\/wp-json\/wp\/v2\/amw_accommodation\/23700\/revisions\/23715"}],"wp:featuredmedia":[{"embeddable":true,"href":"https:\/\/www.visitamalfi.info\/es\/wp-json\/wp\/v2\/media\/23658"}],"wp:attachment":[{"href":"https:\/\/www.visitamalfi.info\/es\/wp-json\/wp\/v2\/media?parent=23700"}],"wp:term":[{"taxonomy":"accommodation_strenghts","embeddable":true,"href":"https:\/\/www.visitamalfi.info\/es\/wp-json\/wp\/v2\/accommodation_strenghts?post=23700"},{"taxonomy":"season","embeddable":true,"href":"https:\/\/www.visitamalfi.info\/es\/wp-json\/wp\/v2\/season?post=23700"},{"taxonomy":"accommodation_amenities","embeddable":true,"href":"https:\/\/www.visitamalfi.info\/es\/wp-json\/wp\/v2\/accommodation_amenities?post=23700"},{"taxonomy":"amw_accommodation_type","embeddable":true,"href":"https:\/\/www.visitamalfi.info\/es\/wp-json\/wp\/v2\/amw_accommodation_type?post=23700"}],"curies":[{"name":"wp","href":"https:\/\/api.w.org\/{rel}","templated":true}]}}