{"id":17809,"date":"2024-03-30T19:30:46","date_gmt":"2024-03-30T18:30:46","guid":{"rendered":"https:\/\/www.visitamalfi.info\/poi\/"},"modified":"2024-07-23T12:11:54","modified_gmt":"2024-07-23T10:11:54","slug":"poi","status":"publish","type":"page","link":"https:\/\/www.visitamalfi.info\/en\/poi\/","title":{"rendered":"Points of Interest in Amalfi"},"content":{"rendered":"\t\t<div data-elementor-type=\"wp-page\" data-elementor-id=\"17809\" class=\"elementor elementor-17809 elementor-16604\">\n\t\t\t\t\t\t<section class=\"elementor-section elementor-top-section elementor-element elementor-element-023c9f6 elementor-section-boxed elementor-section-height-default elementor-section-height-default\" data-id=\"023c9f6\" data-element_type=\"section\" data-e-type=\"section\">\n\t\t\t\t\t\t<div class=\"elementor-container elementor-column-gap-default\">\n\t\t\t\t\t<div class=\"elementor-column elementor-col-100 elementor-top-column elementor-element elementor-element-2262435\" data-id=\"2262435\" data-element_type=\"column\" data-e-type=\"column\">\n\t\t\t<div class=\"elementor-widget-wrap elementor-element-populated\">\n\t\t\t\t\t\t<div class=\"elementor-element elementor-element-1934265 elementor-widget elementor-widget-ci_post_types\" data-id=\"1934265\" data-element_type=\"widget\" data-e-type=\"widget\" data-widget_type=\"ci_post_types.default\">\n\t\t\t\t<div class=\"elementor-widget-container\">\n\t\t\t\t\t<div class=\"ignition-elementor-widget-post-types \">\t\t<div class=\"ci-item-filters\">\n\t\t\t<button class=\"ci-item-filter filter-active\" data-filter=\"*\">\n\t\t\t\tAll\t\t\t<\/button>\n\n\t\t\t\t\t\t\t\t\t\t\t\t<button class=\"ci-item-filter\" data-filter=\".term-1774\">Amalfi centre<\/button>\n\t\t\t\t\t\t\t\t\t<button class=\"ci-item-filter\" data-filter=\".term-1581\">Beaches<\/button>\n\t\t\t\t\t\t\t\t\t<button class=\"ci-item-filter\" data-filter=\".term-1545\">Culture<\/button>\n\t\t\t\t\t\t\t\t\t<button class=\"ci-item-filter\" data-filter=\".term-1553\">Experience<\/button>\n\t\t\t\t\t\t\t\t\t<button class=\"ci-item-filter\" data-filter=\".term-1557\">Hamlets<\/button>\n\t\t\t\t\t\t\t\t\t<button class=\"ci-item-filter\" data-filter=\".term-1565\">Lone<\/button>\n\t\t\t\t\t\t\t\t\t<button class=\"ci-item-filter\" data-filter=\".term-1549\">Nature<\/button>\n\t\t\t\t\t\t\t\t\t<button class=\"ci-item-filter\" data-filter=\".term-1561\">Pastena<\/button>\n\t\t\t\t\t\t\t\t\t<button class=\"ci-item-filter\" data-filter=\".term-1569\">Pogerola<\/button>\n\t\t\t\t\t\t\t\t\t<button class=\"ci-item-filter\" data-filter=\".term-1573\">Tovere<\/button>\n\t\t\t\t\t\t\t\t\t<button class=\"ci-item-filter\" data-filter=\".term-1577\">Vettica<\/button>\n\t\t\t\t\t\t\t\t\t<\/div>\n\t\t<div class=\"row row-items row-columns-4\">\t\t\t\t<div class=\"frazioni-en lone-en natura-en term-1557 term-1565 term-1549 col-xl-3 col-lg-4 col-sm-6 col-12\">\n<div id=\"entry-item-16055\" class=\"entry-item post-16055 amw_poi type-amw_poi status-publish has-post-thumbnail hentry categoria_poi-frazioni-en categoria_poi-lone-en categoria_poi-natura-en\">\n\t\t\t<figure class=\"entry-item-thumb\">\n\t\t\t<a href=\"https:\/\/www.visitamalfi.info\/en\/poi\/a-ponte-e-lone-lones-point\/\">\n\t\t\t\t<img fetchpriority=\"high\" decoding=\"async\" width=\"615\" height=\"410\" src=\"https:\/\/www.visitamalfi.info\/wp-content\/uploads\/2024\/03\/ANA_2217-8K-615x410.jpg\" class=\"attachment-ignition_item size-ignition_item wp-post-image\" alt=\"Amalfi_Via Maestra dei Villaggi_Punta di Lone\" srcset=\"https:\/\/www.visitamalfi.info\/wp-content\/uploads\/2024\/03\/ANA_2217-8K-615x410.jpg 615w, https:\/\/www.visitamalfi.info\/wp-content\/uploads\/2024\/03\/ANA_2217-8K-300x200.jpg 300w, https:\/\/www.visitamalfi.info\/wp-content\/uploads\/2024\/03\/ANA_2217-8K-1024x683.jpg 1024w, https:\/\/www.visitamalfi.info\/wp-content\/uploads\/2024\/03\/ANA_2217-8K-768x512.jpg 768w, https:\/\/www.visitamalfi.info\/wp-content\/uploads\/2024\/03\/ANA_2217-8K-1536x1024.jpg 1536w, https:\/\/www.visitamalfi.info\/wp-content\/uploads\/2024\/03\/ANA_2217-8K-870x580.jpg 870w, https:\/\/www.visitamalfi.info\/wp-content\/uploads\/2024\/03\/ANA_2217-8K-1240x825.jpg 1240w, https:\/\/www.visitamalfi.info\/wp-content\/uploads\/2024\/03\/ANA_2217-8K.jpg 1920w\" sizes=\"(max-width: 615px) 100vw, 615px\" \/>\t\t\t<\/a>\n\t\t<\/figure>\n\t\n\t<div class=\"entry-item-content\">\n\t\t<h2 class=\"entry-item-title\"><a href=\"https:\/\/www.visitamalfi.info\/en\/poi\/a-ponte-e-lone-lones-point\/\">&#8216;A ponte &#8216;e Lone (Lone&#8217;s Point)<\/a><\/h2>\n\t\t\n\t\t<a href=\"https:\/\/www.visitamalfi.info\/en\/poi\/a-ponte-e-lone-lones-point\/\" class=\"btn btn-entry-more\">\n\t\t\tLearn More\t\t<\/a>\n\t<\/div>\n<\/div>\n<\/div>\t\t\t\t<div class=\"cultura-en frazioni-en pogerola-en term-1545 term-1557 term-1569 col-xl-3 col-lg-4 col-sm-6 col-12\">\n<div id=\"entry-item-16049\" class=\"entry-item post-16049 amw_poi type-amw_poi status-publish has-post-thumbnail hentry categoria_poi-cultura-en categoria_poi-frazioni-en categoria_poi-pogerola-en\">\n\t\t\t<figure class=\"entry-item-thumb\">\n\t\t\t<a href=\"https:\/\/www.visitamalfi.info\/en\/poi\/41-chiesa-di-santa-marina-vergine\/\">\n\t\t\t\t<img decoding=\"async\" width=\"615\" height=\"410\" src=\"https:\/\/www.visitamalfi.info\/wp-content\/uploads\/2024\/03\/ANA_3668@emanueleanastasioph_2giorno-615x410.jpg\" class=\"attachment-ignition_item size-ignition_item wp-post-image\" alt=\"Amalfi_Pogerola_ChiesA Sannta Marina Vergine\" srcset=\"https:\/\/www.visitamalfi.info\/wp-content\/uploads\/2024\/03\/ANA_3668@emanueleanastasioph_2giorno-615x410.jpg 615w, https:\/\/www.visitamalfi.info\/wp-content\/uploads\/2024\/03\/ANA_3668@emanueleanastasioph_2giorno-300x200.jpg 300w, https:\/\/www.visitamalfi.info\/wp-content\/uploads\/2024\/03\/ANA_3668@emanueleanastasioph_2giorno-1024x683.jpg 1024w, https:\/\/www.visitamalfi.info\/wp-content\/uploads\/2024\/03\/ANA_3668@emanueleanastasioph_2giorno-768x512.jpg 768w, https:\/\/www.visitamalfi.info\/wp-content\/uploads\/2024\/03\/ANA_3668@emanueleanastasioph_2giorno-1536x1024.jpg 1536w, https:\/\/www.visitamalfi.info\/wp-content\/uploads\/2024\/03\/ANA_3668@emanueleanastasioph_2giorno-870x580.jpg 870w, https:\/\/www.visitamalfi.info\/wp-content\/uploads\/2024\/03\/ANA_3668@emanueleanastasioph_2giorno-1240x825.jpg 1240w, https:\/\/www.visitamalfi.info\/wp-content\/uploads\/2024\/03\/ANA_3668@emanueleanastasioph_2giorno.jpg 1920w\" sizes=\"(max-width: 615px) 100vw, 615px\" \/>\t\t\t<\/a>\n\t\t<\/figure>\n\t\n\t<div class=\"entry-item-content\">\n\t\t<h2 class=\"entry-item-title\"><a href=\"https:\/\/www.visitamalfi.info\/en\/poi\/41-chiesa-di-santa-marina-vergine\/\">41 Chiesa di Santa Marina Vergine<\/a><\/h2>\n\t\t\n\t\t<a href=\"https:\/\/www.visitamalfi.info\/en\/poi\/41-chiesa-di-santa-marina-vergine\/\" class=\"btn btn-entry-more\">\n\t\t\tLearn More\t\t<\/a>\n\t<\/div>\n<\/div>\n<\/div>\t\t\t\t<div class=\"cultura-en frazioni-en vettica-en term-1545 term-1557 term-1577 col-xl-3 col-lg-4 col-sm-6 col-12\">\n<div id=\"entry-item-16043\" class=\"entry-item post-16043 amw_poi type-amw_poi status-publish has-post-thumbnail hentry categoria_poi-cultura-en categoria_poi-frazioni-en categoria_poi-vettica-en\">\n\t\t\t<figure class=\"entry-item-thumb\">\n\t\t\t<a href=\"https:\/\/www.visitamalfi.info\/en\/poi\/46-chiesa-di-s-michele-arcangelo\/\">\n\t\t\t\t<img decoding=\"async\" width=\"615\" height=\"410\" src=\"https:\/\/www.visitamalfi.info\/wp-content\/uploads\/2024\/03\/3-1-615x410.jpg\" class=\"attachment-ignition_item size-ignition_item wp-post-image\" alt=\"Amalfi_Vettica_Chiesa S. Michele Arcangelo\" srcset=\"https:\/\/www.visitamalfi.info\/wp-content\/uploads\/2024\/03\/3-1-615x410.jpg 615w, https:\/\/www.visitamalfi.info\/wp-content\/uploads\/2024\/03\/3-1-300x200.jpg 300w, https:\/\/www.visitamalfi.info\/wp-content\/uploads\/2024\/03\/3-1-1024x683.jpg 1024w, https:\/\/www.visitamalfi.info\/wp-content\/uploads\/2024\/03\/3-1-768x512.jpg 768w, https:\/\/www.visitamalfi.info\/wp-content\/uploads\/2024\/03\/3-1-1536x1024.jpg 1536w, https:\/\/www.visitamalfi.info\/wp-content\/uploads\/2024\/03\/3-1-870x580.jpg 870w, https:\/\/www.visitamalfi.info\/wp-content\/uploads\/2024\/03\/3-1-1240x825.jpg 1240w, https:\/\/www.visitamalfi.info\/wp-content\/uploads\/2024\/03\/3-1.jpg 1920w\" sizes=\"(max-width: 615px) 100vw, 615px\" \/>\t\t\t<\/a>\n\t\t<\/figure>\n\t\n\t<div class=\"entry-item-content\">\n\t\t<h2 class=\"entry-item-title\"><a href=\"https:\/\/www.visitamalfi.info\/en\/poi\/46-chiesa-di-s-michele-arcangelo\/\">46 Chiesa di S. Michele Arcangelo<\/a><\/h2>\n\t\t\n\t\t<a href=\"https:\/\/www.visitamalfi.info\/en\/poi\/46-chiesa-di-s-michele-arcangelo\/\" class=\"btn btn-entry-more\">\n\t\t\tLearn More\t\t<\/a>\n\t<\/div>\n<\/div>\n<\/div>\t\t\t\t<div class=\"amalfi-city-centre cultura-en term-1774 term-1545 col-xl-3 col-lg-4 col-sm-6 col-12\">\n<div id=\"entry-item-16067\" class=\"entry-item post-16067 amw_poi type-amw_poi status-publish has-post-thumbnail hentry categoria_poi-amalfi-city-centre categoria_poi-cultura-en\">\n\t\t\t<figure class=\"entry-item-thumb\">\n\t\t\t<a href=\"https:\/\/www.visitamalfi.info\/en\/poi\/arco-della-faenza\/\">\n\t\t\t\t<img loading=\"lazy\" decoding=\"async\" width=\"615\" height=\"410\" src=\"https:\/\/www.visitamalfi.info\/wp-content\/uploads\/2024\/03\/ARCO-DELLA-FAENZA-M.ABBAGNARA-18-615x410.jpg\" class=\"attachment-ignition_item size-ignition_item wp-post-image\" alt=\"Amalfi_Arco della Faenza\" srcset=\"https:\/\/www.visitamalfi.info\/wp-content\/uploads\/2024\/03\/ARCO-DELLA-FAENZA-M.ABBAGNARA-18-615x410.jpg 615w, https:\/\/www.visitamalfi.info\/wp-content\/uploads\/2024\/03\/ARCO-DELLA-FAENZA-M.ABBAGNARA-18-300x200.jpg 300w, https:\/\/www.visitamalfi.info\/wp-content\/uploads\/2024\/03\/ARCO-DELLA-FAENZA-M.ABBAGNARA-18-1024x683.jpg 1024w, https:\/\/www.visitamalfi.info\/wp-content\/uploads\/2024\/03\/ARCO-DELLA-FAENZA-M.ABBAGNARA-18-768x512.jpg 768w, https:\/\/www.visitamalfi.info\/wp-content\/uploads\/2024\/03\/ARCO-DELLA-FAENZA-M.ABBAGNARA-18-1536x1024.jpg 1536w, https:\/\/www.visitamalfi.info\/wp-content\/uploads\/2024\/03\/ARCO-DELLA-FAENZA-M.ABBAGNARA-18-870x580.jpg 870w, https:\/\/www.visitamalfi.info\/wp-content\/uploads\/2024\/03\/ARCO-DELLA-FAENZA-M.ABBAGNARA-18-1240x825.jpg 1240w, https:\/\/www.visitamalfi.info\/wp-content\/uploads\/2024\/03\/ARCO-DELLA-FAENZA-M.ABBAGNARA-18.jpg 1920w\" sizes=\"(max-width: 615px) 100vw, 615px\" \/>\t\t\t<\/a>\n\t\t<\/figure>\n\t\n\t<div class=\"entry-item-content\">\n\t\t<h2 class=\"entry-item-title\"><a href=\"https:\/\/www.visitamalfi.info\/en\/poi\/arco-della-faenza\/\">Arco della Faenza<\/a><\/h2>\n\t\t\n\t\t<a href=\"https:\/\/www.visitamalfi.info\/en\/poi\/arco-della-faenza\/\" class=\"btn btn-entry-more\">\n\t\t\tLearn More\t\t<\/a>\n\t<\/div>\n<\/div>\n<\/div>\t\t\t\t<div class=\"amalfi-city-centre cultura-en esperienza-en term-1774 term-1545 term-1553 col-xl-3 col-lg-4 col-sm-6 col-12\">\n<div id=\"entry-item-16082\" class=\"entry-item post-16082 amw_poi type-amw_poi status-publish has-post-thumbnail hentry categoria_poi-amalfi-city-centre categoria_poi-cultura-en categoria_poi-esperienza-en\">\n\t\t\t<figure class=\"entry-item-thumb\">\n\t\t\t<a href=\"https:\/\/www.visitamalfi.info\/en\/poi\/arsenale-della-repubblica\/\">\n\t\t\t\t<img loading=\"lazy\" decoding=\"async\" width=\"615\" height=\"410\" src=\"https:\/\/www.visitamalfi.info\/wp-content\/uploads\/2024\/03\/Copia-di-41-Museo-della-Bussola-foto-abbagnara-615x410.jpg\" class=\"attachment-ignition_item size-ignition_item wp-post-image\" alt=\"Amalfi_Arsenal of the Republic\" srcset=\"https:\/\/www.visitamalfi.info\/wp-content\/uploads\/2024\/03\/Copia-di-41-Museo-della-Bussola-foto-abbagnara-615x410.jpg 615w, https:\/\/www.visitamalfi.info\/wp-content\/uploads\/2024\/03\/Copia-di-41-Museo-della-Bussola-foto-abbagnara-300x200.jpg 300w, https:\/\/www.visitamalfi.info\/wp-content\/uploads\/2024\/03\/Copia-di-41-Museo-della-Bussola-foto-abbagnara-1024x683.jpg 1024w, https:\/\/www.visitamalfi.info\/wp-content\/uploads\/2024\/03\/Copia-di-41-Museo-della-Bussola-foto-abbagnara-768x512.jpg 768w, https:\/\/www.visitamalfi.info\/wp-content\/uploads\/2024\/03\/Copia-di-41-Museo-della-Bussola-foto-abbagnara-1536x1024.jpg 1536w, https:\/\/www.visitamalfi.info\/wp-content\/uploads\/2024\/03\/Copia-di-41-Museo-della-Bussola-foto-abbagnara-870x580.jpg 870w, https:\/\/www.visitamalfi.info\/wp-content\/uploads\/2024\/03\/Copia-di-41-Museo-della-Bussola-foto-abbagnara-1240x825.jpg 1240w, https:\/\/www.visitamalfi.info\/wp-content\/uploads\/2024\/03\/Copia-di-41-Museo-della-Bussola-foto-abbagnara.jpg 1920w\" sizes=\"(max-width: 615px) 100vw, 615px\" \/>\t\t\t<\/a>\n\t\t<\/figure>\n\t\n\t<div class=\"entry-item-content\">\n\t\t<h2 class=\"entry-item-title\"><a href=\"https:\/\/www.visitamalfi.info\/en\/poi\/arsenale-della-repubblica\/\">Arsenale della Repubblica<\/a><\/h2>\n\t\t\n\t\t<a href=\"https:\/\/www.visitamalfi.info\/en\/poi\/arsenale-della-repubblica\/\" class=\"btn btn-entry-more\">\n\t\t\tLearn More\t\t<\/a>\n\t<\/div>\n<\/div>\n<\/div>\t\t\t\t<div class=\"amalfi-city-centre cultura-en esperienza-en natura-en term-1774 term-1545 term-1553 term-1549 col-xl-3 col-lg-4 col-sm-6 col-12\">\n<div id=\"entry-item-16059\" class=\"entry-item post-16059 amw_poi type-amw_poi status-publish has-post-thumbnail hentry categoria_poi-amalfi-city-centre categoria_poi-cultura-en categoria_poi-esperienza-en categoria_poi-natura-en\">\n\t\t\t<figure class=\"entry-item-thumb\">\n\t\t\t<a href=\"https:\/\/www.visitamalfi.info\/en\/poi\/belvedere-di-s-lorenzo\/\">\n\t\t\t\t<img loading=\"lazy\" decoding=\"async\" width=\"615\" height=\"410\" src=\"https:\/\/www.visitamalfi.info\/wp-content\/uploads\/2024\/03\/CIMITERO-MONUMENTALE-SENZA-MODELLI-M.ABBAGNARA-17-615x410.jpg\" class=\"attachment-ignition_item size-ignition_item wp-post-image\" alt=\"Amalfi_Belvedere di San Lorenzo\" srcset=\"https:\/\/www.visitamalfi.info\/wp-content\/uploads\/2024\/03\/CIMITERO-MONUMENTALE-SENZA-MODELLI-M.ABBAGNARA-17-615x410.jpg 615w, https:\/\/www.visitamalfi.info\/wp-content\/uploads\/2024\/03\/CIMITERO-MONUMENTALE-SENZA-MODELLI-M.ABBAGNARA-17-300x200.jpg 300w, https:\/\/www.visitamalfi.info\/wp-content\/uploads\/2024\/03\/CIMITERO-MONUMENTALE-SENZA-MODELLI-M.ABBAGNARA-17-1024x683.jpg 1024w, https:\/\/www.visitamalfi.info\/wp-content\/uploads\/2024\/03\/CIMITERO-MONUMENTALE-SENZA-MODELLI-M.ABBAGNARA-17-768x512.jpg 768w, https:\/\/www.visitamalfi.info\/wp-content\/uploads\/2024\/03\/CIMITERO-MONUMENTALE-SENZA-MODELLI-M.ABBAGNARA-17-1536x1024.jpg 1536w, https:\/\/www.visitamalfi.info\/wp-content\/uploads\/2024\/03\/CIMITERO-MONUMENTALE-SENZA-MODELLI-M.ABBAGNARA-17-870x580.jpg 870w, https:\/\/www.visitamalfi.info\/wp-content\/uploads\/2024\/03\/CIMITERO-MONUMENTALE-SENZA-MODELLI-M.ABBAGNARA-17-1240x825.jpg 1240w, https:\/\/www.visitamalfi.info\/wp-content\/uploads\/2024\/03\/CIMITERO-MONUMENTALE-SENZA-MODELLI-M.ABBAGNARA-17.jpg 1920w\" sizes=\"(max-width: 615px) 100vw, 615px\" \/>\t\t\t<\/a>\n\t\t<\/figure>\n\t\n\t<div class=\"entry-item-content\">\n\t\t<h2 class=\"entry-item-title\"><a href=\"https:\/\/www.visitamalfi.info\/en\/poi\/belvedere-di-s-lorenzo\/\">Belvedere di S. Lorenzo<\/a><\/h2>\n\t\t\n\t\t<a href=\"https:\/\/www.visitamalfi.info\/en\/poi\/belvedere-di-s-lorenzo\/\" class=\"btn btn-entry-more\">\n\t\t\tLearn More\t\t<\/a>\n\t<\/div>\n<\/div>\n<\/div>\t\t\t\t<div class=\"cultura-en frazioni-en lone-en term-1545 term-1557 term-1565 col-xl-3 col-lg-4 col-sm-6 col-12\">\n<div id=\"entry-item-16053\" class=\"entry-item post-16053 amw_poi type-amw_poi status-publish has-post-thumbnail hentry categoria_poi-cultura-en categoria_poi-frazioni-en categoria_poi-lone-en\">\n\t\t\t<figure class=\"entry-item-thumb\">\n\t\t\t<a href=\"https:\/\/www.visitamalfi.info\/en\/poi\/campanile-della-chiesa-della-nativita-di-maria-ss\/\">\n\t\t\t\t<img loading=\"lazy\" decoding=\"async\" width=\"615\" height=\"410\" src=\"https:\/\/www.visitamalfi.info\/wp-content\/uploads\/2024\/03\/ANA_2290-8k-615x410.jpg\" class=\"attachment-ignition_item size-ignition_item wp-post-image\" alt=\"Amalfi_Via Mestra dei Villaggi_Lone_Chiesa della Nativit\u00e0 di Maria SS\" srcset=\"https:\/\/www.visitamalfi.info\/wp-content\/uploads\/2024\/03\/ANA_2290-8k-615x410.jpg 615w, https:\/\/www.visitamalfi.info\/wp-content\/uploads\/2024\/03\/ANA_2290-8k-300x200.jpg 300w, https:\/\/www.visitamalfi.info\/wp-content\/uploads\/2024\/03\/ANA_2290-8k-1024x683.jpg 1024w, https:\/\/www.visitamalfi.info\/wp-content\/uploads\/2024\/03\/ANA_2290-8k-768x512.jpg 768w, https:\/\/www.visitamalfi.info\/wp-content\/uploads\/2024\/03\/ANA_2290-8k-1536x1024.jpg 1536w, https:\/\/www.visitamalfi.info\/wp-content\/uploads\/2024\/03\/ANA_2290-8k-870x580.jpg 870w, https:\/\/www.visitamalfi.info\/wp-content\/uploads\/2024\/03\/ANA_2290-8k-1240x825.jpg 1240w, https:\/\/www.visitamalfi.info\/wp-content\/uploads\/2024\/03\/ANA_2290-8k.jpg 1920w\" sizes=\"(max-width: 615px) 100vw, 615px\" \/>\t\t\t<\/a>\n\t\t<\/figure>\n\t\n\t<div class=\"entry-item-content\">\n\t\t<h2 class=\"entry-item-title\"><a href=\"https:\/\/www.visitamalfi.info\/en\/poi\/campanile-della-chiesa-della-nativita-di-maria-ss\/\">Campanile della Chiesa della Nativit\u00e0 di Maria SS.<\/a><\/h2>\n\t\t\n\t\t<a href=\"https:\/\/www.visitamalfi.info\/en\/poi\/campanile-della-chiesa-della-nativita-di-maria-ss\/\" class=\"btn btn-entry-more\">\n\t\t\tLearn More\t\t<\/a>\n\t<\/div>\n<\/div>\n<\/div>\t\t\t\t<div class=\"cultura-en esperienza-en frazioni-en natura-en pogerola-en term-1545 term-1553 term-1557 term-1549 term-1569 col-xl-3 col-lg-4 col-sm-6 col-12\">\n<div id=\"entry-item-16050\" class=\"entry-item post-16050 amw_poi type-amw_poi status-publish has-post-thumbnail hentry categoria_poi-cultura-en categoria_poi-esperienza-en categoria_poi-frazioni-en categoria_poi-natura-en categoria_poi-pogerola-en\">\n\t\t\t<figure class=\"entry-item-thumb\">\n\t\t\t<a href=\"https:\/\/www.visitamalfi.info\/en\/poi\/castrum-pigellulae\/\">\n\t\t\t\t<img loading=\"lazy\" decoding=\"async\" width=\"615\" height=\"410\" src=\"https:\/\/www.visitamalfi.info\/wp-content\/uploads\/2024\/03\/DJI_0027@emanueleanastasioph_2giorno_castrum-pogerola1-615x410.jpg\" class=\"attachment-ignition_item size-ignition_item wp-post-image\" alt=\"Amalfi_Pogerola_Castrum Pigellulae\" srcset=\"https:\/\/www.visitamalfi.info\/wp-content\/uploads\/2024\/03\/DJI_0027@emanueleanastasioph_2giorno_castrum-pogerola1-615x410.jpg 615w, https:\/\/www.visitamalfi.info\/wp-content\/uploads\/2024\/03\/DJI_0027@emanueleanastasioph_2giorno_castrum-pogerola1-870x580.jpg 870w, https:\/\/www.visitamalfi.info\/wp-content\/uploads\/2024\/03\/DJI_0027@emanueleanastasioph_2giorno_castrum-pogerola1-1240x825.jpg 1240w\" sizes=\"(max-width: 615px) 100vw, 615px\" \/>\t\t\t<\/a>\n\t\t<\/figure>\n\t\n\t<div class=\"entry-item-content\">\n\t\t<h2 class=\"entry-item-title\"><a href=\"https:\/\/www.visitamalfi.info\/en\/poi\/castrum-pigellulae\/\">Castrum Pigellulae<\/a><\/h2>\n\t\t\n\t\t<a href=\"https:\/\/www.visitamalfi.info\/en\/poi\/castrum-pigellulae\/\" class=\"btn btn-entry-more\">\n\t\t\tLearn More\t\t<\/a>\n\t<\/div>\n<\/div>\n<\/div>\t\t\t\t<div class=\"amalfi-city-centre cultura-en term-1774 term-1545 col-xl-3 col-lg-4 col-sm-6 col-12\">\n<div id=\"entry-item-16086\" class=\"entry-item post-16086 amw_poi type-amw_poi status-publish has-post-thumbnail hentry categoria_poi-amalfi-city-centre categoria_poi-cultura-en\">\n\t\t\t<figure class=\"entry-item-thumb\">\n\t\t\t<a href=\"https:\/\/www.visitamalfi.info\/en\/poi\/ceramic-panel-diodorus-cossa\/\">\n\t\t\t\t<img loading=\"lazy\" decoding=\"async\" width=\"615\" height=\"410\" src=\"https:\/\/www.visitamalfi.info\/wp-content\/uploads\/2024\/03\/m.-abbagnara-foto-pannello-1-615x410.jpg\" class=\"attachment-ignition_item size-ignition_item wp-post-image\" alt=\"Amalfi_Pannello di ceramica_Diodoro Cossa\" srcset=\"https:\/\/www.visitamalfi.info\/wp-content\/uploads\/2024\/03\/m.-abbagnara-foto-pannello-1-615x410.jpg 615w, https:\/\/www.visitamalfi.info\/wp-content\/uploads\/2024\/03\/m.-abbagnara-foto-pannello-1-870x580.jpg 870w, https:\/\/www.visitamalfi.info\/wp-content\/uploads\/2024\/03\/m.-abbagnara-foto-pannello-1-1240x825.jpg 1240w\" sizes=\"(max-width: 615px) 100vw, 615px\" \/>\t\t\t<\/a>\n\t\t<\/figure>\n\t\n\t<div class=\"entry-item-content\">\n\t\t<h2 class=\"entry-item-title\"><a href=\"https:\/\/www.visitamalfi.info\/en\/poi\/ceramic-panel-diodorus-cossa\/\">Ceramic Panel (Diodorus Cossa)<\/a><\/h2>\n\t\t\n\t\t<a href=\"https:\/\/www.visitamalfi.info\/en\/poi\/ceramic-panel-diodorus-cossa\/\" class=\"btn btn-entry-more\">\n\t\t\tLearn More\t\t<\/a>\n\t<\/div>\n<\/div>\n<\/div>\t\t\t\t<div class=\"cultura-en frazioni-en pastena-en term-1545 term-1557 term-1561 col-xl-3 col-lg-4 col-sm-6 col-12\">\n<div id=\"entry-item-16051\" class=\"entry-item post-16051 amw_poi type-amw_poi status-publish has-post-thumbnail hentry categoria_poi-cultura-en categoria_poi-frazioni-en categoria_poi-pastena-en\">\n\t\t\t<figure class=\"entry-item-thumb\">\n\t\t\t<a href=\"https:\/\/www.visitamalfi.info\/en\/poi\/chiesa-della-madonna-assunta\/\">\n\t\t\t\t<img loading=\"lazy\" decoding=\"async\" width=\"615\" height=\"410\" src=\"https:\/\/www.visitamalfi.info\/wp-content\/uploads\/2024\/03\/ANA_2296-8K-chiesa-pastena-615x410.jpg\" class=\"attachment-ignition_item size-ignition_item wp-post-image\" alt=\"Amalfi_Pastena_Chiesa della Madonna Assunta\" srcset=\"https:\/\/www.visitamalfi.info\/wp-content\/uploads\/2024\/03\/ANA_2296-8K-chiesa-pastena-615x410.jpg 615w, https:\/\/www.visitamalfi.info\/wp-content\/uploads\/2024\/03\/ANA_2296-8K-chiesa-pastena-870x580.jpg 870w, https:\/\/www.visitamalfi.info\/wp-content\/uploads\/2024\/03\/ANA_2296-8K-chiesa-pastena-1240x825.jpg 1240w\" sizes=\"(max-width: 615px) 100vw, 615px\" \/>\t\t\t<\/a>\n\t\t<\/figure>\n\t\n\t<div class=\"entry-item-content\">\n\t\t<h2 class=\"entry-item-title\"><a href=\"https:\/\/www.visitamalfi.info\/en\/poi\/chiesa-della-madonna-assunta\/\">Chiesa della Madonna Assunta<\/a><\/h2>\n\t\t\n\t\t<a href=\"https:\/\/www.visitamalfi.info\/en\/poi\/chiesa-della-madonna-assunta\/\" class=\"btn btn-entry-more\">\n\t\t\tLearn More\t\t<\/a>\n\t<\/div>\n<\/div>\n<\/div>\t\t\t\t<div class=\"cultura-en esperienza-en frazioni-en natura-en pogerola-en term-1545 term-1553 term-1557 term-1549 term-1569 col-xl-3 col-lg-4 col-sm-6 col-12\">\n<div id=\"entry-item-16046\" class=\"entry-item post-16046 amw_poi type-amw_poi status-publish has-post-thumbnail hentry categoria_poi-cultura-en categoria_poi-esperienza-en categoria_poi-frazioni-en categoria_poi-natura-en categoria_poi-pogerola-en\">\n\t\t\t<figure class=\"entry-item-thumb\">\n\t\t\t<a href=\"https:\/\/www.visitamalfi.info\/en\/poi\/chiesa-della-madonna-dei-fuondi\/\">\n\t\t\t\t<img loading=\"lazy\" decoding=\"async\" width=\"615\" height=\"410\" src=\"https:\/\/www.visitamalfi.info\/wp-content\/uploads\/2024\/03\/DJI_0038-8K-fuondi-615x410.jpg\" class=\"attachment-ignition_item size-ignition_item wp-post-image\" alt=\"Amalfi_Pogerola_Chiesa della Madonna dei Fuondi\" srcset=\"https:\/\/www.visitamalfi.info\/wp-content\/uploads\/2024\/03\/DJI_0038-8K-fuondi-615x410.jpg 615w, https:\/\/www.visitamalfi.info\/wp-content\/uploads\/2024\/03\/DJI_0038-8K-fuondi-870x580.jpg 870w, https:\/\/www.visitamalfi.info\/wp-content\/uploads\/2024\/03\/DJI_0038-8K-fuondi-1240x825.jpg 1240w\" sizes=\"(max-width: 615px) 100vw, 615px\" \/>\t\t\t<\/a>\n\t\t<\/figure>\n\t\n\t<div class=\"entry-item-content\">\n\t\t<h2 class=\"entry-item-title\"><a href=\"https:\/\/www.visitamalfi.info\/en\/poi\/chiesa-della-madonna-dei-fuondi\/\">Chiesa della Madonna dei Fuondi<\/a><\/h2>\n\t\t\n\t\t<a href=\"https:\/\/www.visitamalfi.info\/en\/poi\/chiesa-della-madonna-dei-fuondi\/\" class=\"btn btn-entry-more\">\n\t\t\tLearn More\t\t<\/a>\n\t<\/div>\n<\/div>\n<\/div>\t\t\t\t<div class=\"cultura-en frazioni-en pogerola-en term-1545 term-1557 term-1569 col-xl-3 col-lg-4 col-sm-6 col-12\">\n<div id=\"entry-item-16047\" class=\"entry-item post-16047 amw_poi type-amw_poi status-publish has-post-thumbnail hentry categoria_poi-cultura-en categoria_poi-frazioni-en categoria_poi-pogerola-en\">\n\t\t\t<figure class=\"entry-item-thumb\">\n\t\t\t<a href=\"https:\/\/www.visitamalfi.info\/en\/poi\/chiesa-della-madonna-delle-grazie\/\">\n\t\t\t\t<img loading=\"lazy\" decoding=\"async\" width=\"615\" height=\"410\" src=\"https:\/\/www.visitamalfi.info\/wp-content\/uploads\/2024\/03\/ANA_3664-8K-615x410.jpg\" class=\"attachment-ignition_item size-ignition_item wp-post-image\" alt=\"Amalfi_Pogerola_Chiesa della Madonna delle Grazie\" srcset=\"https:\/\/www.visitamalfi.info\/wp-content\/uploads\/2024\/03\/ANA_3664-8K-615x410.jpg 615w, https:\/\/www.visitamalfi.info\/wp-content\/uploads\/2024\/03\/ANA_3664-8K-300x200.jpg 300w, https:\/\/www.visitamalfi.info\/wp-content\/uploads\/2024\/03\/ANA_3664-8K-1024x683.jpg 1024w, https:\/\/www.visitamalfi.info\/wp-content\/uploads\/2024\/03\/ANA_3664-8K-768x512.jpg 768w, https:\/\/www.visitamalfi.info\/wp-content\/uploads\/2024\/03\/ANA_3664-8K-1536x1024.jpg 1536w, https:\/\/www.visitamalfi.info\/wp-content\/uploads\/2024\/03\/ANA_3664-8K-870x580.jpg 870w, https:\/\/www.visitamalfi.info\/wp-content\/uploads\/2024\/03\/ANA_3664-8K-1240x825.jpg 1240w, https:\/\/www.visitamalfi.info\/wp-content\/uploads\/2024\/03\/ANA_3664-8K.jpg 1920w\" sizes=\"(max-width: 615px) 100vw, 615px\" \/>\t\t\t<\/a>\n\t\t<\/figure>\n\t\n\t<div class=\"entry-item-content\">\n\t\t<h2 class=\"entry-item-title\"><a href=\"https:\/\/www.visitamalfi.info\/en\/poi\/chiesa-della-madonna-delle-grazie\/\">Chiesa della Madonna delle Grazie<\/a><\/h2>\n\t\t\n\t\t<a href=\"https:\/\/www.visitamalfi.info\/en\/poi\/chiesa-della-madonna-delle-grazie\/\" class=\"btn btn-entry-more\">\n\t\t\tLearn More\t\t<\/a>\n\t<\/div>\n<\/div>\n<\/div>\t\t\t\t<div class=\"cultura-en frazioni-en lone-en term-1545 term-1557 term-1565 col-xl-3 col-lg-4 col-sm-6 col-12\">\n<div id=\"entry-item-16054\" class=\"entry-item post-16054 amw_poi type-amw_poi status-publish has-post-thumbnail hentry categoria_poi-cultura-en categoria_poi-frazioni-en categoria_poi-lone-en\">\n\t\t\t<figure class=\"entry-item-thumb\">\n\t\t\t<a href=\"https:\/\/www.visitamalfi.info\/en\/poi\/chiesa-della-nativita-di-maria-ss\/\">\n\t\t\t\t<img loading=\"lazy\" decoding=\"async\" width=\"615\" height=\"410\" src=\"https:\/\/www.visitamalfi.info\/wp-content\/uploads\/2024\/03\/ANA_2290-8k-615x410.jpg\" class=\"attachment-ignition_item size-ignition_item wp-post-image\" alt=\"Amalfi_Via Mestra dei Villaggi_Lone_Chiesa della Nativit\u00e0 di Maria SS\" srcset=\"https:\/\/www.visitamalfi.info\/wp-content\/uploads\/2024\/03\/ANA_2290-8k-615x410.jpg 615w, https:\/\/www.visitamalfi.info\/wp-content\/uploads\/2024\/03\/ANA_2290-8k-300x200.jpg 300w, https:\/\/www.visitamalfi.info\/wp-content\/uploads\/2024\/03\/ANA_2290-8k-1024x683.jpg 1024w, https:\/\/www.visitamalfi.info\/wp-content\/uploads\/2024\/03\/ANA_2290-8k-768x512.jpg 768w, https:\/\/www.visitamalfi.info\/wp-content\/uploads\/2024\/03\/ANA_2290-8k-1536x1024.jpg 1536w, https:\/\/www.visitamalfi.info\/wp-content\/uploads\/2024\/03\/ANA_2290-8k-870x580.jpg 870w, https:\/\/www.visitamalfi.info\/wp-content\/uploads\/2024\/03\/ANA_2290-8k-1240x825.jpg 1240w, https:\/\/www.visitamalfi.info\/wp-content\/uploads\/2024\/03\/ANA_2290-8k.jpg 1920w\" sizes=\"(max-width: 615px) 100vw, 615px\" \/>\t\t\t<\/a>\n\t\t<\/figure>\n\t\n\t<div class=\"entry-item-content\">\n\t\t<h2 class=\"entry-item-title\"><a href=\"https:\/\/www.visitamalfi.info\/en\/poi\/chiesa-della-nativita-di-maria-ss\/\">Chiesa della Nativit\u00e0 di Maria SS<\/a><\/h2>\n\t\t\n\t\t<a href=\"https:\/\/www.visitamalfi.info\/en\/poi\/chiesa-della-nativita-di-maria-ss\/\" class=\"btn btn-entry-more\">\n\t\t\tLearn More\t\t<\/a>\n\t<\/div>\n<\/div>\n<\/div>\t\t\t\t<div class=\"cultura-en frazioni-en vettica-en term-1545 term-1557 term-1577 col-xl-3 col-lg-4 col-sm-6 col-12\">\n<div id=\"entry-item-16042\" class=\"entry-item post-16042 amw_poi type-amw_poi status-publish has-post-thumbnail hentry categoria_poi-cultura-en categoria_poi-frazioni-en categoria_poi-vettica-en\">\n\t\t\t<figure class=\"entry-item-thumb\">\n\t\t\t<a href=\"https:\/\/www.visitamalfi.info\/en\/poi\/chiesa-della-virgo-potens\/\">\n\t\t\t\t<img loading=\"lazy\" decoding=\"async\" width=\"615\" height=\"410\" src=\"https:\/\/www.visitamalfi.info\/wp-content\/uploads\/2024\/03\/8-615x410.jpg\" class=\"attachment-ignition_item size-ignition_item wp-post-image\" alt=\"Amalfi_Vettica_Chiesa della Virgo Potens\" srcset=\"https:\/\/www.visitamalfi.info\/wp-content\/uploads\/2024\/03\/8-615x410.jpg 615w, https:\/\/www.visitamalfi.info\/wp-content\/uploads\/2024\/03\/8-870x580.jpg 870w, https:\/\/www.visitamalfi.info\/wp-content\/uploads\/2024\/03\/8-1240x825.jpg 1240w\" sizes=\"(max-width: 615px) 100vw, 615px\" \/>\t\t\t<\/a>\n\t\t<\/figure>\n\t\n\t<div class=\"entry-item-content\">\n\t\t<h2 class=\"entry-item-title\"><a href=\"https:\/\/www.visitamalfi.info\/en\/poi\/chiesa-della-virgo-potens\/\">Chiesa della Virgo Potens<\/a><\/h2>\n\t\t\n\t\t<a href=\"https:\/\/www.visitamalfi.info\/en\/poi\/chiesa-della-virgo-potens\/\" class=\"btn btn-entry-more\">\n\t\t\tLearn More\t\t<\/a>\n\t<\/div>\n<\/div>\n<\/div>\t\t\t\t<div class=\"cultura-en frazioni-en tovere-en term-1545 term-1557 term-1573 col-xl-3 col-lg-4 col-sm-6 col-12\">\n<div id=\"entry-item-16044\" class=\"entry-item post-16044 amw_poi type-amw_poi status-publish has-post-thumbnail hentry categoria_poi-cultura-en categoria_poi-frazioni-en categoria_poi-tovere-en\">\n\t\t\t<figure class=\"entry-item-thumb\">\n\t\t\t<a href=\"https:\/\/www.visitamalfi.info\/en\/poi\/chiesa-di-s-pietro-apostolo\/\">\n\t\t\t\t<img loading=\"lazy\" decoding=\"async\" width=\"615\" height=\"410\" src=\"https:\/\/www.visitamalfi.info\/wp-content\/uploads\/2024\/03\/ANA_3481-8K-615x410.jpg\" class=\"attachment-ignition_item size-ignition_item wp-post-image\" alt=\"Amalfi_Tovere_Chiesa S. Pietro Apostolo\" srcset=\"https:\/\/www.visitamalfi.info\/wp-content\/uploads\/2024\/03\/ANA_3481-8K-615x410.jpg 615w, https:\/\/www.visitamalfi.info\/wp-content\/uploads\/2024\/03\/ANA_3481-8K-300x200.jpg 300w, https:\/\/www.visitamalfi.info\/wp-content\/uploads\/2024\/03\/ANA_3481-8K-1024x683.jpg 1024w, https:\/\/www.visitamalfi.info\/wp-content\/uploads\/2024\/03\/ANA_3481-8K-768x512.jpg 768w, https:\/\/www.visitamalfi.info\/wp-content\/uploads\/2024\/03\/ANA_3481-8K-1536x1024.jpg 1536w, https:\/\/www.visitamalfi.info\/wp-content\/uploads\/2024\/03\/ANA_3481-8K-870x580.jpg 870w, https:\/\/www.visitamalfi.info\/wp-content\/uploads\/2024\/03\/ANA_3481-8K-1240x825.jpg 1240w, https:\/\/www.visitamalfi.info\/wp-content\/uploads\/2024\/03\/ANA_3481-8K.jpg 1920w\" sizes=\"(max-width: 615px) 100vw, 615px\" \/>\t\t\t<\/a>\n\t\t<\/figure>\n\t\n\t<div class=\"entry-item-content\">\n\t\t<h2 class=\"entry-item-title\"><a href=\"https:\/\/www.visitamalfi.info\/en\/poi\/chiesa-di-s-pietro-apostolo\/\">Chiesa di S. Pietro Apostolo<\/a><\/h2>\n\t\t\n\t\t<a href=\"https:\/\/www.visitamalfi.info\/en\/poi\/chiesa-di-s-pietro-apostolo\/\" class=\"btn btn-entry-more\">\n\t\t\tLearn More\t\t<\/a>\n\t<\/div>\n<\/div>\n<\/div>\t\t\t\t<div class=\"cultura-en frazioni-en pogerola-en term-1545 term-1557 term-1569 col-xl-3 col-lg-4 col-sm-6 col-12\">\n<div id=\"entry-item-16031\" class=\"entry-item post-16031 amw_poi type-amw_poi status-publish hentry categoria_poi-cultura-en categoria_poi-frazioni-en categoria_poi-pogerola-en\">\n\t\n\t<div class=\"entry-item-content\">\n\t\t<h2 class=\"entry-item-title\"><a href=\"https:\/\/www.visitamalfi.info\/en\/poi\/chiesa-di-santanna\/\">Chiesa di Sant\u2019Anna<\/a><\/h2>\n\t\t\n\t\t<a href=\"https:\/\/www.visitamalfi.info\/en\/poi\/chiesa-di-santanna\/\" class=\"btn btn-entry-more\">\n\t\t\tLearn More\t\t<\/a>\n\t<\/div>\n<\/div>\n<\/div>\t\t\t\t<div class=\"cultura-en frazioni-en natura-en pogerola-en term-1545 term-1557 term-1549 term-1569 col-xl-3 col-lg-4 col-sm-6 col-12\">\n<div id=\"entry-item-16048\" class=\"entry-item post-16048 amw_poi type-amw_poi status-publish has-post-thumbnail hentry categoria_poi-cultura-en categoria_poi-frazioni-en categoria_poi-natura-en categoria_poi-pogerola-en\">\n\t\t\t<figure class=\"entry-item-thumb\">\n\t\t\t<a href=\"https:\/\/www.visitamalfi.info\/en\/poi\/chiesa-s-michele-arcangelo\/\">\n\t\t\t\t<img loading=\"lazy\" decoding=\"async\" width=\"615\" height=\"410\" src=\"https:\/\/www.visitamalfi.info\/wp-content\/uploads\/2024\/03\/Copia-di-ANA_3701@emanueleanastasioph_2giorno-615x410.jpg\" class=\"attachment-ignition_item size-ignition_item wp-post-image\" alt=\"Amalfi_Pogerola_Chiesa San Michele Arcangelo\" srcset=\"https:\/\/www.visitamalfi.info\/wp-content\/uploads\/2024\/03\/Copia-di-ANA_3701@emanueleanastasioph_2giorno-615x410.jpg 615w, https:\/\/www.visitamalfi.info\/wp-content\/uploads\/2024\/03\/Copia-di-ANA_3701@emanueleanastasioph_2giorno-300x200.jpg 300w, https:\/\/www.visitamalfi.info\/wp-content\/uploads\/2024\/03\/Copia-di-ANA_3701@emanueleanastasioph_2giorno-1024x683.jpg 1024w, https:\/\/www.visitamalfi.info\/wp-content\/uploads\/2024\/03\/Copia-di-ANA_3701@emanueleanastasioph_2giorno-768x512.jpg 768w, https:\/\/www.visitamalfi.info\/wp-content\/uploads\/2024\/03\/Copia-di-ANA_3701@emanueleanastasioph_2giorno-1536x1024.jpg 1536w, https:\/\/www.visitamalfi.info\/wp-content\/uploads\/2024\/03\/Copia-di-ANA_3701@emanueleanastasioph_2giorno-870x580.jpg 870w, https:\/\/www.visitamalfi.info\/wp-content\/uploads\/2024\/03\/Copia-di-ANA_3701@emanueleanastasioph_2giorno-1240x825.jpg 1240w, https:\/\/www.visitamalfi.info\/wp-content\/uploads\/2024\/03\/Copia-di-ANA_3701@emanueleanastasioph_2giorno.jpg 1920w\" sizes=\"(max-width: 615px) 100vw, 615px\" \/>\t\t\t<\/a>\n\t\t<\/figure>\n\t\n\t<div class=\"entry-item-content\">\n\t\t<h2 class=\"entry-item-title\"><a href=\"https:\/\/www.visitamalfi.info\/en\/poi\/chiesa-s-michele-arcangelo\/\">Chiesa S. Michele Arcangelo<\/a><\/h2>\n\t\t\n\t\t<a href=\"https:\/\/www.visitamalfi.info\/en\/poi\/chiesa-s-michele-arcangelo\/\" class=\"btn btn-entry-more\">\n\t\t\tLearn More\t\t<\/a>\n\t<\/div>\n<\/div>\n<\/div>\t\t\t\t<div class=\"amalfi-city-centre cultura-en term-1774 term-1545 col-xl-3 col-lg-4 col-sm-6 col-12\">\n<div id=\"entry-item-16079\" class=\"entry-item post-16079 amw_poi type-amw_poi status-publish has-post-thumbnail hentry categoria_poi-amalfi-city-centre categoria_poi-cultura-en\">\n\t\t\t<figure class=\"entry-item-thumb\">\n\t\t\t<a href=\"https:\/\/www.visitamalfi.info\/en\/poi\/church-of-s-anna-piccola\/\">\n\t\t\t\t<img loading=\"lazy\" decoding=\"async\" width=\"615\" height=\"410\" src=\"https:\/\/www.visitamalfi.info\/wp-content\/uploads\/2024\/03\/CHIESA-S.-ANNA-PICCOLA-M.ABBAGNARA-1-615x410.jpg\" class=\"attachment-ignition_item size-ignition_item wp-post-image\" alt=\"Amalfi_Chiesa S. Anna Piccola\" srcset=\"https:\/\/www.visitamalfi.info\/wp-content\/uploads\/2024\/03\/CHIESA-S.-ANNA-PICCOLA-M.ABBAGNARA-1-615x410.jpg 615w, https:\/\/www.visitamalfi.info\/wp-content\/uploads\/2024\/03\/CHIESA-S.-ANNA-PICCOLA-M.ABBAGNARA-1-300x200.jpg 300w, https:\/\/www.visitamalfi.info\/wp-content\/uploads\/2024\/03\/CHIESA-S.-ANNA-PICCOLA-M.ABBAGNARA-1-1024x683.jpg 1024w, https:\/\/www.visitamalfi.info\/wp-content\/uploads\/2024\/03\/CHIESA-S.-ANNA-PICCOLA-M.ABBAGNARA-1-768x512.jpg 768w, https:\/\/www.visitamalfi.info\/wp-content\/uploads\/2024\/03\/CHIESA-S.-ANNA-PICCOLA-M.ABBAGNARA-1-1536x1024.jpg 1536w, https:\/\/www.visitamalfi.info\/wp-content\/uploads\/2024\/03\/CHIESA-S.-ANNA-PICCOLA-M.ABBAGNARA-1-870x580.jpg 870w, https:\/\/www.visitamalfi.info\/wp-content\/uploads\/2024\/03\/CHIESA-S.-ANNA-PICCOLA-M.ABBAGNARA-1-1240x825.jpg 1240w, https:\/\/www.visitamalfi.info\/wp-content\/uploads\/2024\/03\/CHIESA-S.-ANNA-PICCOLA-M.ABBAGNARA-1.jpg 1920w\" sizes=\"(max-width: 615px) 100vw, 615px\" \/>\t\t\t<\/a>\n\t\t<\/figure>\n\t\n\t<div class=\"entry-item-content\">\n\t\t<h2 class=\"entry-item-title\"><a href=\"https:\/\/www.visitamalfi.info\/en\/poi\/church-of-s-anna-piccola\/\">Church of S. Anna Piccola<\/a><\/h2>\n\t\t\n\t\t<a href=\"https:\/\/www.visitamalfi.info\/en\/poi\/church-of-s-anna-piccola\/\" class=\"btn btn-entry-more\">\n\t\t\tLearn More\t\t<\/a>\n\t<\/div>\n<\/div>\n<\/div>\t\t\t\t<div class=\"amalfi-city-centre cultura-en term-1774 term-1545 col-xl-3 col-lg-4 col-sm-6 col-12\">\n<div id=\"entry-item-16058\" class=\"entry-item post-16058 amw_poi type-amw_poi status-publish has-post-thumbnail hentry categoria_poi-amalfi-city-centre categoria_poi-cultura-en\">\n\t\t\t<figure class=\"entry-item-thumb\">\n\t\t\t<a href=\"https:\/\/www.visitamalfi.info\/en\/poi\/cimitero-monumentale\/\">\n\t\t\t\t<img loading=\"lazy\" decoding=\"async\" width=\"615\" height=\"410\" src=\"https:\/\/www.visitamalfi.info\/wp-content\/uploads\/2024\/03\/CIMITERO-MONUMENTALE-SENZA-MODELLI-M.ABBAGNARA-29-615x410.jpg\" class=\"attachment-ignition_item size-ignition_item wp-post-image\" alt=\"Amalfi_Cimitero Monumentale\" srcset=\"https:\/\/www.visitamalfi.info\/wp-content\/uploads\/2024\/03\/CIMITERO-MONUMENTALE-SENZA-MODELLI-M.ABBAGNARA-29-615x410.jpg 615w, https:\/\/www.visitamalfi.info\/wp-content\/uploads\/2024\/03\/CIMITERO-MONUMENTALE-SENZA-MODELLI-M.ABBAGNARA-29-300x200.jpg 300w, https:\/\/www.visitamalfi.info\/wp-content\/uploads\/2024\/03\/CIMITERO-MONUMENTALE-SENZA-MODELLI-M.ABBAGNARA-29-1024x683.jpg 1024w, https:\/\/www.visitamalfi.info\/wp-content\/uploads\/2024\/03\/CIMITERO-MONUMENTALE-SENZA-MODELLI-M.ABBAGNARA-29-768x512.jpg 768w, https:\/\/www.visitamalfi.info\/wp-content\/uploads\/2024\/03\/CIMITERO-MONUMENTALE-SENZA-MODELLI-M.ABBAGNARA-29-1536x1024.jpg 1536w, https:\/\/www.visitamalfi.info\/wp-content\/uploads\/2024\/03\/CIMITERO-MONUMENTALE-SENZA-MODELLI-M.ABBAGNARA-29-870x580.jpg 870w, https:\/\/www.visitamalfi.info\/wp-content\/uploads\/2024\/03\/CIMITERO-MONUMENTALE-SENZA-MODELLI-M.ABBAGNARA-29-1240x825.jpg 1240w, https:\/\/www.visitamalfi.info\/wp-content\/uploads\/2024\/03\/CIMITERO-MONUMENTALE-SENZA-MODELLI-M.ABBAGNARA-29.jpg 1920w\" sizes=\"(max-width: 615px) 100vw, 615px\" \/>\t\t\t<\/a>\n\t\t<\/figure>\n\t\n\t<div class=\"entry-item-content\">\n\t\t<h2 class=\"entry-item-title\"><a href=\"https:\/\/www.visitamalfi.info\/en\/poi\/cimitero-monumentale\/\">Cimitero Monumentale<\/a><\/h2>\n\t\t\n\t\t<a href=\"https:\/\/www.visitamalfi.info\/en\/poi\/cimitero-monumentale\/\" class=\"btn btn-entry-more\">\n\t\t\tLearn More\t\t<\/a>\n\t<\/div>\n<\/div>\n<\/div>\t\t\t\t<div class=\"amalfi-city-centre cultura-en term-1774 term-1545 col-xl-3 col-lg-4 col-sm-6 col-12\">\n<div id=\"entry-item-16074\" class=\"entry-item post-16074 amw_poi type-amw_poi status-publish has-post-thumbnail hentry categoria_poi-amalfi-city-centre categoria_poi-cultura-en\">\n\t\t\t<figure class=\"entry-item-thumb\">\n\t\t\t<a href=\"https:\/\/www.visitamalfi.info\/en\/poi\/domus-vagliendola\/\">\n\t\t\t\t<img loading=\"lazy\" decoding=\"async\" width=\"615\" height=\"410\" src=\"https:\/\/www.visitamalfi.info\/wp-content\/uploads\/2024\/03\/DOMUS-VAGLIENDOLA-SENZA-MODELLI-M.ABBAGNARA-7-615x410.jpg\" class=\"attachment-ignition_item size-ignition_item wp-post-image\" alt=\"Amalfi_Domus Vagliendola\" srcset=\"https:\/\/www.visitamalfi.info\/wp-content\/uploads\/2024\/03\/DOMUS-VAGLIENDOLA-SENZA-MODELLI-M.ABBAGNARA-7-615x410.jpg 615w, https:\/\/www.visitamalfi.info\/wp-content\/uploads\/2024\/03\/DOMUS-VAGLIENDOLA-SENZA-MODELLI-M.ABBAGNARA-7-300x200.jpg 300w, https:\/\/www.visitamalfi.info\/wp-content\/uploads\/2024\/03\/DOMUS-VAGLIENDOLA-SENZA-MODELLI-M.ABBAGNARA-7-1024x683.jpg 1024w, https:\/\/www.visitamalfi.info\/wp-content\/uploads\/2024\/03\/DOMUS-VAGLIENDOLA-SENZA-MODELLI-M.ABBAGNARA-7-768x512.jpg 768w, https:\/\/www.visitamalfi.info\/wp-content\/uploads\/2024\/03\/DOMUS-VAGLIENDOLA-SENZA-MODELLI-M.ABBAGNARA-7-1536x1024.jpg 1536w, https:\/\/www.visitamalfi.info\/wp-content\/uploads\/2024\/03\/DOMUS-VAGLIENDOLA-SENZA-MODELLI-M.ABBAGNARA-7-870x580.jpg 870w, https:\/\/www.visitamalfi.info\/wp-content\/uploads\/2024\/03\/DOMUS-VAGLIENDOLA-SENZA-MODELLI-M.ABBAGNARA-7-1240x825.jpg 1240w, https:\/\/www.visitamalfi.info\/wp-content\/uploads\/2024\/03\/DOMUS-VAGLIENDOLA-SENZA-MODELLI-M.ABBAGNARA-7.jpg 1920w\" sizes=\"(max-width: 615px) 100vw, 615px\" \/>\t\t\t<\/a>\n\t\t<\/figure>\n\t\n\t<div class=\"entry-item-content\">\n\t\t<h2 class=\"entry-item-title\"><a href=\"https:\/\/www.visitamalfi.info\/en\/poi\/domus-vagliendola\/\">Domus Vagliendola<\/a><\/h2>\n\t\t\n\t\t<a href=\"https:\/\/www.visitamalfi.info\/en\/poi\/domus-vagliendola\/\" class=\"btn btn-entry-more\">\n\t\t\tLearn More\t\t<\/a>\n\t<\/div>\n<\/div>\n<\/div>\t\t\t\t<div class=\"amalfi-city-centre cultura-en term-1774 term-1545 col-xl-3 col-lg-4 col-sm-6 col-12\">\n<div id=\"entry-item-16084\" class=\"entry-item post-16084 amw_poi type-amw_poi status-publish has-post-thumbnail hentry categoria_poi-amalfi-city-centre categoria_poi-cultura-en\">\n\t\t\t<figure class=\"entry-item-thumb\">\n\t\t\t<a href=\"https:\/\/www.visitamalfi.info\/en\/poi\/flags-of-the-maritime-republics\/\">\n\t\t\t\t<img loading=\"lazy\" decoding=\"async\" width=\"615\" height=\"410\" src=\"https:\/\/www.visitamalfi.info\/wp-content\/uploads\/2024\/03\/BANDIERE-REPUBBLICHE-MARINARE-9-615x410.jpg\" class=\"attachment-ignition_item size-ignition_item wp-post-image\" alt=\"Amalfi_Bandiere delle Repubbliche Marinare\" srcset=\"https:\/\/www.visitamalfi.info\/wp-content\/uploads\/2024\/03\/BANDIERE-REPUBBLICHE-MARINARE-9-615x410.jpg 615w, https:\/\/www.visitamalfi.info\/wp-content\/uploads\/2024\/03\/BANDIERE-REPUBBLICHE-MARINARE-9-300x200.jpg 300w, https:\/\/www.visitamalfi.info\/wp-content\/uploads\/2024\/03\/BANDIERE-REPUBBLICHE-MARINARE-9-1024x683.jpg 1024w, https:\/\/www.visitamalfi.info\/wp-content\/uploads\/2024\/03\/BANDIERE-REPUBBLICHE-MARINARE-9-768x512.jpg 768w, https:\/\/www.visitamalfi.info\/wp-content\/uploads\/2024\/03\/BANDIERE-REPUBBLICHE-MARINARE-9-1536x1024.jpg 1536w, https:\/\/www.visitamalfi.info\/wp-content\/uploads\/2024\/03\/BANDIERE-REPUBBLICHE-MARINARE-9-870x580.jpg 870w, https:\/\/www.visitamalfi.info\/wp-content\/uploads\/2024\/03\/BANDIERE-REPUBBLICHE-MARINARE-9-1240x825.jpg 1240w, https:\/\/www.visitamalfi.info\/wp-content\/uploads\/2024\/03\/BANDIERE-REPUBBLICHE-MARINARE-9.jpg 1920w\" sizes=\"(max-width: 615px) 100vw, 615px\" \/>\t\t\t<\/a>\n\t\t<\/figure>\n\t\n\t<div class=\"entry-item-content\">\n\t\t<h2 class=\"entry-item-title\"><a href=\"https:\/\/www.visitamalfi.info\/en\/poi\/flags-of-the-maritime-republics\/\">Flags of the Maritime Republics<\/a><\/h2>\n\t\t\n\t\t<a href=\"https:\/\/www.visitamalfi.info\/en\/poi\/flags-of-the-maritime-republics\/\" class=\"btn btn-entry-more\">\n\t\t\tLearn More\t\t<\/a>\n\t<\/div>\n<\/div>\n<\/div>\t\t\t\t<div class=\"amalfi-city-centre cultura-en term-1774 term-1545 col-xl-3 col-lg-4 col-sm-6 col-12\">\n<div id=\"entry-item-16068\" class=\"entry-item post-16068 amw_poi type-amw_poi status-publish has-post-thumbnail hentry categoria_poi-amalfi-city-centre categoria_poi-cultura-en\">\n\t\t\t<figure class=\"entry-item-thumb\">\n\t\t\t<a href=\"https:\/\/www.visitamalfi.info\/en\/poi\/fontana-de-cape-e-ciucci\/\">\n\t\t\t\t<img loading=\"lazy\" decoding=\"async\" width=\"615\" height=\"410\" src=\"https:\/\/www.visitamalfi.info\/wp-content\/uploads\/2024\/03\/FONTANA-DE-CAPE_-E-CIUCCI-SENZA-MODELLI-M.ABBAGNARA-7-615x410.jpg\" class=\"attachment-ignition_item size-ignition_item wp-post-image\" alt=\"Amalfi_Fontana  De Cape \u2018e Ciucci\" srcset=\"https:\/\/www.visitamalfi.info\/wp-content\/uploads\/2024\/03\/FONTANA-DE-CAPE_-E-CIUCCI-SENZA-MODELLI-M.ABBAGNARA-7-615x410.jpg 615w, https:\/\/www.visitamalfi.info\/wp-content\/uploads\/2024\/03\/FONTANA-DE-CAPE_-E-CIUCCI-SENZA-MODELLI-M.ABBAGNARA-7-300x200.jpg 300w, https:\/\/www.visitamalfi.info\/wp-content\/uploads\/2024\/03\/FONTANA-DE-CAPE_-E-CIUCCI-SENZA-MODELLI-M.ABBAGNARA-7-1024x683.jpg 1024w, https:\/\/www.visitamalfi.info\/wp-content\/uploads\/2024\/03\/FONTANA-DE-CAPE_-E-CIUCCI-SENZA-MODELLI-M.ABBAGNARA-7-768x512.jpg 768w, https:\/\/www.visitamalfi.info\/wp-content\/uploads\/2024\/03\/FONTANA-DE-CAPE_-E-CIUCCI-SENZA-MODELLI-M.ABBAGNARA-7-1536x1024.jpg 1536w, https:\/\/www.visitamalfi.info\/wp-content\/uploads\/2024\/03\/FONTANA-DE-CAPE_-E-CIUCCI-SENZA-MODELLI-M.ABBAGNARA-7-870x580.jpg 870w, https:\/\/www.visitamalfi.info\/wp-content\/uploads\/2024\/03\/FONTANA-DE-CAPE_-E-CIUCCI-SENZA-MODELLI-M.ABBAGNARA-7-1240x825.jpg 1240w, https:\/\/www.visitamalfi.info\/wp-content\/uploads\/2024\/03\/FONTANA-DE-CAPE_-E-CIUCCI-SENZA-MODELLI-M.ABBAGNARA-7.jpg 1920w\" sizes=\"(max-width: 615px) 100vw, 615px\" \/>\t\t\t<\/a>\n\t\t<\/figure>\n\t\n\t<div class=\"entry-item-content\">\n\t\t<h2 class=\"entry-item-title\"><a href=\"https:\/\/www.visitamalfi.info\/en\/poi\/fontana-de-cape-e-ciucci\/\">Fontana De Cape \u2018e Ciucci<\/a><\/h2>\n\t\t\n\t\t<a href=\"https:\/\/www.visitamalfi.info\/en\/poi\/fontana-de-cape-e-ciucci\/\" class=\"btn btn-entry-more\">\n\t\t\tLearn More\t\t<\/a>\n\t<\/div>\n<\/div>\n<\/div>\t\t\t\t<div class=\"amalfi-city-centre cultura-en term-1774 term-1545 col-xl-3 col-lg-4 col-sm-6 col-12\">\n<div id=\"entry-item-16080\" class=\"entry-item post-16080 amw_poi type-amw_poi status-publish has-post-thumbnail hentry categoria_poi-amalfi-city-centre categoria_poi-cultura-en\">\n\t\t\t<figure class=\"entry-item-thumb\">\n\t\t\t<a href=\"https:\/\/www.visitamalfi.info\/en\/poi\/fontana-di-s-andrea\/\">\n\t\t\t\t<img loading=\"lazy\" decoding=\"async\" width=\"615\" height=\"410\" src=\"https:\/\/www.visitamalfi.info\/wp-content\/uploads\/2024\/03\/DSC03207-615x410.jpg\" class=\"attachment-ignition_item size-ignition_item wp-post-image\" alt=\"Amalfi_Fontana di S. Andrea\" srcset=\"https:\/\/www.visitamalfi.info\/wp-content\/uploads\/2024\/03\/DSC03207-615x410.jpg 615w, https:\/\/www.visitamalfi.info\/wp-content\/uploads\/2024\/03\/DSC03207-300x200.jpg 300w, https:\/\/www.visitamalfi.info\/wp-content\/uploads\/2024\/03\/DSC03207-1024x683.jpg 1024w, https:\/\/www.visitamalfi.info\/wp-content\/uploads\/2024\/03\/DSC03207-768x512.jpg 768w, https:\/\/www.visitamalfi.info\/wp-content\/uploads\/2024\/03\/DSC03207-1536x1024.jpg 1536w, https:\/\/www.visitamalfi.info\/wp-content\/uploads\/2024\/03\/DSC03207-870x580.jpg 870w, https:\/\/www.visitamalfi.info\/wp-content\/uploads\/2024\/03\/DSC03207-1240x825.jpg 1240w, https:\/\/www.visitamalfi.info\/wp-content\/uploads\/2024\/03\/DSC03207.jpg 1920w\" sizes=\"(max-width: 615px) 100vw, 615px\" \/>\t\t\t<\/a>\n\t\t<\/figure>\n\t\n\t<div class=\"entry-item-content\">\n\t\t<h2 class=\"entry-item-title\"><a href=\"https:\/\/www.visitamalfi.info\/en\/poi\/fontana-di-s-andrea\/\">Fontana di S. Andrea<\/a><\/h2>\n\t\t\n\t\t<a href=\"https:\/\/www.visitamalfi.info\/en\/poi\/fontana-di-s-andrea\/\" class=\"btn btn-entry-more\">\n\t\t\tLearn More\t\t<\/a>\n\t<\/div>\n<\/div>\n<\/div>\t\t\t\t<div class=\"cultura-en frazioni-en natura-en tovere-en vettica-en term-1545 term-1557 term-1549 term-1573 term-1577 col-xl-3 col-lg-4 col-sm-6 col-12\">\n<div id=\"entry-item-16030\" class=\"entry-item post-16030 amw_poi type-amw_poi status-publish hentry categoria_poi-cultura-en categoria_poi-frazioni-en categoria_poi-natura-en categoria_poi-tovere-en categoria_poi-vettica-en\">\n\t\n\t<div class=\"entry-item-content\">\n\t\t<h2 class=\"entry-item-title\"><a href=\"https:\/\/www.visitamalfi.info\/en\/poi\/grotta-della-ss-ma-trinita\/\">Grotta della SS.ma Trinit\u00e0<\/a><\/h2>\n\t\t\n\t\t<a href=\"https:\/\/www.visitamalfi.info\/en\/poi\/grotta-della-ss-ma-trinita\/\" class=\"btn btn-entry-more\">\n\t\t\tLearn More\t\t<\/a>\n\t<\/div>\n<\/div>\n<\/div>\t\t\t\t<div class=\"amalfi-city-centre cultura-en term-1774 term-1545 col-xl-3 col-lg-4 col-sm-6 col-12\">\n<div id=\"entry-item-16041\" class=\"entry-item post-16041 amw_poi type-amw_poi status-publish has-post-thumbnail hentry categoria_poi-amalfi-city-centre categoria_poi-cultura-en\">\n\t\t\t<figure class=\"entry-item-thumb\">\n\t\t\t<a href=\"https:\/\/www.visitamalfi.info\/en\/poi\/home-of-matteo-camera\/\">\n\t\t\t\t<img loading=\"lazy\" decoding=\"async\" width=\"615\" height=\"410\" src=\"https:\/\/www.visitamalfi.info\/wp-content\/uploads\/2024\/03\/MATTEO-CAMERA-3-615x410.jpg\" class=\"attachment-ignition_item size-ignition_item wp-post-image\" alt=\"Amalfi_Casa Matteo Camera\" srcset=\"https:\/\/www.visitamalfi.info\/wp-content\/uploads\/2024\/03\/MATTEO-CAMERA-3-615x410.jpg 615w, https:\/\/www.visitamalfi.info\/wp-content\/uploads\/2024\/03\/MATTEO-CAMERA-3-300x200.jpg 300w, https:\/\/www.visitamalfi.info\/wp-content\/uploads\/2024\/03\/MATTEO-CAMERA-3-1024x683.jpg 1024w, https:\/\/www.visitamalfi.info\/wp-content\/uploads\/2024\/03\/MATTEO-CAMERA-3-768x512.jpg 768w, https:\/\/www.visitamalfi.info\/wp-content\/uploads\/2024\/03\/MATTEO-CAMERA-3-1536x1024.jpg 1536w, https:\/\/www.visitamalfi.info\/wp-content\/uploads\/2024\/03\/MATTEO-CAMERA-3-870x580.jpg 870w, https:\/\/www.visitamalfi.info\/wp-content\/uploads\/2024\/03\/MATTEO-CAMERA-3-1240x825.jpg 1240w, https:\/\/www.visitamalfi.info\/wp-content\/uploads\/2024\/03\/MATTEO-CAMERA-3.jpg 1920w\" sizes=\"(max-width: 615px) 100vw, 615px\" \/>\t\t\t<\/a>\n\t\t<\/figure>\n\t\n\t<div class=\"entry-item-content\">\n\t\t<h2 class=\"entry-item-title\"><a href=\"https:\/\/www.visitamalfi.info\/en\/poi\/home-of-matteo-camera\/\">Home of Matteo Camera<\/a><\/h2>\n\t\t\n\t\t<a href=\"https:\/\/www.visitamalfi.info\/en\/poi\/home-of-matteo-camera\/\" class=\"btn btn-entry-more\">\n\t\t\tLearn More\t\t<\/a>\n\t<\/div>\n<\/div>\n<\/div>\t\t\t\t<div class=\"spiagge-en frazioni-en lone-en term-1581 term-1557 term-1565 col-xl-3 col-lg-4 col-sm-6 col-12\">\n<div id=\"entry-item-16040\" class=\"entry-item post-16040 amw_poi type-amw_poi status-publish has-post-thumbnail hentry categoria_poi-spiagge-en categoria_poi-frazioni-en categoria_poi-lone-en\">\n\t\t\t<figure class=\"entry-item-thumb\">\n\t\t\t<a href=\"https:\/\/www.visitamalfi.info\/en\/poi\/il-duoglio\/\">\n\t\t\t\t<img loading=\"lazy\" decoding=\"async\" width=\"615\" height=\"410\" src=\"https:\/\/www.visitamalfi.info\/wp-content\/uploads\/2024\/03\/emanueleanastasioph-DMO-visitamalfi-2023ANA_1365-duoglio-615x410.jpg\" class=\"attachment-ignition_item size-ignition_item wp-post-image\" alt=\"Amalfi_Lone_Il Duoglio\" srcset=\"https:\/\/www.visitamalfi.info\/wp-content\/uploads\/2024\/03\/emanueleanastasioph-DMO-visitamalfi-2023ANA_1365-duoglio-615x410.jpg 615w, https:\/\/www.visitamalfi.info\/wp-content\/uploads\/2024\/03\/emanueleanastasioph-DMO-visitamalfi-2023ANA_1365-duoglio-870x580.jpg 870w, https:\/\/www.visitamalfi.info\/wp-content\/uploads\/2024\/03\/emanueleanastasioph-DMO-visitamalfi-2023ANA_1365-duoglio-1240x825.jpg 1240w\" sizes=\"(max-width: 615px) 100vw, 615px\" \/>\t\t\t<\/a>\n\t\t<\/figure>\n\t\n\t<div class=\"entry-item-content\">\n\t\t<h2 class=\"entry-item-title\"><a href=\"https:\/\/www.visitamalfi.info\/en\/poi\/il-duoglio\/\">Il Duoglio<\/a><\/h2>\n\t\t\n\t\t<a href=\"https:\/\/www.visitamalfi.info\/en\/poi\/il-duoglio\/\" class=\"btn btn-entry-more\">\n\t\t\tLearn More\t\t<\/a>\n\t<\/div>\n<\/div>\n<\/div>\t\t\t\t<div class=\"amalfi-city-centre esperienza-en natura-en term-1774 term-1553 term-1549 col-xl-3 col-lg-4 col-sm-6 col-12\">\n<div id=\"entry-item-16063\" class=\"entry-item post-16063 amw_poi type-amw_poi status-publish has-post-thumbnail hentry categoria_poi-amalfi-city-centre categoria_poi-esperienza-en categoria_poi-natura-en\">\n\t\t\t<figure class=\"entry-item-thumb\">\n\t\t\t<a href=\"https:\/\/www.visitamalfi.info\/en\/poi\/la-selva\/\">\n\t\t\t\t<img loading=\"lazy\" decoding=\"async\" width=\"615\" height=\"410\" src=\"https:\/\/www.visitamalfi.info\/wp-content\/uploads\/2024\/03\/LA-SELVA-SENZA-MODELLI-M.ABBAGNARA-1-615x410.jpg\" class=\"attachment-ignition_item size-ignition_item wp-post-image\" alt=\"Amalfi_La Selva\" srcset=\"https:\/\/www.visitamalfi.info\/wp-content\/uploads\/2024\/03\/LA-SELVA-SENZA-MODELLI-M.ABBAGNARA-1-615x410.jpg 615w, https:\/\/www.visitamalfi.info\/wp-content\/uploads\/2024\/03\/LA-SELVA-SENZA-MODELLI-M.ABBAGNARA-1-300x200.jpg 300w, https:\/\/www.visitamalfi.info\/wp-content\/uploads\/2024\/03\/LA-SELVA-SENZA-MODELLI-M.ABBAGNARA-1-1024x683.jpg 1024w, https:\/\/www.visitamalfi.info\/wp-content\/uploads\/2024\/03\/LA-SELVA-SENZA-MODELLI-M.ABBAGNARA-1-768x512.jpg 768w, https:\/\/www.visitamalfi.info\/wp-content\/uploads\/2024\/03\/LA-SELVA-SENZA-MODELLI-M.ABBAGNARA-1-1536x1024.jpg 1536w, https:\/\/www.visitamalfi.info\/wp-content\/uploads\/2024\/03\/LA-SELVA-SENZA-MODELLI-M.ABBAGNARA-1-870x580.jpg 870w, https:\/\/www.visitamalfi.info\/wp-content\/uploads\/2024\/03\/LA-SELVA-SENZA-MODELLI-M.ABBAGNARA-1-1240x825.jpg 1240w, https:\/\/www.visitamalfi.info\/wp-content\/uploads\/2024\/03\/LA-SELVA-SENZA-MODELLI-M.ABBAGNARA-1.jpg 1920w\" sizes=\"(max-width: 615px) 100vw, 615px\" \/>\t\t\t<\/a>\n\t\t<\/figure>\n\t\n\t<div class=\"entry-item-content\">\n\t\t<h2 class=\"entry-item-title\"><a href=\"https:\/\/www.visitamalfi.info\/en\/poi\/la-selva\/\">La Selva<\/a><\/h2>\n\t\t\n\t\t<a href=\"https:\/\/www.visitamalfi.info\/en\/poi\/la-selva\/\" class=\"btn btn-entry-more\">\n\t\t\tLearn More\t\t<\/a>\n\t<\/div>\n<\/div>\n<\/div>\t\t\t\t<div class=\"amalfi-city-centre cultura-en term-1774 term-1545 col-xl-3 col-lg-4 col-sm-6 col-12\">\n<div id=\"entry-item-16070\" class=\"entry-item post-16070 amw_poi type-amw_poi status-publish has-post-thumbnail hentry categoria_poi-amalfi-city-centre categoria_poi-cultura-en\">\n\t\t\t<figure class=\"entry-item-thumb\">\n\t\t\t<a href=\"https:\/\/www.visitamalfi.info\/en\/poi\/largo-campo-castriota\/\">\n\t\t\t\t<img loading=\"lazy\" decoding=\"async\" width=\"615\" height=\"410\" src=\"https:\/\/www.visitamalfi.info\/wp-content\/uploads\/2024\/03\/LARGO-CAMPO-CASTRIOTA-SENZA-MODELLI-M.ABBAGNARA-2-615x410.jpg\" class=\"attachment-ignition_item size-ignition_item wp-post-image\" alt=\"Amalfi_Largo Campo Castriota\" srcset=\"https:\/\/www.visitamalfi.info\/wp-content\/uploads\/2024\/03\/LARGO-CAMPO-CASTRIOTA-SENZA-MODELLI-M.ABBAGNARA-2-615x410.jpg 615w, https:\/\/www.visitamalfi.info\/wp-content\/uploads\/2024\/03\/LARGO-CAMPO-CASTRIOTA-SENZA-MODELLI-M.ABBAGNARA-2-300x200.jpg 300w, https:\/\/www.visitamalfi.info\/wp-content\/uploads\/2024\/03\/LARGO-CAMPO-CASTRIOTA-SENZA-MODELLI-M.ABBAGNARA-2-1024x683.jpg 1024w, https:\/\/www.visitamalfi.info\/wp-content\/uploads\/2024\/03\/LARGO-CAMPO-CASTRIOTA-SENZA-MODELLI-M.ABBAGNARA-2-768x512.jpg 768w, https:\/\/www.visitamalfi.info\/wp-content\/uploads\/2024\/03\/LARGO-CAMPO-CASTRIOTA-SENZA-MODELLI-M.ABBAGNARA-2-1536x1024.jpg 1536w, https:\/\/www.visitamalfi.info\/wp-content\/uploads\/2024\/03\/LARGO-CAMPO-CASTRIOTA-SENZA-MODELLI-M.ABBAGNARA-2-870x580.jpg 870w, https:\/\/www.visitamalfi.info\/wp-content\/uploads\/2024\/03\/LARGO-CAMPO-CASTRIOTA-SENZA-MODELLI-M.ABBAGNARA-2-1240x825.jpg 1240w, https:\/\/www.visitamalfi.info\/wp-content\/uploads\/2024\/03\/LARGO-CAMPO-CASTRIOTA-SENZA-MODELLI-M.ABBAGNARA-2.jpg 1920w\" sizes=\"(max-width: 615px) 100vw, 615px\" \/>\t\t\t<\/a>\n\t\t<\/figure>\n\t\n\t<div class=\"entry-item-content\">\n\t\t<h2 class=\"entry-item-title\"><a href=\"https:\/\/www.visitamalfi.info\/en\/poi\/largo-campo-castriota\/\">Largo Campo Castriota<\/a><\/h2>\n\t\t\n\t\t<a href=\"https:\/\/www.visitamalfi.info\/en\/poi\/largo-campo-castriota\/\" class=\"btn btn-entry-more\">\n\t\t\tLearn More\t\t<\/a>\n\t<\/div>\n<\/div>\n<\/div>\t\t\t\t<div class=\"amalfi-city-centre cultura-en term-1774 term-1545 col-xl-3 col-lg-4 col-sm-6 col-12\">\n<div id=\"entry-item-16073\" class=\"entry-item post-16073 amw_poi type-amw_poi status-publish has-post-thumbnail hentry categoria_poi-amalfi-city-centre categoria_poi-cultura-en\">\n\t\t\t<figure class=\"entry-item-thumb\">\n\t\t\t<a href=\"https:\/\/www.visitamalfi.info\/en\/poi\/largo-duchi-piccolomini\/\">\n\t\t\t\t<img loading=\"lazy\" decoding=\"async\" width=\"615\" height=\"410\" src=\"https:\/\/www.visitamalfi.info\/wp-content\/uploads\/2024\/03\/LARGO-DUCA-PICCOLOMINI-SENZA-MODELLI-M.ABBAGNARA-12-615x410.jpg\" class=\"attachment-ignition_item size-ignition_item wp-post-image\" alt=\"Amalfi_Largo Duchi Piccolomini\" srcset=\"https:\/\/www.visitamalfi.info\/wp-content\/uploads\/2024\/03\/LARGO-DUCA-PICCOLOMINI-SENZA-MODELLI-M.ABBAGNARA-12-615x410.jpg 615w, https:\/\/www.visitamalfi.info\/wp-content\/uploads\/2024\/03\/LARGO-DUCA-PICCOLOMINI-SENZA-MODELLI-M.ABBAGNARA-12-300x200.jpg 300w, https:\/\/www.visitamalfi.info\/wp-content\/uploads\/2024\/03\/LARGO-DUCA-PICCOLOMINI-SENZA-MODELLI-M.ABBAGNARA-12-1024x683.jpg 1024w, https:\/\/www.visitamalfi.info\/wp-content\/uploads\/2024\/03\/LARGO-DUCA-PICCOLOMINI-SENZA-MODELLI-M.ABBAGNARA-12-768x512.jpg 768w, https:\/\/www.visitamalfi.info\/wp-content\/uploads\/2024\/03\/LARGO-DUCA-PICCOLOMINI-SENZA-MODELLI-M.ABBAGNARA-12-1536x1024.jpg 1536w, https:\/\/www.visitamalfi.info\/wp-content\/uploads\/2024\/03\/LARGO-DUCA-PICCOLOMINI-SENZA-MODELLI-M.ABBAGNARA-12-870x580.jpg 870w, https:\/\/www.visitamalfi.info\/wp-content\/uploads\/2024\/03\/LARGO-DUCA-PICCOLOMINI-SENZA-MODELLI-M.ABBAGNARA-12-1240x825.jpg 1240w, https:\/\/www.visitamalfi.info\/wp-content\/uploads\/2024\/03\/LARGO-DUCA-PICCOLOMINI-SENZA-MODELLI-M.ABBAGNARA-12.jpg 1920w\" sizes=\"(max-width: 615px) 100vw, 615px\" \/>\t\t\t<\/a>\n\t\t<\/figure>\n\t\n\t<div class=\"entry-item-content\">\n\t\t<h2 class=\"entry-item-title\"><a href=\"https:\/\/www.visitamalfi.info\/en\/poi\/largo-duchi-piccolomini\/\">Largo Duchi Piccolomini<\/a><\/h2>\n\t\t\n\t\t<a href=\"https:\/\/www.visitamalfi.info\/en\/poi\/largo-duchi-piccolomini\/\" class=\"btn btn-entry-more\">\n\t\t\tLearn More\t\t<\/a>\n\t<\/div>\n<\/div>\n<\/div>\t\t\t\t<div class=\"cultura-en frazioni-en lone-en natura-en term-1545 term-1557 term-1565 term-1549 col-xl-3 col-lg-4 col-sm-6 col-12\">\n<div id=\"entry-item-16033\" class=\"entry-item post-16033 amw_poi type-amw_poi status-publish has-post-thumbnail hentry categoria_poi-cultura-en categoria_poi-frazioni-en categoria_poi-lone-en categoria_poi-natura-en\">\n\t\t\t<figure class=\"entry-item-thumb\">\n\t\t\t<a href=\"https:\/\/www.visitamalfi.info\/en\/poi\/lone\/\">\n\t\t\t\t<img loading=\"lazy\" decoding=\"async\" width=\"615\" height=\"410\" src=\"https:\/\/www.visitamalfi.info\/wp-content\/uploads\/2024\/03\/ANA_2290-8k-615x410.jpg\" class=\"attachment-ignition_item size-ignition_item wp-post-image\" alt=\"Amalfi_Via Mestra dei Villaggi_Lone_Chiesa della Nativit\u00e0 di Maria SS\" srcset=\"https:\/\/www.visitamalfi.info\/wp-content\/uploads\/2024\/03\/ANA_2290-8k-615x410.jpg 615w, https:\/\/www.visitamalfi.info\/wp-content\/uploads\/2024\/03\/ANA_2290-8k-300x200.jpg 300w, https:\/\/www.visitamalfi.info\/wp-content\/uploads\/2024\/03\/ANA_2290-8k-1024x683.jpg 1024w, https:\/\/www.visitamalfi.info\/wp-content\/uploads\/2024\/03\/ANA_2290-8k-768x512.jpg 768w, https:\/\/www.visitamalfi.info\/wp-content\/uploads\/2024\/03\/ANA_2290-8k-1536x1024.jpg 1536w, https:\/\/www.visitamalfi.info\/wp-content\/uploads\/2024\/03\/ANA_2290-8k-870x580.jpg 870w, https:\/\/www.visitamalfi.info\/wp-content\/uploads\/2024\/03\/ANA_2290-8k-1240x825.jpg 1240w, https:\/\/www.visitamalfi.info\/wp-content\/uploads\/2024\/03\/ANA_2290-8k.jpg 1920w\" sizes=\"(max-width: 615px) 100vw, 615px\" \/>\t\t\t<\/a>\n\t\t<\/figure>\n\t\n\t<div class=\"entry-item-content\">\n\t\t<h2 class=\"entry-item-title\"><a href=\"https:\/\/www.visitamalfi.info\/en\/poi\/lone\/\">Lone<\/a><\/h2>\n\t\t\n\t\t<a href=\"https:\/\/www.visitamalfi.info\/en\/poi\/lone\/\" class=\"btn btn-entry-more\">\n\t\t\tLearn More\t\t<\/a>\n\t<\/div>\n<\/div>\n<\/div>\t\t\t\t<div class=\"cultura-en frazioni-en natura-en pastena-en term-1545 term-1557 term-1549 term-1561 col-xl-3 col-lg-4 col-sm-6 col-12\">\n<div id=\"entry-item-16056\" class=\"entry-item post-16056 amw_poi type-amw_poi status-publish has-post-thumbnail hentry categoria_poi-cultura-en categoria_poi-frazioni-en categoria_poi-natura-en categoria_poi-pastena-en\">\n\t\t\t<figure class=\"entry-item-thumb\">\n\t\t\t<a href=\"https:\/\/www.visitamalfi.info\/en\/poi\/madonna-del-carmine\/\">\n\t\t\t\t<img loading=\"lazy\" decoding=\"async\" width=\"615\" height=\"410\" src=\"https:\/\/www.visitamalfi.info\/wp-content\/uploads\/2024\/03\/DSCF0004-615x410.jpg\" class=\"attachment-ignition_item size-ignition_item wp-post-image\" alt=\"Amalfi_Pastena_Madonna del Carmine\" srcset=\"https:\/\/www.visitamalfi.info\/wp-content\/uploads\/2024\/03\/DSCF0004-615x410.jpg 615w, https:\/\/www.visitamalfi.info\/wp-content\/uploads\/2024\/03\/DSCF0004-300x200.jpg 300w, https:\/\/www.visitamalfi.info\/wp-content\/uploads\/2024\/03\/DSCF0004-1024x683.jpg 1024w, https:\/\/www.visitamalfi.info\/wp-content\/uploads\/2024\/03\/DSCF0004-768x512.jpg 768w, https:\/\/www.visitamalfi.info\/wp-content\/uploads\/2024\/03\/DSCF0004-1536x1024.jpg 1536w, https:\/\/www.visitamalfi.info\/wp-content\/uploads\/2024\/03\/DSCF0004-870x580.jpg 870w, https:\/\/www.visitamalfi.info\/wp-content\/uploads\/2024\/03\/DSCF0004-1240x825.jpg 1240w, https:\/\/www.visitamalfi.info\/wp-content\/uploads\/2024\/03\/DSCF0004.jpg 1920w\" sizes=\"(max-width: 615px) 100vw, 615px\" \/>\t\t\t<\/a>\n\t\t<\/figure>\n\t\n\t<div class=\"entry-item-content\">\n\t\t<h2 class=\"entry-item-title\"><a href=\"https:\/\/www.visitamalfi.info\/en\/poi\/madonna-del-carmine\/\">Madonna del Carmine<\/a><\/h2>\n\t\t\n\t\t<a href=\"https:\/\/www.visitamalfi.info\/en\/poi\/madonna-del-carmine\/\" class=\"btn btn-entry-more\">\n\t\t\tLearn More\t\t<\/a>\n\t<\/div>\n<\/div>\n<\/div>\t\t\t\t<div class=\"amalfi-city-centre spiagge-en term-1774 term-1581 col-xl-3 col-lg-4 col-sm-6 col-12\">\n<div id=\"entry-item-16039\" class=\"entry-item post-16039 amw_poi type-amw_poi status-publish has-post-thumbnail hentry categoria_poi-amalfi-city-centre categoria_poi-spiagge-en\">\n\t\t\t<figure class=\"entry-item-thumb\">\n\t\t\t<a href=\"https:\/\/www.visitamalfi.info\/en\/poi\/marina-grande\/\">\n\t\t\t\t<img loading=\"lazy\" decoding=\"async\" width=\"615\" height=\"410\" src=\"https:\/\/www.visitamalfi.info\/wp-content\/uploads\/2024\/03\/ANA3136-emanueleanastasioph-spiaggia-amalfi-comune-2023-615x410.jpg\" class=\"attachment-ignition_item size-ignition_item wp-post-image\" alt=\"Amalfi_Marina Grande\" srcset=\"https:\/\/www.visitamalfi.info\/wp-content\/uploads\/2024\/03\/ANA3136-emanueleanastasioph-spiaggia-amalfi-comune-2023-615x410.jpg 615w, https:\/\/www.visitamalfi.info\/wp-content\/uploads\/2024\/03\/ANA3136-emanueleanastasioph-spiaggia-amalfi-comune-2023-870x580.jpg 870w, https:\/\/www.visitamalfi.info\/wp-content\/uploads\/2024\/03\/ANA3136-emanueleanastasioph-spiaggia-amalfi-comune-2023-1240x825.jpg 1240w\" sizes=\"(max-width: 615px) 100vw, 615px\" \/>\t\t\t<\/a>\n\t\t<\/figure>\n\t\n\t<div class=\"entry-item-content\">\n\t\t<h2 class=\"entry-item-title\"><a href=\"https:\/\/www.visitamalfi.info\/en\/poi\/marina-grande\/\">Marina Grande<\/a><\/h2>\n\t\t\n\t\t<a href=\"https:\/\/www.visitamalfi.info\/en\/poi\/marina-grande\/\" class=\"btn btn-entry-more\">\n\t\t\tLearn More\t\t<\/a>\n\t<\/div>\n<\/div>\n<\/div>\t\t\t\t<div class=\"amalfi-city-centre cultura-en esperienza-en term-1774 term-1545 term-1553 col-xl-3 col-lg-4 col-sm-6 col-12\">\n<div id=\"entry-item-16090\" class=\"entry-item post-16090 amw_poi type-amw_poi status-publish has-post-thumbnail hentry categoria_poi-amalfi-city-centre categoria_poi-cultura-en categoria_poi-esperienza-en\">\n\t\t\t<figure class=\"entry-item-thumb\">\n\t\t\t<a href=\"https:\/\/www.visitamalfi.info\/en\/poi\/monumental-complex-of-the-cathedral-of-santandrea\/\">\n\t\t\t\t<img loading=\"lazy\" decoding=\"async\" width=\"615\" height=\"410\" src=\"https:\/\/www.visitamalfi.info\/wp-content\/uploads\/2024\/03\/DSC03074-615x410.jpg\" class=\"attachment-ignition_item size-ignition_item wp-post-image\" alt=\"Amalfi_ Piazza Duomo\" srcset=\"https:\/\/www.visitamalfi.info\/wp-content\/uploads\/2024\/03\/DSC03074-615x410.jpg 615w, https:\/\/www.visitamalfi.info\/wp-content\/uploads\/2024\/03\/DSC03074-870x580.jpg 870w, https:\/\/www.visitamalfi.info\/wp-content\/uploads\/2024\/03\/DSC03074-1240x825.jpg 1240w\" sizes=\"(max-width: 615px) 100vw, 615px\" \/>\t\t\t<\/a>\n\t\t<\/figure>\n\t\n\t<div class=\"entry-item-content\">\n\t\t<h2 class=\"entry-item-title\"><a href=\"https:\/\/www.visitamalfi.info\/en\/poi\/monumental-complex-of-the-cathedral-of-santandrea\/\">Monumental complex of the Cathedral of Sant&#8217;Andrea<\/a><\/h2>\n\t\t\n\t\t<a href=\"https:\/\/www.visitamalfi.info\/en\/poi\/monumental-complex-of-the-cathedral-of-santandrea\/\" class=\"btn btn-entry-more\">\n\t\t\tLearn More\t\t<\/a>\n\t<\/div>\n<\/div>\n<\/div>\t\t\t\t<div class=\"amalfi-city-centre cultura-en term-1774 term-1545 col-xl-3 col-lg-4 col-sm-6 col-12\">\n<div id=\"entry-item-16083\" class=\"entry-item post-16083 amw_poi type-amw_poi status-publish has-post-thumbnail hentry categoria_poi-amalfi-city-centre categoria_poi-cultura-en\">\n\t\t\t<figure class=\"entry-item-thumb\">\n\t\t\t<a href=\"https:\/\/www.visitamalfi.info\/en\/poi\/monumento-flavio-gioia\/\">\n\t\t\t\t<img loading=\"lazy\" decoding=\"async\" width=\"615\" height=\"410\" src=\"https:\/\/www.visitamalfi.info\/wp-content\/uploads\/2024\/03\/DSC02662-615x410.jpg\" class=\"attachment-ignition_item size-ignition_item wp-post-image\" alt=\"Amal\" srcset=\"https:\/\/www.visitamalfi.info\/wp-content\/uploads\/2024\/03\/DSC02662-615x410.jpg 615w, https:\/\/www.visitamalfi.info\/wp-content\/uploads\/2024\/03\/DSC02662-300x200.jpg 300w, https:\/\/www.visitamalfi.info\/wp-content\/uploads\/2024\/03\/DSC02662-1024x683.jpg 1024w, https:\/\/www.visitamalfi.info\/wp-content\/uploads\/2024\/03\/DSC02662-768x512.jpg 768w, https:\/\/www.visitamalfi.info\/wp-content\/uploads\/2024\/03\/DSC02662-1536x1024.jpg 1536w, https:\/\/www.visitamalfi.info\/wp-content\/uploads\/2024\/03\/DSC02662-870x580.jpg 870w, https:\/\/www.visitamalfi.info\/wp-content\/uploads\/2024\/03\/DSC02662-1240x825.jpg 1240w, https:\/\/www.visitamalfi.info\/wp-content\/uploads\/2024\/03\/DSC02662.jpg 1920w\" sizes=\"(max-width: 615px) 100vw, 615px\" \/>\t\t\t<\/a>\n\t\t<\/figure>\n\t\n\t<div class=\"entry-item-content\">\n\t\t<h2 class=\"entry-item-title\"><a href=\"https:\/\/www.visitamalfi.info\/en\/poi\/monumento-flavio-gioia\/\">Monumento Flavio Gioia<\/a><\/h2>\n\t\t\n\t\t<a href=\"https:\/\/www.visitamalfi.info\/en\/poi\/monumento-flavio-gioia\/\" class=\"btn btn-entry-more\">\n\t\t\tLearn More\t\t<\/a>\n\t<\/div>\n<\/div>\n<\/div>\t\t\t\t<div class=\"amalfi-city-centre cultura-en term-1774 term-1545 col-xl-3 col-lg-4 col-sm-6 col-12\">\n<div id=\"entry-item-16069\" class=\"entry-item post-16069 amw_poi type-amw_poi status-publish has-post-thumbnail hentry categoria_poi-amalfi-city-centre categoria_poi-cultura-en\">\n\t\t\t<figure class=\"entry-item-thumb\">\n\t\t\t<a href=\"https:\/\/www.visitamalfi.info\/en\/poi\/palazzo-castriota\/\">\n\t\t\t\t<img loading=\"lazy\" decoding=\"async\" width=\"615\" height=\"410\" src=\"https:\/\/www.visitamalfi.info\/wp-content\/uploads\/2024\/03\/PALAZZO-CASTRIOTA-M.ABBAGNARA-43-615x410.jpg\" class=\"attachment-ignition_item size-ignition_item wp-post-image\" alt=\"Amalfi_Palazzo Castriota\" srcset=\"https:\/\/www.visitamalfi.info\/wp-content\/uploads\/2024\/03\/PALAZZO-CASTRIOTA-M.ABBAGNARA-43-615x410.jpg 615w, https:\/\/www.visitamalfi.info\/wp-content\/uploads\/2024\/03\/PALAZZO-CASTRIOTA-M.ABBAGNARA-43-870x580.jpg 870w, https:\/\/www.visitamalfi.info\/wp-content\/uploads\/2024\/03\/PALAZZO-CASTRIOTA-M.ABBAGNARA-43-1240x825.jpg 1240w\" sizes=\"(max-width: 615px) 100vw, 615px\" \/>\t\t\t<\/a>\n\t\t<\/figure>\n\t\n\t<div class=\"entry-item-content\">\n\t\t<h2 class=\"entry-item-title\"><a href=\"https:\/\/www.visitamalfi.info\/en\/poi\/palazzo-castriota\/\">Palazzo Castriota<\/a><\/h2>\n\t\t\n\t\t<a href=\"https:\/\/www.visitamalfi.info\/en\/poi\/palazzo-castriota\/\" class=\"btn btn-entry-more\">\n\t\t\tLearn More\t\t<\/a>\n\t<\/div>\n<\/div>\n<\/div>\t\t\t\t<div class=\"amalfi-city-centre cultura-en term-1774 term-1545 col-xl-3 col-lg-4 col-sm-6 col-12\">\n<div id=\"entry-item-16087\" class=\"entry-item post-16087 amw_poi type-amw_poi status-publish has-post-thumbnail hentry categoria_poi-amalfi-city-centre categoria_poi-cultura-en\">\n\t\t\t<figure class=\"entry-item-thumb\">\n\t\t\t<a href=\"https:\/\/www.visitamalfi.info\/en\/poi\/palazzo-san-benedetto\/\">\n\t\t\t\t<img loading=\"lazy\" decoding=\"async\" width=\"615\" height=\"410\" src=\"https:\/\/www.visitamalfi.info\/wp-content\/uploads\/2025\/09\/Facciata-4-615x410.jpg\" class=\"attachment-ignition_item size-ignition_item wp-post-image\" alt=\"Palazzo S.Benedetto_Amalfi\" srcset=\"https:\/\/www.visitamalfi.info\/wp-content\/uploads\/2025\/09\/Facciata-4-615x410.jpg 615w, https:\/\/www.visitamalfi.info\/wp-content\/uploads\/2025\/09\/Facciata-4-300x200.jpg 300w, https:\/\/www.visitamalfi.info\/wp-content\/uploads\/2025\/09\/Facciata-4-1024x683.jpg 1024w, https:\/\/www.visitamalfi.info\/wp-content\/uploads\/2025\/09\/Facciata-4-768x513.jpg 768w, https:\/\/www.visitamalfi.info\/wp-content\/uploads\/2025\/09\/Facciata-4-1536x1025.jpg 1536w, https:\/\/www.visitamalfi.info\/wp-content\/uploads\/2025\/09\/Facciata-4-870x580.jpg 870w, https:\/\/www.visitamalfi.info\/wp-content\/uploads\/2025\/09\/Facciata-4-1240x825.jpg 1240w, https:\/\/www.visitamalfi.info\/wp-content\/uploads\/2025\/09\/Facciata-4.jpg 1897w\" sizes=\"(max-width: 615px) 100vw, 615px\" \/>\t\t\t<\/a>\n\t\t<\/figure>\n\t\n\t<div class=\"entry-item-content\">\n\t\t<h2 class=\"entry-item-title\"><a href=\"https:\/\/www.visitamalfi.info\/en\/poi\/palazzo-san-benedetto\/\">Palazzo San Benedetto<\/a><\/h2>\n\t\t\n\t\t<a href=\"https:\/\/www.visitamalfi.info\/en\/poi\/palazzo-san-benedetto\/\" class=\"btn btn-entry-more\">\n\t\t\tLearn More\t\t<\/a>\n\t<\/div>\n<\/div>\n<\/div>\t\t\t\t<div class=\"amalfi-city-centre cultura-en esperienza-en term-1774 term-1545 term-1553 col-xl-3 col-lg-4 col-sm-6 col-12\">\n<div id=\"entry-item-16065\" class=\"entry-item post-16065 amw_poi type-amw_poi status-publish has-post-thumbnail hentry categoria_poi-amalfi-city-centre categoria_poi-cultura-en categoria_poi-esperienza-en\">\n\t\t\t<figure class=\"entry-item-thumb\">\n\t\t\t<a href=\"https:\/\/www.visitamalfi.info\/en\/poi\/paper-museum\/\">\n\t\t\t\t<img loading=\"lazy\" decoding=\"async\" width=\"615\" height=\"410\" src=\"https:\/\/www.visitamalfi.info\/wp-content\/uploads\/2024\/03\/003-museo-della-carta-foto-abbagnara-615x410.jpg\" class=\"attachment-ignition_item size-ignition_item wp-post-image\" alt=\"Amalfi_Museo della Carta\" srcset=\"https:\/\/www.visitamalfi.info\/wp-content\/uploads\/2024\/03\/003-museo-della-carta-foto-abbagnara-615x410.jpg 615w, https:\/\/www.visitamalfi.info\/wp-content\/uploads\/2024\/03\/003-museo-della-carta-foto-abbagnara-300x200.jpg 300w, https:\/\/www.visitamalfi.info\/wp-content\/uploads\/2024\/03\/003-museo-della-carta-foto-abbagnara-1024x683.jpg 1024w, https:\/\/www.visitamalfi.info\/wp-content\/uploads\/2024\/03\/003-museo-della-carta-foto-abbagnara-768x512.jpg 768w, https:\/\/www.visitamalfi.info\/wp-content\/uploads\/2024\/03\/003-museo-della-carta-foto-abbagnara-1536x1024.jpg 1536w, https:\/\/www.visitamalfi.info\/wp-content\/uploads\/2024\/03\/003-museo-della-carta-foto-abbagnara-870x580.jpg 870w, https:\/\/www.visitamalfi.info\/wp-content\/uploads\/2024\/03\/003-museo-della-carta-foto-abbagnara-1240x825.jpg 1240w, https:\/\/www.visitamalfi.info\/wp-content\/uploads\/2024\/03\/003-museo-della-carta-foto-abbagnara.jpg 1920w\" sizes=\"(max-width: 615px) 100vw, 615px\" \/>\t\t\t<\/a>\n\t\t<\/figure>\n\t\n\t<div class=\"entry-item-content\">\n\t\t<h2 class=\"entry-item-title\"><a href=\"https:\/\/www.visitamalfi.info\/en\/poi\/paper-museum\/\">Paper Museum<\/a><\/h2>\n\t\t\n\t\t<a href=\"https:\/\/www.visitamalfi.info\/en\/poi\/paper-museum\/\" class=\"btn btn-entry-more\">\n\t\t\tLearn More\t\t<\/a>\n\t<\/div>\n<\/div>\n<\/div>\t\t\t\t<div class=\"amalfi-city-centre esperienza-en natura-en term-1774 term-1553 term-1549 col-xl-3 col-lg-4 col-sm-6 col-12\">\n<div id=\"entry-item-16061\" class=\"entry-item post-16061 amw_poi type-amw_poi status-publish has-post-thumbnail hentry categoria_poi-amalfi-city-centre categoria_poi-esperienza-en categoria_poi-natura-en\">\n\t\t\t<figure class=\"entry-item-thumb\">\n\t\t\t<a href=\"https:\/\/www.visitamalfi.info\/en\/poi\/passeggiata-longfellow\/\">\n\t\t\t\t<img loading=\"lazy\" decoding=\"async\" width=\"615\" height=\"410\" src=\"https:\/\/www.visitamalfi.info\/wp-content\/uploads\/2024\/03\/PASSEGGIATA-LONGFELLOW-SENZA-MODELLI-M.ABBAGNARA-12-615x410.jpg\" class=\"attachment-ignition_item size-ignition_item wp-post-image\" alt=\"Amalfi_Passeggiata Longfellow\" srcset=\"https:\/\/www.visitamalfi.info\/wp-content\/uploads\/2024\/03\/PASSEGGIATA-LONGFELLOW-SENZA-MODELLI-M.ABBAGNARA-12-615x410.jpg 615w, https:\/\/www.visitamalfi.info\/wp-content\/uploads\/2024\/03\/PASSEGGIATA-LONGFELLOW-SENZA-MODELLI-M.ABBAGNARA-12-300x200.jpg 300w, https:\/\/www.visitamalfi.info\/wp-content\/uploads\/2024\/03\/PASSEGGIATA-LONGFELLOW-SENZA-MODELLI-M.ABBAGNARA-12-1024x683.jpg 1024w, https:\/\/www.visitamalfi.info\/wp-content\/uploads\/2024\/03\/PASSEGGIATA-LONGFELLOW-SENZA-MODELLI-M.ABBAGNARA-12-768x512.jpg 768w, https:\/\/www.visitamalfi.info\/wp-content\/uploads\/2024\/03\/PASSEGGIATA-LONGFELLOW-SENZA-MODELLI-M.ABBAGNARA-12-1536x1024.jpg 1536w, https:\/\/www.visitamalfi.info\/wp-content\/uploads\/2024\/03\/PASSEGGIATA-LONGFELLOW-SENZA-MODELLI-M.ABBAGNARA-12-870x580.jpg 870w, https:\/\/www.visitamalfi.info\/wp-content\/uploads\/2024\/03\/PASSEGGIATA-LONGFELLOW-SENZA-MODELLI-M.ABBAGNARA-12-1240x825.jpg 1240w, https:\/\/www.visitamalfi.info\/wp-content\/uploads\/2024\/03\/PASSEGGIATA-LONGFELLOW-SENZA-MODELLI-M.ABBAGNARA-12.jpg 1920w\" sizes=\"(max-width: 615px) 100vw, 615px\" \/>\t\t\t<\/a>\n\t\t<\/figure>\n\t\n\t<div class=\"entry-item-content\">\n\t\t<h2 class=\"entry-item-title\"><a href=\"https:\/\/www.visitamalfi.info\/en\/poi\/passeggiata-longfellow\/\">Passeggiata Longfellow<\/a><\/h2>\n\t\t\n\t\t<a href=\"https:\/\/www.visitamalfi.info\/en\/poi\/passeggiata-longfellow\/\" class=\"btn btn-entry-more\">\n\t\t\tLearn More\t\t<\/a>\n\t<\/div>\n<\/div>\n<\/div>\t\t\t\t<div class=\"cultura-en frazioni-en natura-en pastena-en term-1545 term-1557 term-1549 term-1561 col-xl-3 col-lg-4 col-sm-6 col-12\">\n<div id=\"entry-item-16035\" class=\"entry-item post-16035 amw_poi type-amw_poi status-publish has-post-thumbnail hentry categoria_poi-cultura-en categoria_poi-frazioni-en categoria_poi-natura-en categoria_poi-pastena-en\">\n\t\t\t<figure class=\"entry-item-thumb\">\n\t\t\t<a href=\"https:\/\/www.visitamalfi.info\/en\/poi\/pastena\/\">\n\t\t\t\t<img loading=\"lazy\" decoding=\"async\" width=\"615\" height=\"410\" src=\"https:\/\/www.visitamalfi.info\/wp-content\/uploads\/2024\/03\/ANA_2296-8K-chiesa-pastena-615x410.jpg\" class=\"attachment-ignition_item size-ignition_item wp-post-image\" alt=\"Amalfi_Pastena_Chiesa della Madonna Assunta\" srcset=\"https:\/\/www.visitamalfi.info\/wp-content\/uploads\/2024\/03\/ANA_2296-8K-chiesa-pastena-615x410.jpg 615w, https:\/\/www.visitamalfi.info\/wp-content\/uploads\/2024\/03\/ANA_2296-8K-chiesa-pastena-870x580.jpg 870w, https:\/\/www.visitamalfi.info\/wp-content\/uploads\/2024\/03\/ANA_2296-8K-chiesa-pastena-1240x825.jpg 1240w\" sizes=\"(max-width: 615px) 100vw, 615px\" \/>\t\t\t<\/a>\n\t\t<\/figure>\n\t\n\t<div class=\"entry-item-content\">\n\t\t<h2 class=\"entry-item-title\"><a href=\"https:\/\/www.visitamalfi.info\/en\/poi\/pastena\/\">Pastena<\/a><\/h2>\n\t\t\n\t\t<a href=\"https:\/\/www.visitamalfi.info\/en\/poi\/pastena\/\" class=\"btn btn-entry-more\">\n\t\t\tLearn More\t\t<\/a>\n\t<\/div>\n<\/div>\n<\/div>\t\t\t\t<div class=\"amalfi-city-centre cultura-en term-1774 term-1545 col-xl-3 col-lg-4 col-sm-6 col-12\">\n<div id=\"entry-item-16076\" class=\"entry-item post-16076 amw_poi type-amw_poi status-publish has-post-thumbnail hentry categoria_poi-amalfi-city-centre categoria_poi-cultura-en\">\n\t\t\t<figure class=\"entry-item-thumb\">\n\t\t\t<a href=\"https:\/\/www.visitamalfi.info\/en\/poi\/piazza-dei-dogi\/\">\n\t\t\t\t<img loading=\"lazy\" decoding=\"async\" width=\"615\" height=\"410\" src=\"https:\/\/www.visitamalfi.info\/wp-content\/uploads\/2024\/03\/DSC03304-615x410.jpg\" class=\"attachment-ignition_item size-ignition_item wp-post-image\" alt=\"Amalfi_Piazza dei Dogi\" srcset=\"https:\/\/www.visitamalfi.info\/wp-content\/uploads\/2024\/03\/DSC03304-615x410.jpg 615w, https:\/\/www.visitamalfi.info\/wp-content\/uploads\/2024\/03\/DSC03304-300x200.jpg 300w, https:\/\/www.visitamalfi.info\/wp-content\/uploads\/2024\/03\/DSC03304-1024x683.jpg 1024w, https:\/\/www.visitamalfi.info\/wp-content\/uploads\/2024\/03\/DSC03304-768x512.jpg 768w, https:\/\/www.visitamalfi.info\/wp-content\/uploads\/2024\/03\/DSC03304-1536x1024.jpg 1536w, https:\/\/www.visitamalfi.info\/wp-content\/uploads\/2024\/03\/DSC03304-870x580.jpg 870w, https:\/\/www.visitamalfi.info\/wp-content\/uploads\/2024\/03\/DSC03304-1240x825.jpg 1240w, https:\/\/www.visitamalfi.info\/wp-content\/uploads\/2024\/03\/DSC03304.jpg 1920w\" sizes=\"(max-width: 615px) 100vw, 615px\" \/>\t\t\t<\/a>\n\t\t<\/figure>\n\t\n\t<div class=\"entry-item-content\">\n\t\t<h2 class=\"entry-item-title\"><a href=\"https:\/\/www.visitamalfi.info\/en\/poi\/piazza-dei-dogi\/\">Piazza dei Dogi<\/a><\/h2>\n\t\t\n\t\t<a href=\"https:\/\/www.visitamalfi.info\/en\/poi\/piazza-dei-dogi\/\" class=\"btn btn-entry-more\">\n\t\t\tLearn More\t\t<\/a>\n\t<\/div>\n<\/div>\n<\/div>\t\t\t\t<div class=\"amalfi-city-centre cultura-en term-1774 term-1545 col-xl-3 col-lg-4 col-sm-6 col-12\">\n<div id=\"entry-item-16089\" class=\"entry-item post-16089 amw_poi type-amw_poi status-publish has-post-thumbnail hentry categoria_poi-amalfi-city-centre categoria_poi-cultura-en\">\n\t\t\t<figure class=\"entry-item-thumb\">\n\t\t\t<a href=\"https:\/\/www.visitamalfi.info\/en\/poi\/piazza-duomo\/\">\n\t\t\t\t<img loading=\"lazy\" decoding=\"async\" width=\"615\" height=\"410\" src=\"https:\/\/www.visitamalfi.info\/wp-content\/uploads\/2024\/03\/DSC03074-615x410.jpg\" class=\"attachment-ignition_item size-ignition_item wp-post-image\" alt=\"Amalfi_ Piazza Duomo\" srcset=\"https:\/\/www.visitamalfi.info\/wp-content\/uploads\/2024\/03\/DSC03074-615x410.jpg 615w, https:\/\/www.visitamalfi.info\/wp-content\/uploads\/2024\/03\/DSC03074-870x580.jpg 870w, https:\/\/www.visitamalfi.info\/wp-content\/uploads\/2024\/03\/DSC03074-1240x825.jpg 1240w\" sizes=\"(max-width: 615px) 100vw, 615px\" \/>\t\t\t<\/a>\n\t\t<\/figure>\n\t\n\t<div class=\"entry-item-content\">\n\t\t<h2 class=\"entry-item-title\"><a href=\"https:\/\/www.visitamalfi.info\/en\/poi\/piazza-duomo\/\">Piazza Duomo<\/a><\/h2>\n\t\t\n\t\t<a href=\"https:\/\/www.visitamalfi.info\/en\/poi\/piazza-duomo\/\" class=\"btn btn-entry-more\">\n\t\t\tLearn More\t\t<\/a>\n\t<\/div>\n<\/div>\n<\/div>\t\t\t\t<div class=\"amalfi-city-centre cultura-en term-1774 term-1545 col-xl-3 col-lg-4 col-sm-6 col-12\">\n<div id=\"entry-item-16088\" class=\"entry-item post-16088 amw_poi type-amw_poi status-publish has-post-thumbnail hentry categoria_poi-amalfi-city-centre categoria_poi-cultura-en\">\n\t\t\t<figure class=\"entry-item-thumb\">\n\t\t\t<a href=\"https:\/\/www.visitamalfi.info\/en\/poi\/piazza-municipio\/\">\n\t\t\t\t<img loading=\"lazy\" decoding=\"async\" width=\"615\" height=\"410\" src=\"https:\/\/www.visitamalfi.info\/wp-content\/uploads\/2024\/03\/PIAZZA-MUNICIPIO-M.ABBAGNARA-11-615x410.jpg\" class=\"attachment-ignition_item size-ignition_item wp-post-image\" alt=\"Amalfi_Piazza Municipio\" srcset=\"https:\/\/www.visitamalfi.info\/wp-content\/uploads\/2024\/03\/PIAZZA-MUNICIPIO-M.ABBAGNARA-11-615x410.jpg 615w, https:\/\/www.visitamalfi.info\/wp-content\/uploads\/2024\/03\/PIAZZA-MUNICIPIO-M.ABBAGNARA-11-300x200.jpg 300w, https:\/\/www.visitamalfi.info\/wp-content\/uploads\/2024\/03\/PIAZZA-MUNICIPIO-M.ABBAGNARA-11-1024x683.jpg 1024w, https:\/\/www.visitamalfi.info\/wp-content\/uploads\/2024\/03\/PIAZZA-MUNICIPIO-M.ABBAGNARA-11-768x512.jpg 768w, https:\/\/www.visitamalfi.info\/wp-content\/uploads\/2024\/03\/PIAZZA-MUNICIPIO-M.ABBAGNARA-11-1536x1024.jpg 1536w, https:\/\/www.visitamalfi.info\/wp-content\/uploads\/2024\/03\/PIAZZA-MUNICIPIO-M.ABBAGNARA-11-870x580.jpg 870w, https:\/\/www.visitamalfi.info\/wp-content\/uploads\/2024\/03\/PIAZZA-MUNICIPIO-M.ABBAGNARA-11-1240x825.jpg 1240w, https:\/\/www.visitamalfi.info\/wp-content\/uploads\/2024\/03\/PIAZZA-MUNICIPIO-M.ABBAGNARA-11.jpg 1920w\" sizes=\"(max-width: 615px) 100vw, 615px\" \/>\t\t\t<\/a>\n\t\t<\/figure>\n\t\n\t<div class=\"entry-item-content\">\n\t\t<h2 class=\"entry-item-title\"><a href=\"https:\/\/www.visitamalfi.info\/en\/poi\/piazza-municipio\/\">Piazza Municipio<\/a><\/h2>\n\t\t\n\t\t<a href=\"https:\/\/www.visitamalfi.info\/en\/poi\/piazza-municipio\/\" class=\"btn btn-entry-more\">\n\t\t\tLearn More\t\t<\/a>\n\t<\/div>\n<\/div>\n<\/div>\t\t\t\t<div class=\"cultura-en frazioni-en natura-en pogerola-en term-1545 term-1557 term-1549 term-1569 col-xl-3 col-lg-4 col-sm-6 col-12\">\n<div id=\"entry-item-16032\" class=\"entry-item post-16032 amw_poi type-amw_poi status-publish has-post-thumbnail hentry categoria_poi-cultura-en categoria_poi-frazioni-en categoria_poi-natura-en categoria_poi-pogerola-en\">\n\t\t\t<figure class=\"entry-item-thumb\">\n\t\t\t<a href=\"https:\/\/www.visitamalfi.info\/en\/poi\/pogerola\/\">\n\t\t\t\t<img loading=\"lazy\" decoding=\"async\" width=\"615\" height=\"410\" src=\"https:\/\/www.visitamalfi.info\/wp-content\/uploads\/2024\/03\/DJI_0041-8K-615x410.jpg\" class=\"attachment-ignition_item size-ignition_item wp-post-image\" alt=\"Amalfi_Pogerola_Chiesa della Madonna dei Fuondi\" srcset=\"https:\/\/www.visitamalfi.info\/wp-content\/uploads\/2024\/03\/DJI_0041-8K-615x410.jpg 615w, https:\/\/www.visitamalfi.info\/wp-content\/uploads\/2024\/03\/DJI_0041-8K-870x580.jpg 870w, https:\/\/www.visitamalfi.info\/wp-content\/uploads\/2024\/03\/DJI_0041-8K-1240x825.jpg 1240w\" sizes=\"(max-width: 615px) 100vw, 615px\" \/>\t\t\t<\/a>\n\t\t<\/figure>\n\t\n\t<div class=\"entry-item-content\">\n\t\t<h2 class=\"entry-item-title\"><a href=\"https:\/\/www.visitamalfi.info\/en\/poi\/pogerola\/\">Pogerola<\/a><\/h2>\n\t\t\n\t\t<a href=\"https:\/\/www.visitamalfi.info\/en\/poi\/pogerola\/\" class=\"btn btn-entry-more\">\n\t\t\tLearn More\t\t<\/a>\n\t<\/div>\n<\/div>\n<\/div>\t\t\t\t<div class=\"amalfi-city-centre cultura-en term-1774 term-1545 col-xl-3 col-lg-4 col-sm-6 col-12\">\n<div id=\"entry-item-16081\" class=\"entry-item post-16081 amw_poi type-amw_poi status-publish has-post-thumbnail hentry categoria_poi-amalfi-city-centre categoria_poi-cultura-en\">\n\t\t\t<figure class=\"entry-item-thumb\">\n\t\t\t<a href=\"https:\/\/www.visitamalfi.info\/en\/poi\/porta-della-marina\/\">\n\t\t\t\t<img loading=\"lazy\" decoding=\"async\" width=\"615\" height=\"410\" src=\"https:\/\/www.visitamalfi.info\/wp-content\/uploads\/2024\/03\/DSC02919-615x410.jpg\" class=\"attachment-ignition_item size-ignition_item wp-post-image\" alt=\"Amalfi_Porta della Marina\" srcset=\"https:\/\/www.visitamalfi.info\/wp-content\/uploads\/2024\/03\/DSC02919-615x410.jpg 615w, https:\/\/www.visitamalfi.info\/wp-content\/uploads\/2024\/03\/DSC02919-300x200.jpg 300w, https:\/\/www.visitamalfi.info\/wp-content\/uploads\/2024\/03\/DSC02919-1024x683.jpg 1024w, https:\/\/www.visitamalfi.info\/wp-content\/uploads\/2024\/03\/DSC02919-768x512.jpg 768w, https:\/\/www.visitamalfi.info\/wp-content\/uploads\/2024\/03\/DSC02919-1536x1024.jpg 1536w, https:\/\/www.visitamalfi.info\/wp-content\/uploads\/2024\/03\/DSC02919-870x580.jpg 870w, https:\/\/www.visitamalfi.info\/wp-content\/uploads\/2024\/03\/DSC02919-1240x825.jpg 1240w, https:\/\/www.visitamalfi.info\/wp-content\/uploads\/2024\/03\/DSC02919.jpg 1920w\" sizes=\"(max-width: 615px) 100vw, 615px\" \/>\t\t\t<\/a>\n\t\t<\/figure>\n\t\n\t<div class=\"entry-item-content\">\n\t\t<h2 class=\"entry-item-title\"><a href=\"https:\/\/www.visitamalfi.info\/en\/poi\/porta-della-marina\/\">Porta della Marina<\/a><\/h2>\n\t\t\n\t\t<a href=\"https:\/\/www.visitamalfi.info\/en\/poi\/porta-della-marina\/\" class=\"btn btn-entry-more\">\n\t\t\tLearn More\t\t<\/a>\n\t<\/div>\n<\/div>\n<\/div>\t\t\t\t<div class=\"amalfi-city-centre cultura-en esperienza-en term-1774 term-1545 term-1553 col-xl-3 col-lg-4 col-sm-6 col-12\">\n<div id=\"entry-item-16060\" class=\"entry-item post-16060 amw_poi type-amw_poi status-publish has-post-thumbnail hentry categoria_poi-amalfi-city-centre categoria_poi-cultura-en categoria_poi-esperienza-en\">\n\t\t\t<figure class=\"entry-item-thumb\">\n\t\t\t<a href=\"https:\/\/www.visitamalfi.info\/en\/poi\/rione-s-antonio\/\">\n\t\t\t\t<img loading=\"lazy\" decoding=\"async\" width=\"615\" height=\"410\" src=\"https:\/\/www.visitamalfi.info\/wp-content\/uploads\/2024\/03\/RIONE-S.-ANTONIO-SENZA-MODELLI-M.ABBAGNARA-12-615x410.jpg\" class=\"attachment-ignition_item size-ignition_item wp-post-image\" alt=\"Amalfi_Rione San Antonio\" srcset=\"https:\/\/www.visitamalfi.info\/wp-content\/uploads\/2024\/03\/RIONE-S.-ANTONIO-SENZA-MODELLI-M.ABBAGNARA-12-615x410.jpg 615w, https:\/\/www.visitamalfi.info\/wp-content\/uploads\/2024\/03\/RIONE-S.-ANTONIO-SENZA-MODELLI-M.ABBAGNARA-12-870x580.jpg 870w, https:\/\/www.visitamalfi.info\/wp-content\/uploads\/2024\/03\/RIONE-S.-ANTONIO-SENZA-MODELLI-M.ABBAGNARA-12-1240x825.jpg 1240w\" sizes=\"(max-width: 615px) 100vw, 615px\" \/>\t\t\t<\/a>\n\t\t<\/figure>\n\t\n\t<div class=\"entry-item-content\">\n\t\t<h2 class=\"entry-item-title\"><a href=\"https:\/\/www.visitamalfi.info\/en\/poi\/rione-s-antonio\/\">Rione S. Antonio<\/a><\/h2>\n\t\t\n\t\t<a href=\"https:\/\/www.visitamalfi.info\/en\/poi\/rione-s-antonio\/\" class=\"btn btn-entry-more\">\n\t\t\tLearn More\t\t<\/a>\n\t<\/div>\n<\/div>\n<\/div>\t\t\t\t<div class=\"amalfi-city-centre cultura-en esperienza-en term-1774 term-1545 term-1553 col-xl-3 col-lg-4 col-sm-6 col-12\">\n<div id=\"entry-item-16066\" class=\"entry-item post-16066 amw_poi type-amw_poi status-publish has-post-thumbnail hentry categoria_poi-amalfi-city-centre categoria_poi-cultura-en categoria_poi-esperienza-en\">\n\t\t\t<figure class=\"entry-item-thumb\">\n\t\t\t<a href=\"https:\/\/www.visitamalfi.info\/en\/poi\/rione-s-basilio\/\">\n\t\t\t\t<img loading=\"lazy\" decoding=\"async\" width=\"615\" height=\"410\" src=\"https:\/\/www.visitamalfi.info\/wp-content\/uploads\/2024\/03\/RIONE-SAN-BASILIO-M.ABBAGNARA-13-615x410.jpg\" class=\"attachment-ignition_item size-ignition_item wp-post-image\" alt=\"Amalfi_Rione S. Basilio\" srcset=\"https:\/\/www.visitamalfi.info\/wp-content\/uploads\/2024\/03\/RIONE-SAN-BASILIO-M.ABBAGNARA-13-615x410.jpg 615w, https:\/\/www.visitamalfi.info\/wp-content\/uploads\/2024\/03\/RIONE-SAN-BASILIO-M.ABBAGNARA-13-300x200.jpg 300w, https:\/\/www.visitamalfi.info\/wp-content\/uploads\/2024\/03\/RIONE-SAN-BASILIO-M.ABBAGNARA-13-1024x683.jpg 1024w, https:\/\/www.visitamalfi.info\/wp-content\/uploads\/2024\/03\/RIONE-SAN-BASILIO-M.ABBAGNARA-13-768x512.jpg 768w, https:\/\/www.visitamalfi.info\/wp-content\/uploads\/2024\/03\/RIONE-SAN-BASILIO-M.ABBAGNARA-13-1536x1024.jpg 1536w, https:\/\/www.visitamalfi.info\/wp-content\/uploads\/2024\/03\/RIONE-SAN-BASILIO-M.ABBAGNARA-13-870x580.jpg 870w, https:\/\/www.visitamalfi.info\/wp-content\/uploads\/2024\/03\/RIONE-SAN-BASILIO-M.ABBAGNARA-13-1240x825.jpg 1240w, https:\/\/www.visitamalfi.info\/wp-content\/uploads\/2024\/03\/RIONE-SAN-BASILIO-M.ABBAGNARA-13.jpg 1920w\" sizes=\"(max-width: 615px) 100vw, 615px\" \/>\t\t\t<\/a>\n\t\t<\/figure>\n\t\n\t<div class=\"entry-item-content\">\n\t\t<h2 class=\"entry-item-title\"><a href=\"https:\/\/www.visitamalfi.info\/en\/poi\/rione-s-basilio\/\">Rione S. Basilio<\/a><\/h2>\n\t\t\n\t\t<a href=\"https:\/\/www.visitamalfi.info\/en\/poi\/rione-s-basilio\/\" class=\"btn btn-entry-more\">\n\t\t\tLearn More\t\t<\/a>\n\t<\/div>\n<\/div>\n<\/div>\t\t\t\t<div class=\"amalfi-city-centre cultura-en esperienza-en term-1774 term-1545 term-1553 col-xl-3 col-lg-4 col-sm-6 col-12\">\n<div id=\"entry-item-16075\" class=\"entry-item post-16075 amw_poi type-amw_poi status-publish has-post-thumbnail hentry categoria_poi-amalfi-city-centre categoria_poi-cultura-en categoria_poi-esperienza-en\">\n\t\t\t<figure class=\"entry-item-thumb\">\n\t\t\t<a href=\"https:\/\/www.visitamalfi.info\/en\/poi\/rione-vagliendola\/\">\n\t\t\t\t<img loading=\"lazy\" decoding=\"async\" width=\"615\" height=\"410\" src=\"https:\/\/www.visitamalfi.info\/wp-content\/uploads\/2024\/03\/RIONE-VAGLIENDOLA-M.ABBAGNARA-7-615x410.jpg\" class=\"attachment-ignition_item size-ignition_item wp-post-image\" alt=\"Amalfi_Rione Vagliendola\" srcset=\"https:\/\/www.visitamalfi.info\/wp-content\/uploads\/2024\/03\/RIONE-VAGLIENDOLA-M.ABBAGNARA-7-615x410.jpg 615w, https:\/\/www.visitamalfi.info\/wp-content\/uploads\/2024\/03\/RIONE-VAGLIENDOLA-M.ABBAGNARA-7-300x200.jpg 300w, https:\/\/www.visitamalfi.info\/wp-content\/uploads\/2024\/03\/RIONE-VAGLIENDOLA-M.ABBAGNARA-7-1024x683.jpg 1024w, https:\/\/www.visitamalfi.info\/wp-content\/uploads\/2024\/03\/RIONE-VAGLIENDOLA-M.ABBAGNARA-7-768x512.jpg 768w, https:\/\/www.visitamalfi.info\/wp-content\/uploads\/2024\/03\/RIONE-VAGLIENDOLA-M.ABBAGNARA-7-1536x1024.jpg 1536w, https:\/\/www.visitamalfi.info\/wp-content\/uploads\/2024\/03\/RIONE-VAGLIENDOLA-M.ABBAGNARA-7-870x580.jpg 870w, https:\/\/www.visitamalfi.info\/wp-content\/uploads\/2024\/03\/RIONE-VAGLIENDOLA-M.ABBAGNARA-7-1240x825.jpg 1240w, https:\/\/www.visitamalfi.info\/wp-content\/uploads\/2024\/03\/RIONE-VAGLIENDOLA-M.ABBAGNARA-7.jpg 1920w\" sizes=\"(max-width: 615px) 100vw, 615px\" \/>\t\t\t<\/a>\n\t\t<\/figure>\n\t\n\t<div class=\"entry-item-content\">\n\t\t<h2 class=\"entry-item-title\"><a href=\"https:\/\/www.visitamalfi.info\/en\/poi\/rione-vagliendola\/\">Rione Vagliendola<\/a><\/h2>\n\t\t\n\t\t<a href=\"https:\/\/www.visitamalfi.info\/en\/poi\/rione-vagliendola\/\" class=\"btn btn-entry-more\">\n\t\t\tLearn More\t\t<\/a>\n\t<\/div>\n<\/div>\n<\/div>\t\t\t\t<div class=\"spiagge-en term-1581 col-xl-3 col-lg-4 col-sm-6 col-12\">\n<div id=\"entry-item-16037\" class=\"entry-item post-16037 amw_poi type-amw_poi status-publish has-post-thumbnail hentry categoria_poi-spiagge-en\">\n\t\t\t<figure class=\"entry-item-thumb\">\n\t\t\t<a href=\"https:\/\/www.visitamalfi.info\/en\/poi\/spiaggia-della-vite\/\">\n\t\t\t\t<img loading=\"lazy\" decoding=\"async\" width=\"615\" height=\"410\" src=\"https:\/\/www.visitamalfi.info\/wp-content\/uploads\/2024\/03\/ANA3110-emanueleanastasioph-spiaggia-amalfi-comune-2023-vite-615x410.jpg\" class=\"attachment-ignition_item size-ignition_item wp-post-image\" alt=\"Spiaggia della Vite\" srcset=\"https:\/\/www.visitamalfi.info\/wp-content\/uploads\/2024\/03\/ANA3110-emanueleanastasioph-spiaggia-amalfi-comune-2023-vite-615x410.jpg 615w, https:\/\/www.visitamalfi.info\/wp-content\/uploads\/2024\/03\/ANA3110-emanueleanastasioph-spiaggia-amalfi-comune-2023-vite-870x580.jpg 870w, https:\/\/www.visitamalfi.info\/wp-content\/uploads\/2024\/03\/ANA3110-emanueleanastasioph-spiaggia-amalfi-comune-2023-vite-1240x825.jpg 1240w\" sizes=\"(max-width: 615px) 100vw, 615px\" \/>\t\t\t<\/a>\n\t\t<\/figure>\n\t\n\t<div class=\"entry-item-content\">\n\t\t<h2 class=\"entry-item-title\"><a href=\"https:\/\/www.visitamalfi.info\/en\/poi\/spiaggia-della-vite\/\">Spiaggia della Vite<\/a><\/h2>\n\t\t\n\t\t<a href=\"https:\/\/www.visitamalfi.info\/en\/poi\/spiaggia-della-vite\/\" class=\"btn btn-entry-more\">\n\t\t\tLearn More\t\t<\/a>\n\t<\/div>\n<\/div>\n<\/div>\t\t\t\t<div class=\"spiagge-en vettica-en term-1581 term-1577 col-xl-3 col-lg-4 col-sm-6 col-12\">\n<div id=\"entry-item-16038\" class=\"entry-item post-16038 amw_poi type-amw_poi status-publish has-post-thumbnail hentry categoria_poi-spiagge-en categoria_poi-vettica-en\">\n\t\t\t<figure class=\"entry-item-thumb\">\n\t\t\t<a href=\"https:\/\/www.visitamalfi.info\/en\/poi\/spiaggia-di-santa-croce\/\">\n\t\t\t\t<img loading=\"lazy\" decoding=\"async\" width=\"615\" height=\"410\" src=\"https:\/\/www.visitamalfi.info\/wp-content\/uploads\/2024\/03\/emanueleanastasioph-DMO-visitamalfi-2023ANA_1362-santa-croce-615x410.jpg\" class=\"attachment-ignition_item size-ignition_item wp-post-image\" alt=\"Amalfi_Vettica_Santa Croce\" srcset=\"https:\/\/www.visitamalfi.info\/wp-content\/uploads\/2024\/03\/emanueleanastasioph-DMO-visitamalfi-2023ANA_1362-santa-croce-615x410.jpg 615w, https:\/\/www.visitamalfi.info\/wp-content\/uploads\/2024\/03\/emanueleanastasioph-DMO-visitamalfi-2023ANA_1362-santa-croce-870x580.jpg 870w, https:\/\/www.visitamalfi.info\/wp-content\/uploads\/2024\/03\/emanueleanastasioph-DMO-visitamalfi-2023ANA_1362-santa-croce-1240x825.jpg 1240w\" sizes=\"(max-width: 615px) 100vw, 615px\" \/>\t\t\t<\/a>\n\t\t<\/figure>\n\t\n\t<div class=\"entry-item-content\">\n\t\t<h2 class=\"entry-item-title\"><a href=\"https:\/\/www.visitamalfi.info\/en\/poi\/spiaggia-di-santa-croce\/\">Spiaggia di Santa Croce<\/a><\/h2>\n\t\t\n\t\t<a href=\"https:\/\/www.visitamalfi.info\/en\/poi\/spiaggia-di-santa-croce\/\" class=\"btn btn-entry-more\">\n\t\t\tLearn More\t\t<\/a>\n\t<\/div>\n<\/div>\n<\/div>\t\t\t\t<div class=\"amalfi-city-centre cultura-en term-1774 term-1545 col-xl-3 col-lg-4 col-sm-6 col-12\">\n<div id=\"entry-item-16077\" class=\"entry-item post-16077 amw_poi type-amw_poi status-publish has-post-thumbnail hentry categoria_poi-amalfi-city-centre categoria_poi-cultura-en\">\n\t\t\t<figure class=\"entry-item-thumb\">\n\t\t\t<a href=\"https:\/\/www.visitamalfi.info\/en\/poi\/stages-of-the-relocation-of-st-andrews-relics\/\">\n\t\t\t\t<img loading=\"lazy\" decoding=\"async\" width=\"615\" height=\"410\" src=\"https:\/\/www.visitamalfi.info\/wp-content\/uploads\/2024\/03\/TRASLAZIONE-RELIQUIE-S.-ANDREA-CON-E-SENZA-MODELLI-M.ABBAGNARA-5-615x410.jpg\" class=\"attachment-ignition_item size-ignition_item wp-post-image\" alt=\"A\" srcset=\"https:\/\/www.visitamalfi.info\/wp-content\/uploads\/2024\/03\/TRASLAZIONE-RELIQUIE-S.-ANDREA-CON-E-SENZA-MODELLI-M.ABBAGNARA-5-615x410.jpg 615w, https:\/\/www.visitamalfi.info\/wp-content\/uploads\/2024\/03\/TRASLAZIONE-RELIQUIE-S.-ANDREA-CON-E-SENZA-MODELLI-M.ABBAGNARA-5-300x200.jpg 300w, https:\/\/www.visitamalfi.info\/wp-content\/uploads\/2024\/03\/TRASLAZIONE-RELIQUIE-S.-ANDREA-CON-E-SENZA-MODELLI-M.ABBAGNARA-5-1024x683.jpg 1024w, https:\/\/www.visitamalfi.info\/wp-content\/uploads\/2024\/03\/TRASLAZIONE-RELIQUIE-S.-ANDREA-CON-E-SENZA-MODELLI-M.ABBAGNARA-5-768x512.jpg 768w, https:\/\/www.visitamalfi.info\/wp-content\/uploads\/2024\/03\/TRASLAZIONE-RELIQUIE-S.-ANDREA-CON-E-SENZA-MODELLI-M.ABBAGNARA-5-1536x1024.jpg 1536w, https:\/\/www.visitamalfi.info\/wp-content\/uploads\/2024\/03\/TRASLAZIONE-RELIQUIE-S.-ANDREA-CON-E-SENZA-MODELLI-M.ABBAGNARA-5-870x580.jpg 870w, https:\/\/www.visitamalfi.info\/wp-content\/uploads\/2024\/03\/TRASLAZIONE-RELIQUIE-S.-ANDREA-CON-E-SENZA-MODELLI-M.ABBAGNARA-5-1240x825.jpg 1240w, https:\/\/www.visitamalfi.info\/wp-content\/uploads\/2024\/03\/TRASLAZIONE-RELIQUIE-S.-ANDREA-CON-E-SENZA-MODELLI-M.ABBAGNARA-5.jpg 1920w\" sizes=\"(max-width: 615px) 100vw, 615px\" \/>\t\t\t<\/a>\n\t\t<\/figure>\n\t\n\t<div class=\"entry-item-content\">\n\t\t<h2 class=\"entry-item-title\"><a href=\"https:\/\/www.visitamalfi.info\/en\/poi\/stages-of-the-relocation-of-st-andrews-relics\/\">Stages of the Relocation of St. Andrew\u2019s relics<\/a><\/h2>\n\t\t\n\t\t<a href=\"https:\/\/www.visitamalfi.info\/en\/poi\/stages-of-the-relocation-of-st-andrews-relics\/\" class=\"btn btn-entry-more\">\n\t\t\tLearn More\t\t<\/a>\n\t<\/div>\n<\/div>\n<\/div>\t\t\t\t<div class=\"amalfi-city-centre cultura-en term-1774 term-1545 col-xl-3 col-lg-4 col-sm-6 col-12\">\n<div id=\"entry-item-16071\" class=\"entry-item post-16071 amw_poi type-amw_poi status-publish has-post-thumbnail hentry categoria_poi-amalfi-city-centre categoria_poi-cultura-en\">\n\t\t\t<figure class=\"entry-item-thumb\">\n\t\t\t<a href=\"https:\/\/www.visitamalfi.info\/en\/poi\/supportico-rua\/\">\n\t\t\t\t<img loading=\"lazy\" decoding=\"async\" width=\"615\" height=\"410\" src=\"https:\/\/www.visitamalfi.info\/wp-content\/uploads\/2024\/03\/SUPPORTICO-RUA-SENZA-MODELLI-M.ABBAGNARA-12-615x410.jpg\" class=\"attachment-ignition_item size-ignition_item wp-post-image\" alt=\"Amalfi_Supportico Rua\" srcset=\"https:\/\/www.visitamalfi.info\/wp-content\/uploads\/2024\/03\/SUPPORTICO-RUA-SENZA-MODELLI-M.ABBAGNARA-12-615x410.jpg 615w, https:\/\/www.visitamalfi.info\/wp-content\/uploads\/2024\/03\/SUPPORTICO-RUA-SENZA-MODELLI-M.ABBAGNARA-12-870x580.jpg 870w, https:\/\/www.visitamalfi.info\/wp-content\/uploads\/2024\/03\/SUPPORTICO-RUA-SENZA-MODELLI-M.ABBAGNARA-12-1240x825.jpg 1240w\" sizes=\"(max-width: 615px) 100vw, 615px\" \/>\t\t\t<\/a>\n\t\t<\/figure>\n\t\n\t<div class=\"entry-item-content\">\n\t\t<h2 class=\"entry-item-title\"><a href=\"https:\/\/www.visitamalfi.info\/en\/poi\/supportico-rua\/\">Supportico Rua<\/a><\/h2>\n\t\t\n\t\t<a href=\"https:\/\/www.visitamalfi.info\/en\/poi\/supportico-rua\/\" class=\"btn btn-entry-more\">\n\t\t\tLearn More\t\t<\/a>\n\t<\/div>\n<\/div>\n<\/div>\t\t\t\t<div class=\"amalfi-city-centre cultura-en term-1774 term-1545 col-xl-3 col-lg-4 col-sm-6 col-12\">\n<div id=\"entry-item-16078\" class=\"entry-item post-16078 amw_poi type-amw_poi status-publish has-post-thumbnail hentry categoria_poi-amalfi-city-centre categoria_poi-cultura-en\">\n\t\t\t<figure class=\"entry-item-thumb\">\n\t\t\t<a href=\"https:\/\/www.visitamalfi.info\/en\/poi\/supportico-s-andrea\/\">\n\t\t\t\t<img loading=\"lazy\" decoding=\"async\" width=\"615\" height=\"410\" src=\"https:\/\/www.visitamalfi.info\/wp-content\/uploads\/2024\/03\/CHIESA-S.-ANNA-PICCOLA-M.ABBAGNARA-11-615x410.jpg\" class=\"attachment-ignition_item size-ignition_item wp-post-image\" alt=\"Amalfi_Supportico S. Andrea\" srcset=\"https:\/\/www.visitamalfi.info\/wp-content\/uploads\/2024\/03\/CHIESA-S.-ANNA-PICCOLA-M.ABBAGNARA-11-615x410.jpg 615w, https:\/\/www.visitamalfi.info\/wp-content\/uploads\/2024\/03\/CHIESA-S.-ANNA-PICCOLA-M.ABBAGNARA-11-300x200.jpg 300w, https:\/\/www.visitamalfi.info\/wp-content\/uploads\/2024\/03\/CHIESA-S.-ANNA-PICCOLA-M.ABBAGNARA-11-1024x683.jpg 1024w, https:\/\/www.visitamalfi.info\/wp-content\/uploads\/2024\/03\/CHIESA-S.-ANNA-PICCOLA-M.ABBAGNARA-11-768x512.jpg 768w, https:\/\/www.visitamalfi.info\/wp-content\/uploads\/2024\/03\/CHIESA-S.-ANNA-PICCOLA-M.ABBAGNARA-11-1536x1024.jpg 1536w, https:\/\/www.visitamalfi.info\/wp-content\/uploads\/2024\/03\/CHIESA-S.-ANNA-PICCOLA-M.ABBAGNARA-11-870x580.jpg 870w, https:\/\/www.visitamalfi.info\/wp-content\/uploads\/2024\/03\/CHIESA-S.-ANNA-PICCOLA-M.ABBAGNARA-11-1240x825.jpg 1240w, https:\/\/www.visitamalfi.info\/wp-content\/uploads\/2024\/03\/CHIESA-S.-ANNA-PICCOLA-M.ABBAGNARA-11.jpg 1920w\" sizes=\"(max-width: 615px) 100vw, 615px\" \/>\t\t\t<\/a>\n\t\t<\/figure>\n\t\n\t<div class=\"entry-item-content\">\n\t\t<h2 class=\"entry-item-title\"><a href=\"https:\/\/www.visitamalfi.info\/en\/poi\/supportico-s-andrea\/\">Supportico S. Andrea<\/a><\/h2>\n\t\t\n\t\t<a href=\"https:\/\/www.visitamalfi.info\/en\/poi\/supportico-s-andrea\/\" class=\"btn btn-entry-more\">\n\t\t\tLearn More\t\t<\/a>\n\t<\/div>\n<\/div>\n<\/div>\t\t\t\t<div class=\"amalfi-city-centre cultura-en term-1774 term-1545 col-xl-3 col-lg-4 col-sm-6 col-12\">\n<div id=\"entry-item-16029\" class=\"entry-item post-16029 amw_poi type-amw_poi status-publish has-post-thumbnail hentry categoria_poi-amalfi-city-centre categoria_poi-cultura-en\">\n\t\t\t<figure class=\"entry-item-thumb\">\n\t\t\t<a href=\"https:\/\/www.visitamalfi.info\/en\/poi\/the-s-maria-maggiore-complex\/\">\n\t\t\t\t<img loading=\"lazy\" decoding=\"async\" width=\"615\" height=\"410\" src=\"https:\/\/www.visitamalfi.info\/wp-content\/uploads\/2024\/03\/CHIESA-DELL_ADDOLORATA-SENZA-MODELLI-M.ABBAGNARA-26-615x410.jpg\" class=\"attachment-ignition_item size-ignition_item wp-post-image\" alt=\"Amalfi_Complesso Santa Maria Maggiore\" srcset=\"https:\/\/www.visitamalfi.info\/wp-content\/uploads\/2024\/03\/CHIESA-DELL_ADDOLORATA-SENZA-MODELLI-M.ABBAGNARA-26-615x410.jpg 615w, https:\/\/www.visitamalfi.info\/wp-content\/uploads\/2024\/03\/CHIESA-DELL_ADDOLORATA-SENZA-MODELLI-M.ABBAGNARA-26-870x580.jpg 870w, https:\/\/www.visitamalfi.info\/wp-content\/uploads\/2024\/03\/CHIESA-DELL_ADDOLORATA-SENZA-MODELLI-M.ABBAGNARA-26-1240x825.jpg 1240w\" sizes=\"(max-width: 615px) 100vw, 615px\" \/>\t\t\t<\/a>\n\t\t<\/figure>\n\t\n\t<div class=\"entry-item-content\">\n\t\t<h2 class=\"entry-item-title\"><a href=\"https:\/\/www.visitamalfi.info\/en\/poi\/the-s-maria-maggiore-complex\/\">The S. Maria Maggiore Complex<\/a><\/h2>\n\t\t\n\t\t<a href=\"https:\/\/www.visitamalfi.info\/en\/poi\/the-s-maria-maggiore-complex\/\" class=\"btn btn-entry-more\">\n\t\t\tLearn More\t\t<\/a>\n\t<\/div>\n<\/div>\n<\/div>\t\t\t\t<div class=\"cultura-en frazioni-en natura-en tovere-en term-1545 term-1557 term-1549 term-1573 col-xl-3 col-lg-4 col-sm-6 col-12\">\n<div id=\"entry-item-16036\" class=\"entry-item post-16036 amw_poi type-amw_poi status-publish has-post-thumbnail hentry categoria_poi-cultura-en categoria_poi-frazioni-en categoria_poi-natura-en categoria_poi-tovere-en\">\n\t\t\t<figure class=\"entry-item-thumb\">\n\t\t\t<a href=\"https:\/\/www.visitamalfi.info\/en\/poi\/tovere\/\">\n\t\t\t\t<img loading=\"lazy\" decoding=\"async\" width=\"615\" height=\"410\" src=\"https:\/\/www.visitamalfi.info\/wp-content\/uploads\/2024\/03\/ANA_3550-8K-615x410.jpg\" class=\"attachment-ignition_item size-ignition_item wp-post-image\" alt=\"Tovere\" srcset=\"https:\/\/www.visitamalfi.info\/wp-content\/uploads\/2024\/03\/ANA_3550-8K-615x410.jpg 615w, https:\/\/www.visitamalfi.info\/wp-content\/uploads\/2024\/03\/ANA_3550-8K-300x200.jpg 300w, https:\/\/www.visitamalfi.info\/wp-content\/uploads\/2024\/03\/ANA_3550-8K-1024x683.jpg 1024w, https:\/\/www.visitamalfi.info\/wp-content\/uploads\/2024\/03\/ANA_3550-8K-768x512.jpg 768w, https:\/\/www.visitamalfi.info\/wp-content\/uploads\/2024\/03\/ANA_3550-8K-1536x1024.jpg 1536w, https:\/\/www.visitamalfi.info\/wp-content\/uploads\/2024\/03\/ANA_3550-8K-870x580.jpg 870w, https:\/\/www.visitamalfi.info\/wp-content\/uploads\/2024\/03\/ANA_3550-8K-1240x825.jpg 1240w, https:\/\/www.visitamalfi.info\/wp-content\/uploads\/2024\/03\/ANA_3550-8K.jpg 1920w\" sizes=\"(max-width: 615px) 100vw, 615px\" \/>\t\t\t<\/a>\n\t\t<\/figure>\n\t\n\t<div class=\"entry-item-content\">\n\t\t<h2 class=\"entry-item-title\"><a href=\"https:\/\/www.visitamalfi.info\/en\/poi\/tovere\/\">Tovere<\/a><\/h2>\n\t\t\n\t\t<a href=\"https:\/\/www.visitamalfi.info\/en\/poi\/tovere\/\" class=\"btn btn-entry-more\">\n\t\t\tLearn More\t\t<\/a>\n\t<\/div>\n<\/div>\n<\/div>\t\t\t\t<div class=\"amalfi-city-centre cultura-en esperienza-en natura-en term-1774 term-1545 term-1553 term-1549 col-xl-3 col-lg-4 col-sm-6 col-12\">\n<div id=\"entry-item-16064\" class=\"entry-item post-16064 amw_poi type-amw_poi status-publish has-post-thumbnail hentry categoria_poi-amalfi-city-centre categoria_poi-cultura-en categoria_poi-esperienza-en categoria_poi-natura-en\">\n\t\t\t<figure class=\"entry-item-thumb\">\n\t\t\t<a href=\"https:\/\/www.visitamalfi.info\/en\/poi\/valle-dei-mulini\/\">\n\t\t\t\t<img loading=\"lazy\" decoding=\"async\" width=\"615\" height=\"410\" src=\"https:\/\/www.visitamalfi.info\/wp-content\/uploads\/2024\/03\/17-foto-m.abbagnara-valle-delle-ferriere--615x410.jpg\" class=\"attachment-ignition_item size-ignition_item wp-post-image\" alt=\"Amalfi_Valle dei Mulini\" srcset=\"https:\/\/www.visitamalfi.info\/wp-content\/uploads\/2024\/03\/17-foto-m.abbagnara-valle-delle-ferriere--615x410.jpg 615w, https:\/\/www.visitamalfi.info\/wp-content\/uploads\/2024\/03\/17-foto-m.abbagnara-valle-delle-ferriere--300x200.jpg 300w, https:\/\/www.visitamalfi.info\/wp-content\/uploads\/2024\/03\/17-foto-m.abbagnara-valle-delle-ferriere--1024x683.jpg 1024w, https:\/\/www.visitamalfi.info\/wp-content\/uploads\/2024\/03\/17-foto-m.abbagnara-valle-delle-ferriere--768x512.jpg 768w, https:\/\/www.visitamalfi.info\/wp-content\/uploads\/2024\/03\/17-foto-m.abbagnara-valle-delle-ferriere--1536x1024.jpg 1536w, https:\/\/www.visitamalfi.info\/wp-content\/uploads\/2024\/03\/17-foto-m.abbagnara-valle-delle-ferriere--870x580.jpg 870w, https:\/\/www.visitamalfi.info\/wp-content\/uploads\/2024\/03\/17-foto-m.abbagnara-valle-delle-ferriere--1240x825.jpg 1240w, https:\/\/www.visitamalfi.info\/wp-content\/uploads\/2024\/03\/17-foto-m.abbagnara-valle-delle-ferriere-.jpg 1920w\" sizes=\"(max-width: 615px) 100vw, 615px\" \/>\t\t\t<\/a>\n\t\t<\/figure>\n\t\n\t<div class=\"entry-item-content\">\n\t\t<h2 class=\"entry-item-title\"><a href=\"https:\/\/www.visitamalfi.info\/en\/poi\/valle-dei-mulini\/\">Valle dei Mulini<\/a><\/h2>\n\t\t\n\t\t<a href=\"https:\/\/www.visitamalfi.info\/en\/poi\/valle-dei-mulini\/\" class=\"btn btn-entry-more\">\n\t\t\tLearn More\t\t<\/a>\n\t<\/div>\n<\/div>\n<\/div>\t\t\t\t<div class=\"cultura-en esperienza-en natura-en term-1545 term-1553 term-1549 col-xl-3 col-lg-4 col-sm-6 col-12\">\n<div id=\"entry-item-16062\" class=\"entry-item post-16062 amw_poi type-amw_poi status-publish has-post-thumbnail hentry categoria_poi-cultura-en categoria_poi-esperienza-en categoria_poi-natura-en\">\n\t\t\t<figure class=\"entry-item-thumb\">\n\t\t\t<a href=\"https:\/\/www.visitamalfi.info\/en\/poi\/valle-delle-ferriere\/\">\n\t\t\t\t<img loading=\"lazy\" decoding=\"async\" width=\"615\" height=\"410\" src=\"https:\/\/www.visitamalfi.info\/wp-content\/uploads\/2024\/03\/10-foto-m.abbagnara-valle-delle-ferriere--615x410.jpg\" class=\"attachment-ignition_item size-ignition_item wp-post-image\" alt=\"Valle delle Ferriere\" srcset=\"https:\/\/www.visitamalfi.info\/wp-content\/uploads\/2024\/03\/10-foto-m.abbagnara-valle-delle-ferriere--615x410.jpg 615w, https:\/\/www.visitamalfi.info\/wp-content\/uploads\/2024\/03\/10-foto-m.abbagnara-valle-delle-ferriere--300x200.jpg 300w, https:\/\/www.visitamalfi.info\/wp-content\/uploads\/2024\/03\/10-foto-m.abbagnara-valle-delle-ferriere--1024x683.jpg 1024w, https:\/\/www.visitamalfi.info\/wp-content\/uploads\/2024\/03\/10-foto-m.abbagnara-valle-delle-ferriere--768x512.jpg 768w, https:\/\/www.visitamalfi.info\/wp-content\/uploads\/2024\/03\/10-foto-m.abbagnara-valle-delle-ferriere--1536x1024.jpg 1536w, https:\/\/www.visitamalfi.info\/wp-content\/uploads\/2024\/03\/10-foto-m.abbagnara-valle-delle-ferriere--870x580.jpg 870w, https:\/\/www.visitamalfi.info\/wp-content\/uploads\/2024\/03\/10-foto-m.abbagnara-valle-delle-ferriere--1240x825.jpg 1240w, https:\/\/www.visitamalfi.info\/wp-content\/uploads\/2024\/03\/10-foto-m.abbagnara-valle-delle-ferriere-.jpg 1920w\" sizes=\"(max-width: 615px) 100vw, 615px\" \/>\t\t\t<\/a>\n\t\t<\/figure>\n\t\n\t<div class=\"entry-item-content\">\n\t\t<h2 class=\"entry-item-title\"><a href=\"https:\/\/www.visitamalfi.info\/en\/poi\/valle-delle-ferriere\/\">Valle delle Ferriere<\/a><\/h2>\n\t\t\n\t\t<a href=\"https:\/\/www.visitamalfi.info\/en\/poi\/valle-delle-ferriere\/\" class=\"btn btn-entry-more\">\n\t\t\tLearn More\t\t<\/a>\n\t<\/div>\n<\/div>\n<\/div>\t\t\t\t<div class=\"cultura-en frazioni-en natura-en vettica-en term-1545 term-1557 term-1549 term-1577 col-xl-3 col-lg-4 col-sm-6 col-12\">\n<div id=\"entry-item-16034\" class=\"entry-item post-16034 amw_poi type-amw_poi status-publish has-post-thumbnail hentry categoria_poi-cultura-en categoria_poi-frazioni-en categoria_poi-natura-en categoria_poi-vettica-en\">\n\t\t\t<figure class=\"entry-item-thumb\">\n\t\t\t<a href=\"https:\/\/www.visitamalfi.info\/en\/poi\/vettica-minore\/\">\n\t\t\t\t<img loading=\"lazy\" decoding=\"async\" width=\"615\" height=\"410\" src=\"https:\/\/www.visitamalfi.info\/wp-content\/uploads\/2023\/07\/Vettica-amalfi-615x410.jpg\" class=\"attachment-ignition_item size-ignition_item wp-post-image\" alt=\"\" srcset=\"https:\/\/www.visitamalfi.info\/wp-content\/uploads\/2023\/07\/Vettica-amalfi-615x410.jpg 615w, https:\/\/www.visitamalfi.info\/wp-content\/uploads\/2023\/07\/Vettica-amalfi-300x200.jpg 300w, https:\/\/www.visitamalfi.info\/wp-content\/uploads\/2023\/07\/Vettica-amalfi-1024x683.jpg 1024w, https:\/\/www.visitamalfi.info\/wp-content\/uploads\/2023\/07\/Vettica-amalfi-768x512.jpg 768w, https:\/\/www.visitamalfi.info\/wp-content\/uploads\/2023\/07\/Vettica-amalfi-1536x1024.jpg 1536w, https:\/\/www.visitamalfi.info\/wp-content\/uploads\/2023\/07\/Vettica-amalfi-870x580.jpg 870w, https:\/\/www.visitamalfi.info\/wp-content\/uploads\/2023\/07\/Vettica-amalfi-1240x825.jpg 1240w, https:\/\/www.visitamalfi.info\/wp-content\/uploads\/2023\/07\/Vettica-amalfi.jpg 1920w\" sizes=\"(max-width: 615px) 100vw, 615px\" \/>\t\t\t<\/a>\n\t\t<\/figure>\n\t\n\t<div class=\"entry-item-content\">\n\t\t<h2 class=\"entry-item-title\"><a href=\"https:\/\/www.visitamalfi.info\/en\/poi\/vettica-minore\/\">Vettica Minore<\/a><\/h2>\n\t\t\n\t\t<a href=\"https:\/\/www.visitamalfi.info\/en\/poi\/vettica-minore\/\" class=\"btn btn-entry-more\">\n\t\t\tLearn More\t\t<\/a>\n\t<\/div>\n<\/div>\n<\/div>\t\t\t\t<div class=\"amalfi-city-centre cultura-en term-1774 term-1545 col-xl-3 col-lg-4 col-sm-6 col-12\">\n<div id=\"entry-item-16072\" class=\"entry-item post-16072 amw_poi type-amw_poi status-publish has-post-thumbnail hentry categoria_poi-amalfi-city-centre categoria_poi-cultura-en\">\n\t\t\t<figure class=\"entry-item-thumb\">\n\t\t\t<a href=\"https:\/\/www.visitamalfi.info\/en\/poi\/via-dei-curiali\/\">\n\t\t\t\t<img loading=\"lazy\" decoding=\"async\" width=\"615\" height=\"410\" src=\"https:\/\/www.visitamalfi.info\/wp-content\/uploads\/2024\/03\/VIA-DEI-CURIALI-M.ABBAGNARA-4-615x410.jpg\" class=\"attachment-ignition_item size-ignition_item wp-post-image\" alt=\"Amalfi_Via dei Curiali\" srcset=\"https:\/\/www.visitamalfi.info\/wp-content\/uploads\/2024\/03\/VIA-DEI-CURIALI-M.ABBAGNARA-4-615x410.jpg 615w, https:\/\/www.visitamalfi.info\/wp-content\/uploads\/2024\/03\/VIA-DEI-CURIALI-M.ABBAGNARA-4-870x580.jpg 870w, https:\/\/www.visitamalfi.info\/wp-content\/uploads\/2024\/03\/VIA-DEI-CURIALI-M.ABBAGNARA-4-1240x825.jpg 1240w\" sizes=\"(max-width: 615px) 100vw, 615px\" \/>\t\t\t<\/a>\n\t\t<\/figure>\n\t\n\t<div class=\"entry-item-content\">\n\t\t<h2 class=\"entry-item-title\"><a href=\"https:\/\/www.visitamalfi.info\/en\/poi\/via-dei-curiali\/\">Via dei Curiali<\/a><\/h2>\n\t\t\n\t\t<a href=\"https:\/\/www.visitamalfi.info\/en\/poi\/via-dei-curiali\/\" class=\"btn btn-entry-more\">\n\t\t\tLearn More\t\t<\/a>\n\t<\/div>\n<\/div>\n<\/div>\t\t\t\t<div class=\"cultura-en esperienza-en frazioni-en natura-en term-1545 term-1553 term-1557 term-1549 col-xl-3 col-lg-4 col-sm-6 col-12\">\n<div id=\"entry-item-16057\" class=\"entry-item post-16057 amw_poi type-amw_poi status-publish has-post-thumbnail hentry categoria_poi-cultura-en categoria_poi-esperienza-en categoria_poi-frazioni-en categoria_poi-natura-en\">\n\t\t\t<figure class=\"entry-item-thumb\">\n\t\t\t<a href=\"https:\/\/www.visitamalfi.info\/en\/poi\/via-maestra-dei-villaggi\/\">\n\t\t\t\t<img loading=\"lazy\" decoding=\"async\" width=\"615\" height=\"410\" src=\"https:\/\/www.visitamalfi.info\/wp-content\/uploads\/2024\/03\/1-615x410.jpg\" class=\"attachment-ignition_item size-ignition_item wp-post-image\" alt=\"Via Maestra dei Villaggi\" srcset=\"https:\/\/www.visitamalfi.info\/wp-content\/uploads\/2024\/03\/1-615x410.jpg 615w, https:\/\/www.visitamalfi.info\/wp-content\/uploads\/2024\/03\/1-300x200.jpg 300w, https:\/\/www.visitamalfi.info\/wp-content\/uploads\/2024\/03\/1-1024x683.jpg 1024w, https:\/\/www.visitamalfi.info\/wp-content\/uploads\/2024\/03\/1-768x512.jpg 768w, https:\/\/www.visitamalfi.info\/wp-content\/uploads\/2024\/03\/1-1536x1024.jpg 1536w, https:\/\/www.visitamalfi.info\/wp-content\/uploads\/2024\/03\/1-870x580.jpg 870w, https:\/\/www.visitamalfi.info\/wp-content\/uploads\/2024\/03\/1-1240x825.jpg 1240w, https:\/\/www.visitamalfi.info\/wp-content\/uploads\/2024\/03\/1.jpg 1920w\" sizes=\"(max-width: 615px) 100vw, 615px\" \/>\t\t\t<\/a>\n\t\t<\/figure>\n\t\n\t<div class=\"entry-item-content\">\n\t\t<h2 class=\"entry-item-title\"><a href=\"https:\/\/www.visitamalfi.info\/en\/poi\/via-maestra-dei-villaggi\/\">Via Maestra dei Villaggi<\/a><\/h2>\n\t\t\n\t\t<a href=\"https:\/\/www.visitamalfi.info\/en\/poi\/via-maestra-dei-villaggi\/\" class=\"btn btn-entry-more\">\n\t\t\tLearn More\t\t<\/a>\n\t<\/div>\n<\/div>\n<\/div><\/div><\/div>\t\t\t\t<\/div>\n\t\t\t\t<\/div>\n\t\t\t\t\t<\/div>\n\t\t<\/div>\n\t\t\t\t\t<\/div>\n\t\t<\/section>\n\t\t\t\t<\/div>\n\t\t","protected":false},"excerpt":{"rendered":"<p>Tutto Cultura Esperienza Frazioni Lone Natura Pastena Pogerola Spiagge Tovere Vettica Arco della Faenza Scopri di pi\u00f9 Arsenale della Repubblica Scopri di pi\u00f9 Bandiere delle Repubbliche Marinare Scopri di pi\u00f9 [&hellip;]<\/p>\n","protected":false},"author":1,"featured_media":0,"parent":0,"menu_order":0,"comment_status":"closed","ping_status":"closed","template":"templates\/template-fullwidth.php","meta":{"inline_featured_image":false,"footnotes":""},"class_list":["post-17809","page","type-page","status-publish","hentry"],"yoast_head":"<!-- This site is optimized with the Yoast SEO plugin v27.3 - https:\/\/yoast.com\/product\/yoast-seo-wordpress\/ -->\n<title>Points of Interest in Amalfi - Visit Amalfi<\/title>\n<meta name=\"description\" content=\"From monuments and historic buildings to squares and museums: discover the must-see points of interest as you explore the city of Amalfi.\" \/>\n<meta name=\"robots\" content=\"index, follow, max-snippet:-1, max-image-preview:large, max-video-preview:-1\" \/>\n<link rel=\"canonical\" href=\"https:\/\/www.visitamalfi.info\/en\/poi\/\" \/>\n<meta property=\"og:locale\" content=\"en_US\" \/>\n<meta property=\"og:type\" content=\"article\" \/>\n<meta property=\"og:title\" content=\"Points of Interest in Amalfi - Visit Amalfi\" \/>\n<meta property=\"og:description\" content=\"From monuments and historic buildings to squares and museums: discover the must-see points of interest as you explore the city of Amalfi.\" \/>\n<meta property=\"og:url\" content=\"https:\/\/www.visitamalfi.info\/en\/poi\/\" \/>\n<meta property=\"og:site_name\" content=\"Visit Amalfi\" \/>\n<meta property=\"article:publisher\" content=\"https:\/\/www.facebook.com\/visitamalfiofficial\" \/>\n<meta property=\"article:modified_time\" content=\"2024-07-23T10:11:54+00:00\" \/>\n<meta property=\"og:image\" content=\"https:\/\/www.visitamalfi.info\/wp-content\/uploads\/2024\/03\/ARCO-DELLA-FAENZA-M.ABBAGNARA-18-615x410.jpg\" \/>\n<meta name=\"twitter:card\" content=\"summary_large_image\" \/>\n<meta name=\"twitter:label1\" content=\"Est. reading time\" \/>\n\t<meta name=\"twitter:data1\" content=\"2 minutes\" \/>\n<script type=\"application\/ld+json\" class=\"yoast-schema-graph\">{\"@context\":\"https:\\\/\\\/schema.org\",\"@graph\":[{\"@type\":\"WebPage\",\"@id\":\"https:\\\/\\\/www.visitamalfi.info\\\/en\\\/poi\\\/\",\"url\":\"https:\\\/\\\/www.visitamalfi.info\\\/en\\\/poi\\\/\",\"name\":\"Points of Interest in Amalfi - Visit Amalfi\",\"isPartOf\":{\"@id\":\"https:\\\/\\\/www.visitamalfi.info\\\/en\\\/#website\"},\"primaryImageOfPage\":{\"@id\":\"https:\\\/\\\/www.visitamalfi.info\\\/en\\\/poi\\\/#primaryimage\"},\"image\":{\"@id\":\"https:\\\/\\\/www.visitamalfi.info\\\/en\\\/poi\\\/#primaryimage\"},\"thumbnailUrl\":\"https:\\\/\\\/www.visitamalfi.info\\\/wp-content\\\/uploads\\\/2024\\\/03\\\/ARCO-DELLA-FAENZA-M.ABBAGNARA-18-615x410.jpg\",\"datePublished\":\"2024-03-30T18:30:46+00:00\",\"dateModified\":\"2024-07-23T10:11:54+00:00\",\"description\":\"From monuments and historic buildings to squares and museums: discover the must-see points of interest as you explore the city of Amalfi.\",\"breadcrumb\":{\"@id\":\"https:\\\/\\\/www.visitamalfi.info\\\/en\\\/poi\\\/#breadcrumb\"},\"inLanguage\":\"en-US\",\"potentialAction\":[{\"@type\":\"ReadAction\",\"target\":[\"https:\\\/\\\/www.visitamalfi.info\\\/en\\\/poi\\\/\"]}]},{\"@type\":\"ImageObject\",\"inLanguage\":\"en-US\",\"@id\":\"https:\\\/\\\/www.visitamalfi.info\\\/en\\\/poi\\\/#primaryimage\",\"url\":\"https:\\\/\\\/www.visitamalfi.info\\\/wp-content\\\/uploads\\\/2024\\\/03\\\/ARCO-DELLA-FAENZA-M.ABBAGNARA-18-615x410.jpg\",\"contentUrl\":\"https:\\\/\\\/www.visitamalfi.info\\\/wp-content\\\/uploads\\\/2024\\\/03\\\/ARCO-DELLA-FAENZA-M.ABBAGNARA-18-615x410.jpg\"},{\"@type\":\"BreadcrumbList\",\"@id\":\"https:\\\/\\\/www.visitamalfi.info\\\/en\\\/poi\\\/#breadcrumb\",\"itemListElement\":[{\"@type\":\"ListItem\",\"position\":1,\"name\":\"Home\",\"item\":\"https:\\\/\\\/www.visitamalfi.info\\\/en\\\/\"},{\"@type\":\"ListItem\",\"position\":2,\"name\":\"Points of Interest in Amalfi\"}]},{\"@type\":\"WebSite\",\"@id\":\"https:\\\/\\\/www.visitamalfi.info\\\/en\\\/#website\",\"url\":\"https:\\\/\\\/www.visitamalfi.info\\\/en\\\/\",\"name\":\"Visit Amalfi\",\"description\":\"Amalfi Destination Official Website\",\"publisher\":{\"@id\":\"https:\\\/\\\/www.visitamalfi.info\\\/en\\\/#organization\"},\"potentialAction\":[{\"@type\":\"SearchAction\",\"target\":{\"@type\":\"EntryPoint\",\"urlTemplate\":\"https:\\\/\\\/www.visitamalfi.info\\\/en\\\/?s={search_term_string}\"},\"query-input\":{\"@type\":\"PropertyValueSpecification\",\"valueRequired\":true,\"valueName\":\"search_term_string\"}}],\"inLanguage\":\"en-US\"},{\"@type\":\"Organization\",\"@id\":\"https:\\\/\\\/www.visitamalfi.info\\\/en\\\/#organization\",\"name\":\"Visit Amalfi\",\"url\":\"https:\\\/\\\/www.visitamalfi.info\\\/en\\\/\",\"logo\":{\"@type\":\"ImageObject\",\"inLanguage\":\"en-US\",\"@id\":\"https:\\\/\\\/www.visitamalfi.info\\\/en\\\/#\\\/schema\\\/logo\\\/image\\\/\",\"url\":\"https:\\\/\\\/www.visitamalfi.info\\\/wp-content\\\/uploads\\\/2023\\\/04\\\/visit-amalfi-logo-web.png\",\"contentUrl\":\"https:\\\/\\\/www.visitamalfi.info\\\/wp-content\\\/uploads\\\/2023\\\/04\\\/visit-amalfi-logo-web.png\",\"width\":800,\"height\":870,\"caption\":\"Visit Amalfi\"},\"image\":{\"@id\":\"https:\\\/\\\/www.visitamalfi.info\\\/en\\\/#\\\/schema\\\/logo\\\/image\\\/\"},\"sameAs\":[\"https:\\\/\\\/www.facebook.com\\\/visitamalfiofficial\",\"https:\\\/\\\/www.instagram.com\\\/visitamalfiofficial\\\/\"]}]}<\/script>\n<!-- \/ Yoast SEO plugin. -->","yoast_head_json":{"title":"Points of Interest in Amalfi - Visit Amalfi","description":"From monuments and historic buildings to squares and museums: discover the must-see points of interest as you explore the city of Amalfi.","robots":{"index":"index","follow":"follow","max-snippet":"max-snippet:-1","max-image-preview":"max-image-preview:large","max-video-preview":"max-video-preview:-1"},"canonical":"https:\/\/www.visitamalfi.info\/en\/poi\/","og_locale":"en_US","og_type":"article","og_title":"Points of Interest in Amalfi - Visit Amalfi","og_description":"From monuments and historic buildings to squares and museums: discover the must-see points of interest as you explore the city of Amalfi.","og_url":"https:\/\/www.visitamalfi.info\/en\/poi\/","og_site_name":"Visit Amalfi","article_publisher":"https:\/\/www.facebook.com\/visitamalfiofficial","article_modified_time":"2024-07-23T10:11:54+00:00","og_image":[{"url":"https:\/\/www.visitamalfi.info\/wp-content\/uploads\/2024\/03\/ARCO-DELLA-FAENZA-M.ABBAGNARA-18-615x410.jpg","type":"","width":"","height":""}],"twitter_card":"summary_large_image","twitter_misc":{"Est. reading time":"2 minutes"},"schema":{"@context":"https:\/\/schema.org","@graph":[{"@type":"WebPage","@id":"https:\/\/www.visitamalfi.info\/en\/poi\/","url":"https:\/\/www.visitamalfi.info\/en\/poi\/","name":"Points of Interest in Amalfi - Visit Amalfi","isPartOf":{"@id":"https:\/\/www.visitamalfi.info\/en\/#website"},"primaryImageOfPage":{"@id":"https:\/\/www.visitamalfi.info\/en\/poi\/#primaryimage"},"image":{"@id":"https:\/\/www.visitamalfi.info\/en\/poi\/#primaryimage"},"thumbnailUrl":"https:\/\/www.visitamalfi.info\/wp-content\/uploads\/2024\/03\/ARCO-DELLA-FAENZA-M.ABBAGNARA-18-615x410.jpg","datePublished":"2024-03-30T18:30:46+00:00","dateModified":"2024-07-23T10:11:54+00:00","description":"From monuments and historic buildings to squares and museums: discover the must-see points of interest as you explore the city of Amalfi.","breadcrumb":{"@id":"https:\/\/www.visitamalfi.info\/en\/poi\/#breadcrumb"},"inLanguage":"en-US","potentialAction":[{"@type":"ReadAction","target":["https:\/\/www.visitamalfi.info\/en\/poi\/"]}]},{"@type":"ImageObject","inLanguage":"en-US","@id":"https:\/\/www.visitamalfi.info\/en\/poi\/#primaryimage","url":"https:\/\/www.visitamalfi.info\/wp-content\/uploads\/2024\/03\/ARCO-DELLA-FAENZA-M.ABBAGNARA-18-615x410.jpg","contentUrl":"https:\/\/www.visitamalfi.info\/wp-content\/uploads\/2024\/03\/ARCO-DELLA-FAENZA-M.ABBAGNARA-18-615x410.jpg"},{"@type":"BreadcrumbList","@id":"https:\/\/www.visitamalfi.info\/en\/poi\/#breadcrumb","itemListElement":[{"@type":"ListItem","position":1,"name":"Home","item":"https:\/\/www.visitamalfi.info\/en\/"},{"@type":"ListItem","position":2,"name":"Points of Interest in Amalfi"}]},{"@type":"WebSite","@id":"https:\/\/www.visitamalfi.info\/en\/#website","url":"https:\/\/www.visitamalfi.info\/en\/","name":"Visit Amalfi","description":"Amalfi Destination Official Website","publisher":{"@id":"https:\/\/www.visitamalfi.info\/en\/#organization"},"potentialAction":[{"@type":"SearchAction","target":{"@type":"EntryPoint","urlTemplate":"https:\/\/www.visitamalfi.info\/en\/?s={search_term_string}"},"query-input":{"@type":"PropertyValueSpecification","valueRequired":true,"valueName":"search_term_string"}}],"inLanguage":"en-US"},{"@type":"Organization","@id":"https:\/\/www.visitamalfi.info\/en\/#organization","name":"Visit Amalfi","url":"https:\/\/www.visitamalfi.info\/en\/","logo":{"@type":"ImageObject","inLanguage":"en-US","@id":"https:\/\/www.visitamalfi.info\/en\/#\/schema\/logo\/image\/","url":"https:\/\/www.visitamalfi.info\/wp-content\/uploads\/2023\/04\/visit-amalfi-logo-web.png","contentUrl":"https:\/\/www.visitamalfi.info\/wp-content\/uploads\/2023\/04\/visit-amalfi-logo-web.png","width":800,"height":870,"caption":"Visit Amalfi"},"image":{"@id":"https:\/\/www.visitamalfi.info\/en\/#\/schema\/logo\/image\/"},"sameAs":["https:\/\/www.facebook.com\/visitamalfiofficial","https:\/\/www.instagram.com\/visitamalfiofficial\/"]}]}},"_links":{"self":[{"href":"https:\/\/www.visitamalfi.info\/en\/wp-json\/wp\/v2\/pages\/17809","targetHints":{"allow":["GET"]}}],"collection":[{"href":"https:\/\/www.visitamalfi.info\/en\/wp-json\/wp\/v2\/pages"}],"about":[{"href":"https:\/\/www.visitamalfi.info\/en\/wp-json\/wp\/v2\/types\/page"}],"author":[{"embeddable":true,"href":"https:\/\/www.visitamalfi.info\/en\/wp-json\/wp\/v2\/users\/1"}],"replies":[{"embeddable":true,"href":"https:\/\/www.visitamalfi.info\/en\/wp-json\/wp\/v2\/comments?post=17809"}],"version-history":[{"count":12,"href":"https:\/\/www.visitamalfi.info\/en\/wp-json\/wp\/v2\/pages\/17809\/revisions"}],"predecessor-version":[{"id":19725,"href":"https:\/\/www.visitamalfi.info\/en\/wp-json\/wp\/v2\/pages\/17809\/revisions\/19725"}],"wp:attachment":[{"href":"https:\/\/www.visitamalfi.info\/en\/wp-json\/wp\/v2\/media?parent=17809"}],"curies":[{"name":"wp","href":"https:\/\/api.w.org\/{rel}","templated":true}]}}