{"id":7837,"date":"2023-06-07T18:50:49","date_gmt":"2023-06-07T16:50:49","guid":{"rendered":"https:\/\/www.visitamalfi.info\/evento\/cover-night-koenigin-von-bulsara\/"},"modified":"2023-06-07T18:50:49","modified_gmt":"2023-06-07T16:50:49","slug":"cover-night-koenigin-von-bulsara","status":"publish","type":"tribe_events","link":"https:\/\/www.visitamalfi.info\/de\/fall\/cover-night-koenigin-von-bulsara\/","title":{"rendered":"Cover Night &#8211; K\u00f6nigin von Bulsara"},"content":{"rendered":"<p>Eine Veranstaltung, die von <strong>Ottavio Liguori<\/strong> ins Leben gerufen wurde. Sp\u00e4ter, geeint durch ihre Leidenschaft f\u00fcr das brillante und mitrei\u00dfende englische Quartett, stiegen sie ein: <strong>Vito Di Costanzo, Stefano Di Meglio, Salvio Schiano <\/strong>e <strong>Vincenzo Castello<\/strong>Ein S\u00e4nger mit einer seltenen B\u00fchnenpr\u00e4senz, der sich nicht nur durch gro\u00dfe stimmliche Energie und Kommunikationsf\u00e4higkeit auszeichnet, sondern auch durch eine auff\u00e4llige k\u00f6rperliche \u00c4hnlichkeit mit dem S\u00e4nger von Queen, Freddie Mercury. Ein Abend, an dem die gro\u00dfen Hits, die wir alle kennen, wieder aufleben, begleitet von der magischsten aller Locations, Amalfi.<\/p>\n","protected":false},"excerpt":{"rendered":"<p>Die K\u00f6nigin von Bulsara ist die erste Hommage in Kampanien, die dem unvergleichlichen Mythos der K\u00f6nigin gewidmet ist. <\/p>\n","protected":false},"author":7,"featured_media":0,"template":"","meta":{"inline_featured_image":false,"_tribe_events_status":"","_tribe_events_status_reason":"","footnotes":""},"tags":[262,596,642,640,647,641,643,645,644,646,639,648],"tribe_events_cat":[649,361,638,650],"class_list":["post-7837","tribe_events","type-tribe_events","status-publish","hentry","tag-amalfi-de","tag-amalficoast-de","tag-amalfiinmusic-de","tag-amalfinight-de","tag-coverinamalfi-de","tag-covernightinamalfi-de","tag-deckband","tag-freddiemercury-de","tag-konigin","tag-queenofbulsara-de","tag-sommernacht","tag-summe2023-de","tribe_events_cat-live-ubertragungen","tribe_events_cat-musica-dal-vivo-de","tribe_events_cat-musik","tribe_events_cat-nacht-abdecken","cat_live-ubertragungen","cat_musica-dal-vivo-de","cat_musik","cat_nacht-abdecken"],"yoast_head":"<!-- This site is optimized with the Yoast SEO plugin v27.3 - https:\/\/yoast.com\/product\/yoast-seo-wordpress\/ -->\n<title>Cover Night - K\u00f6nigin von Bulsara - Visit Amalfi<\/title>\n<meta name=\"robots\" content=\"index, follow, max-snippet:-1, max-image-preview:large, max-video-preview:-1\" \/>\n<link rel=\"canonical\" href=\"https:\/\/www.visitamalfi.info\/de\/fall\/cover-night-koenigin-von-bulsara\/\" \/>\n<meta property=\"og:locale\" content=\"de_DE\" \/>\n<meta property=\"og:type\" content=\"article\" \/>\n<meta property=\"og:title\" content=\"Cover Night - K\u00f6nigin von Bulsara - Visit Amalfi\" \/>\n<meta property=\"og:description\" content=\"Die K\u00f6nigin von Bulsara ist die erste Hommage in Kampanien, die dem unvergleichlichen Mythos der K\u00f6nigin gewidmet ist.\" \/>\n<meta property=\"og:url\" content=\"https:\/\/www.visitamalfi.info\/de\/fall\/cover-night-koenigin-von-bulsara\/\" \/>\n<meta property=\"og:site_name\" content=\"Visit Amalfi\" \/>\n<meta property=\"article:publisher\" content=\"https:\/\/www.facebook.com\/visitamalfiofficial\" \/>\n<meta name=\"twitter:card\" content=\"summary_large_image\" \/>\n<script type=\"application\/ld+json\" class=\"yoast-schema-graph\">{\"@context\":\"https:\\\/\\\/schema.org\",\"@graph\":[{\"@type\":\"WebPage\",\"@id\":\"https:\\\/\\\/www.visitamalfi.info\\\/de\\\/fall\\\/cover-night-koenigin-von-bulsara\\\/\",\"url\":\"https:\\\/\\\/www.visitamalfi.info\\\/de\\\/fall\\\/cover-night-koenigin-von-bulsara\\\/\",\"name\":\"Cover Night - K\u00f6nigin von Bulsara - Visit Amalfi\",\"isPartOf\":{\"@id\":\"https:\\\/\\\/www.visitamalfi.info\\\/de\\\/#website\"},\"datePublished\":\"2023-06-07T16:50:49+00:00\",\"breadcrumb\":{\"@id\":\"https:\\\/\\\/www.visitamalfi.info\\\/de\\\/fall\\\/cover-night-koenigin-von-bulsara\\\/#breadcrumb\"},\"inLanguage\":\"de\",\"potentialAction\":[{\"@type\":\"ReadAction\",\"target\":[\"https:\\\/\\\/www.visitamalfi.info\\\/de\\\/fall\\\/cover-night-koenigin-von-bulsara\\\/\"]}]},{\"@type\":\"BreadcrumbList\",\"@id\":\"https:\\\/\\\/www.visitamalfi.info\\\/de\\\/fall\\\/cover-night-koenigin-von-bulsara\\\/#breadcrumb\",\"itemListElement\":[{\"@type\":\"ListItem\",\"position\":1,\"name\":\"Home\",\"item\":\"https:\\\/\\\/www.visitamalfi.info\\\/de\\\/\"},{\"@type\":\"ListItem\",\"position\":2,\"name\":\"Veranstaltungen\",\"item\":\"https:\\\/\\\/www.visitamalfi.info\\\/de\\\/eventi\\\/\"},{\"@type\":\"ListItem\",\"position\":3,\"name\":\"Cover Night &#8211; K\u00f6nigin von Bulsara\"}]},{\"@type\":\"WebSite\",\"@id\":\"https:\\\/\\\/www.visitamalfi.info\\\/de\\\/#website\",\"url\":\"https:\\\/\\\/www.visitamalfi.info\\\/de\\\/\",\"name\":\"Visit Amalfi\",\"description\":\"Amalfi Destination Official Website\",\"publisher\":{\"@id\":\"https:\\\/\\\/www.visitamalfi.info\\\/de\\\/#organization\"},\"potentialAction\":[{\"@type\":\"SearchAction\",\"target\":{\"@type\":\"EntryPoint\",\"urlTemplate\":\"https:\\\/\\\/www.visitamalfi.info\\\/de\\\/?s={search_term_string}\"},\"query-input\":{\"@type\":\"PropertyValueSpecification\",\"valueRequired\":true,\"valueName\":\"search_term_string\"}}],\"inLanguage\":\"de\"},{\"@type\":\"Organization\",\"@id\":\"https:\\\/\\\/www.visitamalfi.info\\\/de\\\/#organization\",\"name\":\"Visit Amalfi\",\"url\":\"https:\\\/\\\/www.visitamalfi.info\\\/de\\\/\",\"logo\":{\"@type\":\"ImageObject\",\"inLanguage\":\"de\",\"@id\":\"https:\\\/\\\/www.visitamalfi.info\\\/de\\\/#\\\/schema\\\/logo\\\/image\\\/\",\"url\":\"https:\\\/\\\/www.visitamalfi.info\\\/wp-content\\\/uploads\\\/2023\\\/04\\\/visit-amalfi-logo-web.png\",\"contentUrl\":\"https:\\\/\\\/www.visitamalfi.info\\\/wp-content\\\/uploads\\\/2023\\\/04\\\/visit-amalfi-logo-web.png\",\"width\":800,\"height\":870,\"caption\":\"Visit Amalfi\"},\"image\":{\"@id\":\"https:\\\/\\\/www.visitamalfi.info\\\/de\\\/#\\\/schema\\\/logo\\\/image\\\/\"},\"sameAs\":[\"https:\\\/\\\/www.facebook.com\\\/visitamalfiofficial\",\"https:\\\/\\\/www.instagram.com\\\/visitamalfiofficial\\\/\"]}]}<\/script>\n<!-- \/ Yoast SEO plugin. -->","yoast_head_json":{"title":"Cover Night - K\u00f6nigin von Bulsara - Visit Amalfi","robots":{"index":"index","follow":"follow","max-snippet":"max-snippet:-1","max-image-preview":"max-image-preview:large","max-video-preview":"max-video-preview:-1"},"canonical":"https:\/\/www.visitamalfi.info\/de\/fall\/cover-night-koenigin-von-bulsara\/","og_locale":"de_DE","og_type":"article","og_title":"Cover Night - K\u00f6nigin von Bulsara - Visit Amalfi","og_description":"Die K\u00f6nigin von Bulsara ist die erste Hommage in Kampanien, die dem unvergleichlichen Mythos der K\u00f6nigin gewidmet ist.","og_url":"https:\/\/www.visitamalfi.info\/de\/fall\/cover-night-koenigin-von-bulsara\/","og_site_name":"Visit Amalfi","article_publisher":"https:\/\/www.facebook.com\/visitamalfiofficial","twitter_card":"summary_large_image","schema":{"@context":"https:\/\/schema.org","@graph":[{"@type":"WebPage","@id":"https:\/\/www.visitamalfi.info\/de\/fall\/cover-night-koenigin-von-bulsara\/","url":"https:\/\/www.visitamalfi.info\/de\/fall\/cover-night-koenigin-von-bulsara\/","name":"Cover Night - K\u00f6nigin von Bulsara - Visit Amalfi","isPartOf":{"@id":"https:\/\/www.visitamalfi.info\/de\/#website"},"datePublished":"2023-06-07T16:50:49+00:00","breadcrumb":{"@id":"https:\/\/www.visitamalfi.info\/de\/fall\/cover-night-koenigin-von-bulsara\/#breadcrumb"},"inLanguage":"de","potentialAction":[{"@type":"ReadAction","target":["https:\/\/www.visitamalfi.info\/de\/fall\/cover-night-koenigin-von-bulsara\/"]}]},{"@type":"BreadcrumbList","@id":"https:\/\/www.visitamalfi.info\/de\/fall\/cover-night-koenigin-von-bulsara\/#breadcrumb","itemListElement":[{"@type":"ListItem","position":1,"name":"Home","item":"https:\/\/www.visitamalfi.info\/de\/"},{"@type":"ListItem","position":2,"name":"Veranstaltungen","item":"https:\/\/www.visitamalfi.info\/de\/eventi\/"},{"@type":"ListItem","position":3,"name":"Cover Night &#8211; K\u00f6nigin von Bulsara"}]},{"@type":"WebSite","@id":"https:\/\/www.visitamalfi.info\/de\/#website","url":"https:\/\/www.visitamalfi.info\/de\/","name":"Visit Amalfi","description":"Amalfi Destination Official Website","publisher":{"@id":"https:\/\/www.visitamalfi.info\/de\/#organization"},"potentialAction":[{"@type":"SearchAction","target":{"@type":"EntryPoint","urlTemplate":"https:\/\/www.visitamalfi.info\/de\/?s={search_term_string}"},"query-input":{"@type":"PropertyValueSpecification","valueRequired":true,"valueName":"search_term_string"}}],"inLanguage":"de"},{"@type":"Organization","@id":"https:\/\/www.visitamalfi.info\/de\/#organization","name":"Visit Amalfi","url":"https:\/\/www.visitamalfi.info\/de\/","logo":{"@type":"ImageObject","inLanguage":"de","@id":"https:\/\/www.visitamalfi.info\/de\/#\/schema\/logo\/image\/","url":"https:\/\/www.visitamalfi.info\/wp-content\/uploads\/2023\/04\/visit-amalfi-logo-web.png","contentUrl":"https:\/\/www.visitamalfi.info\/wp-content\/uploads\/2023\/04\/visit-amalfi-logo-web.png","width":800,"height":870,"caption":"Visit Amalfi"},"image":{"@id":"https:\/\/www.visitamalfi.info\/de\/#\/schema\/logo\/image\/"},"sameAs":["https:\/\/www.facebook.com\/visitamalfiofficial","https:\/\/www.instagram.com\/visitamalfiofficial\/"]}]}},"_links":{"self":[{"href":"https:\/\/www.visitamalfi.info\/de\/wp-json\/wp\/v2\/tribe_events\/7837","targetHints":{"allow":["GET"]}}],"collection":[{"href":"https:\/\/www.visitamalfi.info\/de\/wp-json\/wp\/v2\/tribe_events"}],"about":[{"href":"https:\/\/www.visitamalfi.info\/de\/wp-json\/wp\/v2\/types\/tribe_events"}],"author":[{"embeddable":true,"href":"https:\/\/www.visitamalfi.info\/de\/wp-json\/wp\/v2\/users\/7"}],"version-history":[{"count":0,"href":"https:\/\/www.visitamalfi.info\/de\/wp-json\/wp\/v2\/tribe_events\/7837\/revisions"}],"wp:attachment":[{"href":"https:\/\/www.visitamalfi.info\/de\/wp-json\/wp\/v2\/media?parent=7837"}],"wp:term":[{"taxonomy":"post_tag","embeddable":true,"href":"https:\/\/www.visitamalfi.info\/de\/wp-json\/wp\/v2\/tags?post=7837"},{"taxonomy":"tribe_events_cat","embeddable":true,"href":"https:\/\/www.visitamalfi.info\/de\/wp-json\/wp\/v2\/tribe_events_cat?post=7837"}],"curies":[{"name":"wp","href":"https:\/\/api.w.org\/{rel}","templated":true}]}}