{"id":23486,"date":"2025-12-01T15:28:37","date_gmt":"2025-12-01T14:28:37","guid":{"rendered":"https:\/\/www.visitamalfi.info\/evento\/internationale-studienkonferenz-zum-thema-wolle-zitrusfruechte-gewuerze-das-mittelalterliche-amalfi-im-kontext-der-mediterranen-wirtschaftsraeume\/"},"modified":"2025-12-01T15:28:37","modified_gmt":"2025-12-01T14:28:37","slug":"internationale-studienkonferenz-zum-thema-wolle-zitrusfruechte-gewuerze-das-mittelalterliche-amalfi-im-kontext-der-mediterranen-wirtschaftsraeume","status":"publish","type":"tribe_events","link":"https:\/\/www.visitamalfi.info\/de\/fall\/internationale-studienkonferenz-zum-thema-wolle-zitrusfruechte-gewuerze-das-mittelalterliche-amalfi-im-kontext-der-mediterranen-wirtschaftsraeume\/","title":{"rendered":"Internationale Studienkonferenz zum Thema &#8216;Wolle, Zitrusfr\u00fcchte, Gew\u00fcrze: Das mittelalterliche Amalfi im Kontext der mediterranen Wirtschaftsr\u00e4ume"},"content":{"rendered":"<div><\/div>\n<div>\n<p data-start=\"153\" data-end=\"518\">Eine wertvolle Gelegenheit, in die authentische Geschichte Amalfis einzutauchen.<br data-start=\"227\" data-end=\"230\">Am Donnerstag, den 11. Dezember, findet im stimmungsvollen Rahmen der Stadtbibliothek ein wunderbarer Termin statt, um ein faszinierendes Kapitel der Vergangenheit der Stadt zu erkunden: <em data-start=\"417\" data-end=\"515\">&#8216;Wolle, Zitrusfr\u00fcchte, Gew\u00fcrze: Das mittelalterliche Amalfi im Kontext der mediterranen Wirtschaftsr\u00e4ume&#8217;<\/em>.<\/p>\n<p data-start=\"520\" data-end=\"903\">Eine Reise durch den Handel, das Wissen und die alten Routen, die Amalfi zu einem lebendigen Knotenpunkt im Mittelmeer gemacht haben.<br data-start=\"626\" data-end=\"629\">Die vom Centro di Cultura e Storia Amalfitana kuratierte Konferenz findet von 9 bis 13 Uhr und von 15.30 bis 18 Uhr statt und bietet B\u00fcrgern, Interessierten und Besuchern die M\u00f6glichkeit, die wirtschaftlichen und kulturellen Wurzeln zu entdecken, die die Identit\u00e4t der Stadt gepr\u00e4gt haben.<\/p>\n<p data-start=\"905\" data-end=\"1031\" data-is-last-node=\"\" data-is-only-node=\"\">Ein Termin, den Sie nicht verpassen sollten, wenn Sie Amalfi \u00fcber seine Sch\u00f6nheit hinaus verstehen und in das Herz seiner Geschichte eintauchen m\u00f6chten.<\/p>\n<\/div>\n","protected":false},"excerpt":{"rendered":"<p>Ein Termin, den Sie nicht verpassen sollten, wenn Sie Amalfi \u00fcber seine Sch\u00f6nheit hinaus verstehen und in das Herz seiner Geschichte eintauchen m\u00f6chten.<\/p>\n","protected":false},"author":7,"featured_media":21314,"template":"","meta":{"inline_featured_image":false,"_tribe_events_status":"","_tribe_events_status_reason":"","footnotes":""},"tags":[],"tribe_events_cat":[602],"class_list":["post-23486","tribe_events","type-tribe_events","status-publish","has-post-thumbnail","hentry","tribe_events_cat-konferenz","cat_konferenz"],"yoast_head":"<!-- This site is optimized with the Yoast SEO plugin v27.3 - https:\/\/yoast.com\/product\/yoast-seo-wordpress\/ -->\n<title>Internationale Studienkonferenz zum Thema &#039;Wolle, Zitrusfr\u00fcchte, Gew\u00fcrze: Das mittelalterliche Amalfi im Kontext der mediterranen Wirtschaftsr\u00e4ume - Visit Amalfi<\/title>\n<meta name=\"robots\" content=\"index, follow, max-snippet:-1, max-image-preview:large, max-video-preview:-1\" \/>\n<link rel=\"canonical\" href=\"https:\/\/www.visitamalfi.info\/de\/fall\/internationale-studienkonferenz-zum-thema-wolle-zitrusfruechte-gewuerze-das-mittelalterliche-amalfi-im-kontext-der-mediterranen-wirtschaftsraeume\/\" \/>\n<meta property=\"og:locale\" content=\"de_DE\" \/>\n<meta property=\"og:type\" content=\"article\" \/>\n<meta property=\"og:title\" content=\"Internationale Studienkonferenz zum Thema &#039;Wolle, Zitrusfr\u00fcchte, Gew\u00fcrze: Das mittelalterliche Amalfi im Kontext der mediterranen Wirtschaftsr\u00e4ume - Visit Amalfi\" \/>\n<meta property=\"og:description\" content=\"Ein Termin, den Sie nicht verpassen sollten, wenn Sie Amalfi \u00fcber seine Sch\u00f6nheit hinaus verstehen und in das Herz seiner Geschichte eintauchen m\u00f6chten.\" \/>\n<meta property=\"og:url\" content=\"https:\/\/www.visitamalfi.info\/de\/fall\/internationale-studienkonferenz-zum-thema-wolle-zitrusfruechte-gewuerze-das-mittelalterliche-amalfi-im-kontext-der-mediterranen-wirtschaftsraeume\/\" \/>\n<meta property=\"og:site_name\" content=\"Visit Amalfi\" \/>\n<meta property=\"article:publisher\" content=\"https:\/\/www.facebook.com\/visitamalfiofficial\" \/>\n<meta property=\"og:image\" content=\"https:\/\/www.visitamalfi.info\/wp-content\/uploads\/2025\/04\/WhatsApp-Image-2025-04-17-at-10.29.13-3.jpeg\" \/>\n\t<meta property=\"og:image:width\" content=\"1920\" \/>\n\t<meta property=\"og:image:height\" content=\"1280\" \/>\n\t<meta property=\"og:image:type\" content=\"image\/jpeg\" \/>\n<meta name=\"twitter:card\" content=\"summary_large_image\" \/>\n<meta name=\"twitter:label1\" content=\"Gesch\u00e4tzte Lesezeit\" \/>\n\t<meta name=\"twitter:data1\" content=\"1\u00a0Minute\" \/>\n<script type=\"application\/ld+json\" class=\"yoast-schema-graph\">{\"@context\":\"https:\\\/\\\/schema.org\",\"@graph\":[{\"@type\":\"WebPage\",\"@id\":\"https:\\\/\\\/www.visitamalfi.info\\\/de\\\/fall\\\/internationale-studienkonferenz-zum-thema-wolle-zitrusfruechte-gewuerze-das-mittelalterliche-amalfi-im-kontext-der-mediterranen-wirtschaftsraeume\\\/\",\"url\":\"https:\\\/\\\/www.visitamalfi.info\\\/de\\\/fall\\\/internationale-studienkonferenz-zum-thema-wolle-zitrusfruechte-gewuerze-das-mittelalterliche-amalfi-im-kontext-der-mediterranen-wirtschaftsraeume\\\/\",\"name\":\"Internationale Studienkonferenz zum Thema 'Wolle, Zitrusfr\u00fcchte, Gew\u00fcrze: Das mittelalterliche Amalfi im Kontext der mediterranen Wirtschaftsr\u00e4ume - Visit Amalfi\",\"isPartOf\":{\"@id\":\"https:\\\/\\\/www.visitamalfi.info\\\/de\\\/#website\"},\"primaryImageOfPage\":{\"@id\":\"https:\\\/\\\/www.visitamalfi.info\\\/de\\\/fall\\\/internationale-studienkonferenz-zum-thema-wolle-zitrusfruechte-gewuerze-das-mittelalterliche-amalfi-im-kontext-der-mediterranen-wirtschaftsraeume\\\/#primaryimage\"},\"image\":{\"@id\":\"https:\\\/\\\/www.visitamalfi.info\\\/de\\\/fall\\\/internationale-studienkonferenz-zum-thema-wolle-zitrusfruechte-gewuerze-das-mittelalterliche-amalfi-im-kontext-der-mediterranen-wirtschaftsraeume\\\/#primaryimage\"},\"thumbnailUrl\":\"https:\\\/\\\/www.visitamalfi.info\\\/wp-content\\\/uploads\\\/2025\\\/04\\\/WhatsApp-Image-2025-04-17-at-10.29.13-3.jpeg\",\"datePublished\":\"2025-12-01T14:28:37+00:00\",\"breadcrumb\":{\"@id\":\"https:\\\/\\\/www.visitamalfi.info\\\/de\\\/fall\\\/internationale-studienkonferenz-zum-thema-wolle-zitrusfruechte-gewuerze-das-mittelalterliche-amalfi-im-kontext-der-mediterranen-wirtschaftsraeume\\\/#breadcrumb\"},\"inLanguage\":\"de\",\"potentialAction\":[{\"@type\":\"ReadAction\",\"target\":[\"https:\\\/\\\/www.visitamalfi.info\\\/de\\\/fall\\\/internationale-studienkonferenz-zum-thema-wolle-zitrusfruechte-gewuerze-das-mittelalterliche-amalfi-im-kontext-der-mediterranen-wirtschaftsraeume\\\/\"]}]},{\"@type\":\"ImageObject\",\"inLanguage\":\"de\",\"@id\":\"https:\\\/\\\/www.visitamalfi.info\\\/de\\\/fall\\\/internationale-studienkonferenz-zum-thema-wolle-zitrusfruechte-gewuerze-das-mittelalterliche-amalfi-im-kontext-der-mediterranen-wirtschaftsraeume\\\/#primaryimage\",\"url\":\"https:\\\/\\\/www.visitamalfi.info\\\/wp-content\\\/uploads\\\/2025\\\/04\\\/WhatsApp-Image-2025-04-17-at-10.29.13-3.jpeg\",\"contentUrl\":\"https:\\\/\\\/www.visitamalfi.info\\\/wp-content\\\/uploads\\\/2025\\\/04\\\/WhatsApp-Image-2025-04-17-at-10.29.13-3.jpeg\",\"width\":1920,\"height\":1280,\"caption\":\"Amalfi Monumental Garden_Amalfi_Panoramic_view\"},{\"@type\":\"BreadcrumbList\",\"@id\":\"https:\\\/\\\/www.visitamalfi.info\\\/de\\\/fall\\\/internationale-studienkonferenz-zum-thema-wolle-zitrusfruechte-gewuerze-das-mittelalterliche-amalfi-im-kontext-der-mediterranen-wirtschaftsraeume\\\/#breadcrumb\",\"itemListElement\":[{\"@type\":\"ListItem\",\"position\":1,\"name\":\"Home\",\"item\":\"https:\\\/\\\/www.visitamalfi.info\\\/de\\\/\"},{\"@type\":\"ListItem\",\"position\":2,\"name\":\"Veranstaltungen\",\"item\":\"https:\\\/\\\/www.visitamalfi.info\\\/de\\\/eventi\\\/\"},{\"@type\":\"ListItem\",\"position\":3,\"name\":\"Internationale Studienkonferenz zum Thema &#8216;Wolle, Zitrusfr\u00fcchte, Gew\u00fcrze: Das mittelalterliche Amalfi im Kontext der mediterranen Wirtschaftsr\u00e4ume\"}]},{\"@type\":\"WebSite\",\"@id\":\"https:\\\/\\\/www.visitamalfi.info\\\/de\\\/#website\",\"url\":\"https:\\\/\\\/www.visitamalfi.info\\\/de\\\/\",\"name\":\"Visit Amalfi\",\"description\":\"Amalfi Destination Official Website\",\"publisher\":{\"@id\":\"https:\\\/\\\/www.visitamalfi.info\\\/de\\\/#organization\"},\"potentialAction\":[{\"@type\":\"SearchAction\",\"target\":{\"@type\":\"EntryPoint\",\"urlTemplate\":\"https:\\\/\\\/www.visitamalfi.info\\\/de\\\/?s={search_term_string}\"},\"query-input\":{\"@type\":\"PropertyValueSpecification\",\"valueRequired\":true,\"valueName\":\"search_term_string\"}}],\"inLanguage\":\"de\"},{\"@type\":\"Organization\",\"@id\":\"https:\\\/\\\/www.visitamalfi.info\\\/de\\\/#organization\",\"name\":\"Visit Amalfi\",\"url\":\"https:\\\/\\\/www.visitamalfi.info\\\/de\\\/\",\"logo\":{\"@type\":\"ImageObject\",\"inLanguage\":\"de\",\"@id\":\"https:\\\/\\\/www.visitamalfi.info\\\/de\\\/#\\\/schema\\\/logo\\\/image\\\/\",\"url\":\"https:\\\/\\\/www.visitamalfi.info\\\/wp-content\\\/uploads\\\/2023\\\/04\\\/visit-amalfi-logo-web.png\",\"contentUrl\":\"https:\\\/\\\/www.visitamalfi.info\\\/wp-content\\\/uploads\\\/2023\\\/04\\\/visit-amalfi-logo-web.png\",\"width\":800,\"height\":870,\"caption\":\"Visit Amalfi\"},\"image\":{\"@id\":\"https:\\\/\\\/www.visitamalfi.info\\\/de\\\/#\\\/schema\\\/logo\\\/image\\\/\"},\"sameAs\":[\"https:\\\/\\\/www.facebook.com\\\/visitamalfiofficial\",\"https:\\\/\\\/www.instagram.com\\\/visitamalfiofficial\\\/\"]}]}<\/script>\n<!-- \/ Yoast SEO plugin. -->","yoast_head_json":{"title":"Internationale Studienkonferenz zum Thema 'Wolle, Zitrusfr\u00fcchte, Gew\u00fcrze: Das mittelalterliche Amalfi im Kontext der mediterranen Wirtschaftsr\u00e4ume - Visit Amalfi","robots":{"index":"index","follow":"follow","max-snippet":"max-snippet:-1","max-image-preview":"max-image-preview:large","max-video-preview":"max-video-preview:-1"},"canonical":"https:\/\/www.visitamalfi.info\/de\/fall\/internationale-studienkonferenz-zum-thema-wolle-zitrusfruechte-gewuerze-das-mittelalterliche-amalfi-im-kontext-der-mediterranen-wirtschaftsraeume\/","og_locale":"de_DE","og_type":"article","og_title":"Internationale Studienkonferenz zum Thema 'Wolle, Zitrusfr\u00fcchte, Gew\u00fcrze: Das mittelalterliche Amalfi im Kontext der mediterranen Wirtschaftsr\u00e4ume - Visit Amalfi","og_description":"Ein Termin, den Sie nicht verpassen sollten, wenn Sie Amalfi \u00fcber seine Sch\u00f6nheit hinaus verstehen und in das Herz seiner Geschichte eintauchen m\u00f6chten.","og_url":"https:\/\/www.visitamalfi.info\/de\/fall\/internationale-studienkonferenz-zum-thema-wolle-zitrusfruechte-gewuerze-das-mittelalterliche-amalfi-im-kontext-der-mediterranen-wirtschaftsraeume\/","og_site_name":"Visit Amalfi","article_publisher":"https:\/\/www.facebook.com\/visitamalfiofficial","og_image":[{"width":1920,"height":1280,"url":"https:\/\/www.visitamalfi.info\/wp-content\/uploads\/2025\/04\/WhatsApp-Image-2025-04-17-at-10.29.13-3.jpeg","type":"image\/jpeg"}],"twitter_card":"summary_large_image","twitter_misc":{"Gesch\u00e4tzte Lesezeit":"1\u00a0Minute"},"schema":{"@context":"https:\/\/schema.org","@graph":[{"@type":"WebPage","@id":"https:\/\/www.visitamalfi.info\/de\/fall\/internationale-studienkonferenz-zum-thema-wolle-zitrusfruechte-gewuerze-das-mittelalterliche-amalfi-im-kontext-der-mediterranen-wirtschaftsraeume\/","url":"https:\/\/www.visitamalfi.info\/de\/fall\/internationale-studienkonferenz-zum-thema-wolle-zitrusfruechte-gewuerze-das-mittelalterliche-amalfi-im-kontext-der-mediterranen-wirtschaftsraeume\/","name":"Internationale Studienkonferenz zum Thema 'Wolle, Zitrusfr\u00fcchte, Gew\u00fcrze: Das mittelalterliche Amalfi im Kontext der mediterranen Wirtschaftsr\u00e4ume - Visit Amalfi","isPartOf":{"@id":"https:\/\/www.visitamalfi.info\/de\/#website"},"primaryImageOfPage":{"@id":"https:\/\/www.visitamalfi.info\/de\/fall\/internationale-studienkonferenz-zum-thema-wolle-zitrusfruechte-gewuerze-das-mittelalterliche-amalfi-im-kontext-der-mediterranen-wirtschaftsraeume\/#primaryimage"},"image":{"@id":"https:\/\/www.visitamalfi.info\/de\/fall\/internationale-studienkonferenz-zum-thema-wolle-zitrusfruechte-gewuerze-das-mittelalterliche-amalfi-im-kontext-der-mediterranen-wirtschaftsraeume\/#primaryimage"},"thumbnailUrl":"https:\/\/www.visitamalfi.info\/wp-content\/uploads\/2025\/04\/WhatsApp-Image-2025-04-17-at-10.29.13-3.jpeg","datePublished":"2025-12-01T14:28:37+00:00","breadcrumb":{"@id":"https:\/\/www.visitamalfi.info\/de\/fall\/internationale-studienkonferenz-zum-thema-wolle-zitrusfruechte-gewuerze-das-mittelalterliche-amalfi-im-kontext-der-mediterranen-wirtschaftsraeume\/#breadcrumb"},"inLanguage":"de","potentialAction":[{"@type":"ReadAction","target":["https:\/\/www.visitamalfi.info\/de\/fall\/internationale-studienkonferenz-zum-thema-wolle-zitrusfruechte-gewuerze-das-mittelalterliche-amalfi-im-kontext-der-mediterranen-wirtschaftsraeume\/"]}]},{"@type":"ImageObject","inLanguage":"de","@id":"https:\/\/www.visitamalfi.info\/de\/fall\/internationale-studienkonferenz-zum-thema-wolle-zitrusfruechte-gewuerze-das-mittelalterliche-amalfi-im-kontext-der-mediterranen-wirtschaftsraeume\/#primaryimage","url":"https:\/\/www.visitamalfi.info\/wp-content\/uploads\/2025\/04\/WhatsApp-Image-2025-04-17-at-10.29.13-3.jpeg","contentUrl":"https:\/\/www.visitamalfi.info\/wp-content\/uploads\/2025\/04\/WhatsApp-Image-2025-04-17-at-10.29.13-3.jpeg","width":1920,"height":1280,"caption":"Amalfi Monumental Garden_Amalfi_Panoramic_view"},{"@type":"BreadcrumbList","@id":"https:\/\/www.visitamalfi.info\/de\/fall\/internationale-studienkonferenz-zum-thema-wolle-zitrusfruechte-gewuerze-das-mittelalterliche-amalfi-im-kontext-der-mediterranen-wirtschaftsraeume\/#breadcrumb","itemListElement":[{"@type":"ListItem","position":1,"name":"Home","item":"https:\/\/www.visitamalfi.info\/de\/"},{"@type":"ListItem","position":2,"name":"Veranstaltungen","item":"https:\/\/www.visitamalfi.info\/de\/eventi\/"},{"@type":"ListItem","position":3,"name":"Internationale Studienkonferenz zum Thema &#8216;Wolle, Zitrusfr\u00fcchte, Gew\u00fcrze: Das mittelalterliche Amalfi im Kontext der mediterranen Wirtschaftsr\u00e4ume"}]},{"@type":"WebSite","@id":"https:\/\/www.visitamalfi.info\/de\/#website","url":"https:\/\/www.visitamalfi.info\/de\/","name":"Visit Amalfi","description":"Amalfi Destination Official Website","publisher":{"@id":"https:\/\/www.visitamalfi.info\/de\/#organization"},"potentialAction":[{"@type":"SearchAction","target":{"@type":"EntryPoint","urlTemplate":"https:\/\/www.visitamalfi.info\/de\/?s={search_term_string}"},"query-input":{"@type":"PropertyValueSpecification","valueRequired":true,"valueName":"search_term_string"}}],"inLanguage":"de"},{"@type":"Organization","@id":"https:\/\/www.visitamalfi.info\/de\/#organization","name":"Visit Amalfi","url":"https:\/\/www.visitamalfi.info\/de\/","logo":{"@type":"ImageObject","inLanguage":"de","@id":"https:\/\/www.visitamalfi.info\/de\/#\/schema\/logo\/image\/","url":"https:\/\/www.visitamalfi.info\/wp-content\/uploads\/2023\/04\/visit-amalfi-logo-web.png","contentUrl":"https:\/\/www.visitamalfi.info\/wp-content\/uploads\/2023\/04\/visit-amalfi-logo-web.png","width":800,"height":870,"caption":"Visit Amalfi"},"image":{"@id":"https:\/\/www.visitamalfi.info\/de\/#\/schema\/logo\/image\/"},"sameAs":["https:\/\/www.facebook.com\/visitamalfiofficial","https:\/\/www.instagram.com\/visitamalfiofficial\/"]}]}},"_links":{"self":[{"href":"https:\/\/www.visitamalfi.info\/de\/wp-json\/wp\/v2\/tribe_events\/23486","targetHints":{"allow":["GET"]}}],"collection":[{"href":"https:\/\/www.visitamalfi.info\/de\/wp-json\/wp\/v2\/tribe_events"}],"about":[{"href":"https:\/\/www.visitamalfi.info\/de\/wp-json\/wp\/v2\/types\/tribe_events"}],"author":[{"embeddable":true,"href":"https:\/\/www.visitamalfi.info\/de\/wp-json\/wp\/v2\/users\/7"}],"version-history":[{"count":0,"href":"https:\/\/www.visitamalfi.info\/de\/wp-json\/wp\/v2\/tribe_events\/23486\/revisions"}],"wp:featuredmedia":[{"embeddable":true,"href":"https:\/\/www.visitamalfi.info\/de\/wp-json\/wp\/v2\/media\/21314"}],"wp:attachment":[{"href":"https:\/\/www.visitamalfi.info\/de\/wp-json\/wp\/v2\/media?parent=23486"}],"wp:term":[{"taxonomy":"post_tag","embeddable":true,"href":"https:\/\/www.visitamalfi.info\/de\/wp-json\/wp\/v2\/tags?post=23486"},{"taxonomy":"tribe_events_cat","embeddable":true,"href":"https:\/\/www.visitamalfi.info\/de\/wp-json\/wp\/v2\/tribe_events_cat?post=23486"}],"curies":[{"name":"wp","href":"https:\/\/api.w.org\/{rel}","templated":true}]}}