{"id":23441,"date":"2025-12-01T16:08:10","date_gmt":"2025-12-01T15:08:10","guid":{"rendered":"https:\/\/www.visitamalfi.info\/evento\/new-years-folk-amalfitan-parade-und-auftritt-der-gruppo-folk-pogerolese\/"},"modified":"2025-12-01T16:08:10","modified_gmt":"2025-12-01T15:08:10","slug":"new-years-folk-amalfitan-parade-und-auftritt-der-gruppo-folk-pogerolese","status":"publish","type":"tribe_events","link":"https:\/\/www.visitamalfi.info\/de\/fall\/new-years-folk-amalfitan-parade-und-auftritt-der-gruppo-folk-pogerolese\/","title":{"rendered":"New Year&#8217;s Folk Amalfitan &#8211; Parade und Auftritt der Gruppo Folk Pogerolese"},"content":{"rendered":"<p data-start=\"98\" data-end=\"500\">Das Herz von Amalfi leuchtet mit Tradition und popul\u00e4rer Musik.<br data-start=\"160\" data-end=\"163\">Am Montag, den 29. Dezember, ab <strong data-start=\"199\" data-end=\"208\">16 Uhr<\/strong>, bringt das <strong data-start=\"213\" data-end=\"242\">New Year&#8217;s Folk Amalfitano<\/strong> die authentische Energie unserer Gegend auf die Stra\u00dfen: vom eindrucksvollen <strong data-start=\"322\" data-end=\"342\" data-is-only-node=\"\">Valle dei Mulini<\/strong> bis zur <strong data-start=\"350\" data-end=\"370\">Piazza Municipio<\/strong> werden <strong data-start=\"375\" data-end=\"427\">die Parade und die Auff\u00fchrung der Gruppo Folk Pogerolese<\/strong> den Nachmittag in ein Fest der Farben, Schritte und alten Rhythmen verwandeln.<\/p>\n<p data-start=\"502\" data-end=\"643\">Ein Ereignis, das nach Identit\u00e4t riecht, bei dem die Stadt ihre ureigenste Seele feiert und jeden einl\u00e4dt, sich von der Freude mitrei\u00dfen zu lassen.<\/p>\n","protected":false},"excerpt":{"rendered":"<p>Das Herz von Amalfi leuchtet mit Tradition und popul\u00e4rer Musik.Am Montag, den 29. Dezember, ab 16 Uhr, bringt das New Year&#8217;s Folk Amalfitano die authentische Energie unserer Gegend auf die [&hellip;]<\/p>\n","protected":false},"author":7,"featured_media":21309,"template":"","meta":{"inline_featured_image":false,"_tribe_events_status":"","_tribe_events_status_reason":"","footnotes":""},"tags":[],"tribe_events_cat":[558],"class_list":["post-23441","tribe_events","type-tribe_events","status-publish","has-post-thumbnail","hentry","tribe_events_cat-tradition","cat_tradition"],"yoast_head":"<!-- This site is optimized with the Yoast SEO plugin v27.3 - https:\/\/yoast.com\/product\/yoast-seo-wordpress\/ -->\n<title>New Year&#039;s Folk Amalfitan - Parade und Auftritt der Gruppo Folk Pogerolese - Visit Amalfi<\/title>\n<meta name=\"robots\" content=\"index, follow, max-snippet:-1, max-image-preview:large, max-video-preview:-1\" \/>\n<link rel=\"canonical\" href=\"https:\/\/www.visitamalfi.info\/de\/fall\/new-years-folk-amalfitan-parade-und-auftritt-der-gruppo-folk-pogerolese\/\" \/>\n<meta property=\"og:locale\" content=\"de_DE\" \/>\n<meta property=\"og:type\" content=\"article\" \/>\n<meta property=\"og:title\" content=\"New Year&#039;s Folk Amalfitan - Parade und Auftritt der Gruppo Folk Pogerolese - Visit Amalfi\" \/>\n<meta property=\"og:description\" content=\"Das Herz von Amalfi leuchtet mit Tradition und popul\u00e4rer Musik.Am Montag, den 29. Dezember, ab 16 Uhr, bringt das New Year&#8217;s Folk Amalfitano die authentische Energie unserer Gegend auf die [&hellip;]\" \/>\n<meta property=\"og:url\" content=\"https:\/\/www.visitamalfi.info\/de\/fall\/new-years-folk-amalfitan-parade-und-auftritt-der-gruppo-folk-pogerolese\/\" \/>\n<meta property=\"og:site_name\" content=\"Visit Amalfi\" \/>\n<meta property=\"article:publisher\" content=\"https:\/\/www.facebook.com\/visitamalfiofficial\" \/>\n<meta property=\"og:image\" content=\"https:\/\/www.visitamalfi.info\/wp-content\/uploads\/2025\/04\/WhatsApp-Image-2025-04-17-at-10.29.13-2.jpeg\" \/>\n\t<meta property=\"og:image:width\" content=\"1920\" \/>\n\t<meta property=\"og:image:height\" content=\"1280\" \/>\n\t<meta property=\"og:image:type\" content=\"image\/jpeg\" \/>\n<meta name=\"twitter:card\" content=\"summary_large_image\" \/>\n<script type=\"application\/ld+json\" class=\"yoast-schema-graph\">{\"@context\":\"https:\\\/\\\/schema.org\",\"@graph\":[{\"@type\":\"WebPage\",\"@id\":\"https:\\\/\\\/www.visitamalfi.info\\\/de\\\/fall\\\/new-years-folk-amalfitan-parade-und-auftritt-der-gruppo-folk-pogerolese\\\/\",\"url\":\"https:\\\/\\\/www.visitamalfi.info\\\/de\\\/fall\\\/new-years-folk-amalfitan-parade-und-auftritt-der-gruppo-folk-pogerolese\\\/\",\"name\":\"New Year's Folk Amalfitan - Parade und Auftritt der Gruppo Folk Pogerolese - Visit Amalfi\",\"isPartOf\":{\"@id\":\"https:\\\/\\\/www.visitamalfi.info\\\/de\\\/#website\"},\"primaryImageOfPage\":{\"@id\":\"https:\\\/\\\/www.visitamalfi.info\\\/de\\\/fall\\\/new-years-folk-amalfitan-parade-und-auftritt-der-gruppo-folk-pogerolese\\\/#primaryimage\"},\"image\":{\"@id\":\"https:\\\/\\\/www.visitamalfi.info\\\/de\\\/fall\\\/new-years-folk-amalfitan-parade-und-auftritt-der-gruppo-folk-pogerolese\\\/#primaryimage\"},\"thumbnailUrl\":\"https:\\\/\\\/www.visitamalfi.info\\\/wp-content\\\/uploads\\\/2025\\\/04\\\/WhatsApp-Image-2025-04-17-at-10.29.13-2.jpeg\",\"datePublished\":\"2025-12-01T15:08:10+00:00\",\"breadcrumb\":{\"@id\":\"https:\\\/\\\/www.visitamalfi.info\\\/de\\\/fall\\\/new-years-folk-amalfitan-parade-und-auftritt-der-gruppo-folk-pogerolese\\\/#breadcrumb\"},\"inLanguage\":\"de\",\"potentialAction\":[{\"@type\":\"ReadAction\",\"target\":[\"https:\\\/\\\/www.visitamalfi.info\\\/de\\\/fall\\\/new-years-folk-amalfitan-parade-und-auftritt-der-gruppo-folk-pogerolese\\\/\"]}]},{\"@type\":\"ImageObject\",\"inLanguage\":\"de\",\"@id\":\"https:\\\/\\\/www.visitamalfi.info\\\/de\\\/fall\\\/new-years-folk-amalfitan-parade-und-auftritt-der-gruppo-folk-pogerolese\\\/#primaryimage\",\"url\":\"https:\\\/\\\/www.visitamalfi.info\\\/wp-content\\\/uploads\\\/2025\\\/04\\\/WhatsApp-Image-2025-04-17-at-10.29.13-2.jpeg\",\"contentUrl\":\"https:\\\/\\\/www.visitamalfi.info\\\/wp-content\\\/uploads\\\/2025\\\/04\\\/WhatsApp-Image-2025-04-17-at-10.29.13-2.jpeg\",\"width\":1920,\"height\":1280,\"caption\":\"Amalfi Monumental Garden_Amalfi_Panoramic_view\"},{\"@type\":\"BreadcrumbList\",\"@id\":\"https:\\\/\\\/www.visitamalfi.info\\\/de\\\/fall\\\/new-years-folk-amalfitan-parade-und-auftritt-der-gruppo-folk-pogerolese\\\/#breadcrumb\",\"itemListElement\":[{\"@type\":\"ListItem\",\"position\":1,\"name\":\"Home\",\"item\":\"https:\\\/\\\/www.visitamalfi.info\\\/de\\\/\"},{\"@type\":\"ListItem\",\"position\":2,\"name\":\"Veranstaltungen\",\"item\":\"https:\\\/\\\/www.visitamalfi.info\\\/de\\\/eventi\\\/\"},{\"@type\":\"ListItem\",\"position\":3,\"name\":\"New Year&#8217;s Folk Amalfitan &#8211; Parade und Auftritt der Gruppo Folk Pogerolese\"}]},{\"@type\":\"WebSite\",\"@id\":\"https:\\\/\\\/www.visitamalfi.info\\\/de\\\/#website\",\"url\":\"https:\\\/\\\/www.visitamalfi.info\\\/de\\\/\",\"name\":\"Visit Amalfi\",\"description\":\"Amalfi Destination Official Website\",\"publisher\":{\"@id\":\"https:\\\/\\\/www.visitamalfi.info\\\/de\\\/#organization\"},\"potentialAction\":[{\"@type\":\"SearchAction\",\"target\":{\"@type\":\"EntryPoint\",\"urlTemplate\":\"https:\\\/\\\/www.visitamalfi.info\\\/de\\\/?s={search_term_string}\"},\"query-input\":{\"@type\":\"PropertyValueSpecification\",\"valueRequired\":true,\"valueName\":\"search_term_string\"}}],\"inLanguage\":\"de\"},{\"@type\":\"Organization\",\"@id\":\"https:\\\/\\\/www.visitamalfi.info\\\/de\\\/#organization\",\"name\":\"Visit Amalfi\",\"url\":\"https:\\\/\\\/www.visitamalfi.info\\\/de\\\/\",\"logo\":{\"@type\":\"ImageObject\",\"inLanguage\":\"de\",\"@id\":\"https:\\\/\\\/www.visitamalfi.info\\\/de\\\/#\\\/schema\\\/logo\\\/image\\\/\",\"url\":\"https:\\\/\\\/www.visitamalfi.info\\\/wp-content\\\/uploads\\\/2023\\\/04\\\/visit-amalfi-logo-web.png\",\"contentUrl\":\"https:\\\/\\\/www.visitamalfi.info\\\/wp-content\\\/uploads\\\/2023\\\/04\\\/visit-amalfi-logo-web.png\",\"width\":800,\"height\":870,\"caption\":\"Visit Amalfi\"},\"image\":{\"@id\":\"https:\\\/\\\/www.visitamalfi.info\\\/de\\\/#\\\/schema\\\/logo\\\/image\\\/\"},\"sameAs\":[\"https:\\\/\\\/www.facebook.com\\\/visitamalfiofficial\",\"https:\\\/\\\/www.instagram.com\\\/visitamalfiofficial\\\/\"]}]}<\/script>\n<!-- \/ Yoast SEO plugin. -->","yoast_head_json":{"title":"New Year's Folk Amalfitan - Parade und Auftritt der Gruppo Folk Pogerolese - Visit Amalfi","robots":{"index":"index","follow":"follow","max-snippet":"max-snippet:-1","max-image-preview":"max-image-preview:large","max-video-preview":"max-video-preview:-1"},"canonical":"https:\/\/www.visitamalfi.info\/de\/fall\/new-years-folk-amalfitan-parade-und-auftritt-der-gruppo-folk-pogerolese\/","og_locale":"de_DE","og_type":"article","og_title":"New Year's Folk Amalfitan - Parade und Auftritt der Gruppo Folk Pogerolese - Visit Amalfi","og_description":"Das Herz von Amalfi leuchtet mit Tradition und popul\u00e4rer Musik.Am Montag, den 29. Dezember, ab 16 Uhr, bringt das New Year&#8217;s Folk Amalfitano die authentische Energie unserer Gegend auf die [&hellip;]","og_url":"https:\/\/www.visitamalfi.info\/de\/fall\/new-years-folk-amalfitan-parade-und-auftritt-der-gruppo-folk-pogerolese\/","og_site_name":"Visit Amalfi","article_publisher":"https:\/\/www.facebook.com\/visitamalfiofficial","og_image":[{"width":1920,"height":1280,"url":"https:\/\/www.visitamalfi.info\/wp-content\/uploads\/2025\/04\/WhatsApp-Image-2025-04-17-at-10.29.13-2.jpeg","type":"image\/jpeg"}],"twitter_card":"summary_large_image","schema":{"@context":"https:\/\/schema.org","@graph":[{"@type":"WebPage","@id":"https:\/\/www.visitamalfi.info\/de\/fall\/new-years-folk-amalfitan-parade-und-auftritt-der-gruppo-folk-pogerolese\/","url":"https:\/\/www.visitamalfi.info\/de\/fall\/new-years-folk-amalfitan-parade-und-auftritt-der-gruppo-folk-pogerolese\/","name":"New Year's Folk Amalfitan - Parade und Auftritt der Gruppo Folk Pogerolese - Visit Amalfi","isPartOf":{"@id":"https:\/\/www.visitamalfi.info\/de\/#website"},"primaryImageOfPage":{"@id":"https:\/\/www.visitamalfi.info\/de\/fall\/new-years-folk-amalfitan-parade-und-auftritt-der-gruppo-folk-pogerolese\/#primaryimage"},"image":{"@id":"https:\/\/www.visitamalfi.info\/de\/fall\/new-years-folk-amalfitan-parade-und-auftritt-der-gruppo-folk-pogerolese\/#primaryimage"},"thumbnailUrl":"https:\/\/www.visitamalfi.info\/wp-content\/uploads\/2025\/04\/WhatsApp-Image-2025-04-17-at-10.29.13-2.jpeg","datePublished":"2025-12-01T15:08:10+00:00","breadcrumb":{"@id":"https:\/\/www.visitamalfi.info\/de\/fall\/new-years-folk-amalfitan-parade-und-auftritt-der-gruppo-folk-pogerolese\/#breadcrumb"},"inLanguage":"de","potentialAction":[{"@type":"ReadAction","target":["https:\/\/www.visitamalfi.info\/de\/fall\/new-years-folk-amalfitan-parade-und-auftritt-der-gruppo-folk-pogerolese\/"]}]},{"@type":"ImageObject","inLanguage":"de","@id":"https:\/\/www.visitamalfi.info\/de\/fall\/new-years-folk-amalfitan-parade-und-auftritt-der-gruppo-folk-pogerolese\/#primaryimage","url":"https:\/\/www.visitamalfi.info\/wp-content\/uploads\/2025\/04\/WhatsApp-Image-2025-04-17-at-10.29.13-2.jpeg","contentUrl":"https:\/\/www.visitamalfi.info\/wp-content\/uploads\/2025\/04\/WhatsApp-Image-2025-04-17-at-10.29.13-2.jpeg","width":1920,"height":1280,"caption":"Amalfi Monumental Garden_Amalfi_Panoramic_view"},{"@type":"BreadcrumbList","@id":"https:\/\/www.visitamalfi.info\/de\/fall\/new-years-folk-amalfitan-parade-und-auftritt-der-gruppo-folk-pogerolese\/#breadcrumb","itemListElement":[{"@type":"ListItem","position":1,"name":"Home","item":"https:\/\/www.visitamalfi.info\/de\/"},{"@type":"ListItem","position":2,"name":"Veranstaltungen","item":"https:\/\/www.visitamalfi.info\/de\/eventi\/"},{"@type":"ListItem","position":3,"name":"New Year&#8217;s Folk Amalfitan &#8211; Parade und Auftritt der Gruppo Folk Pogerolese"}]},{"@type":"WebSite","@id":"https:\/\/www.visitamalfi.info\/de\/#website","url":"https:\/\/www.visitamalfi.info\/de\/","name":"Visit Amalfi","description":"Amalfi Destination Official Website","publisher":{"@id":"https:\/\/www.visitamalfi.info\/de\/#organization"},"potentialAction":[{"@type":"SearchAction","target":{"@type":"EntryPoint","urlTemplate":"https:\/\/www.visitamalfi.info\/de\/?s={search_term_string}"},"query-input":{"@type":"PropertyValueSpecification","valueRequired":true,"valueName":"search_term_string"}}],"inLanguage":"de"},{"@type":"Organization","@id":"https:\/\/www.visitamalfi.info\/de\/#organization","name":"Visit Amalfi","url":"https:\/\/www.visitamalfi.info\/de\/","logo":{"@type":"ImageObject","inLanguage":"de","@id":"https:\/\/www.visitamalfi.info\/de\/#\/schema\/logo\/image\/","url":"https:\/\/www.visitamalfi.info\/wp-content\/uploads\/2023\/04\/visit-amalfi-logo-web.png","contentUrl":"https:\/\/www.visitamalfi.info\/wp-content\/uploads\/2023\/04\/visit-amalfi-logo-web.png","width":800,"height":870,"caption":"Visit Amalfi"},"image":{"@id":"https:\/\/www.visitamalfi.info\/de\/#\/schema\/logo\/image\/"},"sameAs":["https:\/\/www.facebook.com\/visitamalfiofficial","https:\/\/www.instagram.com\/visitamalfiofficial\/"]}]}},"_links":{"self":[{"href":"https:\/\/www.visitamalfi.info\/de\/wp-json\/wp\/v2\/tribe_events\/23441","targetHints":{"allow":["GET"]}}],"collection":[{"href":"https:\/\/www.visitamalfi.info\/de\/wp-json\/wp\/v2\/tribe_events"}],"about":[{"href":"https:\/\/www.visitamalfi.info\/de\/wp-json\/wp\/v2\/types\/tribe_events"}],"author":[{"embeddable":true,"href":"https:\/\/www.visitamalfi.info\/de\/wp-json\/wp\/v2\/users\/7"}],"version-history":[{"count":0,"href":"https:\/\/www.visitamalfi.info\/de\/wp-json\/wp\/v2\/tribe_events\/23441\/revisions"}],"wp:featuredmedia":[{"embeddable":true,"href":"https:\/\/www.visitamalfi.info\/de\/wp-json\/wp\/v2\/media\/21309"}],"wp:attachment":[{"href":"https:\/\/www.visitamalfi.info\/de\/wp-json\/wp\/v2\/media?parent=23441"}],"wp:term":[{"taxonomy":"post_tag","embeddable":true,"href":"https:\/\/www.visitamalfi.info\/de\/wp-json\/wp\/v2\/tags?post=23441"},{"taxonomy":"tribe_events_cat","embeddable":true,"href":"https:\/\/www.visitamalfi.info\/de\/wp-json\/wp\/v2\/tribe_events_cat?post=23441"}],"curies":[{"name":"wp","href":"https:\/\/api.w.org\/{rel}","templated":true}]}}