{"id":23428,"date":"2025-12-01T16:13:28","date_gmt":"2025-12-01T15:13:28","guid":{"rendered":"https:\/\/www.visitamalfi.info\/evento\/die-laengste-silvesternacht-italiens-in-amalfi\/"},"modified":"2025-12-02T14:23:19","modified_gmt":"2025-12-02T13:23:19","slug":"die-laengste-silvesternacht-italiens-in-amalfi","status":"publish","type":"tribe_events","link":"https:\/\/www.visitamalfi.info\/de\/fall\/die-laengste-silvesternacht-italiens-in-amalfi\/","title":{"rendered":"Die l\u00e4ngste Silvesternacht Italiens in Amalfi"},"content":{"rendered":"<div>\n<div>\n<p>Mittwoch 31. Dezember<\/p>\n<\/div>\n<div>\n<p>h 15:30, Amalfi &#8211; Piazza Duomo<\/p>\n<\/div>\n<div>\n<p>#NYEAMALFI &#8211; Die l\u00e4ngste Silvesternacht in Italien<\/p>\n<\/div>\n<div>\n<p>Am Nachmittag wird die Silvesternacht an der Amalfik\u00fcste offiziell von DJ Eddie J Warner&#8217;s Happy Music Selection er\u00f6ffnet, der f\u00fcr den Rhythmus und die Begeisterung sorgt, mit denen der lange Tag der Feierlichkeiten beginnt.<\/p>\n<\/div>\n<div>\n<p>h 18:00, Amalfi &#8211; Dom<\/p>\n<\/div>\n<div>\n<p>Heilige Messe und Singen des Te Deum<\/p>\n<\/div>\n<div>\n<p>h 22:30, Amalfi &#8211; Piazza Flavio Gioia<\/p>\n<\/div>\n<div>\n<p>#NYEAMALFI &#8211; Die l\u00e4ngste Silvesternacht in Italien<\/p>\n<\/div>\n<div>\n<p>Das Warten auf die l\u00e4ngste Mitternacht des Jahres wird durch das Karaoke von Nicol\u00f2 De Devitiis, einem bekannten TV-Gesicht aus Le Iene, aufgelockert, der das Publikum in einem Crescendo aus Musik und Spa\u00df bis zum Schlaganfall des neuen Jahres begleiten wird. Der Abend wird durch das DJ-Set von Fabio Anastasio bereichert und von der Stimme und dem Dirigat von Francesca Faratro geleitet. Die Tradition wird nicht fehlen, dank der Teilnahme der Gruppo Folk Amalfitano &#8216;O Guagliunciello, die die Authentizit\u00e4t und W\u00e4rme der lokalen Kultur auf den Platz bringen wird.<\/p>\n<\/div>\n<div>\n<p>h 00:00, Amalfi<\/p>\n<\/div>\n<div>\n<p>Feuerwerk<\/p>\n<\/div>\n<div>\n<p>Das Feuerwerk wird von der preisgekr\u00f6nten Firma Pirotecnica Cav gestaltet. Vincenzo Senatore und S\u00f6hne<\/p>\n<\/div>\n<div>\n<p>h 00:30, Amalfi &#8211; Piazza Duomo<\/p>\n<\/div>\n<div>\n<p>#NYEAMALFI &#8211; Die l\u00e4ngste Silvesternacht in Italien<\/p>\n<\/div>\n<div>\n<p>Nach Mitternacht erstrahlt der Platz mit neuer Energie dank der \u00fcberw\u00e4ltigenden Unterhaltung von Nicol\u00f2 De Devitiis, der mit seinem unverwechselbaren Stil das Publikum durch die lange Nacht der Feierlichkeiten begleiten wird. Danach wird die Musik der Muppets den fr\u00fchen Stunden des neuen Jahres Rhythmus und Farbe verleihen und den Platz in eine riesige Open-Air-B\u00fchne verwandeln. Die Muppets sind eine der gefragtesten Partybands Italiens, die bei Veranstaltungen f\u00fcr Marken wie Google und Red Bull und bei Shows in einigen der stimmungsvollsten Locations in Europa und am Mittelmeer auftreten. Sie bringen eine Explosion der Energie auf die B\u00fchne, die Hits der 70er\/80er\/90er Jahre, Rock, Pop und die neueste Tanzmusik mischt. Mit den Frontm\u00e4nnern Martina und Francesco verwandeln sich Talent und B\u00fchnenpr\u00e4senz in eine \u00fcberw\u00e4ltigende Live-Show, die die Pl\u00e4tze erhellt und jede Generation zum Tanzen bringt. Die Nacht wird dann mit der Music Selection von DJ Filippo Di Costanzo fortgesetzt, f\u00fcr eine Abwechslung von Kl\u00e4ngen und Atmosph\u00e4ren, die die Begeisterung bis zum ersten Morgengrauen hochhalten.<\/p>\n<\/div>\n<div>\n<p>In Zusammenarbeit mit Amalfi Events<\/p>\n<\/div>\n<\/div>\n","protected":false},"excerpt":{"rendered":"<p>Mittwoch 31. Dezember h 15:30, Amalfi &#8211; Piazza Duomo #NYEAMALFI &#8211; Die l\u00e4ngste Silvesternacht in Italien Am Nachmittag wird die Silvesternacht an der Amalfik\u00fcste offiziell von DJ Eddie J Warner&#8217;s [&hellip;]<\/p>\n","protected":false},"author":7,"featured_media":23357,"template":"","meta":{"inline_featured_image":false,"_tribe_events_status":"","_tribe_events_status_reason":"","footnotes":""},"tags":[],"tribe_events_cat":[557,361,558,1234],"class_list":["post-23428","tribe_events","type-tribe_events","status-publish","has-post-thumbnail","hentry","tribe_events_cat-italienische-musik","tribe_events_cat-musica-dal-vivo-de","tribe_events_cat-tradition","tribe_events_cat-weihnachten","cat_italienische-musik","cat_musica-dal-vivo-de","cat_tradition","cat_weihnachten"],"yoast_head":"<!-- This site is optimized with the Yoast SEO plugin v27.3 - https:\/\/yoast.com\/product\/yoast-seo-wordpress\/ -->\n<title>Die l\u00e4ngste Silvesternacht Italiens in Amalfi - Visit Amalfi<\/title>\n<meta name=\"robots\" content=\"index, follow, max-snippet:-1, max-image-preview:large, max-video-preview:-1\" \/>\n<link rel=\"canonical\" href=\"https:\/\/www.visitamalfi.info\/de\/fall\/die-laengste-silvesternacht-italiens-in-amalfi\/\" \/>\n<meta property=\"og:locale\" content=\"de_DE\" \/>\n<meta property=\"og:type\" content=\"article\" \/>\n<meta property=\"og:title\" content=\"Die l\u00e4ngste Silvesternacht Italiens in Amalfi - Visit Amalfi\" \/>\n<meta property=\"og:description\" content=\"Mittwoch 31. Dezember h 15:30, Amalfi &#8211; Piazza Duomo #NYEAMALFI &#8211; Die l\u00e4ngste Silvesternacht in Italien Am Nachmittag wird die Silvesternacht an der Amalfik\u00fcste offiziell von DJ Eddie J Warner&#8217;s [&hellip;]\" \/>\n<meta property=\"og:url\" content=\"https:\/\/www.visitamalfi.info\/de\/fall\/die-laengste-silvesternacht-italiens-in-amalfi\/\" \/>\n<meta property=\"og:site_name\" content=\"Visit Amalfi\" \/>\n<meta property=\"article:publisher\" content=\"https:\/\/www.facebook.com\/visitamalfiofficial\" \/>\n<meta property=\"article:modified_time\" content=\"2025-12-02T13:23:19+00:00\" \/>\n<meta property=\"og:image\" content=\"https:\/\/www.visitamalfi.info\/wp-content\/uploads\/2025\/12\/ANA_3007-prova-@emanueleanastasioph-fuochi-capodanno-2024-copia.jpg\" \/>\n\t<meta property=\"og:image:width\" content=\"1920\" \/>\n\t<meta property=\"og:image:height\" content=\"1280\" \/>\n\t<meta property=\"og:image:type\" content=\"image\/jpeg\" \/>\n<meta name=\"twitter:card\" content=\"summary_large_image\" \/>\n<meta name=\"twitter:label1\" content=\"Gesch\u00e4tzte Lesezeit\" \/>\n\t<meta name=\"twitter:data1\" content=\"2\u00a0Minuten\" \/>\n<script type=\"application\/ld+json\" class=\"yoast-schema-graph\">{\"@context\":\"https:\\\/\\\/schema.org\",\"@graph\":[{\"@type\":\"WebPage\",\"@id\":\"https:\\\/\\\/www.visitamalfi.info\\\/de\\\/fall\\\/die-laengste-silvesternacht-italiens-in-amalfi\\\/\",\"url\":\"https:\\\/\\\/www.visitamalfi.info\\\/de\\\/fall\\\/die-laengste-silvesternacht-italiens-in-amalfi\\\/\",\"name\":\"Die l\u00e4ngste Silvesternacht Italiens in Amalfi - Visit Amalfi\",\"isPartOf\":{\"@id\":\"https:\\\/\\\/www.visitamalfi.info\\\/de\\\/#website\"},\"primaryImageOfPage\":{\"@id\":\"https:\\\/\\\/www.visitamalfi.info\\\/de\\\/fall\\\/die-laengste-silvesternacht-italiens-in-amalfi\\\/#primaryimage\"},\"image\":{\"@id\":\"https:\\\/\\\/www.visitamalfi.info\\\/de\\\/fall\\\/die-laengste-silvesternacht-italiens-in-amalfi\\\/#primaryimage\"},\"thumbnailUrl\":\"https:\\\/\\\/www.visitamalfi.info\\\/wp-content\\\/uploads\\\/2025\\\/12\\\/ANA_3007-prova-@emanueleanastasioph-fuochi-capodanno-2024-copia.jpg\",\"datePublished\":\"2025-12-01T15:13:28+00:00\",\"dateModified\":\"2025-12-02T13:23:19+00:00\",\"breadcrumb\":{\"@id\":\"https:\\\/\\\/www.visitamalfi.info\\\/de\\\/fall\\\/die-laengste-silvesternacht-italiens-in-amalfi\\\/#breadcrumb\"},\"inLanguage\":\"de\",\"potentialAction\":[{\"@type\":\"ReadAction\",\"target\":[\"https:\\\/\\\/www.visitamalfi.info\\\/de\\\/fall\\\/die-laengste-silvesternacht-italiens-in-amalfi\\\/\"]}]},{\"@type\":\"ImageObject\",\"inLanguage\":\"de\",\"@id\":\"https:\\\/\\\/www.visitamalfi.info\\\/de\\\/fall\\\/die-laengste-silvesternacht-italiens-in-amalfi\\\/#primaryimage\",\"url\":\"https:\\\/\\\/www.visitamalfi.info\\\/wp-content\\\/uploads\\\/2025\\\/12\\\/ANA_3007-prova-@emanueleanastasioph-fuochi-capodanno-2024-copia.jpg\",\"contentUrl\":\"https:\\\/\\\/www.visitamalfi.info\\\/wp-content\\\/uploads\\\/2025\\\/12\\\/ANA_3007-prova-@emanueleanastasioph-fuochi-capodanno-2024-copia.jpg\",\"width\":1920,\"height\":1280},{\"@type\":\"BreadcrumbList\",\"@id\":\"https:\\\/\\\/www.visitamalfi.info\\\/de\\\/fall\\\/die-laengste-silvesternacht-italiens-in-amalfi\\\/#breadcrumb\",\"itemListElement\":[{\"@type\":\"ListItem\",\"position\":1,\"name\":\"Home\",\"item\":\"https:\\\/\\\/www.visitamalfi.info\\\/de\\\/\"},{\"@type\":\"ListItem\",\"position\":2,\"name\":\"Veranstaltungen\",\"item\":\"https:\\\/\\\/www.visitamalfi.info\\\/de\\\/eventi\\\/\"},{\"@type\":\"ListItem\",\"position\":3,\"name\":\"Die l\u00e4ngste Silvesternacht Italiens in Amalfi\"}]},{\"@type\":\"WebSite\",\"@id\":\"https:\\\/\\\/www.visitamalfi.info\\\/de\\\/#website\",\"url\":\"https:\\\/\\\/www.visitamalfi.info\\\/de\\\/\",\"name\":\"Visit Amalfi\",\"description\":\"Amalfi Destination Official Website\",\"publisher\":{\"@id\":\"https:\\\/\\\/www.visitamalfi.info\\\/de\\\/#organization\"},\"potentialAction\":[{\"@type\":\"SearchAction\",\"target\":{\"@type\":\"EntryPoint\",\"urlTemplate\":\"https:\\\/\\\/www.visitamalfi.info\\\/de\\\/?s={search_term_string}\"},\"query-input\":{\"@type\":\"PropertyValueSpecification\",\"valueRequired\":true,\"valueName\":\"search_term_string\"}}],\"inLanguage\":\"de\"},{\"@type\":\"Organization\",\"@id\":\"https:\\\/\\\/www.visitamalfi.info\\\/de\\\/#organization\",\"name\":\"Visit Amalfi\",\"url\":\"https:\\\/\\\/www.visitamalfi.info\\\/de\\\/\",\"logo\":{\"@type\":\"ImageObject\",\"inLanguage\":\"de\",\"@id\":\"https:\\\/\\\/www.visitamalfi.info\\\/de\\\/#\\\/schema\\\/logo\\\/image\\\/\",\"url\":\"https:\\\/\\\/www.visitamalfi.info\\\/wp-content\\\/uploads\\\/2023\\\/04\\\/visit-amalfi-logo-web.png\",\"contentUrl\":\"https:\\\/\\\/www.visitamalfi.info\\\/wp-content\\\/uploads\\\/2023\\\/04\\\/visit-amalfi-logo-web.png\",\"width\":800,\"height\":870,\"caption\":\"Visit Amalfi\"},\"image\":{\"@id\":\"https:\\\/\\\/www.visitamalfi.info\\\/de\\\/#\\\/schema\\\/logo\\\/image\\\/\"},\"sameAs\":[\"https:\\\/\\\/www.facebook.com\\\/visitamalfiofficial\",\"https:\\\/\\\/www.instagram.com\\\/visitamalfiofficial\\\/\"]}]}<\/script>\n<!-- \/ Yoast SEO plugin. -->","yoast_head_json":{"title":"Die l\u00e4ngste Silvesternacht Italiens in Amalfi - Visit Amalfi","robots":{"index":"index","follow":"follow","max-snippet":"max-snippet:-1","max-image-preview":"max-image-preview:large","max-video-preview":"max-video-preview:-1"},"canonical":"https:\/\/www.visitamalfi.info\/de\/fall\/die-laengste-silvesternacht-italiens-in-amalfi\/","og_locale":"de_DE","og_type":"article","og_title":"Die l\u00e4ngste Silvesternacht Italiens in Amalfi - Visit Amalfi","og_description":"Mittwoch 31. Dezember h 15:30, Amalfi &#8211; Piazza Duomo #NYEAMALFI &#8211; Die l\u00e4ngste Silvesternacht in Italien Am Nachmittag wird die Silvesternacht an der Amalfik\u00fcste offiziell von DJ Eddie J Warner&#8217;s [&hellip;]","og_url":"https:\/\/www.visitamalfi.info\/de\/fall\/die-laengste-silvesternacht-italiens-in-amalfi\/","og_site_name":"Visit Amalfi","article_publisher":"https:\/\/www.facebook.com\/visitamalfiofficial","article_modified_time":"2025-12-02T13:23:19+00:00","og_image":[{"width":1920,"height":1280,"url":"https:\/\/www.visitamalfi.info\/wp-content\/uploads\/2025\/12\/ANA_3007-prova-@emanueleanastasioph-fuochi-capodanno-2024-copia.jpg","type":"image\/jpeg"}],"twitter_card":"summary_large_image","twitter_misc":{"Gesch\u00e4tzte Lesezeit":"2\u00a0Minuten"},"schema":{"@context":"https:\/\/schema.org","@graph":[{"@type":"WebPage","@id":"https:\/\/www.visitamalfi.info\/de\/fall\/die-laengste-silvesternacht-italiens-in-amalfi\/","url":"https:\/\/www.visitamalfi.info\/de\/fall\/die-laengste-silvesternacht-italiens-in-amalfi\/","name":"Die l\u00e4ngste Silvesternacht Italiens in Amalfi - Visit Amalfi","isPartOf":{"@id":"https:\/\/www.visitamalfi.info\/de\/#website"},"primaryImageOfPage":{"@id":"https:\/\/www.visitamalfi.info\/de\/fall\/die-laengste-silvesternacht-italiens-in-amalfi\/#primaryimage"},"image":{"@id":"https:\/\/www.visitamalfi.info\/de\/fall\/die-laengste-silvesternacht-italiens-in-amalfi\/#primaryimage"},"thumbnailUrl":"https:\/\/www.visitamalfi.info\/wp-content\/uploads\/2025\/12\/ANA_3007-prova-@emanueleanastasioph-fuochi-capodanno-2024-copia.jpg","datePublished":"2025-12-01T15:13:28+00:00","dateModified":"2025-12-02T13:23:19+00:00","breadcrumb":{"@id":"https:\/\/www.visitamalfi.info\/de\/fall\/die-laengste-silvesternacht-italiens-in-amalfi\/#breadcrumb"},"inLanguage":"de","potentialAction":[{"@type":"ReadAction","target":["https:\/\/www.visitamalfi.info\/de\/fall\/die-laengste-silvesternacht-italiens-in-amalfi\/"]}]},{"@type":"ImageObject","inLanguage":"de","@id":"https:\/\/www.visitamalfi.info\/de\/fall\/die-laengste-silvesternacht-italiens-in-amalfi\/#primaryimage","url":"https:\/\/www.visitamalfi.info\/wp-content\/uploads\/2025\/12\/ANA_3007-prova-@emanueleanastasioph-fuochi-capodanno-2024-copia.jpg","contentUrl":"https:\/\/www.visitamalfi.info\/wp-content\/uploads\/2025\/12\/ANA_3007-prova-@emanueleanastasioph-fuochi-capodanno-2024-copia.jpg","width":1920,"height":1280},{"@type":"BreadcrumbList","@id":"https:\/\/www.visitamalfi.info\/de\/fall\/die-laengste-silvesternacht-italiens-in-amalfi\/#breadcrumb","itemListElement":[{"@type":"ListItem","position":1,"name":"Home","item":"https:\/\/www.visitamalfi.info\/de\/"},{"@type":"ListItem","position":2,"name":"Veranstaltungen","item":"https:\/\/www.visitamalfi.info\/de\/eventi\/"},{"@type":"ListItem","position":3,"name":"Die l\u00e4ngste Silvesternacht Italiens in Amalfi"}]},{"@type":"WebSite","@id":"https:\/\/www.visitamalfi.info\/de\/#website","url":"https:\/\/www.visitamalfi.info\/de\/","name":"Visit Amalfi","description":"Amalfi Destination Official Website","publisher":{"@id":"https:\/\/www.visitamalfi.info\/de\/#organization"},"potentialAction":[{"@type":"SearchAction","target":{"@type":"EntryPoint","urlTemplate":"https:\/\/www.visitamalfi.info\/de\/?s={search_term_string}"},"query-input":{"@type":"PropertyValueSpecification","valueRequired":true,"valueName":"search_term_string"}}],"inLanguage":"de"},{"@type":"Organization","@id":"https:\/\/www.visitamalfi.info\/de\/#organization","name":"Visit Amalfi","url":"https:\/\/www.visitamalfi.info\/de\/","logo":{"@type":"ImageObject","inLanguage":"de","@id":"https:\/\/www.visitamalfi.info\/de\/#\/schema\/logo\/image\/","url":"https:\/\/www.visitamalfi.info\/wp-content\/uploads\/2023\/04\/visit-amalfi-logo-web.png","contentUrl":"https:\/\/www.visitamalfi.info\/wp-content\/uploads\/2023\/04\/visit-amalfi-logo-web.png","width":800,"height":870,"caption":"Visit Amalfi"},"image":{"@id":"https:\/\/www.visitamalfi.info\/de\/#\/schema\/logo\/image\/"},"sameAs":["https:\/\/www.facebook.com\/visitamalfiofficial","https:\/\/www.instagram.com\/visitamalfiofficial\/"]}]}},"_links":{"self":[{"href":"https:\/\/www.visitamalfi.info\/de\/wp-json\/wp\/v2\/tribe_events\/23428","targetHints":{"allow":["GET"]}}],"collection":[{"href":"https:\/\/www.visitamalfi.info\/de\/wp-json\/wp\/v2\/tribe_events"}],"about":[{"href":"https:\/\/www.visitamalfi.info\/de\/wp-json\/wp\/v2\/types\/tribe_events"}],"author":[{"embeddable":true,"href":"https:\/\/www.visitamalfi.info\/de\/wp-json\/wp\/v2\/users\/7"}],"version-history":[{"count":1,"href":"https:\/\/www.visitamalfi.info\/de\/wp-json\/wp\/v2\/tribe_events\/23428\/revisions"}],"predecessor-version":[{"id":23429,"href":"https:\/\/www.visitamalfi.info\/de\/wp-json\/wp\/v2\/tribe_events\/23428\/revisions\/23429"}],"wp:featuredmedia":[{"embeddable":true,"href":"https:\/\/www.visitamalfi.info\/de\/wp-json\/wp\/v2\/media\/23357"}],"wp:attachment":[{"href":"https:\/\/www.visitamalfi.info\/de\/wp-json\/wp\/v2\/media?parent=23428"}],"wp:term":[{"taxonomy":"post_tag","embeddable":true,"href":"https:\/\/www.visitamalfi.info\/de\/wp-json\/wp\/v2\/tags?post=23428"},{"taxonomy":"tribe_events_cat","embeddable":true,"href":"https:\/\/www.visitamalfi.info\/de\/wp-json\/wp\/v2\/tribe_events_cat?post=23428"}],"curies":[{"name":"wp","href":"https:\/\/api.w.org\/{rel}","templated":true}]}}