{"id":23400,"date":"2025-12-01T21:01:40","date_gmt":"2025-12-01T20:01:40","guid":{"rendered":"https:\/\/www.visitamalfi.info\/evento\/rassegna-musicale-incanti-dautore-konzert-von-compagnia-daltrocanto-racconti-sotto-lalbero-del-natale-e-di-altre-storie-geschichten-unter-dem-baum-ueber-weihnachten-und-andere-geschicht\/"},"modified":"2025-12-01T21:01:40","modified_gmt":"2025-12-01T20:01:40","slug":"rassegna-musicale-incanti-dautore-konzert-von-compagnia-daltrocanto-racconti-sotto-lalbero-del-natale-e-di-altre-storie-geschichten-unter-dem-baum-ueber-weihnachten-und-andere-geschicht","status":"publish","type":"tribe_events","link":"https:\/\/www.visitamalfi.info\/de\/fall\/rassegna-musicale-incanti-dautore-konzert-von-compagnia-daltrocanto-racconti-sotto-lalbero-del-natale-e-di-altre-storie-geschichten-unter-dem-baum-ueber-weihnachten-und-andere-geschicht\/","title":{"rendered":"Rassegna Musicale InCanti d&#8217;Autore &#8211; Konzert von Compagnia Daltrocanto &#8216;Racconti sotto l&#8217;albero &#8211; Del natale e di altre storie&#8217; (Geschichten unter dem Baum &#8211; \u00dcber Weihnachten und andere Geschichten)"},"content":{"rendered":"<div><\/div>\n<div>\n<p>Rassegna Musicale InCanti d&#8217;Autore &#8211; Konzert von Compagnia Daltrocanto &#8216;Racconti sotto l&#8217;albero &#8211; Del natale e di altre storie&#8217; (Geschichten unter dem Baum &#8211; \u00dcber Weihnachten und andere Geschichten)<\/p>\n<\/div>\n<div>\n<p>Die Musik und das Geschichtenerz\u00e4hlen nehmen das Publikum mit auf eine spannende Reise durch die Geschichten, Mythen und Legenden S\u00fcditaliens, erz\u00e4hlt durch das Zusammentreffen von traditionellen Instrumenten wie Dudelsack, Schlaggitarre, Rahmentrommeln und den modernen Kl\u00e4ngen von Geige, Gitarre, Bass und Schlagzeug.<\/p>\n<\/div>\n<div>\n<p>Eine Reise durch Lieder und Kurzgeschichten: vom Hirtenjungen Benino bis zu den Mythen von Enrico und Palinuro, von Wiegenliedern, die Migranten gewidmet sind, bis zu den Erinnerungen von Auswanderern in den 1950er Jahren, bis zu den intimsten Vorstellungen von Weihnachten. Eine Verflechtung von Leben, Liebe, Idealen und Traditionen, in einem st\u00e4ndigen Dialog zwischen dem Heiligen und dem Profanen. Mit Antonio Giordano am Dudelsack, Schlaggitarre und Gesang; Bruno Mauro an den Gitarren; Flavio Giordano am Bass; Mario Villani am Schlagzeug; Osvaldo Costabile an der Violine; Luca Lanzara an der Mandola, Rahmentrommeln; Imma Barbarulo am Gesang; Stefania Chillemi und Valerio Truono beim Tanzen und Manuel Mascolo als Erz\u00e4hler.<\/p>\n<\/div>\n","protected":false},"excerpt":{"rendered":"<p>Rassegna Musicale InCanti d&#8217;Autore &#8211; Konzert von Compagnia Daltrocanto &#8216;Racconti sotto l&#8217;albero &#8211; Del natale e di altre storie&#8217; (Geschichten unter dem Baum &#8211; \u00dcber Weihnachten und andere Geschichten) Die [&hellip;]<\/p>\n","protected":false},"author":7,"featured_media":22911,"template":"","meta":{"inline_featured_image":false,"_tribe_events_status":"","_tribe_events_status_reason":"","footnotes":""},"tags":[],"tribe_events_cat":[],"class_list":["post-23400","tribe_events","type-tribe_events","status-publish","has-post-thumbnail","hentry"],"yoast_head":"<!-- This site is optimized with the Yoast SEO plugin v27.3 - https:\/\/yoast.com\/product\/yoast-seo-wordpress\/ -->\n<title>Rassegna Musicale InCanti d&#039;Autore - Konzert von Compagnia Daltrocanto &#039;Racconti sotto l&#039;albero - Del natale e di altre storie&#039; (Geschichten unter dem Baum - \u00dcber Weihnachten und andere Geschichten) - Visit Amalfi<\/title>\n<meta name=\"robots\" content=\"index, follow, max-snippet:-1, max-image-preview:large, max-video-preview:-1\" \/>\n<link rel=\"canonical\" href=\"https:\/\/www.visitamalfi.info\/de\/fall\/rassegna-musicale-incanti-dautore-konzert-von-compagnia-daltrocanto-racconti-sotto-lalbero-del-natale-e-di-altre-storie-geschichten-unter-dem-baum-ueber-weihnachten-und-andere-geschicht\/\" \/>\n<meta property=\"og:locale\" content=\"de_DE\" \/>\n<meta property=\"og:type\" content=\"article\" \/>\n<meta property=\"og:title\" content=\"Rassegna Musicale InCanti d&#039;Autore - Konzert von Compagnia Daltrocanto &#039;Racconti sotto l&#039;albero - Del natale e di altre storie&#039; (Geschichten unter dem Baum - \u00dcber Weihnachten und andere Geschichten) - Visit Amalfi\" \/>\n<meta property=\"og:description\" content=\"Rassegna Musicale InCanti d&#8217;Autore &#8211; Konzert von Compagnia Daltrocanto &#8216;Racconti sotto l&#8217;albero &#8211; Del natale e di altre storie&#8217; (Geschichten unter dem Baum &#8211; \u00dcber Weihnachten und andere Geschichten) Die [&hellip;]\" \/>\n<meta property=\"og:url\" content=\"https:\/\/www.visitamalfi.info\/de\/fall\/rassegna-musicale-incanti-dautore-konzert-von-compagnia-daltrocanto-racconti-sotto-lalbero-del-natale-e-di-altre-storie-geschichten-unter-dem-baum-ueber-weihnachten-und-andere-geschicht\/\" \/>\n<meta property=\"og:site_name\" content=\"Visit Amalfi\" \/>\n<meta property=\"article:publisher\" content=\"https:\/\/www.facebook.com\/visitamalfiofficial\" \/>\n<meta property=\"og:image\" content=\"https:\/\/www.visitamalfi.info\/wp-content\/uploads\/2025\/09\/Arsenale_navata-sinistra.jpg\" \/>\n\t<meta property=\"og:image:width\" content=\"845\" \/>\n\t<meta property=\"og:image:height\" content=\"1266\" \/>\n\t<meta property=\"og:image:type\" content=\"image\/jpeg\" \/>\n<meta name=\"twitter:card\" content=\"summary_large_image\" \/>\n<meta name=\"twitter:label1\" content=\"Gesch\u00e4tzte Lesezeit\" \/>\n\t<meta name=\"twitter:data1\" content=\"1\u00a0Minute\" \/>\n<script type=\"application\/ld+json\" class=\"yoast-schema-graph\">{\"@context\":\"https:\\\/\\\/schema.org\",\"@graph\":[{\"@type\":\"WebPage\",\"@id\":\"https:\\\/\\\/www.visitamalfi.info\\\/de\\\/fall\\\/rassegna-musicale-incanti-dautore-konzert-von-compagnia-daltrocanto-racconti-sotto-lalbero-del-natale-e-di-altre-storie-geschichten-unter-dem-baum-ueber-weihnachten-und-andere-geschicht\\\/\",\"url\":\"https:\\\/\\\/www.visitamalfi.info\\\/de\\\/fall\\\/rassegna-musicale-incanti-dautore-konzert-von-compagnia-daltrocanto-racconti-sotto-lalbero-del-natale-e-di-altre-storie-geschichten-unter-dem-baum-ueber-weihnachten-und-andere-geschicht\\\/\",\"name\":\"Rassegna Musicale InCanti d'Autore - Konzert von Compagnia Daltrocanto 'Racconti sotto l'albero - Del natale e di altre storie' (Geschichten unter dem Baum - \u00dcber Weihnachten und andere Geschichten) - Visit Amalfi\",\"isPartOf\":{\"@id\":\"https:\\\/\\\/www.visitamalfi.info\\\/de\\\/#website\"},\"primaryImageOfPage\":{\"@id\":\"https:\\\/\\\/www.visitamalfi.info\\\/de\\\/fall\\\/rassegna-musicale-incanti-dautore-konzert-von-compagnia-daltrocanto-racconti-sotto-lalbero-del-natale-e-di-altre-storie-geschichten-unter-dem-baum-ueber-weihnachten-und-andere-geschicht\\\/#primaryimage\"},\"image\":{\"@id\":\"https:\\\/\\\/www.visitamalfi.info\\\/de\\\/fall\\\/rassegna-musicale-incanti-dautore-konzert-von-compagnia-daltrocanto-racconti-sotto-lalbero-del-natale-e-di-altre-storie-geschichten-unter-dem-baum-ueber-weihnachten-und-andere-geschicht\\\/#primaryimage\"},\"thumbnailUrl\":\"https:\\\/\\\/www.visitamalfi.info\\\/wp-content\\\/uploads\\\/2025\\\/09\\\/Arsenale_navata-sinistra.jpg\",\"datePublished\":\"2025-12-01T20:01:40+00:00\",\"breadcrumb\":{\"@id\":\"https:\\\/\\\/www.visitamalfi.info\\\/de\\\/fall\\\/rassegna-musicale-incanti-dautore-konzert-von-compagnia-daltrocanto-racconti-sotto-lalbero-del-natale-e-di-altre-storie-geschichten-unter-dem-baum-ueber-weihnachten-und-andere-geschicht\\\/#breadcrumb\"},\"inLanguage\":\"de\",\"potentialAction\":[{\"@type\":\"ReadAction\",\"target\":[\"https:\\\/\\\/www.visitamalfi.info\\\/de\\\/fall\\\/rassegna-musicale-incanti-dautore-konzert-von-compagnia-daltrocanto-racconti-sotto-lalbero-del-natale-e-di-altre-storie-geschichten-unter-dem-baum-ueber-weihnachten-und-andere-geschicht\\\/\"]}]},{\"@type\":\"ImageObject\",\"inLanguage\":\"de\",\"@id\":\"https:\\\/\\\/www.visitamalfi.info\\\/de\\\/fall\\\/rassegna-musicale-incanti-dautore-konzert-von-compagnia-daltrocanto-racconti-sotto-lalbero-del-natale-e-di-altre-storie-geschichten-unter-dem-baum-ueber-weihnachten-und-andere-geschicht\\\/#primaryimage\",\"url\":\"https:\\\/\\\/www.visitamalfi.info\\\/wp-content\\\/uploads\\\/2025\\\/09\\\/Arsenale_navata-sinistra.jpg\",\"contentUrl\":\"https:\\\/\\\/www.visitamalfi.info\\\/wp-content\\\/uploads\\\/2025\\\/09\\\/Arsenale_navata-sinistra.jpg\",\"width\":845,\"height\":1266},{\"@type\":\"BreadcrumbList\",\"@id\":\"https:\\\/\\\/www.visitamalfi.info\\\/de\\\/fall\\\/rassegna-musicale-incanti-dautore-konzert-von-compagnia-daltrocanto-racconti-sotto-lalbero-del-natale-e-di-altre-storie-geschichten-unter-dem-baum-ueber-weihnachten-und-andere-geschicht\\\/#breadcrumb\",\"itemListElement\":[{\"@type\":\"ListItem\",\"position\":1,\"name\":\"Home\",\"item\":\"https:\\\/\\\/www.visitamalfi.info\\\/de\\\/\"},{\"@type\":\"ListItem\",\"position\":2,\"name\":\"Veranstaltungen\",\"item\":\"https:\\\/\\\/www.visitamalfi.info\\\/de\\\/eventi\\\/\"},{\"@type\":\"ListItem\",\"position\":3,\"name\":\"Rassegna Musicale InCanti d&#8217;Autore &#8211; Konzert von Compagnia Daltrocanto &#8216;Racconti sotto l&#8217;albero &#8211; Del natale e di altre storie&#8217; (Geschichten unter dem Baum &#8211; \u00dcber Weihnachten und andere Geschichten)\"}]},{\"@type\":\"WebSite\",\"@id\":\"https:\\\/\\\/www.visitamalfi.info\\\/de\\\/#website\",\"url\":\"https:\\\/\\\/www.visitamalfi.info\\\/de\\\/\",\"name\":\"Visit Amalfi\",\"description\":\"Amalfi Destination Official Website\",\"publisher\":{\"@id\":\"https:\\\/\\\/www.visitamalfi.info\\\/de\\\/#organization\"},\"potentialAction\":[{\"@type\":\"SearchAction\",\"target\":{\"@type\":\"EntryPoint\",\"urlTemplate\":\"https:\\\/\\\/www.visitamalfi.info\\\/de\\\/?s={search_term_string}\"},\"query-input\":{\"@type\":\"PropertyValueSpecification\",\"valueRequired\":true,\"valueName\":\"search_term_string\"}}],\"inLanguage\":\"de\"},{\"@type\":\"Organization\",\"@id\":\"https:\\\/\\\/www.visitamalfi.info\\\/de\\\/#organization\",\"name\":\"Visit Amalfi\",\"url\":\"https:\\\/\\\/www.visitamalfi.info\\\/de\\\/\",\"logo\":{\"@type\":\"ImageObject\",\"inLanguage\":\"de\",\"@id\":\"https:\\\/\\\/www.visitamalfi.info\\\/de\\\/#\\\/schema\\\/logo\\\/image\\\/\",\"url\":\"https:\\\/\\\/www.visitamalfi.info\\\/wp-content\\\/uploads\\\/2023\\\/04\\\/visit-amalfi-logo-web.png\",\"contentUrl\":\"https:\\\/\\\/www.visitamalfi.info\\\/wp-content\\\/uploads\\\/2023\\\/04\\\/visit-amalfi-logo-web.png\",\"width\":800,\"height\":870,\"caption\":\"Visit Amalfi\"},\"image\":{\"@id\":\"https:\\\/\\\/www.visitamalfi.info\\\/de\\\/#\\\/schema\\\/logo\\\/image\\\/\"},\"sameAs\":[\"https:\\\/\\\/www.facebook.com\\\/visitamalfiofficial\",\"https:\\\/\\\/www.instagram.com\\\/visitamalfiofficial\\\/\"]}]}<\/script>\n<!-- \/ Yoast SEO plugin. -->","yoast_head_json":{"title":"Rassegna Musicale InCanti d'Autore - Konzert von Compagnia Daltrocanto 'Racconti sotto l'albero - Del natale e di altre storie' (Geschichten unter dem Baum - \u00dcber Weihnachten und andere Geschichten) - Visit Amalfi","robots":{"index":"index","follow":"follow","max-snippet":"max-snippet:-1","max-image-preview":"max-image-preview:large","max-video-preview":"max-video-preview:-1"},"canonical":"https:\/\/www.visitamalfi.info\/de\/fall\/rassegna-musicale-incanti-dautore-konzert-von-compagnia-daltrocanto-racconti-sotto-lalbero-del-natale-e-di-altre-storie-geschichten-unter-dem-baum-ueber-weihnachten-und-andere-geschicht\/","og_locale":"de_DE","og_type":"article","og_title":"Rassegna Musicale InCanti d'Autore - Konzert von Compagnia Daltrocanto 'Racconti sotto l'albero - Del natale e di altre storie' (Geschichten unter dem Baum - \u00dcber Weihnachten und andere Geschichten) - Visit Amalfi","og_description":"Rassegna Musicale InCanti d&#8217;Autore &#8211; Konzert von Compagnia Daltrocanto &#8216;Racconti sotto l&#8217;albero &#8211; Del natale e di altre storie&#8217; (Geschichten unter dem Baum &#8211; \u00dcber Weihnachten und andere Geschichten) Die [&hellip;]","og_url":"https:\/\/www.visitamalfi.info\/de\/fall\/rassegna-musicale-incanti-dautore-konzert-von-compagnia-daltrocanto-racconti-sotto-lalbero-del-natale-e-di-altre-storie-geschichten-unter-dem-baum-ueber-weihnachten-und-andere-geschicht\/","og_site_name":"Visit Amalfi","article_publisher":"https:\/\/www.facebook.com\/visitamalfiofficial","og_image":[{"width":845,"height":1266,"url":"https:\/\/www.visitamalfi.info\/wp-content\/uploads\/2025\/09\/Arsenale_navata-sinistra.jpg","type":"image\/jpeg"}],"twitter_card":"summary_large_image","twitter_misc":{"Gesch\u00e4tzte Lesezeit":"1\u00a0Minute"},"schema":{"@context":"https:\/\/schema.org","@graph":[{"@type":"WebPage","@id":"https:\/\/www.visitamalfi.info\/de\/fall\/rassegna-musicale-incanti-dautore-konzert-von-compagnia-daltrocanto-racconti-sotto-lalbero-del-natale-e-di-altre-storie-geschichten-unter-dem-baum-ueber-weihnachten-und-andere-geschicht\/","url":"https:\/\/www.visitamalfi.info\/de\/fall\/rassegna-musicale-incanti-dautore-konzert-von-compagnia-daltrocanto-racconti-sotto-lalbero-del-natale-e-di-altre-storie-geschichten-unter-dem-baum-ueber-weihnachten-und-andere-geschicht\/","name":"Rassegna Musicale InCanti d'Autore - Konzert von Compagnia Daltrocanto 'Racconti sotto l'albero - Del natale e di altre storie' (Geschichten unter dem Baum - \u00dcber Weihnachten und andere Geschichten) - Visit Amalfi","isPartOf":{"@id":"https:\/\/www.visitamalfi.info\/de\/#website"},"primaryImageOfPage":{"@id":"https:\/\/www.visitamalfi.info\/de\/fall\/rassegna-musicale-incanti-dautore-konzert-von-compagnia-daltrocanto-racconti-sotto-lalbero-del-natale-e-di-altre-storie-geschichten-unter-dem-baum-ueber-weihnachten-und-andere-geschicht\/#primaryimage"},"image":{"@id":"https:\/\/www.visitamalfi.info\/de\/fall\/rassegna-musicale-incanti-dautore-konzert-von-compagnia-daltrocanto-racconti-sotto-lalbero-del-natale-e-di-altre-storie-geschichten-unter-dem-baum-ueber-weihnachten-und-andere-geschicht\/#primaryimage"},"thumbnailUrl":"https:\/\/www.visitamalfi.info\/wp-content\/uploads\/2025\/09\/Arsenale_navata-sinistra.jpg","datePublished":"2025-12-01T20:01:40+00:00","breadcrumb":{"@id":"https:\/\/www.visitamalfi.info\/de\/fall\/rassegna-musicale-incanti-dautore-konzert-von-compagnia-daltrocanto-racconti-sotto-lalbero-del-natale-e-di-altre-storie-geschichten-unter-dem-baum-ueber-weihnachten-und-andere-geschicht\/#breadcrumb"},"inLanguage":"de","potentialAction":[{"@type":"ReadAction","target":["https:\/\/www.visitamalfi.info\/de\/fall\/rassegna-musicale-incanti-dautore-konzert-von-compagnia-daltrocanto-racconti-sotto-lalbero-del-natale-e-di-altre-storie-geschichten-unter-dem-baum-ueber-weihnachten-und-andere-geschicht\/"]}]},{"@type":"ImageObject","inLanguage":"de","@id":"https:\/\/www.visitamalfi.info\/de\/fall\/rassegna-musicale-incanti-dautore-konzert-von-compagnia-daltrocanto-racconti-sotto-lalbero-del-natale-e-di-altre-storie-geschichten-unter-dem-baum-ueber-weihnachten-und-andere-geschicht\/#primaryimage","url":"https:\/\/www.visitamalfi.info\/wp-content\/uploads\/2025\/09\/Arsenale_navata-sinistra.jpg","contentUrl":"https:\/\/www.visitamalfi.info\/wp-content\/uploads\/2025\/09\/Arsenale_navata-sinistra.jpg","width":845,"height":1266},{"@type":"BreadcrumbList","@id":"https:\/\/www.visitamalfi.info\/de\/fall\/rassegna-musicale-incanti-dautore-konzert-von-compagnia-daltrocanto-racconti-sotto-lalbero-del-natale-e-di-altre-storie-geschichten-unter-dem-baum-ueber-weihnachten-und-andere-geschicht\/#breadcrumb","itemListElement":[{"@type":"ListItem","position":1,"name":"Home","item":"https:\/\/www.visitamalfi.info\/de\/"},{"@type":"ListItem","position":2,"name":"Veranstaltungen","item":"https:\/\/www.visitamalfi.info\/de\/eventi\/"},{"@type":"ListItem","position":3,"name":"Rassegna Musicale InCanti d&#8217;Autore &#8211; Konzert von Compagnia Daltrocanto &#8216;Racconti sotto l&#8217;albero &#8211; Del natale e di altre storie&#8217; (Geschichten unter dem Baum &#8211; \u00dcber Weihnachten und andere Geschichten)"}]},{"@type":"WebSite","@id":"https:\/\/www.visitamalfi.info\/de\/#website","url":"https:\/\/www.visitamalfi.info\/de\/","name":"Visit Amalfi","description":"Amalfi Destination Official Website","publisher":{"@id":"https:\/\/www.visitamalfi.info\/de\/#organization"},"potentialAction":[{"@type":"SearchAction","target":{"@type":"EntryPoint","urlTemplate":"https:\/\/www.visitamalfi.info\/de\/?s={search_term_string}"},"query-input":{"@type":"PropertyValueSpecification","valueRequired":true,"valueName":"search_term_string"}}],"inLanguage":"de"},{"@type":"Organization","@id":"https:\/\/www.visitamalfi.info\/de\/#organization","name":"Visit Amalfi","url":"https:\/\/www.visitamalfi.info\/de\/","logo":{"@type":"ImageObject","inLanguage":"de","@id":"https:\/\/www.visitamalfi.info\/de\/#\/schema\/logo\/image\/","url":"https:\/\/www.visitamalfi.info\/wp-content\/uploads\/2023\/04\/visit-amalfi-logo-web.png","contentUrl":"https:\/\/www.visitamalfi.info\/wp-content\/uploads\/2023\/04\/visit-amalfi-logo-web.png","width":800,"height":870,"caption":"Visit Amalfi"},"image":{"@id":"https:\/\/www.visitamalfi.info\/de\/#\/schema\/logo\/image\/"},"sameAs":["https:\/\/www.facebook.com\/visitamalfiofficial","https:\/\/www.instagram.com\/visitamalfiofficial\/"]}]}},"_links":{"self":[{"href":"https:\/\/www.visitamalfi.info\/de\/wp-json\/wp\/v2\/tribe_events\/23400","targetHints":{"allow":["GET"]}}],"collection":[{"href":"https:\/\/www.visitamalfi.info\/de\/wp-json\/wp\/v2\/tribe_events"}],"about":[{"href":"https:\/\/www.visitamalfi.info\/de\/wp-json\/wp\/v2\/types\/tribe_events"}],"author":[{"embeddable":true,"href":"https:\/\/www.visitamalfi.info\/de\/wp-json\/wp\/v2\/users\/7"}],"version-history":[{"count":0,"href":"https:\/\/www.visitamalfi.info\/de\/wp-json\/wp\/v2\/tribe_events\/23400\/revisions"}],"wp:featuredmedia":[{"embeddable":true,"href":"https:\/\/www.visitamalfi.info\/de\/wp-json\/wp\/v2\/media\/22911"}],"wp:attachment":[{"href":"https:\/\/www.visitamalfi.info\/de\/wp-json\/wp\/v2\/media?parent=23400"}],"wp:term":[{"taxonomy":"post_tag","embeddable":true,"href":"https:\/\/www.visitamalfi.info\/de\/wp-json\/wp\/v2\/tags?post=23400"},{"taxonomy":"tribe_events_cat","embeddable":true,"href":"https:\/\/www.visitamalfi.info\/de\/wp-json\/wp\/v2\/tribe_events_cat?post=23400"}],"curies":[{"name":"wp","href":"https:\/\/api.w.org\/{rel}","templated":true}]}}