{"id":23296,"date":"2025-11-26T10:51:48","date_gmt":"2025-11-26T09:51:48","guid":{"rendered":"https:\/\/www.visitamalfi.info\/evento\/weihnachtsmaerkte-im-herzen-von-amalfi\/"},"modified":"2025-11-26T10:51:48","modified_gmt":"2025-11-26T09:51:48","slug":"weihnachtsmaerkte-im-herzen-von-amalfi","status":"publish","type":"tribe_events","link":"https:\/\/www.visitamalfi.info\/de\/fall\/weihnachtsmaerkte-im-herzen-von-amalfi\/","title":{"rendered":"Weihnachtsm\u00e4rkte im Herzen von Amalfi"},"content":{"rendered":"<p>Im Herzen von Amalfi erwacht Weihnachten zum Leben, inmitten von funkelnden Gassen und kreativen H\u00e4nden.<br data-start=\"260\" data-end=\"263\">Jeder Stand wird zu einer Geschichte: D\u00fcfte, die nach Hause rufen, Farben, die die Seele erw\u00e4rmen, Artefakte, die die Kunst ihrer Hersteller in sich tragen.<br data-start=\"413\" data-end=\"416\" data-is-only-node=\"\">Zwischen authentischen Geschm\u00e4ckern, Designerst\u00fccken und kleinen Vintage-Wundern verwandeln die M\u00e4rkte die Stadt in eine <strong data-start=\"522\" data-end=\"543\">verzauberte Reise<\/strong>, auf der die Zeit langsamer vergeht und jede Entdeckung zu einer Erinnerung wird, die Sie mitnehmen k\u00f6nnen.<br data-start=\"621\" data-end=\"624\">Eine s\u00fc\u00dfe, leuchtende Einladung, die Magie der Feiertage auf die authentischste Weise zu erleben: indem Sie sich verzaubern lassen.<\/p>\n<p><i><span style=\"font-weight: 400;\">Organisiert von der<\/span><\/i><b><i>D2 Events Association<\/i><\/b><\/p>\n<p>Die M\u00e4rkte finden an den folgenden Tagen statt:<\/p>\n<ul>\n<li><b>Freitag 28, Samstag 29 und Sonntag 30 November,<\/b><\/li>\n<li><b>Freitag 5 , Samstag 6 und Sonntag 7 Dezember.<\/b><\/li>\n<\/ul>\n<p><b>h 10.00 &#8211; 22.00, <\/b><span style=\"font-weight: 400;\">Amalfi &#8211; Piazza Municipio<\/span><\/p>\n","protected":false},"excerpt":{"rendered":"<p>Im Herzen von Amalfi leuchtet das Licht der Weihnacht inmitten von D\u00fcften, Farben und Kreationen, die von Tradition und Magie erz\u00e4hlen. Unverf\u00e4lschte Aromen, Designerkunsthandwerk und alte Sch\u00e4tze, die M\u00e4rkte werden zu einer kleinen verzauberten Reise, zu einer s\u00fc\u00dfen festlichen Erinnerung.<\/p>\n","protected":false},"author":7,"featured_media":23291,"template":"","meta":{"inline_featured_image":false,"_tribe_events_status":"","_tribe_events_status_reason":"","footnotes":""},"tags":[],"tribe_events_cat":[558,1234],"class_list":["post-23296","tribe_events","type-tribe_events","status-publish","has-post-thumbnail","hentry","tribe_events_cat-tradition","tribe_events_cat-weihnachten","cat_tradition","cat_weihnachten"],"yoast_head":"<!-- This site is optimized with the Yoast SEO plugin v27.3 - https:\/\/yoast.com\/product\/yoast-seo-wordpress\/ -->\n<title>Weihnachtsm\u00e4rkte im Herzen von Amalfi - Visit Amalfi<\/title>\n<meta name=\"robots\" content=\"index, follow, max-snippet:-1, max-image-preview:large, max-video-preview:-1\" \/>\n<link rel=\"canonical\" href=\"https:\/\/www.visitamalfi.info\/de\/fall\/weihnachtsmaerkte-im-herzen-von-amalfi\/\" \/>\n<meta property=\"og:locale\" content=\"de_DE\" \/>\n<meta property=\"og:type\" content=\"article\" \/>\n<meta property=\"og:title\" content=\"Weihnachtsm\u00e4rkte im Herzen von Amalfi - Visit Amalfi\" \/>\n<meta property=\"og:description\" content=\"Im Herzen von Amalfi leuchtet das Licht der Weihnacht inmitten von D\u00fcften, Farben und Kreationen, die von Tradition und Magie erz\u00e4hlen. Unverf\u00e4lschte Aromen, Designerkunsthandwerk und alte Sch\u00e4tze, die M\u00e4rkte werden zu einer kleinen verzauberten Reise, zu einer s\u00fc\u00dfen festlichen Erinnerung.\" \/>\n<meta property=\"og:url\" content=\"https:\/\/www.visitamalfi.info\/de\/fall\/weihnachtsmaerkte-im-herzen-von-amalfi\/\" \/>\n<meta property=\"og:site_name\" content=\"Visit Amalfi\" \/>\n<meta property=\"article:publisher\" content=\"https:\/\/www.facebook.com\/visitamalfiofficial\" \/>\n<meta property=\"og:image\" content=\"https:\/\/www.visitamalfi.info\/wp-content\/uploads\/2025\/11\/WhatsApp-Image-2025-11-26-at-10.44.13-e1764150656594.jpeg\" \/>\n\t<meta property=\"og:image:width\" content=\"1119\" \/>\n\t<meta property=\"og:image:height\" content=\"1600\" \/>\n\t<meta property=\"og:image:type\" content=\"image\/jpeg\" \/>\n<meta name=\"twitter:card\" content=\"summary_large_image\" \/>\n<meta name=\"twitter:label1\" content=\"Gesch\u00e4tzte Lesezeit\" \/>\n\t<meta name=\"twitter:data1\" content=\"1\u00a0Minute\" \/>\n<script type=\"application\/ld+json\" class=\"yoast-schema-graph\">{\"@context\":\"https:\\\/\\\/schema.org\",\"@graph\":[{\"@type\":\"WebPage\",\"@id\":\"https:\\\/\\\/www.visitamalfi.info\\\/de\\\/fall\\\/weihnachtsmaerkte-im-herzen-von-amalfi\\\/\",\"url\":\"https:\\\/\\\/www.visitamalfi.info\\\/de\\\/fall\\\/weihnachtsmaerkte-im-herzen-von-amalfi\\\/\",\"name\":\"Weihnachtsm\u00e4rkte im Herzen von Amalfi - Visit Amalfi\",\"isPartOf\":{\"@id\":\"https:\\\/\\\/www.visitamalfi.info\\\/de\\\/#website\"},\"primaryImageOfPage\":{\"@id\":\"https:\\\/\\\/www.visitamalfi.info\\\/de\\\/fall\\\/weihnachtsmaerkte-im-herzen-von-amalfi\\\/#primaryimage\"},\"image\":{\"@id\":\"https:\\\/\\\/www.visitamalfi.info\\\/de\\\/fall\\\/weihnachtsmaerkte-im-herzen-von-amalfi\\\/#primaryimage\"},\"thumbnailUrl\":\"https:\\\/\\\/www.visitamalfi.info\\\/wp-content\\\/uploads\\\/2025\\\/11\\\/WhatsApp-Image-2025-11-26-at-10.44.13-e1764150656594.jpeg\",\"datePublished\":\"2025-11-26T09:51:48+00:00\",\"breadcrumb\":{\"@id\":\"https:\\\/\\\/www.visitamalfi.info\\\/de\\\/fall\\\/weihnachtsmaerkte-im-herzen-von-amalfi\\\/#breadcrumb\"},\"inLanguage\":\"de\",\"potentialAction\":[{\"@type\":\"ReadAction\",\"target\":[\"https:\\\/\\\/www.visitamalfi.info\\\/de\\\/fall\\\/weihnachtsmaerkte-im-herzen-von-amalfi\\\/\"]}]},{\"@type\":\"ImageObject\",\"inLanguage\":\"de\",\"@id\":\"https:\\\/\\\/www.visitamalfi.info\\\/de\\\/fall\\\/weihnachtsmaerkte-im-herzen-von-amalfi\\\/#primaryimage\",\"url\":\"https:\\\/\\\/www.visitamalfi.info\\\/wp-content\\\/uploads\\\/2025\\\/11\\\/WhatsApp-Image-2025-11-26-at-10.44.13-e1764150656594.jpeg\",\"contentUrl\":\"https:\\\/\\\/www.visitamalfi.info\\\/wp-content\\\/uploads\\\/2025\\\/11\\\/WhatsApp-Image-2025-11-26-at-10.44.13-e1764150656594.jpeg\",\"width\":1119,\"height\":1600},{\"@type\":\"BreadcrumbList\",\"@id\":\"https:\\\/\\\/www.visitamalfi.info\\\/de\\\/fall\\\/weihnachtsmaerkte-im-herzen-von-amalfi\\\/#breadcrumb\",\"itemListElement\":[{\"@type\":\"ListItem\",\"position\":1,\"name\":\"Home\",\"item\":\"https:\\\/\\\/www.visitamalfi.info\\\/de\\\/\"},{\"@type\":\"ListItem\",\"position\":2,\"name\":\"Veranstaltungen\",\"item\":\"https:\\\/\\\/www.visitamalfi.info\\\/de\\\/eventi\\\/\"},{\"@type\":\"ListItem\",\"position\":3,\"name\":\"Weihnachtsm\u00e4rkte im Herzen von Amalfi\"}]},{\"@type\":\"WebSite\",\"@id\":\"https:\\\/\\\/www.visitamalfi.info\\\/de\\\/#website\",\"url\":\"https:\\\/\\\/www.visitamalfi.info\\\/de\\\/\",\"name\":\"Visit Amalfi\",\"description\":\"Amalfi Destination Official Website\",\"publisher\":{\"@id\":\"https:\\\/\\\/www.visitamalfi.info\\\/de\\\/#organization\"},\"potentialAction\":[{\"@type\":\"SearchAction\",\"target\":{\"@type\":\"EntryPoint\",\"urlTemplate\":\"https:\\\/\\\/www.visitamalfi.info\\\/de\\\/?s={search_term_string}\"},\"query-input\":{\"@type\":\"PropertyValueSpecification\",\"valueRequired\":true,\"valueName\":\"search_term_string\"}}],\"inLanguage\":\"de\"},{\"@type\":\"Organization\",\"@id\":\"https:\\\/\\\/www.visitamalfi.info\\\/de\\\/#organization\",\"name\":\"Visit Amalfi\",\"url\":\"https:\\\/\\\/www.visitamalfi.info\\\/de\\\/\",\"logo\":{\"@type\":\"ImageObject\",\"inLanguage\":\"de\",\"@id\":\"https:\\\/\\\/www.visitamalfi.info\\\/de\\\/#\\\/schema\\\/logo\\\/image\\\/\",\"url\":\"https:\\\/\\\/www.visitamalfi.info\\\/wp-content\\\/uploads\\\/2023\\\/04\\\/visit-amalfi-logo-web.png\",\"contentUrl\":\"https:\\\/\\\/www.visitamalfi.info\\\/wp-content\\\/uploads\\\/2023\\\/04\\\/visit-amalfi-logo-web.png\",\"width\":800,\"height\":870,\"caption\":\"Visit Amalfi\"},\"image\":{\"@id\":\"https:\\\/\\\/www.visitamalfi.info\\\/de\\\/#\\\/schema\\\/logo\\\/image\\\/\"},\"sameAs\":[\"https:\\\/\\\/www.facebook.com\\\/visitamalfiofficial\",\"https:\\\/\\\/www.instagram.com\\\/visitamalfiofficial\\\/\"]}]}<\/script>\n<!-- \/ Yoast SEO plugin. -->","yoast_head_json":{"title":"Weihnachtsm\u00e4rkte im Herzen von Amalfi - Visit Amalfi","robots":{"index":"index","follow":"follow","max-snippet":"max-snippet:-1","max-image-preview":"max-image-preview:large","max-video-preview":"max-video-preview:-1"},"canonical":"https:\/\/www.visitamalfi.info\/de\/fall\/weihnachtsmaerkte-im-herzen-von-amalfi\/","og_locale":"de_DE","og_type":"article","og_title":"Weihnachtsm\u00e4rkte im Herzen von Amalfi - Visit Amalfi","og_description":"Im Herzen von Amalfi leuchtet das Licht der Weihnacht inmitten von D\u00fcften, Farben und Kreationen, die von Tradition und Magie erz\u00e4hlen. Unverf\u00e4lschte Aromen, Designerkunsthandwerk und alte Sch\u00e4tze, die M\u00e4rkte werden zu einer kleinen verzauberten Reise, zu einer s\u00fc\u00dfen festlichen Erinnerung.","og_url":"https:\/\/www.visitamalfi.info\/de\/fall\/weihnachtsmaerkte-im-herzen-von-amalfi\/","og_site_name":"Visit Amalfi","article_publisher":"https:\/\/www.facebook.com\/visitamalfiofficial","og_image":[{"width":1119,"height":1600,"url":"https:\/\/www.visitamalfi.info\/wp-content\/uploads\/2025\/11\/WhatsApp-Image-2025-11-26-at-10.44.13-e1764150656594.jpeg","type":"image\/jpeg"}],"twitter_card":"summary_large_image","twitter_misc":{"Gesch\u00e4tzte Lesezeit":"1\u00a0Minute"},"schema":{"@context":"https:\/\/schema.org","@graph":[{"@type":"WebPage","@id":"https:\/\/www.visitamalfi.info\/de\/fall\/weihnachtsmaerkte-im-herzen-von-amalfi\/","url":"https:\/\/www.visitamalfi.info\/de\/fall\/weihnachtsmaerkte-im-herzen-von-amalfi\/","name":"Weihnachtsm\u00e4rkte im Herzen von Amalfi - Visit Amalfi","isPartOf":{"@id":"https:\/\/www.visitamalfi.info\/de\/#website"},"primaryImageOfPage":{"@id":"https:\/\/www.visitamalfi.info\/de\/fall\/weihnachtsmaerkte-im-herzen-von-amalfi\/#primaryimage"},"image":{"@id":"https:\/\/www.visitamalfi.info\/de\/fall\/weihnachtsmaerkte-im-herzen-von-amalfi\/#primaryimage"},"thumbnailUrl":"https:\/\/www.visitamalfi.info\/wp-content\/uploads\/2025\/11\/WhatsApp-Image-2025-11-26-at-10.44.13-e1764150656594.jpeg","datePublished":"2025-11-26T09:51:48+00:00","breadcrumb":{"@id":"https:\/\/www.visitamalfi.info\/de\/fall\/weihnachtsmaerkte-im-herzen-von-amalfi\/#breadcrumb"},"inLanguage":"de","potentialAction":[{"@type":"ReadAction","target":["https:\/\/www.visitamalfi.info\/de\/fall\/weihnachtsmaerkte-im-herzen-von-amalfi\/"]}]},{"@type":"ImageObject","inLanguage":"de","@id":"https:\/\/www.visitamalfi.info\/de\/fall\/weihnachtsmaerkte-im-herzen-von-amalfi\/#primaryimage","url":"https:\/\/www.visitamalfi.info\/wp-content\/uploads\/2025\/11\/WhatsApp-Image-2025-11-26-at-10.44.13-e1764150656594.jpeg","contentUrl":"https:\/\/www.visitamalfi.info\/wp-content\/uploads\/2025\/11\/WhatsApp-Image-2025-11-26-at-10.44.13-e1764150656594.jpeg","width":1119,"height":1600},{"@type":"BreadcrumbList","@id":"https:\/\/www.visitamalfi.info\/de\/fall\/weihnachtsmaerkte-im-herzen-von-amalfi\/#breadcrumb","itemListElement":[{"@type":"ListItem","position":1,"name":"Home","item":"https:\/\/www.visitamalfi.info\/de\/"},{"@type":"ListItem","position":2,"name":"Veranstaltungen","item":"https:\/\/www.visitamalfi.info\/de\/eventi\/"},{"@type":"ListItem","position":3,"name":"Weihnachtsm\u00e4rkte im Herzen von Amalfi"}]},{"@type":"WebSite","@id":"https:\/\/www.visitamalfi.info\/de\/#website","url":"https:\/\/www.visitamalfi.info\/de\/","name":"Visit Amalfi","description":"Amalfi Destination Official Website","publisher":{"@id":"https:\/\/www.visitamalfi.info\/de\/#organization"},"potentialAction":[{"@type":"SearchAction","target":{"@type":"EntryPoint","urlTemplate":"https:\/\/www.visitamalfi.info\/de\/?s={search_term_string}"},"query-input":{"@type":"PropertyValueSpecification","valueRequired":true,"valueName":"search_term_string"}}],"inLanguage":"de"},{"@type":"Organization","@id":"https:\/\/www.visitamalfi.info\/de\/#organization","name":"Visit Amalfi","url":"https:\/\/www.visitamalfi.info\/de\/","logo":{"@type":"ImageObject","inLanguage":"de","@id":"https:\/\/www.visitamalfi.info\/de\/#\/schema\/logo\/image\/","url":"https:\/\/www.visitamalfi.info\/wp-content\/uploads\/2023\/04\/visit-amalfi-logo-web.png","contentUrl":"https:\/\/www.visitamalfi.info\/wp-content\/uploads\/2023\/04\/visit-amalfi-logo-web.png","width":800,"height":870,"caption":"Visit Amalfi"},"image":{"@id":"https:\/\/www.visitamalfi.info\/de\/#\/schema\/logo\/image\/"},"sameAs":["https:\/\/www.facebook.com\/visitamalfiofficial","https:\/\/www.instagram.com\/visitamalfiofficial\/"]}]}},"_links":{"self":[{"href":"https:\/\/www.visitamalfi.info\/de\/wp-json\/wp\/v2\/tribe_events\/23296","targetHints":{"allow":["GET"]}}],"collection":[{"href":"https:\/\/www.visitamalfi.info\/de\/wp-json\/wp\/v2\/tribe_events"}],"about":[{"href":"https:\/\/www.visitamalfi.info\/de\/wp-json\/wp\/v2\/types\/tribe_events"}],"author":[{"embeddable":true,"href":"https:\/\/www.visitamalfi.info\/de\/wp-json\/wp\/v2\/users\/7"}],"version-history":[{"count":0,"href":"https:\/\/www.visitamalfi.info\/de\/wp-json\/wp\/v2\/tribe_events\/23296\/revisions"}],"wp:featuredmedia":[{"embeddable":true,"href":"https:\/\/www.visitamalfi.info\/de\/wp-json\/wp\/v2\/media\/23291"}],"wp:attachment":[{"href":"https:\/\/www.visitamalfi.info\/de\/wp-json\/wp\/v2\/media?parent=23296"}],"wp:term":[{"taxonomy":"post_tag","embeddable":true,"href":"https:\/\/www.visitamalfi.info\/de\/wp-json\/wp\/v2\/tags?post=23296"},{"taxonomy":"tribe_events_cat","embeddable":true,"href":"https:\/\/www.visitamalfi.info\/de\/wp-json\/wp\/v2\/tribe_events_cat?post=23296"}],"curies":[{"name":"wp","href":"https:\/\/api.w.org\/{rel}","templated":true}]}}