{"id":23018,"date":"2025-10-11T21:39:22","date_gmt":"2025-10-11T19:39:22","guid":{"rendered":"https:\/\/www.visitamalfi.info\/evento\/weihnachten-in-amalfi-2025-der-zauber-nimmt-gestalt-an\/"},"modified":"2025-10-11T22:04:51","modified_gmt":"2025-10-11T20:04:51","slug":"weihnachten-in-amalfi-2025-der-zauber-nimmt-gestalt-an","status":"publish","type":"tribe_events","link":"https:\/\/www.visitamalfi.info\/de\/fall\/weihnachten-in-amalfi-2025-der-zauber-nimmt-gestalt-an\/","title":{"rendered":"Weihnachten in Amalfi 2025 &#8211; der Zauber nimmt Gestalt an!"},"content":{"rendered":"<p class=\"cvGsUA direction-ltr align-start para-style-body\"><span class=\"a_GcMg font-feature-liga-off font-feature-clig-off font-feature-calt-off text-decoration-none text-strikethrough-none\"><strong>Weihnachten in Amalfi<\/strong> ist ein einzigartiges Erlebnis, bei dem Tradition auf den Zauber des winterlichen Meeres trifft.<\/span><\/p>\n<p class=\"cvGsUA direction-ltr align-start para-style-body\"><span class=\"a_GcMg font-feature-liga-off font-feature-clig-off font-feature-calt-off text-decoration-none text-strikethrough-none\">Vom Herzen der Altstadt bis zu den Weilern ist die Stadt mit spektakul\u00e4ren Illuminationen beleuchtet, die die engen Gassen und die Piazza Duomo in ein Krippenspiel unter freiem Himmel verwandeln.<\/span><\/p>\n<p class=\"cvGsUA direction-ltr align-start para-style-body\"><span class=\"a_GcMg font-feature-liga-off font-feature-clig-off font-feature-calt-off text-decoration-none text-strikethrough-none\">Zu den am meisten erwarteten Ereignissen geh\u00f6ren die <strong>Musik der <\/strong><\/span><strong><br \/>\n  <span class=\"a_GcMg font-feature-liga-off font-feature-clig-off font-feature-calt-off text-decoration-none text-strikethrough-none\">Dudelsackspieler<\/span><br \/>\n<\/strong><span class=\"a_GcMg font-feature-liga-off font-feature-clig-off font-feature-calt-off text-decoration-none text-strikethrough-none\"> die die Weihnachtsspazierg\u00e4nge begleiten, das <strong>Haus<\/strong><\/span><strong><br \/>\n  <span class=\"a_GcMg font-feature-liga-off font-feature-clig-off font-feature-calt-off text-decoration-none text-strikethrough-none\"> des Weihnachtsmanns<\/span><br \/>\n<\/strong><span class=\"a_GcMg font-feature-liga-off font-feature-clig-off font-feature-calt-off text-decoration-none text-strikethrough-none\"> das den Kindern gewidmet ist, die <\/span><strong><br \/>\n  <span class=\"a_GcMg font-feature-liga-off font-feature-clig-off font-feature-calt-off text-decoration-none text-strikethrough-none\">Weihnachtskrippen<\/span><br \/>\n<\/strong><span class=\"a_GcMg font-feature-liga-off font-feature-clig-off font-feature-calt-off text-decoration-none text-strikethrough-none\"> die von lokaler Fr\u00f6mmigkeit und Kunst erz\u00e4hlen, und die <\/span><strong><br \/>\n  <span class=\"a_GcMg font-feature-liga-off font-feature-clig-off font-feature-calt-off text-decoration-none text-strikethrough-none\">Veranstaltungen<\/span><br \/>\n<\/strong><span class=\"a_GcMg font-feature-liga-off font-feature-clig-off font-feature-calt-off text-decoration-none text-strikethrough-none\">  Gebrauch: F\u00fcr die ganze Familie. Es gibt keinen Mangel an Geselligkeit mit dem  <\/span><strong><br \/>\n  <span class=\"a_GcMg font-feature-liga-off font-feature-clig-off font-feature-calt-off text-decoration-none text-strikethrough-none\">typische Geschm\u00e4cker<\/span><br \/>\n<\/strong><span class=\"a_GcMg font-feature-liga-off font-feature-clig-off font-feature-calt-off text-decoration-none text-strikethrough-none\"> der Feste und die warme Atmosph\u00e4re der Gesch\u00e4fte.<\/span><\/p>\n<p class=\"cvGsUA direction-ltr align-start para-style-body\"><span class=\"a_GcMg font-feature-liga-off font-feature-clig-off font-feature-calt-off text-decoration-none text-strikethrough-none\">Der Kalender kulminiert mit dem <\/span><strong><br \/>\n  <span class=\"a_GcMg font-feature-liga-off font-feature-clig-off font-feature-calt-off text-decoration-none text-strikethrough-none\">Neujahrsabend<\/span><br \/>\n<\/strong><span class=\"a_GcMg font-feature-liga-off font-feature-clig-off font-feature-calt-off text-decoration-none text-strikethrough-none\"><strong> auf der Piazza Duomo<\/strong>: eine Nacht des Feierns mit Live-Musik, Shows und <\/span><span class=\"a_GcMg font-feature-liga-off font-feature-clig-off font-feature-calt-off text-decoration-none text-strikethrough-none\">Feuerwerk<\/span><span class=\"a_GcMg font-feature-liga-off font-feature-clig-off font-feature-calt-off text-decoration-none text-strikethrough-none\"> um das neue Jahr mit der ganzen Sch\u00f6nheit der Amalfik\u00fcste zu begr\u00fc\u00dfen.<\/span><\/p>\n<p class=\"cvGsUA direction-ltr align-start para-style-body\"><span class=\"a_GcMg font-feature-liga-off font-feature-clig-off font-feature-calt-off text-decoration-none text-strikethrough-none\">Sind Sie bereit, den Zauber von Weihnachten zu erleben?<\/span><\/p>\n<p class=\"cvGsUA direction-ltr align-start para-style-body\"><span class=\"a_GcMg font-feature-liga-off font-feature-clig-off font-feature-calt-off text-decoration-none text-strikethrough-none\">Bleiben Sie dran, <strong>alle Details des Veranstaltungskalenders folgen in K\u00fcrze<\/strong>!<\/span><\/p>\n","protected":false},"excerpt":{"rendered":"<p>Weihnachten in Amalfi ist ein einzigartiges Erlebnis, bei dem Tradition auf den Zauber des winterlichen Meeres trifft.<\/p>\n","protected":false},"author":7,"featured_media":20143,"template":"","meta":{"inline_featured_image":false,"_tribe_events_status":"","_tribe_events_status_reason":"","footnotes":""},"tags":[],"tribe_events_cat":[558,1234],"class_list":["post-23018","tribe_events","type-tribe_events","status-publish","has-post-thumbnail","hentry","tribe_events_cat-tradition","tribe_events_cat-weihnachten","cat_tradition","cat_weihnachten"],"yoast_head":"<!-- This site is optimized with the Yoast SEO plugin v27.3 - https:\/\/yoast.com\/product\/yoast-seo-wordpress\/ -->\n<title>Weihnachten in Amalfi 2025 - der Zauber nimmt Gestalt an! - Visit Amalfi<\/title>\n<meta name=\"robots\" content=\"index, follow, max-snippet:-1, max-image-preview:large, max-video-preview:-1\" \/>\n<link rel=\"canonical\" href=\"https:\/\/www.visitamalfi.info\/de\/fall\/weihnachten-in-amalfi-2025-der-zauber-nimmt-gestalt-an\/\" \/>\n<meta property=\"og:locale\" content=\"de_DE\" \/>\n<meta property=\"og:type\" content=\"article\" \/>\n<meta property=\"og:title\" content=\"Weihnachten in Amalfi 2025 - der Zauber nimmt Gestalt an! - Visit Amalfi\" \/>\n<meta property=\"og:description\" content=\"Weihnachten in Amalfi ist ein einzigartiges Erlebnis, bei dem Tradition auf den Zauber des winterlichen Meeres trifft.\" \/>\n<meta property=\"og:url\" content=\"https:\/\/www.visitamalfi.info\/de\/fall\/weihnachten-in-amalfi-2025-der-zauber-nimmt-gestalt-an\/\" \/>\n<meta property=\"og:site_name\" content=\"Visit Amalfi\" \/>\n<meta property=\"article:publisher\" content=\"https:\/\/www.facebook.com\/visitamalfiofficial\" \/>\n<meta property=\"article:modified_time\" content=\"2025-10-11T20:04:51+00:00\" \/>\n<meta property=\"og:image\" content=\"https:\/\/www.visitamalfi.info\/wp-content\/uploads\/2024\/11\/ANA_2838@emanueleanastasioph-amalfi-villaggio-natale-2023.jpg\" \/>\n\t<meta property=\"og:image:width\" content=\"1920\" \/>\n\t<meta property=\"og:image:height\" content=\"1280\" \/>\n\t<meta property=\"og:image:type\" content=\"image\/jpeg\" \/>\n<meta name=\"twitter:card\" content=\"summary_large_image\" \/>\n<meta name=\"twitter:label1\" content=\"Gesch\u00e4tzte Lesezeit\" \/>\n\t<meta name=\"twitter:data1\" content=\"1\u00a0Minute\" \/>\n<script type=\"application\/ld+json\" class=\"yoast-schema-graph\">{\"@context\":\"https:\\\/\\\/schema.org\",\"@graph\":[{\"@type\":\"WebPage\",\"@id\":\"https:\\\/\\\/www.visitamalfi.info\\\/de\\\/fall\\\/weihnachten-in-amalfi-2025-der-zauber-nimmt-gestalt-an\\\/\",\"url\":\"https:\\\/\\\/www.visitamalfi.info\\\/de\\\/fall\\\/weihnachten-in-amalfi-2025-der-zauber-nimmt-gestalt-an\\\/\",\"name\":\"Weihnachten in Amalfi 2025 - der Zauber nimmt Gestalt an! - Visit Amalfi\",\"isPartOf\":{\"@id\":\"https:\\\/\\\/www.visitamalfi.info\\\/de\\\/#website\"},\"primaryImageOfPage\":{\"@id\":\"https:\\\/\\\/www.visitamalfi.info\\\/de\\\/fall\\\/weihnachten-in-amalfi-2025-der-zauber-nimmt-gestalt-an\\\/#primaryimage\"},\"image\":{\"@id\":\"https:\\\/\\\/www.visitamalfi.info\\\/de\\\/fall\\\/weihnachten-in-amalfi-2025-der-zauber-nimmt-gestalt-an\\\/#primaryimage\"},\"thumbnailUrl\":\"https:\\\/\\\/www.visitamalfi.info\\\/wp-content\\\/uploads\\\/2024\\\/11\\\/ANA_2838@emanueleanastasioph-amalfi-villaggio-natale-2023.jpg\",\"datePublished\":\"2025-10-11T19:39:22+00:00\",\"dateModified\":\"2025-10-11T20:04:51+00:00\",\"breadcrumb\":{\"@id\":\"https:\\\/\\\/www.visitamalfi.info\\\/de\\\/fall\\\/weihnachten-in-amalfi-2025-der-zauber-nimmt-gestalt-an\\\/#breadcrumb\"},\"inLanguage\":\"de\",\"potentialAction\":[{\"@type\":\"ReadAction\",\"target\":[\"https:\\\/\\\/www.visitamalfi.info\\\/de\\\/fall\\\/weihnachten-in-amalfi-2025-der-zauber-nimmt-gestalt-an\\\/\"]}]},{\"@type\":\"ImageObject\",\"inLanguage\":\"de\",\"@id\":\"https:\\\/\\\/www.visitamalfi.info\\\/de\\\/fall\\\/weihnachten-in-amalfi-2025-der-zauber-nimmt-gestalt-an\\\/#primaryimage\",\"url\":\"https:\\\/\\\/www.visitamalfi.info\\\/wp-content\\\/uploads\\\/2024\\\/11\\\/ANA_2838@emanueleanastasioph-amalfi-villaggio-natale-2023.jpg\",\"contentUrl\":\"https:\\\/\\\/www.visitamalfi.info\\\/wp-content\\\/uploads\\\/2024\\\/11\\\/ANA_2838@emanueleanastasioph-amalfi-villaggio-natale-2023.jpg\",\"width\":1920,\"height\":1280},{\"@type\":\"BreadcrumbList\",\"@id\":\"https:\\\/\\\/www.visitamalfi.info\\\/de\\\/fall\\\/weihnachten-in-amalfi-2025-der-zauber-nimmt-gestalt-an\\\/#breadcrumb\",\"itemListElement\":[{\"@type\":\"ListItem\",\"position\":1,\"name\":\"Home\",\"item\":\"https:\\\/\\\/www.visitamalfi.info\\\/de\\\/\"},{\"@type\":\"ListItem\",\"position\":2,\"name\":\"Veranstaltungen\",\"item\":\"https:\\\/\\\/www.visitamalfi.info\\\/de\\\/eventi\\\/\"},{\"@type\":\"ListItem\",\"position\":3,\"name\":\"Weihnachten in Amalfi 2025 &#8211; der Zauber nimmt Gestalt an!\"}]},{\"@type\":\"WebSite\",\"@id\":\"https:\\\/\\\/www.visitamalfi.info\\\/de\\\/#website\",\"url\":\"https:\\\/\\\/www.visitamalfi.info\\\/de\\\/\",\"name\":\"Visit Amalfi\",\"description\":\"Amalfi Destination Official Website\",\"publisher\":{\"@id\":\"https:\\\/\\\/www.visitamalfi.info\\\/de\\\/#organization\"},\"potentialAction\":[{\"@type\":\"SearchAction\",\"target\":{\"@type\":\"EntryPoint\",\"urlTemplate\":\"https:\\\/\\\/www.visitamalfi.info\\\/de\\\/?s={search_term_string}\"},\"query-input\":{\"@type\":\"PropertyValueSpecification\",\"valueRequired\":true,\"valueName\":\"search_term_string\"}}],\"inLanguage\":\"de\"},{\"@type\":\"Organization\",\"@id\":\"https:\\\/\\\/www.visitamalfi.info\\\/de\\\/#organization\",\"name\":\"Visit Amalfi\",\"url\":\"https:\\\/\\\/www.visitamalfi.info\\\/de\\\/\",\"logo\":{\"@type\":\"ImageObject\",\"inLanguage\":\"de\",\"@id\":\"https:\\\/\\\/www.visitamalfi.info\\\/de\\\/#\\\/schema\\\/logo\\\/image\\\/\",\"url\":\"https:\\\/\\\/www.visitamalfi.info\\\/wp-content\\\/uploads\\\/2023\\\/04\\\/visit-amalfi-logo-web.png\",\"contentUrl\":\"https:\\\/\\\/www.visitamalfi.info\\\/wp-content\\\/uploads\\\/2023\\\/04\\\/visit-amalfi-logo-web.png\",\"width\":800,\"height\":870,\"caption\":\"Visit Amalfi\"},\"image\":{\"@id\":\"https:\\\/\\\/www.visitamalfi.info\\\/de\\\/#\\\/schema\\\/logo\\\/image\\\/\"},\"sameAs\":[\"https:\\\/\\\/www.facebook.com\\\/visitamalfiofficial\",\"https:\\\/\\\/www.instagram.com\\\/visitamalfiofficial\\\/\"]}]}<\/script>\n<!-- \/ Yoast SEO plugin. -->","yoast_head_json":{"title":"Weihnachten in Amalfi 2025 - der Zauber nimmt Gestalt an! - Visit Amalfi","robots":{"index":"index","follow":"follow","max-snippet":"max-snippet:-1","max-image-preview":"max-image-preview:large","max-video-preview":"max-video-preview:-1"},"canonical":"https:\/\/www.visitamalfi.info\/de\/fall\/weihnachten-in-amalfi-2025-der-zauber-nimmt-gestalt-an\/","og_locale":"de_DE","og_type":"article","og_title":"Weihnachten in Amalfi 2025 - der Zauber nimmt Gestalt an! - Visit Amalfi","og_description":"Weihnachten in Amalfi ist ein einzigartiges Erlebnis, bei dem Tradition auf den Zauber des winterlichen Meeres trifft.","og_url":"https:\/\/www.visitamalfi.info\/de\/fall\/weihnachten-in-amalfi-2025-der-zauber-nimmt-gestalt-an\/","og_site_name":"Visit Amalfi","article_publisher":"https:\/\/www.facebook.com\/visitamalfiofficial","article_modified_time":"2025-10-11T20:04:51+00:00","og_image":[{"width":1920,"height":1280,"url":"https:\/\/www.visitamalfi.info\/wp-content\/uploads\/2024\/11\/ANA_2838@emanueleanastasioph-amalfi-villaggio-natale-2023.jpg","type":"image\/jpeg"}],"twitter_card":"summary_large_image","twitter_misc":{"Gesch\u00e4tzte Lesezeit":"1\u00a0Minute"},"schema":{"@context":"https:\/\/schema.org","@graph":[{"@type":"WebPage","@id":"https:\/\/www.visitamalfi.info\/de\/fall\/weihnachten-in-amalfi-2025-der-zauber-nimmt-gestalt-an\/","url":"https:\/\/www.visitamalfi.info\/de\/fall\/weihnachten-in-amalfi-2025-der-zauber-nimmt-gestalt-an\/","name":"Weihnachten in Amalfi 2025 - der Zauber nimmt Gestalt an! - Visit Amalfi","isPartOf":{"@id":"https:\/\/www.visitamalfi.info\/de\/#website"},"primaryImageOfPage":{"@id":"https:\/\/www.visitamalfi.info\/de\/fall\/weihnachten-in-amalfi-2025-der-zauber-nimmt-gestalt-an\/#primaryimage"},"image":{"@id":"https:\/\/www.visitamalfi.info\/de\/fall\/weihnachten-in-amalfi-2025-der-zauber-nimmt-gestalt-an\/#primaryimage"},"thumbnailUrl":"https:\/\/www.visitamalfi.info\/wp-content\/uploads\/2024\/11\/ANA_2838@emanueleanastasioph-amalfi-villaggio-natale-2023.jpg","datePublished":"2025-10-11T19:39:22+00:00","dateModified":"2025-10-11T20:04:51+00:00","breadcrumb":{"@id":"https:\/\/www.visitamalfi.info\/de\/fall\/weihnachten-in-amalfi-2025-der-zauber-nimmt-gestalt-an\/#breadcrumb"},"inLanguage":"de","potentialAction":[{"@type":"ReadAction","target":["https:\/\/www.visitamalfi.info\/de\/fall\/weihnachten-in-amalfi-2025-der-zauber-nimmt-gestalt-an\/"]}]},{"@type":"ImageObject","inLanguage":"de","@id":"https:\/\/www.visitamalfi.info\/de\/fall\/weihnachten-in-amalfi-2025-der-zauber-nimmt-gestalt-an\/#primaryimage","url":"https:\/\/www.visitamalfi.info\/wp-content\/uploads\/2024\/11\/ANA_2838@emanueleanastasioph-amalfi-villaggio-natale-2023.jpg","contentUrl":"https:\/\/www.visitamalfi.info\/wp-content\/uploads\/2024\/11\/ANA_2838@emanueleanastasioph-amalfi-villaggio-natale-2023.jpg","width":1920,"height":1280},{"@type":"BreadcrumbList","@id":"https:\/\/www.visitamalfi.info\/de\/fall\/weihnachten-in-amalfi-2025-der-zauber-nimmt-gestalt-an\/#breadcrumb","itemListElement":[{"@type":"ListItem","position":1,"name":"Home","item":"https:\/\/www.visitamalfi.info\/de\/"},{"@type":"ListItem","position":2,"name":"Veranstaltungen","item":"https:\/\/www.visitamalfi.info\/de\/eventi\/"},{"@type":"ListItem","position":3,"name":"Weihnachten in Amalfi 2025 &#8211; der Zauber nimmt Gestalt an!"}]},{"@type":"WebSite","@id":"https:\/\/www.visitamalfi.info\/de\/#website","url":"https:\/\/www.visitamalfi.info\/de\/","name":"Visit Amalfi","description":"Amalfi Destination Official Website","publisher":{"@id":"https:\/\/www.visitamalfi.info\/de\/#organization"},"potentialAction":[{"@type":"SearchAction","target":{"@type":"EntryPoint","urlTemplate":"https:\/\/www.visitamalfi.info\/de\/?s={search_term_string}"},"query-input":{"@type":"PropertyValueSpecification","valueRequired":true,"valueName":"search_term_string"}}],"inLanguage":"de"},{"@type":"Organization","@id":"https:\/\/www.visitamalfi.info\/de\/#organization","name":"Visit Amalfi","url":"https:\/\/www.visitamalfi.info\/de\/","logo":{"@type":"ImageObject","inLanguage":"de","@id":"https:\/\/www.visitamalfi.info\/de\/#\/schema\/logo\/image\/","url":"https:\/\/www.visitamalfi.info\/wp-content\/uploads\/2023\/04\/visit-amalfi-logo-web.png","contentUrl":"https:\/\/www.visitamalfi.info\/wp-content\/uploads\/2023\/04\/visit-amalfi-logo-web.png","width":800,"height":870,"caption":"Visit Amalfi"},"image":{"@id":"https:\/\/www.visitamalfi.info\/de\/#\/schema\/logo\/image\/"},"sameAs":["https:\/\/www.facebook.com\/visitamalfiofficial","https:\/\/www.instagram.com\/visitamalfiofficial\/"]}]}},"_links":{"self":[{"href":"https:\/\/www.visitamalfi.info\/de\/wp-json\/wp\/v2\/tribe_events\/23018","targetHints":{"allow":["GET"]}}],"collection":[{"href":"https:\/\/www.visitamalfi.info\/de\/wp-json\/wp\/v2\/tribe_events"}],"about":[{"href":"https:\/\/www.visitamalfi.info\/de\/wp-json\/wp\/v2\/types\/tribe_events"}],"author":[{"embeddable":true,"href":"https:\/\/www.visitamalfi.info\/de\/wp-json\/wp\/v2\/users\/7"}],"version-history":[{"count":1,"href":"https:\/\/www.visitamalfi.info\/de\/wp-json\/wp\/v2\/tribe_events\/23018\/revisions"}],"predecessor-version":[{"id":23044,"href":"https:\/\/www.visitamalfi.info\/de\/wp-json\/wp\/v2\/tribe_events\/23018\/revisions\/23044"}],"wp:featuredmedia":[{"embeddable":true,"href":"https:\/\/www.visitamalfi.info\/de\/wp-json\/wp\/v2\/media\/20143"}],"wp:attachment":[{"href":"https:\/\/www.visitamalfi.info\/de\/wp-json\/wp\/v2\/media?parent=23018"}],"wp:term":[{"taxonomy":"post_tag","embeddable":true,"href":"https:\/\/www.visitamalfi.info\/de\/wp-json\/wp\/v2\/tags?post=23018"},{"taxonomy":"tribe_events_cat","embeddable":true,"href":"https:\/\/www.visitamalfi.info\/de\/wp-json\/wp\/v2\/tribe_events_cat?post=23018"}],"curies":[{"name":"wp","href":"https:\/\/api.w.org\/{rel}","templated":true}]}}