{"id":22478,"date":"2025-08-29T13:24:31","date_gmt":"2025-08-29T11:24:31","guid":{"rendered":"https:\/\/www.visitamalfi.info\/evento\/das-byzantinische-neujahr-2025-ein-eintauchen-in-die-geschichte-zwischen-mittelalterlicher-pracht-und-wiederentdeckten-traditionen\/"},"modified":"2025-08-29T18:12:02","modified_gmt":"2025-08-29T16:12:02","slug":"das-byzantinische-neujahr-2025-ein-eintauchen-in-die-geschichte-zwischen-mittelalterlicher-pracht-und-wiederentdeckten-traditionen","status":"publish","type":"tribe_events","link":"https:\/\/www.visitamalfi.info\/de\/fall\/das-byzantinische-neujahr-2025-ein-eintauchen-in-die-geschichte-zwischen-mittelalterlicher-pracht-und-wiederentdeckten-traditionen\/","title":{"rendered":"Das byzantinische Neujahr 2025 &#8211; Ein Eintauchen in die Geschichte, zwischen mittelalterlicher Pracht und wiederentdeckten Traditionen"},"content":{"rendered":"<h3 data-start=\"183\" data-end=\"221\">Das byzantinische Neujahrsfest in Amalfi<\/h3>\n<p data-start=\"293\" data-end=\"534\">Jedes Jahr feiert Amalfi seine glorreiche Vergangenheit mit dem <strong><em data-start=\"382\" data-end=\"403\">Byzantinischen Neujahr<\/em><\/strong>ein mit Spannung erwartetes und beliebtes Ereignis.<\/p>\n<p data-start=\"293\" data-end=\"534\">Die Stadt verwandelt sich in eine historische B\u00fchne, mit mittelalterlichen Kost\u00fcmparaden, feierlichen Zeremonien und Shows, die das Herz von Amalfi beleben.<\/p>\n<p data-start=\"293\" data-end=\"534\">Der zentrale Moment der Veranstaltung ist die feierliche Verleihung des <em data-start=\"766\" data-end=\"798\">Magisters der Amalfitanischen Zivilisation<\/em>, eine symbolische Anerkennung, die an Pers\u00f6nlichkeiten verliehen wird, die sich um die Aufwertung des Mittelmeerraums verdient gemacht haben.<\/p>\n<p data-start=\"913\" data-end=\"1090\">Das byzantinische Neujahr ist eine Reise durch Kultur, Identit\u00e4t und Erinnerung. Es ist Amalfi, das sich selbst erz\u00e4hlt, zwischen seinen byzantinischen Wurzeln und dem zeitgen\u00f6ssischen Geist, der es ewig macht.<\/p>\n<p data-start=\"913\" data-end=\"1090\">Unten finden Sie <strong>das Veranstaltungsprogramm<\/strong>!<\/p>\n<p><strong>Sonntag 31 August<\/strong><br \/>\n-h 19.00, Amalfi &#8211; Largo Duca Piccolomini<br \/>\nThematischer Rundtisch des <em>Zentrums f\u00fcr amalfitanische Geschichte und Kultur<\/em><br \/>\n-h 20.00, Amalfi &#8211; Largo Duca Piccolomini<br \/>\nInterview mit dem <strong>Magister<\/strong><br \/>\n-h 22.00. Amalfi &#8211; Piazza Duomo<br \/>\n<strong>Mario Biondi<\/strong> Konzert<\/p>\n<p><strong>Montag, 1. September<\/strong><br \/>\n-h 18.00, Amalfi &#8211; Abfahrt von Valle de Mulini<br \/>\nParade und Ausstellung der Fahnenschwinger und Musikanten der K\u00f6niglichen Stadt<br \/>\n-h 18.30, Amalfi &#8211; Piazza Duomo<br \/>\n<strong>Historische<\/strong> Parade<br \/>\n-h 19.30, Atrani &#8211; Kirche San Salvatore del Birecto<br \/>\n<strong>Magister Einf\u00fchrungszeremonie<\/strong><br \/>\n-h 21.00, Amalfi &#8211; Piazza Duomo<br \/>\nPr\u00e4sentation des <strong>Magisters vor der B\u00fcrgerschaft<\/strong><br \/>\n-h 21.30, Amalfi &#8211; Piazza Municipio<br \/>\nAuff\u00fchrung durch die Pistonieri di Santa Maria del Rovo.<br \/>\nDie historische Gruppe der Trombonieri aus Cava de&#8217; Tirreni wird von der Piazza Duomo zur Piazza Municipio ziehen, wo sie ihre Show abh\u00e4lt.<\/p>\n<p><strong>Dienstag, 2. September<\/strong><br \/>\n-h 20.00, Amalfi &#8211; Piazza Municipio<br \/>\nMittelalterlicher Abend und Auftritt der Falkner von Irno<\/p>\n<h3 class=\" text-justify font-sans-serif title_editor\"><strong>VERKEHRSBEHINDERUNGEN, MOBILIT\u00c4TSINFORMATIONEN UND PARKEN<\/strong><\/h3>\n<p class=\" text-justify\">Am <strong>1. September 2025<\/strong> wird es zu Verkehrsbeschr\u00e4nkungen kommen, damit die Veranstaltung, der historische Umzug und die nachfolgenden Veranstaltungen stattfinden k\u00f6nnen.<\/p>\n<p class=\" text-justify\"><strong>Vor\u00fcbergehende Sperrung der Staatsstra\u00dfe SS163 zwischen Amalfi und Atrani f\u00fcr den Verkehr<\/strong><\/p>\n<p class=\" text-justify\">&#8211; <strong>von 18:15 bis 19:15<\/strong><\/p>\n<p class=\" text-justify\">&#8211; <strong>von 20:00 bis 21:00<\/strong><\/p>\n<p class=\" text-justify\">&#8211; <strong>von 21.30 Uhr bis 22.00 Uhr.<\/strong><\/p>\n<p class=\" text-justify\">Das <strong>historische Zentrum von Amalfi wird f\u00fcr den Verkehr gesperrt sein<\/strong>:<\/p>\n<p class=\" text-justify\">&#8211; <strong>von 18:00 bis 19:00<\/strong><\/p>\n<p class=\" text-justify\">&#8211; <strong>von 20:00 bis 22:00<\/strong><\/p>\n","protected":false},"excerpt":{"rendered":"<p>Jedes Jahr feiert Amalfi seine glorreiche Vergangenheit mit dem byzantinischen Neujahrsfest: ein mit Spannung erwartetes und sehr beliebtes Ereignis.<\/p>\n<p>Die Stadt verwandelt sich in eine historische B\u00fchne, mit mittelalterlichen Kost\u00fcmparaden, feierlichen Zeremonien und Shows, die das Herz von Amalfi beleben.<\/p>\n","protected":false},"author":7,"featured_media":10545,"template":"","meta":{"inline_featured_image":false,"_tribe_events_status":"","_tribe_events_status_reason":"","footnotes":""},"tags":[],"tribe_events_cat":[715,714,361,558],"class_list":["post-22478","tribe_events","type-tribe_events","status-publish","has-post-thumbnail","hentry","tribe_events_cat-historische-wiederauffuhrung","tribe_events_cat-historisches-ereignis","tribe_events_cat-musica-dal-vivo-de","tribe_events_cat-tradition","cat_historische-wiederauffuhrung","cat_historisches-ereignis","cat_musica-dal-vivo-de","cat_tradition"],"yoast_head":"<!-- This site is optimized with the Yoast SEO plugin v27.3 - https:\/\/yoast.com\/product\/yoast-seo-wordpress\/ -->\n<title>Das byzantinische Neujahr 2025 - Ein Eintauchen in die Geschichte, zwischen mittelalterlicher Pracht und wiederentdeckten Traditionen - Visit Amalfi<\/title>\n<meta name=\"robots\" content=\"index, follow, max-snippet:-1, max-image-preview:large, max-video-preview:-1\" \/>\n<link rel=\"canonical\" href=\"https:\/\/www.visitamalfi.info\/de\/fall\/das-byzantinische-neujahr-2025-ein-eintauchen-in-die-geschichte-zwischen-mittelalterlicher-pracht-und-wiederentdeckten-traditionen\/\" \/>\n<meta property=\"og:locale\" content=\"de_DE\" \/>\n<meta property=\"og:type\" content=\"article\" \/>\n<meta property=\"og:title\" content=\"Das byzantinische Neujahr 2025 - Ein Eintauchen in die Geschichte, zwischen mittelalterlicher Pracht und wiederentdeckten Traditionen - Visit Amalfi\" \/>\n<meta property=\"og:description\" content=\"Jedes Jahr feiert Amalfi seine glorreiche Vergangenheit mit dem byzantinischen Neujahrsfest: ein mit Spannung erwartetes und sehr beliebtes Ereignis. Die Stadt verwandelt sich in eine historische B\u00fchne, mit mittelalterlichen Kost\u00fcmparaden, feierlichen Zeremonien und Shows, die das Herz von Amalfi beleben.\" \/>\n<meta property=\"og:url\" content=\"https:\/\/www.visitamalfi.info\/de\/fall\/das-byzantinische-neujahr-2025-ein-eintauchen-in-die-geschichte-zwischen-mittelalterlicher-pracht-und-wiederentdeckten-traditionen\/\" \/>\n<meta property=\"og:site_name\" content=\"Visit Amalfi\" \/>\n<meta property=\"article:publisher\" content=\"https:\/\/www.facebook.com\/visitamalfiofficial\" \/>\n<meta property=\"article:modified_time\" content=\"2025-08-29T16:12:02+00:00\" \/>\n<meta property=\"og:image\" content=\"https:\/\/www.visitamalfi.info\/wp-content\/uploads\/2023\/08\/1.jpeg\" \/>\n\t<meta property=\"og:image:width\" content=\"1600\" \/>\n\t<meta property=\"og:image:height\" content=\"1064\" \/>\n\t<meta property=\"og:image:type\" content=\"image\/jpeg\" \/>\n<meta name=\"twitter:card\" content=\"summary_large_image\" \/>\n<meta name=\"twitter:label1\" content=\"Gesch\u00e4tzte Lesezeit\" \/>\n\t<meta name=\"twitter:data1\" content=\"2\u00a0Minuten\" \/>\n<script type=\"application\/ld+json\" class=\"yoast-schema-graph\">{\"@context\":\"https:\\\/\\\/schema.org\",\"@graph\":[{\"@type\":\"WebPage\",\"@id\":\"https:\\\/\\\/www.visitamalfi.info\\\/de\\\/fall\\\/das-byzantinische-neujahr-2025-ein-eintauchen-in-die-geschichte-zwischen-mittelalterlicher-pracht-und-wiederentdeckten-traditionen\\\/\",\"url\":\"https:\\\/\\\/www.visitamalfi.info\\\/de\\\/fall\\\/das-byzantinische-neujahr-2025-ein-eintauchen-in-die-geschichte-zwischen-mittelalterlicher-pracht-und-wiederentdeckten-traditionen\\\/\",\"name\":\"Das byzantinische Neujahr 2025 - Ein Eintauchen in die Geschichte, zwischen mittelalterlicher Pracht und wiederentdeckten Traditionen - Visit Amalfi\",\"isPartOf\":{\"@id\":\"https:\\\/\\\/www.visitamalfi.info\\\/de\\\/#website\"},\"primaryImageOfPage\":{\"@id\":\"https:\\\/\\\/www.visitamalfi.info\\\/de\\\/fall\\\/das-byzantinische-neujahr-2025-ein-eintauchen-in-die-geschichte-zwischen-mittelalterlicher-pracht-und-wiederentdeckten-traditionen\\\/#primaryimage\"},\"image\":{\"@id\":\"https:\\\/\\\/www.visitamalfi.info\\\/de\\\/fall\\\/das-byzantinische-neujahr-2025-ein-eintauchen-in-die-geschichte-zwischen-mittelalterlicher-pracht-und-wiederentdeckten-traditionen\\\/#primaryimage\"},\"thumbnailUrl\":\"https:\\\/\\\/www.visitamalfi.info\\\/wp-content\\\/uploads\\\/2023\\\/08\\\/1.jpeg\",\"datePublished\":\"2025-08-29T11:24:31+00:00\",\"dateModified\":\"2025-08-29T16:12:02+00:00\",\"breadcrumb\":{\"@id\":\"https:\\\/\\\/www.visitamalfi.info\\\/de\\\/fall\\\/das-byzantinische-neujahr-2025-ein-eintauchen-in-die-geschichte-zwischen-mittelalterlicher-pracht-und-wiederentdeckten-traditionen\\\/#breadcrumb\"},\"inLanguage\":\"de\",\"potentialAction\":[{\"@type\":\"ReadAction\",\"target\":[\"https:\\\/\\\/www.visitamalfi.info\\\/de\\\/fall\\\/das-byzantinische-neujahr-2025-ein-eintauchen-in-die-geschichte-zwischen-mittelalterlicher-pracht-und-wiederentdeckten-traditionen\\\/\"]}]},{\"@type\":\"ImageObject\",\"inLanguage\":\"de\",\"@id\":\"https:\\\/\\\/www.visitamalfi.info\\\/de\\\/fall\\\/das-byzantinische-neujahr-2025-ein-eintauchen-in-die-geschichte-zwischen-mittelalterlicher-pracht-und-wiederentdeckten-traditionen\\\/#primaryimage\",\"url\":\"https:\\\/\\\/www.visitamalfi.info\\\/wp-content\\\/uploads\\\/2023\\\/08\\\/1.jpeg\",\"contentUrl\":\"https:\\\/\\\/www.visitamalfi.info\\\/wp-content\\\/uploads\\\/2023\\\/08\\\/1.jpeg\",\"width\":1600,\"height\":1064},{\"@type\":\"BreadcrumbList\",\"@id\":\"https:\\\/\\\/www.visitamalfi.info\\\/de\\\/fall\\\/das-byzantinische-neujahr-2025-ein-eintauchen-in-die-geschichte-zwischen-mittelalterlicher-pracht-und-wiederentdeckten-traditionen\\\/#breadcrumb\",\"itemListElement\":[{\"@type\":\"ListItem\",\"position\":1,\"name\":\"Home\",\"item\":\"https:\\\/\\\/www.visitamalfi.info\\\/de\\\/\"},{\"@type\":\"ListItem\",\"position\":2,\"name\":\"Veranstaltungen\",\"item\":\"https:\\\/\\\/www.visitamalfi.info\\\/de\\\/eventi\\\/\"},{\"@type\":\"ListItem\",\"position\":3,\"name\":\"Das byzantinische Neujahr 2025 &#8211; Ein Eintauchen in die Geschichte, zwischen mittelalterlicher Pracht und wiederentdeckten Traditionen\"}]},{\"@type\":\"WebSite\",\"@id\":\"https:\\\/\\\/www.visitamalfi.info\\\/de\\\/#website\",\"url\":\"https:\\\/\\\/www.visitamalfi.info\\\/de\\\/\",\"name\":\"Visit Amalfi\",\"description\":\"Amalfi Destination Official Website\",\"publisher\":{\"@id\":\"https:\\\/\\\/www.visitamalfi.info\\\/de\\\/#organization\"},\"potentialAction\":[{\"@type\":\"SearchAction\",\"target\":{\"@type\":\"EntryPoint\",\"urlTemplate\":\"https:\\\/\\\/www.visitamalfi.info\\\/de\\\/?s={search_term_string}\"},\"query-input\":{\"@type\":\"PropertyValueSpecification\",\"valueRequired\":true,\"valueName\":\"search_term_string\"}}],\"inLanguage\":\"de\"},{\"@type\":\"Organization\",\"@id\":\"https:\\\/\\\/www.visitamalfi.info\\\/de\\\/#organization\",\"name\":\"Visit Amalfi\",\"url\":\"https:\\\/\\\/www.visitamalfi.info\\\/de\\\/\",\"logo\":{\"@type\":\"ImageObject\",\"inLanguage\":\"de\",\"@id\":\"https:\\\/\\\/www.visitamalfi.info\\\/de\\\/#\\\/schema\\\/logo\\\/image\\\/\",\"url\":\"https:\\\/\\\/www.visitamalfi.info\\\/wp-content\\\/uploads\\\/2023\\\/04\\\/visit-amalfi-logo-web.png\",\"contentUrl\":\"https:\\\/\\\/www.visitamalfi.info\\\/wp-content\\\/uploads\\\/2023\\\/04\\\/visit-amalfi-logo-web.png\",\"width\":800,\"height\":870,\"caption\":\"Visit Amalfi\"},\"image\":{\"@id\":\"https:\\\/\\\/www.visitamalfi.info\\\/de\\\/#\\\/schema\\\/logo\\\/image\\\/\"},\"sameAs\":[\"https:\\\/\\\/www.facebook.com\\\/visitamalfiofficial\",\"https:\\\/\\\/www.instagram.com\\\/visitamalfiofficial\\\/\"]}]}<\/script>\n<!-- \/ Yoast SEO plugin. -->","yoast_head_json":{"title":"Das byzantinische Neujahr 2025 - Ein Eintauchen in die Geschichte, zwischen mittelalterlicher Pracht und wiederentdeckten Traditionen - Visit Amalfi","robots":{"index":"index","follow":"follow","max-snippet":"max-snippet:-1","max-image-preview":"max-image-preview:large","max-video-preview":"max-video-preview:-1"},"canonical":"https:\/\/www.visitamalfi.info\/de\/fall\/das-byzantinische-neujahr-2025-ein-eintauchen-in-die-geschichte-zwischen-mittelalterlicher-pracht-und-wiederentdeckten-traditionen\/","og_locale":"de_DE","og_type":"article","og_title":"Das byzantinische Neujahr 2025 - Ein Eintauchen in die Geschichte, zwischen mittelalterlicher Pracht und wiederentdeckten Traditionen - Visit Amalfi","og_description":"Jedes Jahr feiert Amalfi seine glorreiche Vergangenheit mit dem byzantinischen Neujahrsfest: ein mit Spannung erwartetes und sehr beliebtes Ereignis. Die Stadt verwandelt sich in eine historische B\u00fchne, mit mittelalterlichen Kost\u00fcmparaden, feierlichen Zeremonien und Shows, die das Herz von Amalfi beleben.","og_url":"https:\/\/www.visitamalfi.info\/de\/fall\/das-byzantinische-neujahr-2025-ein-eintauchen-in-die-geschichte-zwischen-mittelalterlicher-pracht-und-wiederentdeckten-traditionen\/","og_site_name":"Visit Amalfi","article_publisher":"https:\/\/www.facebook.com\/visitamalfiofficial","article_modified_time":"2025-08-29T16:12:02+00:00","og_image":[{"width":1600,"height":1064,"url":"https:\/\/www.visitamalfi.info\/wp-content\/uploads\/2023\/08\/1.jpeg","type":"image\/jpeg"}],"twitter_card":"summary_large_image","twitter_misc":{"Gesch\u00e4tzte Lesezeit":"2\u00a0Minuten"},"schema":{"@context":"https:\/\/schema.org","@graph":[{"@type":"WebPage","@id":"https:\/\/www.visitamalfi.info\/de\/fall\/das-byzantinische-neujahr-2025-ein-eintauchen-in-die-geschichte-zwischen-mittelalterlicher-pracht-und-wiederentdeckten-traditionen\/","url":"https:\/\/www.visitamalfi.info\/de\/fall\/das-byzantinische-neujahr-2025-ein-eintauchen-in-die-geschichte-zwischen-mittelalterlicher-pracht-und-wiederentdeckten-traditionen\/","name":"Das byzantinische Neujahr 2025 - Ein Eintauchen in die Geschichte, zwischen mittelalterlicher Pracht und wiederentdeckten Traditionen - Visit Amalfi","isPartOf":{"@id":"https:\/\/www.visitamalfi.info\/de\/#website"},"primaryImageOfPage":{"@id":"https:\/\/www.visitamalfi.info\/de\/fall\/das-byzantinische-neujahr-2025-ein-eintauchen-in-die-geschichte-zwischen-mittelalterlicher-pracht-und-wiederentdeckten-traditionen\/#primaryimage"},"image":{"@id":"https:\/\/www.visitamalfi.info\/de\/fall\/das-byzantinische-neujahr-2025-ein-eintauchen-in-die-geschichte-zwischen-mittelalterlicher-pracht-und-wiederentdeckten-traditionen\/#primaryimage"},"thumbnailUrl":"https:\/\/www.visitamalfi.info\/wp-content\/uploads\/2023\/08\/1.jpeg","datePublished":"2025-08-29T11:24:31+00:00","dateModified":"2025-08-29T16:12:02+00:00","breadcrumb":{"@id":"https:\/\/www.visitamalfi.info\/de\/fall\/das-byzantinische-neujahr-2025-ein-eintauchen-in-die-geschichte-zwischen-mittelalterlicher-pracht-und-wiederentdeckten-traditionen\/#breadcrumb"},"inLanguage":"de","potentialAction":[{"@type":"ReadAction","target":["https:\/\/www.visitamalfi.info\/de\/fall\/das-byzantinische-neujahr-2025-ein-eintauchen-in-die-geschichte-zwischen-mittelalterlicher-pracht-und-wiederentdeckten-traditionen\/"]}]},{"@type":"ImageObject","inLanguage":"de","@id":"https:\/\/www.visitamalfi.info\/de\/fall\/das-byzantinische-neujahr-2025-ein-eintauchen-in-die-geschichte-zwischen-mittelalterlicher-pracht-und-wiederentdeckten-traditionen\/#primaryimage","url":"https:\/\/www.visitamalfi.info\/wp-content\/uploads\/2023\/08\/1.jpeg","contentUrl":"https:\/\/www.visitamalfi.info\/wp-content\/uploads\/2023\/08\/1.jpeg","width":1600,"height":1064},{"@type":"BreadcrumbList","@id":"https:\/\/www.visitamalfi.info\/de\/fall\/das-byzantinische-neujahr-2025-ein-eintauchen-in-die-geschichte-zwischen-mittelalterlicher-pracht-und-wiederentdeckten-traditionen\/#breadcrumb","itemListElement":[{"@type":"ListItem","position":1,"name":"Home","item":"https:\/\/www.visitamalfi.info\/de\/"},{"@type":"ListItem","position":2,"name":"Veranstaltungen","item":"https:\/\/www.visitamalfi.info\/de\/eventi\/"},{"@type":"ListItem","position":3,"name":"Das byzantinische Neujahr 2025 &#8211; Ein Eintauchen in die Geschichte, zwischen mittelalterlicher Pracht und wiederentdeckten Traditionen"}]},{"@type":"WebSite","@id":"https:\/\/www.visitamalfi.info\/de\/#website","url":"https:\/\/www.visitamalfi.info\/de\/","name":"Visit Amalfi","description":"Amalfi Destination Official Website","publisher":{"@id":"https:\/\/www.visitamalfi.info\/de\/#organization"},"potentialAction":[{"@type":"SearchAction","target":{"@type":"EntryPoint","urlTemplate":"https:\/\/www.visitamalfi.info\/de\/?s={search_term_string}"},"query-input":{"@type":"PropertyValueSpecification","valueRequired":true,"valueName":"search_term_string"}}],"inLanguage":"de"},{"@type":"Organization","@id":"https:\/\/www.visitamalfi.info\/de\/#organization","name":"Visit Amalfi","url":"https:\/\/www.visitamalfi.info\/de\/","logo":{"@type":"ImageObject","inLanguage":"de","@id":"https:\/\/www.visitamalfi.info\/de\/#\/schema\/logo\/image\/","url":"https:\/\/www.visitamalfi.info\/wp-content\/uploads\/2023\/04\/visit-amalfi-logo-web.png","contentUrl":"https:\/\/www.visitamalfi.info\/wp-content\/uploads\/2023\/04\/visit-amalfi-logo-web.png","width":800,"height":870,"caption":"Visit Amalfi"},"image":{"@id":"https:\/\/www.visitamalfi.info\/de\/#\/schema\/logo\/image\/"},"sameAs":["https:\/\/www.facebook.com\/visitamalfiofficial","https:\/\/www.instagram.com\/visitamalfiofficial\/"]}]}},"_links":{"self":[{"href":"https:\/\/www.visitamalfi.info\/de\/wp-json\/wp\/v2\/tribe_events\/22478","targetHints":{"allow":["GET"]}}],"collection":[{"href":"https:\/\/www.visitamalfi.info\/de\/wp-json\/wp\/v2\/tribe_events"}],"about":[{"href":"https:\/\/www.visitamalfi.info\/de\/wp-json\/wp\/v2\/types\/tribe_events"}],"author":[{"embeddable":true,"href":"https:\/\/www.visitamalfi.info\/de\/wp-json\/wp\/v2\/users\/7"}],"version-history":[{"count":1,"href":"https:\/\/www.visitamalfi.info\/de\/wp-json\/wp\/v2\/tribe_events\/22478\/revisions"}],"predecessor-version":[{"id":22518,"href":"https:\/\/www.visitamalfi.info\/de\/wp-json\/wp\/v2\/tribe_events\/22478\/revisions\/22518"}],"wp:featuredmedia":[{"embeddable":true,"href":"https:\/\/www.visitamalfi.info\/de\/wp-json\/wp\/v2\/media\/10545"}],"wp:attachment":[{"href":"https:\/\/www.visitamalfi.info\/de\/wp-json\/wp\/v2\/media?parent=22478"}],"wp:term":[{"taxonomy":"post_tag","embeddable":true,"href":"https:\/\/www.visitamalfi.info\/de\/wp-json\/wp\/v2\/tags?post=22478"},{"taxonomy":"tribe_events_cat","embeddable":true,"href":"https:\/\/www.visitamalfi.info\/de\/wp-json\/wp\/v2\/tribe_events_cat?post=22478"}],"curies":[{"name":"wp","href":"https:\/\/api.w.org\/{rel}","templated":true}]}}