{"id":22119,"date":"2025-06-23T14:43:29","date_gmt":"2025-06-23T12:43:29","guid":{"rendered":"https:\/\/www.visitamalfi.info\/evento\/amalfi-im-jazz-amy-winehouse-band\/"},"modified":"2025-06-23T14:43:29","modified_gmt":"2025-06-23T12:43:29","slug":"amalfi-im-jazz-amy-winehouse-band","status":"publish","type":"tribe_events","link":"https:\/\/www.visitamalfi.info\/de\/fall\/amalfi-im-jazz-amy-winehouse-band\/","title":{"rendered":"Amalfi im Jazz &#8211; Amy Winehouse Band"},"content":{"rendered":"<p>Die Originalband von <strong><em>Amy Winehouse<\/em><\/strong>angef\u00fchrt von ihrem langj\u00e4hrigen musikalischen Leiter und Bassisten <strong><em>Dale Davis<\/em><\/strong> &#8211; Amys enger Freund seit ihren fr\u00fchen Tagen &#8211; feiert die \u00c4ra, die Musik und Live-Performance weltweit neu definiert hat. Eine Show, die Amys Geist, ihr Verm\u00e4chtnis und ihren einzigartigen Sound lebendig h\u00e4lt, in einer authentischen Verbindung, die nur durch ihre Originalband m\u00f6glich ist. Mit der au\u00dfergew\u00f6hnlichen Stimme von <strong><em>Bronte Shand\u00e9<\/em><\/strong>ist dieses Konzert zu einem unvergesslichen Erlebnis f\u00fcr jede Generation geworden: eine ausverkaufte Hommage in Theatern, Festivals und auf Tourneen in ganz Gro\u00dfbritannien, Europa und der Welt. Eine emotionale Reise durch die gr\u00f6\u00dften Hits und Meisterwerke der preisgekr\u00f6nten Alben von Amy Winehouse&#8230; und mehr<strong>.<\/strong><\/p>\n","protected":false},"excerpt":{"rendered":"<p>Eine Show, die Amys Geist, ihr Verm\u00e4chtnis und ihren einzigartigen Sound lebendig h\u00e4lt, in einer authentischen Verbindung, die nur durch ihre Originalband m\u00f6glich ist. <\/p>\n","protected":false},"author":7,"featured_media":22083,"template":"","meta":{"inline_featured_image":false,"_tribe_events_status":"","_tribe_events_status_reason":"","footnotes":""},"tags":[],"tribe_events_cat":[649,361],"class_list":["post-22119","tribe_events","type-tribe_events","status-publish","has-post-thumbnail","hentry","tribe_events_cat-live-ubertragungen","tribe_events_cat-musica-dal-vivo-de","cat_live-ubertragungen","cat_musica-dal-vivo-de"],"yoast_head":"<!-- This site is optimized with the Yoast SEO plugin v27.3 - https:\/\/yoast.com\/product\/yoast-seo-wordpress\/ -->\n<title>Amalfi im Jazz - Amy Winehouse Band - Visit Amalfi<\/title>\n<meta name=\"robots\" content=\"index, follow, max-snippet:-1, max-image-preview:large, max-video-preview:-1\" \/>\n<link rel=\"canonical\" href=\"https:\/\/www.visitamalfi.info\/de\/fall\/amalfi-im-jazz-amy-winehouse-band\/\" \/>\n<meta property=\"og:locale\" content=\"de_DE\" \/>\n<meta property=\"og:type\" content=\"article\" \/>\n<meta property=\"og:title\" content=\"Amalfi im Jazz - Amy Winehouse Band - Visit Amalfi\" \/>\n<meta property=\"og:description\" content=\"Eine Show, die Amys Geist, ihr Verm\u00e4chtnis und ihren einzigartigen Sound lebendig h\u00e4lt, in einer authentischen Verbindung, die nur durch ihre Originalband m\u00f6glich ist.\" \/>\n<meta property=\"og:url\" content=\"https:\/\/www.visitamalfi.info\/de\/fall\/amalfi-im-jazz-amy-winehouse-band\/\" \/>\n<meta property=\"og:site_name\" content=\"Visit Amalfi\" \/>\n<meta property=\"article:publisher\" content=\"https:\/\/www.facebook.com\/visitamalfiofficial\" \/>\n<meta name=\"twitter:card\" content=\"summary_large_image\" \/>\n<meta name=\"twitter:label1\" content=\"Gesch\u00e4tzte Lesezeit\" \/>\n\t<meta name=\"twitter:data1\" content=\"1\u00a0Minute\" \/>\n<script type=\"application\/ld+json\" class=\"yoast-schema-graph\">{\"@context\":\"https:\\\/\\\/schema.org\",\"@graph\":[{\"@type\":\"WebPage\",\"@id\":\"https:\\\/\\\/www.visitamalfi.info\\\/de\\\/fall\\\/amalfi-im-jazz-amy-winehouse-band\\\/\",\"url\":\"https:\\\/\\\/www.visitamalfi.info\\\/de\\\/fall\\\/amalfi-im-jazz-amy-winehouse-band\\\/\",\"name\":\"Amalfi im Jazz - Amy Winehouse Band - Visit Amalfi\",\"isPartOf\":{\"@id\":\"https:\\\/\\\/www.visitamalfi.info\\\/de\\\/#website\"},\"primaryImageOfPage\":{\"@id\":\"https:\\\/\\\/www.visitamalfi.info\\\/de\\\/fall\\\/amalfi-im-jazz-amy-winehouse-band\\\/#primaryimage\"},\"image\":{\"@id\":\"https:\\\/\\\/www.visitamalfi.info\\\/de\\\/fall\\\/amalfi-im-jazz-amy-winehouse-band\\\/#primaryimage\"},\"thumbnailUrl\":\"https:\\\/\\\/www.visitamalfi.info\\\/wp-content\\\/uploads\\\/2025\\\/06\\\/concerto-cover-queen-of-bulsara-foto-abbagnara-66.jpg\",\"datePublished\":\"2025-06-23T12:43:29+00:00\",\"breadcrumb\":{\"@id\":\"https:\\\/\\\/www.visitamalfi.info\\\/de\\\/fall\\\/amalfi-im-jazz-amy-winehouse-band\\\/#breadcrumb\"},\"inLanguage\":\"de\",\"potentialAction\":[{\"@type\":\"ReadAction\",\"target\":[\"https:\\\/\\\/www.visitamalfi.info\\\/de\\\/fall\\\/amalfi-im-jazz-amy-winehouse-band\\\/\"]}]},{\"@type\":\"ImageObject\",\"inLanguage\":\"de\",\"@id\":\"https:\\\/\\\/www.visitamalfi.info\\\/de\\\/fall\\\/amalfi-im-jazz-amy-winehouse-band\\\/#primaryimage\",\"url\":\"https:\\\/\\\/www.visitamalfi.info\\\/wp-content\\\/uploads\\\/2025\\\/06\\\/concerto-cover-queen-of-bulsara-foto-abbagnara-66.jpg\",\"contentUrl\":\"https:\\\/\\\/www.visitamalfi.info\\\/wp-content\\\/uploads\\\/2025\\\/06\\\/concerto-cover-queen-of-bulsara-foto-abbagnara-66.jpg\",\"width\":1920,\"height\":1280},{\"@type\":\"BreadcrumbList\",\"@id\":\"https:\\\/\\\/www.visitamalfi.info\\\/de\\\/fall\\\/amalfi-im-jazz-amy-winehouse-band\\\/#breadcrumb\",\"itemListElement\":[{\"@type\":\"ListItem\",\"position\":1,\"name\":\"Home\",\"item\":\"https:\\\/\\\/www.visitamalfi.info\\\/de\\\/\"},{\"@type\":\"ListItem\",\"position\":2,\"name\":\"Veranstaltungen\",\"item\":\"https:\\\/\\\/www.visitamalfi.info\\\/de\\\/eventi\\\/\"},{\"@type\":\"ListItem\",\"position\":3,\"name\":\"Amalfi im Jazz &#8211; Amy Winehouse Band\"}]},{\"@type\":\"WebSite\",\"@id\":\"https:\\\/\\\/www.visitamalfi.info\\\/de\\\/#website\",\"url\":\"https:\\\/\\\/www.visitamalfi.info\\\/de\\\/\",\"name\":\"Visit Amalfi\",\"description\":\"Amalfi Destination Official Website\",\"publisher\":{\"@id\":\"https:\\\/\\\/www.visitamalfi.info\\\/de\\\/#organization\"},\"potentialAction\":[{\"@type\":\"SearchAction\",\"target\":{\"@type\":\"EntryPoint\",\"urlTemplate\":\"https:\\\/\\\/www.visitamalfi.info\\\/de\\\/?s={search_term_string}\"},\"query-input\":{\"@type\":\"PropertyValueSpecification\",\"valueRequired\":true,\"valueName\":\"search_term_string\"}}],\"inLanguage\":\"de\"},{\"@type\":\"Organization\",\"@id\":\"https:\\\/\\\/www.visitamalfi.info\\\/de\\\/#organization\",\"name\":\"Visit Amalfi\",\"url\":\"https:\\\/\\\/www.visitamalfi.info\\\/de\\\/\",\"logo\":{\"@type\":\"ImageObject\",\"inLanguage\":\"de\",\"@id\":\"https:\\\/\\\/www.visitamalfi.info\\\/de\\\/#\\\/schema\\\/logo\\\/image\\\/\",\"url\":\"https:\\\/\\\/www.visitamalfi.info\\\/wp-content\\\/uploads\\\/2023\\\/04\\\/visit-amalfi-logo-web.png\",\"contentUrl\":\"https:\\\/\\\/www.visitamalfi.info\\\/wp-content\\\/uploads\\\/2023\\\/04\\\/visit-amalfi-logo-web.png\",\"width\":800,\"height\":870,\"caption\":\"Visit Amalfi\"},\"image\":{\"@id\":\"https:\\\/\\\/www.visitamalfi.info\\\/de\\\/#\\\/schema\\\/logo\\\/image\\\/\"},\"sameAs\":[\"https:\\\/\\\/www.facebook.com\\\/visitamalfiofficial\",\"https:\\\/\\\/www.instagram.com\\\/visitamalfiofficial\\\/\"]}]}<\/script>\n<!-- \/ Yoast SEO plugin. -->","yoast_head_json":{"title":"Amalfi im Jazz - Amy Winehouse Band - Visit Amalfi","robots":{"index":"index","follow":"follow","max-snippet":"max-snippet:-1","max-image-preview":"max-image-preview:large","max-video-preview":"max-video-preview:-1"},"canonical":"https:\/\/www.visitamalfi.info\/de\/fall\/amalfi-im-jazz-amy-winehouse-band\/","og_locale":"de_DE","og_type":"article","og_title":"Amalfi im Jazz - Amy Winehouse Band - Visit Amalfi","og_description":"Eine Show, die Amys Geist, ihr Verm\u00e4chtnis und ihren einzigartigen Sound lebendig h\u00e4lt, in einer authentischen Verbindung, die nur durch ihre Originalband m\u00f6glich ist.","og_url":"https:\/\/www.visitamalfi.info\/de\/fall\/amalfi-im-jazz-amy-winehouse-band\/","og_site_name":"Visit Amalfi","article_publisher":"https:\/\/www.facebook.com\/visitamalfiofficial","twitter_card":"summary_large_image","twitter_misc":{"Gesch\u00e4tzte Lesezeit":"1\u00a0Minute"},"schema":{"@context":"https:\/\/schema.org","@graph":[{"@type":"WebPage","@id":"https:\/\/www.visitamalfi.info\/de\/fall\/amalfi-im-jazz-amy-winehouse-band\/","url":"https:\/\/www.visitamalfi.info\/de\/fall\/amalfi-im-jazz-amy-winehouse-band\/","name":"Amalfi im Jazz - Amy Winehouse Band - Visit Amalfi","isPartOf":{"@id":"https:\/\/www.visitamalfi.info\/de\/#website"},"primaryImageOfPage":{"@id":"https:\/\/www.visitamalfi.info\/de\/fall\/amalfi-im-jazz-amy-winehouse-band\/#primaryimage"},"image":{"@id":"https:\/\/www.visitamalfi.info\/de\/fall\/amalfi-im-jazz-amy-winehouse-band\/#primaryimage"},"thumbnailUrl":"https:\/\/www.visitamalfi.info\/wp-content\/uploads\/2025\/06\/concerto-cover-queen-of-bulsara-foto-abbagnara-66.jpg","datePublished":"2025-06-23T12:43:29+00:00","breadcrumb":{"@id":"https:\/\/www.visitamalfi.info\/de\/fall\/amalfi-im-jazz-amy-winehouse-band\/#breadcrumb"},"inLanguage":"de","potentialAction":[{"@type":"ReadAction","target":["https:\/\/www.visitamalfi.info\/de\/fall\/amalfi-im-jazz-amy-winehouse-band\/"]}]},{"@type":"ImageObject","inLanguage":"de","@id":"https:\/\/www.visitamalfi.info\/de\/fall\/amalfi-im-jazz-amy-winehouse-band\/#primaryimage","url":"https:\/\/www.visitamalfi.info\/wp-content\/uploads\/2025\/06\/concerto-cover-queen-of-bulsara-foto-abbagnara-66.jpg","contentUrl":"https:\/\/www.visitamalfi.info\/wp-content\/uploads\/2025\/06\/concerto-cover-queen-of-bulsara-foto-abbagnara-66.jpg","width":1920,"height":1280},{"@type":"BreadcrumbList","@id":"https:\/\/www.visitamalfi.info\/de\/fall\/amalfi-im-jazz-amy-winehouse-band\/#breadcrumb","itemListElement":[{"@type":"ListItem","position":1,"name":"Home","item":"https:\/\/www.visitamalfi.info\/de\/"},{"@type":"ListItem","position":2,"name":"Veranstaltungen","item":"https:\/\/www.visitamalfi.info\/de\/eventi\/"},{"@type":"ListItem","position":3,"name":"Amalfi im Jazz &#8211; Amy Winehouse Band"}]},{"@type":"WebSite","@id":"https:\/\/www.visitamalfi.info\/de\/#website","url":"https:\/\/www.visitamalfi.info\/de\/","name":"Visit Amalfi","description":"Amalfi Destination Official Website","publisher":{"@id":"https:\/\/www.visitamalfi.info\/de\/#organization"},"potentialAction":[{"@type":"SearchAction","target":{"@type":"EntryPoint","urlTemplate":"https:\/\/www.visitamalfi.info\/de\/?s={search_term_string}"},"query-input":{"@type":"PropertyValueSpecification","valueRequired":true,"valueName":"search_term_string"}}],"inLanguage":"de"},{"@type":"Organization","@id":"https:\/\/www.visitamalfi.info\/de\/#organization","name":"Visit Amalfi","url":"https:\/\/www.visitamalfi.info\/de\/","logo":{"@type":"ImageObject","inLanguage":"de","@id":"https:\/\/www.visitamalfi.info\/de\/#\/schema\/logo\/image\/","url":"https:\/\/www.visitamalfi.info\/wp-content\/uploads\/2023\/04\/visit-amalfi-logo-web.png","contentUrl":"https:\/\/www.visitamalfi.info\/wp-content\/uploads\/2023\/04\/visit-amalfi-logo-web.png","width":800,"height":870,"caption":"Visit Amalfi"},"image":{"@id":"https:\/\/www.visitamalfi.info\/de\/#\/schema\/logo\/image\/"},"sameAs":["https:\/\/www.facebook.com\/visitamalfiofficial","https:\/\/www.instagram.com\/visitamalfiofficial\/"]}]}},"_links":{"self":[{"href":"https:\/\/www.visitamalfi.info\/de\/wp-json\/wp\/v2\/tribe_events\/22119","targetHints":{"allow":["GET"]}}],"collection":[{"href":"https:\/\/www.visitamalfi.info\/de\/wp-json\/wp\/v2\/tribe_events"}],"about":[{"href":"https:\/\/www.visitamalfi.info\/de\/wp-json\/wp\/v2\/types\/tribe_events"}],"author":[{"embeddable":true,"href":"https:\/\/www.visitamalfi.info\/de\/wp-json\/wp\/v2\/users\/7"}],"version-history":[{"count":0,"href":"https:\/\/www.visitamalfi.info\/de\/wp-json\/wp\/v2\/tribe_events\/22119\/revisions"}],"wp:featuredmedia":[{"embeddable":true,"href":"https:\/\/www.visitamalfi.info\/de\/wp-json\/wp\/v2\/media\/22083"}],"wp:attachment":[{"href":"https:\/\/www.visitamalfi.info\/de\/wp-json\/wp\/v2\/media?parent=22119"}],"wp:term":[{"taxonomy":"post_tag","embeddable":true,"href":"https:\/\/www.visitamalfi.info\/de\/wp-json\/wp\/v2\/tags?post=22119"},{"taxonomy":"tribe_events_cat","embeddable":true,"href":"https:\/\/www.visitamalfi.info\/de\/wp-json\/wp\/v2\/tribe_events_cat?post=22119"}],"curies":[{"name":"wp","href":"https:\/\/api.w.org\/{rel}","templated":true}]}}