{"id":21912,"date":"2025-06-19T09:49:07","date_gmt":"2025-06-19T07:49:07","guid":{"rendered":"https:\/\/www.visitamalfi.info\/evento\/der-heilige-andreas-in-amalfi-ein-immer-wieder-erwartetes-und-geliebtes-ereignis\/"},"modified":"2025-06-23T15:56:38","modified_gmt":"2025-06-23T13:56:38","slug":"der-heilige-andreas-in-amalfi-ein-immer-wieder-erwartetes-und-geliebtes-ereignis","status":"publish","type":"tribe_events","link":"https:\/\/www.visitamalfi.info\/de\/fall\/der-heilige-andreas-in-amalfi-ein-immer-wieder-erwartetes-und-geliebtes-ereignis\/","title":{"rendered":"Der Heilige Andreas in Amalfi: ein immer wieder erwartetes und geliebtes Ereignis"},"content":{"rendered":"<p data-start=\"243\" data-end=\"459\">Am 27. Juni putzt sich Amalfi heraus, um den <strong>Heiligen Andreas<\/strong>, den Schutzpatron der Stadt, zu feiern. Ein Ereignis, das von der ganzen Gemeinde erwartet und empfunden wird und Spiritualit\u00e4t, Tradition und Spektakel in einem einzigartigen Rahmen vereint.<\/p>\n<p data-start=\"461\" data-end=\"915\">Die feierlichen religi\u00f6sen <strong>Zeremonien<\/strong> in der Kathedrale, einer Schatztruhe des Glaubens und der Kunst, in der die Reliquien des Apostels aufbewahrt werden, die stimmungsvolle <strong>Prozession<\/strong> durch die Stra\u00dfen der Altstadt bis zur Strandpromenade: einer der bewegendsten Momente, der ber\u00fchmte<strong>\u201eLauf<\/strong>\u201c, der den Ritus abschlie\u00dft, indem die Statue des Heiligen Andreas unter Applaus und R\u00fchrung die monumentalen Stufen der Kathedrale hinaufgetragen wird.<\/p>\n<p data-start=\"917\" data-end=\"1241\">Und nat\u00fcrlich Musik und Feuerwerk, die den Himmel und das Meer erleuchten und den B\u00fcrgern und Besuchern ein unvergessliches Erlebnis bescheren.<\/p>\n<p data-start=\"917\" data-end=\"1241\">Die Teilnahme am Fest des Heiligen Andreas bedeutet, in das authentische Herz von Amalfi einzutauchen, wo sich Glaube, Geschichte und Gemeinschaft treffen und jedes Jahr erneuert werden.<\/p>\n<p><strong>DAS PROGRAMM:<\/strong><\/p>\n<p class=\"p1\">MONTAG 23 &#8211; DIENSTAG 24 JUNI<\/p>\n<ul>\n<li class=\"p1\">Krypta von St. Andrew&#8217;s 7 p.m. Heilige Messe und Coronella<\/li>\n<\/ul>\n<p class=\"p1\">MITTWOCH 25 JUNI<\/p>\n<ul>\n<li class=\"p1\">Dombasilika 19 Uhr P\u00e4pstliches Hochamt, zelebriert von S.E. Msgr. ORAZIO SORICELLI, Erzbischof von Amalfi &#8211; Cava de&#8217; Tirreni, mit dem Ritus der Diakonatsweihe des Akolythen Nicola Sarno<\/li>\n<\/ul>\n<p class=\"p1\">DONNERSTAG, 26. JUNI &#8211; Vorabend des Festes von Via delle Cartiere<\/p>\n<ul>\n<li class=\"p1\">8.30 Uhr Rundgang zum Konzert der Band durch die Stra\u00dfen der Stadt Kathedrale Basilika<\/li>\n<li class=\"p1\">10 Uhr Ausstellung der Statue des Heiligen Andreas und Heilige Messe Basilika Domplatz<\/li>\n<li class=\"p1\">21.30 Uhr Auftritt der Band &#8216;Caffeina<\/li>\n<\/ul>\n<p class=\"p1\">FREITAG 27 JUNI<\/p>\n<ul>\n<li class=\"p1\">Fest des Patronats der Kathedrale St. Andreas<\/li>\n<li class=\"p1\">7 &#8211; 8 &#8211; 9 &#8211; 18.30 Heilige Messen in der Via delle Cartiere<\/li>\n<li class=\"p1\">8.30 Uhr Rundgang zum Konzert der Band durch die Stra\u00dfen der Stadt Kathedrale Basilika<\/li>\n<li class=\"p1\">10.30 Uhr Pontifikalamt, zelebriert von S.E. Hochw\u00fcrden Msgr. ORAZIO SORICELLI, mitgestaltet von der Schola Cantorum \u201eCantate Domino &#8211; Aloysiana\u201c Piazza Spirito Santo<\/li>\n<li class=\"p1\">10.30 Uhr Matinee des Bandkonzerts<\/li>\n<li class=\"p1\">12 Uhr Festliches L\u00e4uten aller Kirchenglocken der Stadt von der Piazza Spirito Santo 18 Uhr Rundgang des Bandkonzerts durch die Stra\u00dfen der Stadt von der Dombasilika aus 20 Uhr Prozession entlang der traditionellen Route<\/li>\n<li class=\"p1\">23.30 Pyrotechnische Show<\/li>\n<\/ul>\n<p class=\"p1\">SONNTAG 29. JUNI<\/p>\n<ul>\n<li class=\"p1\">Hochfest der Heiligen Petrus und Paulus Apostel Kathedrale Basilika 7 p.m. Zweite Vesper<\/li>\n<li class=\"p1\">19.30 Uhr Heilige Messe und Wiederaufstellung der verehrten Statue<\/li>\n<\/ul>\n<p class=\"p1\">MONTAG, 30. JUNI<\/p>\n<ul>\n<li class=\"p1\">Kathedrale Basilika 19.00 Uhr Pontifikalamt mit S.E. Msgr. ORAZIO SORICELLI zum XXV. Jahrestag seiner Bischofsweihe<\/li>\n<\/ul>\n<p>&nbsp;<\/p>\n<div class=\"page\" title=\"Seite 1\">\n<div class=\"section\">\n<div class=\"layoutArea\">\n<div class=\"column\">\n<p>Um eine friedliche und ordnungsgem\u00e4\u00dfe Durchf\u00fchrung der religi\u00f6sen Veranstaltung zu gew\u00e4hrleisten, <strong>wird Folgendes angeordnet<\/strong>:<\/p>\n<\/div>\n<\/div>\n<\/div>\n<\/div>\n<div class=\"page\" title=\"Page 2\">\n<div class=\"section\">\n<div class=\"layoutArea\">\n<div class=\"column\">\n<ul>\n<li>am 27. Juni 2025 ist die Durchfahrt von der Via Mansone I\u00b0 bis zur Via delle Cartiere (Kreuzung mit der Via Grade Lunghe) von 19.00 Uhr bis 22.00 Uhr verboten, und zwar ausschlie\u00dflich f\u00fcr die Zeit, die f\u00fcr die geplante religi\u00f6se Prozession unbedingt erforderlich ist, mit Ausnahme von Einsatzfahrzeugen und der Polizei;<\/li>\n<li>am 26. Juni 2025 ist die Durchfahrt von der Via Mansone I\u00b0 bis zur Via Cardinale Marino del Giudice von 21.00 Uhr bis Mitternacht verboten, und zwar ausschlie\u00dflich f\u00fcr die Zeit, die f\u00fcr die Durchf\u00fchrung der geplanten Veranstaltung unbedingt erforderlich ist, ausgenommen Einsatzfahrzeuge und Polizeikr\u00e4fte;<\/li>\n<li>am 27. Juni 2025 ist die Durchfahrt und das Parken f\u00fcr Fahrzeuge und Fu\u00dfg\u00e4nger auf dem Darsena-Pier von 06.00 bis 02.00 Uhr und in jedem Fall bis zum Ende der R\u00e4umungsarbeiten durch das zum Abschie\u00dfen von Feuerwerksk\u00f6rpern autorisierte Unternehmen verboten;<\/li>\n<li>am 27. Juni 2025 ist das Parken von Fahrzeugen und Fu\u00dfg\u00e4ngern auf dem Vorplatz von Darsena von 19.00 Uhr bis 2.00 Uhr morgens und in jedem Fall bis zum Ende der R\u00e4umungsarbeiten durch das zum Abschie\u00dfen von Feuerwerksk\u00f6rpern autorisierte Unternehmen verboten;<\/li>\n<li>am 27. Juni 2025 ist das Parken von Fahrzeugen und Fu\u00dfg\u00e4ngern auf der Piazza Flavio Gioia I\u00b0 von 19.00 Uhr bis 2.00 Uhr morgens und in jedem Fall bis zum Ende der R\u00e4umungsarbeiten durch das zum Abschie\u00dfen von Feuerwerksk\u00f6rpern autorisierte Unternehmen verboten;<\/li>\n<li>die Konzessionen der \u00f6ffentlichen Lokale Bar Francese, Bistrot Pansa, Porto Salvo sowie die der kommerziellen Aktivit\u00e4ten in der N\u00e4he des Supportico Marina Piccola am 27. Juni 2025 von 18.00 bis 22.00 Uhr und auf jeden Fall bis zum Ende des Festumzugs vollst\u00e4ndig ausgesetzt werden und der konzessionierte Raum vollst\u00e4ndig leer bleiben muss;<\/li>\n<li>am 27. Juni 2025 ist es w\u00e4hrend der Durchfahrt der Prozession verboten, auf der \u00f6ffentlichen Stra\u00dfe, die von der Veranstaltung betroffen ist, Speisen und\/oder Getr\u00e4nke in irgendeiner Form (auch zum Mitnehmen) anzubieten.<\/li>\n<\/ul>\n<\/div>\n<\/div>\n<div class=\"layoutArea\">\n<div class=\"column\">\n<p>Die Stadtpolizei beh\u00e4lt sich das Recht vor, w\u00e4hrend der Zeit der Sperrung des Autoverkehrs in den Pausen des Musikprogramms die Durchfahrt f\u00fcr Fahrzeuge zu erlauben, je nach den Erfordernissen des Dienstes.<\/p>\n<\/div>\n<\/div>\n<\/div>\n<\/div>\n","protected":false},"excerpt":{"rendered":"<p>Am 27. Juni putzt sich Amalfi heraus, um den Heiligen Andreas, den Schutzpatron der Stadt, zu feiern. Ein Ereignis, das von der ganzen Gemeinde erwartet und empfunden wird und Spiritualit\u00e4t, [&hellip;]<\/p>\n","protected":false},"author":7,"featured_media":21839,"template":"","meta":{"inline_featured_image":false,"_tribe_events_status":"","_tribe_events_status_reason":"","footnotes":""},"tags":[],"tribe_events_cat":[714,603,638,558],"class_list":["post-21912","tribe_events","type-tribe_events","status-publish","has-post-thumbnail","hentry","tribe_events_cat-historisches-ereignis","tribe_events_cat-kultur","tribe_events_cat-musik","tribe_events_cat-tradition","cat_historisches-ereignis","cat_kultur","cat_musik","cat_tradition"],"yoast_head":"<!-- This site is optimized with the Yoast SEO plugin v27.3 - https:\/\/yoast.com\/product\/yoast-seo-wordpress\/ -->\n<title>Der Heilige Andreas in Amalfi: ein immer wieder erwartetes und geliebtes Ereignis - Visit Amalfi<\/title>\n<meta name=\"robots\" content=\"index, follow, max-snippet:-1, max-image-preview:large, max-video-preview:-1\" \/>\n<link rel=\"canonical\" href=\"https:\/\/www.visitamalfi.info\/de\/fall\/der-heilige-andreas-in-amalfi-ein-immer-wieder-erwartetes-und-geliebtes-ereignis\/\" \/>\n<meta property=\"og:locale\" content=\"de_DE\" \/>\n<meta property=\"og:type\" content=\"article\" \/>\n<meta property=\"og:title\" content=\"Der Heilige Andreas in Amalfi: ein immer wieder erwartetes und geliebtes Ereignis - Visit Amalfi\" \/>\n<meta property=\"og:description\" content=\"Am 27. Juni putzt sich Amalfi heraus, um den Heiligen Andreas, den Schutzpatron der Stadt, zu feiern. Ein Ereignis, das von der ganzen Gemeinde erwartet und empfunden wird und Spiritualit\u00e4t, [&hellip;]\" \/>\n<meta property=\"og:url\" content=\"https:\/\/www.visitamalfi.info\/de\/fall\/der-heilige-andreas-in-amalfi-ein-immer-wieder-erwartetes-und-geliebtes-ereignis\/\" \/>\n<meta property=\"og:site_name\" content=\"Visit Amalfi\" \/>\n<meta property=\"article:publisher\" content=\"https:\/\/www.facebook.com\/visitamalfiofficial\" \/>\n<meta property=\"article:modified_time\" content=\"2025-06-23T13:56:38+00:00\" \/>\n<meta property=\"og:image\" content=\"https:\/\/www.visitamalfi.info\/wp-content\/uploads\/2025\/06\/51-Cattedrale-foto-abbagnara.jpg\" \/>\n\t<meta property=\"og:image:width\" content=\"1920\" \/>\n\t<meta property=\"og:image:height\" content=\"1280\" \/>\n\t<meta property=\"og:image:type\" content=\"image\/jpeg\" \/>\n<meta name=\"twitter:card\" content=\"summary_large_image\" \/>\n<meta name=\"twitter:label1\" content=\"Gesch\u00e4tzte Lesezeit\" \/>\n\t<meta name=\"twitter:data1\" content=\"4\u00a0Minuten\" \/>\n<script type=\"application\/ld+json\" class=\"yoast-schema-graph\">{\"@context\":\"https:\\\/\\\/schema.org\",\"@graph\":[{\"@type\":\"WebPage\",\"@id\":\"https:\\\/\\\/www.visitamalfi.info\\\/de\\\/fall\\\/der-heilige-andreas-in-amalfi-ein-immer-wieder-erwartetes-und-geliebtes-ereignis\\\/\",\"url\":\"https:\\\/\\\/www.visitamalfi.info\\\/de\\\/fall\\\/der-heilige-andreas-in-amalfi-ein-immer-wieder-erwartetes-und-geliebtes-ereignis\\\/\",\"name\":\"Der Heilige Andreas in Amalfi: ein immer wieder erwartetes und geliebtes Ereignis - Visit Amalfi\",\"isPartOf\":{\"@id\":\"https:\\\/\\\/www.visitamalfi.info\\\/de\\\/#website\"},\"primaryImageOfPage\":{\"@id\":\"https:\\\/\\\/www.visitamalfi.info\\\/de\\\/fall\\\/der-heilige-andreas-in-amalfi-ein-immer-wieder-erwartetes-und-geliebtes-ereignis\\\/#primaryimage\"},\"image\":{\"@id\":\"https:\\\/\\\/www.visitamalfi.info\\\/de\\\/fall\\\/der-heilige-andreas-in-amalfi-ein-immer-wieder-erwartetes-und-geliebtes-ereignis\\\/#primaryimage\"},\"thumbnailUrl\":\"https:\\\/\\\/www.visitamalfi.info\\\/wp-content\\\/uploads\\\/2025\\\/06\\\/51-Cattedrale-foto-abbagnara.jpg\",\"datePublished\":\"2025-06-19T07:49:07+00:00\",\"dateModified\":\"2025-06-23T13:56:38+00:00\",\"breadcrumb\":{\"@id\":\"https:\\\/\\\/www.visitamalfi.info\\\/de\\\/fall\\\/der-heilige-andreas-in-amalfi-ein-immer-wieder-erwartetes-und-geliebtes-ereignis\\\/#breadcrumb\"},\"inLanguage\":\"de\",\"potentialAction\":[{\"@type\":\"ReadAction\",\"target\":[\"https:\\\/\\\/www.visitamalfi.info\\\/de\\\/fall\\\/der-heilige-andreas-in-amalfi-ein-immer-wieder-erwartetes-und-geliebtes-ereignis\\\/\"]}]},{\"@type\":\"ImageObject\",\"inLanguage\":\"de\",\"@id\":\"https:\\\/\\\/www.visitamalfi.info\\\/de\\\/fall\\\/der-heilige-andreas-in-amalfi-ein-immer-wieder-erwartetes-und-geliebtes-ereignis\\\/#primaryimage\",\"url\":\"https:\\\/\\\/www.visitamalfi.info\\\/wp-content\\\/uploads\\\/2025\\\/06\\\/51-Cattedrale-foto-abbagnara.jpg\",\"contentUrl\":\"https:\\\/\\\/www.visitamalfi.info\\\/wp-content\\\/uploads\\\/2025\\\/06\\\/51-Cattedrale-foto-abbagnara.jpg\",\"width\":1920,\"height\":1280},{\"@type\":\"BreadcrumbList\",\"@id\":\"https:\\\/\\\/www.visitamalfi.info\\\/de\\\/fall\\\/der-heilige-andreas-in-amalfi-ein-immer-wieder-erwartetes-und-geliebtes-ereignis\\\/#breadcrumb\",\"itemListElement\":[{\"@type\":\"ListItem\",\"position\":1,\"name\":\"Home\",\"item\":\"https:\\\/\\\/www.visitamalfi.info\\\/de\\\/\"},{\"@type\":\"ListItem\",\"position\":2,\"name\":\"Veranstaltungen\",\"item\":\"https:\\\/\\\/www.visitamalfi.info\\\/de\\\/eventi\\\/\"},{\"@type\":\"ListItem\",\"position\":3,\"name\":\"Der Heilige Andreas in Amalfi: ein immer wieder erwartetes und geliebtes Ereignis\"}]},{\"@type\":\"WebSite\",\"@id\":\"https:\\\/\\\/www.visitamalfi.info\\\/de\\\/#website\",\"url\":\"https:\\\/\\\/www.visitamalfi.info\\\/de\\\/\",\"name\":\"Visit Amalfi\",\"description\":\"Amalfi Destination Official Website\",\"publisher\":{\"@id\":\"https:\\\/\\\/www.visitamalfi.info\\\/de\\\/#organization\"},\"potentialAction\":[{\"@type\":\"SearchAction\",\"target\":{\"@type\":\"EntryPoint\",\"urlTemplate\":\"https:\\\/\\\/www.visitamalfi.info\\\/de\\\/?s={search_term_string}\"},\"query-input\":{\"@type\":\"PropertyValueSpecification\",\"valueRequired\":true,\"valueName\":\"search_term_string\"}}],\"inLanguage\":\"de\"},{\"@type\":\"Organization\",\"@id\":\"https:\\\/\\\/www.visitamalfi.info\\\/de\\\/#organization\",\"name\":\"Visit Amalfi\",\"url\":\"https:\\\/\\\/www.visitamalfi.info\\\/de\\\/\",\"logo\":{\"@type\":\"ImageObject\",\"inLanguage\":\"de\",\"@id\":\"https:\\\/\\\/www.visitamalfi.info\\\/de\\\/#\\\/schema\\\/logo\\\/image\\\/\",\"url\":\"https:\\\/\\\/www.visitamalfi.info\\\/wp-content\\\/uploads\\\/2023\\\/04\\\/visit-amalfi-logo-web.png\",\"contentUrl\":\"https:\\\/\\\/www.visitamalfi.info\\\/wp-content\\\/uploads\\\/2023\\\/04\\\/visit-amalfi-logo-web.png\",\"width\":800,\"height\":870,\"caption\":\"Visit Amalfi\"},\"image\":{\"@id\":\"https:\\\/\\\/www.visitamalfi.info\\\/de\\\/#\\\/schema\\\/logo\\\/image\\\/\"},\"sameAs\":[\"https:\\\/\\\/www.facebook.com\\\/visitamalfiofficial\",\"https:\\\/\\\/www.instagram.com\\\/visitamalfiofficial\\\/\"]}]}<\/script>\n<!-- \/ Yoast SEO plugin. -->","yoast_head_json":{"title":"Der Heilige Andreas in Amalfi: ein immer wieder erwartetes und geliebtes Ereignis - Visit Amalfi","robots":{"index":"index","follow":"follow","max-snippet":"max-snippet:-1","max-image-preview":"max-image-preview:large","max-video-preview":"max-video-preview:-1"},"canonical":"https:\/\/www.visitamalfi.info\/de\/fall\/der-heilige-andreas-in-amalfi-ein-immer-wieder-erwartetes-und-geliebtes-ereignis\/","og_locale":"de_DE","og_type":"article","og_title":"Der Heilige Andreas in Amalfi: ein immer wieder erwartetes und geliebtes Ereignis - Visit Amalfi","og_description":"Am 27. Juni putzt sich Amalfi heraus, um den Heiligen Andreas, den Schutzpatron der Stadt, zu feiern. Ein Ereignis, das von der ganzen Gemeinde erwartet und empfunden wird und Spiritualit\u00e4t, [&hellip;]","og_url":"https:\/\/www.visitamalfi.info\/de\/fall\/der-heilige-andreas-in-amalfi-ein-immer-wieder-erwartetes-und-geliebtes-ereignis\/","og_site_name":"Visit Amalfi","article_publisher":"https:\/\/www.facebook.com\/visitamalfiofficial","article_modified_time":"2025-06-23T13:56:38+00:00","og_image":[{"width":1920,"height":1280,"url":"https:\/\/www.visitamalfi.info\/wp-content\/uploads\/2025\/06\/51-Cattedrale-foto-abbagnara.jpg","type":"image\/jpeg"}],"twitter_card":"summary_large_image","twitter_misc":{"Gesch\u00e4tzte Lesezeit":"4\u00a0Minuten"},"schema":{"@context":"https:\/\/schema.org","@graph":[{"@type":"WebPage","@id":"https:\/\/www.visitamalfi.info\/de\/fall\/der-heilige-andreas-in-amalfi-ein-immer-wieder-erwartetes-und-geliebtes-ereignis\/","url":"https:\/\/www.visitamalfi.info\/de\/fall\/der-heilige-andreas-in-amalfi-ein-immer-wieder-erwartetes-und-geliebtes-ereignis\/","name":"Der Heilige Andreas in Amalfi: ein immer wieder erwartetes und geliebtes Ereignis - Visit Amalfi","isPartOf":{"@id":"https:\/\/www.visitamalfi.info\/de\/#website"},"primaryImageOfPage":{"@id":"https:\/\/www.visitamalfi.info\/de\/fall\/der-heilige-andreas-in-amalfi-ein-immer-wieder-erwartetes-und-geliebtes-ereignis\/#primaryimage"},"image":{"@id":"https:\/\/www.visitamalfi.info\/de\/fall\/der-heilige-andreas-in-amalfi-ein-immer-wieder-erwartetes-und-geliebtes-ereignis\/#primaryimage"},"thumbnailUrl":"https:\/\/www.visitamalfi.info\/wp-content\/uploads\/2025\/06\/51-Cattedrale-foto-abbagnara.jpg","datePublished":"2025-06-19T07:49:07+00:00","dateModified":"2025-06-23T13:56:38+00:00","breadcrumb":{"@id":"https:\/\/www.visitamalfi.info\/de\/fall\/der-heilige-andreas-in-amalfi-ein-immer-wieder-erwartetes-und-geliebtes-ereignis\/#breadcrumb"},"inLanguage":"de","potentialAction":[{"@type":"ReadAction","target":["https:\/\/www.visitamalfi.info\/de\/fall\/der-heilige-andreas-in-amalfi-ein-immer-wieder-erwartetes-und-geliebtes-ereignis\/"]}]},{"@type":"ImageObject","inLanguage":"de","@id":"https:\/\/www.visitamalfi.info\/de\/fall\/der-heilige-andreas-in-amalfi-ein-immer-wieder-erwartetes-und-geliebtes-ereignis\/#primaryimage","url":"https:\/\/www.visitamalfi.info\/wp-content\/uploads\/2025\/06\/51-Cattedrale-foto-abbagnara.jpg","contentUrl":"https:\/\/www.visitamalfi.info\/wp-content\/uploads\/2025\/06\/51-Cattedrale-foto-abbagnara.jpg","width":1920,"height":1280},{"@type":"BreadcrumbList","@id":"https:\/\/www.visitamalfi.info\/de\/fall\/der-heilige-andreas-in-amalfi-ein-immer-wieder-erwartetes-und-geliebtes-ereignis\/#breadcrumb","itemListElement":[{"@type":"ListItem","position":1,"name":"Home","item":"https:\/\/www.visitamalfi.info\/de\/"},{"@type":"ListItem","position":2,"name":"Veranstaltungen","item":"https:\/\/www.visitamalfi.info\/de\/eventi\/"},{"@type":"ListItem","position":3,"name":"Der Heilige Andreas in Amalfi: ein immer wieder erwartetes und geliebtes Ereignis"}]},{"@type":"WebSite","@id":"https:\/\/www.visitamalfi.info\/de\/#website","url":"https:\/\/www.visitamalfi.info\/de\/","name":"Visit Amalfi","description":"Amalfi Destination Official Website","publisher":{"@id":"https:\/\/www.visitamalfi.info\/de\/#organization"},"potentialAction":[{"@type":"SearchAction","target":{"@type":"EntryPoint","urlTemplate":"https:\/\/www.visitamalfi.info\/de\/?s={search_term_string}"},"query-input":{"@type":"PropertyValueSpecification","valueRequired":true,"valueName":"search_term_string"}}],"inLanguage":"de"},{"@type":"Organization","@id":"https:\/\/www.visitamalfi.info\/de\/#organization","name":"Visit Amalfi","url":"https:\/\/www.visitamalfi.info\/de\/","logo":{"@type":"ImageObject","inLanguage":"de","@id":"https:\/\/www.visitamalfi.info\/de\/#\/schema\/logo\/image\/","url":"https:\/\/www.visitamalfi.info\/wp-content\/uploads\/2023\/04\/visit-amalfi-logo-web.png","contentUrl":"https:\/\/www.visitamalfi.info\/wp-content\/uploads\/2023\/04\/visit-amalfi-logo-web.png","width":800,"height":870,"caption":"Visit Amalfi"},"image":{"@id":"https:\/\/www.visitamalfi.info\/de\/#\/schema\/logo\/image\/"},"sameAs":["https:\/\/www.facebook.com\/visitamalfiofficial","https:\/\/www.instagram.com\/visitamalfiofficial\/"]}]}},"_links":{"self":[{"href":"https:\/\/www.visitamalfi.info\/de\/wp-json\/wp\/v2\/tribe_events\/21912","targetHints":{"allow":["GET"]}}],"collection":[{"href":"https:\/\/www.visitamalfi.info\/de\/wp-json\/wp\/v2\/tribe_events"}],"about":[{"href":"https:\/\/www.visitamalfi.info\/de\/wp-json\/wp\/v2\/types\/tribe_events"}],"author":[{"embeddable":true,"href":"https:\/\/www.visitamalfi.info\/de\/wp-json\/wp\/v2\/users\/7"}],"version-history":[{"count":1,"href":"https:\/\/www.visitamalfi.info\/de\/wp-json\/wp\/v2\/tribe_events\/21912\/revisions"}],"predecessor-version":[{"id":22125,"href":"https:\/\/www.visitamalfi.info\/de\/wp-json\/wp\/v2\/tribe_events\/21912\/revisions\/22125"}],"wp:featuredmedia":[{"embeddable":true,"href":"https:\/\/www.visitamalfi.info\/de\/wp-json\/wp\/v2\/media\/21839"}],"wp:attachment":[{"href":"https:\/\/www.visitamalfi.info\/de\/wp-json\/wp\/v2\/media?parent=21912"}],"wp:term":[{"taxonomy":"post_tag","embeddable":true,"href":"https:\/\/www.visitamalfi.info\/de\/wp-json\/wp\/v2\/tags?post=21912"},{"taxonomy":"tribe_events_cat","embeddable":true,"href":"https:\/\/www.visitamalfi.info\/de\/wp-json\/wp\/v2\/tribe_events_cat?post=21912"}],"curies":[{"name":"wp","href":"https:\/\/api.w.org\/{rel}","templated":true}]}}