{"id":20068,"date":"2024-10-15T11:57:08","date_gmt":"2024-10-15T09:57:08","guid":{"rendered":"https:\/\/www.visitamalfi.info\/evento\/feierlichkeiten-zu-ehren-des-heiligen-apostels-andreas\/"},"modified":"2024-10-15T11:57:08","modified_gmt":"2024-10-15T09:57:08","slug":"feierlichkeiten-zu-ehren-des-heiligen-apostels-andreas","status":"publish","type":"tribe_events","link":"https:\/\/www.visitamalfi.info\/de\/fall\/feierlichkeiten-zu-ehren-des-heiligen-apostels-andreas\/","title":{"rendered":"Feierlichkeiten zu Ehren des Heiligen Apostels Andreas"},"content":{"rendered":"<p>Der Heilige Andreas der Apostel ist der Schutzpatron der Stadt Amalfi, die ihn zweimal im Jahr feiert: <strong>am 27. Juni und am 30. November<\/strong>.<\/p>\n<article id=\"cos_e\" class=\"it-page-section anchor-offset\">\n<div class=\"\">\n<div class=\"richtext-wrapper lora\">\n<p>Der Festtag am 30. November, der auf den 27. Juni folgt, den Amalfi motu proprio feiert, f\u00e4llt auf den Tag, an dem der Kalender der katholischen Kirche den Apostel feiert. Das Fest des Heiligen Andreas ist das beliebteste Ereignis f\u00fcr Einwohner und Nicht-Einwohner Amalfis. Jeder versucht, auf der Piazza Duomo dabei zu sein, um den Auszug der pr\u00e4chtigen Bronzestatue des Apostels Andreas aus der majest\u00e4tischen Kathedrale, die in der ganzen Welt f\u00fcr ihre Sch\u00f6nheit ber\u00fchmt ist, zu erwarten. Das Bildnis des Heiligen wird in einer Prozession durch die Stra\u00dfen von Amalfi begleitet und beschert den Gl\u00e4ubigen und Besuchern Momente der Ergriffenheit und der Entdeckung des verborgensten und \u00e4ltesten Herzens der Stadt. Das Herz, das mit den Riten des Glaubens und der Verehrung des Schutzpatrons verbunden ist. Begleitet von den Gl\u00e4ubigen und der Musikkapelle endet die Prozession, nachdem sie die Stadt durchquert hat, mit dem ber\u00fchmten und spektakul\u00e4ren Lauf \u00fcber die Stufen der Kathedrale, die dem Heiligen Andreas gewidmet ist. Die rot gekleideten Tr\u00e4ger laufen die majest\u00e4tische Treppe hinauf, begleitet vom Marsch aus Rossinis Moses in \u00c4gypten und angefeuert von der Menge der Gl\u00e4ubigen. Oben angekommen, l\u00f6st sich die Spannung in einem herzlichen Applaus auf, an dem der ganze Platz beteiligt ist, der in der Ergriffenheit und Emotion der Begr\u00fc\u00dfung des Schutzpatrons zerflie\u00dft. Quelle: <em>comune.amalfi.sa.it<\/em><\/p>\n<\/div>\n<\/div>\n<\/article>\n","protected":false},"excerpt":{"rendered":"<p>Der heilige Apostel Andreas ist der Schutzpatron der Stadt Amalfi, die ihn zweimal im Jahr feiert: am 27. Juni und am 30. November. Der Festtag am 30. November, der auf den 27. Juni folgt, den Amalfi motu proprio feiert, f\u00e4llt auf den Tag, an dem der Kalender der katholischen Kirche den Apostel feiert. <\/p>\n","protected":false},"author":7,"featured_media":15119,"template":"","meta":{"inline_featured_image":false,"_tribe_events_status":"","_tribe_events_status_reason":"","footnotes":""},"tags":[1882],"tribe_events_cat":[603,558],"class_list":["post-20068","tribe_events","type-tribe_events","status-publish","has-post-thumbnail","hentry","tag-der-heilige-andreas-der-apostel","tribe_events_cat-kultur","tribe_events_cat-tradition","cat_kultur","cat_tradition"],"yoast_head":"<!-- This site is optimized with the Yoast SEO plugin v27.3 - https:\/\/yoast.com\/product\/yoast-seo-wordpress\/ -->\n<title>Feierlichkeiten zu Ehren des Heiligen Apostels Andreas - Visit Amalfi<\/title>\n<meta name=\"robots\" content=\"index, follow, max-snippet:-1, max-image-preview:large, max-video-preview:-1\" \/>\n<link rel=\"canonical\" href=\"https:\/\/www.visitamalfi.info\/de\/fall\/feierlichkeiten-zu-ehren-des-heiligen-apostels-andreas\/\" \/>\n<meta property=\"og:locale\" content=\"de_DE\" \/>\n<meta property=\"og:type\" content=\"article\" \/>\n<meta property=\"og:title\" content=\"Feierlichkeiten zu Ehren des Heiligen Apostels Andreas - Visit Amalfi\" \/>\n<meta property=\"og:description\" content=\"Der heilige Apostel Andreas ist der Schutzpatron der Stadt Amalfi, die ihn zweimal im Jahr feiert: am 27. Juni und am 30. November. Der Festtag am 30. November, der auf den 27. Juni folgt, den Amalfi motu proprio feiert, f\u00e4llt auf den Tag, an dem der Kalender der katholischen Kirche den Apostel feiert.\" \/>\n<meta property=\"og:url\" content=\"https:\/\/www.visitamalfi.info\/de\/fall\/feierlichkeiten-zu-ehren-des-heiligen-apostels-andreas\/\" \/>\n<meta property=\"og:site_name\" content=\"Visit Amalfi\" \/>\n<meta property=\"article:publisher\" content=\"https:\/\/www.facebook.com\/visitamalfiofficial\" \/>\n<meta name=\"twitter:card\" content=\"summary_large_image\" \/>\n<meta name=\"twitter:label1\" content=\"Gesch\u00e4tzte Lesezeit\" \/>\n\t<meta name=\"twitter:data1\" content=\"1\u00a0Minute\" \/>\n<script type=\"application\/ld+json\" class=\"yoast-schema-graph\">{\"@context\":\"https:\\\/\\\/schema.org\",\"@graph\":[{\"@type\":\"WebPage\",\"@id\":\"https:\\\/\\\/www.visitamalfi.info\\\/de\\\/fall\\\/feierlichkeiten-zu-ehren-des-heiligen-apostels-andreas\\\/\",\"url\":\"https:\\\/\\\/www.visitamalfi.info\\\/de\\\/fall\\\/feierlichkeiten-zu-ehren-des-heiligen-apostels-andreas\\\/\",\"name\":\"Feierlichkeiten zu Ehren des Heiligen Apostels Andreas - Visit Amalfi\",\"isPartOf\":{\"@id\":\"https:\\\/\\\/www.visitamalfi.info\\\/de\\\/#website\"},\"primaryImageOfPage\":{\"@id\":\"https:\\\/\\\/www.visitamalfi.info\\\/de\\\/fall\\\/feierlichkeiten-zu-ehren-des-heiligen-apostels-andreas\\\/#primaryimage\"},\"image\":{\"@id\":\"https:\\\/\\\/www.visitamalfi.info\\\/de\\\/fall\\\/feierlichkeiten-zu-ehren-des-heiligen-apostels-andreas\\\/#primaryimage\"},\"thumbnailUrl\":\"https:\\\/\\\/www.visitamalfi.info\\\/wp-content\\\/uploads\\\/2024\\\/03\\\/80-Cattedrale-foto-abbagnara-2.jpg\",\"datePublished\":\"2024-10-15T09:57:08+00:00\",\"breadcrumb\":{\"@id\":\"https:\\\/\\\/www.visitamalfi.info\\\/de\\\/fall\\\/feierlichkeiten-zu-ehren-des-heiligen-apostels-andreas\\\/#breadcrumb\"},\"inLanguage\":\"de\",\"potentialAction\":[{\"@type\":\"ReadAction\",\"target\":[\"https:\\\/\\\/www.visitamalfi.info\\\/de\\\/fall\\\/feierlichkeiten-zu-ehren-des-heiligen-apostels-andreas\\\/\"]}]},{\"@type\":\"ImageObject\",\"inLanguage\":\"de\",\"@id\":\"https:\\\/\\\/www.visitamalfi.info\\\/de\\\/fall\\\/feierlichkeiten-zu-ehren-des-heiligen-apostels-andreas\\\/#primaryimage\",\"url\":\"https:\\\/\\\/www.visitamalfi.info\\\/wp-content\\\/uploads\\\/2024\\\/03\\\/80-Cattedrale-foto-abbagnara-2.jpg\",\"contentUrl\":\"https:\\\/\\\/www.visitamalfi.info\\\/wp-content\\\/uploads\\\/2024\\\/03\\\/80-Cattedrale-foto-abbagnara-2.jpg\",\"width\":1920,\"height\":1280,\"caption\":\"Complesso Monumentale Cattedrale S. Andrea_Cattedrale\"},{\"@type\":\"BreadcrumbList\",\"@id\":\"https:\\\/\\\/www.visitamalfi.info\\\/de\\\/fall\\\/feierlichkeiten-zu-ehren-des-heiligen-apostels-andreas\\\/#breadcrumb\",\"itemListElement\":[{\"@type\":\"ListItem\",\"position\":1,\"name\":\"Home\",\"item\":\"https:\\\/\\\/www.visitamalfi.info\\\/de\\\/\"},{\"@type\":\"ListItem\",\"position\":2,\"name\":\"Veranstaltungen\",\"item\":\"https:\\\/\\\/www.visitamalfi.info\\\/de\\\/eventi\\\/\"},{\"@type\":\"ListItem\",\"position\":3,\"name\":\"Feierlichkeiten zu Ehren des Heiligen Apostels Andreas\"}]},{\"@type\":\"WebSite\",\"@id\":\"https:\\\/\\\/www.visitamalfi.info\\\/de\\\/#website\",\"url\":\"https:\\\/\\\/www.visitamalfi.info\\\/de\\\/\",\"name\":\"Visit Amalfi\",\"description\":\"Amalfi Destination Official Website\",\"publisher\":{\"@id\":\"https:\\\/\\\/www.visitamalfi.info\\\/de\\\/#organization\"},\"potentialAction\":[{\"@type\":\"SearchAction\",\"target\":{\"@type\":\"EntryPoint\",\"urlTemplate\":\"https:\\\/\\\/www.visitamalfi.info\\\/de\\\/?s={search_term_string}\"},\"query-input\":{\"@type\":\"PropertyValueSpecification\",\"valueRequired\":true,\"valueName\":\"search_term_string\"}}],\"inLanguage\":\"de\"},{\"@type\":\"Organization\",\"@id\":\"https:\\\/\\\/www.visitamalfi.info\\\/de\\\/#organization\",\"name\":\"Visit Amalfi\",\"url\":\"https:\\\/\\\/www.visitamalfi.info\\\/de\\\/\",\"logo\":{\"@type\":\"ImageObject\",\"inLanguage\":\"de\",\"@id\":\"https:\\\/\\\/www.visitamalfi.info\\\/de\\\/#\\\/schema\\\/logo\\\/image\\\/\",\"url\":\"https:\\\/\\\/www.visitamalfi.info\\\/wp-content\\\/uploads\\\/2023\\\/04\\\/visit-amalfi-logo-web.png\",\"contentUrl\":\"https:\\\/\\\/www.visitamalfi.info\\\/wp-content\\\/uploads\\\/2023\\\/04\\\/visit-amalfi-logo-web.png\",\"width\":800,\"height\":870,\"caption\":\"Visit Amalfi\"},\"image\":{\"@id\":\"https:\\\/\\\/www.visitamalfi.info\\\/de\\\/#\\\/schema\\\/logo\\\/image\\\/\"},\"sameAs\":[\"https:\\\/\\\/www.facebook.com\\\/visitamalfiofficial\",\"https:\\\/\\\/www.instagram.com\\\/visitamalfiofficial\\\/\"]}]}<\/script>\n<!-- \/ Yoast SEO plugin. -->","yoast_head_json":{"title":"Feierlichkeiten zu Ehren des Heiligen Apostels Andreas - Visit Amalfi","robots":{"index":"index","follow":"follow","max-snippet":"max-snippet:-1","max-image-preview":"max-image-preview:large","max-video-preview":"max-video-preview:-1"},"canonical":"https:\/\/www.visitamalfi.info\/de\/fall\/feierlichkeiten-zu-ehren-des-heiligen-apostels-andreas\/","og_locale":"de_DE","og_type":"article","og_title":"Feierlichkeiten zu Ehren des Heiligen Apostels Andreas - Visit Amalfi","og_description":"Der heilige Apostel Andreas ist der Schutzpatron der Stadt Amalfi, die ihn zweimal im Jahr feiert: am 27. Juni und am 30. November. Der Festtag am 30. November, der auf den 27. Juni folgt, den Amalfi motu proprio feiert, f\u00e4llt auf den Tag, an dem der Kalender der katholischen Kirche den Apostel feiert.","og_url":"https:\/\/www.visitamalfi.info\/de\/fall\/feierlichkeiten-zu-ehren-des-heiligen-apostels-andreas\/","og_site_name":"Visit Amalfi","article_publisher":"https:\/\/www.facebook.com\/visitamalfiofficial","twitter_card":"summary_large_image","twitter_misc":{"Gesch\u00e4tzte Lesezeit":"1\u00a0Minute"},"schema":{"@context":"https:\/\/schema.org","@graph":[{"@type":"WebPage","@id":"https:\/\/www.visitamalfi.info\/de\/fall\/feierlichkeiten-zu-ehren-des-heiligen-apostels-andreas\/","url":"https:\/\/www.visitamalfi.info\/de\/fall\/feierlichkeiten-zu-ehren-des-heiligen-apostels-andreas\/","name":"Feierlichkeiten zu Ehren des Heiligen Apostels Andreas - Visit Amalfi","isPartOf":{"@id":"https:\/\/www.visitamalfi.info\/de\/#website"},"primaryImageOfPage":{"@id":"https:\/\/www.visitamalfi.info\/de\/fall\/feierlichkeiten-zu-ehren-des-heiligen-apostels-andreas\/#primaryimage"},"image":{"@id":"https:\/\/www.visitamalfi.info\/de\/fall\/feierlichkeiten-zu-ehren-des-heiligen-apostels-andreas\/#primaryimage"},"thumbnailUrl":"https:\/\/www.visitamalfi.info\/wp-content\/uploads\/2024\/03\/80-Cattedrale-foto-abbagnara-2.jpg","datePublished":"2024-10-15T09:57:08+00:00","breadcrumb":{"@id":"https:\/\/www.visitamalfi.info\/de\/fall\/feierlichkeiten-zu-ehren-des-heiligen-apostels-andreas\/#breadcrumb"},"inLanguage":"de","potentialAction":[{"@type":"ReadAction","target":["https:\/\/www.visitamalfi.info\/de\/fall\/feierlichkeiten-zu-ehren-des-heiligen-apostels-andreas\/"]}]},{"@type":"ImageObject","inLanguage":"de","@id":"https:\/\/www.visitamalfi.info\/de\/fall\/feierlichkeiten-zu-ehren-des-heiligen-apostels-andreas\/#primaryimage","url":"https:\/\/www.visitamalfi.info\/wp-content\/uploads\/2024\/03\/80-Cattedrale-foto-abbagnara-2.jpg","contentUrl":"https:\/\/www.visitamalfi.info\/wp-content\/uploads\/2024\/03\/80-Cattedrale-foto-abbagnara-2.jpg","width":1920,"height":1280,"caption":"Complesso Monumentale Cattedrale S. Andrea_Cattedrale"},{"@type":"BreadcrumbList","@id":"https:\/\/www.visitamalfi.info\/de\/fall\/feierlichkeiten-zu-ehren-des-heiligen-apostels-andreas\/#breadcrumb","itemListElement":[{"@type":"ListItem","position":1,"name":"Home","item":"https:\/\/www.visitamalfi.info\/de\/"},{"@type":"ListItem","position":2,"name":"Veranstaltungen","item":"https:\/\/www.visitamalfi.info\/de\/eventi\/"},{"@type":"ListItem","position":3,"name":"Feierlichkeiten zu Ehren des Heiligen Apostels Andreas"}]},{"@type":"WebSite","@id":"https:\/\/www.visitamalfi.info\/de\/#website","url":"https:\/\/www.visitamalfi.info\/de\/","name":"Visit Amalfi","description":"Amalfi Destination Official Website","publisher":{"@id":"https:\/\/www.visitamalfi.info\/de\/#organization"},"potentialAction":[{"@type":"SearchAction","target":{"@type":"EntryPoint","urlTemplate":"https:\/\/www.visitamalfi.info\/de\/?s={search_term_string}"},"query-input":{"@type":"PropertyValueSpecification","valueRequired":true,"valueName":"search_term_string"}}],"inLanguage":"de"},{"@type":"Organization","@id":"https:\/\/www.visitamalfi.info\/de\/#organization","name":"Visit Amalfi","url":"https:\/\/www.visitamalfi.info\/de\/","logo":{"@type":"ImageObject","inLanguage":"de","@id":"https:\/\/www.visitamalfi.info\/de\/#\/schema\/logo\/image\/","url":"https:\/\/www.visitamalfi.info\/wp-content\/uploads\/2023\/04\/visit-amalfi-logo-web.png","contentUrl":"https:\/\/www.visitamalfi.info\/wp-content\/uploads\/2023\/04\/visit-amalfi-logo-web.png","width":800,"height":870,"caption":"Visit Amalfi"},"image":{"@id":"https:\/\/www.visitamalfi.info\/de\/#\/schema\/logo\/image\/"},"sameAs":["https:\/\/www.facebook.com\/visitamalfiofficial","https:\/\/www.instagram.com\/visitamalfiofficial\/"]}]}},"_links":{"self":[{"href":"https:\/\/www.visitamalfi.info\/de\/wp-json\/wp\/v2\/tribe_events\/20068","targetHints":{"allow":["GET"]}}],"collection":[{"href":"https:\/\/www.visitamalfi.info\/de\/wp-json\/wp\/v2\/tribe_events"}],"about":[{"href":"https:\/\/www.visitamalfi.info\/de\/wp-json\/wp\/v2\/types\/tribe_events"}],"author":[{"embeddable":true,"href":"https:\/\/www.visitamalfi.info\/de\/wp-json\/wp\/v2\/users\/7"}],"version-history":[{"count":0,"href":"https:\/\/www.visitamalfi.info\/de\/wp-json\/wp\/v2\/tribe_events\/20068\/revisions"}],"wp:featuredmedia":[{"embeddable":true,"href":"https:\/\/www.visitamalfi.info\/de\/wp-json\/wp\/v2\/media\/15119"}],"wp:attachment":[{"href":"https:\/\/www.visitamalfi.info\/de\/wp-json\/wp\/v2\/media?parent=20068"}],"wp:term":[{"taxonomy":"post_tag","embeddable":true,"href":"https:\/\/www.visitamalfi.info\/de\/wp-json\/wp\/v2\/tags?post=20068"},{"taxonomy":"tribe_events_cat","embeddable":true,"href":"https:\/\/www.visitamalfi.info\/de\/wp-json\/wp\/v2\/tribe_events_cat?post=20068"}],"curies":[{"name":"wp","href":"https:\/\/api.w.org\/{rel}","templated":true}]}}