{"id":14399,"date":"2024-03-20T14:22:44","date_gmt":"2024-03-20T13:22:44","guid":{"rendered":"https:\/\/www.visitamalfi.info\/evento\/ostern-2024-in-amalfi\/"},"modified":"2024-03-20T14:22:44","modified_gmt":"2024-03-20T13:22:44","slug":"ostern-2024-in-amalfi","status":"publish","type":"tribe_events","link":"https:\/\/www.visitamalfi.info\/de\/fall\/ostern-2024-in-amalfi\/","title":{"rendered":"Ostern 2024 in Amalfi"},"content":{"rendered":"<p class=\"cvGsUA direction-ltr align-start para-style-body\"><span class=\"OYPEnA text-decoration-none text-strikethrough-none\">La <em><strong>Ostern in Amalfi<\/strong><\/em>eine Zeit des Glaubens, der Kultur, der Tradition und der Heiligkeit.<\/span><\/p>\n<p class=\"cvGsUA direction-ltr align-start para-style-body\"><span class=\"OYPEnA text-decoration-none text-strikethrough-none\">&#8220;<\/span><em><span class=\"OYPEnA text-decoration-none text-strikethrough-none\">Die Gemeinde Amalfi, angef\u00fchrt von B\u00fcrgermeister Daniele Milano, bereitet sich auf die Feier des Osterfestes vor &#8211; ein Moment, der von der gesamten Gemeinde mit gro\u00dfer Intensit\u00e4t erlebt wird &#8211; und empf\u00e4ngt die Touristen mit einem Veranstaltungsprogramm, das das gro\u00dfe anthropologische Erbe der Stadt wieder aufleben l\u00e4sst, um den authentischen und tiefen Glauben der Amalfitaner zu entdecken<\/span><span class=\"OYPEnA text-decoration-none text-strikethrough-none\">&#8220;<\/span><\/em><\/p>\n<p><strong>DER KALENDER:<\/strong><\/p>\n<p class=\"cvGsUA direction-ltr align-start para-style-body\"><span class=\"OYPEnA text-decoration-none text-strikethrough-none\"><strong>&#8220;Shem\u00e0 Adonai<\/strong>&#8221; ARSENALE DELLA REPUBBLICA &#8211; Dienstag, 26. M\u00e4rz, 20:00 Uhr.<\/span><\/p>\n<p class=\"cvGsUA direction-ltr align-start para-style-body\"><span class=\"OYPEnA text-decoration-none text-strikethrough-none\"> A<\/span><span class=\"OYPEnA text-decoration-none text-strikethrough-none\"> von der Vereinigung Kaleidos. Das von Alfonso Minutolo geschriebene Werk stellt die Passion Christi in Verbindung mit aktuellen Ereignissen dar. &#8220;<\/span><span class=\"OYPEnA text-decoration-none text-strikethrough-none\">Shem\u00e0 Adonai (Erh\u00f6re uns, Herr, auf Aram\u00e4isch) ist der Hilferuf, das Gebet, das die Menschen der Welt an Christus richten&#8230;<\/span><span class=\"OYPEnA text-decoration-none text-strikethrough-none\">&#8220;Das St\u00fcck ist eine Gelegenheit zum Nachdenken f\u00fcr alle, das ist vielleicht das Ziel des Werks, das sein Ziel durch eine sehr emotionale und k\u00fcnstlerische Auff\u00fchrung erreicht, die mit<\/span> <span class=\"OYPEnA text-decoration-none text-strikethrough-none\">die au\u00dfergew\u00f6hnliche Teilnahme der Battenti di Minori mit ihren jahrhundertealten Liedern, die vom Kulturministerium anerkannt und gesch\u00fctzt sind, und das Talent der Kaleidos-Schauspieler: auf der B\u00fchne Maria Nolli, Giuseppe Pisacane, Enzo Oddo, Alfonso Liguori, Anna Maria Esposito, Luigi Sommariva, Lara Manzi, Nicola Castello und Nuccia Paolillo.<\/span><\/p>\n<p class=\"cvGsUA direction-ltr align-start para-style-body\"><span class=\"OYPEnA text-decoration-none text-strikethrough-none\">&#8220;<\/span><strong><span class=\"OYPEnA text-decoration-none text-strikethrough-none\">LuxAnimae<\/span><\/strong><span class=\"OYPEnA text-decoration-none text-strikethrough-none\">&#8220;ARSENALE DELLA REPUBBLICA &#8211; Samstag, 30. M\u00e4rz h. 19:30.<\/span><\/p>\n<p class=\"cvGsUA direction-ltr align-start para-style-body\"><span class=\"OYPEnA text-decoration-none text-strikethrough-none\">Das neue Projekt von Marina Bruno, dem Ondanueve String Quartet und Michele Maione, unter der Regie von Francesco Rivieccio.<\/span><\/p>\n<p class=\"cvGsUA direction-ltr align-start para-style-body\"><span class=\"OYPEnA text-decoration-none text-strikethrough-none\">&#8220;<\/span><span class=\"OYPEnA text-decoration-none text-strikethrough-none\">Akustische Kl\u00e4nge, Elektronik, expliziter Gesang, popul\u00e4re rhythmische Einfl\u00fcsse, geistliche und weltliche Texte, meditative Atmosph\u00e4ren, Streifz\u00fcge durch ethnische Musik und Barock bis hin zu zeitgen\u00f6ssischem Pop. Musik aus fernen Welten, Stilen, Epochen und Kulturen<\/span><span class=\"OYPEnA text-decoration-none text-strikethrough-none\">&#8230;&#8221;<\/span><\/p>\n<p class=\"cvGsUA direction-ltr align-start para-style-body\"><span class=\"OYPEnA text-decoration-none text-strikethrough-none\">Eine Auff\u00fchrung voller Emotionen und wieder ein Denkansto\u00df. &#8220;LuxAnimae&#8221; erblickt das Licht in der vielleicht schwierigsten Zeit der letzten Jahrzehnte f\u00fcr einen Gro\u00dfteil der Menschheit und ist das Kind von Zweifeln, \u00dcberlegungen, Unsicherheiten und Bestrebungen, die darauf abzielen, eine Kommunikationslinie mit etwas &#8216;H\u00f6herem&#8217; zu schaffen, einer Art Wesenheit, die die Seelen erleuchten kann, indem sie den Weg zur\u00fcck zu individueller und globaler Gelassenheit weist&#8230;&#8221;<\/span><\/p>\n<p class=\"cvGsUA direction-ltr align-start para-style-body\"><span class=\"OYPEnA text-decoration-none text-strikethrough-none\">Die <\/span><strong><span class=\"OYPEnA text-decoration-none text-strikethrough-none\">Karfreitag<\/span><\/strong><span class=\"OYPEnA text-decoration-none text-strikethrough-none\">Wenn die Sonne untergeht, ist Amalfi erloschen und wird nur noch von den stimmungsvollen Lichtern der Fackeln und Kohlenbecken erhellt, die die n\u00e4chtliche Prozession des toten Christus begleiten, eine der innigsten Traditionen, die von der Reale Arciconfraternita dell&#8217;Addolorata durchgef\u00fchrt wird.<\/span> <span class=\"OYPEnA text-decoration-none text-strikethrough-none\">Nachdem sie die ganze Stadt durchquert hat, wird die Christusstatue in der Kirche auf der Piazza Municipio niedergelegt: Die Schmerzensmutter kehrt dann allein in die Kathedrale von San Andrea zur\u00fcck.<\/span><\/p>\n<p class=\"cvGsUA direction-ltr align-start para-style-body\"><span class=\"OYPEnA text-decoration-none text-strikethrough-none\">Das Veranstaltungsprogramm wird begleitet von <\/span><span class=\"OYPEnA text-decoration-none text-strikethrough-none\">die <strong>liturgischen Feiern<\/strong><\/span><span class=\"OYPEnA text-decoration-none text-strikethrough-none\">die am Palmsonntag beginnen und sich \u00fcber die gesamte Karwoche erstrecken, bis zum Pontifikalamt in der Kathedrale am Sonntag, dem 31. M\u00e4rz 2024, um 10.30 Uhr und 19.00 Uhr, mit einer Prozession zum Taufbecken.<\/span><\/p>\n","protected":false},"excerpt":{"rendered":"<p>La Ostern in Amalfieine Zeit des Glaubens, der Kultur, der Tradition und der Heiligkeit. &#8220;Die Gemeinde Amalfi, angef\u00fchrt von B\u00fcrgermeister Daniele Milano, bereitet sich auf die Feier des Osterfestes vor [&hellip;]<\/p>\n","protected":false},"author":7,"featured_media":14359,"template":"","meta":{"inline_featured_image":false,"_tribe_events_status":"","_tribe_events_status_reason":"","footnotes":""},"tags":[1341,262,1506,1505,821],"tribe_events_cat":[715,714,603,361,638,1507,558],"class_list":["post-14399","tribe_events","type-tribe_events","status-publish","has-post-thumbnail","hentry","tag-2024-de","tag-amalfi-de","tag-arsenal-der-republik","tag-ostern","tag-veranstaltungen","tribe_events_cat-historische-wiederauffuhrung","tribe_events_cat-historisches-ereignis","tribe_events_cat-kultur","tribe_events_cat-musica-dal-vivo-de","tribe_events_cat-musik","tribe_events_cat-ostern","tribe_events_cat-tradition","cat_historische-wiederauffuhrung","cat_historisches-ereignis","cat_kultur","cat_musica-dal-vivo-de","cat_musik","cat_ostern","cat_tradition"],"yoast_head":"<!-- This site is optimized with the Yoast SEO plugin v27.3 - https:\/\/yoast.com\/product\/yoast-seo-wordpress\/ -->\n<title>Ostern 2024 in Amalfi - Visit Amalfi<\/title>\n<meta name=\"description\" content=\"&quot;Die Gemeinde Amalfi, angef\u00fchrt von B\u00fcrgermeister Daniele Milano, bereitet sich darauf vor, das Osterfest zu feiern - ein Moment, der von der ganzen Gemeinde mit gro\u00dfer Intensit\u00e4t erlebt wird - und die Touristen mit einem Programm von Veranstaltungen zu empfangen, durch das das gro\u00dfe anthropologische Erbe der Stadt erneuert wird, um den authentischen und tiefen Glauben der Amalfitaner zu entdecken...&quot;\" \/>\n<meta name=\"robots\" content=\"index, follow, max-snippet:-1, max-image-preview:large, max-video-preview:-1\" \/>\n<link rel=\"canonical\" href=\"https:\/\/www.visitamalfi.info\/de\/fall\/ostern-2024-in-amalfi\/\" \/>\n<meta property=\"og:locale\" content=\"de_DE\" \/>\n<meta property=\"og:type\" content=\"article\" \/>\n<meta property=\"og:title\" content=\"Ostern 2024 in Amalfi - Visit Amalfi\" \/>\n<meta property=\"og:description\" content=\"&quot;Die Gemeinde Amalfi, angef\u00fchrt von B\u00fcrgermeister Daniele Milano, bereitet sich darauf vor, das Osterfest zu feiern - ein Moment, der von der ganzen Gemeinde mit gro\u00dfer Intensit\u00e4t erlebt wird - und die Touristen mit einem Programm von Veranstaltungen zu empfangen, durch das das gro\u00dfe anthropologische Erbe der Stadt erneuert wird, um den authentischen und tiefen Glauben der Amalfitaner zu entdecken...&quot;\" \/>\n<meta property=\"og:url\" content=\"https:\/\/www.visitamalfi.info\/de\/fall\/ostern-2024-in-amalfi\/\" \/>\n<meta property=\"og:site_name\" content=\"Visit Amalfi\" \/>\n<meta property=\"article:publisher\" content=\"https:\/\/www.facebook.com\/visitamalfiofficial\" \/>\n<meta property=\"og:image\" content=\"https:\/\/www.visitamalfi.info\/wp-content\/uploads\/2024\/03\/WhatsApp-Image-2024-03-19-at-09.37.07.jpeg\" \/>\n\t<meta property=\"og:image:width\" content=\"1120\" \/>\n\t<meta property=\"og:image:height\" content=\"1600\" \/>\n\t<meta property=\"og:image:type\" content=\"image\/jpeg\" \/>\n<meta name=\"twitter:card\" content=\"summary_large_image\" \/>\n<meta name=\"twitter:label1\" content=\"Gesch\u00e4tzte Lesezeit\" \/>\n\t<meta name=\"twitter:data1\" content=\"2\u00a0Minuten\" \/>\n<script type=\"application\/ld+json\" class=\"yoast-schema-graph\">{\"@context\":\"https:\\\/\\\/schema.org\",\"@graph\":[{\"@type\":\"WebPage\",\"@id\":\"https:\\\/\\\/www.visitamalfi.info\\\/de\\\/fall\\\/ostern-2024-in-amalfi\\\/\",\"url\":\"https:\\\/\\\/www.visitamalfi.info\\\/de\\\/fall\\\/ostern-2024-in-amalfi\\\/\",\"name\":\"Ostern 2024 in Amalfi - Visit Amalfi\",\"isPartOf\":{\"@id\":\"https:\\\/\\\/www.visitamalfi.info\\\/de\\\/#website\"},\"primaryImageOfPage\":{\"@id\":\"https:\\\/\\\/www.visitamalfi.info\\\/de\\\/fall\\\/ostern-2024-in-amalfi\\\/#primaryimage\"},\"image\":{\"@id\":\"https:\\\/\\\/www.visitamalfi.info\\\/de\\\/fall\\\/ostern-2024-in-amalfi\\\/#primaryimage\"},\"thumbnailUrl\":\"https:\\\/\\\/www.visitamalfi.info\\\/wp-content\\\/uploads\\\/2024\\\/03\\\/WhatsApp-Image-2024-03-19-at-09.37.07.jpeg\",\"datePublished\":\"2024-03-20T13:22:44+00:00\",\"description\":\"\\\"Die Gemeinde Amalfi, angef\u00fchrt von B\u00fcrgermeister Daniele Milano, bereitet sich darauf vor, das Osterfest zu feiern - ein Moment, der von der ganzen Gemeinde mit gro\u00dfer Intensit\u00e4t erlebt wird - und die Touristen mit einem Programm von Veranstaltungen zu empfangen, durch das das gro\u00dfe anthropologische Erbe der Stadt erneuert wird, um den authentischen und tiefen Glauben der Amalfitaner zu entdecken...\\\"\",\"breadcrumb\":{\"@id\":\"https:\\\/\\\/www.visitamalfi.info\\\/de\\\/fall\\\/ostern-2024-in-amalfi\\\/#breadcrumb\"},\"inLanguage\":\"de\",\"potentialAction\":[{\"@type\":\"ReadAction\",\"target\":[\"https:\\\/\\\/www.visitamalfi.info\\\/de\\\/fall\\\/ostern-2024-in-amalfi\\\/\"]}]},{\"@type\":\"ImageObject\",\"inLanguage\":\"de\",\"@id\":\"https:\\\/\\\/www.visitamalfi.info\\\/de\\\/fall\\\/ostern-2024-in-amalfi\\\/#primaryimage\",\"url\":\"https:\\\/\\\/www.visitamalfi.info\\\/wp-content\\\/uploads\\\/2024\\\/03\\\/WhatsApp-Image-2024-03-19-at-09.37.07.jpeg\",\"contentUrl\":\"https:\\\/\\\/www.visitamalfi.info\\\/wp-content\\\/uploads\\\/2024\\\/03\\\/WhatsApp-Image-2024-03-19-at-09.37.07.jpeg\",\"width\":1120,\"height\":1600},{\"@type\":\"BreadcrumbList\",\"@id\":\"https:\\\/\\\/www.visitamalfi.info\\\/de\\\/fall\\\/ostern-2024-in-amalfi\\\/#breadcrumb\",\"itemListElement\":[{\"@type\":\"ListItem\",\"position\":1,\"name\":\"Home\",\"item\":\"https:\\\/\\\/www.visitamalfi.info\\\/de\\\/\"},{\"@type\":\"ListItem\",\"position\":2,\"name\":\"Veranstaltungen\",\"item\":\"https:\\\/\\\/www.visitamalfi.info\\\/de\\\/eventi\\\/\"},{\"@type\":\"ListItem\",\"position\":3,\"name\":\"Ostern 2024 in Amalfi\"}]},{\"@type\":\"WebSite\",\"@id\":\"https:\\\/\\\/www.visitamalfi.info\\\/de\\\/#website\",\"url\":\"https:\\\/\\\/www.visitamalfi.info\\\/de\\\/\",\"name\":\"Visit Amalfi\",\"description\":\"Amalfi Destination Official Website\",\"publisher\":{\"@id\":\"https:\\\/\\\/www.visitamalfi.info\\\/de\\\/#organization\"},\"potentialAction\":[{\"@type\":\"SearchAction\",\"target\":{\"@type\":\"EntryPoint\",\"urlTemplate\":\"https:\\\/\\\/www.visitamalfi.info\\\/de\\\/?s={search_term_string}\"},\"query-input\":{\"@type\":\"PropertyValueSpecification\",\"valueRequired\":true,\"valueName\":\"search_term_string\"}}],\"inLanguage\":\"de\"},{\"@type\":\"Organization\",\"@id\":\"https:\\\/\\\/www.visitamalfi.info\\\/de\\\/#organization\",\"name\":\"Visit Amalfi\",\"url\":\"https:\\\/\\\/www.visitamalfi.info\\\/de\\\/\",\"logo\":{\"@type\":\"ImageObject\",\"inLanguage\":\"de\",\"@id\":\"https:\\\/\\\/www.visitamalfi.info\\\/de\\\/#\\\/schema\\\/logo\\\/image\\\/\",\"url\":\"https:\\\/\\\/www.visitamalfi.info\\\/wp-content\\\/uploads\\\/2023\\\/04\\\/visit-amalfi-logo-web.png\",\"contentUrl\":\"https:\\\/\\\/www.visitamalfi.info\\\/wp-content\\\/uploads\\\/2023\\\/04\\\/visit-amalfi-logo-web.png\",\"width\":800,\"height\":870,\"caption\":\"Visit Amalfi\"},\"image\":{\"@id\":\"https:\\\/\\\/www.visitamalfi.info\\\/de\\\/#\\\/schema\\\/logo\\\/image\\\/\"},\"sameAs\":[\"https:\\\/\\\/www.facebook.com\\\/visitamalfiofficial\",\"https:\\\/\\\/www.instagram.com\\\/visitamalfiofficial\\\/\"]}]}<\/script>\n<!-- \/ Yoast SEO plugin. -->","yoast_head_json":{"title":"Ostern 2024 in Amalfi - Visit Amalfi","description":"\"Die Gemeinde Amalfi, angef\u00fchrt von B\u00fcrgermeister Daniele Milano, bereitet sich darauf vor, das Osterfest zu feiern - ein Moment, der von der ganzen Gemeinde mit gro\u00dfer Intensit\u00e4t erlebt wird - und die Touristen mit einem Programm von Veranstaltungen zu empfangen, durch das das gro\u00dfe anthropologische Erbe der Stadt erneuert wird, um den authentischen und tiefen Glauben der Amalfitaner zu entdecken...\"","robots":{"index":"index","follow":"follow","max-snippet":"max-snippet:-1","max-image-preview":"max-image-preview:large","max-video-preview":"max-video-preview:-1"},"canonical":"https:\/\/www.visitamalfi.info\/de\/fall\/ostern-2024-in-amalfi\/","og_locale":"de_DE","og_type":"article","og_title":"Ostern 2024 in Amalfi - Visit Amalfi","og_description":"\"Die Gemeinde Amalfi, angef\u00fchrt von B\u00fcrgermeister Daniele Milano, bereitet sich darauf vor, das Osterfest zu feiern - ein Moment, der von der ganzen Gemeinde mit gro\u00dfer Intensit\u00e4t erlebt wird - und die Touristen mit einem Programm von Veranstaltungen zu empfangen, durch das das gro\u00dfe anthropologische Erbe der Stadt erneuert wird, um den authentischen und tiefen Glauben der Amalfitaner zu entdecken...\"","og_url":"https:\/\/www.visitamalfi.info\/de\/fall\/ostern-2024-in-amalfi\/","og_site_name":"Visit Amalfi","article_publisher":"https:\/\/www.facebook.com\/visitamalfiofficial","og_image":[{"width":1120,"height":1600,"url":"https:\/\/www.visitamalfi.info\/wp-content\/uploads\/2024\/03\/WhatsApp-Image-2024-03-19-at-09.37.07.jpeg","type":"image\/jpeg"}],"twitter_card":"summary_large_image","twitter_misc":{"Gesch\u00e4tzte Lesezeit":"2\u00a0Minuten"},"schema":{"@context":"https:\/\/schema.org","@graph":[{"@type":"WebPage","@id":"https:\/\/www.visitamalfi.info\/de\/fall\/ostern-2024-in-amalfi\/","url":"https:\/\/www.visitamalfi.info\/de\/fall\/ostern-2024-in-amalfi\/","name":"Ostern 2024 in Amalfi - Visit Amalfi","isPartOf":{"@id":"https:\/\/www.visitamalfi.info\/de\/#website"},"primaryImageOfPage":{"@id":"https:\/\/www.visitamalfi.info\/de\/fall\/ostern-2024-in-amalfi\/#primaryimage"},"image":{"@id":"https:\/\/www.visitamalfi.info\/de\/fall\/ostern-2024-in-amalfi\/#primaryimage"},"thumbnailUrl":"https:\/\/www.visitamalfi.info\/wp-content\/uploads\/2024\/03\/WhatsApp-Image-2024-03-19-at-09.37.07.jpeg","datePublished":"2024-03-20T13:22:44+00:00","description":"\"Die Gemeinde Amalfi, angef\u00fchrt von B\u00fcrgermeister Daniele Milano, bereitet sich darauf vor, das Osterfest zu feiern - ein Moment, der von der ganzen Gemeinde mit gro\u00dfer Intensit\u00e4t erlebt wird - und die Touristen mit einem Programm von Veranstaltungen zu empfangen, durch das das gro\u00dfe anthropologische Erbe der Stadt erneuert wird, um den authentischen und tiefen Glauben der Amalfitaner zu entdecken...\"","breadcrumb":{"@id":"https:\/\/www.visitamalfi.info\/de\/fall\/ostern-2024-in-amalfi\/#breadcrumb"},"inLanguage":"de","potentialAction":[{"@type":"ReadAction","target":["https:\/\/www.visitamalfi.info\/de\/fall\/ostern-2024-in-amalfi\/"]}]},{"@type":"ImageObject","inLanguage":"de","@id":"https:\/\/www.visitamalfi.info\/de\/fall\/ostern-2024-in-amalfi\/#primaryimage","url":"https:\/\/www.visitamalfi.info\/wp-content\/uploads\/2024\/03\/WhatsApp-Image-2024-03-19-at-09.37.07.jpeg","contentUrl":"https:\/\/www.visitamalfi.info\/wp-content\/uploads\/2024\/03\/WhatsApp-Image-2024-03-19-at-09.37.07.jpeg","width":1120,"height":1600},{"@type":"BreadcrumbList","@id":"https:\/\/www.visitamalfi.info\/de\/fall\/ostern-2024-in-amalfi\/#breadcrumb","itemListElement":[{"@type":"ListItem","position":1,"name":"Home","item":"https:\/\/www.visitamalfi.info\/de\/"},{"@type":"ListItem","position":2,"name":"Veranstaltungen","item":"https:\/\/www.visitamalfi.info\/de\/eventi\/"},{"@type":"ListItem","position":3,"name":"Ostern 2024 in Amalfi"}]},{"@type":"WebSite","@id":"https:\/\/www.visitamalfi.info\/de\/#website","url":"https:\/\/www.visitamalfi.info\/de\/","name":"Visit Amalfi","description":"Amalfi Destination Official Website","publisher":{"@id":"https:\/\/www.visitamalfi.info\/de\/#organization"},"potentialAction":[{"@type":"SearchAction","target":{"@type":"EntryPoint","urlTemplate":"https:\/\/www.visitamalfi.info\/de\/?s={search_term_string}"},"query-input":{"@type":"PropertyValueSpecification","valueRequired":true,"valueName":"search_term_string"}}],"inLanguage":"de"},{"@type":"Organization","@id":"https:\/\/www.visitamalfi.info\/de\/#organization","name":"Visit Amalfi","url":"https:\/\/www.visitamalfi.info\/de\/","logo":{"@type":"ImageObject","inLanguage":"de","@id":"https:\/\/www.visitamalfi.info\/de\/#\/schema\/logo\/image\/","url":"https:\/\/www.visitamalfi.info\/wp-content\/uploads\/2023\/04\/visit-amalfi-logo-web.png","contentUrl":"https:\/\/www.visitamalfi.info\/wp-content\/uploads\/2023\/04\/visit-amalfi-logo-web.png","width":800,"height":870,"caption":"Visit Amalfi"},"image":{"@id":"https:\/\/www.visitamalfi.info\/de\/#\/schema\/logo\/image\/"},"sameAs":["https:\/\/www.facebook.com\/visitamalfiofficial","https:\/\/www.instagram.com\/visitamalfiofficial\/"]}]}},"_links":{"self":[{"href":"https:\/\/www.visitamalfi.info\/de\/wp-json\/wp\/v2\/tribe_events\/14399","targetHints":{"allow":["GET"]}}],"collection":[{"href":"https:\/\/www.visitamalfi.info\/de\/wp-json\/wp\/v2\/tribe_events"}],"about":[{"href":"https:\/\/www.visitamalfi.info\/de\/wp-json\/wp\/v2\/types\/tribe_events"}],"author":[{"embeddable":true,"href":"https:\/\/www.visitamalfi.info\/de\/wp-json\/wp\/v2\/users\/7"}],"version-history":[{"count":0,"href":"https:\/\/www.visitamalfi.info\/de\/wp-json\/wp\/v2\/tribe_events\/14399\/revisions"}],"wp:featuredmedia":[{"embeddable":true,"href":"https:\/\/www.visitamalfi.info\/de\/wp-json\/wp\/v2\/media\/14359"}],"wp:attachment":[{"href":"https:\/\/www.visitamalfi.info\/de\/wp-json\/wp\/v2\/media?parent=14399"}],"wp:term":[{"taxonomy":"post_tag","embeddable":true,"href":"https:\/\/www.visitamalfi.info\/de\/wp-json\/wp\/v2\/tags?post=14399"},{"taxonomy":"tribe_events_cat","embeddable":true,"href":"https:\/\/www.visitamalfi.info\/de\/wp-json\/wp\/v2\/tribe_events_cat?post=14399"}],"curies":[{"name":"wp","href":"https:\/\/api.w.org\/{rel}","templated":true}]}}