{"id":14064,"date":"2024-02-14T10:21:48","date_gmt":"2024-02-14T09:21:48","guid":{"rendered":"https:\/\/www.visitamalfi.info\/evento\/der-amalfitanische-karneval\/"},"modified":"2024-02-14T10:21:48","modified_gmt":"2024-02-14T09:21:48","slug":"der-amalfitanische-karneval","status":"publish","type":"tribe_events","link":"https:\/\/www.visitamalfi.info\/de\/fall\/der-amalfitanische-karneval\/","title":{"rendered":"Der Amalfitanische Karneval"},"content":{"rendered":"<p>Der <strong>amalfitanische Karneval<\/strong> ist in der Stadt angekommen. Auf die Besucher aller Altersgruppen warten Tage des gro\u00dfen Feierns.<\/p>\n<p>Das interaktive G\u00e4nsespiel-Konzert mit Gitarren, Trommeln, Tammorre und Maracas. Auff\u00fchrungen und Shows im Arsenal auf der Suche nach K\u00f6nig Karneval. Drei Tage lang wird gefeiert: Dienstag, 13., Freitag, 16. und Samstag, 17. Februar.<\/p>\n<p>Ein Programm voller Spannung und Freude, Aktivit\u00e4ten, die von der Gemeindeverwaltung unter der Leitung von B\u00fcrgermeister Daniele Milano gef\u00f6rdert werden, mit dem einzigen Ziel, Spa\u00df und noch mehr Spa\u00df zu haben. Der Fantasie sind keine Grenzen gesetzt, und der amalfitanische Karneval erwartet jeden, vom Kleinsten bis zum Kleinsten.<\/p>\n<p>&#8220;..<em>.eine Mischung aus Kreativit\u00e4t, Choreographie und Energie, durch die sch\u00f6nsten Ansichten von Amalfi, zwischen Stra\u00dfenparaden, erz\u00e4hlenden Zauberern, fantastischen Geschichten, Masken, Clowns, Rhythmen, bunten Tricks und exzentrischen Masken, ohne die gro\u00dfen volkst\u00fcmlichen Traditionen zu vergessen<\/em>&#8230;&#8221;<\/p>\n<p>Die Stadt putzt sich heraus, Sie werden sie sch\u00f6ner sehen als je zuvor!<\/p>\n<p>Nachstehend finden Sie das Programm:<\/p>\n<ul>\n<li>Am <strong>Faschingsdienstag, dem 13. Februar 2024<\/strong> um 11 Uhr, findet im Arsenal der Republik die familienfreundliche Auff\u00fchrung<strong>&#8220;Che mondo \u00e8 se Carnevale non c&#8217;\u00e8&#8221;<\/strong> statt, mit Musik, Schauspielern, lustigen Puppen und dem K\u00f6nig Karneval pers\u00f6nlich.<\/li>\n<li><strong>Freitag, 16. Februar 2024<\/strong> um 16 Uhr auf der Piazza Duomo, Aufregung und Energie mit den Tanzgruppen des Gran Carnevale Maiorese und die sch\u00f6nsten und originellsten Mascherine Amalfitane.<\/li>\n<li><strong>Am Samstag, den 17. Februar findet das interaktive Konzert &#8220;Ein Orchester f\u00fcr den Karneval.<\/strong> Das musikalische G\u00e4nsespiel&#8221;, auf der Piazza della Bussola. Das Spiel findet in zwei Runden statt, um 16.00 und 17.00 Uhr: Reservierungen sind obligatorisch unter 333 9234383.<\/li>\n<\/ul>\n<p>Kurz gesagt, alles, was bleibt, ist, die Maske aufzusetzen und&#8230; Spa\u00df zu haben!<\/p>\n","protected":false},"excerpt":{"rendered":"<p>Der amalfitanische Karneval ist in der Stadt angekommen. Auf die Besucher aller Altersgruppen warten Tage des gro\u00dfen Feierns.<br \/>\nDas interaktive G\u00e4nsespiel-Konzert mit Gitarren, Trommeln, Tammorre und Maracas. Auff\u00fchrungen und Shows im Arsenal auf der Suche nach K\u00f6nig Karneval. Drei Tage lang wird gefeiert: Dienstag, 13., Freitag, 16. und Samstag, 17. Februar.<\/p>\n","protected":false},"author":7,"featured_media":14057,"template":"","meta":{"inline_featured_image":false,"_tribe_events_status":"","_tribe_events_status_reason":"","footnotes":""},"tags":[262,1283,1453,1450,1451,1452,971,1338],"tribe_events_cat":[1454,601,361,638,558],"class_list":["post-14064","tribe_events","type-tribe_events","status-publish","has-post-thumbnail","hentry","tag-amalfi-de","tag-eventiamalfi-de","tag-heiterkeit","tag-karneval","tag-karnevalamalfitano","tag-masken","tag-musica-de","tag-partei","tribe_events_cat-karneval","tribe_events_cat-kunst","tribe_events_cat-musica-dal-vivo-de","tribe_events_cat-musik","tribe_events_cat-tradition","cat_karneval","cat_kunst","cat_musica-dal-vivo-de","cat_musik","cat_tradition"],"yoast_head":"<!-- This site is optimized with the Yoast SEO plugin v27.3 - https:\/\/yoast.com\/product\/yoast-seo-wordpress\/ -->\n<title>Der Amalfitanische Karneval - Visit Amalfi<\/title>\n<meta name=\"description\" content=\"Der amalfitanische Karneval ist in der Stadt angekommen. Auf die Besucher aller Altersgruppen warten Tage des gro\u00dfen Feierns.\" \/>\n<meta name=\"robots\" content=\"index, follow, max-snippet:-1, max-image-preview:large, max-video-preview:-1\" \/>\n<link rel=\"canonical\" href=\"https:\/\/www.visitamalfi.info\/de\/fall\/der-amalfitanische-karneval\/\" \/>\n<meta property=\"og:locale\" content=\"de_DE\" \/>\n<meta property=\"og:type\" content=\"article\" \/>\n<meta property=\"og:title\" content=\"Der Amalfitanische Karneval - Visit Amalfi\" \/>\n<meta property=\"og:description\" content=\"Der amalfitanische Karneval ist in der Stadt angekommen. Auf die Besucher aller Altersgruppen warten Tage des gro\u00dfen Feierns.\" \/>\n<meta property=\"og:url\" content=\"https:\/\/www.visitamalfi.info\/de\/fall\/der-amalfitanische-karneval\/\" \/>\n<meta property=\"og:site_name\" content=\"Visit Amalfi\" \/>\n<meta property=\"article:publisher\" content=\"https:\/\/www.facebook.com\/visitamalfiofficial\" \/>\n<meta property=\"og:image\" content=\"https:\/\/www.visitamalfi.info\/wp-content\/uploads\/2024\/02\/carnevale.jpeg\" \/>\n\t<meta property=\"og:image:width\" content=\"1080\" \/>\n\t<meta property=\"og:image:height\" content=\"1543\" \/>\n\t<meta property=\"og:image:type\" content=\"image\/jpeg\" \/>\n<meta name=\"twitter:card\" content=\"summary_large_image\" \/>\n<meta name=\"twitter:label1\" content=\"Gesch\u00e4tzte Lesezeit\" \/>\n\t<meta name=\"twitter:data1\" content=\"1\u00a0Minute\" \/>\n<script type=\"application\/ld+json\" class=\"yoast-schema-graph\">{\"@context\":\"https:\\\/\\\/schema.org\",\"@graph\":[{\"@type\":\"WebPage\",\"@id\":\"https:\\\/\\\/www.visitamalfi.info\\\/de\\\/fall\\\/der-amalfitanische-karneval\\\/\",\"url\":\"https:\\\/\\\/www.visitamalfi.info\\\/de\\\/fall\\\/der-amalfitanische-karneval\\\/\",\"name\":\"Der Amalfitanische Karneval - Visit Amalfi\",\"isPartOf\":{\"@id\":\"https:\\\/\\\/www.visitamalfi.info\\\/de\\\/#website\"},\"primaryImageOfPage\":{\"@id\":\"https:\\\/\\\/www.visitamalfi.info\\\/de\\\/fall\\\/der-amalfitanische-karneval\\\/#primaryimage\"},\"image\":{\"@id\":\"https:\\\/\\\/www.visitamalfi.info\\\/de\\\/fall\\\/der-amalfitanische-karneval\\\/#primaryimage\"},\"thumbnailUrl\":\"https:\\\/\\\/www.visitamalfi.info\\\/wp-content\\\/uploads\\\/2024\\\/02\\\/carnevale.jpeg\",\"datePublished\":\"2024-02-14T09:21:48+00:00\",\"description\":\"Der amalfitanische Karneval ist in der Stadt angekommen. Auf die Besucher aller Altersgruppen warten Tage des gro\u00dfen Feierns.\",\"breadcrumb\":{\"@id\":\"https:\\\/\\\/www.visitamalfi.info\\\/de\\\/fall\\\/der-amalfitanische-karneval\\\/#breadcrumb\"},\"inLanguage\":\"de\",\"potentialAction\":[{\"@type\":\"ReadAction\",\"target\":[\"https:\\\/\\\/www.visitamalfi.info\\\/de\\\/fall\\\/der-amalfitanische-karneval\\\/\"]}]},{\"@type\":\"ImageObject\",\"inLanguage\":\"de\",\"@id\":\"https:\\\/\\\/www.visitamalfi.info\\\/de\\\/fall\\\/der-amalfitanische-karneval\\\/#primaryimage\",\"url\":\"https:\\\/\\\/www.visitamalfi.info\\\/wp-content\\\/uploads\\\/2024\\\/02\\\/carnevale.jpeg\",\"contentUrl\":\"https:\\\/\\\/www.visitamalfi.info\\\/wp-content\\\/uploads\\\/2024\\\/02\\\/carnevale.jpeg\",\"width\":1080,\"height\":1543},{\"@type\":\"BreadcrumbList\",\"@id\":\"https:\\\/\\\/www.visitamalfi.info\\\/de\\\/fall\\\/der-amalfitanische-karneval\\\/#breadcrumb\",\"itemListElement\":[{\"@type\":\"ListItem\",\"position\":1,\"name\":\"Home\",\"item\":\"https:\\\/\\\/www.visitamalfi.info\\\/de\\\/\"},{\"@type\":\"ListItem\",\"position\":2,\"name\":\"Veranstaltungen\",\"item\":\"https:\\\/\\\/www.visitamalfi.info\\\/de\\\/eventi\\\/\"},{\"@type\":\"ListItem\",\"position\":3,\"name\":\"Der Amalfitanische Karneval\"}]},{\"@type\":\"WebSite\",\"@id\":\"https:\\\/\\\/www.visitamalfi.info\\\/de\\\/#website\",\"url\":\"https:\\\/\\\/www.visitamalfi.info\\\/de\\\/\",\"name\":\"Visit Amalfi\",\"description\":\"Amalfi Destination Official Website\",\"publisher\":{\"@id\":\"https:\\\/\\\/www.visitamalfi.info\\\/de\\\/#organization\"},\"potentialAction\":[{\"@type\":\"SearchAction\",\"target\":{\"@type\":\"EntryPoint\",\"urlTemplate\":\"https:\\\/\\\/www.visitamalfi.info\\\/de\\\/?s={search_term_string}\"},\"query-input\":{\"@type\":\"PropertyValueSpecification\",\"valueRequired\":true,\"valueName\":\"search_term_string\"}}],\"inLanguage\":\"de\"},{\"@type\":\"Organization\",\"@id\":\"https:\\\/\\\/www.visitamalfi.info\\\/de\\\/#organization\",\"name\":\"Visit Amalfi\",\"url\":\"https:\\\/\\\/www.visitamalfi.info\\\/de\\\/\",\"logo\":{\"@type\":\"ImageObject\",\"inLanguage\":\"de\",\"@id\":\"https:\\\/\\\/www.visitamalfi.info\\\/de\\\/#\\\/schema\\\/logo\\\/image\\\/\",\"url\":\"https:\\\/\\\/www.visitamalfi.info\\\/wp-content\\\/uploads\\\/2023\\\/04\\\/visit-amalfi-logo-web.png\",\"contentUrl\":\"https:\\\/\\\/www.visitamalfi.info\\\/wp-content\\\/uploads\\\/2023\\\/04\\\/visit-amalfi-logo-web.png\",\"width\":800,\"height\":870,\"caption\":\"Visit Amalfi\"},\"image\":{\"@id\":\"https:\\\/\\\/www.visitamalfi.info\\\/de\\\/#\\\/schema\\\/logo\\\/image\\\/\"},\"sameAs\":[\"https:\\\/\\\/www.facebook.com\\\/visitamalfiofficial\",\"https:\\\/\\\/www.instagram.com\\\/visitamalfiofficial\\\/\"]}]}<\/script>\n<!-- \/ Yoast SEO plugin. -->","yoast_head_json":{"title":"Der Amalfitanische Karneval - Visit Amalfi","description":"Der amalfitanische Karneval ist in der Stadt angekommen. Auf die Besucher aller Altersgruppen warten Tage des gro\u00dfen Feierns.","robots":{"index":"index","follow":"follow","max-snippet":"max-snippet:-1","max-image-preview":"max-image-preview:large","max-video-preview":"max-video-preview:-1"},"canonical":"https:\/\/www.visitamalfi.info\/de\/fall\/der-amalfitanische-karneval\/","og_locale":"de_DE","og_type":"article","og_title":"Der Amalfitanische Karneval - Visit Amalfi","og_description":"Der amalfitanische Karneval ist in der Stadt angekommen. Auf die Besucher aller Altersgruppen warten Tage des gro\u00dfen Feierns.","og_url":"https:\/\/www.visitamalfi.info\/de\/fall\/der-amalfitanische-karneval\/","og_site_name":"Visit Amalfi","article_publisher":"https:\/\/www.facebook.com\/visitamalfiofficial","og_image":[{"width":1080,"height":1543,"url":"https:\/\/www.visitamalfi.info\/wp-content\/uploads\/2024\/02\/carnevale.jpeg","type":"image\/jpeg"}],"twitter_card":"summary_large_image","twitter_misc":{"Gesch\u00e4tzte Lesezeit":"1\u00a0Minute"},"schema":{"@context":"https:\/\/schema.org","@graph":[{"@type":"WebPage","@id":"https:\/\/www.visitamalfi.info\/de\/fall\/der-amalfitanische-karneval\/","url":"https:\/\/www.visitamalfi.info\/de\/fall\/der-amalfitanische-karneval\/","name":"Der Amalfitanische Karneval - Visit Amalfi","isPartOf":{"@id":"https:\/\/www.visitamalfi.info\/de\/#website"},"primaryImageOfPage":{"@id":"https:\/\/www.visitamalfi.info\/de\/fall\/der-amalfitanische-karneval\/#primaryimage"},"image":{"@id":"https:\/\/www.visitamalfi.info\/de\/fall\/der-amalfitanische-karneval\/#primaryimage"},"thumbnailUrl":"https:\/\/www.visitamalfi.info\/wp-content\/uploads\/2024\/02\/carnevale.jpeg","datePublished":"2024-02-14T09:21:48+00:00","description":"Der amalfitanische Karneval ist in der Stadt angekommen. Auf die Besucher aller Altersgruppen warten Tage des gro\u00dfen Feierns.","breadcrumb":{"@id":"https:\/\/www.visitamalfi.info\/de\/fall\/der-amalfitanische-karneval\/#breadcrumb"},"inLanguage":"de","potentialAction":[{"@type":"ReadAction","target":["https:\/\/www.visitamalfi.info\/de\/fall\/der-amalfitanische-karneval\/"]}]},{"@type":"ImageObject","inLanguage":"de","@id":"https:\/\/www.visitamalfi.info\/de\/fall\/der-amalfitanische-karneval\/#primaryimage","url":"https:\/\/www.visitamalfi.info\/wp-content\/uploads\/2024\/02\/carnevale.jpeg","contentUrl":"https:\/\/www.visitamalfi.info\/wp-content\/uploads\/2024\/02\/carnevale.jpeg","width":1080,"height":1543},{"@type":"BreadcrumbList","@id":"https:\/\/www.visitamalfi.info\/de\/fall\/der-amalfitanische-karneval\/#breadcrumb","itemListElement":[{"@type":"ListItem","position":1,"name":"Home","item":"https:\/\/www.visitamalfi.info\/de\/"},{"@type":"ListItem","position":2,"name":"Veranstaltungen","item":"https:\/\/www.visitamalfi.info\/de\/eventi\/"},{"@type":"ListItem","position":3,"name":"Der Amalfitanische Karneval"}]},{"@type":"WebSite","@id":"https:\/\/www.visitamalfi.info\/de\/#website","url":"https:\/\/www.visitamalfi.info\/de\/","name":"Visit Amalfi","description":"Amalfi Destination Official Website","publisher":{"@id":"https:\/\/www.visitamalfi.info\/de\/#organization"},"potentialAction":[{"@type":"SearchAction","target":{"@type":"EntryPoint","urlTemplate":"https:\/\/www.visitamalfi.info\/de\/?s={search_term_string}"},"query-input":{"@type":"PropertyValueSpecification","valueRequired":true,"valueName":"search_term_string"}}],"inLanguage":"de"},{"@type":"Organization","@id":"https:\/\/www.visitamalfi.info\/de\/#organization","name":"Visit Amalfi","url":"https:\/\/www.visitamalfi.info\/de\/","logo":{"@type":"ImageObject","inLanguage":"de","@id":"https:\/\/www.visitamalfi.info\/de\/#\/schema\/logo\/image\/","url":"https:\/\/www.visitamalfi.info\/wp-content\/uploads\/2023\/04\/visit-amalfi-logo-web.png","contentUrl":"https:\/\/www.visitamalfi.info\/wp-content\/uploads\/2023\/04\/visit-amalfi-logo-web.png","width":800,"height":870,"caption":"Visit Amalfi"},"image":{"@id":"https:\/\/www.visitamalfi.info\/de\/#\/schema\/logo\/image\/"},"sameAs":["https:\/\/www.facebook.com\/visitamalfiofficial","https:\/\/www.instagram.com\/visitamalfiofficial\/"]}]}},"_links":{"self":[{"href":"https:\/\/www.visitamalfi.info\/de\/wp-json\/wp\/v2\/tribe_events\/14064","targetHints":{"allow":["GET"]}}],"collection":[{"href":"https:\/\/www.visitamalfi.info\/de\/wp-json\/wp\/v2\/tribe_events"}],"about":[{"href":"https:\/\/www.visitamalfi.info\/de\/wp-json\/wp\/v2\/types\/tribe_events"}],"author":[{"embeddable":true,"href":"https:\/\/www.visitamalfi.info\/de\/wp-json\/wp\/v2\/users\/7"}],"version-history":[{"count":0,"href":"https:\/\/www.visitamalfi.info\/de\/wp-json\/wp\/v2\/tribe_events\/14064\/revisions"}],"wp:featuredmedia":[{"embeddable":true,"href":"https:\/\/www.visitamalfi.info\/de\/wp-json\/wp\/v2\/media\/14057"}],"wp:attachment":[{"href":"https:\/\/www.visitamalfi.info\/de\/wp-json\/wp\/v2\/media?parent=14064"}],"wp:term":[{"taxonomy":"post_tag","embeddable":true,"href":"https:\/\/www.visitamalfi.info\/de\/wp-json\/wp\/v2\/tags?post=14064"},{"taxonomy":"tribe_events_cat","embeddable":true,"href":"https:\/\/www.visitamalfi.info\/de\/wp-json\/wp\/v2\/tribe_events_cat?post=14064"}],"curies":[{"name":"wp","href":"https:\/\/api.w.org\/{rel}","templated":true}]}}