{"id":6286,"date":"2023-05-31T15:58:46","date_gmt":"2023-05-31T13:58:46","guid":{"rendered":"https:\/\/www.visitamalfi.info\/sehenswertes-in-amalfi\/valle-delle-ferriere\/"},"modified":"2023-07-07T12:20:22","modified_gmt":"2023-07-07T10:20:22","slug":"valle-delle-ferriere","status":"publish","type":"page","link":"https:\/\/www.visitamalfi.info\/de\/sehenswertes-in-amalfi\/valle-delle-ferriere\/","title":{"rendered":"Valle delle Ferriere"},"content":{"rendered":"\t\t<div data-elementor-type=\"wp-post\" data-elementor-id=\"6286\" class=\"elementor elementor-6286\">\n\t\t\t\t\t\t<section class=\"elementor-section elementor-top-section elementor-element elementor-element-a245c11 elementor-section-full_width elementor-section-height-default elementor-section-height-default\" data-id=\"a245c11\" data-element_type=\"section\" data-e-type=\"section\">\n\t\t\t\t\t\t<div class=\"elementor-container elementor-column-gap-default\">\n\t\t\t\t\t<div class=\"elementor-column elementor-col-100 elementor-top-column elementor-element elementor-element-d803bdd\" data-id=\"d803bdd\" data-element_type=\"column\" data-e-type=\"column\">\n\t\t\t<div class=\"elementor-widget-wrap elementor-element-populated\">\n\t\t\t\t\t\t<div class=\"elementor-element elementor-element-3d0d982 elementor-widget elementor-widget-shortcode\" data-id=\"3d0d982\" data-element_type=\"widget\" data-e-type=\"widget\" data-widget_type=\"shortcode.default\">\n\t\t\t\t<div class=\"elementor-widget-container\">\n\t\t\t\t\t\t\t<div class=\"elementor-shortcode\"><div\n\tid=\"maxslider-3131\"\n\tclass=\"maxslider\"\n\tdata-autoslide=\"true\" data-effect=\"fade\" data-slide-speed=\"5000\" data-height=\"700\" data-height_unit=\"px\" data-navigation=\"arrows\" data-navigation_fg_color=\"\" data-navigation_bg_color=\"\" data-image_size=\"full\" data-arrows=\"1\" data-arrows_fg_color=\"\" data-arrows_bg_color=\"\" >\n\t\t<div class=\"maxslider-slide maxslider-3131-slide-0\">\n\t\t<div class=\"maxslider-slide-content maxslider-align-center maxslider-align-middle\">\n\t\t\t<div class=\"maxslider-slide-content-pad\">\n\t\t\t\t\n\t\t\t\t\n\t\t\t\t\t\t\t<\/div>\n\t\t<\/div>\n\t<\/div>\n\t<div class=\"maxslider-slide maxslider-3131-slide-1\">\n\t\t<div class=\"maxslider-slide-content maxslider-align-center maxslider-align-middle\">\n\t\t\t<div class=\"maxslider-slide-content-pad\">\n\t\t\t\t\n\t\t\t\t\n\t\t\t\t\t\t\t<\/div>\n\t\t<\/div>\n\t<\/div>\n<\/div>\n<\/div>\n\t\t\t\t\t\t<\/div>\n\t\t\t\t<\/div>\n\t\t\t\t\t<\/div>\n\t\t<\/div>\n\t\t\t\t\t<\/div>\n\t\t<\/section>\n\t\t\t\t<section class=\"elementor-section elementor-top-section elementor-element elementor-element-6bc47b6 elementor-section-full_width elementor-section-height-default elementor-section-height-default\" data-id=\"6bc47b6\" data-element_type=\"section\" data-e-type=\"section\" data-settings=\"{&quot;background_background&quot;:&quot;classic&quot;}\">\n\t\t\t\t\t\t<div class=\"elementor-container elementor-column-gap-default\">\n\t\t\t\t\t<div class=\"elementor-column elementor-col-50 elementor-top-column elementor-element elementor-element-2f81196\" data-id=\"2f81196\" data-element_type=\"column\" data-e-type=\"column\" data-settings=\"{&quot;background_background&quot;:&quot;classic&quot;}\">\n\t\t\t<div class=\"elementor-widget-wrap elementor-element-populated\">\n\t\t\t\t\t\t<div class=\"elementor-element elementor-element-998948f elementor-widget-divider--view-line elementor-widget elementor-widget-divider\" data-id=\"998948f\" data-element_type=\"widget\" data-e-type=\"widget\" data-widget_type=\"divider.default\">\n\t\t\t\t<div class=\"elementor-widget-container\">\n\t\t\t\t\t\t\t<div class=\"elementor-divider\">\n\t\t\t<span class=\"elementor-divider-separator\">\n\t\t\t\t\t\t<\/span>\n\t\t<\/div>\n\t\t\t\t\t\t<\/div>\n\t\t\t\t<\/div>\n\t\t\t\t<div class=\"elementor-element elementor-element-ca9449b elementor-widget elementor-widget-heading\" data-id=\"ca9449b\" data-element_type=\"widget\" data-e-type=\"widget\" data-widget_type=\"heading.default\">\n\t\t\t\t<div class=\"elementor-widget-container\">\n\t\t\t\t\t<h2 class=\"elementor-heading-title elementor-size-default\">Ferriere-Tal<\/h2>\t\t\t\t<\/div>\n\t\t\t\t<\/div>\n\t\t\t\t<div class=\"elementor-element elementor-element-328d89f elementor-widget elementor-widget-text-editor\" data-id=\"328d89f\" data-element_type=\"widget\" data-e-type=\"widget\" data-widget_type=\"text-editor.default\">\n\t\t\t\t<div class=\"elementor-widget-container\">\n\t\t\t\t\t\t\t\t\t<p>Das Tal ist historisch gesehen in zwei Teile geteilt: der erste, der geografisch tiefer gelegene Teil, ist als Valle dei Mulini bekannt, der zweite, der h\u00f6her gelegene Teil, als Valle delle Ferriere. Das Vallone di Amalfi ist in seiner Gesamtheit eine Mischung aus Suggestion, Verzauberung und Hingabe an die Sinne. Inmitten der nat\u00fcrlichen D\u00fcfte der einzigartigen Vegetation, die sich an dem besonderen Klima erfreut, das dank des Schutzes der felsigen Bergr\u00fccken frei von starren Temperaturschwankungen ist, inmitten des Gluckerns von B\u00e4chen und Wasserf\u00e4llen, werden Sie sich f\u00fchlen, als w\u00e4ren Sie in einer Parallelwelt gelandet, weit weg vom st\u00e4dtischen Zentrum und doch nur wenige Minuten von Amalfi-Stadt entfernt. Die authentische Seele von Amalfi entfaltet sich hier, in der seltenen Fauna und der unber\u00fchrten Natur. Das Tal geh\u00f6rt zu den wenigen anerkannten biogenetischen Reserven in Italien.&nbsp;<\/p>\n\t\t\t\t\t\t\t\t<\/div>\n\t\t\t\t<\/div>\n\t\t\t\t\t<\/div>\n\t\t<\/div>\n\t\t\t\t<div class=\"elementor-column elementor-col-50 elementor-top-column elementor-element elementor-element-d48e7d3\" data-id=\"d48e7d3\" data-element_type=\"column\" data-e-type=\"column\">\n\t\t\t<div class=\"elementor-widget-wrap\">\n\t\t\t\t\t\t\t<\/div>\n\t\t<\/div>\n\t\t\t\t\t<\/div>\n\t\t<\/section>\n\t\t\t\t<section class=\"elementor-section elementor-top-section elementor-element elementor-element-a751860 elementor-section-full_width elementor-section-height-default elementor-section-height-default\" data-id=\"a751860\" data-element_type=\"section\" data-e-type=\"section\" data-settings=\"{&quot;background_background&quot;:&quot;classic&quot;}\">\n\t\t\t\t\t\t<div class=\"elementor-container elementor-column-gap-default\">\n\t\t\t\t\t<div class=\"elementor-column elementor-col-50 elementor-top-column elementor-element elementor-element-55da2f2\" data-id=\"55da2f2\" data-element_type=\"column\" data-e-type=\"column\">\n\t\t\t<div class=\"elementor-widget-wrap\">\n\t\t\t\t\t\t\t<\/div>\n\t\t<\/div>\n\t\t\t\t<div class=\"elementor-column elementor-col-50 elementor-top-column elementor-element elementor-element-1753a82\" data-id=\"1753a82\" data-element_type=\"column\" data-e-type=\"column\" data-settings=\"{&quot;background_background&quot;:&quot;classic&quot;}\">\n\t\t\t<div class=\"elementor-widget-wrap elementor-element-populated\">\n\t\t\t\t\t\t<div class=\"elementor-element elementor-element-d6ad44c elementor-widget__width-initial elementor-widget elementor-widget-text-editor\" data-id=\"d6ad44c\" data-element_type=\"widget\" data-e-type=\"widget\" data-widget_type=\"text-editor.default\">\n\t\t\t\t<div class=\"elementor-widget-container\">\n\t\t\t\t\t\t\t\t\t<p><span style=\"letter-spacing: 0em;\">Das Gebiet liegt im Regionalpark Monti Lattari und wird vom Bach Canneto durchflossen.<\/span><span style=\"letter-spacing: 0em;\"> <br \/><\/span>Das Valle dei Mulini und das Valle delle Ferriere sind eindrucksvolle und romantische Orte, ideal f\u00fcr Trekking- und Outdoor-Fans im Urlaub in Amalfi, wo sie in die Natur eintauchen und die Terrassen, die Natursch\u00f6nheiten und die historischen Ver\u00e4nderungen des Ortes bewundern k\u00f6nnen, der dank des menschlichen Einfallsreichtums eine Hauptquelle der Arbeit war. <span style=\"letter-spacing: 0em;\">DasCAI hat zwei Wege ins Valle delle Ferriere ausgewiesen: einen vom Zentrum Amalfis aus und einen von Pontone aus..<\/span><\/p>\n\t\t\t\t\t\t\t\t<\/div>\n\t\t\t\t<\/div>\n\t\t\t\t<div class=\"elementor-element elementor-element-b5053c9 elementor-widget-divider--view-line elementor-widget elementor-widget-divider\" data-id=\"b5053c9\" data-element_type=\"widget\" data-e-type=\"widget\" data-widget_type=\"divider.default\">\n\t\t\t\t<div class=\"elementor-widget-container\">\n\t\t\t\t\t\t\t<div class=\"elementor-divider\">\n\t\t\t<span class=\"elementor-divider-separator\">\n\t\t\t\t\t\t<\/span>\n\t\t<\/div>\n\t\t\t\t\t\t<\/div>\n\t\t\t\t<\/div>\n\t\t\t\t\t<\/div>\n\t\t<\/div>\n\t\t\t\t\t<\/div>\n\t\t<\/section>\n\t\t\t\t<section class=\"elementor-section elementor-top-section elementor-element elementor-element-124bac2 elementor-section-full_width elementor-section-height-default elementor-section-height-default\" data-id=\"124bac2\" data-element_type=\"section\" data-e-type=\"section\" data-settings=\"{&quot;background_background&quot;:&quot;classic&quot;}\">\n\t\t\t\t\t\t<div class=\"elementor-container elementor-column-gap-default\">\n\t\t\t\t\t<div class=\"elementor-column elementor-col-50 elementor-top-column elementor-element elementor-element-91c4adb\" data-id=\"91c4adb\" data-element_type=\"column\" data-e-type=\"column\" data-settings=\"{&quot;background_background&quot;:&quot;classic&quot;}\">\n\t\t\t<div class=\"elementor-widget-wrap elementor-element-populated\">\n\t\t\t\t\t\t<div class=\"elementor-element elementor-element-92d52c2 elementor-widget-divider--view-line elementor-widget elementor-widget-divider\" data-id=\"92d52c2\" data-element_type=\"widget\" data-e-type=\"widget\" data-widget_type=\"divider.default\">\n\t\t\t\t<div class=\"elementor-widget-container\">\n\t\t\t\t\t\t\t<div class=\"elementor-divider\">\n\t\t\t<span class=\"elementor-divider-separator\">\n\t\t\t\t\t\t<\/span>\n\t\t<\/div>\n\t\t\t\t\t\t<\/div>\n\t\t\t\t<\/div>\n\t\t\t\t<div class=\"elementor-element elementor-element-159ab86 elementor-widget elementor-widget-text-editor\" data-id=\"159ab86\" data-element_type=\"widget\" data-e-type=\"widget\" data-widget_type=\"text-editor.default\">\n\t\t\t\t<div class=\"elementor-widget-container\">\n\t\t\t\t\t\t\t\t\t<p>Wasser ist das vorherrschende Element. Die \u00fcppige Vegetation f\u00fchrt zu einem m\u00e4rchenhaften Weg, der von Wasserf\u00e4llen, Quellen und B\u00e4chen ges\u00e4umt ist und auf dem man auch die Ruinen der&nbsp;<strong>Herzogtum Amalfi.&nbsp;<\/strong>Der Amalfi Valley Trail f\u00fchrt durch mehrere Ortschaften von Amalfi, von Pontone \u00fcber Chiarito bis Pogerola. Hier befand sich das alte Kraftwerk, dessen Rohrleitung noch zu sehen ist, sowie die \u00dcberreste der Ferriere und der Amalfi-Papierfabriken. Ein naturalistischer Ort, der den Betrachter \u00fcberraschen wird.&nbsp;<\/p>\n\t\t\t\t\t\t\t\t<\/div>\n\t\t\t\t<\/div>\n\t\t\t\t<div class=\"elementor-element elementor-element-d870c24 elementor-widget-divider--view-line elementor-widget elementor-widget-divider\" data-id=\"d870c24\" data-element_type=\"widget\" data-e-type=\"widget\" data-widget_type=\"divider.default\">\n\t\t\t\t<div class=\"elementor-widget-container\">\n\t\t\t\t\t\t\t<div class=\"elementor-divider\">\n\t\t\t<span class=\"elementor-divider-separator\">\n\t\t\t\t\t\t<\/span>\n\t\t<\/div>\n\t\t\t\t\t\t<\/div>\n\t\t\t\t<\/div>\n\t\t\t\t\t<\/div>\n\t\t<\/div>\n\t\t\t\t<div class=\"elementor-column elementor-col-50 elementor-top-column elementor-element elementor-element-b98dca3\" data-id=\"b98dca3\" data-element_type=\"column\" data-e-type=\"column\">\n\t\t\t<div class=\"elementor-widget-wrap\">\n\t\t\t\t\t\t\t<\/div>\n\t\t<\/div>\n\t\t\t\t\t<\/div>\n\t\t<\/section>\n\t\t\t\t<section class=\"elementor-section elementor-top-section elementor-element elementor-element-1bb64391 elementor-section-full_width elementor-section-height-default elementor-section-height-default\" data-id=\"1bb64391\" data-element_type=\"section\" data-e-type=\"section\" data-settings=\"{&quot;background_background&quot;:&quot;classic&quot;}\">\n\t\t\t\t\t\t<div class=\"elementor-container elementor-column-gap-no\">\n\t\t\t\t\t<div class=\"elementor-column elementor-col-100 elementor-top-column elementor-element elementor-element-4f6536b0\" data-id=\"4f6536b0\" data-element_type=\"column\" data-e-type=\"column\" data-settings=\"{&quot;background_background&quot;:&quot;classic&quot;}\">\n\t\t\t<div class=\"elementor-widget-wrap elementor-element-populated\">\n\t\t\t\t\t\t<div class=\"elementor-element elementor-element-7e5aaa48 gallery-spacing-custom elementor-widget elementor-widget-image-gallery\" data-id=\"7e5aaa48\" data-element_type=\"widget\" data-e-type=\"widget\" data-widget_type=\"image-gallery.default\">\n\t\t\t\t<div class=\"elementor-widget-container\">\n\t\t\t\t\t\t\t<div class=\"elementor-image-gallery\">\n\t\t\t<div id='gallery-1' class='gallery galleryid-6286 gallery-columns-4 gallery-size-ignition_article_media'><figure class='gallery-item'>\n\t\t\t<div class='gallery-icon landscape'>\n\t\t\t\t<a data-elementor-open-lightbox=\"yes\" data-elementor-lightbox-slideshow=\"7e5aaa48\" data-elementor-lightbox-title=\"valle-delle-ferriere_m.abbagnara\" data-e-action-hash=\"#elementor-action%3Aaction%3Dlightbox%26settings%3DeyJpZCI6MTY4OSwidXJsIjoiaHR0cHM6XC9cL3d3dy52aXNpdGFtYWxmaS5pbmZvXC93cC1jb250ZW50XC91cGxvYWRzXC8yMDIzXC8wNVwvdmFsbGUtZGVsbGUtZmVycmllcmVfbS5hYmJhZ25hcmEuanBnIiwic2xpZGVzaG93IjoiN2U1YWFhNDgifQ%3D%3D\" href='https:\/\/www.visitamalfi.info\/wp-content\/uploads\/2023\/05\/valle-delle-ferriere_m.abbagnara.jpg' data-lightbox=\"gal[6286]\"><img fetchpriority=\"high\" decoding=\"async\" width=\"510\" height=\"510\" src=\"https:\/\/www.visitamalfi.info\/wp-content\/uploads\/2023\/05\/valle-delle-ferriere_m.abbagnara-510x510.jpg\" class=\"attachment-ignition_article_media size-ignition_article_media\" alt=\"\" srcset=\"https:\/\/www.visitamalfi.info\/wp-content\/uploads\/2023\/05\/valle-delle-ferriere_m.abbagnara-510x510.jpg 510w, https:\/\/www.visitamalfi.info\/wp-content\/uploads\/2023\/05\/valle-delle-ferriere_m.abbagnara-150x150.jpg 150w, https:\/\/www.visitamalfi.info\/wp-content\/uploads\/2023\/05\/valle-delle-ferriere_m.abbagnara-160x160.jpg 160w\" sizes=\"(max-width: 510px) 100vw, 510px\" \/><\/a>\n\t\t\t<\/div><\/figure><figure class='gallery-item'>\n\t\t\t<div class='gallery-icon landscape'>\n\t\t\t\t<a data-elementor-open-lightbox=\"yes\" data-elementor-lightbox-slideshow=\"7e5aaa48\" data-elementor-lightbox-title=\"valle-dei-mulini-e-delle-ferriere\" data-e-action-hash=\"#elementor-action%3Aaction%3Dlightbox%26settings%3DeyJpZCI6MzEyMCwidXJsIjoiaHR0cHM6XC9cL3d3dy52aXNpdGFtYWxmaS5pbmZvXC93cC1jb250ZW50XC91cGxvYWRzXC8yMDIzXC8wNVwvdmFsbGUtZGVpLW11bGluaS1lLWRlbGxlLWZlcnJpZXJlLmpwZyIsInNsaWRlc2hvdyI6IjdlNWFhYTQ4In0%3D\" href='https:\/\/www.visitamalfi.info\/wp-content\/uploads\/2023\/05\/valle-dei-mulini-e-delle-ferriere.jpg' data-lightbox=\"gal[6286]\"><img decoding=\"async\" width=\"510\" height=\"510\" src=\"https:\/\/www.visitamalfi.info\/wp-content\/uploads\/2023\/05\/valle-dei-mulini-e-delle-ferriere-510x510.jpg\" class=\"attachment-ignition_article_media size-ignition_article_media\" alt=\"\" srcset=\"https:\/\/www.visitamalfi.info\/wp-content\/uploads\/2023\/05\/valle-dei-mulini-e-delle-ferriere-510x510.jpg 510w, https:\/\/www.visitamalfi.info\/wp-content\/uploads\/2023\/05\/valle-dei-mulini-e-delle-ferriere-150x150.jpg 150w, https:\/\/www.visitamalfi.info\/wp-content\/uploads\/2023\/05\/valle-dei-mulini-e-delle-ferriere-160x160.jpg 160w\" sizes=\"(max-width: 510px) 100vw, 510px\" \/><\/a>\n\t\t\t<\/div><\/figure><figure class='gallery-item'>\n\t\t\t<div class='gallery-icon landscape'>\n\t\t\t\t<a data-elementor-open-lightbox=\"yes\" data-elementor-lightbox-slideshow=\"7e5aaa48\" data-elementor-lightbox-title=\"cascata-valle-delle-ferriere\" data-e-action-hash=\"#elementor-action%3Aaction%3Dlightbox%26settings%3DeyJpZCI6MzE1MCwidXJsIjoiaHR0cHM6XC9cL3d3dy52aXNpdGFtYWxmaS5pbmZvXC93cC1jb250ZW50XC91cGxvYWRzXC8yMDIzXC8wNVwvY2FzY2F0YS12YWxsZS1kZWxsZS1mZXJyaWVyZS5qcGciLCJzbGlkZXNob3ciOiI3ZTVhYWE0OCJ9\" href='https:\/\/www.visitamalfi.info\/wp-content\/uploads\/2023\/05\/cascata-valle-delle-ferriere.jpg' data-lightbox=\"gal[6286]\"><img decoding=\"async\" width=\"510\" height=\"510\" src=\"https:\/\/www.visitamalfi.info\/wp-content\/uploads\/2023\/05\/cascata-valle-delle-ferriere-510x510.jpg\" class=\"attachment-ignition_article_media size-ignition_article_media\" alt=\"\" srcset=\"https:\/\/www.visitamalfi.info\/wp-content\/uploads\/2023\/05\/cascata-valle-delle-ferriere-510x510.jpg 510w, https:\/\/www.visitamalfi.info\/wp-content\/uploads\/2023\/05\/cascata-valle-delle-ferriere-150x150.jpg 150w, https:\/\/www.visitamalfi.info\/wp-content\/uploads\/2023\/05\/cascata-valle-delle-ferriere-160x160.jpg 160w\" sizes=\"(max-width: 510px) 100vw, 510px\" \/><\/a>\n\t\t\t<\/div><\/figure><figure class='gallery-item'>\n\t\t\t<div class='gallery-icon landscape'>\n\t\t\t\t<a data-elementor-open-lightbox=\"yes\" data-elementor-lightbox-slideshow=\"7e5aaa48\" data-elementor-lightbox-title=\"amalfi-valle-ferriere-rapide\" data-e-action-hash=\"#elementor-action%3Aaction%3Dlightbox%26settings%3DeyJpZCI6MTQ0NSwidXJsIjoiaHR0cHM6XC9cL3d3dy52aXNpdGFtYWxmaS5pbmZvXC93cC1jb250ZW50XC91cGxvYWRzXC8yMDIzXC8wNVwvYW1hbGZpLXZhbGxlLWZlcnJpZXJlLXJhcGlkZS5qcGciLCJzbGlkZXNob3ciOiI3ZTVhYWE0OCJ9\" href='https:\/\/www.visitamalfi.info\/wp-content\/uploads\/2023\/05\/amalfi-valle-ferriere-rapide.jpg' data-lightbox=\"gal[6286]\"><img loading=\"lazy\" decoding=\"async\" width=\"510\" height=\"510\" src=\"https:\/\/www.visitamalfi.info\/wp-content\/uploads\/2023\/05\/amalfi-valle-ferriere-rapide-510x510.jpg\" class=\"attachment-ignition_article_media size-ignition_article_media\" alt=\"\" srcset=\"https:\/\/www.visitamalfi.info\/wp-content\/uploads\/2023\/05\/amalfi-valle-ferriere-rapide-510x510.jpg 510w, https:\/\/www.visitamalfi.info\/wp-content\/uploads\/2023\/05\/amalfi-valle-ferriere-rapide-150x150.jpg 150w, https:\/\/www.visitamalfi.info\/wp-content\/uploads\/2023\/05\/amalfi-valle-ferriere-rapide-160x160.jpg 160w\" sizes=\"(max-width: 510px) 100vw, 510px\" \/><\/a>\n\t\t\t<\/div><\/figure><figure class='gallery-item'>\n\t\t\t<div class='gallery-icon landscape'>\n\t\t\t\t<a data-elementor-open-lightbox=\"yes\" data-elementor-lightbox-slideshow=\"7e5aaa48\" data-elementor-lightbox-title=\"06 - foto m.abbagnara - valle delle ferriere\" data-e-action-hash=\"#elementor-action%3Aaction%3Dlightbox%26settings%3DeyJpZCI6MTY1OSwidXJsIjoiaHR0cHM6XC9cL3d3dy52aXNpdGFtYWxmaS5pbmZvXC93cC1jb250ZW50XC91cGxvYWRzXC8yMDIzXC8wNVwvMDYtZm90by1tLmFiYmFnbmFyYS12YWxsZS1kZWxsZS1mZXJyaWVyZS0tc2NhbGVkLmpwZyIsInNsaWRlc2hvdyI6IjdlNWFhYTQ4In0%3D\" href='https:\/\/www.visitamalfi.info\/wp-content\/uploads\/2023\/05\/06-foto-m.abbagnara-valle-delle-ferriere--scaled.jpg' data-lightbox=\"gal[6286]\"><img loading=\"lazy\" decoding=\"async\" width=\"510\" height=\"510\" src=\"https:\/\/www.visitamalfi.info\/wp-content\/uploads\/2023\/05\/06-foto-m.abbagnara-valle-delle-ferriere--510x510.jpg\" class=\"attachment-ignition_article_media size-ignition_article_media\" alt=\"\" srcset=\"https:\/\/www.visitamalfi.info\/wp-content\/uploads\/2023\/05\/06-foto-m.abbagnara-valle-delle-ferriere--510x510.jpg 510w, https:\/\/www.visitamalfi.info\/wp-content\/uploads\/2023\/05\/06-foto-m.abbagnara-valle-delle-ferriere--150x150.jpg 150w, https:\/\/www.visitamalfi.info\/wp-content\/uploads\/2023\/05\/06-foto-m.abbagnara-valle-delle-ferriere--160x160.jpg 160w\" sizes=\"(max-width: 510px) 100vw, 510px\" \/><\/a>\n\t\t\t<\/div><\/figure><figure class='gallery-item'>\n\t\t\t<div class='gallery-icon landscape'>\n\t\t\t\t<a data-elementor-open-lightbox=\"yes\" data-elementor-lightbox-slideshow=\"7e5aaa48\" data-elementor-lightbox-title=\"07 - foto m.abbagnara - valle delle ferriere\" data-e-action-hash=\"#elementor-action%3Aaction%3Dlightbox%26settings%3DeyJpZCI6MTY2NCwidXJsIjoiaHR0cHM6XC9cL3d3dy52aXNpdGFtYWxmaS5pbmZvXC93cC1jb250ZW50XC91cGxvYWRzXC8yMDIzXC8wNVwvMDctZm90by1tLmFiYmFnbmFyYS12YWxsZS1kZWxsZS1mZXJyaWVyZS0tc2NhbGVkLmpwZyIsInNsaWRlc2hvdyI6IjdlNWFhYTQ4In0%3D\" href='https:\/\/www.visitamalfi.info\/wp-content\/uploads\/2023\/05\/07-foto-m.abbagnara-valle-delle-ferriere--scaled.jpg' data-lightbox=\"gal[6286]\"><img loading=\"lazy\" decoding=\"async\" width=\"510\" height=\"510\" src=\"https:\/\/www.visitamalfi.info\/wp-content\/uploads\/2023\/05\/07-foto-m.abbagnara-valle-delle-ferriere--510x510.jpg\" class=\"attachment-ignition_article_media size-ignition_article_media\" alt=\"\" srcset=\"https:\/\/www.visitamalfi.info\/wp-content\/uploads\/2023\/05\/07-foto-m.abbagnara-valle-delle-ferriere--510x510.jpg 510w, https:\/\/www.visitamalfi.info\/wp-content\/uploads\/2023\/05\/07-foto-m.abbagnara-valle-delle-ferriere--150x150.jpg 150w, https:\/\/www.visitamalfi.info\/wp-content\/uploads\/2023\/05\/07-foto-m.abbagnara-valle-delle-ferriere--160x160.jpg 160w\" sizes=\"(max-width: 510px) 100vw, 510px\" \/><\/a>\n\t\t\t<\/div><\/figure><figure class='gallery-item'>\n\t\t\t<div class='gallery-icon landscape'>\n\t\t\t\t<a data-elementor-open-lightbox=\"yes\" data-elementor-lightbox-slideshow=\"7e5aaa48\" data-elementor-lightbox-title=\"valle-delle-ferriere-ruscello\" data-e-action-hash=\"#elementor-action%3Aaction%3Dlightbox%26settings%3DeyJpZCI6MzEyNSwidXJsIjoiaHR0cHM6XC9cL3d3dy52aXNpdGFtYWxmaS5pbmZvXC93cC1jb250ZW50XC91cGxvYWRzXC8yMDIzXC8wNVwvdmFsbGUtZGVsbGUtZmVycmllcmUtcnVzY2VsbG8uanBnIiwic2xpZGVzaG93IjoiN2U1YWFhNDgifQ%3D%3D\" href='https:\/\/www.visitamalfi.info\/wp-content\/uploads\/2023\/05\/valle-delle-ferriere-ruscello.jpg' data-lightbox=\"gal[6286]\"><img loading=\"lazy\" decoding=\"async\" width=\"510\" height=\"510\" src=\"https:\/\/www.visitamalfi.info\/wp-content\/uploads\/2023\/05\/valle-delle-ferriere-ruscello-510x510.jpg\" class=\"attachment-ignition_article_media size-ignition_article_media\" alt=\"\" srcset=\"https:\/\/www.visitamalfi.info\/wp-content\/uploads\/2023\/05\/valle-delle-ferriere-ruscello-510x510.jpg 510w, https:\/\/www.visitamalfi.info\/wp-content\/uploads\/2023\/05\/valle-delle-ferriere-ruscello-150x150.jpg 150w, https:\/\/www.visitamalfi.info\/wp-content\/uploads\/2023\/05\/valle-delle-ferriere-ruscello-160x160.jpg 160w\" sizes=\"(max-width: 510px) 100vw, 510px\" \/><\/a>\n\t\t\t<\/div><\/figure><figure class='gallery-item'>\n\t\t\t<div class='gallery-icon landscape'>\n\t\t\t\t<a data-elementor-open-lightbox=\"yes\" data-elementor-lightbox-slideshow=\"7e5aaa48\" data-elementor-lightbox-title=\"valle-delle-ferriere\" data-e-action-hash=\"#elementor-action%3Aaction%3Dlightbox%26settings%3DeyJpZCI6MTY4NCwidXJsIjoiaHR0cHM6XC9cL3d3dy52aXNpdGFtYWxmaS5pbmZvXC93cC1jb250ZW50XC91cGxvYWRzXC8yMDIzXC8wNVwvdmFsbGUtZGVsbGUtZmVycmllcmUuanBnIiwic2xpZGVzaG93IjoiN2U1YWFhNDgifQ%3D%3D\" href='https:\/\/www.visitamalfi.info\/wp-content\/uploads\/2023\/05\/valle-delle-ferriere.jpg' data-lightbox=\"gal[6286]\"><img loading=\"lazy\" decoding=\"async\" width=\"510\" height=\"510\" src=\"https:\/\/www.visitamalfi.info\/wp-content\/uploads\/2023\/05\/valle-delle-ferriere-510x510.jpg\" class=\"attachment-ignition_article_media size-ignition_article_media\" alt=\"\" srcset=\"https:\/\/www.visitamalfi.info\/wp-content\/uploads\/2023\/05\/valle-delle-ferriere-510x510.jpg 510w, https:\/\/www.visitamalfi.info\/wp-content\/uploads\/2023\/05\/valle-delle-ferriere-150x150.jpg 150w, https:\/\/www.visitamalfi.info\/wp-content\/uploads\/2023\/05\/valle-delle-ferriere-160x160.jpg 160w\" sizes=\"(max-width: 510px) 100vw, 510px\" \/><\/a>\n\t\t\t<\/div><\/figure>\n\t\t<\/div>\n\t\t<\/div>\n\t\t\t\t\t\t<\/div>\n\t\t\t\t<\/div>\n\t\t\t\t\t<\/div>\n\t\t<\/div>\n\t\t\t\t\t<\/div>\n\t\t<\/section>\n\t\t\t\t<section class=\"elementor-section elementor-top-section elementor-element elementor-element-4a2d9154 elementor-section-full_width elementor-section-height-default elementor-section-height-default\" data-id=\"4a2d9154\" data-element_type=\"section\" data-e-type=\"section\">\n\t\t\t\t\t\t<div class=\"elementor-container elementor-column-gap-no\">\n\t\t\t\t\t<div class=\"elementor-column elementor-col-100 elementor-top-column elementor-element elementor-element-56536759\" data-id=\"56536759\" data-element_type=\"column\" data-e-type=\"column\">\n\t\t\t<div class=\"elementor-widget-wrap elementor-element-populated\">\n\t\t\t\t\t\t<div class=\"elementor-element elementor-element-40670ee8 elementor-widget elementor-widget-google_maps\" data-id=\"40670ee8\" data-element_type=\"widget\" data-e-type=\"widget\" data-widget_type=\"google_maps.default\">\n\t\t\t\t<div class=\"elementor-widget-container\">\n\t\t\t\t\t\t\t<div class=\"elementor-custom-embed\">\n\t\t\t<iframe loading=\"lazy\"\n\t\t\t\t\tsrc=\"https:\/\/maps.google.com\/maps?q=Valle%20delle%20Ferriere%2C%20Amalfi%20&#038;t=m&#038;z=16&#038;output=embed&#038;iwloc=near\"\n\t\t\t\t\ttitle=\"Valle delle Ferriere, Amalfi \"\n\t\t\t\t\taria-label=\"Valle delle Ferriere, Amalfi \"\n\t\t\t><\/iframe>\n\t\t<\/div>\n\t\t\t\t\t\t<\/div>\n\t\t\t\t<\/div>\n\t\t\t\t\t<\/div>\n\t\t<\/div>\n\t\t\t\t\t<\/div>\n\t\t<\/section>\n\t\t\t\t<\/div>\n\t\t","protected":false},"excerpt":{"rendered":"<p>Ferriere-Tal Das Tal ist historisch gesehen in zwei Teile geteilt: der erste, der geografisch tiefer gelegene Teil, ist als Valle dei Mulini bekannt, der zweite, der h\u00f6her gelegene Teil, als [&hellip;]<\/p>\n","protected":false},"author":1,"featured_media":1684,"parent":6227,"menu_order":0,"comment_status":"closed","ping_status":"closed","template":"elementor_header_footer","meta":{"inline_featured_image":false,"footnotes":""},"class_list":["post-6286","page","type-page","status-publish","has-post-thumbnail","hentry"],"yoast_head":"<!-- This site is optimized with the Yoast SEO plugin v27.3 - https:\/\/yoast.com\/product\/yoast-seo-wordpress\/ -->\n<title>Valle delle Ferriere - Visit Amalfi<\/title>\n<meta name=\"robots\" content=\"index, follow, max-snippet:-1, max-image-preview:large, max-video-preview:-1\" \/>\n<link rel=\"canonical\" href=\"https:\/\/www.visitamalfi.info\/de\/sehenswertes-in-amalfi\/valle-delle-ferriere\/\" \/>\n<meta property=\"og:locale\" content=\"de_DE\" \/>\n<meta property=\"og:type\" content=\"article\" \/>\n<meta property=\"og:title\" content=\"Valle delle Ferriere - Visit Amalfi\" \/>\n<meta property=\"og:description\" content=\"Ferriere-Tal Das Tal ist historisch gesehen in zwei Teile geteilt: der erste, der geografisch tiefer gelegene Teil, ist als Valle dei Mulini bekannt, der zweite, der h\u00f6her gelegene Teil, als [&hellip;]\" \/>\n<meta property=\"og:url\" content=\"https:\/\/www.visitamalfi.info\/de\/sehenswertes-in-amalfi\/valle-delle-ferriere\/\" \/>\n<meta property=\"og:site_name\" content=\"Visit Amalfi\" \/>\n<meta property=\"article:publisher\" content=\"https:\/\/www.facebook.com\/visitamalfiofficial\" \/>\n<meta property=\"article:modified_time\" content=\"2023-07-07T10:20:22+00:00\" \/>\n<meta property=\"og:image\" content=\"https:\/\/www.visitamalfi.info\/wp-content\/uploads\/2023\/05\/valle-delle-ferriere.jpg\" \/>\n\t<meta property=\"og:image:width\" content=\"1920\" \/>\n\t<meta property=\"og:image:height\" content=\"1280\" \/>\n\t<meta property=\"og:image:type\" content=\"image\/jpeg\" \/>\n<meta name=\"twitter:card\" content=\"summary_large_image\" \/>\n<meta name=\"twitter:label1\" content=\"Gesch\u00e4tzte Lesezeit\" \/>\n\t<meta name=\"twitter:data1\" content=\"2\u00a0Minuten\" \/>\n<script type=\"application\/ld+json\" class=\"yoast-schema-graph\">{\"@context\":\"https:\\\/\\\/schema.org\",\"@graph\":[{\"@type\":\"WebPage\",\"@id\":\"https:\\\/\\\/www.visitamalfi.info\\\/de\\\/sehenswertes-in-amalfi\\\/valle-delle-ferriere\\\/\",\"url\":\"https:\\\/\\\/www.visitamalfi.info\\\/de\\\/sehenswertes-in-amalfi\\\/valle-delle-ferriere\\\/\",\"name\":\"Valle delle Ferriere - Visit Amalfi\",\"isPartOf\":{\"@id\":\"https:\\\/\\\/www.visitamalfi.info\\\/de\\\/#website\"},\"primaryImageOfPage\":{\"@id\":\"https:\\\/\\\/www.visitamalfi.info\\\/de\\\/sehenswertes-in-amalfi\\\/valle-delle-ferriere\\\/#primaryimage\"},\"image\":{\"@id\":\"https:\\\/\\\/www.visitamalfi.info\\\/de\\\/sehenswertes-in-amalfi\\\/valle-delle-ferriere\\\/#primaryimage\"},\"thumbnailUrl\":\"https:\\\/\\\/www.visitamalfi.info\\\/wp-content\\\/uploads\\\/2023\\\/05\\\/valle-delle-ferriere.jpg\",\"datePublished\":\"2023-05-31T13:58:46+00:00\",\"dateModified\":\"2023-07-07T10:20:22+00:00\",\"breadcrumb\":{\"@id\":\"https:\\\/\\\/www.visitamalfi.info\\\/de\\\/sehenswertes-in-amalfi\\\/valle-delle-ferriere\\\/#breadcrumb\"},\"inLanguage\":\"de\",\"potentialAction\":[{\"@type\":\"ReadAction\",\"target\":[\"https:\\\/\\\/www.visitamalfi.info\\\/de\\\/sehenswertes-in-amalfi\\\/valle-delle-ferriere\\\/\"]}]},{\"@type\":\"ImageObject\",\"inLanguage\":\"de\",\"@id\":\"https:\\\/\\\/www.visitamalfi.info\\\/de\\\/sehenswertes-in-amalfi\\\/valle-delle-ferriere\\\/#primaryimage\",\"url\":\"https:\\\/\\\/www.visitamalfi.info\\\/wp-content\\\/uploads\\\/2023\\\/05\\\/valle-delle-ferriere.jpg\",\"contentUrl\":\"https:\\\/\\\/www.visitamalfi.info\\\/wp-content\\\/uploads\\\/2023\\\/05\\\/valle-delle-ferriere.jpg\",\"width\":1920,\"height\":1280},{\"@type\":\"BreadcrumbList\",\"@id\":\"https:\\\/\\\/www.visitamalfi.info\\\/de\\\/sehenswertes-in-amalfi\\\/valle-delle-ferriere\\\/#breadcrumb\",\"itemListElement\":[{\"@type\":\"ListItem\",\"position\":1,\"name\":\"Home\",\"item\":\"https:\\\/\\\/www.visitamalfi.info\\\/de\\\/\"},{\"@type\":\"ListItem\",\"position\":2,\"name\":\"Sehenswertes in Amalfi\",\"item\":\"https:\\\/\\\/www.visitamalfi.info\\\/de\\\/sehenswertes-in-amalfi\\\/\"},{\"@type\":\"ListItem\",\"position\":3,\"name\":\"Valle delle Ferriere\"}]},{\"@type\":\"WebSite\",\"@id\":\"https:\\\/\\\/www.visitamalfi.info\\\/de\\\/#website\",\"url\":\"https:\\\/\\\/www.visitamalfi.info\\\/de\\\/\",\"name\":\"Visit Amalfi\",\"description\":\"Amalfi Destination Official Website\",\"publisher\":{\"@id\":\"https:\\\/\\\/www.visitamalfi.info\\\/de\\\/#organization\"},\"potentialAction\":[{\"@type\":\"SearchAction\",\"target\":{\"@type\":\"EntryPoint\",\"urlTemplate\":\"https:\\\/\\\/www.visitamalfi.info\\\/de\\\/?s={search_term_string}\"},\"query-input\":{\"@type\":\"PropertyValueSpecification\",\"valueRequired\":true,\"valueName\":\"search_term_string\"}}],\"inLanguage\":\"de\"},{\"@type\":\"Organization\",\"@id\":\"https:\\\/\\\/www.visitamalfi.info\\\/de\\\/#organization\",\"name\":\"Visit Amalfi\",\"url\":\"https:\\\/\\\/www.visitamalfi.info\\\/de\\\/\",\"logo\":{\"@type\":\"ImageObject\",\"inLanguage\":\"de\",\"@id\":\"https:\\\/\\\/www.visitamalfi.info\\\/de\\\/#\\\/schema\\\/logo\\\/image\\\/\",\"url\":\"https:\\\/\\\/www.visitamalfi.info\\\/wp-content\\\/uploads\\\/2023\\\/04\\\/visit-amalfi-logo-web.png\",\"contentUrl\":\"https:\\\/\\\/www.visitamalfi.info\\\/wp-content\\\/uploads\\\/2023\\\/04\\\/visit-amalfi-logo-web.png\",\"width\":800,\"height\":870,\"caption\":\"Visit Amalfi\"},\"image\":{\"@id\":\"https:\\\/\\\/www.visitamalfi.info\\\/de\\\/#\\\/schema\\\/logo\\\/image\\\/\"},\"sameAs\":[\"https:\\\/\\\/www.facebook.com\\\/visitamalfiofficial\",\"https:\\\/\\\/www.instagram.com\\\/visitamalfiofficial\\\/\"]}]}<\/script>\n<!-- \/ Yoast SEO plugin. -->","yoast_head_json":{"title":"Valle delle Ferriere - Visit Amalfi","robots":{"index":"index","follow":"follow","max-snippet":"max-snippet:-1","max-image-preview":"max-image-preview:large","max-video-preview":"max-video-preview:-1"},"canonical":"https:\/\/www.visitamalfi.info\/de\/sehenswertes-in-amalfi\/valle-delle-ferriere\/","og_locale":"de_DE","og_type":"article","og_title":"Valle delle Ferriere - Visit Amalfi","og_description":"Ferriere-Tal Das Tal ist historisch gesehen in zwei Teile geteilt: der erste, der geografisch tiefer gelegene Teil, ist als Valle dei Mulini bekannt, der zweite, der h\u00f6her gelegene Teil, als [&hellip;]","og_url":"https:\/\/www.visitamalfi.info\/de\/sehenswertes-in-amalfi\/valle-delle-ferriere\/","og_site_name":"Visit Amalfi","article_publisher":"https:\/\/www.facebook.com\/visitamalfiofficial","article_modified_time":"2023-07-07T10:20:22+00:00","og_image":[{"width":1920,"height":1280,"url":"https:\/\/www.visitamalfi.info\/wp-content\/uploads\/2023\/05\/valle-delle-ferriere.jpg","type":"image\/jpeg"}],"twitter_card":"summary_large_image","twitter_misc":{"Gesch\u00e4tzte Lesezeit":"2\u00a0Minuten"},"schema":{"@context":"https:\/\/schema.org","@graph":[{"@type":"WebPage","@id":"https:\/\/www.visitamalfi.info\/de\/sehenswertes-in-amalfi\/valle-delle-ferriere\/","url":"https:\/\/www.visitamalfi.info\/de\/sehenswertes-in-amalfi\/valle-delle-ferriere\/","name":"Valle delle Ferriere - Visit Amalfi","isPartOf":{"@id":"https:\/\/www.visitamalfi.info\/de\/#website"},"primaryImageOfPage":{"@id":"https:\/\/www.visitamalfi.info\/de\/sehenswertes-in-amalfi\/valle-delle-ferriere\/#primaryimage"},"image":{"@id":"https:\/\/www.visitamalfi.info\/de\/sehenswertes-in-amalfi\/valle-delle-ferriere\/#primaryimage"},"thumbnailUrl":"https:\/\/www.visitamalfi.info\/wp-content\/uploads\/2023\/05\/valle-delle-ferriere.jpg","datePublished":"2023-05-31T13:58:46+00:00","dateModified":"2023-07-07T10:20:22+00:00","breadcrumb":{"@id":"https:\/\/www.visitamalfi.info\/de\/sehenswertes-in-amalfi\/valle-delle-ferriere\/#breadcrumb"},"inLanguage":"de","potentialAction":[{"@type":"ReadAction","target":["https:\/\/www.visitamalfi.info\/de\/sehenswertes-in-amalfi\/valle-delle-ferriere\/"]}]},{"@type":"ImageObject","inLanguage":"de","@id":"https:\/\/www.visitamalfi.info\/de\/sehenswertes-in-amalfi\/valle-delle-ferriere\/#primaryimage","url":"https:\/\/www.visitamalfi.info\/wp-content\/uploads\/2023\/05\/valle-delle-ferriere.jpg","contentUrl":"https:\/\/www.visitamalfi.info\/wp-content\/uploads\/2023\/05\/valle-delle-ferriere.jpg","width":1920,"height":1280},{"@type":"BreadcrumbList","@id":"https:\/\/www.visitamalfi.info\/de\/sehenswertes-in-amalfi\/valle-delle-ferriere\/#breadcrumb","itemListElement":[{"@type":"ListItem","position":1,"name":"Home","item":"https:\/\/www.visitamalfi.info\/de\/"},{"@type":"ListItem","position":2,"name":"Sehenswertes in Amalfi","item":"https:\/\/www.visitamalfi.info\/de\/sehenswertes-in-amalfi\/"},{"@type":"ListItem","position":3,"name":"Valle delle Ferriere"}]},{"@type":"WebSite","@id":"https:\/\/www.visitamalfi.info\/de\/#website","url":"https:\/\/www.visitamalfi.info\/de\/","name":"Visit Amalfi","description":"Amalfi Destination Official Website","publisher":{"@id":"https:\/\/www.visitamalfi.info\/de\/#organization"},"potentialAction":[{"@type":"SearchAction","target":{"@type":"EntryPoint","urlTemplate":"https:\/\/www.visitamalfi.info\/de\/?s={search_term_string}"},"query-input":{"@type":"PropertyValueSpecification","valueRequired":true,"valueName":"search_term_string"}}],"inLanguage":"de"},{"@type":"Organization","@id":"https:\/\/www.visitamalfi.info\/de\/#organization","name":"Visit Amalfi","url":"https:\/\/www.visitamalfi.info\/de\/","logo":{"@type":"ImageObject","inLanguage":"de","@id":"https:\/\/www.visitamalfi.info\/de\/#\/schema\/logo\/image\/","url":"https:\/\/www.visitamalfi.info\/wp-content\/uploads\/2023\/04\/visit-amalfi-logo-web.png","contentUrl":"https:\/\/www.visitamalfi.info\/wp-content\/uploads\/2023\/04\/visit-amalfi-logo-web.png","width":800,"height":870,"caption":"Visit Amalfi"},"image":{"@id":"https:\/\/www.visitamalfi.info\/de\/#\/schema\/logo\/image\/"},"sameAs":["https:\/\/www.facebook.com\/visitamalfiofficial","https:\/\/www.instagram.com\/visitamalfiofficial\/"]}]}},"_links":{"self":[{"href":"https:\/\/www.visitamalfi.info\/de\/wp-json\/wp\/v2\/pages\/6286","targetHints":{"allow":["GET"]}}],"collection":[{"href":"https:\/\/www.visitamalfi.info\/de\/wp-json\/wp\/v2\/pages"}],"about":[{"href":"https:\/\/www.visitamalfi.info\/de\/wp-json\/wp\/v2\/types\/page"}],"author":[{"embeddable":true,"href":"https:\/\/www.visitamalfi.info\/de\/wp-json\/wp\/v2\/users\/1"}],"replies":[{"embeddable":true,"href":"https:\/\/www.visitamalfi.info\/de\/wp-json\/wp\/v2\/comments?post=6286"}],"version-history":[{"count":1,"href":"https:\/\/www.visitamalfi.info\/de\/wp-json\/wp\/v2\/pages\/6286\/revisions"}],"predecessor-version":[{"id":6287,"href":"https:\/\/www.visitamalfi.info\/de\/wp-json\/wp\/v2\/pages\/6286\/revisions\/6287"}],"up":[{"embeddable":true,"href":"https:\/\/www.visitamalfi.info\/de\/wp-json\/wp\/v2\/pages\/6227"}],"wp:featuredmedia":[{"embeddable":true,"href":"https:\/\/www.visitamalfi.info\/de\/wp-json\/wp\/v2\/media\/1684"}],"wp:attachment":[{"href":"https:\/\/www.visitamalfi.info\/de\/wp-json\/wp\/v2\/media?parent=6286"}],"curies":[{"name":"wp","href":"https:\/\/api.w.org\/{rel}","templated":true}]}}