{"id":18003,"date":"2024-04-17T19:23:50","date_gmt":"2024-04-17T17:23:50","guid":{"rendered":"https:\/\/www.visitamalfi.info\/?post_type=ignition-package&#038;p=18003"},"modified":"2024-06-17T16:08:41","modified_gmt":"2024-06-17T14:08:41","slug":"vorschlag-fuer-einen-aussenbereich-4-tage","status":"publish","type":"ignition-package","link":"https:\/\/www.visitamalfi.info\/de\/package\/vorschlag-fuer-einen-aussenbereich-4-tage\/","title":{"rendered":"Vorschlag f\u00fcr einen Au\u00dfenbereich &#8211; 4 Tage"},"content":{"rendered":"\t\t<div data-elementor-type=\"wp-post\" data-elementor-id=\"18003\" class=\"elementor elementor-18003 elementor-18002\">\n\t\t\t\t\t\t<section class=\"elementor-section elementor-top-section elementor-element elementor-element-e6e4ebf elementor-section-full_width elementor-section-height-default elementor-section-height-default\" data-id=\"e6e4ebf\" data-element_type=\"section\" data-e-type=\"section\">\n\t\t\t\t\t\t<div class=\"elementor-container elementor-column-gap-no\">\n\t\t\t\t\t<div class=\"elementor-column elementor-col-100 elementor-top-column elementor-element elementor-element-7f3f677b\" data-id=\"7f3f677b\" data-element_type=\"column\" data-e-type=\"column\">\n\t\t\t<div class=\"elementor-widget-wrap elementor-element-populated\">\n\t\t\t\t\t\t<div class=\"elementor-element elementor-element-32801034 elementor-widget elementor-widget-text-editor\" data-id=\"32801034\" data-element_type=\"widget\" data-e-type=\"widget\" data-widget_type=\"text-editor.default\">\n\t\t\t\t<div class=\"elementor-widget-container\">\n\t\t\t\t\t\t\t\t\t<p>Eine ideale Tour f\u00fcr Trekkingliebhaber, die das ganze Jahr \u00fcber genie\u00dfen k\u00f6nnen. An der Amalfik\u00fcste kann man auch im Winter wandern!<\/p>\n<p><strong>Maximale Teilnehmerzahl:<\/strong> 6<br \/><strong style=\"background-color: var(--ignition-body-background-color); color: var(--ignition-text-color); letter-spacing: 0em;\">Verf\u00fcgbarkeit:<\/strong><span style=\"background-color: var(--ignition-body-background-color); color: var(--ignition-text-color); letter-spacing: 0em;\">ganzj\u00e4hrig<br \/><\/span><strong style=\"background-color: var(--ignition-body-background-color); color: var(--ignition-text-color); letter-spacing: 0em;\">Empfohlenes Verkehrsmittel<\/strong> <a style=\"letter-spacing: 0em;\" href=\"https:\/\/www.travelmar.it\/\">Travelmar<\/a><span style=\"background-color: var(--ignition-body-background-color); color: var(--ignition-text-color); letter-spacing: 0em;\"> (auf dem Seeweg) oder <\/span><a style=\"letter-spacing: 0em;\" href=\"https:\/\/sitasudtrasporti.it\/campania\/\">SITA Sud Bus <\/a><span style=\"background-color: var(--ignition-body-background-color); color: var(--ignition-text-color); letter-spacing: 0em;\">(auf dem Landweg).<\/span><\/p>\n\t\t\t\t\t\t\t\t<\/div>\n\t\t\t\t<\/div>\n\t\t\t\t<div class=\"elementor-element elementor-element-2d0c0200 is-style-ignition-cousteau-pro-anchor-title elementor-widget elementor-widget-heading\" data-id=\"2d0c0200\" data-element_type=\"widget\" data-e-type=\"widget\" data-widget_type=\"heading.default\">\n\t\t\t\t<div class=\"elementor-widget-container\">\n\t\t\t\t\t<h2 class=\"elementor-heading-title elementor-size-default\">Reiseplan <\/h2>\t\t\t\t<\/div>\n\t\t\t\t<\/div>\n\t\t\t\t<div class=\"elementor-element elementor-element-1e22371a elementor-widget elementor-widget-text-editor\" data-id=\"1e22371a\" data-element_type=\"widget\" data-e-type=\"widget\" data-widget_type=\"text-editor.default\">\n\t\t\t\t<div class=\"elementor-widget-container\">\n\t\t\t\t\t\t\t\t\t<p>Der Vorschlag kombiniert drei Trekkingrouten mit mittlerem Schwierigkeitsgrad mit authentischen kulinarischen Vorschl\u00e4gen, um die Aromen von Meer und Land der G\u00f6ttlichen K\u00fcste zu entdecken. <\/p>\n\t\t\t\t\t\t\t\t<\/div>\n\t\t\t\t<\/div>\n\t\t\t\t<div class=\"elementor-element elementor-element-2a144bce elementor-widget elementor-widget-spacer\" data-id=\"2a144bce\" data-element_type=\"widget\" data-e-type=\"widget\" data-widget_type=\"spacer.default\">\n\t\t\t\t<div class=\"elementor-widget-container\">\n\t\t\t\t\t\t\t<div class=\"elementor-spacer\">\n\t\t\t<div class=\"elementor-spacer-inner\"><\/div>\n\t\t<\/div>\n\t\t\t\t\t\t<\/div>\n\t\t\t\t<\/div>\n\t\t\t\t<section class=\"elementor-section elementor-inner-section elementor-element elementor-element-10669572 elementor-section-full_width elementor-section-height-default elementor-section-height-default\" data-id=\"10669572\" data-element_type=\"section\" data-e-type=\"section\">\n\t\t\t\t\t\t<div class=\"elementor-container elementor-column-gap-extended\">\n\t\t\t\t\t<div class=\"elementor-column elementor-col-100 elementor-inner-column elementor-element elementor-element-2082d117\" data-id=\"2082d117\" data-element_type=\"column\" data-e-type=\"column\" data-settings=\"{&quot;background_background&quot;:&quot;gradient&quot;}\">\n\t\t\t<div class=\"elementor-widget-wrap elementor-element-populated\">\n\t\t\t\t\t\t<div class=\"elementor-element elementor-element-1e891634 elementor-widget elementor-widget-heading\" data-id=\"1e891634\" data-element_type=\"widget\" data-e-type=\"widget\" data-widget_type=\"heading.default\">\n\t\t\t\t<div class=\"elementor-widget-container\">\n\t\t\t\t\t<h3 class=\"elementor-heading-title elementor-size-default\">Tag 1 - Path of Gods bei Sonnenuntergang<\/h3>\t\t\t\t<\/div>\n\t\t\t\t<\/div>\n\t\t\t\t\t<\/div>\n\t\t<\/div>\n\t\t\t\t\t<\/div>\n\t\t<\/section>\n\t\t\t\t<div class=\"elementor-element elementor-element-6eb3b342 elementor-widget elementor-widget-spacer\" data-id=\"6eb3b342\" data-element_type=\"widget\" data-e-type=\"widget\" data-widget_type=\"spacer.default\">\n\t\t\t\t<div class=\"elementor-widget-container\">\n\t\t\t\t\t\t\t<div class=\"elementor-spacer\">\n\t\t\t<div class=\"elementor-spacer-inner\"><\/div>\n\t\t<\/div>\n\t\t\t\t\t\t<\/div>\n\t\t\t\t<\/div>\n\t\t\t\t<div class=\"elementor-element elementor-element-26d70703 elementor-widget elementor-widget-text-editor\" data-id=\"26d70703\" data-element_type=\"widget\" data-e-type=\"widget\" data-widget_type=\"text-editor.default\">\n\t\t\t\t<div class=\"elementor-widget-container\">\n\t\t\t\t\t\t\t\t\t<p><span style=\"font-weight: 400;\"><img decoding=\"async\" class=\"wp-image-1978 alignleft\" src=\"https:\/\/www.visitamalfi.info\/wp-content\/uploads\/2022\/09\/Sentiero-Degli-Dei-Costiera-Amalfitana-Fotogallery--150x150.jpg\" alt=\"\" width=\"150\" height=\"101\" srcset=\"https:\/\/www.visitamalfi.info\/wp-content\/uploads\/2022\/09\/Sentiero-Degli-Dei-Costiera-Amalfitana-Fotogallery--300x202.jpg 300w, https:\/\/www.visitamalfi.info\/wp-content\/uploads\/2022\/09\/Sentiero-Degli-Dei-Costiera-Amalfitana-Fotogallery--1024x691.jpg 1024w, https:\/\/www.visitamalfi.info\/wp-content\/uploads\/2022\/09\/Sentiero-Degli-Dei-Costiera-Amalfitana-Fotogallery--768x518.jpg 768w, https:\/\/www.visitamalfi.info\/wp-content\/uploads\/2022\/09\/Sentiero-Degli-Dei-Costiera-Amalfitana-Fotogallery--870x580.jpg 870w, https:\/\/www.visitamalfi.info\/wp-content\/uploads\/2022\/09\/Sentiero-Degli-Dei-Costiera-Amalfitana-Fotogallery--615x410.jpg 615w, https:\/\/www.visitamalfi.info\/wp-content\/uploads\/2022\/09\/Sentiero-Degli-Dei-Costiera-Amalfitana-Fotogallery-.jpg 1180w\" sizes=\"(max-width: 150px) 100vw, 150px\" \/>Der Sentiero degli Dei (Weg der G\u00f6tter) beginnt im Ortsteil Bomerano (Agerola), der im Herzen der Lattari-Berge liegt, und endet im oberen Teil von Nocelle (Positano), wobei er durch T\u00e4ler f\u00fchrt, die vollst\u00e4ndig mit Weinbergen, mediterraner Macchia und steilen Klippen mit Blick aufs Meer terrassiert sind.<\/span><\/p>\n<p><span style=\"font-weight: 400;\">Der Pfad der G\u00f6tter hat seinen Namen von der Legende, wonach die griechischen G\u00f6tter \u00fcberquerte diesen Weg, um Odysseus vor den Sirenen zu retten, die auf der Insel Li Galli. <\/span><\/p>\n<p><span style=\"font-weight: 400;\">Die D\u00fcfte der Natur begleiten die gesamte Wanderung, auf der es an Schutzbauten f\u00fcr die anspruchsvolleren Abschnitte, an Frischwasserquellen, bequemen Holzb\u00e4nken und Aussichtsterrassen, von denen aus man die Faraglioni der Insel Capri, Punta Penna, Li Galli und Monti Lattari bewundern kann, nicht mangeln wird. <\/span><\/p>\n<p><span style=\"font-weight: 400;\">Hinweis: <a href=\"https:\/\/www.travelmar.it\/\">Travelmar<\/a> bietet ein integriertes Ticket mit Busverbindung auf der Hinfahrt und F\u00e4hrverbindung auf der R\u00fcckfahrt. F\u00fcr weitere Informationen <a href=\"https:\/\/www.travelmar.it\/it\/come-raggiungere-sentiero-degli-dei?_gl=1*1mpllnq*_up*MQ..*_ga*MTIyMDUwMzg4OC4xNzEzMTkxMjY0*_ga_BHPJVL3B9Y*MTcxMzE5MTI2NC4xLjAuMTcxMzE5MTI2NC4wLjAuNDE4MDIyNTkz\">klicken Sie bitte hier<\/a>. <\/span><\/p>\n\t\t\t\t\t\t\t\t<\/div>\n\t\t\t\t<\/div>\n\t\t\t\t<div class=\"elementor-element elementor-element-2d957b81 elementor-widget elementor-widget-spacer\" data-id=\"2d957b81\" data-element_type=\"widget\" data-e-type=\"widget\" data-widget_type=\"spacer.default\">\n\t\t\t\t<div class=\"elementor-widget-container\">\n\t\t\t\t\t\t\t<div class=\"elementor-spacer\">\n\t\t\t<div class=\"elementor-spacer-inner\"><\/div>\n\t\t<\/div>\n\t\t\t\t\t\t<\/div>\n\t\t\t\t<\/div>\n\t\t\t\t<section class=\"elementor-section elementor-inner-section elementor-element elementor-element-9f44675 elementor-section-full_width elementor-section-height-default elementor-section-height-default\" data-id=\"9f44675\" data-element_type=\"section\" data-e-type=\"section\">\n\t\t\t\t\t\t<div class=\"elementor-container elementor-column-gap-extended\">\n\t\t\t\t\t<div class=\"elementor-column elementor-col-100 elementor-inner-column elementor-element elementor-element-2cfe5292\" data-id=\"2cfe5292\" data-element_type=\"column\" data-e-type=\"column\" data-settings=\"{&quot;background_background&quot;:&quot;gradient&quot;}\">\n\t\t\t<div class=\"elementor-widget-wrap elementor-element-populated\">\n\t\t\t\t\t\t<div class=\"elementor-element elementor-element-3ca9c592 elementor-widget elementor-widget-heading\" data-id=\"3ca9c592\" data-element_type=\"widget\" data-e-type=\"widget\" data-widget_type=\"heading.default\">\n\t\t\t\t<div class=\"elementor-widget-container\">\n\t\t\t\t\t<h3 class=\"elementor-heading-title elementor-size-default\">Tag 2 - Pogerola-Rundfahrt<\/h3>\t\t\t\t<\/div>\n\t\t\t\t<\/div>\n\t\t\t\t\t<\/div>\n\t\t<\/div>\n\t\t\t\t\t<\/div>\n\t\t<\/section>\n\t\t\t\t<div class=\"elementor-element elementor-element-335c04f6 elementor-widget elementor-widget-spacer\" data-id=\"335c04f6\" data-element_type=\"widget\" data-e-type=\"widget\" data-widget_type=\"spacer.default\">\n\t\t\t\t<div class=\"elementor-widget-container\">\n\t\t\t\t\t\t\t<div class=\"elementor-spacer\">\n\t\t\t<div class=\"elementor-spacer-inner\"><\/div>\n\t\t<\/div>\n\t\t\t\t\t\t<\/div>\n\t\t\t\t<\/div>\n\t\t\t\t<div class=\"elementor-element elementor-element-622ac0e7 elementor-widget elementor-widget-text-editor\" data-id=\"622ac0e7\" data-element_type=\"widget\" data-e-type=\"widget\" data-widget_type=\"text-editor.default\">\n\t\t\t\t<div class=\"elementor-widget-container\">\n\t\t\t\t\t\t\t\t\t<p><img decoding=\"async\" class=\"wp-image-15729 alignright\" src=\"https:\/\/www.visitamalfi.info\/wp-content\/uploads\/2024\/03\/DJI_0026@emanueleanastasioph_2giorno_castrum-pogerola-300x300.jpg\" alt=\"Amalfi_Pogerola_Castrum Pigellulae\" width=\"150\" height=\"150\" srcset=\"https:\/\/www.visitamalfi.info\/wp-content\/uploads\/2024\/03\/DJI_0026@emanueleanastasioph_2giorno_castrum-pogerola-300x300.jpg 300w, https:\/\/www.visitamalfi.info\/wp-content\/uploads\/2024\/03\/DJI_0026@emanueleanastasioph_2giorno_castrum-pogerola-510x510.jpg 510w, https:\/\/www.visitamalfi.info\/wp-content\/uploads\/2024\/03\/DJI_0026@emanueleanastasioph_2giorno_castrum-pogerola-160x160.jpg 160w\" sizes=\"(max-width: 150px) 100vw, 150px\" \/>Die Pogerola-Runde ist eine Entdeckung des unentdeckten Amalfi: ein mittelschwerer Wanderweg von etwa 8 km.<\/p>\n<p>Ausgehend vom Hauptplatz des Dorfes Pogerola, einem Ortsteil von Amalfi, der auf dem H\u00fcgel des Monte Falconcello liegt, kommt man an den typischen gew\u00f6lbten H\u00e4usern des Dorfes Pigellula und an San Michele Arcangelo vorbei, einer einzigartigen entweihten Kirche mit griechischem Kreuzplan. Der Blick auf das Valle dei Mulini und die D\u00f6rfer Scala und Ravello wird ein unvergessliches Erlebnis sein.<\/p>\n<p>Der Weg f\u00fchrt in das Herz der Kastanienhaine von Amalfi in der Ortschaft Tavernate, einem Ort, der die antiken landwirtschaftlichen Traditionen bewahrt, zwischen den Ruinen der alten Kl\u00f6ster hindurch, entlang tausendj\u00e4hriger Saumpfade.<\/p>\n<p>Nach einem Bad im Wald geht es weiter an der Acquolella-Quelle vorbei, die ihren h\u00f6chsten Punkt erreicht, und dann hinunter nach Madonna dei Fuondi. Hier bietet der Weg ein unvergleichliches Panorama mit Blick auf Amalfi aus der Vogelperspektive, das von Conca dei Marini bis Maiori reicht. R\u00fcckkehr zur Piazza Amodio in Pogerola.<\/p>\n<p>Was gibt es Sch\u00f6neres als ein gutes Mittagessen nach einer aufregenden Wanderung? Die Hostaria Acquolina in Pogerola ist eine Geschmackswerkstatt, in der Sie ein authentisches kulinarisches Erlebnis genie\u00dfen k\u00f6nnen, das sich durch typische und unverf\u00e4lschte Geschmacksrichtungen auszeichnet, die von einem Hauch von Fusion und innovativen Techniken begleitet werden.<\/p>\n<p>Nach dem Mittagessen kehren Sie \u00fcber die absteigenden Treppen der Via Nuova nach Amalfi zur\u00fcck und erreichen das Stadtzentrum \u00fcber einen 2 km langen Naturpfad, der etwa 30 Minuten dauert.<\/p>\t\t\t\t\t\t\t\t<\/div>\n\t\t\t\t<\/div>\n\t\t\t\t<div class=\"elementor-element elementor-element-1385e6b0 elementor-widget elementor-widget-spacer\" data-id=\"1385e6b0\" data-element_type=\"widget\" data-e-type=\"widget\" data-widget_type=\"spacer.default\">\n\t\t\t\t<div class=\"elementor-widget-container\">\n\t\t\t\t\t\t\t<div class=\"elementor-spacer\">\n\t\t\t<div class=\"elementor-spacer-inner\"><\/div>\n\t\t<\/div>\n\t\t\t\t\t\t<\/div>\n\t\t\t\t<\/div>\n\t\t\t\t<section class=\"elementor-section elementor-inner-section elementor-element elementor-element-44022d47 elementor-section-full_width elementor-section-height-default elementor-section-height-default\" data-id=\"44022d47\" data-element_type=\"section\" data-e-type=\"section\">\n\t\t\t\t\t\t<div class=\"elementor-container elementor-column-gap-extended\">\n\t\t\t\t\t<div class=\"elementor-column elementor-col-100 elementor-inner-column elementor-element elementor-element-67dee89e\" data-id=\"67dee89e\" data-element_type=\"column\" data-e-type=\"column\" data-settings=\"{&quot;background_background&quot;:&quot;gradient&quot;}\">\n\t\t\t<div class=\"elementor-widget-wrap elementor-element-populated\">\n\t\t\t\t\t\t<div class=\"elementor-element elementor-element-259e2ff elementor-widget elementor-widget-heading\" data-id=\"259e2ff\" data-element_type=\"widget\" data-e-type=\"widget\" data-widget_type=\"heading.default\">\n\t\t\t\t<div class=\"elementor-widget-container\">\n\t\t\t\t\t<h3 class=\"elementor-heading-title elementor-size-default\">Tag 3 - Ferriere-Tal<\/h3>\t\t\t\t<\/div>\n\t\t\t\t<\/div>\n\t\t\t\t\t<\/div>\n\t\t<\/div>\n\t\t\t\t\t<\/div>\n\t\t<\/section>\n\t\t\t\t<div class=\"elementor-element elementor-element-43cab9f5 elementor-widget elementor-widget-spacer\" data-id=\"43cab9f5\" data-element_type=\"widget\" data-e-type=\"widget\" data-widget_type=\"spacer.default\">\n\t\t\t\t<div class=\"elementor-widget-container\">\n\t\t\t\t\t\t\t<div class=\"elementor-spacer\">\n\t\t\t<div class=\"elementor-spacer-inner\"><\/div>\n\t\t<\/div>\n\t\t\t\t\t\t<\/div>\n\t\t\t\t<\/div>\n\t\t\t\t<div class=\"elementor-element elementor-element-6ee16a20 elementor-widget elementor-widget-text-editor\" data-id=\"6ee16a20\" data-element_type=\"widget\" data-e-type=\"widget\" data-widget_type=\"text-editor.default\">\n\t\t\t\t<div class=\"elementor-widget-container\">\n\t\t\t\t\t\t\t\t\t<p><span style=\"font-weight: 400;\"><img decoding=\"async\" class=\"wp-image-1681 alignleft\" src=\"https:\/\/www.visitamalfi.info\/wp-content\/uploads\/2023\/05\/valle-delle-ferriere-150x150.jpg\" alt=\"\" width=\"150\" height=\"100\" srcset=\"https:\/\/www.visitamalfi.info\/wp-content\/uploads\/2023\/05\/valle-delle-ferriere-300x200.jpg 300w, https:\/\/www.visitamalfi.info\/wp-content\/uploads\/2023\/05\/valle-delle-ferriere-1024x683.jpg 1024w, https:\/\/www.visitamalfi.info\/wp-content\/uploads\/2023\/05\/valle-delle-ferriere-768x512.jpg 768w, https:\/\/www.visitamalfi.info\/wp-content\/uploads\/2023\/05\/valle-delle-ferriere-1536x1024.jpg 1536w, https:\/\/www.visitamalfi.info\/wp-content\/uploads\/2023\/05\/valle-delle-ferriere-870x580.jpg 870w, https:\/\/www.visitamalfi.info\/wp-content\/uploads\/2023\/05\/valle-delle-ferriere-615x410.jpg 615w, https:\/\/www.visitamalfi.info\/wp-content\/uploads\/2023\/05\/valle-delle-ferriere-1240x825.jpg 1240w, https:\/\/www.visitamalfi.info\/wp-content\/uploads\/2023\/05\/valle-delle-ferriere.jpg 1920w\" sizes=\"(max-width: 150px) 100vw, 150px\" \/>Der Rundgang durch das antike Valle delle Ferriere f\u00fchrt auf den Pfaden, die einst von den alten H\u00e4ndlern begangen wurden, durch das Naturschutzgebiet, das von den Monti Lattari in Richtung Amalfi f\u00fchrt. Auf dem Weg dorthin passieren wir W\u00e4lder, B\u00e4che, Zitronenhaine, alte Papierm\u00fchlen und die Ruinen mittelalterlicher Eisenh\u00fctten aus der Zeit der Seerepublik Amalfi. <\/span><\/p>\n<p><span style=\"font-weight: 400;\">\u00dcberraschend ist die Vielfalt der Flora und Fauna, die das Ferriere-Tal zu einem einzigartigen Lebensraum macht, dessen klimatische Bedingungen das Wachstum von Woodwardia radicans, einem uralten Farn aus der Eiszeit, und das Vorkommen verschiedener Tierarten, darunter der so genannte gefleckte Salamander, beg\u00fcnstigen.<\/span><\/p>\n<p>Auf dem R\u00fcckweg k\u00f6nnen Sie beim Bauernhof Fore Porta anhalten und die lokalen Spezialit\u00e4ten von Mamma Carmela probieren. <\/p>\n\t\t\t\t\t\t\t\t<\/div>\n\t\t\t\t<\/div>\n\t\t\t\t<div class=\"elementor-element elementor-element-38b3bbd7 is-style-ignition-cousteau-pro-anchor-title elementor-widget elementor-widget-heading\" data-id=\"38b3bbd7\" data-element_type=\"widget\" data-e-type=\"widget\" data-widget_type=\"heading.default\">\n\t\t\t\t<div class=\"elementor-widget-container\">\n\t\t\t\t\t<h2 class=\"elementor-heading-title elementor-size-default\">N\u00fctzliche Informationen <\/h2>\t\t\t\t<\/div>\n\t\t\t\t<\/div>\n\t\t\t\t<section class=\"elementor-section elementor-inner-section elementor-element elementor-element-26ea49db elementor-section-full_width elementor-section-height-default elementor-section-height-default\" data-id=\"26ea49db\" data-element_type=\"section\" data-e-type=\"section\">\n\t\t\t\t\t\t<div class=\"elementor-container elementor-column-gap-wider\">\n\t\t\t\t\t<div class=\"elementor-column elementor-col-100 elementor-inner-column elementor-element elementor-element-1f13032\" data-id=\"1f13032\" data-element_type=\"column\" data-e-type=\"column\" data-settings=\"{&quot;background_background&quot;:&quot;gradient&quot;}\">\n\t\t\t<div class=\"elementor-widget-wrap elementor-element-populated\">\n\t\t\t\t\t\t<div class=\"elementor-element elementor-element-5a117ac0 elementor-widget elementor-widget-heading\" data-id=\"5a117ac0\" data-element_type=\"widget\" data-e-type=\"widget\" data-widget_type=\"heading.default\">\n\t\t\t\t<div class=\"elementor-widget-container\">\n\t\t\t\t\t<p class=\"elementor-heading-title elementor-size-default\">Was Sie mitbringen sollten: <\/p>\t\t\t\t<\/div>\n\t\t\t\t<\/div>\n\t\t\t\t<div class=\"elementor-element elementor-element-669e93b9 elementor-widget elementor-widget-spacer\" data-id=\"669e93b9\" data-element_type=\"widget\" data-e-type=\"widget\" data-widget_type=\"spacer.default\">\n\t\t\t\t<div class=\"elementor-widget-container\">\n\t\t\t\t\t\t\t<div class=\"elementor-spacer\">\n\t\t\t<div class=\"elementor-spacer-inner\"><\/div>\n\t\t<\/div>\n\t\t\t\t\t\t<\/div>\n\t\t\t\t<\/div>\n\t\t\t\t<div class=\"elementor-element elementor-element-6ef93ee4 elementor-icon-list--layout-traditional elementor-list-item-link-full_width elementor-widget elementor-widget-icon-list\" data-id=\"6ef93ee4\" data-element_type=\"widget\" data-e-type=\"widget\" data-widget_type=\"icon-list.default\">\n\t\t\t\t<div class=\"elementor-widget-container\">\n\t\t\t\t\t\t\t<ul class=\"elementor-icon-list-items\">\n\t\t\t\t\t\t\t<li class=\"elementor-icon-list-item\">\n\t\t\t\t\t\t\t\t\t\t\t<span class=\"elementor-icon-list-icon\">\n\t\t\t\t\t\t\t<i aria-hidden=\"true\" class=\"fas fa-circle\"><\/i>\t\t\t\t\t\t<\/span>\n\t\t\t\t\t\t\t\t\t\t<span class=\"elementor-icon-list-text\">Wasserflasche<\/span>\n\t\t\t\t\t\t\t\t\t<\/li>\n\t\t\t\t\t\t\t\t<li class=\"elementor-icon-list-item\">\n\t\t\t\t\t\t\t\t\t\t\t<span class=\"elementor-icon-list-icon\">\n\t\t\t\t\t\t\t<i aria-hidden=\"true\" class=\"fas fa-circle\"><\/i>\t\t\t\t\t\t<\/span>\n\t\t\t\t\t\t\t\t\t\t<span class=\"elementor-icon-list-text\">Imbiss<\/span>\n\t\t\t\t\t\t\t\t\t<\/li>\n\t\t\t\t\t\t\t\t<li class=\"elementor-icon-list-item\">\n\t\t\t\t\t\t\t\t\t\t\t<span class=\"elementor-icon-list-icon\">\n\t\t\t\t\t\t\t<i aria-hidden=\"true\" class=\"fas fa-circle\"><\/i>\t\t\t\t\t\t<\/span>\n\t\t\t\t\t\t\t\t\t\t<span class=\"elementor-icon-list-text\">Wanderschuhe<\/span>\n\t\t\t\t\t\t\t\t\t<\/li>\n\t\t\t\t\t\t\t\t<li class=\"elementor-icon-list-item\">\n\t\t\t\t\t\t\t\t\t\t\t<span class=\"elementor-icon-list-icon\">\n\t\t\t\t\t\t\t<i aria-hidden=\"true\" class=\"fas fa-circle\"><\/i>\t\t\t\t\t\t<\/span>\n\t\t\t\t\t\t\t\t\t\t<span class=\"elementor-icon-list-text\">Sonnencreme<\/span>\n\t\t\t\t\t\t\t\t\t<\/li>\n\t\t\t\t\t\t\t\t<li class=\"elementor-icon-list-item\">\n\t\t\t\t\t\t\t\t\t\t\t<span class=\"elementor-icon-list-icon\">\n\t\t\t\t\t\t\t<i aria-hidden=\"true\" class=\"fas fa-circle\"><\/i>\t\t\t\t\t\t<\/span>\n\t\t\t\t\t\t\t\t\t\t<span class=\"elementor-icon-list-text\">Hut<\/span>\n\t\t\t\t\t\t\t\t\t<\/li>\n\t\t\t\t\t\t\t\t<li class=\"elementor-icon-list-item\">\n\t\t\t\t\t\t\t\t\t\t\t<span class=\"elementor-icon-list-icon\">\n\t\t\t\t\t\t\t<i aria-hidden=\"true\" class=\"fas fa-circle\"><\/i>\t\t\t\t\t\t<\/span>\n\t\t\t\t\t\t\t\t\t\t<span class=\"elementor-icon-list-text\">Sonnenbrille mit Sicherheitskordel<\/span>\n\t\t\t\t\t\t\t\t\t<\/li>\n\t\t\t\t\t\t\t\t<li class=\"elementor-icon-list-item\">\n\t\t\t\t\t\t\t\t\t\t\t<span class=\"elementor-icon-list-icon\">\n\t\t\t\t\t\t\t<i aria-hidden=\"true\" class=\"fas fa-circle\"><\/i>\t\t\t\t\t\t<\/span>\n\t\t\t\t\t\t\t\t\t\t<span class=\"elementor-icon-list-text\">Insektenschutzmittel<\/span>\n\t\t\t\t\t\t\t\t\t<\/li>\n\t\t\t\t\t\t\t\t<li class=\"elementor-icon-list-item\">\n\t\t\t\t\t\t\t\t\t\t\t<span class=\"elementor-icon-list-icon\">\n\t\t\t\t\t\t\t<i aria-hidden=\"true\" class=\"fas fa-circle\"><\/i>\t\t\t\t\t\t<\/span>\n\t\t\t\t\t\t\t\t\t\t<span class=\"elementor-icon-list-text\">Essst\u00e4bchen<\/span>\n\t\t\t\t\t\t\t\t\t<\/li>\n\t\t\t\t\t\t<\/ul>\n\t\t\t\t\t\t<\/div>\n\t\t\t\t<\/div>\n\t\t\t\t\t<\/div>\n\t\t<\/div>\n\t\t\t\t\t<\/div>\n\t\t<\/section>\n\t\t\t\t\t<\/div>\n\t\t<\/div>\n\t\t\t\t\t<\/div>\n\t\t<\/section>\n\t\t\t\t<\/div>\n\t\t","protected":false},"excerpt":{"rendered":"<p>Eine ideale Tour f\u00fcr Trekkingliebhaber, die das ganze Jahr \u00fcber genie\u00dfen k\u00f6nnen. An der Amalfik\u00fcste kann man auch im Winter wandern!<\/p>\n","protected":false},"featured_media":9120,"comment_status":"open","ping_status":"closed","template":"","ignition_package_destination":[],"ignition_package_category":[1663],"experience":[251,343],"inspiration":[1659],"season":[234,229,239,242],"class_list":["post-18003","ignition-package","type-ignition-package","status-publish","has-post-thumbnail","hentry","ignition_package_category-trekking-de","experience-outdoor-aktivitaeten","experience-wohlbefinden","inspiration-aktivurlaub","season-fruehling","season-herbst","season-sommer","season-winter-de"],"yoast_head":"<!-- This site is optimized with the Yoast SEO plugin v27.3 - https:\/\/yoast.com\/product\/yoast-seo-wordpress\/ -->\n<title>Vorschlag f\u00fcr einen Au\u00dfenbereich - 4 Tage - Visit Amalfi<\/title>\n<meta name=\"robots\" content=\"index, follow, max-snippet:-1, max-image-preview:large, max-video-preview:-1\" \/>\n<link rel=\"canonical\" href=\"https:\/\/www.visitamalfi.info\/de\/package\/vorschlag-fuer-einen-aussenbereich-4-tage\/\" \/>\n<meta property=\"og:locale\" content=\"de_DE\" \/>\n<meta property=\"og:type\" content=\"article\" \/>\n<meta property=\"og:title\" content=\"Vorschlag f\u00fcr einen Au\u00dfenbereich - 4 Tage - Visit Amalfi\" \/>\n<meta property=\"og:description\" content=\"Eine ideale Tour f\u00fcr Trekkingliebhaber, die das ganze Jahr \u00fcber genie\u00dfen k\u00f6nnen. An der Amalfik\u00fcste kann man auch im Winter wandern!\" \/>\n<meta property=\"og:url\" content=\"https:\/\/www.visitamalfi.info\/de\/package\/vorschlag-fuer-einen-aussenbereich-4-tage\/\" \/>\n<meta property=\"og:site_name\" content=\"Visit Amalfi\" \/>\n<meta property=\"article:publisher\" content=\"https:\/\/www.facebook.com\/visitamalfiofficial\" \/>\n<meta property=\"article:modified_time\" content=\"2024-06-17T14:08:41+00:00\" \/>\n<meta property=\"og:image\" content=\"https:\/\/www.visitamalfi.info\/wp-content\/uploads\/2023\/06\/IMG_6379-copia.jpeg\" \/>\n\t<meta property=\"og:image:width\" content=\"1538\" \/>\n\t<meta property=\"og:image:height\" content=\"1920\" \/>\n\t<meta property=\"og:image:type\" content=\"image\/jpeg\" \/>\n<meta name=\"twitter:card\" content=\"summary_large_image\" \/>\n<meta name=\"twitter:label1\" content=\"Gesch\u00e4tzte Lesezeit\" \/>\n\t<meta name=\"twitter:data1\" content=\"3\u00a0Minuten\" \/>\n<script type=\"application\/ld+json\" class=\"yoast-schema-graph\">{\"@context\":\"https:\\\/\\\/schema.org\",\"@graph\":[{\"@type\":\"WebPage\",\"@id\":\"https:\\\/\\\/www.visitamalfi.info\\\/de\\\/package\\\/vorschlag-fuer-einen-aussenbereich-4-tage\\\/\",\"url\":\"https:\\\/\\\/www.visitamalfi.info\\\/de\\\/package\\\/vorschlag-fuer-einen-aussenbereich-4-tage\\\/\",\"name\":\"Vorschlag f\u00fcr einen Au\u00dfenbereich - 4 Tage - Visit Amalfi\",\"isPartOf\":{\"@id\":\"https:\\\/\\\/www.visitamalfi.info\\\/de\\\/#website\"},\"primaryImageOfPage\":{\"@id\":\"https:\\\/\\\/www.visitamalfi.info\\\/de\\\/package\\\/vorschlag-fuer-einen-aussenbereich-4-tage\\\/#primaryimage\"},\"image\":{\"@id\":\"https:\\\/\\\/www.visitamalfi.info\\\/de\\\/package\\\/vorschlag-fuer-einen-aussenbereich-4-tage\\\/#primaryimage\"},\"thumbnailUrl\":\"https:\\\/\\\/www.visitamalfi.info\\\/wp-content\\\/uploads\\\/2023\\\/06\\\/IMG_6379-copia.jpeg\",\"datePublished\":\"2024-04-17T17:23:50+00:00\",\"dateModified\":\"2024-06-17T14:08:41+00:00\",\"breadcrumb\":{\"@id\":\"https:\\\/\\\/www.visitamalfi.info\\\/de\\\/package\\\/vorschlag-fuer-einen-aussenbereich-4-tage\\\/#breadcrumb\"},\"inLanguage\":\"de\",\"potentialAction\":[{\"@type\":\"ReadAction\",\"target\":[\"https:\\\/\\\/www.visitamalfi.info\\\/de\\\/package\\\/vorschlag-fuer-einen-aussenbereich-4-tage\\\/\"]}]},{\"@type\":\"ImageObject\",\"inLanguage\":\"de\",\"@id\":\"https:\\\/\\\/www.visitamalfi.info\\\/de\\\/package\\\/vorschlag-fuer-einen-aussenbereich-4-tage\\\/#primaryimage\",\"url\":\"https:\\\/\\\/www.visitamalfi.info\\\/wp-content\\\/uploads\\\/2023\\\/06\\\/IMG_6379-copia.jpeg\",\"contentUrl\":\"https:\\\/\\\/www.visitamalfi.info\\\/wp-content\\\/uploads\\\/2023\\\/06\\\/IMG_6379-copia.jpeg\",\"width\":1538,\"height\":1920},{\"@type\":\"BreadcrumbList\",\"@id\":\"https:\\\/\\\/www.visitamalfi.info\\\/de\\\/package\\\/vorschlag-fuer-einen-aussenbereich-4-tage\\\/#breadcrumb\",\"itemListElement\":[{\"@type\":\"ListItem\",\"position\":1,\"name\":\"Home\",\"item\":\"https:\\\/\\\/www.visitamalfi.info\\\/de\\\/\"},{\"@type\":\"ListItem\",\"position\":2,\"name\":\"Vorschlag f\u00fcr einen Au\u00dfenbereich &#8211; 4 Tage\"}]},{\"@type\":\"WebSite\",\"@id\":\"https:\\\/\\\/www.visitamalfi.info\\\/de\\\/#website\",\"url\":\"https:\\\/\\\/www.visitamalfi.info\\\/de\\\/\",\"name\":\"Visit Amalfi\",\"description\":\"Amalfi Destination Official Website\",\"publisher\":{\"@id\":\"https:\\\/\\\/www.visitamalfi.info\\\/de\\\/#organization\"},\"potentialAction\":[{\"@type\":\"SearchAction\",\"target\":{\"@type\":\"EntryPoint\",\"urlTemplate\":\"https:\\\/\\\/www.visitamalfi.info\\\/de\\\/?s={search_term_string}\"},\"query-input\":{\"@type\":\"PropertyValueSpecification\",\"valueRequired\":true,\"valueName\":\"search_term_string\"}}],\"inLanguage\":\"de\"},{\"@type\":\"Organization\",\"@id\":\"https:\\\/\\\/www.visitamalfi.info\\\/de\\\/#organization\",\"name\":\"Visit Amalfi\",\"url\":\"https:\\\/\\\/www.visitamalfi.info\\\/de\\\/\",\"logo\":{\"@type\":\"ImageObject\",\"inLanguage\":\"de\",\"@id\":\"https:\\\/\\\/www.visitamalfi.info\\\/de\\\/#\\\/schema\\\/logo\\\/image\\\/\",\"url\":\"https:\\\/\\\/www.visitamalfi.info\\\/wp-content\\\/uploads\\\/2023\\\/04\\\/visit-amalfi-logo-web.png\",\"contentUrl\":\"https:\\\/\\\/www.visitamalfi.info\\\/wp-content\\\/uploads\\\/2023\\\/04\\\/visit-amalfi-logo-web.png\",\"width\":800,\"height\":870,\"caption\":\"Visit Amalfi\"},\"image\":{\"@id\":\"https:\\\/\\\/www.visitamalfi.info\\\/de\\\/#\\\/schema\\\/logo\\\/image\\\/\"},\"sameAs\":[\"https:\\\/\\\/www.facebook.com\\\/visitamalfiofficial\",\"https:\\\/\\\/www.instagram.com\\\/visitamalfiofficial\\\/\"]}]}<\/script>\n<!-- \/ Yoast SEO plugin. -->","yoast_head_json":{"title":"Vorschlag f\u00fcr einen Au\u00dfenbereich - 4 Tage - Visit Amalfi","robots":{"index":"index","follow":"follow","max-snippet":"max-snippet:-1","max-image-preview":"max-image-preview:large","max-video-preview":"max-video-preview:-1"},"canonical":"https:\/\/www.visitamalfi.info\/de\/package\/vorschlag-fuer-einen-aussenbereich-4-tage\/","og_locale":"de_DE","og_type":"article","og_title":"Vorschlag f\u00fcr einen Au\u00dfenbereich - 4 Tage - Visit Amalfi","og_description":"Eine ideale Tour f\u00fcr Trekkingliebhaber, die das ganze Jahr \u00fcber genie\u00dfen k\u00f6nnen. An der Amalfik\u00fcste kann man auch im Winter wandern!","og_url":"https:\/\/www.visitamalfi.info\/de\/package\/vorschlag-fuer-einen-aussenbereich-4-tage\/","og_site_name":"Visit Amalfi","article_publisher":"https:\/\/www.facebook.com\/visitamalfiofficial","article_modified_time":"2024-06-17T14:08:41+00:00","og_image":[{"width":1538,"height":1920,"url":"https:\/\/www.visitamalfi.info\/wp-content\/uploads\/2023\/06\/IMG_6379-copia.jpeg","type":"image\/jpeg"}],"twitter_card":"summary_large_image","twitter_misc":{"Gesch\u00e4tzte Lesezeit":"3\u00a0Minuten"},"schema":{"@context":"https:\/\/schema.org","@graph":[{"@type":"WebPage","@id":"https:\/\/www.visitamalfi.info\/de\/package\/vorschlag-fuer-einen-aussenbereich-4-tage\/","url":"https:\/\/www.visitamalfi.info\/de\/package\/vorschlag-fuer-einen-aussenbereich-4-tage\/","name":"Vorschlag f\u00fcr einen Au\u00dfenbereich - 4 Tage - Visit Amalfi","isPartOf":{"@id":"https:\/\/www.visitamalfi.info\/de\/#website"},"primaryImageOfPage":{"@id":"https:\/\/www.visitamalfi.info\/de\/package\/vorschlag-fuer-einen-aussenbereich-4-tage\/#primaryimage"},"image":{"@id":"https:\/\/www.visitamalfi.info\/de\/package\/vorschlag-fuer-einen-aussenbereich-4-tage\/#primaryimage"},"thumbnailUrl":"https:\/\/www.visitamalfi.info\/wp-content\/uploads\/2023\/06\/IMG_6379-copia.jpeg","datePublished":"2024-04-17T17:23:50+00:00","dateModified":"2024-06-17T14:08:41+00:00","breadcrumb":{"@id":"https:\/\/www.visitamalfi.info\/de\/package\/vorschlag-fuer-einen-aussenbereich-4-tage\/#breadcrumb"},"inLanguage":"de","potentialAction":[{"@type":"ReadAction","target":["https:\/\/www.visitamalfi.info\/de\/package\/vorschlag-fuer-einen-aussenbereich-4-tage\/"]}]},{"@type":"ImageObject","inLanguage":"de","@id":"https:\/\/www.visitamalfi.info\/de\/package\/vorschlag-fuer-einen-aussenbereich-4-tage\/#primaryimage","url":"https:\/\/www.visitamalfi.info\/wp-content\/uploads\/2023\/06\/IMG_6379-copia.jpeg","contentUrl":"https:\/\/www.visitamalfi.info\/wp-content\/uploads\/2023\/06\/IMG_6379-copia.jpeg","width":1538,"height":1920},{"@type":"BreadcrumbList","@id":"https:\/\/www.visitamalfi.info\/de\/package\/vorschlag-fuer-einen-aussenbereich-4-tage\/#breadcrumb","itemListElement":[{"@type":"ListItem","position":1,"name":"Home","item":"https:\/\/www.visitamalfi.info\/de\/"},{"@type":"ListItem","position":2,"name":"Vorschlag f\u00fcr einen Au\u00dfenbereich &#8211; 4 Tage"}]},{"@type":"WebSite","@id":"https:\/\/www.visitamalfi.info\/de\/#website","url":"https:\/\/www.visitamalfi.info\/de\/","name":"Visit Amalfi","description":"Amalfi Destination Official Website","publisher":{"@id":"https:\/\/www.visitamalfi.info\/de\/#organization"},"potentialAction":[{"@type":"SearchAction","target":{"@type":"EntryPoint","urlTemplate":"https:\/\/www.visitamalfi.info\/de\/?s={search_term_string}"},"query-input":{"@type":"PropertyValueSpecification","valueRequired":true,"valueName":"search_term_string"}}],"inLanguage":"de"},{"@type":"Organization","@id":"https:\/\/www.visitamalfi.info\/de\/#organization","name":"Visit Amalfi","url":"https:\/\/www.visitamalfi.info\/de\/","logo":{"@type":"ImageObject","inLanguage":"de","@id":"https:\/\/www.visitamalfi.info\/de\/#\/schema\/logo\/image\/","url":"https:\/\/www.visitamalfi.info\/wp-content\/uploads\/2023\/04\/visit-amalfi-logo-web.png","contentUrl":"https:\/\/www.visitamalfi.info\/wp-content\/uploads\/2023\/04\/visit-amalfi-logo-web.png","width":800,"height":870,"caption":"Visit Amalfi"},"image":{"@id":"https:\/\/www.visitamalfi.info\/de\/#\/schema\/logo\/image\/"},"sameAs":["https:\/\/www.facebook.com\/visitamalfiofficial","https:\/\/www.instagram.com\/visitamalfiofficial\/"]}]}},"_links":{"self":[{"href":"https:\/\/www.visitamalfi.info\/de\/wp-json\/wp\/v2\/ignition-package\/18003","targetHints":{"allow":["GET"]}}],"collection":[{"href":"https:\/\/www.visitamalfi.info\/de\/wp-json\/wp\/v2\/ignition-package"}],"about":[{"href":"https:\/\/www.visitamalfi.info\/de\/wp-json\/wp\/v2\/types\/ignition-package"}],"replies":[{"embeddable":true,"href":"https:\/\/www.visitamalfi.info\/de\/wp-json\/wp\/v2\/comments?post=18003"}],"version-history":[{"count":5,"href":"https:\/\/www.visitamalfi.info\/de\/wp-json\/wp\/v2\/ignition-package\/18003\/revisions"}],"predecessor-version":[{"id":19284,"href":"https:\/\/www.visitamalfi.info\/de\/wp-json\/wp\/v2\/ignition-package\/18003\/revisions\/19284"}],"wp:featuredmedia":[{"embeddable":true,"href":"https:\/\/www.visitamalfi.info\/de\/wp-json\/wp\/v2\/media\/9120"}],"wp:attachment":[{"href":"https:\/\/www.visitamalfi.info\/de\/wp-json\/wp\/v2\/media?parent=18003"}],"wp:term":[{"taxonomy":"ignition_package_destination","embeddable":true,"href":"https:\/\/www.visitamalfi.info\/de\/wp-json\/wp\/v2\/ignition_package_destination?post=18003"},{"taxonomy":"ignition_package_category","embeddable":true,"href":"https:\/\/www.visitamalfi.info\/de\/wp-json\/wp\/v2\/ignition_package_category?post=18003"},{"taxonomy":"experience","embeddable":true,"href":"https:\/\/www.visitamalfi.info\/de\/wp-json\/wp\/v2\/experience?post=18003"},{"taxonomy":"inspiration","embeddable":true,"href":"https:\/\/www.visitamalfi.info\/de\/wp-json\/wp\/v2\/inspiration?post=18003"},{"taxonomy":"season","embeddable":true,"href":"https:\/\/www.visitamalfi.info\/de\/wp-json\/wp\/v2\/season?post=18003"}],"curies":[{"name":"wp","href":"https:\/\/api.w.org\/{rel}","templated":true}]}}