{"id":17664,"date":"2024-04-17T19:44:28","date_gmt":"2024-04-17T17:44:28","guid":{"rendered":"https:\/\/www.visitamalfi.info\/?post_type=ignition-package&#038;p=17664"},"modified":"2024-06-17T16:02:26","modified_gmt":"2024-06-17T14:02:26","slug":"multisport-urlaub-4-tage","status":"publish","type":"ignition-package","link":"https:\/\/www.visitamalfi.info\/de\/package\/multisport-urlaub-4-tage\/","title":{"rendered":"Multisport Urlaub &#8211; 4 Tage"},"content":{"rendered":"\t\t<div data-elementor-type=\"wp-post\" data-elementor-id=\"17664\" class=\"elementor elementor-17664 elementor-17663\">\n\t\t\t\t\t\t<section class=\"elementor-section elementor-top-section elementor-element elementor-element-5bce4ded elementor-section-full_width elementor-section-height-default elementor-section-height-default\" data-id=\"5bce4ded\" data-element_type=\"section\" data-e-type=\"section\">\n\t\t\t\t\t\t<div class=\"elementor-container elementor-column-gap-no\">\n\t\t\t\t\t<div class=\"elementor-column elementor-col-100 elementor-top-column elementor-element elementor-element-723f46a9\" data-id=\"723f46a9\" data-element_type=\"column\" data-e-type=\"column\">\n\t\t\t<div class=\"elementor-widget-wrap elementor-element-populated\">\n\t\t\t\t\t\t<div class=\"elementor-element elementor-element-40eec27f elementor-widget elementor-widget-text-editor\" data-id=\"40eec27f\" data-element_type=\"widget\" data-e-type=\"widget\" data-widget_type=\"text-editor.default\">\n\t\t\t\t<div class=\"elementor-widget-container\">\n\t\t\t\t\t\t\t\t\t<p>Was k\u00f6nnte anregender sein als ein Urlaub mit mehr sportlichen Aktivit\u00e4ten? Dieser Vorschlag ist die ideale L\u00f6sung f\u00fcr alle, die jeden Tag etwas Neues ausprobieren m\u00f6chten.<\/p>\n<p><strong>Maximale Anzahl von Teilnehmern:<\/strong> 4<br \/><strong>Verf\u00fcgbarkeit:<\/strong> 01\/03 &#8211; 31\/10 <br \/><strong>Empfohlenes Verkehrsmittel:<\/strong><br \/><a href=\"https:\/\/www.travelmar.it\/\">Travelmar<\/a> (auf dem Seeweg) oder <a href=\"https:\/\/sitasudtrasporti.it\/campania\/\">SITA Sud Bus <\/a>(auf dem Landweg).<\/p><\/p>\n\t\t\t\t\t\t\t\t<\/div>\n\t\t\t\t<\/div>\n\t\t\t\t<div class=\"elementor-element elementor-element-67cd34e4 is-style-ignition-cousteau-pro-anchor-title elementor-widget elementor-widget-heading\" data-id=\"67cd34e4\" data-element_type=\"widget\" data-e-type=\"widget\" data-widget_type=\"heading.default\">\n\t\t\t\t<div class=\"elementor-widget-container\">\n\t\t\t\t\t<h2 class=\"elementor-heading-title elementor-size-default\">Reiseplan <\/h2>\t\t\t\t<\/div>\n\t\t\t\t<\/div>\n\t\t\t\t<div class=\"elementor-element elementor-element-54d35cc3 elementor-widget elementor-widget-text-editor\" data-id=\"54d35cc3\" data-element_type=\"widget\" data-e-type=\"widget\" data-widget_type=\"text-editor.default\">\n\t\t\t\t<div class=\"elementor-widget-container\">\n\t\t\t\t\t\t\t\t\t<p>Der Vorschlag kombiniert zwei E-Bike-Touren, eine Wanderung auf dem ber\u00fchmten Pfad der G\u00f6tter und eine Kajaktour. <\/p>\n\t\t\t\t\t\t\t\t<\/div>\n\t\t\t\t<\/div>\n\t\t\t\t<div class=\"elementor-element elementor-element-14bfc0c4 elementor-widget elementor-widget-spacer\" data-id=\"14bfc0c4\" data-element_type=\"widget\" data-e-type=\"widget\" data-widget_type=\"spacer.default\">\n\t\t\t\t<div class=\"elementor-widget-container\">\n\t\t\t\t\t\t\t<div class=\"elementor-spacer\">\n\t\t\t<div class=\"elementor-spacer-inner\"><\/div>\n\t\t<\/div>\n\t\t\t\t\t\t<\/div>\n\t\t\t\t<\/div>\n\t\t\t\t<div class=\"elementor-element elementor-element-cc70258 elementor-widget elementor-widget-spacer\" data-id=\"cc70258\" data-element_type=\"widget\" data-e-type=\"widget\" data-widget_type=\"spacer.default\">\n\t\t\t\t<div class=\"elementor-widget-container\">\n\t\t\t\t\t\t\t<div class=\"elementor-spacer\">\n\t\t\t<div class=\"elementor-spacer-inner\"><\/div>\n\t\t<\/div>\n\t\t\t\t\t\t<\/div>\n\t\t\t\t<\/div>\n\t\t\t\t<section class=\"elementor-section elementor-inner-section elementor-element elementor-element-63ac3b6c elementor-section-full_width elementor-section-height-default elementor-section-height-default\" data-id=\"63ac3b6c\" data-element_type=\"section\" data-e-type=\"section\">\n\t\t\t\t\t\t<div class=\"elementor-container elementor-column-gap-extended\">\n\t\t\t\t\t<div class=\"elementor-column elementor-col-100 elementor-inner-column elementor-element elementor-element-43904f2b\" data-id=\"43904f2b\" data-element_type=\"column\" data-e-type=\"column\" data-settings=\"{&quot;background_background&quot;:&quot;gradient&quot;}\">\n\t\t\t<div class=\"elementor-widget-wrap elementor-element-populated\">\n\t\t\t\t\t\t<div class=\"elementor-element elementor-element-341c1e4e elementor-widget elementor-widget-heading\" data-id=\"341c1e4e\" data-element_type=\"widget\" data-e-type=\"widget\" data-widget_type=\"heading.default\">\n\t\t\t\t<div class=\"elementor-widget-container\">\n\t\t\t\t\t<h3 class=\"elementor-heading-title elementor-size-default\">Tag 1 - Gef\u00fchrte E-Bike-Tour - Amalfi - Ravello<\/h3>\t\t\t\t<\/div>\n\t\t\t\t<\/div>\n\t\t\t\t\t<\/div>\n\t\t<\/div>\n\t\t\t\t\t<\/div>\n\t\t<\/section>\n\t\t\t\t<div class=\"elementor-element elementor-element-2aeb78aa elementor-widget elementor-widget-text-editor\" data-id=\"2aeb78aa\" data-element_type=\"widget\" data-e-type=\"widget\" data-widget_type=\"text-editor.default\">\n\t\t\t\t<div class=\"elementor-widget-container\">\n\t\t\t\t\t\t\t\t\t<p><img decoding=\"async\" class=\"wp-image-12254 alignleft\" src=\"https:\/\/www.visitamalfi.info\/wp-content\/uploads\/2023\/06\/d440d5f32ed7823e63d0c161ae9e4986-300x300.jpg\" alt=\"\" width=\"150\" height=\"150\" srcset=\"https:\/\/www.visitamalfi.info\/wp-content\/uploads\/2023\/06\/d440d5f32ed7823e63d0c161ae9e4986-300x300.jpg 300w, https:\/\/www.visitamalfi.info\/wp-content\/uploads\/2023\/06\/d440d5f32ed7823e63d0c161ae9e4986-510x510.jpg 510w, https:\/\/www.visitamalfi.info\/wp-content\/uploads\/2023\/06\/d440d5f32ed7823e63d0c161ae9e4986-160x160.jpg 160w\" sizes=\"(max-width: 150px) 100vw, 150px\" \/>Von Amalfi aus fahren Sie durch Atrani, um den Anstieg nach Ravello in Angriff zu nehmen, wo Sie einen kurzen Halt einlegen. Wenn es die Zeit erlaubt, ist es m\u00f6glich, eine Fahrt nach Scala hinzuzuf\u00fcgen. Dann geht es hinauf zum Valico di Chiunzi mit seinem Aussichtspunkt auf den Vesuv und einer m\u00f6glichen Mittagspause. Auf dem R\u00fcckweg nach Amalfi fahren Sie durch die Weinberge von Tramonti und die D\u00f6rfer Maiori und Minori.<\/p>\n\t\t\t\t\t\t\t\t<\/div>\n\t\t\t\t<\/div>\n\t\t\t\t<div class=\"elementor-element elementor-element-4fb4a9b4 elementor-widget elementor-widget-spacer\" data-id=\"4fb4a9b4\" data-element_type=\"widget\" data-e-type=\"widget\" data-widget_type=\"spacer.default\">\n\t\t\t\t<div class=\"elementor-widget-container\">\n\t\t\t\t\t\t\t<div class=\"elementor-spacer\">\n\t\t\t<div class=\"elementor-spacer-inner\"><\/div>\n\t\t<\/div>\n\t\t\t\t\t\t<\/div>\n\t\t\t\t<\/div>\n\t\t\t\t<section class=\"elementor-section elementor-inner-section elementor-element elementor-element-7e1f7498 elementor-section-full_width elementor-section-height-default elementor-section-height-default\" data-id=\"7e1f7498\" data-element_type=\"section\" data-e-type=\"section\">\n\t\t\t\t\t\t<div class=\"elementor-container elementor-column-gap-extended\">\n\t\t\t\t\t<div class=\"elementor-column elementor-col-100 elementor-inner-column elementor-element elementor-element-641d2a99\" data-id=\"641d2a99\" data-element_type=\"column\" data-e-type=\"column\" data-settings=\"{&quot;background_background&quot;:&quot;gradient&quot;}\">\n\t\t\t<div class=\"elementor-widget-wrap elementor-element-populated\">\n\t\t\t\t\t\t<div class=\"elementor-element elementor-element-7792c954 elementor-widget elementor-widget-heading\" data-id=\"7792c954\" data-element_type=\"widget\" data-e-type=\"widget\" data-widget_type=\"heading.default\">\n\t\t\t\t<div class=\"elementor-widget-container\">\n\t\t\t\t\t<h3 class=\"elementor-heading-title elementor-size-default\">Tag 2 - Selbstgef\u00fchrte E-Bike-Tour - Amalfi - Agerola<\/h3>\t\t\t\t<\/div>\n\t\t\t\t<\/div>\n\t\t\t\t\t<\/div>\n\t\t<\/div>\n\t\t\t\t\t<\/div>\n\t\t<\/section>\n\t\t\t\t<div class=\"elementor-element elementor-element-1478de4b elementor-widget elementor-widget-spacer\" data-id=\"1478de4b\" data-element_type=\"widget\" data-e-type=\"widget\" data-widget_type=\"spacer.default\">\n\t\t\t\t<div class=\"elementor-widget-container\">\n\t\t\t\t\t\t\t<div class=\"elementor-spacer\">\n\t\t\t<div class=\"elementor-spacer-inner\"><\/div>\n\t\t<\/div>\n\t\t\t\t\t\t<\/div>\n\t\t\t\t<\/div>\n\t\t\t\t<div class=\"elementor-element elementor-element-26fc37f2 elementor-widget elementor-widget-text-editor\" data-id=\"26fc37f2\" data-element_type=\"widget\" data-e-type=\"widget\" data-widget_type=\"text-editor.default\">\n\t\t\t\t<div class=\"elementor-widget-container\">\n\t\t\t\t\t\t\t\t\t<p><img decoding=\"async\" class=\"wp-image-1983 alignright\" src=\"https:\/\/www.visitamalfi.info\/wp-content\/uploads\/2022\/09\/Sentiero-degli-Dei-1-150x150.jpg\" alt=\"\" width=\"150\" height=\"101\" srcset=\"https:\/\/www.visitamalfi.info\/wp-content\/uploads\/2022\/09\/Sentiero-degli-Dei-1-300x202.jpg 300w, https:\/\/www.visitamalfi.info\/wp-content\/uploads\/2022\/09\/Sentiero-degli-Dei-1-1024x688.jpg 1024w, https:\/\/www.visitamalfi.info\/wp-content\/uploads\/2022\/09\/Sentiero-degli-Dei-1-768x516.jpg 768w, https:\/\/www.visitamalfi.info\/wp-content\/uploads\/2022\/09\/Sentiero-degli-Dei-1-1536x1032.jpg 1536w, https:\/\/www.visitamalfi.info\/wp-content\/uploads\/2022\/09\/Sentiero-degli-Dei-1-870x580.jpg 870w, https:\/\/www.visitamalfi.info\/wp-content\/uploads\/2022\/09\/Sentiero-degli-Dei-1-615x410.jpg 615w, https:\/\/www.visitamalfi.info\/wp-content\/uploads\/2022\/09\/Sentiero-degli-Dei-1-1240x825.jpg 1240w, https:\/\/www.visitamalfi.info\/wp-content\/uploads\/2022\/09\/Sentiero-degli-Dei-1.jpg 1920w\" sizes=\"(max-width: 150px) 100vw, 150px\" \/>Selbstgef\u00fchrte Radtour nach Agerola &#8211; Abfahrt von Amalfi, Aufstieg \u00fcber Furore nach Agerola. E-Bike-Lieferung und kostenloses Mittagessen in einem der \u00f6rtlichen Restaurants. Nach dem Mittagessen wandern Sie entlang des Sentiero Degli Dei (Weg der G\u00f6tter) nach Positano. F\u00fcr die R\u00fcckfahrt nach Amalfi empfehlen wir die F\u00e4hre der Firma Travelmar. <\/p>\n\t\t\t\t\t\t\t\t<\/div>\n\t\t\t\t<\/div>\n\t\t\t\t<div class=\"elementor-element elementor-element-738e1a9c elementor-widget elementor-widget-spacer\" data-id=\"738e1a9c\" data-element_type=\"widget\" data-e-type=\"widget\" data-widget_type=\"spacer.default\">\n\t\t\t\t<div class=\"elementor-widget-container\">\n\t\t\t\t\t\t\t<div class=\"elementor-spacer\">\n\t\t\t<div class=\"elementor-spacer-inner\"><\/div>\n\t\t<\/div>\n\t\t\t\t\t\t<\/div>\n\t\t\t\t<\/div>\n\t\t\t\t<section class=\"elementor-section elementor-inner-section elementor-element elementor-element-8bf5dc4 elementor-section-full_width elementor-section-height-default elementor-section-height-default\" data-id=\"8bf5dc4\" data-element_type=\"section\" data-e-type=\"section\">\n\t\t\t\t\t\t<div class=\"elementor-container elementor-column-gap-extended\">\n\t\t\t\t\t<div class=\"elementor-column elementor-col-100 elementor-inner-column elementor-element elementor-element-330b8757\" data-id=\"330b8757\" data-element_type=\"column\" data-e-type=\"column\" data-settings=\"{&quot;background_background&quot;:&quot;gradient&quot;}\">\n\t\t\t<div class=\"elementor-widget-wrap elementor-element-populated\">\n\t\t\t\t\t\t<div class=\"elementor-element elementor-element-e20f03a elementor-widget elementor-widget-heading\" data-id=\"e20f03a\" data-element_type=\"widget\" data-e-type=\"widget\" data-widget_type=\"heading.default\">\n\t\t\t\t<div class=\"elementor-widget-container\">\n\t\t\t\t\t<h3 class=\"elementor-heading-title elementor-size-default\">Tag 3 - Kajaktour: Amalfi<\/h3>\t\t\t\t<\/div>\n\t\t\t\t<\/div>\n\t\t\t\t\t<\/div>\n\t\t<\/div>\n\t\t\t\t\t<\/div>\n\t\t<\/section>\n\t\t\t\t<div class=\"elementor-element elementor-element-41117e87 elementor-widget elementor-widget-spacer\" data-id=\"41117e87\" data-element_type=\"widget\" data-e-type=\"widget\" data-widget_type=\"spacer.default\">\n\t\t\t\t<div class=\"elementor-widget-container\">\n\t\t\t\t\t\t\t<div class=\"elementor-spacer\">\n\t\t\t<div class=\"elementor-spacer-inner\"><\/div>\n\t\t<\/div>\n\t\t\t\t\t\t<\/div>\n\t\t\t\t<\/div>\n\t\t\t\t<div class=\"elementor-element elementor-element-6d5cda8f elementor-widget elementor-widget-text-editor\" data-id=\"6d5cda8f\" data-element_type=\"widget\" data-e-type=\"widget\" data-widget_type=\"text-editor.default\">\n\t\t\t\t<div class=\"elementor-widget-container\">\n\t\t\t\t\t\t\t\t\t<p><img decoding=\"async\" class=\"wp-image-7156 alignleft\" src=\"https:\/\/www.visitamalfi.info\/wp-content\/uploads\/2023\/06\/WhatsApp-Image-2023-07-10-at-16.38.25-300x300.jpeg\" alt=\"\" width=\"150\" height=\"150\" srcset=\"https:\/\/www.visitamalfi.info\/wp-content\/uploads\/2023\/06\/WhatsApp-Image-2023-07-10-at-16.38.25-300x300.jpeg 300w, https:\/\/www.visitamalfi.info\/wp-content\/uploads\/2023\/06\/WhatsApp-Image-2023-07-10-at-16.38.25-510x510.jpeg 510w, https:\/\/www.visitamalfi.info\/wp-content\/uploads\/2023\/06\/WhatsApp-Image-2023-07-10-at-16.38.25-160x160.jpeg 160w\" sizes=\"(max-width: 150px) 100vw, 150px\" \/>Mit dem Kajak kann man versteckte Str\u00e4nde entdecken, die nur \u00fcber das Meer zu erreichen sind und ideal zum Schnorcheln oder Schwimmen im kristallklaren Wasser der Amalfik\u00fcste sind. <\/p>\n<p>Die Tour besteht aus einer kurzen Einf\u00fchrungslektion \u00fcber Navigation und Sicherheit auf See und dauert zwischen 3 und 3 Stunden und 30 Minuten. <\/p>\n<p>Die Kajaktouren f\u00fchren Sie entlang der sch\u00f6nsten Str\u00e4nde der Amalfik\u00fcste, vorbei an Meeresh\u00f6hlen in allen Formen und Gr\u00f6\u00dfen, nat\u00fcrlichen B\u00f6gen, versteckten Str\u00e4nden und S\u00fc\u00dfwasserf\u00e4llen. Umrahmt wird er von Zitronenhainen, alten Wacht\u00fcrmen und einer Vielzahl privater Villen, die zwischen den Felsen liegen.<\/p>\n<p>Unterwegs erreichen Sie den bezaubernden Arco dell&#8217;Amore, die luxuri\u00f6se Villa von Sofia Loren, das K\u00fcstendorf Conca dei Marini, den Spiaggia della Vite, der vom Hotel Borgo Sant&#8217;Andrea \u00fcberragt wird, und die nat\u00fcrliche Grotte von Sant&#8217;Andrea, die gr\u00f6\u00dfte Meeresgrotte an der gesamten Amalfik\u00fcste und die einzige mit einem begehbaren Strand im Inneren.<\/p>\n<p>Nach einem aufregenden Vormittag voller Entdeckungen und Schnorcheln k\u00f6nnen Sie sich bei einem Snack mit frischem Obst entspannen und K\u00f6rper und Geist wieder auftanken.<\/p>\n<p><strong>Treffpunkt:<\/strong> Lido delle Sirene <\/p>\n\t\t\t\t\t\t\t\t<\/div>\n\t\t\t\t<\/div>\n\t\t\t\t<div class=\"elementor-element elementor-element-9b2671f is-style-ignition-cousteau-pro-anchor-title elementor-widget elementor-widget-heading\" data-id=\"9b2671f\" data-element_type=\"widget\" data-e-type=\"widget\" data-widget_type=\"heading.default\">\n\t\t\t\t<div class=\"elementor-widget-container\">\n\t\t\t\t\t<h2 class=\"elementor-heading-title elementor-size-default\">Galerie<\/h2>\t\t\t\t<\/div>\n\t\t\t\t<\/div>\n\t\t\t\t<div class=\"elementor-element elementor-element-23c6a125 gallery-spacing-custom elementor-widget elementor-widget-image-gallery\" data-id=\"23c6a125\" data-element_type=\"widget\" data-e-type=\"widget\" data-widget_type=\"image-gallery.default\">\n\t\t\t\t<div class=\"elementor-widget-container\">\n\t\t\t\t\t\t\t<div class=\"elementor-image-gallery\">\n\t\t\t<div id='gallery-1' class='gallery galleryid-17664 gallery-columns-3 gallery-size-ignition_item'><figure class='gallery-item'>\n\t\t\t<div class='gallery-icon landscape'>\n\t\t\t\t<a data-elementor-open-lightbox=\"yes\" data-elementor-lightbox-slideshow=\"23c6a125\" data-elementor-lightbox-title=\"d440d5f32ed7823e63d0c161ae9e4986\" data-e-action-hash=\"#elementor-action%3Aaction%3Dlightbox%26settings%3DeyJpZCI6MTIyNTcsInVybCI6Imh0dHBzOlwvXC93d3cudmlzaXRhbWFsZmkuaW5mb1wvd3AtY29udGVudFwvdXBsb2Fkc1wvMjAyM1wvMDZcL2Q0NDBkNWYzMmVkNzgyM2U2M2QwYzE2MWFlOWU0OTg2LmpwZyIsInNsaWRlc2hvdyI6IjIzYzZhMTI1In0%3D\" href='https:\/\/www.visitamalfi.info\/wp-content\/uploads\/2023\/06\/d440d5f32ed7823e63d0c161ae9e4986.jpg' data-lightbox=\"gal[17664]\"><img loading=\"lazy\" decoding=\"async\" width=\"615\" height=\"410\" src=\"https:\/\/www.visitamalfi.info\/wp-content\/uploads\/2023\/06\/d440d5f32ed7823e63d0c161ae9e4986-615x410.jpg\" class=\"attachment-ignition_item size-ignition_item\" alt=\"\" srcset=\"https:\/\/www.visitamalfi.info\/wp-content\/uploads\/2023\/06\/d440d5f32ed7823e63d0c161ae9e4986-615x410.jpg 615w, https:\/\/www.visitamalfi.info\/wp-content\/uploads\/2023\/06\/d440d5f32ed7823e63d0c161ae9e4986-870x580.jpg 870w, https:\/\/www.visitamalfi.info\/wp-content\/uploads\/2023\/06\/d440d5f32ed7823e63d0c161ae9e4986-1240x825.jpg 1240w\" sizes=\"(max-width: 615px) 100vw, 615px\" \/><\/a>\n\t\t\t<\/div><\/figure><figure class='gallery-item'>\n\t\t\t<div class='gallery-icon landscape'>\n\t\t\t\t<a data-elementor-open-lightbox=\"yes\" data-elementor-lightbox-slideshow=\"23c6a125\" data-elementor-lightbox-title=\"Amalfi\" data-e-action-hash=\"#elementor-action%3Aaction%3Dlightbox%26settings%3DeyJpZCI6MTIyNDcsInVybCI6Imh0dHBzOlwvXC93d3cudmlzaXRhbWFsZmkuaW5mb1wvd3AtY29udGVudFwvdXBsb2Fkc1wvMjAyM1wvMDZcL0FtYWxmaS5qcGciLCJzbGlkZXNob3ciOiIyM2M2YTEyNSJ9\" href='https:\/\/www.visitamalfi.info\/wp-content\/uploads\/2023\/06\/Amalfi.jpg' data-lightbox=\"gal[17664]\"><img loading=\"lazy\" decoding=\"async\" width=\"615\" height=\"410\" src=\"https:\/\/www.visitamalfi.info\/wp-content\/uploads\/2023\/06\/Amalfi-615x410.jpg\" class=\"attachment-ignition_item size-ignition_item\" alt=\"\" srcset=\"https:\/\/www.visitamalfi.info\/wp-content\/uploads\/2023\/06\/Amalfi-615x410.jpg 615w, https:\/\/www.visitamalfi.info\/wp-content\/uploads\/2023\/06\/Amalfi-870x580.jpg 870w, https:\/\/www.visitamalfi.info\/wp-content\/uploads\/2023\/06\/Amalfi-1240x825.jpg 1240w\" sizes=\"(max-width: 615px) 100vw, 615px\" \/><\/a>\n\t\t\t<\/div><\/figure><figure class='gallery-item'>\n\t\t\t<div class='gallery-icon landscape'>\n\t\t\t\t<a data-elementor-open-lightbox=\"yes\" data-elementor-lightbox-slideshow=\"23c6a125\" data-elementor-lightbox-title=\"Conca dei Marini\" data-e-action-hash=\"#elementor-action%3Aaction%3Dlightbox%26settings%3DeyJpZCI6MTIyNTIsInVybCI6Imh0dHBzOlwvXC93d3cudmlzaXRhbWFsZmkuaW5mb1wvd3AtY29udGVudFwvdXBsb2Fkc1wvMjAyM1wvMDZcL0NvbmNhLWRlaS1NYXJpbmkuanBnIiwic2xpZGVzaG93IjoiMjNjNmExMjUifQ%3D%3D\" href='https:\/\/www.visitamalfi.info\/wp-content\/uploads\/2023\/06\/Conca-dei-Marini.jpg' data-lightbox=\"gal[17664]\"><img loading=\"lazy\" decoding=\"async\" width=\"615\" height=\"410\" src=\"https:\/\/www.visitamalfi.info\/wp-content\/uploads\/2023\/06\/Conca-dei-Marini-615x410.jpg\" class=\"attachment-ignition_item size-ignition_item\" alt=\"\" srcset=\"https:\/\/www.visitamalfi.info\/wp-content\/uploads\/2023\/06\/Conca-dei-Marini-615x410.jpg 615w, https:\/\/www.visitamalfi.info\/wp-content\/uploads\/2023\/06\/Conca-dei-Marini-870x580.jpg 870w, https:\/\/www.visitamalfi.info\/wp-content\/uploads\/2023\/06\/Conca-dei-Marini-1240x825.jpg 1240w\" sizes=\"(max-width: 615px) 100vw, 615px\" \/><\/a>\n\t\t\t<\/div><\/figure><figure class='gallery-item'>\n\t\t\t<div class='gallery-icon landscape'>\n\t\t\t\t<a data-elementor-open-lightbox=\"yes\" data-elementor-lightbox-slideshow=\"23c6a125\" data-elementor-lightbox-title=\"WhatsApp Image 2023-07-10 at 16.36.31\" data-e-action-hash=\"#elementor-action%3Aaction%3Dlightbox%26settings%3DeyJpZCI6NzE0NCwidXJsIjoiaHR0cHM6XC9cL3d3dy52aXNpdGFtYWxmaS5pbmZvXC93cC1jb250ZW50XC91cGxvYWRzXC8yMDIzXC8wNlwvV2hhdHNBcHAtSW1hZ2UtMjAyMy0wNy0xMC1hdC0xNi4zNi4zMS5qcGVnIiwic2xpZGVzaG93IjoiMjNjNmExMjUifQ%3D%3D\" href='https:\/\/www.visitamalfi.info\/wp-content\/uploads\/2023\/06\/WhatsApp-Image-2023-07-10-at-16.36.31.jpeg' data-lightbox=\"gal[17664]\"><img loading=\"lazy\" decoding=\"async\" width=\"615\" height=\"410\" src=\"https:\/\/www.visitamalfi.info\/wp-content\/uploads\/2023\/06\/WhatsApp-Image-2023-07-10-at-16.36.31-615x410.jpeg\" class=\"attachment-ignition_item size-ignition_item\" alt=\"\" srcset=\"https:\/\/www.visitamalfi.info\/wp-content\/uploads\/2023\/06\/WhatsApp-Image-2023-07-10-at-16.36.31-615x410.jpeg 615w, https:\/\/www.visitamalfi.info\/wp-content\/uploads\/2023\/06\/WhatsApp-Image-2023-07-10-at-16.36.31-870x580.jpeg 870w, https:\/\/www.visitamalfi.info\/wp-content\/uploads\/2023\/06\/WhatsApp-Image-2023-07-10-at-16.36.31-1240x825.jpeg 1240w\" sizes=\"(max-width: 615px) 100vw, 615px\" \/><\/a>\n\t\t\t<\/div><\/figure><figure class='gallery-item'>\n\t\t\t<div class='gallery-icon landscape'>\n\t\t\t\t<a data-elementor-open-lightbox=\"yes\" data-elementor-lightbox-slideshow=\"23c6a125\" data-elementor-lightbox-title=\"WhatsApp Image 2023-07-10 at 16.36.34\" data-e-action-hash=\"#elementor-action%3Aaction%3Dlightbox%26settings%3DeyJpZCI6NzE0OSwidXJsIjoiaHR0cHM6XC9cL3d3dy52aXNpdGFtYWxmaS5pbmZvXC93cC1jb250ZW50XC91cGxvYWRzXC8yMDIzXC8wNlwvV2hhdHNBcHAtSW1hZ2UtMjAyMy0wNy0xMC1hdC0xNi4zNi4zNC5qcGVnIiwic2xpZGVzaG93IjoiMjNjNmExMjUifQ%3D%3D\" href='https:\/\/www.visitamalfi.info\/wp-content\/uploads\/2023\/06\/WhatsApp-Image-2023-07-10-at-16.36.34.jpeg' data-lightbox=\"gal[17664]\"><img loading=\"lazy\" decoding=\"async\" width=\"615\" height=\"410\" src=\"https:\/\/www.visitamalfi.info\/wp-content\/uploads\/2023\/06\/WhatsApp-Image-2023-07-10-at-16.36.34-615x410.jpeg\" class=\"attachment-ignition_item size-ignition_item\" alt=\"\" srcset=\"https:\/\/www.visitamalfi.info\/wp-content\/uploads\/2023\/06\/WhatsApp-Image-2023-07-10-at-16.36.34-615x410.jpeg 615w, https:\/\/www.visitamalfi.info\/wp-content\/uploads\/2023\/06\/WhatsApp-Image-2023-07-10-at-16.36.34-870x580.jpeg 870w, https:\/\/www.visitamalfi.info\/wp-content\/uploads\/2023\/06\/WhatsApp-Image-2023-07-10-at-16.36.34-1240x825.jpeg 1240w\" sizes=\"(max-width: 615px) 100vw, 615px\" \/><\/a>\n\t\t\t<\/div><\/figure><figure class='gallery-item'>\n\t\t\t<div class='gallery-icon landscape'>\n\t\t\t\t<a data-elementor-open-lightbox=\"yes\" data-elementor-lightbox-slideshow=\"23c6a125\" data-elementor-lightbox-title=\"Sentiero-Degli-Dei-Costiera-Amalfitana-Fotogallery-\" data-e-action-hash=\"#elementor-action%3Aaction%3Dlightbox%26settings%3DeyJpZCI6MTk4MSwidXJsIjoiaHR0cHM6XC9cL3d3dy52aXNpdGFtYWxmaS5pbmZvXC93cC1jb250ZW50XC91cGxvYWRzXC8yMDIyXC8wOVwvU2VudGllcm8tRGVnbGktRGVpLUNvc3RpZXJhLUFtYWxmaXRhbmEtRm90b2dhbGxlcnktLmpwZyIsInNsaWRlc2hvdyI6IjIzYzZhMTI1In0%3D\" href='https:\/\/www.visitamalfi.info\/wp-content\/uploads\/2022\/09\/Sentiero-Degli-Dei-Costiera-Amalfitana-Fotogallery-.jpg' data-lightbox=\"gal[17664]\"><img loading=\"lazy\" decoding=\"async\" width=\"615\" height=\"410\" src=\"https:\/\/www.visitamalfi.info\/wp-content\/uploads\/2022\/09\/Sentiero-Degli-Dei-Costiera-Amalfitana-Fotogallery--615x410.jpg\" class=\"attachment-ignition_item size-ignition_item\" alt=\"\" srcset=\"https:\/\/www.visitamalfi.info\/wp-content\/uploads\/2022\/09\/Sentiero-Degli-Dei-Costiera-Amalfitana-Fotogallery--615x410.jpg 615w, https:\/\/www.visitamalfi.info\/wp-content\/uploads\/2022\/09\/Sentiero-Degli-Dei-Costiera-Amalfitana-Fotogallery--870x580.jpg 870w\" sizes=\"(max-width: 615px) 100vw, 615px\" \/><\/a>\n\t\t\t<\/div><\/figure>\n\t\t<\/div>\n\t\t<\/div>\n\t\t\t\t\t\t<\/div>\n\t\t\t\t<\/div>\n\t\t\t\t<div class=\"elementor-element elementor-element-1eb8b7ab is-style-ignition-cousteau-pro-anchor-title elementor-widget elementor-widget-heading\" data-id=\"1eb8b7ab\" data-element_type=\"widget\" data-e-type=\"widget\" data-widget_type=\"heading.default\">\n\t\t\t\t<div class=\"elementor-widget-container\">\n\t\t\t\t\t<h2 class=\"elementor-heading-title elementor-size-default\">N\u00fctzliche Informationen <\/h2>\t\t\t\t<\/div>\n\t\t\t\t<\/div>\n\t\t\t\t<section class=\"elementor-section elementor-inner-section elementor-element elementor-element-66453965 elementor-section-full_width elementor-section-height-default elementor-section-height-default\" data-id=\"66453965\" data-element_type=\"section\" data-e-type=\"section\">\n\t\t\t\t\t\t<div class=\"elementor-container elementor-column-gap-wider\">\n\t\t\t\t\t<div class=\"elementor-column elementor-col-100 elementor-inner-column elementor-element elementor-element-19c77b0a\" data-id=\"19c77b0a\" data-element_type=\"column\" data-e-type=\"column\" data-settings=\"{&quot;background_background&quot;:&quot;gradient&quot;}\">\n\t\t\t<div class=\"elementor-widget-wrap elementor-element-populated\">\n\t\t\t\t\t\t<div class=\"elementor-element elementor-element-606caaf4 elementor-widget elementor-widget-heading\" data-id=\"606caaf4\" data-element_type=\"widget\" data-e-type=\"widget\" data-widget_type=\"heading.default\">\n\t\t\t\t<div class=\"elementor-widget-container\">\n\t\t\t\t\t<p class=\"elementor-heading-title elementor-size-default\">Was Sie mitbringen sollten: <\/p>\t\t\t\t<\/div>\n\t\t\t\t<\/div>\n\t\t\t\t<div class=\"elementor-element elementor-element-2954b2cc elementor-widget elementor-widget-spacer\" data-id=\"2954b2cc\" data-element_type=\"widget\" data-e-type=\"widget\" data-widget_type=\"spacer.default\">\n\t\t\t\t<div class=\"elementor-widget-container\">\n\t\t\t\t\t\t\t<div class=\"elementor-spacer\">\n\t\t\t<div class=\"elementor-spacer-inner\"><\/div>\n\t\t<\/div>\n\t\t\t\t\t\t<\/div>\n\t\t\t\t<\/div>\n\t\t\t\t<div class=\"elementor-element elementor-element-3b6cb14f elementor-icon-list--layout-traditional elementor-list-item-link-full_width elementor-widget elementor-widget-icon-list\" data-id=\"3b6cb14f\" data-element_type=\"widget\" data-e-type=\"widget\" data-widget_type=\"icon-list.default\">\n\t\t\t\t<div class=\"elementor-widget-container\">\n\t\t\t\t\t\t\t<ul class=\"elementor-icon-list-items\">\n\t\t\t\t\t\t\t<li class=\"elementor-icon-list-item\">\n\t\t\t\t\t\t\t\t\t\t\t<span class=\"elementor-icon-list-icon\">\n\t\t\t\t\t\t\t<i aria-hidden=\"true\" class=\"fas fa-circle\"><\/i>\t\t\t\t\t\t<\/span>\n\t\t\t\t\t\t\t\t\t\t<span class=\"elementor-icon-list-text\">Wasserflasche<\/span>\n\t\t\t\t\t\t\t\t\t<\/li>\n\t\t\t\t\t\t\t\t<li class=\"elementor-icon-list-item\">\n\t\t\t\t\t\t\t\t\t\t\t<span class=\"elementor-icon-list-icon\">\n\t\t\t\t\t\t\t<i aria-hidden=\"true\" class=\"fas fa-circle\"><\/i>\t\t\t\t\t\t<\/span>\n\t\t\t\t\t\t\t\t\t\t<span class=\"elementor-icon-list-text\">Imbiss<\/span>\n\t\t\t\t\t\t\t\t\t<\/li>\n\t\t\t\t\t\t\t\t<li class=\"elementor-icon-list-item\">\n\t\t\t\t\t\t\t\t\t\t\t<span class=\"elementor-icon-list-icon\">\n\t\t\t\t\t\t\t<i aria-hidden=\"true\" class=\"fas fa-circle\"><\/i>\t\t\t\t\t\t<\/span>\n\t\t\t\t\t\t\t\t\t\t<span class=\"elementor-icon-list-text\">Kajak- oder Gummischuhe (alternativ Sandalen oder Flip-Flops)<\/span>\n\t\t\t\t\t\t\t\t\t<\/li>\n\t\t\t\t\t\t\t\t<li class=\"elementor-icon-list-item\">\n\t\t\t\t\t\t\t\t\t\t\t<span class=\"elementor-icon-list-icon\">\n\t\t\t\t\t\t\t<i aria-hidden=\"true\" class=\"fas fa-circle\"><\/i>\t\t\t\t\t\t<\/span>\n\t\t\t\t\t\t\t\t\t\t<span class=\"elementor-icon-list-text\">Hut<\/span>\n\t\t\t\t\t\t\t\t\t<\/li>\n\t\t\t\t\t\t\t\t<li class=\"elementor-icon-list-item\">\n\t\t\t\t\t\t\t\t\t\t\t<span class=\"elementor-icon-list-icon\">\n\t\t\t\t\t\t\t<i aria-hidden=\"true\" class=\"fas fa-circle\"><\/i>\t\t\t\t\t\t<\/span>\n\t\t\t\t\t\t\t\t\t\t<span class=\"elementor-icon-list-text\">Sonnenbrille<\/span>\n\t\t\t\t\t\t\t\t\t<\/li>\n\t\t\t\t\t\t\t\t<li class=\"elementor-icon-list-item\">\n\t\t\t\t\t\t\t\t\t\t\t<span class=\"elementor-icon-list-icon\">\n\t\t\t\t\t\t\t<i aria-hidden=\"true\" class=\"fas fa-circle\"><\/i>\t\t\t\t\t\t<\/span>\n\t\t\t\t\t\t\t\t\t\t<span class=\"elementor-icon-list-text\">Sonnencreme<\/span>\n\t\t\t\t\t\t\t\t\t<\/li>\n\t\t\t\t\t\t<\/ul>\n\t\t\t\t\t\t<\/div>\n\t\t\t\t<\/div>\n\t\t\t\t\t<\/div>\n\t\t<\/div>\n\t\t\t\t\t<\/div>\n\t\t<\/section>\n\t\t\t\t\t<\/div>\n\t\t<\/div>\n\t\t\t\t\t<\/div>\n\t\t<\/section>\n\t\t\t\t<\/div>\n\t\t","protected":false},"excerpt":{"rendered":"<p>Was k\u00f6nnte anregender sein als ein Multi-Sport-Urlaub?<\/p>\n","protected":false},"featured_media":12257,"comment_status":"open","ping_status":"closed","template":"","ignition_package_destination":[],"ignition_package_category":[1088,1102,1663],"experience":[255,251,343],"inspiration":[1659],"season":[234,229,239],"class_list":["post-17664","ignition-package","type-ignition-package","status-publish","has-post-thumbnail","hentry","ignition_package_category-fahrrad-touren","ignition_package_category-kajak-touren","ignition_package_category-trekking-de","experience-das-meer-leben","experience-outdoor-aktivitaeten","experience-wohlbefinden","inspiration-aktivurlaub","season-fruehling","season-herbst","season-sommer"],"yoast_head":"<!-- This site is optimized with the Yoast SEO plugin v27.3 - https:\/\/yoast.com\/product\/yoast-seo-wordpress\/ -->\n<title>Multisport Urlaub - 4 Tage - Visit Amalfi<\/title>\n<meta name=\"robots\" content=\"index, follow, max-snippet:-1, max-image-preview:large, max-video-preview:-1\" \/>\n<link rel=\"canonical\" href=\"https:\/\/www.visitamalfi.info\/de\/package\/multisport-urlaub-4-tage\/\" \/>\n<meta property=\"og:locale\" content=\"de_DE\" \/>\n<meta property=\"og:type\" content=\"article\" \/>\n<meta property=\"og:title\" content=\"Multisport Urlaub - 4 Tage - Visit Amalfi\" \/>\n<meta property=\"og:description\" content=\"Was k\u00f6nnte anregender sein als ein Multi-Sport-Urlaub?\" \/>\n<meta property=\"og:url\" content=\"https:\/\/www.visitamalfi.info\/de\/package\/multisport-urlaub-4-tage\/\" \/>\n<meta property=\"og:site_name\" content=\"Visit Amalfi\" \/>\n<meta property=\"article:publisher\" content=\"https:\/\/www.facebook.com\/visitamalfiofficial\" \/>\n<meta property=\"article:modified_time\" content=\"2024-06-17T14:02:26+00:00\" \/>\n<meta property=\"og:image\" content=\"https:\/\/www.visitamalfi.info\/wp-content\/uploads\/2023\/06\/d440d5f32ed7823e63d0c161ae9e4986.jpg\" \/>\n\t<meta property=\"og:image:width\" content=\"1920\" \/>\n\t<meta property=\"og:image:height\" content=\"1080\" \/>\n\t<meta property=\"og:image:type\" content=\"image\/jpeg\" \/>\n<meta name=\"twitter:card\" content=\"summary_large_image\" \/>\n<meta name=\"twitter:label1\" content=\"Gesch\u00e4tzte Lesezeit\" \/>\n\t<meta name=\"twitter:data1\" content=\"2\u00a0Minuten\" \/>\n<script type=\"application\/ld+json\" class=\"yoast-schema-graph\">{\"@context\":\"https:\\\/\\\/schema.org\",\"@graph\":[{\"@type\":\"WebPage\",\"@id\":\"https:\\\/\\\/www.visitamalfi.info\\\/de\\\/package\\\/multisport-urlaub-4-tage\\\/\",\"url\":\"https:\\\/\\\/www.visitamalfi.info\\\/de\\\/package\\\/multisport-urlaub-4-tage\\\/\",\"name\":\"Multisport Urlaub - 4 Tage - Visit Amalfi\",\"isPartOf\":{\"@id\":\"https:\\\/\\\/www.visitamalfi.info\\\/de\\\/#website\"},\"primaryImageOfPage\":{\"@id\":\"https:\\\/\\\/www.visitamalfi.info\\\/de\\\/package\\\/multisport-urlaub-4-tage\\\/#primaryimage\"},\"image\":{\"@id\":\"https:\\\/\\\/www.visitamalfi.info\\\/de\\\/package\\\/multisport-urlaub-4-tage\\\/#primaryimage\"},\"thumbnailUrl\":\"https:\\\/\\\/www.visitamalfi.info\\\/wp-content\\\/uploads\\\/2023\\\/06\\\/d440d5f32ed7823e63d0c161ae9e4986.jpg\",\"datePublished\":\"2024-04-17T17:44:28+00:00\",\"dateModified\":\"2024-06-17T14:02:26+00:00\",\"breadcrumb\":{\"@id\":\"https:\\\/\\\/www.visitamalfi.info\\\/de\\\/package\\\/multisport-urlaub-4-tage\\\/#breadcrumb\"},\"inLanguage\":\"de\",\"potentialAction\":[{\"@type\":\"ReadAction\",\"target\":[\"https:\\\/\\\/www.visitamalfi.info\\\/de\\\/package\\\/multisport-urlaub-4-tage\\\/\"]}]},{\"@type\":\"ImageObject\",\"inLanguage\":\"de\",\"@id\":\"https:\\\/\\\/www.visitamalfi.info\\\/de\\\/package\\\/multisport-urlaub-4-tage\\\/#primaryimage\",\"url\":\"https:\\\/\\\/www.visitamalfi.info\\\/wp-content\\\/uploads\\\/2023\\\/06\\\/d440d5f32ed7823e63d0c161ae9e4986.jpg\",\"contentUrl\":\"https:\\\/\\\/www.visitamalfi.info\\\/wp-content\\\/uploads\\\/2023\\\/06\\\/d440d5f32ed7823e63d0c161ae9e4986.jpg\",\"width\":1920,\"height\":1080},{\"@type\":\"BreadcrumbList\",\"@id\":\"https:\\\/\\\/www.visitamalfi.info\\\/de\\\/package\\\/multisport-urlaub-4-tage\\\/#breadcrumb\",\"itemListElement\":[{\"@type\":\"ListItem\",\"position\":1,\"name\":\"Home\",\"item\":\"https:\\\/\\\/www.visitamalfi.info\\\/de\\\/\"},{\"@type\":\"ListItem\",\"position\":2,\"name\":\"Multisport Urlaub &#8211; 4 Tage\"}]},{\"@type\":\"WebSite\",\"@id\":\"https:\\\/\\\/www.visitamalfi.info\\\/de\\\/#website\",\"url\":\"https:\\\/\\\/www.visitamalfi.info\\\/de\\\/\",\"name\":\"Visit Amalfi\",\"description\":\"Amalfi Destination Official Website\",\"publisher\":{\"@id\":\"https:\\\/\\\/www.visitamalfi.info\\\/de\\\/#organization\"},\"potentialAction\":[{\"@type\":\"SearchAction\",\"target\":{\"@type\":\"EntryPoint\",\"urlTemplate\":\"https:\\\/\\\/www.visitamalfi.info\\\/de\\\/?s={search_term_string}\"},\"query-input\":{\"@type\":\"PropertyValueSpecification\",\"valueRequired\":true,\"valueName\":\"search_term_string\"}}],\"inLanguage\":\"de\"},{\"@type\":\"Organization\",\"@id\":\"https:\\\/\\\/www.visitamalfi.info\\\/de\\\/#organization\",\"name\":\"Visit Amalfi\",\"url\":\"https:\\\/\\\/www.visitamalfi.info\\\/de\\\/\",\"logo\":{\"@type\":\"ImageObject\",\"inLanguage\":\"de\",\"@id\":\"https:\\\/\\\/www.visitamalfi.info\\\/de\\\/#\\\/schema\\\/logo\\\/image\\\/\",\"url\":\"https:\\\/\\\/www.visitamalfi.info\\\/wp-content\\\/uploads\\\/2023\\\/04\\\/visit-amalfi-logo-web.png\",\"contentUrl\":\"https:\\\/\\\/www.visitamalfi.info\\\/wp-content\\\/uploads\\\/2023\\\/04\\\/visit-amalfi-logo-web.png\",\"width\":800,\"height\":870,\"caption\":\"Visit Amalfi\"},\"image\":{\"@id\":\"https:\\\/\\\/www.visitamalfi.info\\\/de\\\/#\\\/schema\\\/logo\\\/image\\\/\"},\"sameAs\":[\"https:\\\/\\\/www.facebook.com\\\/visitamalfiofficial\",\"https:\\\/\\\/www.instagram.com\\\/visitamalfiofficial\\\/\"]}]}<\/script>\n<!-- \/ Yoast SEO plugin. -->","yoast_head_json":{"title":"Multisport Urlaub - 4 Tage - Visit Amalfi","robots":{"index":"index","follow":"follow","max-snippet":"max-snippet:-1","max-image-preview":"max-image-preview:large","max-video-preview":"max-video-preview:-1"},"canonical":"https:\/\/www.visitamalfi.info\/de\/package\/multisport-urlaub-4-tage\/","og_locale":"de_DE","og_type":"article","og_title":"Multisport Urlaub - 4 Tage - Visit Amalfi","og_description":"Was k\u00f6nnte anregender sein als ein Multi-Sport-Urlaub?","og_url":"https:\/\/www.visitamalfi.info\/de\/package\/multisport-urlaub-4-tage\/","og_site_name":"Visit Amalfi","article_publisher":"https:\/\/www.facebook.com\/visitamalfiofficial","article_modified_time":"2024-06-17T14:02:26+00:00","og_image":[{"width":1920,"height":1080,"url":"https:\/\/www.visitamalfi.info\/wp-content\/uploads\/2023\/06\/d440d5f32ed7823e63d0c161ae9e4986.jpg","type":"image\/jpeg"}],"twitter_card":"summary_large_image","twitter_misc":{"Gesch\u00e4tzte Lesezeit":"2\u00a0Minuten"},"schema":{"@context":"https:\/\/schema.org","@graph":[{"@type":"WebPage","@id":"https:\/\/www.visitamalfi.info\/de\/package\/multisport-urlaub-4-tage\/","url":"https:\/\/www.visitamalfi.info\/de\/package\/multisport-urlaub-4-tage\/","name":"Multisport Urlaub - 4 Tage - Visit Amalfi","isPartOf":{"@id":"https:\/\/www.visitamalfi.info\/de\/#website"},"primaryImageOfPage":{"@id":"https:\/\/www.visitamalfi.info\/de\/package\/multisport-urlaub-4-tage\/#primaryimage"},"image":{"@id":"https:\/\/www.visitamalfi.info\/de\/package\/multisport-urlaub-4-tage\/#primaryimage"},"thumbnailUrl":"https:\/\/www.visitamalfi.info\/wp-content\/uploads\/2023\/06\/d440d5f32ed7823e63d0c161ae9e4986.jpg","datePublished":"2024-04-17T17:44:28+00:00","dateModified":"2024-06-17T14:02:26+00:00","breadcrumb":{"@id":"https:\/\/www.visitamalfi.info\/de\/package\/multisport-urlaub-4-tage\/#breadcrumb"},"inLanguage":"de","potentialAction":[{"@type":"ReadAction","target":["https:\/\/www.visitamalfi.info\/de\/package\/multisport-urlaub-4-tage\/"]}]},{"@type":"ImageObject","inLanguage":"de","@id":"https:\/\/www.visitamalfi.info\/de\/package\/multisport-urlaub-4-tage\/#primaryimage","url":"https:\/\/www.visitamalfi.info\/wp-content\/uploads\/2023\/06\/d440d5f32ed7823e63d0c161ae9e4986.jpg","contentUrl":"https:\/\/www.visitamalfi.info\/wp-content\/uploads\/2023\/06\/d440d5f32ed7823e63d0c161ae9e4986.jpg","width":1920,"height":1080},{"@type":"BreadcrumbList","@id":"https:\/\/www.visitamalfi.info\/de\/package\/multisport-urlaub-4-tage\/#breadcrumb","itemListElement":[{"@type":"ListItem","position":1,"name":"Home","item":"https:\/\/www.visitamalfi.info\/de\/"},{"@type":"ListItem","position":2,"name":"Multisport Urlaub &#8211; 4 Tage"}]},{"@type":"WebSite","@id":"https:\/\/www.visitamalfi.info\/de\/#website","url":"https:\/\/www.visitamalfi.info\/de\/","name":"Visit Amalfi","description":"Amalfi Destination Official Website","publisher":{"@id":"https:\/\/www.visitamalfi.info\/de\/#organization"},"potentialAction":[{"@type":"SearchAction","target":{"@type":"EntryPoint","urlTemplate":"https:\/\/www.visitamalfi.info\/de\/?s={search_term_string}"},"query-input":{"@type":"PropertyValueSpecification","valueRequired":true,"valueName":"search_term_string"}}],"inLanguage":"de"},{"@type":"Organization","@id":"https:\/\/www.visitamalfi.info\/de\/#organization","name":"Visit Amalfi","url":"https:\/\/www.visitamalfi.info\/de\/","logo":{"@type":"ImageObject","inLanguage":"de","@id":"https:\/\/www.visitamalfi.info\/de\/#\/schema\/logo\/image\/","url":"https:\/\/www.visitamalfi.info\/wp-content\/uploads\/2023\/04\/visit-amalfi-logo-web.png","contentUrl":"https:\/\/www.visitamalfi.info\/wp-content\/uploads\/2023\/04\/visit-amalfi-logo-web.png","width":800,"height":870,"caption":"Visit Amalfi"},"image":{"@id":"https:\/\/www.visitamalfi.info\/de\/#\/schema\/logo\/image\/"},"sameAs":["https:\/\/www.facebook.com\/visitamalfiofficial","https:\/\/www.instagram.com\/visitamalfiofficial\/"]}]}},"_links":{"self":[{"href":"https:\/\/www.visitamalfi.info\/de\/wp-json\/wp\/v2\/ignition-package\/17664","targetHints":{"allow":["GET"]}}],"collection":[{"href":"https:\/\/www.visitamalfi.info\/de\/wp-json\/wp\/v2\/ignition-package"}],"about":[{"href":"https:\/\/www.visitamalfi.info\/de\/wp-json\/wp\/v2\/types\/ignition-package"}],"replies":[{"embeddable":true,"href":"https:\/\/www.visitamalfi.info\/de\/wp-json\/wp\/v2\/comments?post=17664"}],"version-history":[{"count":11,"href":"https:\/\/www.visitamalfi.info\/de\/wp-json\/wp\/v2\/ignition-package\/17664\/revisions"}],"predecessor-version":[{"id":19274,"href":"https:\/\/www.visitamalfi.info\/de\/wp-json\/wp\/v2\/ignition-package\/17664\/revisions\/19274"}],"wp:featuredmedia":[{"embeddable":true,"href":"https:\/\/www.visitamalfi.info\/de\/wp-json\/wp\/v2\/media\/12257"}],"wp:attachment":[{"href":"https:\/\/www.visitamalfi.info\/de\/wp-json\/wp\/v2\/media?parent=17664"}],"wp:term":[{"taxonomy":"ignition_package_destination","embeddable":true,"href":"https:\/\/www.visitamalfi.info\/de\/wp-json\/wp\/v2\/ignition_package_destination?post=17664"},{"taxonomy":"ignition_package_category","embeddable":true,"href":"https:\/\/www.visitamalfi.info\/de\/wp-json\/wp\/v2\/ignition_package_category?post=17664"},{"taxonomy":"experience","embeddable":true,"href":"https:\/\/www.visitamalfi.info\/de\/wp-json\/wp\/v2\/experience?post=17664"},{"taxonomy":"inspiration","embeddable":true,"href":"https:\/\/www.visitamalfi.info\/de\/wp-json\/wp\/v2\/inspiration?post=17664"},{"taxonomy":"season","embeddable":true,"href":"https:\/\/www.visitamalfi.info\/de\/wp-json\/wp\/v2\/season?post=17664"}],"curies":[{"name":"wp","href":"https:\/\/api.w.org\/{rel}","templated":true}]}}