{"id":17504,"date":"2024-04-17T19:44:30","date_gmt":"2024-04-17T17:44:30","guid":{"rendered":"https:\/\/www.visitamalfi.info\/?post_type=ignition-package&#038;p=17504"},"modified":"2024-06-17T15:48:59","modified_gmt":"2024-06-17T13:48:59","slug":"premium-balneare-vorschlag-4-tage","status":"publish","type":"ignition-package","link":"https:\/\/www.visitamalfi.info\/de\/package\/premium-balneare-vorschlag-4-tage\/","title":{"rendered":"Premium Balneare Vorschlag &#8211; 4 Tage"},"content":{"rendered":"\t\t<div data-elementor-type=\"wp-post\" data-elementor-id=\"17504\" class=\"elementor elementor-17504 elementor-17503\">\n\t\t\t\t\t\t<section class=\"elementor-section elementor-top-section elementor-element elementor-element-11336dd2 elementor-section-full_width elementor-section-height-default elementor-section-height-default\" data-id=\"11336dd2\" data-element_type=\"section\" data-e-type=\"section\">\n\t\t\t\t\t\t<div class=\"elementor-container elementor-column-gap-no\">\n\t\t\t\t\t<div class=\"elementor-column elementor-col-100 elementor-top-column elementor-element elementor-element-9921d2c\" data-id=\"9921d2c\" data-element_type=\"column\" data-e-type=\"column\">\n\t\t\t<div class=\"elementor-widget-wrap elementor-element-populated\">\n\t\t\t\t\t\t<div class=\"elementor-element elementor-element-230d350e elementor-widget__width-initial elementor-widget elementor-widget-text-editor\" data-id=\"230d350e\" data-element_type=\"widget\" data-e-type=\"widget\" data-widget_type=\"text-editor.default\">\n\t\t\t\t<div class=\"elementor-widget-container\">\n\t\t\t\t\t\t\t\t\t<p>Segeln Sie entlang der K\u00fcste, entdecken Sie die Aromen des Landes und des Meeres bei Kochkursen und Gourmet-Dinners und lassen Sie den ganzen Zauber der Amalfik\u00fcste an Bord einer Yacht aufleben.<\/p>\n<p><strong>Maximale Teilnehmerzahl:<\/strong> 6<br \/><strong>Verf\u00fcgbarkeit:<\/strong> 01\/05 &#8211; 31\/10<\/p>\n\t\t\t\t\t\t\t\t<\/div>\n\t\t\t\t<\/div>\n\t\t\t\t<div class=\"elementor-element elementor-element-2b00874e is-style-ignition-cousteau-pro-anchor-title elementor-widget elementor-widget-heading\" data-id=\"2b00874e\" data-element_type=\"widget\" data-e-type=\"widget\" data-widget_type=\"heading.default\">\n\t\t\t\t<div class=\"elementor-widget-container\">\n\t\t\t\t\t<h2 class=\"elementor-heading-title elementor-size-default\">Reiseplan <\/h2>\t\t\t\t<\/div>\n\t\t\t\t<\/div>\n\t\t\t\t<div class=\"elementor-element elementor-element-536a615 elementor-widget elementor-widget-text-editor\" data-id=\"536a615\" data-element_type=\"widget\" data-e-type=\"widget\" data-widget_type=\"text-editor.default\">\n\t\t\t\t<div class=\"elementor-widget-container\">\n\t\t\t\t\t\t\t\t\t<p>Das Angebot kombiniert eine private Kreuzfahrt, um die Sch\u00f6nheit der Amalfik\u00fcste zu entdecken, einen Kochkurs, ein Gourmet-Erlebnis in einem Sternerestaurant und eine \u00dcbernachtung an Bord einer exklusiven Yacht.<\/p>\n\t\t\t\t\t\t\t\t<\/div>\n\t\t\t\t<\/div>\n\t\t\t\t<div class=\"elementor-element elementor-element-31cc8b7e elementor-widget elementor-widget-spacer\" data-id=\"31cc8b7e\" data-element_type=\"widget\" data-e-type=\"widget\" data-widget_type=\"spacer.default\">\n\t\t\t\t<div class=\"elementor-widget-container\">\n\t\t\t\t\t\t\t<div class=\"elementor-spacer\">\n\t\t\t<div class=\"elementor-spacer-inner\"><\/div>\n\t\t<\/div>\n\t\t\t\t\t\t<\/div>\n\t\t\t\t<\/div>\n\t\t\t\t<section class=\"elementor-section elementor-inner-section elementor-element elementor-element-3c107755 elementor-section-full_width elementor-section-height-default elementor-section-height-default\" data-id=\"3c107755\" data-element_type=\"section\" data-e-type=\"section\">\n\t\t\t\t\t\t<div class=\"elementor-container elementor-column-gap-extended\">\n\t\t\t\t\t<div class=\"elementor-column elementor-col-100 elementor-inner-column elementor-element elementor-element-76e0368c\" data-id=\"76e0368c\" data-element_type=\"column\" data-e-type=\"column\" data-settings=\"{&quot;background_background&quot;:&quot;gradient&quot;}\">\n\t\t\t<div class=\"elementor-widget-wrap elementor-element-populated\">\n\t\t\t\t\t\t<div class=\"elementor-element elementor-element-5d9d59e4 elementor-widget elementor-widget-heading\" data-id=\"5d9d59e4\" data-element_type=\"widget\" data-e-type=\"widget\" data-widget_type=\"heading.default\">\n\t\t\t\t<div class=\"elementor-widget-container\">\n\t\t\t\t\t<h3 class=\"elementor-heading-title elementor-size-default\">Tag 1 - Bootstour an der Amalfik\u00fcste + Sternedinner<\/h3>\t\t\t\t<\/div>\n\t\t\t\t<\/div>\n\t\t\t\t\t<\/div>\n\t\t<\/div>\n\t\t\t\t\t<\/div>\n\t\t<\/section>\n\t\t\t\t<div class=\"elementor-element elementor-element-67a8726a elementor-widget elementor-widget-spacer\" data-id=\"67a8726a\" data-element_type=\"widget\" data-e-type=\"widget\" data-widget_type=\"spacer.default\">\n\t\t\t\t<div class=\"elementor-widget-container\">\n\t\t\t\t\t\t\t<div class=\"elementor-spacer\">\n\t\t\t<div class=\"elementor-spacer-inner\"><\/div>\n\t\t<\/div>\n\t\t\t\t\t\t<\/div>\n\t\t\t\t<\/div>\n\t\t\t\t<div class=\"elementor-element elementor-element-33614226 elementor-widget elementor-widget-text-editor\" data-id=\"33614226\" data-element_type=\"widget\" data-e-type=\"widget\" data-widget_type=\"text-editor.default\">\n\t\t\t\t<div class=\"elementor-widget-container\">\n\t\t\t\t\t\t\t\t\t<p><img decoding=\"async\" class=\"wp-image-9869 alignleft\" src=\"https:\/\/www.visitamalfi.info\/wp-content\/uploads\/2023\/06\/jeranto-10-lay-out-300x300.jpg\" alt=\"\" width=\"150\" height=\"150\" srcset=\"https:\/\/www.visitamalfi.info\/wp-content\/uploads\/2023\/06\/jeranto-10-lay-out-300x300.jpg 300w, https:\/\/www.visitamalfi.info\/wp-content\/uploads\/2023\/06\/jeranto-10-lay-out-510x510.jpg 510w, https:\/\/www.visitamalfi.info\/wp-content\/uploads\/2023\/06\/jeranto-10-lay-out-160x160.jpg 160w\" sizes=\"(max-width: 150px) 100vw, 150px\" \/>Private Tour zur Entdeckung der Sch\u00f6nheit der Amalfik\u00fcste an Bord einer 10 Meter langen Sorrentino Gozzo.<\/p>\n<p>Ausgehend von Amalfi, der Hauptstadt einer der m\u00e4chtigsten Handelsorganisationen des Mittelalters, fahren wir durch Atrani, Ravello, Minori, Maiori, Conca dei Marini, Grotta dello Smeraldo und Fiordo di Fuorore.<\/p>\n<p>Vorbei an den Isca-Felsen gelangt man in die Bucht von Positano, der Perle der K\u00fcste. Hier haben Schriftsteller, Musiker, T\u00e4nzer, Maler, Schauspieler und Regisseure ein wenig oder viel gelebt, fasziniert von einem &#8220;Genius Loci&#8221;, der das Mittelmeer, die Farben, die Formen, die Natur und den Geist der Menschen in einer Atmosph\u00e4re des M\u00fc\u00dfiggangs und der Kreativit\u00e4t vereint, zu der auch sie einen gro\u00dfen Beitrag geleistet haben.<\/p>\n<p>Nach einem letzten Blick auf die vertikale Stadt vom Meer aus, segeln wir zu den Inseln der Gallier, der letzten \u00dcberraschung dieser faszinierenden Tour.<\/p>\n<p>Um den Tag noch exklusiver zu gestalten, gibt es eine Reihe von Serviceleistungen wie Minibar, Begr\u00fc\u00dfungsgetr\u00e4nk, Cocktailsnacks, frisches Obst, Strandt\u00fccher, Schnorchelmasken und Stereoanlage. Zum Mittagessen ist ein Halt in Positano oder in einem der zahlreichen kleinen Restaurants an den Str\u00e4nden der Divina geplant.<\/p>\n<p><strong>Sternerestaurant Abendessen: La Caravella<\/strong><\/p>\n<p><img decoding=\"async\" class=\"wp-image-4070 alignright\" src=\"https:\/\/www.visitamalfi.info\/wp-content\/uploads\/2023\/06\/la-caravella-restaurant-150x150.jpg\" alt=\"\" width=\"150\" height=\"150\" srcset=\"https:\/\/www.visitamalfi.info\/wp-content\/uploads\/2023\/06\/la-caravella-restaurant-150x150.jpg 150w, https:\/\/www.visitamalfi.info\/wp-content\/uploads\/2023\/06\/la-caravella-restaurant-510x510.jpg 510w, https:\/\/www.visitamalfi.info\/wp-content\/uploads\/2023\/06\/la-caravella-restaurant-160x160.jpg 160w\" sizes=\"(max-width: 150px) 100vw, 150px\" \/>Ein perfekter Tag verdient es, mit einem Sternedinner im Restaurant La Caravella zu enden: der erste Michelin-Stern in S\u00fcditalien und ein kulinarischer Pflichttermin an der Amalfik\u00fcste.<\/p>\n<p>Mit diesen Worten beschreibt K\u00fcchenchef Antonio seine Kunst: &#8220;Einfachheit ist das schwierigste Ziel, das man in der K\u00fcche erreichen kann. Jedes Detail erz\u00e4hlt die Geschichte unserer kontinuierlichen Forschung, die Geschichte meiner Familie, H\u00fcterin der gro\u00dfen kulinarischen Tradition unserer K\u00fcste, mit so viel Aufmerksamkeit f\u00fcr unsere Kunden, dass sie sich wie zu Hause f\u00fchlen k\u00f6nnen&#8221;.<\/p>\n<p>Das Restaurant befindet sich im Herzen des historischen Zentrums im Herzogspalast der Herz\u00f6ge von Amalfi aus dem 12. Dank zahlreicher Restaurierungsarbeiten, wie z. B. der Renovierung der Deckenfresken, die fast 15 Jahre dauerte, hat das Restaurant seine urspr\u00fcngliche Struktur aus dem Jahr 1959 bewahrt.<\/p>\n\t\t\t\t\t\t\t\t<\/div>\n\t\t\t\t<\/div>\n\t\t\t\t<div class=\"elementor-element elementor-element-2264f0eb elementor-widget elementor-widget-spacer\" data-id=\"2264f0eb\" data-element_type=\"widget\" data-e-type=\"widget\" data-widget_type=\"spacer.default\">\n\t\t\t\t<div class=\"elementor-widget-container\">\n\t\t\t\t\t\t\t<div class=\"elementor-spacer\">\n\t\t\t<div class=\"elementor-spacer-inner\"><\/div>\n\t\t<\/div>\n\t\t\t\t\t\t<\/div>\n\t\t\t\t<\/div>\n\t\t\t\t<section class=\"elementor-section elementor-inner-section elementor-element elementor-element-2086e8e9 elementor-section-full_width elementor-section-height-default elementor-section-height-default\" data-id=\"2086e8e9\" data-element_type=\"section\" data-e-type=\"section\">\n\t\t\t\t\t\t<div class=\"elementor-container elementor-column-gap-extended\">\n\t\t\t\t\t<div class=\"elementor-column elementor-col-100 elementor-inner-column elementor-element elementor-element-76c7120b\" data-id=\"76c7120b\" data-element_type=\"column\" data-e-type=\"column\" data-settings=\"{&quot;background_background&quot;:&quot;gradient&quot;}\">\n\t\t\t<div class=\"elementor-widget-wrap elementor-element-populated\">\n\t\t\t\t\t\t<div class=\"elementor-element elementor-element-22292ca9 elementor-widget elementor-widget-heading\" data-id=\"22292ca9\" data-element_type=\"widget\" data-e-type=\"widget\" data-widget_type=\"heading.default\">\n\t\t\t\t<div class=\"elementor-widget-container\">\n\t\t\t\t\t<h3 class=\"elementor-heading-title elementor-size-default\">Tag 2 - Kochkurs<\/h3>\t\t\t\t<\/div>\n\t\t\t\t<\/div>\n\t\t\t\t\t<\/div>\n\t\t<\/div>\n\t\t\t\t\t<\/div>\n\t\t<\/section>\n\t\t\t\t<div class=\"elementor-element elementor-element-143fbee elementor-widget elementor-widget-spacer\" data-id=\"143fbee\" data-element_type=\"widget\" data-e-type=\"widget\" data-widget_type=\"spacer.default\">\n\t\t\t\t<div class=\"elementor-widget-container\">\n\t\t\t\t\t\t\t<div class=\"elementor-spacer\">\n\t\t\t<div class=\"elementor-spacer-inner\"><\/div>\n\t\t<\/div>\n\t\t\t\t\t\t<\/div>\n\t\t\t\t<\/div>\n\t\t\t\t<div class=\"elementor-element elementor-element-697344cd elementor-widget elementor-widget-text-editor\" data-id=\"697344cd\" data-element_type=\"widget\" data-e-type=\"widget\" data-widget_type=\"text-editor.default\">\n\t\t\t\t<div class=\"elementor-widget-container\">\n\t\t\t\t\t\t\t\t\t<p><img decoding=\"async\" class=\"wp-image-13718 alignleft\" src=\"https:\/\/www.visitamalfi.info\/wp-content\/uploads\/2024\/01\/WhatsApp-Image-2024-01-22-at-19.23.40-1-300x300.jpeg\" alt=\"\" width=\"150\" height=\"150\" srcset=\"https:\/\/www.visitamalfi.info\/wp-content\/uploads\/2024\/01\/WhatsApp-Image-2024-01-22-at-19.23.40-1-300x300.jpeg 300w, https:\/\/www.visitamalfi.info\/wp-content\/uploads\/2024\/01\/WhatsApp-Image-2024-01-22-at-19.23.40-1-510x510.jpeg 510w, https:\/\/www.visitamalfi.info\/wp-content\/uploads\/2024\/01\/WhatsApp-Image-2024-01-22-at-19.23.40-1-160x160.jpeg 160w\" sizes=\"(max-width: 150px) 100vw, 150px\" \/>Ein Tag in den Amalfi Heaven Gardens ist die beste M\u00f6glichkeit, Amalfi und die Amalfik\u00fcste mit ihren Aromen, Farben und D\u00fcften auf 360\u00b0 zu entdecken und gleichzeitig authentische Rezepte zu lernen, die Sie mit in Ihren Koffer nehmen k\u00f6nnen.<\/p>\n<p>Nachdem Sie die Zutaten direkt im Gem\u00fcsegarten von Amalfi Heaven Gardens geerntet und einen Spaziergang durch die Zitronenhaine, Olivenhaine und terrassierten Weinberge des Anwesens gemacht haben, gehen Sie in die K\u00fcche, um die Geheimnisse der amalfitanischen K\u00fcche zu entdecken.<\/p>\n<p>Der Kochkurs umfasst die Zubereitung von vier G\u00e4ngen mit Zutaten, die zuvor im Garten gesammelt wurden, unter der sorgf\u00e4ltigen Aufsicht von einheimischen K\u00f6chen, die die Teilnehmer durch die Geschmacksrichtungen und Aromen der traditionellen amalfitanischen K\u00fcche f\u00fchren werden.<\/p>\n<p>Anschlie\u00dfend genie\u00dfen alle am Tisch die G\u00e4nge, begleitet von ausgezeichnetem Wein aus der Region und einer atemberaubenden Aussicht. Zum Abschluss des Tages gab es einen k\u00f6stlichen Limoncello und die Verleihung eines Diploms f\u00fcr die Teilnahme und die Rezepte der einzelnen Gerichte, die zusammen mit den freundlichen K\u00f6chen und Mitarbeitern von Amalfi Heaven Gardens zubereitet wurden.<\/p>\n\t\t\t\t\t\t\t\t<\/div>\n\t\t\t\t<\/div>\n\t\t\t\t<div class=\"elementor-element elementor-element-12d32799 elementor-widget elementor-widget-spacer\" data-id=\"12d32799\" data-element_type=\"widget\" data-e-type=\"widget\" data-widget_type=\"spacer.default\">\n\t\t\t\t<div class=\"elementor-widget-container\">\n\t\t\t\t\t\t\t<div class=\"elementor-spacer\">\n\t\t\t<div class=\"elementor-spacer-inner\"><\/div>\n\t\t<\/div>\n\t\t\t\t\t\t<\/div>\n\t\t\t\t<\/div>\n\t\t\t\t<section class=\"elementor-section elementor-inner-section elementor-element elementor-element-4478a12d elementor-section-full_width elementor-section-height-default elementor-section-height-default\" data-id=\"4478a12d\" data-element_type=\"section\" data-e-type=\"section\">\n\t\t\t\t\t\t<div class=\"elementor-container elementor-column-gap-extended\">\n\t\t\t\t\t<div class=\"elementor-column elementor-col-100 elementor-inner-column elementor-element elementor-element-6eab5cb4\" data-id=\"6eab5cb4\" data-element_type=\"column\" data-e-type=\"column\" data-settings=\"{&quot;background_background&quot;:&quot;gradient&quot;}\">\n\t\t\t<div class=\"elementor-widget-wrap elementor-element-populated\">\n\t\t\t\t\t\t<div class=\"elementor-element elementor-element-45d5864f elementor-widget elementor-widget-heading\" data-id=\"45d5864f\" data-element_type=\"widget\" data-e-type=\"widget\" data-widget_type=\"heading.default\">\n\t\t\t\t<div class=\"elementor-widget-container\">\n\t\t\t\t\t<h3 class=\"elementor-heading-title elementor-size-default\">Tag 3 - \u00dcbernachtung an Bord einer Jacht<\/h3>\t\t\t\t<\/div>\n\t\t\t\t<\/div>\n\t\t\t\t\t<\/div>\n\t\t<\/div>\n\t\t\t\t\t<\/div>\n\t\t<\/section>\n\t\t\t\t<div class=\"elementor-element elementor-element-4303dd2f elementor-widget elementor-widget-spacer\" data-id=\"4303dd2f\" data-element_type=\"widget\" data-e-type=\"widget\" data-widget_type=\"spacer.default\">\n\t\t\t\t<div class=\"elementor-widget-container\">\n\t\t\t\t\t\t\t<div class=\"elementor-spacer\">\n\t\t\t<div class=\"elementor-spacer-inner\"><\/div>\n\t\t<\/div>\n\t\t\t\t\t\t<\/div>\n\t\t\t\t<\/div>\n\t\t\t\t<div class=\"elementor-element elementor-element-4292bba5 elementor-widget elementor-widget-text-editor\" data-id=\"4292bba5\" data-element_type=\"widget\" data-e-type=\"widget\" data-widget_type=\"text-editor.default\">\n\t\t\t\t<div class=\"elementor-widget-container\">\n\t\t\t\t\t\t\t\t\t<p><img loading=\"lazy\" decoding=\"async\" class=\"wp-image-2002 alignright\" src=\"https:\/\/www.visitamalfi.info\/wp-content\/uploads\/2023\/05\/amalfi-premium-boat-150x150.jpg\" alt=\"\" width=\"151\" height=\"151\" srcset=\"https:\/\/www.visitamalfi.info\/wp-content\/uploads\/2023\/05\/amalfi-premium-boat-150x150.jpg 150w, https:\/\/www.visitamalfi.info\/wp-content\/uploads\/2023\/05\/amalfi-premium-boat-510x510.jpg 510w, https:\/\/www.visitamalfi.info\/wp-content\/uploads\/2023\/05\/amalfi-premium-boat-160x160.jpg 160w\" sizes=\"(max-width: 151px) 100vw, 151px\" \/>Eine \u00dcbernachtung an Bord einer Yacht ist ein Erlebnis, das den ganzen Zauber der Amalfik\u00fcste und der Inseln des Golfs von Neapel zum Leben erweckt.<\/p>\n<\/p>\n<p>Die am besten geeignete Motoryacht f\u00fcr diese Tour ist die Aicon TICHE 72ft, das Boot steht den G\u00e4sten von 9:30 Uhr am Tag der Einschiffung bis 17:00 Uhr am Tag der Ausschiffung zur Verf\u00fcgung, die Zeiten k\u00f6nnen je nach den Bed\u00fcrfnissen der G\u00e4ste ge\u00e4ndert werden.<\/p>\n<\/p>\n<p>Die Crew an Bord kann die Reiseroute so gestalten, dass die G\u00e4ste sowohl entlang der K\u00fcste in Richtung Sorrent, Capri, Ischia und Procida segeln als auch anhalten und einige der ber\u00fchmtesten Orte besuchen k\u00f6nnen.<\/p>\n<\/p>\n<p>Den Morgenkaffee zu genie\u00dfen, wenn sich die ersten Sonnenstrahlen glitzernd auf den Wellen des Meeres spiegeln, oder die D\u00f6rfer zu bewundern, wenn die Sonne untergeht und den Himmel in tausend Schattierungen f\u00e4rbt, ist eine Erfahrung, die den Geist erfrischt.<\/p>\n\t\t\t\t\t\t\t\t<\/div>\n\t\t\t\t<\/div>\n\t\t\t\t<div class=\"elementor-element elementor-element-5e59e302 is-style-ignition-cousteau-pro-anchor-title elementor-widget elementor-widget-heading\" data-id=\"5e59e302\" data-element_type=\"widget\" data-e-type=\"widget\" data-widget_type=\"heading.default\">\n\t\t\t\t<div class=\"elementor-widget-container\">\n\t\t\t\t\t<h2 class=\"elementor-heading-title elementor-size-default\">Galerie<\/h2>\t\t\t\t<\/div>\n\t\t\t\t<\/div>\n\t\t\t\t<div class=\"elementor-element elementor-element-6ca8e43b gallery-spacing-custom elementor-widget elementor-widget-image-gallery\" data-id=\"6ca8e43b\" data-element_type=\"widget\" data-e-type=\"widget\" data-widget_type=\"image-gallery.default\">\n\t\t\t\t<div class=\"elementor-widget-container\">\n\t\t\t\t\t\t\t<div class=\"elementor-image-gallery\">\n\t\t\t<div id='gallery-1' class='gallery galleryid-17504 gallery-columns-3 gallery-size-ignition_item'><figure class='gallery-item'>\n\t\t\t<div class='gallery-icon landscape'>\n\t\t\t\t<a data-elementor-open-lightbox=\"yes\" data-elementor-lightbox-slideshow=\"6ca8e43b\" data-elementor-lightbox-title=\"moonlight off shore\" data-e-action-hash=\"#elementor-action%3Aaction%3Dlightbox%26settings%3DeyJpZCI6OTg5NywidXJsIjoiaHR0cHM6XC9cL3d3dy52aXNpdGFtYWxmaS5pbmZvXC93cC1jb250ZW50XC91cGxvYWRzXC8yMDIzXC8wNlwvbW9vbmxpZ2h0LW9mZi1zaG9yZS5qcGciLCJzbGlkZXNob3ciOiI2Y2E4ZTQzYiJ9\" href='https:\/\/www.visitamalfi.info\/wp-content\/uploads\/2023\/06\/moonlight-off-shore.jpg' data-lightbox=\"gal[17504]\"><img loading=\"lazy\" decoding=\"async\" width=\"615\" height=\"410\" src=\"https:\/\/www.visitamalfi.info\/wp-content\/uploads\/2023\/06\/moonlight-off-shore-615x410.jpg\" class=\"attachment-ignition_item size-ignition_item\" alt=\"\" srcset=\"https:\/\/www.visitamalfi.info\/wp-content\/uploads\/2023\/06\/moonlight-off-shore-615x410.jpg 615w, https:\/\/www.visitamalfi.info\/wp-content\/uploads\/2023\/06\/moonlight-off-shore-870x580.jpg 870w, https:\/\/www.visitamalfi.info\/wp-content\/uploads\/2023\/06\/moonlight-off-shore-1240x825.jpg 1240w\" sizes=\"(max-width: 615px) 100vw, 615px\" \/><\/a>\n\t\t\t<\/div><\/figure><figure class='gallery-item'>\n\t\t\t<div class='gallery-icon landscape'>\n\t\t\t\t<a data-elementor-open-lightbox=\"yes\" data-elementor-lightbox-slideshow=\"6ca8e43b\" data-elementor-lightbox-title=\"Amalfi Heaven Gardens - Cooking, Pirogies, Dough.\" data-e-action-hash=\"#elementor-action%3Aaction%3Dlightbox%26settings%3DeyJpZCI6MTI0OTMsInVybCI6Imh0dHBzOlwvXC93d3cudmlzaXRhbWFsZmkuaW5mb1wvd3AtY29udGVudFwvdXBsb2Fkc1wvMjAyM1wvMDZcL0FtYWxmaS1Db2FzdC1Db29raW5nLUNsYXNzLTMtSFEuanBnIiwic2xpZGVzaG93IjoiNmNhOGU0M2IifQ%3D%3D\" href='https:\/\/www.visitamalfi.info\/wp-content\/uploads\/2023\/06\/Amalfi-Coast-Cooking-Class-3-HQ.jpg' data-lightbox=\"gal[17504]\"><img loading=\"lazy\" decoding=\"async\" width=\"615\" height=\"410\" src=\"https:\/\/www.visitamalfi.info\/wp-content\/uploads\/2023\/06\/Amalfi-Coast-Cooking-Class-3-HQ-615x410.jpg\" class=\"attachment-ignition_item size-ignition_item\" alt=\"\" srcset=\"https:\/\/www.visitamalfi.info\/wp-content\/uploads\/2023\/06\/Amalfi-Coast-Cooking-Class-3-HQ-615x410.jpg 615w, https:\/\/www.visitamalfi.info\/wp-content\/uploads\/2023\/06\/Amalfi-Coast-Cooking-Class-3-HQ-300x201.jpg 300w, https:\/\/www.visitamalfi.info\/wp-content\/uploads\/2023\/06\/Amalfi-Coast-Cooking-Class-3-HQ-1024x685.jpg 1024w, https:\/\/www.visitamalfi.info\/wp-content\/uploads\/2023\/06\/Amalfi-Coast-Cooking-Class-3-HQ-870x580.jpg 870w, https:\/\/www.visitamalfi.info\/wp-content\/uploads\/2023\/06\/Amalfi-Coast-Cooking-Class-3-HQ-1240x825.jpg 1240w\" sizes=\"(max-width: 615px) 100vw, 615px\" \/><\/a>\n\t\t\t<\/div><\/figure><figure class='gallery-item'>\n\t\t\t<div class='gallery-icon landscape'>\n\t\t\t\t<a data-elementor-open-lightbox=\"yes\" data-elementor-lightbox-slideshow=\"6ca8e43b\" data-elementor-lightbox-title=\"Amalfi Heaven Gardens - Picking vegetables - Farm - Nature.\" data-e-action-hash=\"#elementor-action%3Aaction%3Dlightbox%26settings%3DeyJpZCI6MTI1MjMsInVybCI6Imh0dHBzOlwvXC93d3cudmlzaXRhbWFsZmkuaW5mb1wvd3AtY29udGVudFwvdXBsb2Fkc1wvMjAyM1wvMDZcL0FtYWxmaS1Db2FzdC1Db29raW5nLUNsYXNzLTE5LUhRLmpwZyIsInNsaWRlc2hvdyI6IjZjYThlNDNiIn0%3D\" href='https:\/\/www.visitamalfi.info\/wp-content\/uploads\/2023\/06\/Amalfi-Coast-Cooking-Class-19-HQ.jpg' data-lightbox=\"gal[17504]\"><img loading=\"lazy\" decoding=\"async\" width=\"615\" height=\"410\" src=\"https:\/\/www.visitamalfi.info\/wp-content\/uploads\/2023\/06\/Amalfi-Coast-Cooking-Class-19-HQ-615x410.jpg\" class=\"attachment-ignition_item size-ignition_item\" alt=\"\" srcset=\"https:\/\/www.visitamalfi.info\/wp-content\/uploads\/2023\/06\/Amalfi-Coast-Cooking-Class-19-HQ-615x410.jpg 615w, https:\/\/www.visitamalfi.info\/wp-content\/uploads\/2023\/06\/Amalfi-Coast-Cooking-Class-19-HQ-300x200.jpg 300w, https:\/\/www.visitamalfi.info\/wp-content\/uploads\/2023\/06\/Amalfi-Coast-Cooking-Class-19-HQ-1024x683.jpg 1024w, https:\/\/www.visitamalfi.info\/wp-content\/uploads\/2023\/06\/Amalfi-Coast-Cooking-Class-19-HQ-768x512.jpg 768w, https:\/\/www.visitamalfi.info\/wp-content\/uploads\/2023\/06\/Amalfi-Coast-Cooking-Class-19-HQ-1536x1024.jpg 1536w, https:\/\/www.visitamalfi.info\/wp-content\/uploads\/2023\/06\/Amalfi-Coast-Cooking-Class-19-HQ-870x580.jpg 870w, https:\/\/www.visitamalfi.info\/wp-content\/uploads\/2023\/06\/Amalfi-Coast-Cooking-Class-19-HQ-1240x825.jpg 1240w, https:\/\/www.visitamalfi.info\/wp-content\/uploads\/2023\/06\/Amalfi-Coast-Cooking-Class-19-HQ.jpg 1920w\" sizes=\"(max-width: 615px) 100vw, 615px\" \/><\/a>\n\t\t\t<\/div><\/figure><figure class='gallery-item'>\n\t\t\t<div class='gallery-icon landscape'>\n\t\t\t\t<a data-elementor-open-lightbox=\"yes\" data-elementor-lightbox-slideshow=\"6ca8e43b\" data-elementor-lightbox-title=\"Amalfi Heaven Gardens - Homemade, Vegetables, Harvest\" data-e-action-hash=\"#elementor-action%3Aaction%3Dlightbox%26settings%3DeyJpZCI6MTI1MDgsInVybCI6Imh0dHBzOlwvXC93d3cudmlzaXRhbWFsZmkuaW5mb1wvd3AtY29udGVudFwvdXBsb2Fkc1wvMjAyM1wvMDZcL0FtYWxmaS1Db2FzdC1Db29raW5nLUNsYXNzLTExLUhRLmpwZyIsInNsaWRlc2hvdyI6IjZjYThlNDNiIn0%3D\" href='https:\/\/www.visitamalfi.info\/wp-content\/uploads\/2023\/06\/Amalfi-Coast-Cooking-Class-11-HQ.jpg' data-lightbox=\"gal[17504]\"><img loading=\"lazy\" decoding=\"async\" width=\"615\" height=\"410\" src=\"https:\/\/www.visitamalfi.info\/wp-content\/uploads\/2023\/06\/Amalfi-Coast-Cooking-Class-11-HQ-615x410.jpg\" class=\"attachment-ignition_item size-ignition_item\" alt=\"\" srcset=\"https:\/\/www.visitamalfi.info\/wp-content\/uploads\/2023\/06\/Amalfi-Coast-Cooking-Class-11-HQ-615x410.jpg 615w, https:\/\/www.visitamalfi.info\/wp-content\/uploads\/2023\/06\/Amalfi-Coast-Cooking-Class-11-HQ-300x200.jpg 300w, https:\/\/www.visitamalfi.info\/wp-content\/uploads\/2023\/06\/Amalfi-Coast-Cooking-Class-11-HQ-1024x683.jpg 1024w, https:\/\/www.visitamalfi.info\/wp-content\/uploads\/2023\/06\/Amalfi-Coast-Cooking-Class-11-HQ-768x512.jpg 768w, https:\/\/www.visitamalfi.info\/wp-content\/uploads\/2023\/06\/Amalfi-Coast-Cooking-Class-11-HQ-1536x1024.jpg 1536w, https:\/\/www.visitamalfi.info\/wp-content\/uploads\/2023\/06\/Amalfi-Coast-Cooking-Class-11-HQ-870x580.jpg 870w, https:\/\/www.visitamalfi.info\/wp-content\/uploads\/2023\/06\/Amalfi-Coast-Cooking-Class-11-HQ-1240x825.jpg 1240w, https:\/\/www.visitamalfi.info\/wp-content\/uploads\/2023\/06\/Amalfi-Coast-Cooking-Class-11-HQ.jpg 1920w\" sizes=\"(max-width: 615px) 100vw, 615px\" \/><\/a>\n\t\t\t<\/div><\/figure><figure class='gallery-item'>\n\t\t\t<div class='gallery-icon portrait'>\n\t\t\t\t<a data-elementor-open-lightbox=\"yes\" data-elementor-lightbox-slideshow=\"6ca8e43b\" data-elementor-lightbox-title=\"2023_corretta\" data-e-action-hash=\"#elementor-action%3Aaction%3Dlightbox%26settings%3DeyJpZCI6NjkwNywidXJsIjoiaHR0cHM6XC9cL3d3dy52aXNpdGFtYWxmaS5pbmZvXC93cC1jb250ZW50XC91cGxvYWRzXC8yMDIzXC8wNlwvMjAyM19jb3JyZXR0YS1zY2FsZWQuanBnIiwic2xpZGVzaG93IjoiNmNhOGU0M2IifQ%3D%3D\" href='https:\/\/www.visitamalfi.info\/wp-content\/uploads\/2023\/06\/2023_corretta-scaled.jpg' data-lightbox=\"gal[17504]\"><img loading=\"lazy\" decoding=\"async\" width=\"615\" height=\"410\" src=\"https:\/\/www.visitamalfi.info\/wp-content\/uploads\/2023\/06\/2023_corretta-615x410.jpg\" class=\"attachment-ignition_item size-ignition_item\" alt=\"\" srcset=\"https:\/\/www.visitamalfi.info\/wp-content\/uploads\/2023\/06\/2023_corretta-615x410.jpg 615w, https:\/\/www.visitamalfi.info\/wp-content\/uploads\/2023\/06\/2023_corretta-870x580.jpg 870w, https:\/\/www.visitamalfi.info\/wp-content\/uploads\/2023\/06\/2023_corretta-1240x825.jpg 1240w\" sizes=\"(max-width: 615px) 100vw, 615px\" \/><\/a>\n\t\t\t<\/div><\/figure><figure class='gallery-item'>\n\t\t\t<div class='gallery-icon landscape'>\n\t\t\t\t<a data-elementor-open-lightbox=\"yes\" data-elementor-lightbox-slideshow=\"6ca8e43b\" data-elementor-lightbox-title=\"antonio dipino chef\" data-e-action-hash=\"#elementor-action%3Aaction%3Dlightbox%26settings%3DeyJpZCI6NjkxMiwidXJsIjoiaHR0cHM6XC9cL3d3dy52aXNpdGFtYWxmaS5pbmZvXC93cC1jb250ZW50XC91cGxvYWRzXC8yMDIzXC8wNlwvYW50b25pby1kaXBpbm8tY2hlZi1zY2FsZWQuanBnIiwic2xpZGVzaG93IjoiNmNhOGU0M2IifQ%3D%3D\" href='https:\/\/www.visitamalfi.info\/wp-content\/uploads\/2023\/06\/antonio-dipino-chef-scaled.jpg' data-lightbox=\"gal[17504]\"><img loading=\"lazy\" decoding=\"async\" width=\"615\" height=\"410\" src=\"https:\/\/www.visitamalfi.info\/wp-content\/uploads\/2023\/06\/antonio-dipino-chef-615x410.jpg\" class=\"attachment-ignition_item size-ignition_item\" alt=\"\" srcset=\"https:\/\/www.visitamalfi.info\/wp-content\/uploads\/2023\/06\/antonio-dipino-chef-615x410.jpg 615w, https:\/\/www.visitamalfi.info\/wp-content\/uploads\/2023\/06\/antonio-dipino-chef-870x580.jpg 870w, https:\/\/www.visitamalfi.info\/wp-content\/uploads\/2023\/06\/antonio-dipino-chef-1240x825.jpg 1240w\" sizes=\"(max-width: 615px) 100vw, 615px\" \/><\/a>\n\t\t\t<\/div><\/figure><figure class='gallery-item'>\n\t\t\t<div class='gallery-icon landscape'>\n\t\t\t\t<a data-elementor-open-lightbox=\"yes\" data-elementor-lightbox-slideshow=\"6ca8e43b\" data-elementor-lightbox-title=\"Food-Amalfi\" data-e-action-hash=\"#elementor-action%3Aaction%3Dlightbox%26settings%3DeyJpZCI6Njg1OCwidXJsIjoiaHR0cHM6XC9cL3d3dy52aXNpdGFtYWxmaS5pbmZvXC93cC1jb250ZW50XC91cGxvYWRzXC8yMDIzXC8wN1wvRm9vZC1BbWFsZmkuanBnIiwic2xpZGVzaG93IjoiNmNhOGU0M2IifQ%3D%3D\" href='https:\/\/www.visitamalfi.info\/wp-content\/uploads\/2023\/07\/Food-Amalfi.jpg' data-lightbox=\"gal[17504]\"><img loading=\"lazy\" decoding=\"async\" width=\"615\" height=\"410\" src=\"https:\/\/www.visitamalfi.info\/wp-content\/uploads\/2023\/07\/Food-Amalfi-615x410.jpg\" class=\"attachment-ignition_item size-ignition_item\" alt=\"\" srcset=\"https:\/\/www.visitamalfi.info\/wp-content\/uploads\/2023\/07\/Food-Amalfi-615x410.jpg 615w, https:\/\/www.visitamalfi.info\/wp-content\/uploads\/2023\/07\/Food-Amalfi-870x580.jpg 870w, https:\/\/www.visitamalfi.info\/wp-content\/uploads\/2023\/07\/Food-Amalfi-1240x825.jpg 1240w\" sizes=\"(max-width: 615px) 100vw, 615px\" \/><\/a>\n\t\t\t<\/div><\/figure><figure class='gallery-item'>\n\t\t\t<div class='gallery-icon landscape'>\n\t\t\t\t<a data-elementor-open-lightbox=\"yes\" data-elementor-lightbox-slideshow=\"6ca8e43b\" data-elementor-lightbox-title=\"Premium-yacht-amalfi\" data-e-action-hash=\"#elementor-action%3Aaction%3Dlightbox%26settings%3DeyJpZCI6MjAxMCwidXJsIjoiaHR0cHM6XC9cL3d3dy52aXNpdGFtYWxmaS5pbmZvXC93cC1jb250ZW50XC91cGxvYWRzXC8yMDIzXC8wNVwvUHJlbWl1bS15YWNodC1hbWFsZmkuanBnIiwic2xpZGVzaG93IjoiNmNhOGU0M2IifQ%3D%3D\" href='https:\/\/www.visitamalfi.info\/wp-content\/uploads\/2023\/05\/Premium-yacht-amalfi.jpg' data-lightbox=\"gal[17504]\"><img loading=\"lazy\" decoding=\"async\" width=\"615\" height=\"410\" src=\"https:\/\/www.visitamalfi.info\/wp-content\/uploads\/2023\/05\/Premium-yacht-amalfi-615x410.jpg\" class=\"attachment-ignition_item size-ignition_item\" alt=\"\" \/><\/a>\n\t\t\t<\/div><\/figure><figure class='gallery-item'>\n\t\t\t<div class='gallery-icon landscape'>\n\t\t\t\t<a data-elementor-open-lightbox=\"yes\" data-elementor-lightbox-slideshow=\"6ca8e43b\" data-elementor-lightbox-title=\"Premium Boat Charter - Amalfi - Bedroom\" data-e-action-hash=\"#elementor-action%3Aaction%3Dlightbox%26settings%3DeyJpZCI6OTI1NywidXJsIjoiaHR0cHM6XC9cL3d3dy52aXNpdGFtYWxmaS5pbmZvXC93cC1jb250ZW50XC91cGxvYWRzXC8yMDIzXC8wNlwvUHJlbWl1bS1Cb2F0LUNoYXJ0ZXItQW1hbGZpLUJlZHJvb20uanBlZyIsInNsaWRlc2hvdyI6IjZjYThlNDNiIn0%3D\" href='https:\/\/www.visitamalfi.info\/wp-content\/uploads\/2023\/06\/Premium-Boat-Charter-Amalfi-Bedroom.jpeg' data-lightbox=\"gal[17504]\"><img loading=\"lazy\" decoding=\"async\" width=\"615\" height=\"410\" src=\"https:\/\/www.visitamalfi.info\/wp-content\/uploads\/2023\/06\/Premium-Boat-Charter-Amalfi-Bedroom-615x410.jpeg\" class=\"attachment-ignition_item size-ignition_item\" alt=\"\" srcset=\"https:\/\/www.visitamalfi.info\/wp-content\/uploads\/2023\/06\/Premium-Boat-Charter-Amalfi-Bedroom-615x410.jpeg 615w, https:\/\/www.visitamalfi.info\/wp-content\/uploads\/2023\/06\/Premium-Boat-Charter-Amalfi-Bedroom-870x580.jpeg 870w\" sizes=\"(max-width: 615px) 100vw, 615px\" \/><\/a>\n\t\t\t<\/div><\/figure>\n\t\t<\/div>\n\t\t<\/div>\n\t\t\t\t\t\t<\/div>\n\t\t\t\t<\/div>\n\t\t\t\t\t<\/div>\n\t\t<\/div>\n\t\t\t\t\t<\/div>\n\t\t<\/section>\n\t\t\t\t<\/div>\n\t\t","protected":false},"excerpt":{"rendered":"<p>Segeln Sie entlang der K\u00fcste, entdecken Sie die Aromen des Landes und des Meeres bei Kochkursen und Gourmet-Dinners und lassen Sie den ganzen Zauber der Amalfik\u00fcste an Bord einer Yacht aufleben.<\/p>\n","protected":false},"featured_media":9872,"comment_status":"open","ping_status":"closed","template":"","ignition_package_destination":[],"ignition_package_category":[1110,1092,873],"experience":[255,339,268,247,334,343],"inspiration":[458,462,1145,457],"season":[234,229,239],"class_list":["post-17504","ignition-package","type-ignition-package","status-publish","has-post-thumbnail","hentry","ignition_package_category-bootstour","ignition_package_category-cooking-class-de","ignition_package_category-sternerestaurants","experience-das-meer-leben","experience-gourmet-de","experience-hochzeit","experience-amalfi-premium-de","experience-romantisch","experience-wohlbefinden","inspiration-entspannungsurlaub","inspiration-familienurlaube","inspiration-hochzeit","inspiration-urlaub-fur-paare","season-fruehling","season-herbst","season-sommer"],"yoast_head":"<!-- This site is optimized with the Yoast SEO plugin v27.3 - https:\/\/yoast.com\/product\/yoast-seo-wordpress\/ -->\n<title>Premium Balneare Vorschlag - 4 Tage - Visit Amalfi<\/title>\n<meta name=\"robots\" content=\"index, follow, max-snippet:-1, max-image-preview:large, max-video-preview:-1\" \/>\n<link rel=\"canonical\" href=\"https:\/\/www.visitamalfi.info\/de\/package\/premium-balneare-vorschlag-4-tage\/\" \/>\n<meta property=\"og:locale\" content=\"de_DE\" \/>\n<meta property=\"og:type\" content=\"article\" \/>\n<meta property=\"og:title\" content=\"Premium Balneare Vorschlag - 4 Tage - Visit Amalfi\" \/>\n<meta property=\"og:description\" content=\"Segeln Sie entlang der K\u00fcste, entdecken Sie die Aromen des Landes und des Meeres bei Kochkursen und Gourmet-Dinners und lassen Sie den ganzen Zauber der Amalfik\u00fcste an Bord einer Yacht aufleben.\" \/>\n<meta property=\"og:url\" content=\"https:\/\/www.visitamalfi.info\/de\/package\/premium-balneare-vorschlag-4-tage\/\" \/>\n<meta property=\"og:site_name\" content=\"Visit Amalfi\" \/>\n<meta property=\"article:publisher\" content=\"https:\/\/www.facebook.com\/visitamalfiofficial\" \/>\n<meta property=\"article:modified_time\" content=\"2024-06-17T13:48:59+00:00\" \/>\n<meta property=\"og:image\" content=\"https:\/\/www.visitamalfi.info\/wp-content\/uploads\/2023\/06\/jeranto-10-lay-out.jpg\" \/>\n\t<meta property=\"og:image:width\" content=\"1920\" \/>\n\t<meta property=\"og:image:height\" content=\"1387\" \/>\n\t<meta property=\"og:image:type\" content=\"image\/jpeg\" \/>\n<meta name=\"twitter:card\" content=\"summary_large_image\" \/>\n<meta name=\"twitter:label1\" content=\"Gesch\u00e4tzte Lesezeit\" \/>\n\t<meta name=\"twitter:data1\" content=\"4\u00a0Minuten\" \/>\n<script type=\"application\/ld+json\" class=\"yoast-schema-graph\">{\"@context\":\"https:\\\/\\\/schema.org\",\"@graph\":[{\"@type\":\"WebPage\",\"@id\":\"https:\\\/\\\/www.visitamalfi.info\\\/de\\\/package\\\/premium-balneare-vorschlag-4-tage\\\/\",\"url\":\"https:\\\/\\\/www.visitamalfi.info\\\/de\\\/package\\\/premium-balneare-vorschlag-4-tage\\\/\",\"name\":\"Premium Balneare Vorschlag - 4 Tage - Visit Amalfi\",\"isPartOf\":{\"@id\":\"https:\\\/\\\/www.visitamalfi.info\\\/de\\\/#website\"},\"primaryImageOfPage\":{\"@id\":\"https:\\\/\\\/www.visitamalfi.info\\\/de\\\/package\\\/premium-balneare-vorschlag-4-tage\\\/#primaryimage\"},\"image\":{\"@id\":\"https:\\\/\\\/www.visitamalfi.info\\\/de\\\/package\\\/premium-balneare-vorschlag-4-tage\\\/#primaryimage\"},\"thumbnailUrl\":\"https:\\\/\\\/www.visitamalfi.info\\\/wp-content\\\/uploads\\\/2023\\\/06\\\/jeranto-10-lay-out.jpg\",\"datePublished\":\"2024-04-17T17:44:30+00:00\",\"dateModified\":\"2024-06-17T13:48:59+00:00\",\"breadcrumb\":{\"@id\":\"https:\\\/\\\/www.visitamalfi.info\\\/de\\\/package\\\/premium-balneare-vorschlag-4-tage\\\/#breadcrumb\"},\"inLanguage\":\"de\",\"potentialAction\":[{\"@type\":\"ReadAction\",\"target\":[\"https:\\\/\\\/www.visitamalfi.info\\\/de\\\/package\\\/premium-balneare-vorschlag-4-tage\\\/\"]}]},{\"@type\":\"ImageObject\",\"inLanguage\":\"de\",\"@id\":\"https:\\\/\\\/www.visitamalfi.info\\\/de\\\/package\\\/premium-balneare-vorschlag-4-tage\\\/#primaryimage\",\"url\":\"https:\\\/\\\/www.visitamalfi.info\\\/wp-content\\\/uploads\\\/2023\\\/06\\\/jeranto-10-lay-out.jpg\",\"contentUrl\":\"https:\\\/\\\/www.visitamalfi.info\\\/wp-content\\\/uploads\\\/2023\\\/06\\\/jeranto-10-lay-out.jpg\",\"width\":1920,\"height\":1387},{\"@type\":\"BreadcrumbList\",\"@id\":\"https:\\\/\\\/www.visitamalfi.info\\\/de\\\/package\\\/premium-balneare-vorschlag-4-tage\\\/#breadcrumb\",\"itemListElement\":[{\"@type\":\"ListItem\",\"position\":1,\"name\":\"Home\",\"item\":\"https:\\\/\\\/www.visitamalfi.info\\\/de\\\/\"},{\"@type\":\"ListItem\",\"position\":2,\"name\":\"Premium Balneare Vorschlag &#8211; 4 Tage\"}]},{\"@type\":\"WebSite\",\"@id\":\"https:\\\/\\\/www.visitamalfi.info\\\/de\\\/#website\",\"url\":\"https:\\\/\\\/www.visitamalfi.info\\\/de\\\/\",\"name\":\"Visit Amalfi\",\"description\":\"Amalfi Destination Official Website\",\"publisher\":{\"@id\":\"https:\\\/\\\/www.visitamalfi.info\\\/de\\\/#organization\"},\"potentialAction\":[{\"@type\":\"SearchAction\",\"target\":{\"@type\":\"EntryPoint\",\"urlTemplate\":\"https:\\\/\\\/www.visitamalfi.info\\\/de\\\/?s={search_term_string}\"},\"query-input\":{\"@type\":\"PropertyValueSpecification\",\"valueRequired\":true,\"valueName\":\"search_term_string\"}}],\"inLanguage\":\"de\"},{\"@type\":\"Organization\",\"@id\":\"https:\\\/\\\/www.visitamalfi.info\\\/de\\\/#organization\",\"name\":\"Visit Amalfi\",\"url\":\"https:\\\/\\\/www.visitamalfi.info\\\/de\\\/\",\"logo\":{\"@type\":\"ImageObject\",\"inLanguage\":\"de\",\"@id\":\"https:\\\/\\\/www.visitamalfi.info\\\/de\\\/#\\\/schema\\\/logo\\\/image\\\/\",\"url\":\"https:\\\/\\\/www.visitamalfi.info\\\/wp-content\\\/uploads\\\/2023\\\/04\\\/visit-amalfi-logo-web.png\",\"contentUrl\":\"https:\\\/\\\/www.visitamalfi.info\\\/wp-content\\\/uploads\\\/2023\\\/04\\\/visit-amalfi-logo-web.png\",\"width\":800,\"height\":870,\"caption\":\"Visit Amalfi\"},\"image\":{\"@id\":\"https:\\\/\\\/www.visitamalfi.info\\\/de\\\/#\\\/schema\\\/logo\\\/image\\\/\"},\"sameAs\":[\"https:\\\/\\\/www.facebook.com\\\/visitamalfiofficial\",\"https:\\\/\\\/www.instagram.com\\\/visitamalfiofficial\\\/\"]}]}<\/script>\n<!-- \/ Yoast SEO plugin. -->","yoast_head_json":{"title":"Premium Balneare Vorschlag - 4 Tage - Visit Amalfi","robots":{"index":"index","follow":"follow","max-snippet":"max-snippet:-1","max-image-preview":"max-image-preview:large","max-video-preview":"max-video-preview:-1"},"canonical":"https:\/\/www.visitamalfi.info\/de\/package\/premium-balneare-vorschlag-4-tage\/","og_locale":"de_DE","og_type":"article","og_title":"Premium Balneare Vorschlag - 4 Tage - Visit Amalfi","og_description":"Segeln Sie entlang der K\u00fcste, entdecken Sie die Aromen des Landes und des Meeres bei Kochkursen und Gourmet-Dinners und lassen Sie den ganzen Zauber der Amalfik\u00fcste an Bord einer Yacht aufleben.","og_url":"https:\/\/www.visitamalfi.info\/de\/package\/premium-balneare-vorschlag-4-tage\/","og_site_name":"Visit Amalfi","article_publisher":"https:\/\/www.facebook.com\/visitamalfiofficial","article_modified_time":"2024-06-17T13:48:59+00:00","og_image":[{"width":1920,"height":1387,"url":"https:\/\/www.visitamalfi.info\/wp-content\/uploads\/2023\/06\/jeranto-10-lay-out.jpg","type":"image\/jpeg"}],"twitter_card":"summary_large_image","twitter_misc":{"Gesch\u00e4tzte Lesezeit":"4\u00a0Minuten"},"schema":{"@context":"https:\/\/schema.org","@graph":[{"@type":"WebPage","@id":"https:\/\/www.visitamalfi.info\/de\/package\/premium-balneare-vorschlag-4-tage\/","url":"https:\/\/www.visitamalfi.info\/de\/package\/premium-balneare-vorschlag-4-tage\/","name":"Premium Balneare Vorschlag - 4 Tage - Visit Amalfi","isPartOf":{"@id":"https:\/\/www.visitamalfi.info\/de\/#website"},"primaryImageOfPage":{"@id":"https:\/\/www.visitamalfi.info\/de\/package\/premium-balneare-vorschlag-4-tage\/#primaryimage"},"image":{"@id":"https:\/\/www.visitamalfi.info\/de\/package\/premium-balneare-vorschlag-4-tage\/#primaryimage"},"thumbnailUrl":"https:\/\/www.visitamalfi.info\/wp-content\/uploads\/2023\/06\/jeranto-10-lay-out.jpg","datePublished":"2024-04-17T17:44:30+00:00","dateModified":"2024-06-17T13:48:59+00:00","breadcrumb":{"@id":"https:\/\/www.visitamalfi.info\/de\/package\/premium-balneare-vorschlag-4-tage\/#breadcrumb"},"inLanguage":"de","potentialAction":[{"@type":"ReadAction","target":["https:\/\/www.visitamalfi.info\/de\/package\/premium-balneare-vorschlag-4-tage\/"]}]},{"@type":"ImageObject","inLanguage":"de","@id":"https:\/\/www.visitamalfi.info\/de\/package\/premium-balneare-vorschlag-4-tage\/#primaryimage","url":"https:\/\/www.visitamalfi.info\/wp-content\/uploads\/2023\/06\/jeranto-10-lay-out.jpg","contentUrl":"https:\/\/www.visitamalfi.info\/wp-content\/uploads\/2023\/06\/jeranto-10-lay-out.jpg","width":1920,"height":1387},{"@type":"BreadcrumbList","@id":"https:\/\/www.visitamalfi.info\/de\/package\/premium-balneare-vorschlag-4-tage\/#breadcrumb","itemListElement":[{"@type":"ListItem","position":1,"name":"Home","item":"https:\/\/www.visitamalfi.info\/de\/"},{"@type":"ListItem","position":2,"name":"Premium Balneare Vorschlag &#8211; 4 Tage"}]},{"@type":"WebSite","@id":"https:\/\/www.visitamalfi.info\/de\/#website","url":"https:\/\/www.visitamalfi.info\/de\/","name":"Visit Amalfi","description":"Amalfi Destination Official Website","publisher":{"@id":"https:\/\/www.visitamalfi.info\/de\/#organization"},"potentialAction":[{"@type":"SearchAction","target":{"@type":"EntryPoint","urlTemplate":"https:\/\/www.visitamalfi.info\/de\/?s={search_term_string}"},"query-input":{"@type":"PropertyValueSpecification","valueRequired":true,"valueName":"search_term_string"}}],"inLanguage":"de"},{"@type":"Organization","@id":"https:\/\/www.visitamalfi.info\/de\/#organization","name":"Visit Amalfi","url":"https:\/\/www.visitamalfi.info\/de\/","logo":{"@type":"ImageObject","inLanguage":"de","@id":"https:\/\/www.visitamalfi.info\/de\/#\/schema\/logo\/image\/","url":"https:\/\/www.visitamalfi.info\/wp-content\/uploads\/2023\/04\/visit-amalfi-logo-web.png","contentUrl":"https:\/\/www.visitamalfi.info\/wp-content\/uploads\/2023\/04\/visit-amalfi-logo-web.png","width":800,"height":870,"caption":"Visit Amalfi"},"image":{"@id":"https:\/\/www.visitamalfi.info\/de\/#\/schema\/logo\/image\/"},"sameAs":["https:\/\/www.facebook.com\/visitamalfiofficial","https:\/\/www.instagram.com\/visitamalfiofficial\/"]}]}},"_links":{"self":[{"href":"https:\/\/www.visitamalfi.info\/de\/wp-json\/wp\/v2\/ignition-package\/17504","targetHints":{"allow":["GET"]}}],"collection":[{"href":"https:\/\/www.visitamalfi.info\/de\/wp-json\/wp\/v2\/ignition-package"}],"about":[{"href":"https:\/\/www.visitamalfi.info\/de\/wp-json\/wp\/v2\/types\/ignition-package"}],"replies":[{"embeddable":true,"href":"https:\/\/www.visitamalfi.info\/de\/wp-json\/wp\/v2\/comments?post=17504"}],"version-history":[{"count":6,"href":"https:\/\/www.visitamalfi.info\/de\/wp-json\/wp\/v2\/ignition-package\/17504\/revisions"}],"predecessor-version":[{"id":19268,"href":"https:\/\/www.visitamalfi.info\/de\/wp-json\/wp\/v2\/ignition-package\/17504\/revisions\/19268"}],"wp:featuredmedia":[{"embeddable":true,"href":"https:\/\/www.visitamalfi.info\/de\/wp-json\/wp\/v2\/media\/9872"}],"wp:attachment":[{"href":"https:\/\/www.visitamalfi.info\/de\/wp-json\/wp\/v2\/media?parent=17504"}],"wp:term":[{"taxonomy":"ignition_package_destination","embeddable":true,"href":"https:\/\/www.visitamalfi.info\/de\/wp-json\/wp\/v2\/ignition_package_destination?post=17504"},{"taxonomy":"ignition_package_category","embeddable":true,"href":"https:\/\/www.visitamalfi.info\/de\/wp-json\/wp\/v2\/ignition_package_category?post=17504"},{"taxonomy":"experience","embeddable":true,"href":"https:\/\/www.visitamalfi.info\/de\/wp-json\/wp\/v2\/experience?post=17504"},{"taxonomy":"inspiration","embeddable":true,"href":"https:\/\/www.visitamalfi.info\/de\/wp-json\/wp\/v2\/inspiration?post=17504"},{"taxonomy":"season","embeddable":true,"href":"https:\/\/www.visitamalfi.info\/de\/wp-json\/wp\/v2\/season?post=17504"}],"curies":[{"name":"wp","href":"https:\/\/api.w.org\/{rel}","templated":true}]}}