{"id":17403,"date":"2024-04-17T19:44:28","date_gmt":"2024-04-17T17:44:28","guid":{"rendered":"https:\/\/www.visitamalfi.info\/?post_type=ignition-package&#038;p=17403"},"modified":"2024-06-17T16:01:33","modified_gmt":"2024-06-17T14:01:33","slug":"romantischer-heiratsantrag-4-tage","status":"publish","type":"ignition-package","link":"https:\/\/www.visitamalfi.info\/de\/package\/romantischer-heiratsantrag-4-tage\/","title":{"rendered":"Romantischer Heiratsantrag &#8211; 4 Tage"},"content":{"rendered":"\t\t<div data-elementor-type=\"wp-post\" data-elementor-id=\"17403\" class=\"elementor elementor-17403 elementor-17402\">\n\t\t\t\t\t\t<section class=\"elementor-section elementor-top-section elementor-element elementor-element-11336dd2 elementor-section-full_width elementor-section-height-default elementor-section-height-default\" data-id=\"11336dd2\" data-element_type=\"section\" data-e-type=\"section\">\n\t\t\t\t\t\t<div class=\"elementor-container elementor-column-gap-no\">\n\t\t\t\t\t<div class=\"elementor-column elementor-col-100 elementor-top-column elementor-element elementor-element-9921d2c\" data-id=\"9921d2c\" data-element_type=\"column\" data-e-type=\"column\">\n\t\t\t<div class=\"elementor-widget-wrap elementor-element-populated\">\n\t\t\t\t\t\t<div class=\"elementor-element elementor-element-230d350e elementor-widget elementor-widget-text-editor\" data-id=\"230d350e\" data-element_type=\"widget\" data-e-type=\"widget\" data-widget_type=\"text-editor.default\">\n\t\t\t\t<div class=\"elementor-widget-container\">\n\t\t\t\t\t\t\t\t\t<p>Einen Augenblick zu verewigen, bedeutet, ihn magisch zu machen. Rundgang mit Fotoshooting in Amalfi und Ravello mit Sternedinner im Restaurant La Caravella<\/p>\n<p><strong>Maximale Anzahl von Teilnehmern:<\/strong> 2<br \/><strong>Verf\u00fcgbarkeit:<\/strong> ganzj\u00e4hrig<br \/><strong>Empfohlenes Verkehrsmittel:<\/strong> <br \/><a href=\"https:\/\/sitasudtrasporti.it\/campania\/\">SITA South Bus <\/a>(\u00dcberland)<\/p>\n\t\t\t\t\t\t\t\t<\/div>\n\t\t\t\t<\/div>\n\t\t\t\t<div class=\"elementor-element elementor-element-2b00874e is-style-ignition-cousteau-pro-anchor-title elementor-widget elementor-widget-heading\" data-id=\"2b00874e\" data-element_type=\"widget\" data-e-type=\"widget\" data-widget_type=\"heading.default\">\n\t\t\t\t<div class=\"elementor-widget-container\">\n\t\t\t\t\t<h2 class=\"elementor-heading-title elementor-size-default\">Reiseplan <\/h2>\t\t\t\t<\/div>\n\t\t\t\t<\/div>\n\t\t\t\t<div class=\"elementor-element elementor-element-536a615 elementor-widget elementor-widget-text-editor\" data-id=\"536a615\" data-element_type=\"widget\" data-e-type=\"widget\" data-widget_type=\"text-editor.default\">\n\t\t\t\t<div class=\"elementor-widget-container\">\n\t\t\t\t\t\t\t\t\t<p>Der Vorschlag kombiniert zwei Fototouren in Amalfi und Ravello mit einem Sternedinner im Ristorante La Caravella. <\/p>\n\t\t\t\t\t\t\t\t<\/div>\n\t\t\t\t<\/div>\n\t\t\t\t<div class=\"elementor-element elementor-element-31cc8b7e elementor-widget elementor-widget-spacer\" data-id=\"31cc8b7e\" data-element_type=\"widget\" data-e-type=\"widget\" data-widget_type=\"spacer.default\">\n\t\t\t\t<div class=\"elementor-widget-container\">\n\t\t\t\t\t\t\t<div class=\"elementor-spacer\">\n\t\t\t<div class=\"elementor-spacer-inner\"><\/div>\n\t\t<\/div>\n\t\t\t\t\t\t<\/div>\n\t\t\t\t<\/div>\n\t\t\t\t<section class=\"elementor-section elementor-inner-section elementor-element elementor-element-3c107755 elementor-section-full_width elementor-section-height-default elementor-section-height-default\" data-id=\"3c107755\" data-element_type=\"section\" data-e-type=\"section\">\n\t\t\t\t\t\t<div class=\"elementor-container elementor-column-gap-extended\">\n\t\t\t\t\t<div class=\"elementor-column elementor-col-100 elementor-inner-column elementor-element elementor-element-76e0368c\" data-id=\"76e0368c\" data-element_type=\"column\" data-e-type=\"column\" data-settings=\"{&quot;background_background&quot;:&quot;gradient&quot;}\">\n\t\t\t<div class=\"elementor-widget-wrap elementor-element-populated\">\n\t\t\t\t\t\t<div class=\"elementor-element elementor-element-5d9d59e4 elementor-widget elementor-widget-heading\" data-id=\"5d9d59e4\" data-element_type=\"widget\" data-e-type=\"widget\" data-widget_type=\"heading.default\">\n\t\t\t\t<div class=\"elementor-widget-container\">\n\t\t\t\t\t<h3 class=\"elementor-heading-title elementor-size-default\">Tag 1 - Amalfi-Fototour <\/h3>\t\t\t\t<\/div>\n\t\t\t\t<\/div>\n\t\t\t\t\t<\/div>\n\t\t<\/div>\n\t\t\t\t\t<\/div>\n\t\t<\/section>\n\t\t\t\t<div class=\"elementor-element elementor-element-67a8726a elementor-widget elementor-widget-spacer\" data-id=\"67a8726a\" data-element_type=\"widget\" data-e-type=\"widget\" data-widget_type=\"spacer.default\">\n\t\t\t\t<div class=\"elementor-widget-container\">\n\t\t\t\t\t\t\t<div class=\"elementor-spacer\">\n\t\t\t<div class=\"elementor-spacer-inner\"><\/div>\n\t\t<\/div>\n\t\t\t\t\t\t<\/div>\n\t\t\t\t<\/div>\n\t\t\t\t<div class=\"elementor-element elementor-element-33614226 elementor-widget elementor-widget-text-editor\" data-id=\"33614226\" data-element_type=\"widget\" data-e-type=\"widget\" data-widget_type=\"text-editor.default\">\n\t\t\t\t<div class=\"elementor-widget-container\">\n\t\t\t\t\t\t\t\t\t<p><img decoding=\"async\" class=\"wp-image-1784 alignleft\" src=\"https:\/\/www.visitamalfi.info\/wp-content\/uploads\/2023\/05\/ANA5401-reed-heley-amalfi-150x150.jpg\" alt=\"\" width=\"151\" height=\"151\" srcset=\"https:\/\/www.visitamalfi.info\/wp-content\/uploads\/2023\/05\/ANA5401-reed-heley-amalfi-150x150.jpg 150w, https:\/\/www.visitamalfi.info\/wp-content\/uploads\/2023\/05\/ANA5401-reed-heley-amalfi-510x510.jpg 510w, https:\/\/www.visitamalfi.info\/wp-content\/uploads\/2023\/05\/ANA5401-reed-heley-amalfi-160x160.jpg 160w\" sizes=\"(max-width: 151px) 100vw, 151px\" \/>Was gibt es Sch\u00f6neres als eine Tour durch Amalfi in Begleitung eines einheimischen Fotografen, der Sie zu den verstecktesten und eindrucksvollsten Ecken der Stadt f\u00fchrt, um Ihnen ein Traumfoto zu schenken?<\/p>\n<p>Die Fototour kann zwischen einer und maximal acht Stunden dauern. Unterwegs besuchen Sie die sch\u00f6nsten Pl\u00e4tze der Stadt inmitten von Geschichte, Architektur und atemberaubenden Aussichten.<\/p>\n\t\t\t\t\t\t\t\t<\/div>\n\t\t\t\t<\/div>\n\t\t\t\t<div class=\"elementor-element elementor-element-2264f0eb elementor-widget elementor-widget-spacer\" data-id=\"2264f0eb\" data-element_type=\"widget\" data-e-type=\"widget\" data-widget_type=\"spacer.default\">\n\t\t\t\t<div class=\"elementor-widget-container\">\n\t\t\t\t\t\t\t<div class=\"elementor-spacer\">\n\t\t\t<div class=\"elementor-spacer-inner\"><\/div>\n\t\t<\/div>\n\t\t\t\t\t\t<\/div>\n\t\t\t\t<\/div>\n\t\t\t\t<section class=\"elementor-section elementor-inner-section elementor-element elementor-element-2086e8e9 elementor-section-full_width elementor-section-height-default elementor-section-height-default\" data-id=\"2086e8e9\" data-element_type=\"section\" data-e-type=\"section\">\n\t\t\t\t\t\t<div class=\"elementor-container elementor-column-gap-extended\">\n\t\t\t\t\t<div class=\"elementor-column elementor-col-100 elementor-inner-column elementor-element elementor-element-76c7120b\" data-id=\"76c7120b\" data-element_type=\"column\" data-e-type=\"column\" data-settings=\"{&quot;background_background&quot;:&quot;gradient&quot;}\">\n\t\t\t<div class=\"elementor-widget-wrap elementor-element-populated\">\n\t\t\t\t\t\t<div class=\"elementor-element elementor-element-22292ca9 elementor-widget elementor-widget-heading\" data-id=\"22292ca9\" data-element_type=\"widget\" data-e-type=\"widget\" data-widget_type=\"heading.default\">\n\t\t\t\t<div class=\"elementor-widget-container\">\n\t\t\t\t\t<h3 class=\"elementor-heading-title elementor-size-default\">Tag 2 - Ravello Fototour<\/h3>\t\t\t\t<\/div>\n\t\t\t\t<\/div>\n\t\t\t\t\t<\/div>\n\t\t<\/div>\n\t\t\t\t\t<\/div>\n\t\t<\/section>\n\t\t\t\t<div class=\"elementor-element elementor-element-143fbee elementor-widget elementor-widget-spacer\" data-id=\"143fbee\" data-element_type=\"widget\" data-e-type=\"widget\" data-widget_type=\"spacer.default\">\n\t\t\t\t<div class=\"elementor-widget-container\">\n\t\t\t\t\t\t\t<div class=\"elementor-spacer\">\n\t\t\t<div class=\"elementor-spacer-inner\"><\/div>\n\t\t<\/div>\n\t\t\t\t\t\t<\/div>\n\t\t\t\t<\/div>\n\t\t\t\t<div class=\"elementor-element elementor-element-697344cd elementor-widget elementor-widget-text-editor\" data-id=\"697344cd\" data-element_type=\"widget\" data-e-type=\"widget\" data-widget_type=\"text-editor.default\">\n\t\t\t\t<div class=\"elementor-widget-container\">\n\t\t\t\t\t\t\t\t\t<p><img decoding=\"async\" class=\"wp-image-8661 alignright\" src=\"https:\/\/www.visitamalfi.info\/wp-content\/uploads\/2023\/07\/amalfi-coast-ravello-300x300.jpg\" alt=\"Ravello\" width=\"150\" height=\"150\" srcset=\"https:\/\/www.visitamalfi.info\/wp-content\/uploads\/2023\/07\/amalfi-coast-ravello-300x300.jpg 300w, https:\/\/www.visitamalfi.info\/wp-content\/uploads\/2023\/07\/amalfi-coast-ravello-510x510.jpg 510w, https:\/\/www.visitamalfi.info\/wp-content\/uploads\/2023\/07\/amalfi-coast-ravello-160x160.jpg 160w\" sizes=\"(max-width: 150px) 100vw, 150px\" \/>Was k\u00f6nnte besser sein als eine Tour durch Ravello in Begleitung eines einheimischen Fotografen, der Sie zu den verstecktesten und eindrucksvollsten Ecken der Stadt f\u00fchrt, um Ihnen ein Traumfoto zu liefern?<\/p>\n<p>Die Fototour kann zwischen einer und maximal acht Stunden dauern. Auf dem Weg dorthin besichtigen wir die Villa Rufolo, die mit ihren maurischen Kreuzg\u00e4ngen und exotischen G\u00e4rten eine mittelalterliche und romantische Atmosph\u00e4re ausstrahlt, und die Villa Cimbrone, die der amerikanische Schriftsteller Gore Vidal als das sch\u00f6nste Belvedere der Welt bezeichnete.<\/p>\n\t\t\t\t\t\t\t\t<\/div>\n\t\t\t\t<\/div>\n\t\t\t\t<div class=\"elementor-element elementor-element-12d32799 elementor-widget elementor-widget-spacer\" data-id=\"12d32799\" data-element_type=\"widget\" data-e-type=\"widget\" data-widget_type=\"spacer.default\">\n\t\t\t\t<div class=\"elementor-widget-container\">\n\t\t\t\t\t\t\t<div class=\"elementor-spacer\">\n\t\t\t<div class=\"elementor-spacer-inner\"><\/div>\n\t\t<\/div>\n\t\t\t\t\t\t<\/div>\n\t\t\t\t<\/div>\n\t\t\t\t<section class=\"elementor-section elementor-inner-section elementor-element elementor-element-4478a12d elementor-section-full_width elementor-section-height-default elementor-section-height-default\" data-id=\"4478a12d\" data-element_type=\"section\" data-e-type=\"section\">\n\t\t\t\t\t\t<div class=\"elementor-container elementor-column-gap-extended\">\n\t\t\t\t\t<div class=\"elementor-column elementor-col-100 elementor-inner-column elementor-element elementor-element-6eab5cb4\" data-id=\"6eab5cb4\" data-element_type=\"column\" data-e-type=\"column\" data-settings=\"{&quot;background_background&quot;:&quot;gradient&quot;}\">\n\t\t\t<div class=\"elementor-widget-wrap elementor-element-populated\">\n\t\t\t\t\t\t<div class=\"elementor-element elementor-element-45d5864f elementor-widget elementor-widget-heading\" data-id=\"45d5864f\" data-element_type=\"widget\" data-e-type=\"widget\" data-widget_type=\"heading.default\">\n\t\t\t\t<div class=\"elementor-widget-container\">\n\t\t\t\t\t<h3 class=\"elementor-heading-title elementor-size-default\">Tag 3 - Sternedinner: La Caravella<\/h3>\t\t\t\t<\/div>\n\t\t\t\t<\/div>\n\t\t\t\t\t<\/div>\n\t\t<\/div>\n\t\t\t\t\t<\/div>\n\t\t<\/section>\n\t\t\t\t<div class=\"elementor-element elementor-element-4303dd2f elementor-widget elementor-widget-spacer\" data-id=\"4303dd2f\" data-element_type=\"widget\" data-e-type=\"widget\" data-widget_type=\"spacer.default\">\n\t\t\t\t<div class=\"elementor-widget-container\">\n\t\t\t\t\t\t\t<div class=\"elementor-spacer\">\n\t\t\t<div class=\"elementor-spacer-inner\"><\/div>\n\t\t<\/div>\n\t\t\t\t\t\t<\/div>\n\t\t\t\t<\/div>\n\t\t\t\t<div class=\"elementor-element elementor-element-4292bba5 elementor-widget elementor-widget-text-editor\" data-id=\"4292bba5\" data-element_type=\"widget\" data-e-type=\"widget\" data-widget_type=\"text-editor.default\">\n\t\t\t\t<div class=\"elementor-widget-container\">\n\t\t\t\t\t\t\t\t\t<p><img decoding=\"async\" class=\"wp-image-6909 alignleft\" src=\"https:\/\/www.visitamalfi.info\/wp-content\/uploads\/2023\/06\/antonio-dipino-chef-scaled-300x300.jpg\" alt=\"\" width=\"150\" height=\"150\" srcset=\"https:\/\/www.visitamalfi.info\/wp-content\/uploads\/2023\/06\/antonio-dipino-chef-scaled-300x300.jpg 300w, https:\/\/www.visitamalfi.info\/wp-content\/uploads\/2023\/06\/antonio-dipino-chef-510x510.jpg 510w, https:\/\/www.visitamalfi.info\/wp-content\/uploads\/2023\/06\/antonio-dipino-chef-160x160.jpg 160w\" sizes=\"(max-width: 150px) 100vw, 150px\" \/>Ein perfekter Tag verdient es, mit einem Sternedinner im Restaurant La Caravella zu enden: der erste Michelin-Stern in S\u00fcditalien und ein kulinarischer Pflichttermin an der Amalfik\u00fcste.<\/p>\n<p>Mit diesen Worten beschreibt K\u00fcchenchef Antonio seine Kunst: &#8220;Einfachheit ist das schwierigste Ziel, das man in der K\u00fcche erreichen kann. Jedes Detail erz\u00e4hlt die Geschichte unserer kontinuierlichen Forschung, die Geschichte meiner Familie, H\u00fcterin der gro\u00dfen kulinarischen Tradition unserer K\u00fcste, mit so viel Aufmerksamkeit f\u00fcr unsere Kunden, dass sie sich wie zu Hause f\u00fchlen k\u00f6nnen&#8221;.<\/p>\n<p>Das Restaurant befindet sich im Herzen des historischen Zentrums im Herzogspalast der Herz\u00f6ge von Amalfi aus dem 12. Dank zahlreicher Restaurierungsarbeiten, wie z. B. der Renovierung der Deckenfresken, die fast 15 Jahre dauerte, hat das Restaurant seine urspr\u00fcngliche Struktur aus dem Jahr 1959 bewahrt.<\/p>\n\t\t\t\t\t\t\t\t<\/div>\n\t\t\t\t<\/div>\n\t\t\t\t<div class=\"elementor-element elementor-element-5e59e302 is-style-ignition-cousteau-pro-anchor-title elementor-widget elementor-widget-heading\" data-id=\"5e59e302\" data-element_type=\"widget\" data-e-type=\"widget\" data-widget_type=\"heading.default\">\n\t\t\t\t<div class=\"elementor-widget-container\">\n\t\t\t\t\t<h2 class=\"elementor-heading-title elementor-size-default\">Galerie<\/h2>\t\t\t\t<\/div>\n\t\t\t\t<\/div>\n\t\t\t\t<div class=\"elementor-element elementor-element-6ca8e43b gallery-spacing-custom elementor-widget elementor-widget-image-gallery\" data-id=\"6ca8e43b\" data-element_type=\"widget\" data-e-type=\"widget\" data-widget_type=\"image-gallery.default\">\n\t\t\t\t<div class=\"elementor-widget-container\">\n\t\t\t\t\t\t\t<div class=\"elementor-image-gallery\">\n\t\t\t<div id='gallery-1' class='gallery galleryid-17403 gallery-columns-3 gallery-size-ignition_item'><figure class='gallery-item'>\n\t\t\t<div class='gallery-icon portrait'>\n\t\t\t\t<a data-elementor-open-lightbox=\"yes\" data-elementor-lightbox-slideshow=\"6ca8e43b\" data-elementor-lightbox-title=\"_ANA5650-reed-heley-amalfi\" data-e-action-hash=\"#elementor-action%3Aaction%3Dlightbox%26settings%3DeyJpZCI6MTc5MiwidXJsIjoiaHR0cHM6XC9cL3d3dy52aXNpdGFtYWxmaS5pbmZvXC93cC1jb250ZW50XC91cGxvYWRzXC8yMDIzXC8wNVwvQU5BNTY1MC1yZWVkLWhlbGV5LWFtYWxmaS1zY2FsZWQuanBnIiwic2xpZGVzaG93IjoiNmNhOGU0M2IifQ%3D%3D\" href='https:\/\/www.visitamalfi.info\/wp-content\/uploads\/2023\/05\/ANA5650-reed-heley-amalfi-scaled.jpg' data-lightbox=\"gal[17403]\"><img loading=\"lazy\" decoding=\"async\" width=\"615\" height=\"410\" src=\"https:\/\/www.visitamalfi.info\/wp-content\/uploads\/2023\/05\/ANA5650-reed-heley-amalfi-615x410.jpg\" class=\"attachment-ignition_item size-ignition_item\" alt=\"\" srcset=\"https:\/\/www.visitamalfi.info\/wp-content\/uploads\/2023\/05\/ANA5650-reed-heley-amalfi-615x410.jpg 615w, https:\/\/www.visitamalfi.info\/wp-content\/uploads\/2023\/05\/ANA5650-reed-heley-amalfi-870x580.jpg 870w, https:\/\/www.visitamalfi.info\/wp-content\/uploads\/2023\/05\/ANA5650-reed-heley-amalfi-1240x825.jpg 1240w\" sizes=\"(max-width: 615px) 100vw, 615px\" \/><\/a>\n\t\t\t<\/div><\/figure><figure class='gallery-item'>\n\t\t\t<div class='gallery-icon landscape'>\n\t\t\t\t<a data-elementor-open-lightbox=\"yes\" data-elementor-lightbox-slideshow=\"6ca8e43b\" data-elementor-lightbox-title=\"_ANA0452-@emanueleanastasioph-rossella-nicola-act\" data-e-action-hash=\"#elementor-action%3Aaction%3Dlightbox%26settings%3DeyJpZCI6MTM3ODIsInVybCI6Imh0dHBzOlwvXC93d3cudmlzaXRhbWFsZmkuaW5mb1wvd3AtY29udGVudFwvdXBsb2Fkc1wvMjAyNFwvMDFcL0FOQTA0NTItQGVtYW51ZWxlYW5hc3Rhc2lvcGgtcm9zc2VsbGEtbmljb2xhLWFjdC5qcGciLCJzbGlkZXNob3ciOiI2Y2E4ZTQzYiJ9\" href='https:\/\/www.visitamalfi.info\/wp-content\/uploads\/2024\/01\/ANA0452-@emanueleanastasioph-rossella-nicola-act.jpg' data-lightbox=\"gal[17403]\"><img loading=\"lazy\" decoding=\"async\" width=\"615\" height=\"410\" src=\"https:\/\/www.visitamalfi.info\/wp-content\/uploads\/2024\/01\/ANA0452-@emanueleanastasioph-rossella-nicola-act-615x410.jpg\" class=\"attachment-ignition_item size-ignition_item\" alt=\"Emanuele Anastasio_Wedding_in_Amalfi\" srcset=\"https:\/\/www.visitamalfi.info\/wp-content\/uploads\/2024\/01\/ANA0452-@emanueleanastasioph-rossella-nicola-act-615x410.jpg 615w, https:\/\/www.visitamalfi.info\/wp-content\/uploads\/2024\/01\/ANA0452-@emanueleanastasioph-rossella-nicola-act-300x200.jpg 300w, https:\/\/www.visitamalfi.info\/wp-content\/uploads\/2024\/01\/ANA0452-@emanueleanastasioph-rossella-nicola-act-1024x683.jpg 1024w, https:\/\/www.visitamalfi.info\/wp-content\/uploads\/2024\/01\/ANA0452-@emanueleanastasioph-rossella-nicola-act-768x512.jpg 768w, https:\/\/www.visitamalfi.info\/wp-content\/uploads\/2024\/01\/ANA0452-@emanueleanastasioph-rossella-nicola-act-1536x1024.jpg 1536w, https:\/\/www.visitamalfi.info\/wp-content\/uploads\/2024\/01\/ANA0452-@emanueleanastasioph-rossella-nicola-act-870x580.jpg 870w, https:\/\/www.visitamalfi.info\/wp-content\/uploads\/2024\/01\/ANA0452-@emanueleanastasioph-rossella-nicola-act-1240x825.jpg 1240w, https:\/\/www.visitamalfi.info\/wp-content\/uploads\/2024\/01\/ANA0452-@emanueleanastasioph-rossella-nicola-act.jpg 1920w\" sizes=\"(max-width: 615px) 100vw, 615px\" \/><\/a>\n\t\t\t<\/div><\/figure><figure class='gallery-item'>\n\t\t\t<div class='gallery-icon portrait'>\n\t\t\t\t<a data-elementor-open-lightbox=\"yes\" data-elementor-lightbox-slideshow=\"6ca8e43b\" data-elementor-lightbox-title=\"emanueleanastasioph-DMO-2023_ana9342\" data-e-action-hash=\"#elementor-action%3Aaction%3Dlightbox%26settings%3DeyJpZCI6NDc5MiwidXJsIjoiaHR0cHM6XC9cL3d3dy52aXNpdGFtYWxmaS5pbmZvXC93cC1jb250ZW50XC91cGxvYWRzXC8yMDIzXC8wN1wvZW1hbnVlbGVhbmFzdGFzaW9waC1ETU8tMjAyM19hbmE5MzQyLXNjYWxlZC5qcGciLCJzbGlkZXNob3ciOiI2Y2E4ZTQzYiJ9\" href='https:\/\/www.visitamalfi.info\/wp-content\/uploads\/2023\/07\/emanueleanastasioph-DMO-2023_ana9342-scaled.jpg' data-lightbox=\"gal[17403]\"><img loading=\"lazy\" decoding=\"async\" width=\"615\" height=\"410\" src=\"https:\/\/www.visitamalfi.info\/wp-content\/uploads\/2023\/07\/emanueleanastasioph-DMO-2023_ana9342-615x410.jpg\" class=\"attachment-ignition_item size-ignition_item\" alt=\"\" srcset=\"https:\/\/www.visitamalfi.info\/wp-content\/uploads\/2023\/07\/emanueleanastasioph-DMO-2023_ana9342-615x410.jpg 615w, https:\/\/www.visitamalfi.info\/wp-content\/uploads\/2023\/07\/emanueleanastasioph-DMO-2023_ana9342-870x580.jpg 870w, https:\/\/www.visitamalfi.info\/wp-content\/uploads\/2023\/07\/emanueleanastasioph-DMO-2023_ana9342-1240x825.jpg 1240w\" sizes=\"(max-width: 615px) 100vw, 615px\" \/><\/a>\n\t\t\t<\/div><\/figure><figure class='gallery-item'>\n\t\t\t<div class='gallery-icon portrait'>\n\t\t\t\t<a data-elementor-open-lightbox=\"yes\" data-elementor-lightbox-slideshow=\"6ca8e43b\" data-elementor-lightbox-title=\"2023_corretta\" data-e-action-hash=\"#elementor-action%3Aaction%3Dlightbox%26settings%3DeyJpZCI6NjkwNywidXJsIjoiaHR0cHM6XC9cL3d3dy52aXNpdGFtYWxmaS5pbmZvXC93cC1jb250ZW50XC91cGxvYWRzXC8yMDIzXC8wNlwvMjAyM19jb3JyZXR0YS1zY2FsZWQuanBnIiwic2xpZGVzaG93IjoiNmNhOGU0M2IifQ%3D%3D\" href='https:\/\/www.visitamalfi.info\/wp-content\/uploads\/2023\/06\/2023_corretta-scaled.jpg' data-lightbox=\"gal[17403]\"><img loading=\"lazy\" decoding=\"async\" width=\"615\" height=\"410\" src=\"https:\/\/www.visitamalfi.info\/wp-content\/uploads\/2023\/06\/2023_corretta-615x410.jpg\" class=\"attachment-ignition_item size-ignition_item\" alt=\"\" srcset=\"https:\/\/www.visitamalfi.info\/wp-content\/uploads\/2023\/06\/2023_corretta-615x410.jpg 615w, https:\/\/www.visitamalfi.info\/wp-content\/uploads\/2023\/06\/2023_corretta-870x580.jpg 870w, https:\/\/www.visitamalfi.info\/wp-content\/uploads\/2023\/06\/2023_corretta-1240x825.jpg 1240w\" sizes=\"(max-width: 615px) 100vw, 615px\" \/><\/a>\n\t\t\t<\/div><\/figure><figure class='gallery-item'>\n\t\t\t<div class='gallery-icon landscape'>\n\t\t\t\t<a data-elementor-open-lightbox=\"yes\" data-elementor-lightbox-slideshow=\"6ca8e43b\" data-elementor-lightbox-title=\"la-caravella-restaurant\" data-e-action-hash=\"#elementor-action%3Aaction%3Dlightbox%26settings%3DeyJpZCI6NDA3MywidXJsIjoiaHR0cHM6XC9cL3d3dy52aXNpdGFtYWxmaS5pbmZvXC93cC1jb250ZW50XC91cGxvYWRzXC8yMDIzXC8wNlwvbGEtY2FyYXZlbGxhLXJlc3RhdXJhbnQuanBnIiwic2xpZGVzaG93IjoiNmNhOGU0M2IifQ%3D%3D\" href='https:\/\/www.visitamalfi.info\/wp-content\/uploads\/2023\/06\/la-caravella-restaurant.jpg' data-lightbox=\"gal[17403]\"><img loading=\"lazy\" decoding=\"async\" width=\"615\" height=\"410\" src=\"https:\/\/www.visitamalfi.info\/wp-content\/uploads\/2023\/06\/la-caravella-restaurant-615x410.jpg\" class=\"attachment-ignition_item size-ignition_item\" alt=\"\" srcset=\"https:\/\/www.visitamalfi.info\/wp-content\/uploads\/2023\/06\/la-caravella-restaurant-615x410.jpg 615w, https:\/\/www.visitamalfi.info\/wp-content\/uploads\/2023\/06\/la-caravella-restaurant-870x580.jpg 870w, https:\/\/www.visitamalfi.info\/wp-content\/uploads\/2023\/06\/la-caravella-restaurant-1240x825.jpg 1240w\" sizes=\"(max-width: 615px) 100vw, 615px\" \/><\/a>\n\t\t\t<\/div><\/figure><figure class='gallery-item'>\n\t\t\t<div class='gallery-icon landscape'>\n\t\t\t\t<a data-elementor-open-lightbox=\"yes\" data-elementor-lightbox-slideshow=\"6ca8e43b\" data-elementor-lightbox-title=\"salone d&#039;onore soffitto restaurato nel 1999\" data-e-action-hash=\"#elementor-action%3Aaction%3Dlightbox%26settings%3DeyJpZCI6Njk2NywidXJsIjoiaHR0cHM6XC9cL3d3dy52aXNpdGFtYWxmaS5pbmZvXC93cC1jb250ZW50XC91cGxvYWRzXC8yMDIzXC8wNlwvc2Fsb25lLWRvbm9yZS1zb2ZmaXR0by1yZXN0YXVyYXRvLW5lbC0xOTk5LmpwZyIsInNsaWRlc2hvdyI6IjZjYThlNDNiIn0%3D\" href='https:\/\/www.visitamalfi.info\/wp-content\/uploads\/2023\/06\/salone-donore-soffitto-restaurato-nel-1999.jpg' data-lightbox=\"gal[17403]\"><img loading=\"lazy\" decoding=\"async\" width=\"615\" height=\"410\" src=\"https:\/\/www.visitamalfi.info\/wp-content\/uploads\/2023\/06\/salone-donore-soffitto-restaurato-nel-1999-615x410.jpg\" class=\"attachment-ignition_item size-ignition_item\" alt=\"\" srcset=\"https:\/\/www.visitamalfi.info\/wp-content\/uploads\/2023\/06\/salone-donore-soffitto-restaurato-nel-1999-615x410.jpg 615w, https:\/\/www.visitamalfi.info\/wp-content\/uploads\/2023\/06\/salone-donore-soffitto-restaurato-nel-1999-870x580.jpg 870w, https:\/\/www.visitamalfi.info\/wp-content\/uploads\/2023\/06\/salone-donore-soffitto-restaurato-nel-1999-1240x825.jpg 1240w\" sizes=\"(max-width: 615px) 100vw, 615px\" \/><\/a>\n\t\t\t<\/div><\/figure>\n\t\t<\/div>\n\t\t<\/div>\n\t\t\t\t\t\t<\/div>\n\t\t\t\t<\/div>\n\t\t\t\t\t<\/div>\n\t\t<\/div>\n\t\t\t\t\t<\/div>\n\t\t<\/section>\n\t\t\t\t<\/div>\n\t\t","protected":false},"excerpt":{"rendered":"<p>Einen Augenblick zu verewigen, bedeutet, ihn magisch zu machen. Rundfahrt mit Fotoshooting in Amalfi und Ravello mit Sternedinner im Restaurant La Caravella. <\/p>\n","protected":false},"featured_media":1787,"comment_status":"open","ping_status":"closed","template":"","ignition_package_destination":[],"ignition_package_category":[1681,873],"experience":[339,268,247,334],"inspiration":[1145,457],"season":[234,229,239,242],"class_list":["post-17403","ignition-package","type-ignition-package","status-publish","has-post-thumbnail","hentry","ignition_package_category-foto-tour","ignition_package_category-sternerestaurants","experience-gourmet-de","experience-hochzeit","experience-amalfi-premium-de","experience-romantisch","inspiration-hochzeit","inspiration-urlaub-fur-paare","season-fruehling","season-herbst","season-sommer","season-winter-de"],"yoast_head":"<!-- This site is optimized with the Yoast SEO plugin v27.3 - https:\/\/yoast.com\/product\/yoast-seo-wordpress\/ -->\n<title>Romantischer Heiratsantrag - 4 Tage - Visit Amalfi<\/title>\n<meta name=\"robots\" content=\"index, follow, max-snippet:-1, max-image-preview:large, max-video-preview:-1\" \/>\n<link rel=\"canonical\" href=\"https:\/\/www.visitamalfi.info\/de\/package\/romantischer-heiratsantrag-4-tage\/\" \/>\n<meta property=\"og:locale\" content=\"de_DE\" \/>\n<meta property=\"og:type\" content=\"article\" \/>\n<meta property=\"og:title\" content=\"Romantischer Heiratsantrag - 4 Tage - Visit Amalfi\" \/>\n<meta property=\"og:description\" content=\"Einen Augenblick zu verewigen, bedeutet, ihn magisch zu machen. Rundfahrt mit Fotoshooting in Amalfi und Ravello mit Sternedinner im Restaurant La Caravella.\" \/>\n<meta property=\"og:url\" content=\"https:\/\/www.visitamalfi.info\/de\/package\/romantischer-heiratsantrag-4-tage\/\" \/>\n<meta property=\"og:site_name\" content=\"Visit Amalfi\" \/>\n<meta property=\"article:publisher\" content=\"https:\/\/www.facebook.com\/visitamalfiofficial\" \/>\n<meta property=\"article:modified_time\" content=\"2024-06-17T14:01:33+00:00\" \/>\n<meta property=\"og:image\" content=\"https:\/\/www.visitamalfi.info\/wp-content\/uploads\/2023\/05\/ANA5401-reed-heley-amalfi-scaled.jpg\" \/>\n\t<meta property=\"og:image:width\" content=\"2560\" \/>\n\t<meta property=\"og:image:height\" content=\"1707\" \/>\n\t<meta property=\"og:image:type\" content=\"image\/jpeg\" \/>\n<meta name=\"twitter:card\" content=\"summary_large_image\" \/>\n<meta name=\"twitter:label1\" content=\"Gesch\u00e4tzte Lesezeit\" \/>\n\t<meta name=\"twitter:data1\" content=\"2\u00a0Minuten\" \/>\n<script type=\"application\/ld+json\" class=\"yoast-schema-graph\">{\"@context\":\"https:\\\/\\\/schema.org\",\"@graph\":[{\"@type\":\"WebPage\",\"@id\":\"https:\\\/\\\/www.visitamalfi.info\\\/de\\\/package\\\/romantischer-heiratsantrag-4-tage\\\/\",\"url\":\"https:\\\/\\\/www.visitamalfi.info\\\/de\\\/package\\\/romantischer-heiratsantrag-4-tage\\\/\",\"name\":\"Romantischer Heiratsantrag - 4 Tage - Visit Amalfi\",\"isPartOf\":{\"@id\":\"https:\\\/\\\/www.visitamalfi.info\\\/de\\\/#website\"},\"primaryImageOfPage\":{\"@id\":\"https:\\\/\\\/www.visitamalfi.info\\\/de\\\/package\\\/romantischer-heiratsantrag-4-tage\\\/#primaryimage\"},\"image\":{\"@id\":\"https:\\\/\\\/www.visitamalfi.info\\\/de\\\/package\\\/romantischer-heiratsantrag-4-tage\\\/#primaryimage\"},\"thumbnailUrl\":\"https:\\\/\\\/www.visitamalfi.info\\\/wp-content\\\/uploads\\\/2023\\\/05\\\/ANA5401-reed-heley-amalfi-scaled.jpg\",\"datePublished\":\"2024-04-17T17:44:28+00:00\",\"dateModified\":\"2024-06-17T14:01:33+00:00\",\"breadcrumb\":{\"@id\":\"https:\\\/\\\/www.visitamalfi.info\\\/de\\\/package\\\/romantischer-heiratsantrag-4-tage\\\/#breadcrumb\"},\"inLanguage\":\"de\",\"potentialAction\":[{\"@type\":\"ReadAction\",\"target\":[\"https:\\\/\\\/www.visitamalfi.info\\\/de\\\/package\\\/romantischer-heiratsantrag-4-tage\\\/\"]}]},{\"@type\":\"ImageObject\",\"inLanguage\":\"de\",\"@id\":\"https:\\\/\\\/www.visitamalfi.info\\\/de\\\/package\\\/romantischer-heiratsantrag-4-tage\\\/#primaryimage\",\"url\":\"https:\\\/\\\/www.visitamalfi.info\\\/wp-content\\\/uploads\\\/2023\\\/05\\\/ANA5401-reed-heley-amalfi-scaled.jpg\",\"contentUrl\":\"https:\\\/\\\/www.visitamalfi.info\\\/wp-content\\\/uploads\\\/2023\\\/05\\\/ANA5401-reed-heley-amalfi-scaled.jpg\",\"width\":2560,\"height\":1707},{\"@type\":\"BreadcrumbList\",\"@id\":\"https:\\\/\\\/www.visitamalfi.info\\\/de\\\/package\\\/romantischer-heiratsantrag-4-tage\\\/#breadcrumb\",\"itemListElement\":[{\"@type\":\"ListItem\",\"position\":1,\"name\":\"Home\",\"item\":\"https:\\\/\\\/www.visitamalfi.info\\\/de\\\/\"},{\"@type\":\"ListItem\",\"position\":2,\"name\":\"Romantischer Heiratsantrag &#8211; 4 Tage\"}]},{\"@type\":\"WebSite\",\"@id\":\"https:\\\/\\\/www.visitamalfi.info\\\/de\\\/#website\",\"url\":\"https:\\\/\\\/www.visitamalfi.info\\\/de\\\/\",\"name\":\"Visit Amalfi\",\"description\":\"Amalfi Destination Official Website\",\"publisher\":{\"@id\":\"https:\\\/\\\/www.visitamalfi.info\\\/de\\\/#organization\"},\"potentialAction\":[{\"@type\":\"SearchAction\",\"target\":{\"@type\":\"EntryPoint\",\"urlTemplate\":\"https:\\\/\\\/www.visitamalfi.info\\\/de\\\/?s={search_term_string}\"},\"query-input\":{\"@type\":\"PropertyValueSpecification\",\"valueRequired\":true,\"valueName\":\"search_term_string\"}}],\"inLanguage\":\"de\"},{\"@type\":\"Organization\",\"@id\":\"https:\\\/\\\/www.visitamalfi.info\\\/de\\\/#organization\",\"name\":\"Visit Amalfi\",\"url\":\"https:\\\/\\\/www.visitamalfi.info\\\/de\\\/\",\"logo\":{\"@type\":\"ImageObject\",\"inLanguage\":\"de\",\"@id\":\"https:\\\/\\\/www.visitamalfi.info\\\/de\\\/#\\\/schema\\\/logo\\\/image\\\/\",\"url\":\"https:\\\/\\\/www.visitamalfi.info\\\/wp-content\\\/uploads\\\/2023\\\/04\\\/visit-amalfi-logo-web.png\",\"contentUrl\":\"https:\\\/\\\/www.visitamalfi.info\\\/wp-content\\\/uploads\\\/2023\\\/04\\\/visit-amalfi-logo-web.png\",\"width\":800,\"height\":870,\"caption\":\"Visit Amalfi\"},\"image\":{\"@id\":\"https:\\\/\\\/www.visitamalfi.info\\\/de\\\/#\\\/schema\\\/logo\\\/image\\\/\"},\"sameAs\":[\"https:\\\/\\\/www.facebook.com\\\/visitamalfiofficial\",\"https:\\\/\\\/www.instagram.com\\\/visitamalfiofficial\\\/\"]}]}<\/script>\n<!-- \/ Yoast SEO plugin. -->","yoast_head_json":{"title":"Romantischer Heiratsantrag - 4 Tage - Visit Amalfi","robots":{"index":"index","follow":"follow","max-snippet":"max-snippet:-1","max-image-preview":"max-image-preview:large","max-video-preview":"max-video-preview:-1"},"canonical":"https:\/\/www.visitamalfi.info\/de\/package\/romantischer-heiratsantrag-4-tage\/","og_locale":"de_DE","og_type":"article","og_title":"Romantischer Heiratsantrag - 4 Tage - Visit Amalfi","og_description":"Einen Augenblick zu verewigen, bedeutet, ihn magisch zu machen. Rundfahrt mit Fotoshooting in Amalfi und Ravello mit Sternedinner im Restaurant La Caravella.","og_url":"https:\/\/www.visitamalfi.info\/de\/package\/romantischer-heiratsantrag-4-tage\/","og_site_name":"Visit Amalfi","article_publisher":"https:\/\/www.facebook.com\/visitamalfiofficial","article_modified_time":"2024-06-17T14:01:33+00:00","og_image":[{"width":2560,"height":1707,"url":"https:\/\/www.visitamalfi.info\/wp-content\/uploads\/2023\/05\/ANA5401-reed-heley-amalfi-scaled.jpg","type":"image\/jpeg"}],"twitter_card":"summary_large_image","twitter_misc":{"Gesch\u00e4tzte Lesezeit":"2\u00a0Minuten"},"schema":{"@context":"https:\/\/schema.org","@graph":[{"@type":"WebPage","@id":"https:\/\/www.visitamalfi.info\/de\/package\/romantischer-heiratsantrag-4-tage\/","url":"https:\/\/www.visitamalfi.info\/de\/package\/romantischer-heiratsantrag-4-tage\/","name":"Romantischer Heiratsantrag - 4 Tage - Visit Amalfi","isPartOf":{"@id":"https:\/\/www.visitamalfi.info\/de\/#website"},"primaryImageOfPage":{"@id":"https:\/\/www.visitamalfi.info\/de\/package\/romantischer-heiratsantrag-4-tage\/#primaryimage"},"image":{"@id":"https:\/\/www.visitamalfi.info\/de\/package\/romantischer-heiratsantrag-4-tage\/#primaryimage"},"thumbnailUrl":"https:\/\/www.visitamalfi.info\/wp-content\/uploads\/2023\/05\/ANA5401-reed-heley-amalfi-scaled.jpg","datePublished":"2024-04-17T17:44:28+00:00","dateModified":"2024-06-17T14:01:33+00:00","breadcrumb":{"@id":"https:\/\/www.visitamalfi.info\/de\/package\/romantischer-heiratsantrag-4-tage\/#breadcrumb"},"inLanguage":"de","potentialAction":[{"@type":"ReadAction","target":["https:\/\/www.visitamalfi.info\/de\/package\/romantischer-heiratsantrag-4-tage\/"]}]},{"@type":"ImageObject","inLanguage":"de","@id":"https:\/\/www.visitamalfi.info\/de\/package\/romantischer-heiratsantrag-4-tage\/#primaryimage","url":"https:\/\/www.visitamalfi.info\/wp-content\/uploads\/2023\/05\/ANA5401-reed-heley-amalfi-scaled.jpg","contentUrl":"https:\/\/www.visitamalfi.info\/wp-content\/uploads\/2023\/05\/ANA5401-reed-heley-amalfi-scaled.jpg","width":2560,"height":1707},{"@type":"BreadcrumbList","@id":"https:\/\/www.visitamalfi.info\/de\/package\/romantischer-heiratsantrag-4-tage\/#breadcrumb","itemListElement":[{"@type":"ListItem","position":1,"name":"Home","item":"https:\/\/www.visitamalfi.info\/de\/"},{"@type":"ListItem","position":2,"name":"Romantischer Heiratsantrag &#8211; 4 Tage"}]},{"@type":"WebSite","@id":"https:\/\/www.visitamalfi.info\/de\/#website","url":"https:\/\/www.visitamalfi.info\/de\/","name":"Visit Amalfi","description":"Amalfi Destination Official Website","publisher":{"@id":"https:\/\/www.visitamalfi.info\/de\/#organization"},"potentialAction":[{"@type":"SearchAction","target":{"@type":"EntryPoint","urlTemplate":"https:\/\/www.visitamalfi.info\/de\/?s={search_term_string}"},"query-input":{"@type":"PropertyValueSpecification","valueRequired":true,"valueName":"search_term_string"}}],"inLanguage":"de"},{"@type":"Organization","@id":"https:\/\/www.visitamalfi.info\/de\/#organization","name":"Visit Amalfi","url":"https:\/\/www.visitamalfi.info\/de\/","logo":{"@type":"ImageObject","inLanguage":"de","@id":"https:\/\/www.visitamalfi.info\/de\/#\/schema\/logo\/image\/","url":"https:\/\/www.visitamalfi.info\/wp-content\/uploads\/2023\/04\/visit-amalfi-logo-web.png","contentUrl":"https:\/\/www.visitamalfi.info\/wp-content\/uploads\/2023\/04\/visit-amalfi-logo-web.png","width":800,"height":870,"caption":"Visit Amalfi"},"image":{"@id":"https:\/\/www.visitamalfi.info\/de\/#\/schema\/logo\/image\/"},"sameAs":["https:\/\/www.facebook.com\/visitamalfiofficial","https:\/\/www.instagram.com\/visitamalfiofficial\/"]}]}},"_links":{"self":[{"href":"https:\/\/www.visitamalfi.info\/de\/wp-json\/wp\/v2\/ignition-package\/17403","targetHints":{"allow":["GET"]}}],"collection":[{"href":"https:\/\/www.visitamalfi.info\/de\/wp-json\/wp\/v2\/ignition-package"}],"about":[{"href":"https:\/\/www.visitamalfi.info\/de\/wp-json\/wp\/v2\/types\/ignition-package"}],"replies":[{"embeddable":true,"href":"https:\/\/www.visitamalfi.info\/de\/wp-json\/wp\/v2\/comments?post=17403"}],"version-history":[{"count":10,"href":"https:\/\/www.visitamalfi.info\/de\/wp-json\/wp\/v2\/ignition-package\/17403\/revisions"}],"predecessor-version":[{"id":19272,"href":"https:\/\/www.visitamalfi.info\/de\/wp-json\/wp\/v2\/ignition-package\/17403\/revisions\/19272"}],"wp:featuredmedia":[{"embeddable":true,"href":"https:\/\/www.visitamalfi.info\/de\/wp-json\/wp\/v2\/media\/1787"}],"wp:attachment":[{"href":"https:\/\/www.visitamalfi.info\/de\/wp-json\/wp\/v2\/media?parent=17403"}],"wp:term":[{"taxonomy":"ignition_package_destination","embeddable":true,"href":"https:\/\/www.visitamalfi.info\/de\/wp-json\/wp\/v2\/ignition_package_destination?post=17403"},{"taxonomy":"ignition_package_category","embeddable":true,"href":"https:\/\/www.visitamalfi.info\/de\/wp-json\/wp\/v2\/ignition_package_category?post=17403"},{"taxonomy":"experience","embeddable":true,"href":"https:\/\/www.visitamalfi.info\/de\/wp-json\/wp\/v2\/experience?post=17403"},{"taxonomy":"inspiration","embeddable":true,"href":"https:\/\/www.visitamalfi.info\/de\/wp-json\/wp\/v2\/inspiration?post=17403"},{"taxonomy":"season","embeddable":true,"href":"https:\/\/www.visitamalfi.info\/de\/wp-json\/wp\/v2\/season?post=17403"}],"curies":[{"name":"wp","href":"https:\/\/api.w.org\/{rel}","templated":true}]}}