{"id":17269,"date":"2024-04-17T19:44:32","date_gmt":"2024-04-17T17:44:32","guid":{"rendered":"https:\/\/www.visitamalfi.info\/?post_type=ignition-package&#038;p=17269"},"modified":"2024-06-17T16:10:20","modified_gmt":"2024-06-17T14:10:20","slug":"amalfi-ravello-4-tage","status":"publish","type":"ignition-package","link":"https:\/\/www.visitamalfi.info\/de\/package\/amalfi-ravello-4-tage\/","title":{"rendered":"Amalfi &amp; Ravello &#8211; 4 Tage"},"content":{"rendered":"\t\t<div data-elementor-type=\"wp-post\" data-elementor-id=\"17269\" class=\"elementor elementor-17269 elementor-17218\">\n\t\t\t\t\t\t<section class=\"elementor-section elementor-top-section elementor-element elementor-element-5bce4ded elementor-section-full_width elementor-section-height-default elementor-section-height-default\" data-id=\"5bce4ded\" data-element_type=\"section\" data-e-type=\"section\">\n\t\t\t\t\t\t<div class=\"elementor-container elementor-column-gap-no\">\n\t\t\t\t\t<div class=\"elementor-column elementor-col-100 elementor-top-column elementor-element elementor-element-723f46a9\" data-id=\"723f46a9\" data-element_type=\"column\" data-e-type=\"column\">\n\t\t\t<div class=\"elementor-widget-wrap elementor-element-populated\">\n\t\t\t\t\t\t<div class=\"elementor-element elementor-element-40eec27f elementor-widget elementor-widget-text-editor\" data-id=\"40eec27f\" data-element_type=\"widget\" data-e-type=\"widget\" data-widget_type=\"text-editor.default\">\n\t\t\t\t<div class=\"elementor-widget-container\">\n\t\t\t\t\t\t\t\t\t<p>Route zur Entdeckung von Ravello, Amalfi und seinen D\u00f6rfern entlang der Via Maestra dei Villaggi.<\/p>\n<p><strong>Maximale Teilnehmerzahl:<\/strong> 20<br \/><strong>Verf\u00fcgbarkeit:<\/strong> ganzj\u00e4hrig (au\u00dfer Amalfi Lemon Experience und Hostaria Acquolina, ge\u00f6ffnet vom 01\/03 bis 31\/10). <br \/><strong>Empfohlenes Verkehrsmittel:<\/strong> <br \/> <a href=\"https:\/\/sitasudtrasporti.it\/campania\/\">SITA South Bus <\/a>(\u00dcberland).<\/p>\n\t\t\t\t\t\t\t\t<\/div>\n\t\t\t\t<\/div>\n\t\t\t\t<div class=\"elementor-element elementor-element-67cd34e4 is-style-ignition-cousteau-pro-anchor-title elementor-widget elementor-widget-heading\" data-id=\"67cd34e4\" data-element_type=\"widget\" data-e-type=\"widget\" data-widget_type=\"heading.default\">\n\t\t\t\t<div class=\"elementor-widget-container\">\n\t\t\t\t\t<h2 class=\"elementor-heading-title elementor-size-default\">Reiseplan <\/h2>\t\t\t\t<\/div>\n\t\t\t\t<\/div>\n\t\t\t\t<div class=\"elementor-element elementor-element-54d35cc3 elementor-widget elementor-widget-text-editor\" data-id=\"54d35cc3\" data-element_type=\"widget\" data-e-type=\"widget\" data-widget_type=\"text-editor.default\">\n\t\t\t\t<div class=\"elementor-widget-container\">\n\t\t\t\t\t\t\t\t\t<p>Der Vorschlag kombiniert eine Besichtigung von Amalfi mit einem Besuch des Papiermuseums und des Bauernhofs von Salvatore Aceto, eine mittelschwere Wanderung auf der Via Maestra dei Villaggi und schlie\u00dflich eine Besichtigung von Ravello mit einer Wanderung bergab, die durch Atrani f\u00fchrt und wieder in Amalfi ankommt. <\/p>\n\t\t\t\t\t\t\t\t<\/div>\n\t\t\t\t<\/div>\n\t\t\t\t<div class=\"elementor-element elementor-element-14bfc0c4 elementor-widget elementor-widget-spacer\" data-id=\"14bfc0c4\" data-element_type=\"widget\" data-e-type=\"widget\" data-widget_type=\"spacer.default\">\n\t\t\t\t<div class=\"elementor-widget-container\">\n\t\t\t\t\t\t\t<div class=\"elementor-spacer\">\n\t\t\t<div class=\"elementor-spacer-inner\"><\/div>\n\t\t<\/div>\n\t\t\t\t\t\t<\/div>\n\t\t\t\t<\/div>\n\t\t\t\t<section class=\"elementor-section elementor-inner-section elementor-element elementor-element-63ac3b6c elementor-section-full_width elementor-section-height-default elementor-section-height-default\" data-id=\"63ac3b6c\" data-element_type=\"section\" data-e-type=\"section\">\n\t\t\t\t\t\t<div class=\"elementor-container elementor-column-gap-extended\">\n\t\t\t\t\t<div class=\"elementor-column elementor-col-100 elementor-inner-column elementor-element elementor-element-43904f2b\" data-id=\"43904f2b\" data-element_type=\"column\" data-e-type=\"column\" data-settings=\"{&quot;background_background&quot;:&quot;gradient&quot;}\">\n\t\t\t<div class=\"elementor-widget-wrap elementor-element-populated\">\n\t\t\t\t\t\t<div class=\"elementor-element elementor-element-341c1e4e elementor-widget elementor-widget-heading\" data-id=\"341c1e4e\" data-element_type=\"widget\" data-e-type=\"widget\" data-widget_type=\"heading.default\">\n\t\t\t\t<div class=\"elementor-widget-container\">\n\t\t\t\t\t<h3 class=\"elementor-heading-title elementor-size-default\">Tag 1 - Amalfi Stadtrundfahrt<\/h3>\t\t\t\t<\/div>\n\t\t\t\t<\/div>\n\t\t\t\t\t<\/div>\n\t\t<\/div>\n\t\t\t\t\t<\/div>\n\t\t<\/section>\n\t\t\t\t<div class=\"elementor-element elementor-element-cc70258 elementor-widget elementor-widget-spacer\" data-id=\"cc70258\" data-element_type=\"widget\" data-e-type=\"widget\" data-widget_type=\"spacer.default\">\n\t\t\t\t<div class=\"elementor-widget-container\">\n\t\t\t\t\t\t\t<div class=\"elementor-spacer\">\n\t\t\t<div class=\"elementor-spacer-inner\"><\/div>\n\t\t<\/div>\n\t\t\t\t\t\t<\/div>\n\t\t\t\t<\/div>\n\t\t\t\t<div class=\"elementor-element elementor-element-2aeb78aa elementor-widget elementor-widget-text-editor\" data-id=\"2aeb78aa\" data-element_type=\"widget\" data-e-type=\"widget\" data-widget_type=\"text-editor.default\">\n\t\t\t\t<div class=\"elementor-widget-container\">\n\t\t\t\t\t\t\t\t\t<p><img decoding=\"async\" class=\"wp-image-5131 alignleft\" src=\"https:\/\/www.visitamalfi.info\/wp-content\/uploads\/2023\/07\/70-Cattedrale-esterno-150x150.jpg\" alt=\"Kathedrale-Au\u00dfenbereich\" width=\"151\" height=\"151\" srcset=\"https:\/\/www.visitamalfi.info\/wp-content\/uploads\/2023\/07\/70-Cattedrale-esterno-150x150.jpg 150w, https:\/\/www.visitamalfi.info\/wp-content\/uploads\/2023\/07\/70-Cattedrale-esterno-510x510.jpg 510w, https:\/\/www.visitamalfi.info\/wp-content\/uploads\/2023\/07\/70-Cattedrale-esterno-160x160.jpg 160w\" sizes=\"(max-width: 151px) 100vw, 151px\" \/>Amalfi ist eines der meistbesuchten Reiseziele Italiens: Die unverwechselbare Altstadt, die terrassenf\u00f6rmig angelegten Zitronenhaine, die Wacht\u00fcrme und Glockent\u00fcrme sowie die Klosteranlagen mit ihren maurischen Kreuzg\u00e4ngen halten auch zu Beginn des 21. Jahrhunderts noch besondere \u00dcberraschungen bereit.<\/p>\n<p>Nur wenige Schritte von der belebten Piazza Duomo entfernt, f\u00fchrt ein Netz von engen Gassen und steilen Treppen zu einzigartigen und stillen Winkeln, in denen Kunst, Kultur und Natur den Geist und die Geschichte von Amalfi und S\u00fcditalien zum Ausdruck bringen.<\/p>\n<p>Alles beginnt mit einer einzigartigen F\u00fchrung, die von der Piazza della Bussola durch die engen Gassen der antiken &#8220;Qasba&#8221; von Amalfi ins monumentale Herz der Stadt f\u00fchrt, wo man die Kathedrale von Sankt Andreas, den Kreuzgang des Paradieses, das nahe gelegene Di\u00f6zesanmuseum und die Krypta, das spirituelle Herz von Amalfi, besuchen kann. Aber es ist noch nicht vorbei! Wir erreichen das Museum f\u00fcr handgesch\u00f6pftes Papier in Amalfi und den Bauernhof der Familie Aceto, um ein authentisches Zitronenerlebnis zu erleben, in Kontakt mit der Geschichte und den Techniken der Herstellung und Verarbeitung des typischen &#8220;sfusato amalfitano&#8221;: Sie d\u00fcrfen die Verkostung einer Limonade, eines Zitronenkuchens und eines handwerklichen Limoncello nicht verpassen!<\/p>\n<p><em><b>Treffpunkt<\/b>: Piazza della Bussola<br \/><\/em><em style=\"color: var(--ignition-text-color); letter-spacing: 0em; background-color: var(--ignition-body-background-color);\">Tour<b>beinhaltet<\/b>: Reiseleiter-Service<br \/><\/em><em style=\"background-color: var(--ignition-body-background-color); color: var(--ignition-text-color); letter-spacing: 0em;\"><b>Eintrittsgelder<\/b>: extra<br \/><\/em><em style=\"background-color: var(--ignition-body-background-color); color: var(--ignition-text-color); letter-spacing: 0em;\"><b>Dauer:<\/b> 2\/3 Stunden<\/em><\/p>\n\t\t\t\t\t\t\t\t<\/div>\n\t\t\t\t<\/div>\n\t\t\t\t<div class=\"elementor-element elementor-element-4fb4a9b4 elementor-widget elementor-widget-spacer\" data-id=\"4fb4a9b4\" data-element_type=\"widget\" data-e-type=\"widget\" data-widget_type=\"spacer.default\">\n\t\t\t\t<div class=\"elementor-widget-container\">\n\t\t\t\t\t\t\t<div class=\"elementor-spacer\">\n\t\t\t<div class=\"elementor-spacer-inner\"><\/div>\n\t\t<\/div>\n\t\t\t\t\t\t<\/div>\n\t\t\t\t<\/div>\n\t\t\t\t<section class=\"elementor-section elementor-inner-section elementor-element elementor-element-7e1f7498 elementor-section-full_width elementor-section-height-default elementor-section-height-default\" data-id=\"7e1f7498\" data-element_type=\"section\" data-e-type=\"section\">\n\t\t\t\t\t\t<div class=\"elementor-container elementor-column-gap-extended\">\n\t\t\t\t\t<div class=\"elementor-column elementor-col-100 elementor-inner-column elementor-element elementor-element-641d2a99\" data-id=\"641d2a99\" data-element_type=\"column\" data-e-type=\"column\" data-settings=\"{&quot;background_background&quot;:&quot;gradient&quot;}\">\n\t\t\t<div class=\"elementor-widget-wrap elementor-element-populated\">\n\t\t\t\t\t\t<div class=\"elementor-element elementor-element-7792c954 elementor-widget elementor-widget-heading\" data-id=\"7792c954\" data-element_type=\"widget\" data-e-type=\"widget\" data-widget_type=\"heading.default\">\n\t\t\t\t<div class=\"elementor-widget-container\">\n\t\t\t\t\t<h3 class=\"elementor-heading-title elementor-size-default\">Tag 2 - Via Maestra dei Villaggi<\/h3>\t\t\t\t<\/div>\n\t\t\t\t<\/div>\n\t\t\t\t\t<\/div>\n\t\t<\/div>\n\t\t\t\t\t<\/div>\n\t\t<\/section>\n\t\t\t\t<div class=\"elementor-element elementor-element-1478de4b elementor-widget elementor-widget-spacer\" data-id=\"1478de4b\" data-element_type=\"widget\" data-e-type=\"widget\" data-widget_type=\"spacer.default\">\n\t\t\t\t<div class=\"elementor-widget-container\">\n\t\t\t\t\t\t\t<div class=\"elementor-spacer\">\n\t\t\t<div class=\"elementor-spacer-inner\"><\/div>\n\t\t<\/div>\n\t\t\t\t\t\t<\/div>\n\t\t\t\t<\/div>\n\t\t\t\t<div class=\"elementor-element elementor-element-26fc37f2 elementor-widget elementor-widget-text-editor\" data-id=\"26fc37f2\" data-element_type=\"widget\" data-e-type=\"widget\" data-widget_type=\"text-editor.default\">\n\t\t\t\t<div class=\"elementor-widget-container\">\n\t\t\t\t\t\t\t\t\t<p><img decoding=\"async\" class=\"wp-image-15636 alignright\" src=\"https:\/\/www.visitamalfi.info\/wp-content\/uploads\/2024\/03\/1-300x300.jpg\" alt=\"Via Maestra dei Villaggi\" width=\"150\" height=\"150\" srcset=\"https:\/\/www.visitamalfi.info\/wp-content\/uploads\/2024\/03\/1-300x300.jpg 300w, https:\/\/www.visitamalfi.info\/wp-content\/uploads\/2024\/03\/1-510x510.jpg 510w, https:\/\/www.visitamalfi.info\/wp-content\/uploads\/2024\/03\/1-160x160.jpg 160w\" sizes=\"(max-width: 150px) 100vw, 150px\" \/>Heute ist die Via Maestra dei Villaggi eine landschaftlich reizvolle st\u00e4dtische Wanderroute, aber seit dem Mittelalter war sie die Hauptverbindungsstra\u00dfe zwischen dem Stadtzentrum von Amalfi und den westlich gelegenen Weilern bis nach Agerola.<\/p>\n<p>Die gef\u00fchrte Tour beginnt an der Piazza Flavio Gioia und f\u00fchrt \u00fcber die Stufen des Vagliendola-Viertels zur Ortschaft Cieco und dann weiter zwischen terrassenf\u00f6rmig angelegten Zitronenhainen und atemberaubenden Ausblicken auf die Mittelk\u00fcste zu den D\u00f6rfern Pastena, Lone und Pogerola.<\/p>\n<p>Die Kirche Unserer Lieben Frau von der Kiefer, &#8220;o mur avet&#8221;, die Erweiterung der Via Apotheca, der Aussichtspunkt von F. R. Unterberger, die Kirche der Jungfrau Maria, die Kirche Unserer Lieben Frau von Mari\u00e4 Himmelfahrt, die Via Palavena am Fu\u00dfe des Berges Gaudio sind nur einige der authentisch sch\u00f6nen Orte entlang dieser Route.<\/p>\n<p>Ringsherum bewahren die oft wei\u00df get\u00fcnchten &#8220;H\u00e4user&#8221; antike Gew\u00f6lbe, Terrassen mit Pergolen und Treppen, die von Zitronenhainen oder Gem\u00fcseg\u00e4rten ausgehen, die noch immer bewirtschaftet werden.<\/p>\n<p>Eine Pause in einem typischen Restaurant im Pogerola-Tal, im Schatten einer k\u00fchlen Pergola, ist eine Gelegenheit, die Spezialit\u00e4ten der lokalen Gastronomie zu genie\u00dfen, die einem das Wasser im Mund zusammenlaufen lassen! Die Hostaria Acquolina in Pogerola ist eine Geschmackswerkstatt, in der Sie ein authentisches kulinarisches Erlebnis genie\u00dfen k\u00f6nnen, das sich durch typische und unverf\u00e4lschte Geschmacksrichtungen auszeichnet, die von einem Hauch von Fusion und innovativen Techniken begleitet werden.<\/p>\n<p>Die Tour endet mit einem Abstieg nach Amalfi inmitten der D\u00fcfte der mediterranen Macchia, entlang der Via Nova oder der Via Pietralata und Via dello Spinale.<\/p>\n<p>Die Tour ist mit einigen Treppenstufen verbunden, kann aber je nach Bedarf ge\u00e4ndert und angepasst werden.<\/p>\n<p><em><b>Treffpunkt: <\/b>Piazza Flavio Gioia<\/em><em style=\"background-color: var(--ignition-body-background-color); color: var(--ignition-text-color); letter-spacing: 0em;\"><br \/><\/em><em style=\"background-color: var(--ignition-body-background-color); color: var(--ignition-text-color); letter-spacing: 0em;\">Tour<b>beinhaltet <\/b>: Reiseleiter-Service<br \/><\/em><em style=\"background-color: var(--ignition-body-background-color); color: var(--ignition-text-color); letter-spacing: 0em;\"><b>Eintrittsgelder: <\/b>extra<br \/><\/em><em style=\"background-color: var(--ignition-body-background-color); color: var(--ignition-text-color); letter-spacing: 0em;\"><b>Dauer: <\/b>7\/8 Stunden (einschlie\u00dflich Mittagspause)<\/em><\/p>\n\t\t\t\t\t\t\t\t<\/div>\n\t\t\t\t<\/div>\n\t\t\t\t<div class=\"elementor-element elementor-element-738e1a9c elementor-widget elementor-widget-spacer\" data-id=\"738e1a9c\" data-element_type=\"widget\" data-e-type=\"widget\" data-widget_type=\"spacer.default\">\n\t\t\t\t<div class=\"elementor-widget-container\">\n\t\t\t\t\t\t\t<div class=\"elementor-spacer\">\n\t\t\t<div class=\"elementor-spacer-inner\"><\/div>\n\t\t<\/div>\n\t\t\t\t\t\t<\/div>\n\t\t\t\t<\/div>\n\t\t\t\t<section class=\"elementor-section elementor-inner-section elementor-element elementor-element-8bf5dc4 elementor-section-full_width elementor-section-height-default elementor-section-height-default\" data-id=\"8bf5dc4\" data-element_type=\"section\" data-e-type=\"section\">\n\t\t\t\t\t\t<div class=\"elementor-container elementor-column-gap-extended\">\n\t\t\t\t\t<div class=\"elementor-column elementor-col-100 elementor-inner-column elementor-element elementor-element-330b8757\" data-id=\"330b8757\" data-element_type=\"column\" data-e-type=\"column\" data-settings=\"{&quot;background_background&quot;:&quot;gradient&quot;}\">\n\t\t\t<div class=\"elementor-widget-wrap elementor-element-populated\">\n\t\t\t\t\t\t<div class=\"elementor-element elementor-element-e20f03a elementor-widget elementor-widget-heading\" data-id=\"e20f03a\" data-element_type=\"widget\" data-e-type=\"widget\" data-widget_type=\"heading.default\">\n\t\t\t\t<div class=\"elementor-widget-container\">\n\t\t\t\t\t<h3 class=\"elementor-heading-title elementor-size-default\">Tag 3 - Ravello Stadtrundfahrt<\/h3>\t\t\t\t<\/div>\n\t\t\t\t<\/div>\n\t\t\t\t\t<\/div>\n\t\t<\/div>\n\t\t\t\t\t<\/div>\n\t\t<\/section>\n\t\t\t\t<div class=\"elementor-element elementor-element-41117e87 elementor-widget elementor-widget-spacer\" data-id=\"41117e87\" data-element_type=\"widget\" data-e-type=\"widget\" data-widget_type=\"spacer.default\">\n\t\t\t\t<div class=\"elementor-widget-container\">\n\t\t\t\t\t\t\t<div class=\"elementor-spacer\">\n\t\t\t<div class=\"elementor-spacer-inner\"><\/div>\n\t\t<\/div>\n\t\t\t\t\t\t<\/div>\n\t\t\t\t<\/div>\n\t\t\t\t<div class=\"elementor-element elementor-element-6d5cda8f elementor-widget elementor-widget-text-editor\" data-id=\"6d5cda8f\" data-element_type=\"widget\" data-e-type=\"widget\" data-widget_type=\"text-editor.default\">\n\t\t\t\t<div class=\"elementor-widget-container\">\n\t\t\t\t\t\t\t\t\t<p><img decoding=\"async\" class=\"wp-image-8661 alignleft\" src=\"https:\/\/www.visitamalfi.info\/wp-content\/uploads\/2023\/07\/amalfi-coast-ravello-300x300.jpg\" alt=\"Ravello\" width=\"150\" height=\"150\" srcset=\"https:\/\/www.visitamalfi.info\/wp-content\/uploads\/2023\/07\/amalfi-coast-ravello-300x300.jpg 300w, https:\/\/www.visitamalfi.info\/wp-content\/uploads\/2023\/07\/amalfi-coast-ravello-510x510.jpg 510w, https:\/\/www.visitamalfi.info\/wp-content\/uploads\/2023\/07\/amalfi-coast-ravello-160x160.jpg 160w\" sizes=\"(max-width: 150px) 100vw, 150px\" \/>Ravello ist einer der ber\u00fchmtesten Orte an der Amalfik\u00fcste und mit seinen bezaubernden Villen, antiken Pal\u00e4sten und seinem historischen Zentrum, das von h\u00e4ngenden G\u00e4rten mit Blick auf das Meer umgeben ist, sicherlich einen Besuch wert. Vom zentralen Bischofsplatz aus betritt man die Kathedrale San Pantaleone (11. Jh.), die den Besucher mit ihren Bronzet\u00fcren, Mosaikambossen und vielem mehr fasziniert. Nur wenige Schritte entfernt liegt die Villa Rufolo, die mit ihren maurischen Kreuzg\u00e4ngen und exotischen G\u00e4rten eine mittelalterliche und romantische Atmosph\u00e4re vermittelt. Geschichten, Erz\u00e4hlungen und Anekdoten begleiten den Besucher der Villa Cimbrone, die der amerikanische Schriftsteller Gore Vidal als das sch\u00f6nste Belvedere der Welt bezeichnete!<\/p>\n<p>Die gef\u00fchrte Tour f\u00fchrt \u00fcber Maultierpfade und Treppen durch Zitronen- und Olivenhaine bis hinunter nach Atrani, dem kleinsten Dorf Italiens! Um dann das historische Zentrum von Amalfi zu erreichen.<\/p>\n<p><em><b>Treffpunkt:<\/b> Largo G. Boccaccio<br \/><\/em><em style=\"color: var(--ignition-text-color); letter-spacing: 0em; background-color: var(--ignition-body-background-color);\">Tour<b>beinhaltet<\/b>: Reiseleiter-Service<\/em><em style=\"color: var(--ignition-text-color); letter-spacing: 0em; background-color: var(--ignition-body-background-color);\"><br \/><\/em><em style=\"color: var(--ignition-text-color); letter-spacing: 0em; background-color: var(--ignition-body-background-color);\"><b>Eintrittsgelder:<\/b> extra<br \/><\/em><em style=\"color: var(--ignition-text-color); letter-spacing: 0em; background-color: var(--ignition-body-background-color);\"><b>Dauer:<\/b> 4\/5 Stunden<\/em><\/p>\n\t\t\t\t\t\t\t\t<\/div>\n\t\t\t\t<\/div>\n\t\t\t\t<div class=\"elementor-element elementor-element-9b2671f is-style-ignition-cousteau-pro-anchor-title elementor-widget elementor-widget-heading\" data-id=\"9b2671f\" data-element_type=\"widget\" data-e-type=\"widget\" data-widget_type=\"heading.default\">\n\t\t\t\t<div class=\"elementor-widget-container\">\n\t\t\t\t\t<h2 class=\"elementor-heading-title elementor-size-default\">Galerie<\/h2>\t\t\t\t<\/div>\n\t\t\t\t<\/div>\n\t\t\t\t<div class=\"elementor-element elementor-element-23c6a125 gallery-spacing-custom elementor-widget elementor-widget-image-gallery\" data-id=\"23c6a125\" data-element_type=\"widget\" data-e-type=\"widget\" data-widget_type=\"image-gallery.default\">\n\t\t\t\t<div class=\"elementor-widget-container\">\n\t\t\t\t\t\t\t<div class=\"elementor-image-gallery\">\n\t\t\t<div id='gallery-1' class='gallery galleryid-17269 gallery-columns-3 gallery-size-ignition_item'><figure class='gallery-item'>\n\t\t\t<div class='gallery-icon landscape'>\n\t\t\t\t<a data-elementor-open-lightbox=\"yes\" data-elementor-lightbox-slideshow=\"23c6a125\" data-elementor-lightbox-title=\"27 Chiostro del Paradiso - foto abbagnara\" data-e-action-hash=\"#elementor-action%3Aaction%3Dlightbox%26settings%3DeyJpZCI6MTUxMDksInVybCI6Imh0dHBzOlwvXC93d3cudmlzaXRhbWFsZmkuaW5mb1wvd3AtY29udGVudFwvdXBsb2Fkc1wvMjAyNFwvMDNcLzI3LUNoaW9zdHJvLWRlbC1QYXJhZGlzby1mb3RvLWFiYmFnbmFyYS0xLmpwZyIsInNsaWRlc2hvdyI6IjIzYzZhMTI1In0%3D\" href='https:\/\/www.visitamalfi.info\/wp-content\/uploads\/2024\/03\/27-Chiostro-del-Paradiso-foto-abbagnara-1.jpg' data-lightbox=\"gal[17269]\"><img loading=\"lazy\" decoding=\"async\" width=\"615\" height=\"410\" src=\"https:\/\/www.visitamalfi.info\/wp-content\/uploads\/2024\/03\/27-Chiostro-del-Paradiso-foto-abbagnara-1-615x410.jpg\" class=\"attachment-ignition_item size-ignition_item\" alt=\"Complesso Monumentale Cattedrale S. Andrea_Chiostro Paradiso\" srcset=\"https:\/\/www.visitamalfi.info\/wp-content\/uploads\/2024\/03\/27-Chiostro-del-Paradiso-foto-abbagnara-1-615x410.jpg 615w, https:\/\/www.visitamalfi.info\/wp-content\/uploads\/2024\/03\/27-Chiostro-del-Paradiso-foto-abbagnara-1-300x200.jpg 300w, https:\/\/www.visitamalfi.info\/wp-content\/uploads\/2024\/03\/27-Chiostro-del-Paradiso-foto-abbagnara-1-1024x683.jpg 1024w, https:\/\/www.visitamalfi.info\/wp-content\/uploads\/2024\/03\/27-Chiostro-del-Paradiso-foto-abbagnara-1-768x512.jpg 768w, https:\/\/www.visitamalfi.info\/wp-content\/uploads\/2024\/03\/27-Chiostro-del-Paradiso-foto-abbagnara-1-1536x1024.jpg 1536w, https:\/\/www.visitamalfi.info\/wp-content\/uploads\/2024\/03\/27-Chiostro-del-Paradiso-foto-abbagnara-1-870x580.jpg 870w, https:\/\/www.visitamalfi.info\/wp-content\/uploads\/2024\/03\/27-Chiostro-del-Paradiso-foto-abbagnara-1-1240x825.jpg 1240w, https:\/\/www.visitamalfi.info\/wp-content\/uploads\/2024\/03\/27-Chiostro-del-Paradiso-foto-abbagnara-1.jpg 1920w\" sizes=\"(max-width: 615px) 100vw, 615px\" \/><\/a>\n\t\t\t<\/div><\/figure><figure class='gallery-item'>\n\t\t\t<div class='gallery-icon landscape'>\n\t\t\t\t<a data-elementor-open-lightbox=\"yes\" data-elementor-lightbox-slideshow=\"23c6a125\" data-elementor-lightbox-title=\"08 Cattedrale - foto abbagnara\" data-e-action-hash=\"#elementor-action%3Aaction%3Dlightbox%26settings%3DeyJpZCI6MTE1NDAsInVybCI6Imh0dHBzOlwvXC93d3cudmlzaXRhbWFsZmkuaW5mb1wvd3AtY29udGVudFwvdXBsb2Fkc1wvMjAyM1wvMTBcLzA4LUNhdHRlZHJhbGUtZm90by1hYmJhZ25hcmEtMS5qcGciLCJzbGlkZXNob3ciOiIyM2M2YTEyNSJ9\" href='https:\/\/www.visitamalfi.info\/wp-content\/uploads\/2023\/10\/08-Cattedrale-foto-abbagnara-1.jpg' data-lightbox=\"gal[17269]\"><img loading=\"lazy\" decoding=\"async\" width=\"615\" height=\"410\" src=\"https:\/\/www.visitamalfi.info\/wp-content\/uploads\/2023\/10\/08-Cattedrale-foto-abbagnara-1-615x410.jpg\" class=\"attachment-ignition_item size-ignition_item\" alt=\"\" srcset=\"https:\/\/www.visitamalfi.info\/wp-content\/uploads\/2023\/10\/08-Cattedrale-foto-abbagnara-1-615x410.jpg 615w, https:\/\/www.visitamalfi.info\/wp-content\/uploads\/2023\/10\/08-Cattedrale-foto-abbagnara-1-300x200.jpg 300w, https:\/\/www.visitamalfi.info\/wp-content\/uploads\/2023\/10\/08-Cattedrale-foto-abbagnara-1-1024x683.jpg 1024w, https:\/\/www.visitamalfi.info\/wp-content\/uploads\/2023\/10\/08-Cattedrale-foto-abbagnara-1-768x512.jpg 768w, https:\/\/www.visitamalfi.info\/wp-content\/uploads\/2023\/10\/08-Cattedrale-foto-abbagnara-1-1536x1024.jpg 1536w, https:\/\/www.visitamalfi.info\/wp-content\/uploads\/2023\/10\/08-Cattedrale-foto-abbagnara-1-870x580.jpg 870w, https:\/\/www.visitamalfi.info\/wp-content\/uploads\/2023\/10\/08-Cattedrale-foto-abbagnara-1-1240x825.jpg 1240w, https:\/\/www.visitamalfi.info\/wp-content\/uploads\/2023\/10\/08-Cattedrale-foto-abbagnara-1.jpg 1920w\" sizes=\"(max-width: 615px) 100vw, 615px\" \/><\/a>\n\t\t\t<\/div><\/figure><figure class='gallery-item'>\n\t\t\t<div class='gallery-icon landscape'>\n\t\t\t\t<a data-elementor-open-lightbox=\"yes\" data-elementor-lightbox-slideshow=\"23c6a125\" data-elementor-lightbox-title=\"36 Cattedrale - foto abbagnara\" data-e-action-hash=\"#elementor-action%3Aaction%3Dlightbox%26settings%3DeyJpZCI6MTUxMTQsInVybCI6Imh0dHBzOlwvXC93d3cudmlzaXRhbWFsZmkuaW5mb1wvd3AtY29udGVudFwvdXBsb2Fkc1wvMjAyNFwvMDNcLzM2LUNhdHRlZHJhbGUtZm90by1hYmJhZ25hcmEtMS5qcGciLCJzbGlkZXNob3ciOiIyM2M2YTEyNSJ9\" href='https:\/\/www.visitamalfi.info\/wp-content\/uploads\/2024\/03\/36-Cattedrale-foto-abbagnara-1.jpg' data-lightbox=\"gal[17269]\"><img loading=\"lazy\" decoding=\"async\" width=\"615\" height=\"410\" src=\"https:\/\/www.visitamalfi.info\/wp-content\/uploads\/2024\/03\/36-Cattedrale-foto-abbagnara-1-615x410.jpg\" class=\"attachment-ignition_item size-ignition_item\" alt=\"Complesso Monumentale Cattedrale S. Andrea_Cattedrale\" srcset=\"https:\/\/www.visitamalfi.info\/wp-content\/uploads\/2024\/03\/36-Cattedrale-foto-abbagnara-1-615x410.jpg 615w, https:\/\/www.visitamalfi.info\/wp-content\/uploads\/2024\/03\/36-Cattedrale-foto-abbagnara-1-300x200.jpg 300w, https:\/\/www.visitamalfi.info\/wp-content\/uploads\/2024\/03\/36-Cattedrale-foto-abbagnara-1-1024x683.jpg 1024w, https:\/\/www.visitamalfi.info\/wp-content\/uploads\/2024\/03\/36-Cattedrale-foto-abbagnara-1-768x512.jpg 768w, https:\/\/www.visitamalfi.info\/wp-content\/uploads\/2024\/03\/36-Cattedrale-foto-abbagnara-1-1536x1024.jpg 1536w, https:\/\/www.visitamalfi.info\/wp-content\/uploads\/2024\/03\/36-Cattedrale-foto-abbagnara-1-870x580.jpg 870w, https:\/\/www.visitamalfi.info\/wp-content\/uploads\/2024\/03\/36-Cattedrale-foto-abbagnara-1-1240x825.jpg 1240w, https:\/\/www.visitamalfi.info\/wp-content\/uploads\/2024\/03\/36-Cattedrale-foto-abbagnara-1.jpg 1920w\" sizes=\"(max-width: 615px) 100vw, 615px\" \/><\/a>\n\t\t\t<\/div><\/figure><figure class='gallery-item'>\n\t\t\t<div class='gallery-icon landscape'>\n\t\t\t\t<a data-elementor-open-lightbox=\"yes\" data-elementor-lightbox-slideshow=\"23c6a125\" data-elementor-lightbox-title=\"003 museo della carta - foto abbagnara\" data-e-action-hash=\"#elementor-action%3Aaction%3Dlightbox%26settings%3DeyJpZCI6MTU0NDUsInVybCI6Imh0dHBzOlwvXC93d3cudmlzaXRhbWFsZmkuaW5mb1wvd3AtY29udGVudFwvdXBsb2Fkc1wvMjAyNFwvMDNcLzAwMy1tdXNlby1kZWxsYS1jYXJ0YS1mb3RvLWFiYmFnbmFyYS5qcGciLCJzbGlkZXNob3ciOiIyM2M2YTEyNSJ9\" href='https:\/\/www.visitamalfi.info\/wp-content\/uploads\/2024\/03\/003-museo-della-carta-foto-abbagnara.jpg' data-lightbox=\"gal[17269]\"><img loading=\"lazy\" decoding=\"async\" width=\"615\" height=\"410\" src=\"https:\/\/www.visitamalfi.info\/wp-content\/uploads\/2024\/03\/003-museo-della-carta-foto-abbagnara-615x410.jpg\" class=\"attachment-ignition_item size-ignition_item\" alt=\"Amalfi_Museo della Carta\" srcset=\"https:\/\/www.visitamalfi.info\/wp-content\/uploads\/2024\/03\/003-museo-della-carta-foto-abbagnara-615x410.jpg 615w, https:\/\/www.visitamalfi.info\/wp-content\/uploads\/2024\/03\/003-museo-della-carta-foto-abbagnara-300x200.jpg 300w, https:\/\/www.visitamalfi.info\/wp-content\/uploads\/2024\/03\/003-museo-della-carta-foto-abbagnara-1024x683.jpg 1024w, https:\/\/www.visitamalfi.info\/wp-content\/uploads\/2024\/03\/003-museo-della-carta-foto-abbagnara-768x512.jpg 768w, https:\/\/www.visitamalfi.info\/wp-content\/uploads\/2024\/03\/003-museo-della-carta-foto-abbagnara-1536x1024.jpg 1536w, https:\/\/www.visitamalfi.info\/wp-content\/uploads\/2024\/03\/003-museo-della-carta-foto-abbagnara-870x580.jpg 870w, https:\/\/www.visitamalfi.info\/wp-content\/uploads\/2024\/03\/003-museo-della-carta-foto-abbagnara-1240x825.jpg 1240w, https:\/\/www.visitamalfi.info\/wp-content\/uploads\/2024\/03\/003-museo-della-carta-foto-abbagnara.jpg 1920w\" sizes=\"(max-width: 615px) 100vw, 615px\" \/><\/a>\n\t\t\t<\/div><\/figure><figure class='gallery-item'>\n\t\t\t<div class='gallery-icon landscape'>\n\t\t\t\t<a data-elementor-open-lightbox=\"yes\" data-elementor-lightbox-slideshow=\"23c6a125\" data-elementor-lightbox-title=\"025-museo-della-carta\" data-e-action-hash=\"#elementor-action%3Aaction%3Dlightbox%26settings%3DeyJpZCI6NTM0NiwidXJsIjoiaHR0cHM6XC9cL3d3dy52aXNpdGFtYWxmaS5pbmZvXC93cC1jb250ZW50XC91cGxvYWRzXC8yMDIzXC8wN1wvMDI1LW11c2VvLWRlbGxhLWNhcnRhLmpwZyIsInNsaWRlc2hvdyI6IjIzYzZhMTI1In0%3D\" href='https:\/\/www.visitamalfi.info\/wp-content\/uploads\/2023\/07\/025-museo-della-carta.jpg' data-lightbox=\"gal[17269]\"><img loading=\"lazy\" decoding=\"async\" width=\"615\" height=\"410\" src=\"https:\/\/www.visitamalfi.info\/wp-content\/uploads\/2023\/07\/025-museo-della-carta-615x410.jpg\" class=\"attachment-ignition_item size-ignition_item\" alt=\"AmalfiTourGuide_Amalfi_MicheleAmendola_Paper_Museum\" srcset=\"https:\/\/www.visitamalfi.info\/wp-content\/uploads\/2023\/07\/025-museo-della-carta-615x410.jpg 615w, https:\/\/www.visitamalfi.info\/wp-content\/uploads\/2023\/07\/025-museo-della-carta-300x200.jpg 300w, https:\/\/www.visitamalfi.info\/wp-content\/uploads\/2023\/07\/025-museo-della-carta-1024x683.jpg 1024w, https:\/\/www.visitamalfi.info\/wp-content\/uploads\/2023\/07\/025-museo-della-carta-768x512.jpg 768w, https:\/\/www.visitamalfi.info\/wp-content\/uploads\/2023\/07\/025-museo-della-carta-1536x1024.jpg 1536w, https:\/\/www.visitamalfi.info\/wp-content\/uploads\/2023\/07\/025-museo-della-carta-870x580.jpg 870w, https:\/\/www.visitamalfi.info\/wp-content\/uploads\/2023\/07\/025-museo-della-carta-1240x825.jpg 1240w, https:\/\/www.visitamalfi.info\/wp-content\/uploads\/2023\/07\/025-museo-della-carta.jpg 1920w\" sizes=\"(max-width: 615px) 100vw, 615px\" \/><\/a>\n\t\t\t<\/div><\/figure><figure class='gallery-item'>\n\t\t\t<div class='gallery-icon landscape'>\n\t\t\t\t<a data-elementor-open-lightbox=\"yes\" data-elementor-lightbox-slideshow=\"23c6a125\" data-elementor-lightbox-title=\"limoni amalfi lemon experience\" data-e-action-hash=\"#elementor-action%3Aaction%3Dlightbox%26settings%3DeyJpZCI6ODU5NiwidXJsIjoiaHR0cHM6XC9cL3d3dy52aXNpdGFtYWxmaS5pbmZvXC93cC1jb250ZW50XC91cGxvYWRzXC8yMDIzXC8wNlwvbGltb25pLWFtYWxmaS1sZW1vbi1leHBlcmllbmNlLmpwZyIsInNsaWRlc2hvdyI6IjIzYzZhMTI1In0%3D\" href='https:\/\/www.visitamalfi.info\/wp-content\/uploads\/2023\/06\/limoni-amalfi-lemon-experience.jpg' data-lightbox=\"gal[17269]\"><img loading=\"lazy\" decoding=\"async\" width=\"615\" height=\"410\" src=\"https:\/\/www.visitamalfi.info\/wp-content\/uploads\/2023\/06\/limoni-amalfi-lemon-experience-615x410.jpg\" class=\"attachment-ignition_item size-ignition_item\" alt=\"\" srcset=\"https:\/\/www.visitamalfi.info\/wp-content\/uploads\/2023\/06\/limoni-amalfi-lemon-experience-615x410.jpg 615w, https:\/\/www.visitamalfi.info\/wp-content\/uploads\/2023\/06\/limoni-amalfi-lemon-experience-870x580.jpg 870w, https:\/\/www.visitamalfi.info\/wp-content\/uploads\/2023\/06\/limoni-amalfi-lemon-experience-1240x825.jpg 1240w\" sizes=\"(max-width: 615px) 100vw, 615px\" \/><\/a>\n\t\t\t<\/div><\/figure><figure class='gallery-item'>\n\t\t\t<div class='gallery-icon landscape'>\n\t\t\t\t<a data-elementor-open-lightbox=\"yes\" data-elementor-lightbox-slideshow=\"23c6a125\" data-elementor-lightbox-title=\"lemon-tour-salvatore-aceto\" data-e-action-hash=\"#elementor-action%3Aaction%3Dlightbox%26settings%3DeyJpZCI6ODYyNiwidXJsIjoiaHR0cHM6XC9cL3d3dy52aXNpdGFtYWxmaS5pbmZvXC93cC1jb250ZW50XC91cGxvYWRzXC8yMDIzXC8wNlwvbGVtb24tdG91ci1zYWx2YXRvcmUtYWNldG8uanBnIiwic2xpZGVzaG93IjoiMjNjNmExMjUifQ%3D%3D\" href='https:\/\/www.visitamalfi.info\/wp-content\/uploads\/2023\/06\/lemon-tour-salvatore-aceto.jpg' data-lightbox=\"gal[17269]\"><img loading=\"lazy\" decoding=\"async\" width=\"615\" height=\"410\" src=\"https:\/\/www.visitamalfi.info\/wp-content\/uploads\/2023\/06\/lemon-tour-salvatore-aceto-615x410.jpg\" class=\"attachment-ignition_item size-ignition_item\" alt=\"\" srcset=\"https:\/\/www.visitamalfi.info\/wp-content\/uploads\/2023\/06\/lemon-tour-salvatore-aceto-615x410.jpg 615w, https:\/\/www.visitamalfi.info\/wp-content\/uploads\/2023\/06\/lemon-tour-salvatore-aceto-300x200.jpg 300w, https:\/\/www.visitamalfi.info\/wp-content\/uploads\/2023\/06\/lemon-tour-salvatore-aceto-1024x684.jpg 1024w, https:\/\/www.visitamalfi.info\/wp-content\/uploads\/2023\/06\/lemon-tour-salvatore-aceto-768x513.jpg 768w, https:\/\/www.visitamalfi.info\/wp-content\/uploads\/2023\/06\/lemon-tour-salvatore-aceto-1536x1026.jpg 1536w, https:\/\/www.visitamalfi.info\/wp-content\/uploads\/2023\/06\/lemon-tour-salvatore-aceto-870x580.jpg 870w, https:\/\/www.visitamalfi.info\/wp-content\/uploads\/2023\/06\/lemon-tour-salvatore-aceto-1240x825.jpg 1240w, https:\/\/www.visitamalfi.info\/wp-content\/uploads\/2023\/06\/lemon-tour-salvatore-aceto.jpg 1920w\" sizes=\"(max-width: 615px) 100vw, 615px\" \/><\/a>\n\t\t\t<\/div><\/figure><figure class='gallery-item'>\n\t\t\t<div class='gallery-icon landscape'>\n\t\t\t\t<a data-elementor-open-lightbox=\"yes\" data-elementor-lightbox-slideshow=\"23c6a125\" data-elementor-lightbox-title=\"2\" data-e-action-hash=\"#elementor-action%3Aaction%3Dlightbox%26settings%3DeyJpZCI6MTU2NDQsInVybCI6Imh0dHBzOlwvXC93d3cudmlzaXRhbWFsZmkuaW5mb1wvd3AtY29udGVudFwvdXBsb2Fkc1wvMjAyNFwvMDNcLzIuanBnIiwic2xpZGVzaG93IjoiMjNjNmExMjUifQ%3D%3D\" href='https:\/\/www.visitamalfi.info\/wp-content\/uploads\/2024\/03\/2.jpg' data-lightbox=\"gal[17269]\"><img loading=\"lazy\" decoding=\"async\" width=\"615\" height=\"410\" src=\"https:\/\/www.visitamalfi.info\/wp-content\/uploads\/2024\/03\/2-615x410.jpg\" class=\"attachment-ignition_item size-ignition_item\" alt=\"Via Maestra dei Villaggi\" srcset=\"https:\/\/www.visitamalfi.info\/wp-content\/uploads\/2024\/03\/2-615x410.jpg 615w, https:\/\/www.visitamalfi.info\/wp-content\/uploads\/2024\/03\/2-300x200.jpg 300w, https:\/\/www.visitamalfi.info\/wp-content\/uploads\/2024\/03\/2-1024x683.jpg 1024w, https:\/\/www.visitamalfi.info\/wp-content\/uploads\/2024\/03\/2-768x512.jpg 768w, https:\/\/www.visitamalfi.info\/wp-content\/uploads\/2024\/03\/2-1536x1024.jpg 1536w, https:\/\/www.visitamalfi.info\/wp-content\/uploads\/2024\/03\/2-870x580.jpg 870w, https:\/\/www.visitamalfi.info\/wp-content\/uploads\/2024\/03\/2-1240x825.jpg 1240w, https:\/\/www.visitamalfi.info\/wp-content\/uploads\/2024\/03\/2.jpg 1920w\" sizes=\"(max-width: 615px) 100vw, 615px\" \/><\/a>\n\t\t\t<\/div><\/figure><figure class='gallery-item'>\n\t\t\t<div class='gallery-icon landscape'>\n\t\t\t\t<a data-elementor-open-lightbox=\"yes\" data-elementor-lightbox-slideshow=\"23c6a125\" data-elementor-lightbox-title=\"4\" data-e-action-hash=\"#elementor-action%3Aaction%3Dlightbox%26settings%3DeyJpZCI6MTU2NTQsInVybCI6Imh0dHBzOlwvXC93d3cudmlzaXRhbWFsZmkuaW5mb1wvd3AtY29udGVudFwvdXBsb2Fkc1wvMjAyNFwvMDNcLzQuanBnIiwic2xpZGVzaG93IjoiMjNjNmExMjUifQ%3D%3D\" href='https:\/\/www.visitamalfi.info\/wp-content\/uploads\/2024\/03\/4.jpg' data-lightbox=\"gal[17269]\"><img loading=\"lazy\" decoding=\"async\" width=\"615\" height=\"410\" src=\"https:\/\/www.visitamalfi.info\/wp-content\/uploads\/2024\/03\/4-615x410.jpg\" class=\"attachment-ignition_item size-ignition_item\" alt=\"Via Maestra dei Villaggi\" srcset=\"https:\/\/www.visitamalfi.info\/wp-content\/uploads\/2024\/03\/4-615x410.jpg 615w, https:\/\/www.visitamalfi.info\/wp-content\/uploads\/2024\/03\/4-300x200.jpg 300w, https:\/\/www.visitamalfi.info\/wp-content\/uploads\/2024\/03\/4-1024x683.jpg 1024w, https:\/\/www.visitamalfi.info\/wp-content\/uploads\/2024\/03\/4-768x512.jpg 768w, https:\/\/www.visitamalfi.info\/wp-content\/uploads\/2024\/03\/4-1536x1024.jpg 1536w, https:\/\/www.visitamalfi.info\/wp-content\/uploads\/2024\/03\/4-870x580.jpg 870w, https:\/\/www.visitamalfi.info\/wp-content\/uploads\/2024\/03\/4-1240x825.jpg 1240w, https:\/\/www.visitamalfi.info\/wp-content\/uploads\/2024\/03\/4.jpg 1920w\" sizes=\"(max-width: 615px) 100vw, 615px\" \/><\/a>\n\t\t\t<\/div><\/figure>\n\t\t<\/div>\n\t\t<\/div>\n\t\t\t\t\t\t<\/div>\n\t\t\t\t<\/div>\n\t\t\t\t<div class=\"elementor-element elementor-element-1eb8b7ab is-style-ignition-cousteau-pro-anchor-title elementor-widget elementor-widget-heading\" data-id=\"1eb8b7ab\" data-element_type=\"widget\" data-e-type=\"widget\" data-widget_type=\"heading.default\">\n\t\t\t\t<div class=\"elementor-widget-container\">\n\t\t\t\t\t<h2 class=\"elementor-heading-title elementor-size-default\">N\u00fctzliche Informationen <\/h2>\t\t\t\t<\/div>\n\t\t\t\t<\/div>\n\t\t\t\t<section class=\"elementor-section elementor-inner-section elementor-element elementor-element-66453965 elementor-section-full_width elementor-section-height-default elementor-section-height-default\" data-id=\"66453965\" data-element_type=\"section\" data-e-type=\"section\">\n\t\t\t\t\t\t<div class=\"elementor-container elementor-column-gap-wider\">\n\t\t\t\t\t<div class=\"elementor-column elementor-col-100 elementor-inner-column elementor-element elementor-element-19c77b0a\" data-id=\"19c77b0a\" data-element_type=\"column\" data-e-type=\"column\" data-settings=\"{&quot;background_background&quot;:&quot;gradient&quot;}\">\n\t\t\t<div class=\"elementor-widget-wrap elementor-element-populated\">\n\t\t\t\t\t\t<div class=\"elementor-element elementor-element-606caaf4 elementor-widget elementor-widget-heading\" data-id=\"606caaf4\" data-element_type=\"widget\" data-e-type=\"widget\" data-widget_type=\"heading.default\">\n\t\t\t\t<div class=\"elementor-widget-container\">\n\t\t\t\t\t<p class=\"elementor-heading-title elementor-size-default\">Was Sie mitbringen sollten: <\/p>\t\t\t\t<\/div>\n\t\t\t\t<\/div>\n\t\t\t\t<div class=\"elementor-element elementor-element-2954b2cc elementor-widget elementor-widget-spacer\" data-id=\"2954b2cc\" data-element_type=\"widget\" data-e-type=\"widget\" data-widget_type=\"spacer.default\">\n\t\t\t\t<div class=\"elementor-widget-container\">\n\t\t\t\t\t\t\t<div class=\"elementor-spacer\">\n\t\t\t<div class=\"elementor-spacer-inner\"><\/div>\n\t\t<\/div>\n\t\t\t\t\t\t<\/div>\n\t\t\t\t<\/div>\n\t\t\t\t<div class=\"elementor-element elementor-element-3b6cb14f elementor-icon-list--layout-traditional elementor-list-item-link-full_width elementor-widget elementor-widget-icon-list\" data-id=\"3b6cb14f\" data-element_type=\"widget\" data-e-type=\"widget\" data-widget_type=\"icon-list.default\">\n\t\t\t\t<div class=\"elementor-widget-container\">\n\t\t\t\t\t\t\t<ul class=\"elementor-icon-list-items\">\n\t\t\t\t\t\t\t<li class=\"elementor-icon-list-item\">\n\t\t\t\t\t\t\t\t\t\t\t<span class=\"elementor-icon-list-icon\">\n\t\t\t\t\t\t\t<i aria-hidden=\"true\" class=\"fas fa-circle\"><\/i>\t\t\t\t\t\t<\/span>\n\t\t\t\t\t\t\t\t\t\t<span class=\"elementor-icon-list-text\">Wasserflasche<\/span>\n\t\t\t\t\t\t\t\t\t<\/li>\n\t\t\t\t\t\t\t\t<li class=\"elementor-icon-list-item\">\n\t\t\t\t\t\t\t\t\t\t\t<span class=\"elementor-icon-list-icon\">\n\t\t\t\t\t\t\t<i aria-hidden=\"true\" class=\"fas fa-circle\"><\/i>\t\t\t\t\t\t<\/span>\n\t\t\t\t\t\t\t\t\t\t<span class=\"elementor-icon-list-text\">Imbiss<\/span>\n\t\t\t\t\t\t\t\t\t<\/li>\n\t\t\t\t\t\t\t\t<li class=\"elementor-icon-list-item\">\n\t\t\t\t\t\t\t\t\t\t\t<span class=\"elementor-icon-list-icon\">\n\t\t\t\t\t\t\t<i aria-hidden=\"true\" class=\"fas fa-circle\"><\/i>\t\t\t\t\t\t<\/span>\n\t\t\t\t\t\t\t\t\t\t<span class=\"elementor-icon-list-text\">Bequeme Schuhe<\/span>\n\t\t\t\t\t\t\t\t\t<\/li>\n\t\t\t\t\t\t\t\t<li class=\"elementor-icon-list-item\">\n\t\t\t\t\t\t\t\t\t\t\t<span class=\"elementor-icon-list-icon\">\n\t\t\t\t\t\t\t<i aria-hidden=\"true\" class=\"fas fa-circle\"><\/i>\t\t\t\t\t\t<\/span>\n\t\t\t\t\t\t\t\t\t\t<span class=\"elementor-icon-list-text\">Hut<\/span>\n\t\t\t\t\t\t\t\t\t<\/li>\n\t\t\t\t\t\t\t\t<li class=\"elementor-icon-list-item\">\n\t\t\t\t\t\t\t\t\t\t\t<span class=\"elementor-icon-list-icon\">\n\t\t\t\t\t\t\t<i aria-hidden=\"true\" class=\"fas fa-circle\"><\/i>\t\t\t\t\t\t<\/span>\n\t\t\t\t\t\t\t\t\t\t<span class=\"elementor-icon-list-text\">Sonnenbrille<\/span>\n\t\t\t\t\t\t\t\t\t<\/li>\n\t\t\t\t\t\t\t\t<li class=\"elementor-icon-list-item\">\n\t\t\t\t\t\t\t\t\t\t\t<span class=\"elementor-icon-list-icon\">\n\t\t\t\t\t\t\t<i aria-hidden=\"true\" class=\"fas fa-circle\"><\/i>\t\t\t\t\t\t<\/span>\n\t\t\t\t\t\t\t\t\t\t<span class=\"elementor-icon-list-text\">Sonnencreme<\/span>\n\t\t\t\t\t\t\t\t\t<\/li>\n\t\t\t\t\t\t<\/ul>\n\t\t\t\t\t\t<\/div>\n\t\t\t\t<\/div>\n\t\t\t\t\t<\/div>\n\t\t<\/div>\n\t\t\t\t\t<\/div>\n\t\t<\/section>\n\t\t\t\t\t<\/div>\n\t\t<\/div>\n\t\t\t\t\t<\/div>\n\t\t<\/section>\n\t\t\t\t<\/div>\n\t\t","protected":false},"excerpt":{"rendered":"<p>Tour zur Entdeckung von Ravello, Amalfi und seinen D\u00f6rfern entlang der Via Maestra dei Villaggi. <\/p>\n","protected":false},"featured_media":15706,"comment_status":"open","ping_status":"closed","template":"","ignition_package_destination":[],"ignition_package_category":[1109,862,1663],"experience":[1667,251],"inspiration":[1659,458,457],"season":[234,229,239,242],"class_list":["post-17269","ignition-package","type-ignition-package","status-publish","has-post-thumbnail","hentry","ignition_package_category-ausfluge","ignition_package_category-restaurants-de","ignition_package_category-trekking-de","experience-kulturen","experience-outdoor-aktivitaeten","inspiration-aktivurlaub","inspiration-entspannungsurlaub","inspiration-urlaub-fur-paare","season-fruehling","season-herbst","season-sommer","season-winter-de"],"yoast_head":"<!-- This site is optimized with the Yoast SEO plugin v27.3 - https:\/\/yoast.com\/product\/yoast-seo-wordpress\/ -->\n<title>Amalfi &amp; Ravello - 4 Tage - Visit Amalfi<\/title>\n<meta name=\"robots\" content=\"index, follow, max-snippet:-1, max-image-preview:large, max-video-preview:-1\" \/>\n<link rel=\"canonical\" href=\"https:\/\/www.visitamalfi.info\/de\/package\/amalfi-ravello-4-tage\/\" \/>\n<meta property=\"og:locale\" content=\"de_DE\" \/>\n<meta property=\"og:type\" content=\"article\" \/>\n<meta property=\"og:title\" content=\"Amalfi &amp; Ravello - 4 Tage - Visit Amalfi\" \/>\n<meta property=\"og:description\" content=\"Tour zur Entdeckung von Ravello, Amalfi und seinen D\u00f6rfern entlang der Via Maestra dei Villaggi.\" \/>\n<meta property=\"og:url\" content=\"https:\/\/www.visitamalfi.info\/de\/package\/amalfi-ravello-4-tage\/\" \/>\n<meta property=\"og:site_name\" content=\"Visit Amalfi\" \/>\n<meta property=\"article:publisher\" content=\"https:\/\/www.facebook.com\/visitamalfiofficial\" \/>\n<meta property=\"article:modified_time\" content=\"2024-06-17T14:10:20+00:00\" \/>\n<meta property=\"og:image\" content=\"https:\/\/www.visitamalfi.info\/wp-content\/uploads\/2024\/03\/ANA_2290-8k.jpg\" \/>\n\t<meta property=\"og:image:width\" content=\"1920\" \/>\n\t<meta property=\"og:image:height\" content=\"1280\" \/>\n\t<meta property=\"og:image:type\" content=\"image\/jpeg\" \/>\n<meta name=\"twitter:card\" content=\"summary_large_image\" \/>\n<meta name=\"twitter:label1\" content=\"Gesch\u00e4tzte Lesezeit\" \/>\n\t<meta name=\"twitter:data1\" content=\"4\u00a0Minuten\" \/>\n<script type=\"application\/ld+json\" class=\"yoast-schema-graph\">{\"@context\":\"https:\\\/\\\/schema.org\",\"@graph\":[{\"@type\":\"WebPage\",\"@id\":\"https:\\\/\\\/www.visitamalfi.info\\\/de\\\/package\\\/amalfi-ravello-4-tage\\\/\",\"url\":\"https:\\\/\\\/www.visitamalfi.info\\\/de\\\/package\\\/amalfi-ravello-4-tage\\\/\",\"name\":\"Amalfi &amp; Ravello - 4 Tage - Visit Amalfi\",\"isPartOf\":{\"@id\":\"https:\\\/\\\/www.visitamalfi.info\\\/de\\\/#website\"},\"primaryImageOfPage\":{\"@id\":\"https:\\\/\\\/www.visitamalfi.info\\\/de\\\/package\\\/amalfi-ravello-4-tage\\\/#primaryimage\"},\"image\":{\"@id\":\"https:\\\/\\\/www.visitamalfi.info\\\/de\\\/package\\\/amalfi-ravello-4-tage\\\/#primaryimage\"},\"thumbnailUrl\":\"https:\\\/\\\/www.visitamalfi.info\\\/wp-content\\\/uploads\\\/2024\\\/03\\\/ANA_2290-8k.jpg\",\"datePublished\":\"2024-04-17T17:44:32+00:00\",\"dateModified\":\"2024-06-17T14:10:20+00:00\",\"breadcrumb\":{\"@id\":\"https:\\\/\\\/www.visitamalfi.info\\\/de\\\/package\\\/amalfi-ravello-4-tage\\\/#breadcrumb\"},\"inLanguage\":\"de\",\"potentialAction\":[{\"@type\":\"ReadAction\",\"target\":[\"https:\\\/\\\/www.visitamalfi.info\\\/de\\\/package\\\/amalfi-ravello-4-tage\\\/\"]}]},{\"@type\":\"ImageObject\",\"inLanguage\":\"de\",\"@id\":\"https:\\\/\\\/www.visitamalfi.info\\\/de\\\/package\\\/amalfi-ravello-4-tage\\\/#primaryimage\",\"url\":\"https:\\\/\\\/www.visitamalfi.info\\\/wp-content\\\/uploads\\\/2024\\\/03\\\/ANA_2290-8k.jpg\",\"contentUrl\":\"https:\\\/\\\/www.visitamalfi.info\\\/wp-content\\\/uploads\\\/2024\\\/03\\\/ANA_2290-8k.jpg\",\"width\":1920,\"height\":1280,\"caption\":\"Amalfi_Via Mestra dei Villaggi_Lone_Chiesa della Nativit\u00e0 di Maria SS\"},{\"@type\":\"BreadcrumbList\",\"@id\":\"https:\\\/\\\/www.visitamalfi.info\\\/de\\\/package\\\/amalfi-ravello-4-tage\\\/#breadcrumb\",\"itemListElement\":[{\"@type\":\"ListItem\",\"position\":1,\"name\":\"Home\",\"item\":\"https:\\\/\\\/www.visitamalfi.info\\\/de\\\/\"},{\"@type\":\"ListItem\",\"position\":2,\"name\":\"Amalfi &amp; Ravello &#8211; 4 Tage\"}]},{\"@type\":\"WebSite\",\"@id\":\"https:\\\/\\\/www.visitamalfi.info\\\/de\\\/#website\",\"url\":\"https:\\\/\\\/www.visitamalfi.info\\\/de\\\/\",\"name\":\"Visit Amalfi\",\"description\":\"Amalfi Destination Official Website\",\"publisher\":{\"@id\":\"https:\\\/\\\/www.visitamalfi.info\\\/de\\\/#organization\"},\"potentialAction\":[{\"@type\":\"SearchAction\",\"target\":{\"@type\":\"EntryPoint\",\"urlTemplate\":\"https:\\\/\\\/www.visitamalfi.info\\\/de\\\/?s={search_term_string}\"},\"query-input\":{\"@type\":\"PropertyValueSpecification\",\"valueRequired\":true,\"valueName\":\"search_term_string\"}}],\"inLanguage\":\"de\"},{\"@type\":\"Organization\",\"@id\":\"https:\\\/\\\/www.visitamalfi.info\\\/de\\\/#organization\",\"name\":\"Visit Amalfi\",\"url\":\"https:\\\/\\\/www.visitamalfi.info\\\/de\\\/\",\"logo\":{\"@type\":\"ImageObject\",\"inLanguage\":\"de\",\"@id\":\"https:\\\/\\\/www.visitamalfi.info\\\/de\\\/#\\\/schema\\\/logo\\\/image\\\/\",\"url\":\"https:\\\/\\\/www.visitamalfi.info\\\/wp-content\\\/uploads\\\/2023\\\/04\\\/visit-amalfi-logo-web.png\",\"contentUrl\":\"https:\\\/\\\/www.visitamalfi.info\\\/wp-content\\\/uploads\\\/2023\\\/04\\\/visit-amalfi-logo-web.png\",\"width\":800,\"height\":870,\"caption\":\"Visit Amalfi\"},\"image\":{\"@id\":\"https:\\\/\\\/www.visitamalfi.info\\\/de\\\/#\\\/schema\\\/logo\\\/image\\\/\"},\"sameAs\":[\"https:\\\/\\\/www.facebook.com\\\/visitamalfiofficial\",\"https:\\\/\\\/www.instagram.com\\\/visitamalfiofficial\\\/\"]}]}<\/script>\n<!-- \/ Yoast SEO plugin. -->","yoast_head_json":{"title":"Amalfi &amp; Ravello - 4 Tage - Visit Amalfi","robots":{"index":"index","follow":"follow","max-snippet":"max-snippet:-1","max-image-preview":"max-image-preview:large","max-video-preview":"max-video-preview:-1"},"canonical":"https:\/\/www.visitamalfi.info\/de\/package\/amalfi-ravello-4-tage\/","og_locale":"de_DE","og_type":"article","og_title":"Amalfi &amp; Ravello - 4 Tage - Visit Amalfi","og_description":"Tour zur Entdeckung von Ravello, Amalfi und seinen D\u00f6rfern entlang der Via Maestra dei Villaggi.","og_url":"https:\/\/www.visitamalfi.info\/de\/package\/amalfi-ravello-4-tage\/","og_site_name":"Visit Amalfi","article_publisher":"https:\/\/www.facebook.com\/visitamalfiofficial","article_modified_time":"2024-06-17T14:10:20+00:00","og_image":[{"width":1920,"height":1280,"url":"https:\/\/www.visitamalfi.info\/wp-content\/uploads\/2024\/03\/ANA_2290-8k.jpg","type":"image\/jpeg"}],"twitter_card":"summary_large_image","twitter_misc":{"Gesch\u00e4tzte Lesezeit":"4\u00a0Minuten"},"schema":{"@context":"https:\/\/schema.org","@graph":[{"@type":"WebPage","@id":"https:\/\/www.visitamalfi.info\/de\/package\/amalfi-ravello-4-tage\/","url":"https:\/\/www.visitamalfi.info\/de\/package\/amalfi-ravello-4-tage\/","name":"Amalfi &amp; Ravello - 4 Tage - Visit Amalfi","isPartOf":{"@id":"https:\/\/www.visitamalfi.info\/de\/#website"},"primaryImageOfPage":{"@id":"https:\/\/www.visitamalfi.info\/de\/package\/amalfi-ravello-4-tage\/#primaryimage"},"image":{"@id":"https:\/\/www.visitamalfi.info\/de\/package\/amalfi-ravello-4-tage\/#primaryimage"},"thumbnailUrl":"https:\/\/www.visitamalfi.info\/wp-content\/uploads\/2024\/03\/ANA_2290-8k.jpg","datePublished":"2024-04-17T17:44:32+00:00","dateModified":"2024-06-17T14:10:20+00:00","breadcrumb":{"@id":"https:\/\/www.visitamalfi.info\/de\/package\/amalfi-ravello-4-tage\/#breadcrumb"},"inLanguage":"de","potentialAction":[{"@type":"ReadAction","target":["https:\/\/www.visitamalfi.info\/de\/package\/amalfi-ravello-4-tage\/"]}]},{"@type":"ImageObject","inLanguage":"de","@id":"https:\/\/www.visitamalfi.info\/de\/package\/amalfi-ravello-4-tage\/#primaryimage","url":"https:\/\/www.visitamalfi.info\/wp-content\/uploads\/2024\/03\/ANA_2290-8k.jpg","contentUrl":"https:\/\/www.visitamalfi.info\/wp-content\/uploads\/2024\/03\/ANA_2290-8k.jpg","width":1920,"height":1280,"caption":"Amalfi_Via Mestra dei Villaggi_Lone_Chiesa della Nativit\u00e0 di Maria SS"},{"@type":"BreadcrumbList","@id":"https:\/\/www.visitamalfi.info\/de\/package\/amalfi-ravello-4-tage\/#breadcrumb","itemListElement":[{"@type":"ListItem","position":1,"name":"Home","item":"https:\/\/www.visitamalfi.info\/de\/"},{"@type":"ListItem","position":2,"name":"Amalfi &amp; Ravello &#8211; 4 Tage"}]},{"@type":"WebSite","@id":"https:\/\/www.visitamalfi.info\/de\/#website","url":"https:\/\/www.visitamalfi.info\/de\/","name":"Visit Amalfi","description":"Amalfi Destination Official Website","publisher":{"@id":"https:\/\/www.visitamalfi.info\/de\/#organization"},"potentialAction":[{"@type":"SearchAction","target":{"@type":"EntryPoint","urlTemplate":"https:\/\/www.visitamalfi.info\/de\/?s={search_term_string}"},"query-input":{"@type":"PropertyValueSpecification","valueRequired":true,"valueName":"search_term_string"}}],"inLanguage":"de"},{"@type":"Organization","@id":"https:\/\/www.visitamalfi.info\/de\/#organization","name":"Visit Amalfi","url":"https:\/\/www.visitamalfi.info\/de\/","logo":{"@type":"ImageObject","inLanguage":"de","@id":"https:\/\/www.visitamalfi.info\/de\/#\/schema\/logo\/image\/","url":"https:\/\/www.visitamalfi.info\/wp-content\/uploads\/2023\/04\/visit-amalfi-logo-web.png","contentUrl":"https:\/\/www.visitamalfi.info\/wp-content\/uploads\/2023\/04\/visit-amalfi-logo-web.png","width":800,"height":870,"caption":"Visit Amalfi"},"image":{"@id":"https:\/\/www.visitamalfi.info\/de\/#\/schema\/logo\/image\/"},"sameAs":["https:\/\/www.facebook.com\/visitamalfiofficial","https:\/\/www.instagram.com\/visitamalfiofficial\/"]}]}},"_links":{"self":[{"href":"https:\/\/www.visitamalfi.info\/de\/wp-json\/wp\/v2\/ignition-package\/17269","targetHints":{"allow":["GET"]}}],"collection":[{"href":"https:\/\/www.visitamalfi.info\/de\/wp-json\/wp\/v2\/ignition-package"}],"about":[{"href":"https:\/\/www.visitamalfi.info\/de\/wp-json\/wp\/v2\/types\/ignition-package"}],"replies":[{"embeddable":true,"href":"https:\/\/www.visitamalfi.info\/de\/wp-json\/wp\/v2\/comments?post=17269"}],"version-history":[{"count":7,"href":"https:\/\/www.visitamalfi.info\/de\/wp-json\/wp\/v2\/ignition-package\/17269\/revisions"}],"predecessor-version":[{"id":19285,"href":"https:\/\/www.visitamalfi.info\/de\/wp-json\/wp\/v2\/ignition-package\/17269\/revisions\/19285"}],"wp:featuredmedia":[{"embeddable":true,"href":"https:\/\/www.visitamalfi.info\/de\/wp-json\/wp\/v2\/media\/15706"}],"wp:attachment":[{"href":"https:\/\/www.visitamalfi.info\/de\/wp-json\/wp\/v2\/media?parent=17269"}],"wp:term":[{"taxonomy":"ignition_package_destination","embeddable":true,"href":"https:\/\/www.visitamalfi.info\/de\/wp-json\/wp\/v2\/ignition_package_destination?post=17269"},{"taxonomy":"ignition_package_category","embeddable":true,"href":"https:\/\/www.visitamalfi.info\/de\/wp-json\/wp\/v2\/ignition_package_category?post=17269"},{"taxonomy":"experience","embeddable":true,"href":"https:\/\/www.visitamalfi.info\/de\/wp-json\/wp\/v2\/experience?post=17269"},{"taxonomy":"inspiration","embeddable":true,"href":"https:\/\/www.visitamalfi.info\/de\/wp-json\/wp\/v2\/inspiration?post=17269"},{"taxonomy":"season","embeddable":true,"href":"https:\/\/www.visitamalfi.info\/de\/wp-json\/wp\/v2\/season?post=17269"}],"curies":[{"name":"wp","href":"https:\/\/api.w.org\/{rel}","templated":true}]}}