{"id":8110,"date":"2023-06-22T10:35:37","date_gmt":"2023-06-22T08:35:37","guid":{"rendered":"https:\/\/www.visitamalfi.info\/amw-food\/la-caravella\/"},"modified":"2023-08-27T20:25:09","modified_gmt":"2023-08-27T18:25:09","slug":"la-caravella","status":"publish","type":"amw_food","link":"https:\/\/www.visitamalfi.info\/de\/amw-food\/la-caravella\/","title":{"rendered":"La Caravella"},"content":{"rendered":"<div id='gallery-1' class='gallery galleryid-8110 gallery-columns-4 gallery-size-thumbnail'><figure class='gallery-item'>\n\t\t\t<div class='gallery-icon portrait'>\n\t\t\t\t<a href='https:\/\/www.visitamalfi.info\/wp-content\/uploads\/2023\/06\/2023_corretta-scaled.jpg' data-lightbox=\"gal[8110]\"><img decoding=\"async\" width=\"150\" height=\"150\" src=\"https:\/\/www.visitamalfi.info\/wp-content\/uploads\/2023\/06\/2023_corretta-150x150.jpg\" class=\"attachment-thumbnail size-thumbnail\" alt=\"\" srcset=\"https:\/\/www.visitamalfi.info\/wp-content\/uploads\/2023\/06\/2023_corretta-150x150.jpg 150w, https:\/\/www.visitamalfi.info\/wp-content\/uploads\/2023\/06\/2023_corretta-510x510.jpg 510w, https:\/\/www.visitamalfi.info\/wp-content\/uploads\/2023\/06\/2023_corretta-160x160.jpg 160w\" sizes=\"(max-width: 150px) 100vw, 150px\" \/><\/a>\n\t\t\t<\/div><\/figure><figure class='gallery-item'>\n\t\t\t<div class='gallery-icon landscape'>\n\t\t\t\t<a href='https:\/\/www.visitamalfi.info\/wp-content\/uploads\/2023\/06\/il-sole-nel-piatto.jpg' data-lightbox=\"gal[8110]\"><img fetchpriority=\"high\" decoding=\"async\" width=\"300\" height=\"300\" src=\"https:\/\/www.visitamalfi.info\/wp-content\/uploads\/2023\/06\/il-sole-nel-piatto-300x300.jpg\" class=\"attachment-thumbnail size-thumbnail\" alt=\"\" srcset=\"https:\/\/www.visitamalfi.info\/wp-content\/uploads\/2023\/06\/il-sole-nel-piatto-300x300.jpg 300w, https:\/\/www.visitamalfi.info\/wp-content\/uploads\/2023\/06\/il-sole-nel-piatto-510x510.jpg 510w, https:\/\/www.visitamalfi.info\/wp-content\/uploads\/2023\/06\/il-sole-nel-piatto-160x160.jpg 160w\" sizes=\"(max-width: 300px) 100vw, 300px\" \/><\/a>\n\t\t\t<\/div><\/figure><figure class='gallery-item'>\n\t\t\t<div class='gallery-icon landscape'>\n\t\t\t\t<a href='https:\/\/www.visitamalfi.info\/wp-content\/uploads\/2023\/06\/antonio-dipino-chef-scaled.jpg' data-lightbox=\"gal[8110]\"><img decoding=\"async\" width=\"300\" height=\"300\" src=\"https:\/\/www.visitamalfi.info\/wp-content\/uploads\/2023\/06\/antonio-dipino-chef-scaled-300x300.jpg\" class=\"attachment-thumbnail size-thumbnail\" alt=\"\" srcset=\"https:\/\/www.visitamalfi.info\/wp-content\/uploads\/2023\/06\/antonio-dipino-chef-scaled-300x300.jpg 300w, https:\/\/www.visitamalfi.info\/wp-content\/uploads\/2023\/06\/antonio-dipino-chef-510x510.jpg 510w, https:\/\/www.visitamalfi.info\/wp-content\/uploads\/2023\/06\/antonio-dipino-chef-160x160.jpg 160w\" sizes=\"(max-width: 300px) 100vw, 300px\" \/><\/a>\n\t\t\t<\/div><\/figure><figure class='gallery-item'>\n\t\t\t<div class='gallery-icon landscape'>\n\t\t\t\t<a href='https:\/\/www.visitamalfi.info\/wp-content\/uploads\/2023\/06\/rarity-cellar-scaled.jpg' data-lightbox=\"gal[8110]\"><img loading=\"lazy\" decoding=\"async\" width=\"150\" height=\"150\" src=\"https:\/\/www.visitamalfi.info\/wp-content\/uploads\/2023\/06\/rarity-cellar-150x150.jpg\" class=\"attachment-thumbnail size-thumbnail\" alt=\"\" srcset=\"https:\/\/www.visitamalfi.info\/wp-content\/uploads\/2023\/06\/rarity-cellar-150x150.jpg 150w, https:\/\/www.visitamalfi.info\/wp-content\/uploads\/2023\/06\/rarity-cellar-510x510.jpg 510w, https:\/\/www.visitamalfi.info\/wp-content\/uploads\/2023\/06\/rarity-cellar-160x160.jpg 160w\" sizes=\"(max-width: 150px) 100vw, 150px\" \/><\/a>\n\t\t\t<\/div><\/figure>\n\t\t<\/div>\n\n<p><span style=\"font-weight: 400;\">Seit 1959 ist das Restaurant Caravella, der erste Michelin-Stern in S\u00fcditalien, ein unumg\u00e4nglicher kulinarischer Anlaufpunkt an der Amalfik\u00fcste. <\/span><\/p>\n<p><span style=\"font-weight: 400;\">Mit diesen Worten beschreibt Chef Antonio seine Kunst:<\/span><i><span style=\"font-weight: 400;\">Einfachheit ist das schwierigste Ziel, das man in der K\u00fcche erreichen kann. Jedes Detail erz\u00e4hlt von unserer kontinuierlichen Forschung, der Geschichte meiner Familie, den H\u00fctern der gro\u00dfen kulinarischen Tradition unserer K\u00fcste, mit so viel Aufmerksamkeit f\u00fcr unsere Kunden, dass sie sich wie zu Hause f\u00fchlen k\u00f6nnen<\/span><\/i><span style=\"font-weight: 400;\">&#8220;.<\/span><\/p>\n<p><span style=\"font-weight: 400;\">Das Restaurant befindet sich im Herzen des historischen Zentrums im Herzogspalast der Herz\u00f6ge von Amalfi aus dem 12. Dank zahlreicher Restaurierungsarbeiten, wie z. B. der Renovierung der Deckenfresken, die fast 15 Jahre dauerte, hat das Restaurant seine urspr\u00fcngliche Struktur aus dem Jahr 1959 bewahrt.<\/span><\/p>\n<div id='gallery-2' class='gallery galleryid-8110 gallery-columns-4 gallery-size-thumbnail'><figure class='gallery-item'>\n\t\t\t<div class='gallery-icon landscape'>\n\t\t\t\t<a href='https:\/\/www.visitamalfi.info\/wp-content\/uploads\/2023\/06\/artgallery-scaled.jpg' data-lightbox=\"gal[8110]\"><img loading=\"lazy\" decoding=\"async\" width=\"300\" height=\"300\" src=\"https:\/\/www.visitamalfi.info\/wp-content\/uploads\/2023\/06\/artgallery-scaled-300x300.jpg\" class=\"attachment-thumbnail size-thumbnail\" alt=\"\" srcset=\"https:\/\/www.visitamalfi.info\/wp-content\/uploads\/2023\/06\/artgallery-scaled-300x300.jpg 300w, https:\/\/www.visitamalfi.info\/wp-content\/uploads\/2023\/06\/artgallery-510x510.jpg 510w, https:\/\/www.visitamalfi.info\/wp-content\/uploads\/2023\/06\/artgallery-160x160.jpg 160w\" sizes=\"(max-width: 300px) 100vw, 300px\" \/><\/a>\n\t\t\t<\/div><\/figure><figure class='gallery-item'>\n\t\t\t<div class='gallery-icon landscape'>\n\t\t\t\t<a href='https:\/\/www.visitamalfi.info\/wp-content\/uploads\/2023\/06\/sala-san-francesco.jpg' data-lightbox=\"gal[8110]\"><img loading=\"lazy\" decoding=\"async\" width=\"150\" height=\"150\" src=\"https:\/\/www.visitamalfi.info\/wp-content\/uploads\/2023\/06\/sala-san-francesco-150x150.jpg\" class=\"attachment-thumbnail size-thumbnail\" alt=\"\" srcset=\"https:\/\/www.visitamalfi.info\/wp-content\/uploads\/2023\/06\/sala-san-francesco-150x150.jpg 150w, https:\/\/www.visitamalfi.info\/wp-content\/uploads\/2023\/06\/sala-san-francesco-510x510.jpg 510w, https:\/\/www.visitamalfi.info\/wp-content\/uploads\/2023\/06\/sala-san-francesco-160x160.jpg 160w\" sizes=\"(max-width: 150px) 100vw, 150px\" \/><\/a>\n\t\t\t<\/div><\/figure><figure class='gallery-item'>\n\t\t\t<div class='gallery-icon landscape'>\n\t\t\t\t<a href='https:\/\/www.visitamalfi.info\/wp-content\/uploads\/2023\/07\/Food-Amalfi.jpg' data-lightbox=\"gal[8110]\"><img loading=\"lazy\" decoding=\"async\" width=\"150\" height=\"150\" src=\"https:\/\/www.visitamalfi.info\/wp-content\/uploads\/2023\/07\/Food-Amalfi-150x150.jpg\" class=\"attachment-thumbnail size-thumbnail\" alt=\"\" srcset=\"https:\/\/www.visitamalfi.info\/wp-content\/uploads\/2023\/07\/Food-Amalfi-150x150.jpg 150w, https:\/\/www.visitamalfi.info\/wp-content\/uploads\/2023\/07\/Food-Amalfi-510x510.jpg 510w, https:\/\/www.visitamalfi.info\/wp-content\/uploads\/2023\/07\/Food-Amalfi-160x160.jpg 160w\" sizes=\"(max-width: 150px) 100vw, 150px\" \/><\/a>\n\t\t\t<\/div><\/figure><figure class='gallery-item'>\n\t\t\t<div class='gallery-icon landscape'>\n\t\t\t\t<a href='https:\/\/www.visitamalfi.info\/wp-content\/uploads\/2023\/06\/salone-donore-soffitto-restaurato-nel-1999.jpg' data-lightbox=\"gal[8110]\"><img loading=\"lazy\" decoding=\"async\" width=\"300\" height=\"300\" src=\"https:\/\/www.visitamalfi.info\/wp-content\/uploads\/2023\/06\/salone-donore-soffitto-restaurato-nel-1999-300x300.jpg\" class=\"attachment-thumbnail size-thumbnail\" alt=\"\" srcset=\"https:\/\/www.visitamalfi.info\/wp-content\/uploads\/2023\/06\/salone-donore-soffitto-restaurato-nel-1999-300x300.jpg 300w, https:\/\/www.visitamalfi.info\/wp-content\/uploads\/2023\/06\/salone-donore-soffitto-restaurato-nel-1999-510x510.jpg 510w, https:\/\/www.visitamalfi.info\/wp-content\/uploads\/2023\/06\/salone-donore-soffitto-restaurato-nel-1999-160x160.jpg 160w\" sizes=\"(max-width: 300px) 100vw, 300px\" \/><\/a>\n\t\t\t<\/div><\/figure>\n\t\t<\/div>\n\n<p><span style=\"font-weight: 400;\">La Caravella verf\u00fcgt auch \u00fcber eine Privatsammlung von Werken einiger der ber\u00fchmtesten K\u00fcnstler der Amalfik\u00fcste, die dieses Restaurant einzigartig und magisch machen. <\/span><\/p>\n<p><span style=\"font-weight: 400;\">Nicht zu vergessen die Cantina delle Rarit\u00e0 (Rarit\u00e4tenkeller), die sich nur wenige Schritte vom Restaurant entfernt befindet und Tausende von Flaschen in einer alten Galeere beherbergt, die Stein f\u00fcr Stein aus Materialien gebaut wurde, die um das 17. Jahrhundert am Strand geborgen wurden, und die von Branchenkennern als eine der ersten in Italien angesehen wird. <\/span><\/p>\n<p><span style=\"font-weight: 400;\">Das Innere beherbergt <a href=\"https:\/\/www.ristorantelacaravella.it\/ceramic-art-gallery\/\"><strong>Kunstgalerie La Caravella<\/strong><\/a> die dank der geduldigen Suche nach wertvollen und einzigartigen Werken lokaler K\u00fcnstler von dem Historiker und Kunstkritiker Enzo Biffi Gentile wie folgt bezeichnet wurde: &#8220;La Caravella ist die externe Ehrenhalle der Keramik von Vietri sul Mare&#8221;.<\/span><\/p>\n","protected":false},"excerpt":{"rendered":"<p>Seit 1959 ist das Restaurant Caravella, der erste Michelin-Stern in S\u00fcditalien, ein unumg\u00e4nglicher kulinarischer Anlaufpunkt an der Amalfik\u00fcste. <\/p>\n","protected":false},"featured_media":6912,"template":"","season":[234,229,239,242],"tipologia_ristorante":[536],"class_list":["post-8110","amw_food","type-amw_food","status-publish","has-post-thumbnail","hentry","season-fruehling","season-herbst","season-sommer","season-winter-de","tipologia_ristorante-sternerestaurants"],"yoast_head":"<!-- This site is optimized with the Yoast SEO plugin v27.3 - https:\/\/yoast.com\/product\/yoast-seo-wordpress\/ -->\n<title>La Caravella - Visit Amalfi<\/title>\n<meta name=\"robots\" content=\"index, follow, max-snippet:-1, max-image-preview:large, max-video-preview:-1\" \/>\n<link rel=\"canonical\" href=\"https:\/\/www.visitamalfi.info\/de\/amw-food\/la-caravella\/\" \/>\n<meta property=\"og:locale\" content=\"de_DE\" \/>\n<meta property=\"og:type\" content=\"article\" \/>\n<meta property=\"og:title\" content=\"La Caravella - Visit Amalfi\" \/>\n<meta property=\"og:description\" content=\"Seit 1959 ist das Restaurant Caravella, der erste Michelin-Stern in S\u00fcditalien, ein unumg\u00e4nglicher kulinarischer Anlaufpunkt an der Amalfik\u00fcste.\" \/>\n<meta property=\"og:url\" content=\"https:\/\/www.visitamalfi.info\/de\/amw-food\/la-caravella\/\" \/>\n<meta property=\"og:site_name\" content=\"Visit Amalfi\" \/>\n<meta property=\"article:publisher\" content=\"https:\/\/www.facebook.com\/visitamalfiofficial\" \/>\n<meta property=\"article:modified_time\" content=\"2023-08-27T18:25:09+00:00\" \/>\n<meta property=\"og:image\" content=\"https:\/\/www.visitamalfi.info\/wp-content\/uploads\/2023\/06\/2023_corretta-scaled-300x300.jpg\" \/>\n<meta name=\"twitter:card\" content=\"summary_large_image\" \/>\n<meta name=\"twitter:label1\" content=\"Gesch\u00e4tzte Lesezeit\" \/>\n\t<meta name=\"twitter:data1\" content=\"1\u00a0Minute\" \/>\n<script type=\"application\/ld+json\" class=\"yoast-schema-graph\">{\"@context\":\"https:\\\/\\\/schema.org\",\"@graph\":[{\"@type\":\"WebPage\",\"@id\":\"https:\\\/\\\/www.visitamalfi.info\\\/de\\\/amw-food\\\/la-caravella\\\/\",\"url\":\"https:\\\/\\\/www.visitamalfi.info\\\/de\\\/amw-food\\\/la-caravella\\\/\",\"name\":\"La Caravella - Visit Amalfi\",\"isPartOf\":{\"@id\":\"https:\\\/\\\/www.visitamalfi.info\\\/de\\\/#website\"},\"primaryImageOfPage\":{\"@id\":\"https:\\\/\\\/www.visitamalfi.info\\\/de\\\/amw-food\\\/la-caravella\\\/#primaryimage\"},\"image\":{\"@id\":\"https:\\\/\\\/www.visitamalfi.info\\\/de\\\/amw-food\\\/la-caravella\\\/#primaryimage\"},\"thumbnailUrl\":\"https:\\\/\\\/www.visitamalfi.info\\\/wp-content\\\/uploads\\\/2023\\\/06\\\/antonio-dipino-chef-scaled.jpg\",\"datePublished\":\"2023-06-22T08:35:37+00:00\",\"dateModified\":\"2023-08-27T18:25:09+00:00\",\"breadcrumb\":{\"@id\":\"https:\\\/\\\/www.visitamalfi.info\\\/de\\\/amw-food\\\/la-caravella\\\/#breadcrumb\"},\"inLanguage\":\"de\",\"potentialAction\":[{\"@type\":\"ReadAction\",\"target\":[\"https:\\\/\\\/www.visitamalfi.info\\\/de\\\/amw-food\\\/la-caravella\\\/\"]}]},{\"@type\":\"ImageObject\",\"inLanguage\":\"de\",\"@id\":\"https:\\\/\\\/www.visitamalfi.info\\\/de\\\/amw-food\\\/la-caravella\\\/#primaryimage\",\"url\":\"https:\\\/\\\/www.visitamalfi.info\\\/wp-content\\\/uploads\\\/2023\\\/06\\\/antonio-dipino-chef-scaled.jpg\",\"contentUrl\":\"https:\\\/\\\/www.visitamalfi.info\\\/wp-content\\\/uploads\\\/2023\\\/06\\\/antonio-dipino-chef-scaled.jpg\",\"width\":2560,\"height\":1849},{\"@type\":\"BreadcrumbList\",\"@id\":\"https:\\\/\\\/www.visitamalfi.info\\\/de\\\/amw-food\\\/la-caravella\\\/#breadcrumb\",\"itemListElement\":[{\"@type\":\"ListItem\",\"position\":1,\"name\":\"Home\",\"item\":\"https:\\\/\\\/www.visitamalfi.info\\\/de\\\/\"},{\"@type\":\"ListItem\",\"position\":2,\"name\":\"La Caravella\"}]},{\"@type\":\"WebSite\",\"@id\":\"https:\\\/\\\/www.visitamalfi.info\\\/de\\\/#website\",\"url\":\"https:\\\/\\\/www.visitamalfi.info\\\/de\\\/\",\"name\":\"Visit Amalfi\",\"description\":\"Amalfi Destination Official Website\",\"publisher\":{\"@id\":\"https:\\\/\\\/www.visitamalfi.info\\\/de\\\/#organization\"},\"potentialAction\":[{\"@type\":\"SearchAction\",\"target\":{\"@type\":\"EntryPoint\",\"urlTemplate\":\"https:\\\/\\\/www.visitamalfi.info\\\/de\\\/?s={search_term_string}\"},\"query-input\":{\"@type\":\"PropertyValueSpecification\",\"valueRequired\":true,\"valueName\":\"search_term_string\"}}],\"inLanguage\":\"de\"},{\"@type\":\"Organization\",\"@id\":\"https:\\\/\\\/www.visitamalfi.info\\\/de\\\/#organization\",\"name\":\"Visit Amalfi\",\"url\":\"https:\\\/\\\/www.visitamalfi.info\\\/de\\\/\",\"logo\":{\"@type\":\"ImageObject\",\"inLanguage\":\"de\",\"@id\":\"https:\\\/\\\/www.visitamalfi.info\\\/de\\\/#\\\/schema\\\/logo\\\/image\\\/\",\"url\":\"https:\\\/\\\/www.visitamalfi.info\\\/wp-content\\\/uploads\\\/2023\\\/04\\\/visit-amalfi-logo-web.png\",\"contentUrl\":\"https:\\\/\\\/www.visitamalfi.info\\\/wp-content\\\/uploads\\\/2023\\\/04\\\/visit-amalfi-logo-web.png\",\"width\":800,\"height\":870,\"caption\":\"Visit Amalfi\"},\"image\":{\"@id\":\"https:\\\/\\\/www.visitamalfi.info\\\/de\\\/#\\\/schema\\\/logo\\\/image\\\/\"},\"sameAs\":[\"https:\\\/\\\/www.facebook.com\\\/visitamalfiofficial\",\"https:\\\/\\\/www.instagram.com\\\/visitamalfiofficial\\\/\"]}]}<\/script>\n<!-- \/ Yoast SEO plugin. -->","yoast_head_json":{"title":"La Caravella - Visit Amalfi","robots":{"index":"index","follow":"follow","max-snippet":"max-snippet:-1","max-image-preview":"max-image-preview:large","max-video-preview":"max-video-preview:-1"},"canonical":"https:\/\/www.visitamalfi.info\/de\/amw-food\/la-caravella\/","og_locale":"de_DE","og_type":"article","og_title":"La Caravella - Visit Amalfi","og_description":"Seit 1959 ist das Restaurant Caravella, der erste Michelin-Stern in S\u00fcditalien, ein unumg\u00e4nglicher kulinarischer Anlaufpunkt an der Amalfik\u00fcste.","og_url":"https:\/\/www.visitamalfi.info\/de\/amw-food\/la-caravella\/","og_site_name":"Visit Amalfi","article_publisher":"https:\/\/www.facebook.com\/visitamalfiofficial","article_modified_time":"2023-08-27T18:25:09+00:00","og_image":[{"url":"https:\/\/www.visitamalfi.info\/wp-content\/uploads\/2023\/06\/2023_corretta-scaled-300x300.jpg","type":"","width":"","height":""}],"twitter_card":"summary_large_image","twitter_misc":{"Gesch\u00e4tzte Lesezeit":"1\u00a0Minute"},"schema":{"@context":"https:\/\/schema.org","@graph":[{"@type":"WebPage","@id":"https:\/\/www.visitamalfi.info\/de\/amw-food\/la-caravella\/","url":"https:\/\/www.visitamalfi.info\/de\/amw-food\/la-caravella\/","name":"La Caravella - Visit Amalfi","isPartOf":{"@id":"https:\/\/www.visitamalfi.info\/de\/#website"},"primaryImageOfPage":{"@id":"https:\/\/www.visitamalfi.info\/de\/amw-food\/la-caravella\/#primaryimage"},"image":{"@id":"https:\/\/www.visitamalfi.info\/de\/amw-food\/la-caravella\/#primaryimage"},"thumbnailUrl":"https:\/\/www.visitamalfi.info\/wp-content\/uploads\/2023\/06\/antonio-dipino-chef-scaled.jpg","datePublished":"2023-06-22T08:35:37+00:00","dateModified":"2023-08-27T18:25:09+00:00","breadcrumb":{"@id":"https:\/\/www.visitamalfi.info\/de\/amw-food\/la-caravella\/#breadcrumb"},"inLanguage":"de","potentialAction":[{"@type":"ReadAction","target":["https:\/\/www.visitamalfi.info\/de\/amw-food\/la-caravella\/"]}]},{"@type":"ImageObject","inLanguage":"de","@id":"https:\/\/www.visitamalfi.info\/de\/amw-food\/la-caravella\/#primaryimage","url":"https:\/\/www.visitamalfi.info\/wp-content\/uploads\/2023\/06\/antonio-dipino-chef-scaled.jpg","contentUrl":"https:\/\/www.visitamalfi.info\/wp-content\/uploads\/2023\/06\/antonio-dipino-chef-scaled.jpg","width":2560,"height":1849},{"@type":"BreadcrumbList","@id":"https:\/\/www.visitamalfi.info\/de\/amw-food\/la-caravella\/#breadcrumb","itemListElement":[{"@type":"ListItem","position":1,"name":"Home","item":"https:\/\/www.visitamalfi.info\/de\/"},{"@type":"ListItem","position":2,"name":"La Caravella"}]},{"@type":"WebSite","@id":"https:\/\/www.visitamalfi.info\/de\/#website","url":"https:\/\/www.visitamalfi.info\/de\/","name":"Visit Amalfi","description":"Amalfi Destination Official Website","publisher":{"@id":"https:\/\/www.visitamalfi.info\/de\/#organization"},"potentialAction":[{"@type":"SearchAction","target":{"@type":"EntryPoint","urlTemplate":"https:\/\/www.visitamalfi.info\/de\/?s={search_term_string}"},"query-input":{"@type":"PropertyValueSpecification","valueRequired":true,"valueName":"search_term_string"}}],"inLanguage":"de"},{"@type":"Organization","@id":"https:\/\/www.visitamalfi.info\/de\/#organization","name":"Visit Amalfi","url":"https:\/\/www.visitamalfi.info\/de\/","logo":{"@type":"ImageObject","inLanguage":"de","@id":"https:\/\/www.visitamalfi.info\/de\/#\/schema\/logo\/image\/","url":"https:\/\/www.visitamalfi.info\/wp-content\/uploads\/2023\/04\/visit-amalfi-logo-web.png","contentUrl":"https:\/\/www.visitamalfi.info\/wp-content\/uploads\/2023\/04\/visit-amalfi-logo-web.png","width":800,"height":870,"caption":"Visit Amalfi"},"image":{"@id":"https:\/\/www.visitamalfi.info\/de\/#\/schema\/logo\/image\/"},"sameAs":["https:\/\/www.facebook.com\/visitamalfiofficial","https:\/\/www.instagram.com\/visitamalfiofficial\/"]}]}},"_links":{"self":[{"href":"https:\/\/www.visitamalfi.info\/de\/wp-json\/wp\/v2\/amw_food\/8110","targetHints":{"allow":["GET"]}}],"collection":[{"href":"https:\/\/www.visitamalfi.info\/de\/wp-json\/wp\/v2\/amw_food"}],"about":[{"href":"https:\/\/www.visitamalfi.info\/de\/wp-json\/wp\/v2\/types\/amw_food"}],"version-history":[{"count":2,"href":"https:\/\/www.visitamalfi.info\/de\/wp-json\/wp\/v2\/amw_food\/8110\/revisions"}],"predecessor-version":[{"id":10944,"href":"https:\/\/www.visitamalfi.info\/de\/wp-json\/wp\/v2\/amw_food\/8110\/revisions\/10944"}],"wp:featuredmedia":[{"embeddable":true,"href":"https:\/\/www.visitamalfi.info\/de\/wp-json\/wp\/v2\/media\/6912"}],"wp:attachment":[{"href":"https:\/\/www.visitamalfi.info\/de\/wp-json\/wp\/v2\/media?parent=8110"}],"wp:term":[{"taxonomy":"season","embeddable":true,"href":"https:\/\/www.visitamalfi.info\/de\/wp-json\/wp\/v2\/season?post=8110"},{"taxonomy":"tipologia_ristorante","embeddable":true,"href":"https:\/\/www.visitamalfi.info\/de\/wp-json\/wp\/v2\/tipologia_ristorante?post=8110"}],"curies":[{"name":"wp","href":"https:\/\/api.w.org\/{rel}","templated":true}]}}