{"id":7809,"date":"2023-05-26T14:21:05","date_gmt":"2023-05-26T12:21:05","guid":{"rendered":"https:\/\/www.visitamalfi.info\/amw-accommodation\/kern-amalfitano-stadt-suiten-terrasse\/"},"modified":"2023-07-14T19:36:27","modified_gmt":"2023-07-14T17:36:27","slug":"kern-amalfitano-stadt-suiten-terrasse","status":"publish","type":"amw_accommodation","link":"https:\/\/www.visitamalfi.info\/de\/amw-accommodation\/kern-amalfitano-stadt-suiten-terrasse\/","title":{"rendered":"Core Amalfitano City Suites Terrazza"},"content":{"rendered":"<div id='gallery-1' class='gallery galleryid-7809 gallery-columns-4 gallery-size-thumbnail'><figure class='gallery-item'>\n\t\t\t<div class='gallery-icon landscape'>\n\t\t\t\t<a href='https:\/\/www.visitamalfi.info\/wp-content\/uploads\/2023\/05\/R2-scaled.jpg' data-lightbox=\"gal[7809]\"><img decoding=\"async\" width=\"150\" height=\"150\" src=\"https:\/\/www.visitamalfi.info\/wp-content\/uploads\/2023\/05\/R2-150x150.jpg\" class=\"attachment-thumbnail size-thumbnail\" alt=\"\" srcset=\"https:\/\/www.visitamalfi.info\/wp-content\/uploads\/2023\/05\/R2-150x150.jpg 150w, https:\/\/www.visitamalfi.info\/wp-content\/uploads\/2023\/05\/R2-510x510.jpg 510w, https:\/\/www.visitamalfi.info\/wp-content\/uploads\/2023\/05\/R2-160x160.jpg 160w\" sizes=\"(max-width: 150px) 100vw, 150px\" \/><\/a>\n\t\t\t<\/div><\/figure><figure class='gallery-item'>\n\t\t\t<div class='gallery-icon landscape'>\n\t\t\t\t<a href='https:\/\/www.visitamalfi.info\/wp-content\/uploads\/2023\/05\/R4-scaled.jpg' data-lightbox=\"gal[7809]\"><img decoding=\"async\" width=\"150\" height=\"150\" src=\"https:\/\/www.visitamalfi.info\/wp-content\/uploads\/2023\/05\/R4-150x150.jpg\" class=\"attachment-thumbnail size-thumbnail\" alt=\"\" srcset=\"https:\/\/www.visitamalfi.info\/wp-content\/uploads\/2023\/05\/R4-150x150.jpg 150w, https:\/\/www.visitamalfi.info\/wp-content\/uploads\/2023\/05\/R4-510x510.jpg 510w, https:\/\/www.visitamalfi.info\/wp-content\/uploads\/2023\/05\/R4-160x160.jpg 160w\" sizes=\"(max-width: 150px) 100vw, 150px\" \/><\/a>\n\t\t\t<\/div><\/figure><figure class='gallery-item'>\n\t\t\t<div class='gallery-icon landscape'>\n\t\t\t\t<a href='https:\/\/www.visitamalfi.info\/wp-content\/uploads\/2023\/05\/P17-scaled.jpg' data-lightbox=\"gal[7809]\"><img decoding=\"async\" width=\"150\" height=\"150\" src=\"https:\/\/www.visitamalfi.info\/wp-content\/uploads\/2023\/05\/P17-150x150.jpg\" class=\"attachment-thumbnail size-thumbnail\" alt=\"\" srcset=\"https:\/\/www.visitamalfi.info\/wp-content\/uploads\/2023\/05\/P17-150x150.jpg 150w, https:\/\/www.visitamalfi.info\/wp-content\/uploads\/2023\/05\/P17-510x510.jpg 510w, https:\/\/www.visitamalfi.info\/wp-content\/uploads\/2023\/05\/P17-160x160.jpg 160w\" sizes=\"(max-width: 150px) 100vw, 150px\" \/><\/a>\n\t\t\t<\/div><\/figure><figure class='gallery-item'>\n\t\t\t<div class='gallery-icon landscape'>\n\t\t\t\t<a href='https:\/\/www.visitamalfi.info\/wp-content\/uploads\/2023\/05\/R7-scaled.jpg' data-lightbox=\"gal[7809]\"><img loading=\"lazy\" decoding=\"async\" width=\"150\" height=\"150\" src=\"https:\/\/www.visitamalfi.info\/wp-content\/uploads\/2023\/05\/R7-150x150.jpg\" class=\"attachment-thumbnail size-thumbnail\" alt=\"\" srcset=\"https:\/\/www.visitamalfi.info\/wp-content\/uploads\/2023\/05\/R7-150x150.jpg 150w, https:\/\/www.visitamalfi.info\/wp-content\/uploads\/2023\/05\/R7-510x510.jpg 510w, https:\/\/www.visitamalfi.info\/wp-content\/uploads\/2023\/05\/R7-160x160.jpg 160w\" sizes=\"(max-width: 150px) 100vw, 150px\" \/><\/a>\n\t\t\t<\/div><\/figure>\n\t\t<\/div>\n\n<p><span style=\"font-weight: 400;\">Das Core Amalfitano City Suites Terrace befindet sich in der N\u00e4he der Str\u00e4nde von Marina Grande und Lido Delle Sirene, ein komfortabler Ort im Herzen von Amalfi, an dem Sie die Sch\u00f6nheit der Gegend in v\u00f6lliger Entspannung genie\u00dfen k\u00f6nnen. <\/span><\/p>\n<p><span style=\"font-weight: 400;\">Die Einrichtung hat <\/span><span style=\"font-weight: 400;\">vier Zimmer mit Meerblick, deren Einrichtung und Farben sich an den Orten Positano, Ravello, Atrani und Furore orientieren. Jedes Zimmer wurde mit viel Liebe zum Detail eingerichtet, um den Komfort und das Wohlbefinden der G\u00e4ste zu gew\u00e4hrleisten. Der Fu\u00dfboden der Zimmer ist aus feinstem vietnamesischen Porzellan Artigia<\/span><span style=\"font-weight: 400;\">nal mit M\u00f6beln, die von den besten Unternehmen des Made in Italy ausgew\u00e4hlt wurden, eine Mischung aus Funktionalit\u00e4t und Sch\u00f6nheit, ohne den Stil zu vernachl\u00e4ssigen d<\/span><span style=\"font-weight: 400;\">inamischen Zeitgenossen. Die Einheiten sind klimatisiert und verf\u00fcgen \u00fcber einen Balkon, einen Flachbildfernseher und ein eigenes Bad mit <\/span><span style=\"font-weight: 400;\">Bidet und Toilettenartikeln, Minibar und Wasserkocher.<\/span><\/p>\n<div id='gallery-2' class='gallery galleryid-7809 gallery-columns-4 gallery-size-thumbnail'><figure class='gallery-item'>\n\t\t\t<div class='gallery-icon landscape'>\n\t\t\t\t<a href='https:\/\/www.visitamalfi.info\/wp-content\/uploads\/2023\/05\/P6-scaled.jpg' data-lightbox=\"gal[7809]\"><img loading=\"lazy\" decoding=\"async\" width=\"150\" height=\"150\" src=\"https:\/\/www.visitamalfi.info\/wp-content\/uploads\/2023\/05\/P6-150x150.jpg\" class=\"attachment-thumbnail size-thumbnail\" alt=\"\" srcset=\"https:\/\/www.visitamalfi.info\/wp-content\/uploads\/2023\/05\/P6-150x150.jpg 150w, https:\/\/www.visitamalfi.info\/wp-content\/uploads\/2023\/05\/P6-510x510.jpg 510w, https:\/\/www.visitamalfi.info\/wp-content\/uploads\/2023\/05\/P6-160x160.jpg 160w\" sizes=\"(max-width: 150px) 100vw, 150px\" \/><\/a>\n\t\t\t<\/div><\/figure><figure class='gallery-item'>\n\t\t\t<div class='gallery-icon landscape'>\n\t\t\t\t<a href='https:\/\/www.visitamalfi.info\/wp-content\/uploads\/2023\/05\/A6-scaled.jpg' data-lightbox=\"gal[7809]\"><img loading=\"lazy\" decoding=\"async\" width=\"150\" height=\"150\" src=\"https:\/\/www.visitamalfi.info\/wp-content\/uploads\/2023\/05\/A6-150x150.jpg\" class=\"attachment-thumbnail size-thumbnail\" alt=\"\" srcset=\"https:\/\/www.visitamalfi.info\/wp-content\/uploads\/2023\/05\/A6-150x150.jpg 150w, https:\/\/www.visitamalfi.info\/wp-content\/uploads\/2023\/05\/A6-510x510.jpg 510w, https:\/\/www.visitamalfi.info\/wp-content\/uploads\/2023\/05\/A6-160x160.jpg 160w\" sizes=\"(max-width: 150px) 100vw, 150px\" \/><\/a>\n\t\t\t<\/div><\/figure><figure class='gallery-item'>\n\t\t\t<div class='gallery-icon landscape'>\n\t\t\t\t<a href='https:\/\/www.visitamalfi.info\/wp-content\/uploads\/2023\/05\/P3-scaled.jpg' data-lightbox=\"gal[7809]\"><img loading=\"lazy\" decoding=\"async\" width=\"150\" height=\"150\" src=\"https:\/\/www.visitamalfi.info\/wp-content\/uploads\/2023\/05\/P3-150x150.jpg\" class=\"attachment-thumbnail size-thumbnail\" alt=\"\" srcset=\"https:\/\/www.visitamalfi.info\/wp-content\/uploads\/2023\/05\/P3-150x150.jpg 150w, https:\/\/www.visitamalfi.info\/wp-content\/uploads\/2023\/05\/P3-510x510.jpg 510w, https:\/\/www.visitamalfi.info\/wp-content\/uploads\/2023\/05\/P3-160x160.jpg 160w\" sizes=\"(max-width: 150px) 100vw, 150px\" \/><\/a>\n\t\t\t<\/div><\/figure><figure class='gallery-item'>\n\t\t\t<div class='gallery-icon landscape'>\n\t\t\t\t<a href='https:\/\/www.visitamalfi.info\/wp-content\/uploads\/2023\/05\/P9-scaled.jpg' data-lightbox=\"gal[7809]\"><img loading=\"lazy\" decoding=\"async\" width=\"150\" height=\"150\" src=\"https:\/\/www.visitamalfi.info\/wp-content\/uploads\/2023\/05\/P9-150x150.jpg\" class=\"attachment-thumbnail size-thumbnail\" alt=\"\" srcset=\"https:\/\/www.visitamalfi.info\/wp-content\/uploads\/2023\/05\/P9-150x150.jpg 150w, https:\/\/www.visitamalfi.info\/wp-content\/uploads\/2023\/05\/P9-510x510.jpg 510w, https:\/\/www.visitamalfi.info\/wp-content\/uploads\/2023\/05\/P9-160x160.jpg 160w\" sizes=\"(max-width: 150px) 100vw, 150px\" \/><\/a>\n\t\t\t<\/div><\/figure>\n\t\t<\/div>\n\n<p><span style=\"font-weight: 400;\">Das Hotel bietet auch einen europ\u00e4ischen Fr\u00fchst\u00fccksservice in einem Restaurant im Freien im Zentrum von Amalfi. <\/span><\/p>\n<p><span style=\"font-weight: 400;\">Es ist auch ein offizieller Trenitalia- und Multimarken-Schalter f\u00fcr F\u00e4hren. <\/span><\/p>\n<p><span style=\"font-weight: 400;\">Ein Buch bei Sonnenuntergang, begleitet von einem Glas Wein auf einer der Terrassen der Core Amalfitano City Suites, ist die beste Art, einen angenehmen Tag inmitten der Sch\u00f6nheit von Amalfi und seiner Umgebung ausklingen zu lassen.<\/span><\/p>\n","protected":false},"excerpt":{"rendered":"<p>Das Core Amalfitano City Suites Terrace ist ein komfortabler Ort im Herzen von Amalfi, an dem Sie die Sch\u00f6nheit der Gegend in v\u00f6lliger Entspannung genie\u00dfen und erleben k\u00f6nnen. <\/p>\n","protected":false},"featured_media":0,"template":"","accommodation_strenghts":[],"season":[234,229,239,242],"accommodation_amenities":[],"amw_accommodation_type":[514],"class_list":["post-7809","amw_accommodation","type-amw_accommodation","status-publish","hentry","season-fruehling","season-herbst","season-sommer","season-winter-de","amw_accommodation_type-zimmer"],"yoast_head":"<!-- This site is optimized with the Yoast SEO plugin v27.3 - https:\/\/yoast.com\/product\/yoast-seo-wordpress\/ -->\n<title>Core Amalfitano City Suites Terrazza - Visit Amalfi<\/title>\n<meta name=\"robots\" content=\"index, follow, max-snippet:-1, max-image-preview:large, max-video-preview:-1\" \/>\n<link rel=\"canonical\" href=\"https:\/\/www.visitamalfi.info\/de\/amw-accommodation\/kern-amalfitano-stadt-suiten-terrasse\/\" \/>\n<meta property=\"og:locale\" content=\"de_DE\" \/>\n<meta property=\"og:type\" content=\"article\" \/>\n<meta property=\"og:title\" content=\"Core Amalfitano City Suites Terrazza - Visit Amalfi\" \/>\n<meta property=\"og:description\" content=\"Das Core Amalfitano City Suites Terrace ist ein komfortabler Ort im Herzen von Amalfi, an dem Sie die Sch\u00f6nheit der Gegend in v\u00f6lliger Entspannung genie\u00dfen und erleben k\u00f6nnen.\" \/>\n<meta property=\"og:url\" content=\"https:\/\/www.visitamalfi.info\/de\/amw-accommodation\/kern-amalfitano-stadt-suiten-terrasse\/\" \/>\n<meta property=\"og:site_name\" content=\"Visit Amalfi\" \/>\n<meta property=\"article:publisher\" content=\"https:\/\/www.facebook.com\/visitamalfiofficial\" \/>\n<meta property=\"article:modified_time\" content=\"2023-07-14T17:36:27+00:00\" \/>\n<meta property=\"og:image\" content=\"https:\/\/www.visitamalfi.info\/wp-content\/uploads\/2023\/05\/R2-150x150.jpg\" \/>\n<meta name=\"twitter:card\" content=\"summary_large_image\" \/>\n<meta name=\"twitter:label1\" content=\"Gesch\u00e4tzte Lesezeit\" \/>\n\t<meta name=\"twitter:data1\" content=\"1\u00a0Minute\" \/>\n<script type=\"application\/ld+json\" class=\"yoast-schema-graph\">{\"@context\":\"https:\\\/\\\/schema.org\",\"@graph\":[{\"@type\":\"WebPage\",\"@id\":\"https:\\\/\\\/www.visitamalfi.info\\\/de\\\/amw-accommodation\\\/kern-amalfitano-stadt-suiten-terrasse\\\/\",\"url\":\"https:\\\/\\\/www.visitamalfi.info\\\/de\\\/amw-accommodation\\\/kern-amalfitano-stadt-suiten-terrasse\\\/\",\"name\":\"Core Amalfitano City Suites Terrazza - Visit Amalfi\",\"isPartOf\":{\"@id\":\"https:\\\/\\\/www.visitamalfi.info\\\/de\\\/#website\"},\"datePublished\":\"2023-05-26T12:21:05+00:00\",\"dateModified\":\"2023-07-14T17:36:27+00:00\",\"breadcrumb\":{\"@id\":\"https:\\\/\\\/www.visitamalfi.info\\\/de\\\/amw-accommodation\\\/kern-amalfitano-stadt-suiten-terrasse\\\/#breadcrumb\"},\"inLanguage\":\"de\",\"potentialAction\":[{\"@type\":\"ReadAction\",\"target\":[\"https:\\\/\\\/www.visitamalfi.info\\\/de\\\/amw-accommodation\\\/kern-amalfitano-stadt-suiten-terrasse\\\/\"]}]},{\"@type\":\"BreadcrumbList\",\"@id\":\"https:\\\/\\\/www.visitamalfi.info\\\/de\\\/amw-accommodation\\\/kern-amalfitano-stadt-suiten-terrasse\\\/#breadcrumb\",\"itemListElement\":[{\"@type\":\"ListItem\",\"position\":1,\"name\":\"Home\",\"item\":\"https:\\\/\\\/www.visitamalfi.info\\\/de\\\/\"},{\"@type\":\"ListItem\",\"position\":2,\"name\":\"Core Amalfitano City Suites Terrazza\"}]},{\"@type\":\"WebSite\",\"@id\":\"https:\\\/\\\/www.visitamalfi.info\\\/de\\\/#website\",\"url\":\"https:\\\/\\\/www.visitamalfi.info\\\/de\\\/\",\"name\":\"Visit Amalfi\",\"description\":\"Amalfi Destination Official Website\",\"publisher\":{\"@id\":\"https:\\\/\\\/www.visitamalfi.info\\\/de\\\/#organization\"},\"potentialAction\":[{\"@type\":\"SearchAction\",\"target\":{\"@type\":\"EntryPoint\",\"urlTemplate\":\"https:\\\/\\\/www.visitamalfi.info\\\/de\\\/?s={search_term_string}\"},\"query-input\":{\"@type\":\"PropertyValueSpecification\",\"valueRequired\":true,\"valueName\":\"search_term_string\"}}],\"inLanguage\":\"de\"},{\"@type\":\"Organization\",\"@id\":\"https:\\\/\\\/www.visitamalfi.info\\\/de\\\/#organization\",\"name\":\"Visit Amalfi\",\"url\":\"https:\\\/\\\/www.visitamalfi.info\\\/de\\\/\",\"logo\":{\"@type\":\"ImageObject\",\"inLanguage\":\"de\",\"@id\":\"https:\\\/\\\/www.visitamalfi.info\\\/de\\\/#\\\/schema\\\/logo\\\/image\\\/\",\"url\":\"https:\\\/\\\/www.visitamalfi.info\\\/wp-content\\\/uploads\\\/2023\\\/04\\\/visit-amalfi-logo-web.png\",\"contentUrl\":\"https:\\\/\\\/www.visitamalfi.info\\\/wp-content\\\/uploads\\\/2023\\\/04\\\/visit-amalfi-logo-web.png\",\"width\":800,\"height\":870,\"caption\":\"Visit Amalfi\"},\"image\":{\"@id\":\"https:\\\/\\\/www.visitamalfi.info\\\/de\\\/#\\\/schema\\\/logo\\\/image\\\/\"},\"sameAs\":[\"https:\\\/\\\/www.facebook.com\\\/visitamalfiofficial\",\"https:\\\/\\\/www.instagram.com\\\/visitamalfiofficial\\\/\"]}]}<\/script>\n<!-- \/ Yoast SEO plugin. -->","yoast_head_json":{"title":"Core Amalfitano City Suites Terrazza - Visit Amalfi","robots":{"index":"index","follow":"follow","max-snippet":"max-snippet:-1","max-image-preview":"max-image-preview:large","max-video-preview":"max-video-preview:-1"},"canonical":"https:\/\/www.visitamalfi.info\/de\/amw-accommodation\/kern-amalfitano-stadt-suiten-terrasse\/","og_locale":"de_DE","og_type":"article","og_title":"Core Amalfitano City Suites Terrazza - Visit Amalfi","og_description":"Das Core Amalfitano City Suites Terrace ist ein komfortabler Ort im Herzen von Amalfi, an dem Sie die Sch\u00f6nheit der Gegend in v\u00f6lliger Entspannung genie\u00dfen und erleben k\u00f6nnen.","og_url":"https:\/\/www.visitamalfi.info\/de\/amw-accommodation\/kern-amalfitano-stadt-suiten-terrasse\/","og_site_name":"Visit Amalfi","article_publisher":"https:\/\/www.facebook.com\/visitamalfiofficial","article_modified_time":"2023-07-14T17:36:27+00:00","og_image":[{"url":"https:\/\/www.visitamalfi.info\/wp-content\/uploads\/2023\/05\/R2-150x150.jpg","type":"","width":"","height":""}],"twitter_card":"summary_large_image","twitter_misc":{"Gesch\u00e4tzte Lesezeit":"1\u00a0Minute"},"schema":{"@context":"https:\/\/schema.org","@graph":[{"@type":"WebPage","@id":"https:\/\/www.visitamalfi.info\/de\/amw-accommodation\/kern-amalfitano-stadt-suiten-terrasse\/","url":"https:\/\/www.visitamalfi.info\/de\/amw-accommodation\/kern-amalfitano-stadt-suiten-terrasse\/","name":"Core Amalfitano City Suites Terrazza - Visit Amalfi","isPartOf":{"@id":"https:\/\/www.visitamalfi.info\/de\/#website"},"datePublished":"2023-05-26T12:21:05+00:00","dateModified":"2023-07-14T17:36:27+00:00","breadcrumb":{"@id":"https:\/\/www.visitamalfi.info\/de\/amw-accommodation\/kern-amalfitano-stadt-suiten-terrasse\/#breadcrumb"},"inLanguage":"de","potentialAction":[{"@type":"ReadAction","target":["https:\/\/www.visitamalfi.info\/de\/amw-accommodation\/kern-amalfitano-stadt-suiten-terrasse\/"]}]},{"@type":"BreadcrumbList","@id":"https:\/\/www.visitamalfi.info\/de\/amw-accommodation\/kern-amalfitano-stadt-suiten-terrasse\/#breadcrumb","itemListElement":[{"@type":"ListItem","position":1,"name":"Home","item":"https:\/\/www.visitamalfi.info\/de\/"},{"@type":"ListItem","position":2,"name":"Core Amalfitano City Suites Terrazza"}]},{"@type":"WebSite","@id":"https:\/\/www.visitamalfi.info\/de\/#website","url":"https:\/\/www.visitamalfi.info\/de\/","name":"Visit Amalfi","description":"Amalfi Destination Official Website","publisher":{"@id":"https:\/\/www.visitamalfi.info\/de\/#organization"},"potentialAction":[{"@type":"SearchAction","target":{"@type":"EntryPoint","urlTemplate":"https:\/\/www.visitamalfi.info\/de\/?s={search_term_string}"},"query-input":{"@type":"PropertyValueSpecification","valueRequired":true,"valueName":"search_term_string"}}],"inLanguage":"de"},{"@type":"Organization","@id":"https:\/\/www.visitamalfi.info\/de\/#organization","name":"Visit Amalfi","url":"https:\/\/www.visitamalfi.info\/de\/","logo":{"@type":"ImageObject","inLanguage":"de","@id":"https:\/\/www.visitamalfi.info\/de\/#\/schema\/logo\/image\/","url":"https:\/\/www.visitamalfi.info\/wp-content\/uploads\/2023\/04\/visit-amalfi-logo-web.png","contentUrl":"https:\/\/www.visitamalfi.info\/wp-content\/uploads\/2023\/04\/visit-amalfi-logo-web.png","width":800,"height":870,"caption":"Visit Amalfi"},"image":{"@id":"https:\/\/www.visitamalfi.info\/de\/#\/schema\/logo\/image\/"},"sameAs":["https:\/\/www.facebook.com\/visitamalfiofficial","https:\/\/www.instagram.com\/visitamalfiofficial\/"]}]}},"_links":{"self":[{"href":"https:\/\/www.visitamalfi.info\/de\/wp-json\/wp\/v2\/amw_accommodation\/7809","targetHints":{"allow":["GET"]}}],"collection":[{"href":"https:\/\/www.visitamalfi.info\/de\/wp-json\/wp\/v2\/amw_accommodation"}],"about":[{"href":"https:\/\/www.visitamalfi.info\/de\/wp-json\/wp\/v2\/types\/amw_accommodation"}],"version-history":[{"count":1,"href":"https:\/\/www.visitamalfi.info\/de\/wp-json\/wp\/v2\/amw_accommodation\/7809\/revisions"}],"predecessor-version":[{"id":8715,"href":"https:\/\/www.visitamalfi.info\/de\/wp-json\/wp\/v2\/amw_accommodation\/7809\/revisions\/8715"}],"wp:attachment":[{"href":"https:\/\/www.visitamalfi.info\/de\/wp-json\/wp\/v2\/media?parent=7809"}],"wp:term":[{"taxonomy":"accommodation_strenghts","embeddable":true,"href":"https:\/\/www.visitamalfi.info\/de\/wp-json\/wp\/v2\/accommodation_strenghts?post=7809"},{"taxonomy":"season","embeddable":true,"href":"https:\/\/www.visitamalfi.info\/de\/wp-json\/wp\/v2\/season?post=7809"},{"taxonomy":"accommodation_amenities","embeddable":true,"href":"https:\/\/www.visitamalfi.info\/de\/wp-json\/wp\/v2\/accommodation_amenities?post=7809"},{"taxonomy":"amw_accommodation_type","embeddable":true,"href":"https:\/\/www.visitamalfi.info\/de\/wp-json\/wp\/v2\/amw_accommodation_type?post=7809"}],"curies":[{"name":"wp","href":"https:\/\/api.w.org\/{rel}","templated":true}]}}