{"id":23699,"date":"2026-01-09T13:04:03","date_gmt":"2026-01-09T12:04:03","guid":{"rendered":"https:\/\/www.visitamalfi.info\/amw-accommodation\/jori-vista-amalfi\/"},"modified":"2026-01-12T11:01:22","modified_gmt":"2026-01-12T10:01:22","slug":"jori-vista-amalfi","status":"publish","type":"amw_accommodation","link":"https:\/\/www.visitamalfi.info\/de\/amw-accommodation\/jori-vista-amalfi\/","title":{"rendered":"JoR\u00ec Vista Amalfi"},"content":{"rendered":"<div class=\"page\" title=\"Seite 3\">\n<div class=\"layoutArea\">\n<div class=\"column\">\n<div id='gallery-1' class='gallery galleryid-23699 gallery-columns-4 gallery-size-thumbnail'><figure class='gallery-item'>\n\t\t\t<div class='gallery-icon landscape'>\n\t\t\t\t<a href='https:\/\/www.visitamalfi.info\/wp-content\/uploads\/2026\/01\/PHOTO-2025-12-09-21-51-29.jpg' data-lightbox=\"gal[23699]\"><img fetchpriority=\"high\" decoding=\"async\" width=\"300\" height=\"300\" src=\"https:\/\/www.visitamalfi.info\/wp-content\/uploads\/2026\/01\/PHOTO-2025-12-09-21-51-29-300x300.jpg\" class=\"attachment-thumbnail size-thumbnail\" alt=\"Jori\u0300 Vista Amalfi_Kitchen\" srcset=\"https:\/\/www.visitamalfi.info\/wp-content\/uploads\/2026\/01\/PHOTO-2025-12-09-21-51-29-300x300.jpg 300w, https:\/\/www.visitamalfi.info\/wp-content\/uploads\/2026\/01\/PHOTO-2025-12-09-21-51-29-510x510.jpg 510w, https:\/\/www.visitamalfi.info\/wp-content\/uploads\/2026\/01\/PHOTO-2025-12-09-21-51-29-160x160.jpg 160w\" sizes=\"(max-width: 300px) 100vw, 300px\" \/><\/a>\n\t\t\t<\/div><\/figure><figure class='gallery-item'>\n\t\t\t<div class='gallery-icon landscape'>\n\t\t\t\t<a href='https:\/\/www.visitamalfi.info\/wp-content\/uploads\/2026\/01\/PHOTO-2025-12-09-21-52-53-1.jpg' data-lightbox=\"gal[23699]\"><img decoding=\"async\" width=\"300\" height=\"300\" src=\"https:\/\/www.visitamalfi.info\/wp-content\/uploads\/2026\/01\/PHOTO-2025-12-09-21-52-53-1-300x300.jpg\" class=\"attachment-thumbnail size-thumbnail\" alt=\"Jori\u0300 Vista Amalfi_View\" srcset=\"https:\/\/www.visitamalfi.info\/wp-content\/uploads\/2026\/01\/PHOTO-2025-12-09-21-52-53-1-300x300.jpg 300w, https:\/\/www.visitamalfi.info\/wp-content\/uploads\/2026\/01\/PHOTO-2025-12-09-21-52-53-1-510x510.jpg 510w, https:\/\/www.visitamalfi.info\/wp-content\/uploads\/2026\/01\/PHOTO-2025-12-09-21-52-53-1-160x160.jpg 160w\" sizes=\"(max-width: 300px) 100vw, 300px\" \/><\/a>\n\t\t\t<\/div><\/figure><figure class='gallery-item'>\n\t\t\t<div class='gallery-icon landscape'>\n\t\t\t\t<a href='https:\/\/www.visitamalfi.info\/wp-content\/uploads\/2026\/01\/PHOTO-2025-12-09-21-51-29-10.jpg' data-lightbox=\"gal[23699]\"><img decoding=\"async\" width=\"300\" height=\"300\" src=\"https:\/\/www.visitamalfi.info\/wp-content\/uploads\/2026\/01\/PHOTO-2025-12-09-21-51-29-10-300x300.jpg\" class=\"attachment-thumbnail size-thumbnail\" alt=\"Jori\u0300 Vista Amalfi_Terrace\" srcset=\"https:\/\/www.visitamalfi.info\/wp-content\/uploads\/2026\/01\/PHOTO-2025-12-09-21-51-29-10-300x300.jpg 300w, https:\/\/www.visitamalfi.info\/wp-content\/uploads\/2026\/01\/PHOTO-2025-12-09-21-51-29-10-510x510.jpg 510w, https:\/\/www.visitamalfi.info\/wp-content\/uploads\/2026\/01\/PHOTO-2025-12-09-21-51-29-10-160x160.jpg 160w\" sizes=\"(max-width: 300px) 100vw, 300px\" \/><\/a>\n\t\t\t<\/div><\/figure><figure class='gallery-item'>\n\t\t\t<div class='gallery-icon landscape'>\n\t\t\t\t<a href='https:\/\/www.visitamalfi.info\/wp-content\/uploads\/2026\/01\/PHOTO-2025-12-09-21-51-29-8.jpg' data-lightbox=\"gal[23699]\"><img loading=\"lazy\" decoding=\"async\" width=\"300\" height=\"300\" src=\"https:\/\/www.visitamalfi.info\/wp-content\/uploads\/2026\/01\/PHOTO-2025-12-09-21-51-29-8-300x300.jpg\" class=\"attachment-thumbnail size-thumbnail\" alt=\"Jori\u0300 Vista Amalfi_Terrace\" srcset=\"https:\/\/www.visitamalfi.info\/wp-content\/uploads\/2026\/01\/PHOTO-2025-12-09-21-51-29-8-300x300.jpg 300w, https:\/\/www.visitamalfi.info\/wp-content\/uploads\/2026\/01\/PHOTO-2025-12-09-21-51-29-8-510x510.jpg 510w, https:\/\/www.visitamalfi.info\/wp-content\/uploads\/2026\/01\/PHOTO-2025-12-09-21-51-29-8-160x160.jpg 160w\" sizes=\"(max-width: 300px) 100vw, 300px\" \/><\/a>\n\t\t\t<\/div><\/figure>\n\t\t<\/div>\n\n<p>JoR\u00ec ist das ideale Haus f\u00fcr einen entspannten und ruhigen Urlaub. Ein St\u00fcckchen Paradies mit einer atemberaubenden Aussicht. In dem Dorf Tovere, nur wenige Minuten vom Zentrum von Amalfi entfernt, k\u00f6nnen Sie jeden Komfort genie\u00dfen, mit hellen und geschmackvoll eingerichteten R\u00e4umen.<br \/>\nDie intime, famili\u00e4re Atmosph\u00e4re ist perfekt, um die nat\u00fcrliche Sch\u00f6nheit, die tausendj\u00e4hrige Geschichte und die Aromen der kulinarischen Kultur eines einzigartigen Landes zu entdecken.<\/p>\n<div id='gallery-2' class='gallery galleryid-23699 gallery-columns-4 gallery-size-thumbnail'><figure class='gallery-item'>\n\t\t\t<div class='gallery-icon landscape'>\n\t\t\t\t<a href='https:\/\/www.visitamalfi.info\/wp-content\/uploads\/2026\/01\/Jori-Vista-Amalfi_Bedroom.jpg' data-lightbox=\"gal[23699]\"><img loading=\"lazy\" decoding=\"async\" width=\"300\" height=\"300\" src=\"https:\/\/www.visitamalfi.info\/wp-content\/uploads\/2026\/01\/Jori-Vista-Amalfi_Bedroom-300x300.jpg\" class=\"attachment-thumbnail size-thumbnail\" alt=\"Jori\u0300 Vista Amalfi_Bedroom\" srcset=\"https:\/\/www.visitamalfi.info\/wp-content\/uploads\/2026\/01\/Jori-Vista-Amalfi_Bedroom-300x300.jpg 300w, https:\/\/www.visitamalfi.info\/wp-content\/uploads\/2026\/01\/Jori-Vista-Amalfi_Bedroom-510x510.jpg 510w, https:\/\/www.visitamalfi.info\/wp-content\/uploads\/2026\/01\/Jori-Vista-Amalfi_Bedroom-160x160.jpg 160w\" sizes=\"(max-width: 300px) 100vw, 300px\" \/><\/a>\n\t\t\t<\/div><\/figure><figure class='gallery-item'>\n\t\t\t<div class='gallery-icon landscape'>\n\t\t\t\t<a href='https:\/\/www.visitamalfi.info\/wp-content\/uploads\/2026\/01\/PHOTO-2025-12-09-21-51-29-9.jpg' data-lightbox=\"gal[23699]\"><img loading=\"lazy\" decoding=\"async\" width=\"300\" height=\"300\" src=\"https:\/\/www.visitamalfi.info\/wp-content\/uploads\/2026\/01\/PHOTO-2025-12-09-21-51-29-9-300x300.jpg\" class=\"attachment-thumbnail size-thumbnail\" alt=\"\" srcset=\"https:\/\/www.visitamalfi.info\/wp-content\/uploads\/2026\/01\/PHOTO-2025-12-09-21-51-29-9-300x300.jpg 300w, https:\/\/www.visitamalfi.info\/wp-content\/uploads\/2026\/01\/PHOTO-2025-12-09-21-51-29-9-510x510.jpg 510w, https:\/\/www.visitamalfi.info\/wp-content\/uploads\/2026\/01\/PHOTO-2025-12-09-21-51-29-9-160x160.jpg 160w\" sizes=\"(max-width: 300px) 100vw, 300px\" \/><\/a>\n\t\t\t<\/div><\/figure><figure class='gallery-item'>\n\t\t\t<div class='gallery-icon landscape'>\n\t\t\t\t<a href='https:\/\/www.visitamalfi.info\/wp-content\/uploads\/2026\/01\/PHOTO-2025-12-09-21-52-53-5.jpg' data-lightbox=\"gal[23699]\"><img loading=\"lazy\" decoding=\"async\" width=\"300\" height=\"300\" src=\"https:\/\/www.visitamalfi.info\/wp-content\/uploads\/2026\/01\/PHOTO-2025-12-09-21-52-53-5-300x300.jpg\" class=\"attachment-thumbnail size-thumbnail\" alt=\"Jori\u0300 Vista Amalfi_Bedroom\" srcset=\"https:\/\/www.visitamalfi.info\/wp-content\/uploads\/2026\/01\/PHOTO-2025-12-09-21-52-53-5-300x300.jpg 300w, https:\/\/www.visitamalfi.info\/wp-content\/uploads\/2026\/01\/PHOTO-2025-12-09-21-52-53-5-510x510.jpg 510w, https:\/\/www.visitamalfi.info\/wp-content\/uploads\/2026\/01\/PHOTO-2025-12-09-21-52-53-5-160x160.jpg 160w\" sizes=\"(max-width: 300px) 100vw, 300px\" \/><\/a>\n\t\t\t<\/div><\/figure><figure class='gallery-item'>\n\t\t\t<div class='gallery-icon landscape'>\n\t\t\t\t<a href='https:\/\/www.visitamalfi.info\/wp-content\/uploads\/2026\/01\/PHOTO-2025-12-09-21-51-29-12.jpg' data-lightbox=\"gal[23699]\"><img loading=\"lazy\" decoding=\"async\" width=\"300\" height=\"300\" src=\"https:\/\/www.visitamalfi.info\/wp-content\/uploads\/2026\/01\/PHOTO-2025-12-09-21-51-29-12-300x300.jpg\" class=\"attachment-thumbnail size-thumbnail\" alt=\"Jori\u0300 Vista Amalfi_Terrace\" srcset=\"https:\/\/www.visitamalfi.info\/wp-content\/uploads\/2026\/01\/PHOTO-2025-12-09-21-51-29-12-300x300.jpg 300w, https:\/\/www.visitamalfi.info\/wp-content\/uploads\/2026\/01\/PHOTO-2025-12-09-21-51-29-12-510x510.jpg 510w, https:\/\/www.visitamalfi.info\/wp-content\/uploads\/2026\/01\/PHOTO-2025-12-09-21-51-29-12-160x160.jpg 160w\" sizes=\"(max-width: 300px) 100vw, 300px\" \/><\/a>\n\t\t\t<\/div><\/figure>\n\t\t<\/div>\n\n<p>Ein unvergessliches Erlebnis in einer eleganten, geschichtstr\u00e4chtigen Umgebung. Die Lage bietet einen spektakul\u00e4ren Blick auf Amalfi und einen Teil der wundersch\u00f6nen K\u00fcste, was JoR\u00ec zu einer wirklich einzigartigen Wahl macht. Die G\u00e4ste k\u00f6nnen sich bequem auf der Terrasse entspannen, Speisen und Getr\u00e4nke genie\u00dfen, w\u00e4hrend sie in der Stille der Natur die Sonne genie\u00dfen, und sich an den zahlreichen Feuerwerken erfreuen, die an verschiedenen Abenden im Jahr (27. Juni, 22. Juli, 15. August, 1. September, 30. November und 31. Dezember) den Himmel \u00fcber Amalfi und den nahe gelegenen St\u00e4dten wie Atrani und Maiori erhellen.<\/p>\n<div id='gallery-3' class='gallery galleryid-23699 gallery-columns-4 gallery-size-thumbnail'><figure class='gallery-item'>\n\t\t\t<div class='gallery-icon portrait'>\n\t\t\t\t<a href='https:\/\/www.visitamalfi.info\/wp-content\/uploads\/2026\/01\/PHOTO-2025-12-09-21-52-53-2.jpg' data-lightbox=\"gal[23699]\"><img loading=\"lazy\" decoding=\"async\" width=\"300\" height=\"300\" src=\"https:\/\/www.visitamalfi.info\/wp-content\/uploads\/2026\/01\/PHOTO-2025-12-09-21-52-53-2-300x300.jpg\" class=\"attachment-thumbnail size-thumbnail\" alt=\"Jori\u0300 Vista Amalfi_Bathroom\" srcset=\"https:\/\/www.visitamalfi.info\/wp-content\/uploads\/2026\/01\/PHOTO-2025-12-09-21-52-53-2-300x300.jpg 300w, https:\/\/www.visitamalfi.info\/wp-content\/uploads\/2026\/01\/PHOTO-2025-12-09-21-52-53-2-510x510.jpg 510w, https:\/\/www.visitamalfi.info\/wp-content\/uploads\/2026\/01\/PHOTO-2025-12-09-21-52-53-2-160x160.jpg 160w\" sizes=\"(max-width: 300px) 100vw, 300px\" \/><\/a>\n\t\t\t<\/div><\/figure><figure class='gallery-item'>\n\t\t\t<div class='gallery-icon landscape'>\n\t\t\t\t<a href='https:\/\/www.visitamalfi.info\/wp-content\/uploads\/2026\/01\/Jori-Vista-Amalfi_Kitchen.jpg' data-lightbox=\"gal[23699]\"><img loading=\"lazy\" decoding=\"async\" width=\"300\" height=\"300\" src=\"https:\/\/www.visitamalfi.info\/wp-content\/uploads\/2026\/01\/Jori-Vista-Amalfi_Kitchen-300x300.jpg\" class=\"attachment-thumbnail size-thumbnail\" alt=\"Jori\u0300 Vista Amalfi_Kitchen\" srcset=\"https:\/\/www.visitamalfi.info\/wp-content\/uploads\/2026\/01\/Jori-Vista-Amalfi_Kitchen-300x300.jpg 300w, https:\/\/www.visitamalfi.info\/wp-content\/uploads\/2026\/01\/Jori-Vista-Amalfi_Kitchen-510x510.jpg 510w, https:\/\/www.visitamalfi.info\/wp-content\/uploads\/2026\/01\/Jori-Vista-Amalfi_Kitchen-160x160.jpg 160w\" sizes=\"(max-width: 300px) 100vw, 300px\" \/><\/a>\n\t\t\t<\/div><\/figure><figure class='gallery-item'>\n\t\t\t<div class='gallery-icon landscape'>\n\t\t\t\t<a href='https:\/\/www.visitamalfi.info\/wp-content\/uploads\/2026\/01\/PHOTO-2025-12-09-21-51-29-7.jpg' data-lightbox=\"gal[23699]\"><img loading=\"lazy\" decoding=\"async\" width=\"300\" height=\"300\" src=\"https:\/\/www.visitamalfi.info\/wp-content\/uploads\/2026\/01\/PHOTO-2025-12-09-21-51-29-7-300x300.jpg\" class=\"attachment-thumbnail size-thumbnail\" alt=\"Jori\u0300 Vista Amalfi_Terrace\" srcset=\"https:\/\/www.visitamalfi.info\/wp-content\/uploads\/2026\/01\/PHOTO-2025-12-09-21-51-29-7-300x300.jpg 300w, https:\/\/www.visitamalfi.info\/wp-content\/uploads\/2026\/01\/PHOTO-2025-12-09-21-51-29-7-510x510.jpg 510w, https:\/\/www.visitamalfi.info\/wp-content\/uploads\/2026\/01\/PHOTO-2025-12-09-21-51-29-7-160x160.jpg 160w\" sizes=\"(max-width: 300px) 100vw, 300px\" \/><\/a>\n\t\t\t<\/div><\/figure><figure class='gallery-item'>\n\t\t\t<div class='gallery-icon landscape'>\n\t\t\t\t<a href='https:\/\/www.visitamalfi.info\/wp-content\/uploads\/2026\/01\/PHOTO-2025-12-09-21-51-29-6.jpg' data-lightbox=\"gal[23699]\"><img loading=\"lazy\" decoding=\"async\" width=\"300\" height=\"300\" src=\"https:\/\/www.visitamalfi.info\/wp-content\/uploads\/2026\/01\/PHOTO-2025-12-09-21-51-29-6-300x300.jpg\" class=\"attachment-thumbnail size-thumbnail\" alt=\"Jori\u0300 Vista Amalfi_Bathroom\" srcset=\"https:\/\/www.visitamalfi.info\/wp-content\/uploads\/2026\/01\/PHOTO-2025-12-09-21-51-29-6-300x300.jpg 300w, https:\/\/www.visitamalfi.info\/wp-content\/uploads\/2026\/01\/PHOTO-2025-12-09-21-51-29-6-510x510.jpg 510w, https:\/\/www.visitamalfi.info\/wp-content\/uploads\/2026\/01\/PHOTO-2025-12-09-21-51-29-6-160x160.jpg 160w\" sizes=\"(max-width: 300px) 100vw, 300px\" \/><\/a>\n\t\t\t<\/div><\/figure>\n\t\t<\/div>\n\n<\/div>\n<div class=\"page\" title=\"Page 4\">\n<div class=\"layoutArea\">\n<div class=\"column\">\n<p><strong>Angebotene Dienstleistungen<\/strong><\/p>\n<p>Kostenloser reservierter Parkplatz, Wi-Fi (Glasfaser), Induktionskochfeld, Kochutensilien und Pfannen, Besteck, Gl\u00e4ser, Weingl\u00e4ser, Sektfl\u00f6te, handbemalte Kaffee- und Getr\u00e4nketassen aus Keramik, handbemalte Keramikteller, Espressomaschine, Stabmixer, Mikrowelle, Wasserkocher Toaster, Geschirrsp\u00fcler, Waschmaschine, K\u00fchlschrank, Gefrierschrank, B\u00fcgeleisen, B\u00fcgelbrett, Handt\u00fccher nach Ma\u00df, Strandt\u00fccher, Seife, Duschgel, Conditioner, Shampoo, Toilettenpapier, Haartrockner, \u00d6l, Salz, Essig, Zucker, Kaffeepads, elektrischer Grill, Liegest\u00fchle, Lavasteintisch mit St\u00fchlen im Freien.<br \/>\nRauchmelder, Kohlenmonoxid-Melder, Feuerl\u00f6scher, Erste-Hilfe-Tasche, Insektenschutz, N\u00e4hzeug, Doppelschlafsofa, Topper, Safe.<\/p>\n<\/div>\n<\/div>\n<\/div>\n<\/div>\n<\/div>\n","protected":false},"excerpt":{"rendered":"<p>JoR\u00ec ist wegen seiner hervorragenden Lage und Ruhe ein ideales Ziel f\u00fcr Schriftsteller, Musiker, Maler und K\u00fcnstler.<\/p>\n","protected":false},"featured_media":23657,"template":"","accommodation_strenghts":[],"season":[234,229,239,242],"accommodation_amenities":[],"amw_accommodation_type":[518],"class_list":["post-23699","amw_accommodation","type-amw_accommodation","status-publish","has-post-thumbnail","hentry","season-fruehling","season-herbst","season-sommer","season-winter-de","amw_accommodation_type-ferienwohnungen"],"yoast_head":"<!-- This site is optimized with the Yoast SEO plugin v27.3 - https:\/\/yoast.com\/product\/yoast-seo-wordpress\/ -->\n<title>JoR\u00ec Vista Amalfi - Visit Amalfi<\/title>\n<meta name=\"robots\" content=\"index, follow, max-snippet:-1, max-image-preview:large, max-video-preview:-1\" \/>\n<link rel=\"canonical\" href=\"https:\/\/www.visitamalfi.info\/de\/amw-accommodation\/jori-vista-amalfi\/\" \/>\n<meta property=\"og:locale\" content=\"de_DE\" \/>\n<meta property=\"og:type\" content=\"article\" \/>\n<meta property=\"og:title\" content=\"JoR\u00ec Vista Amalfi - Visit Amalfi\" \/>\n<meta property=\"og:description\" content=\"JoR\u00ec ist wegen seiner hervorragenden Lage und Ruhe ein ideales Ziel f\u00fcr Schriftsteller, Musiker, Maler und K\u00fcnstler.\" \/>\n<meta property=\"og:url\" content=\"https:\/\/www.visitamalfi.info\/de\/amw-accommodation\/jori-vista-amalfi\/\" \/>\n<meta property=\"og:site_name\" content=\"Visit Amalfi\" \/>\n<meta property=\"article:publisher\" content=\"https:\/\/www.facebook.com\/visitamalfiofficial\" \/>\n<meta property=\"article:modified_time\" content=\"2026-01-12T10:01:22+00:00\" \/>\n<meta property=\"og:image\" content=\"https:\/\/www.visitamalfi.info\/wp-content\/uploads\/2026\/01\/PHOTO-2025-12-09-21-52-53-1.jpg\" \/>\n\t<meta property=\"og:image:width\" content=\"1024\" \/>\n\t<meta property=\"og:image:height\" content=\"683\" \/>\n\t<meta property=\"og:image:type\" content=\"image\/jpeg\" \/>\n<meta name=\"twitter:card\" content=\"summary_large_image\" \/>\n<meta name=\"twitter:label1\" content=\"Gesch\u00e4tzte Lesezeit\" \/>\n\t<meta name=\"twitter:data1\" content=\"1\u00a0Minute\" \/>\n<script type=\"application\/ld+json\" class=\"yoast-schema-graph\">{\"@context\":\"https:\\\/\\\/schema.org\",\"@graph\":[{\"@type\":\"WebPage\",\"@id\":\"https:\\\/\\\/www.visitamalfi.info\\\/de\\\/amw-accommodation\\\/jori-vista-amalfi\\\/\",\"url\":\"https:\\\/\\\/www.visitamalfi.info\\\/de\\\/amw-accommodation\\\/jori-vista-amalfi\\\/\",\"name\":\"JoR\u00ec Vista Amalfi - Visit Amalfi\",\"isPartOf\":{\"@id\":\"https:\\\/\\\/www.visitamalfi.info\\\/de\\\/#website\"},\"primaryImageOfPage\":{\"@id\":\"https:\\\/\\\/www.visitamalfi.info\\\/de\\\/amw-accommodation\\\/jori-vista-amalfi\\\/#primaryimage\"},\"image\":{\"@id\":\"https:\\\/\\\/www.visitamalfi.info\\\/de\\\/amw-accommodation\\\/jori-vista-amalfi\\\/#primaryimage\"},\"thumbnailUrl\":\"https:\\\/\\\/www.visitamalfi.info\\\/wp-content\\\/uploads\\\/2026\\\/01\\\/PHOTO-2025-12-09-21-52-53-1.jpg\",\"datePublished\":\"2026-01-09T12:04:03+00:00\",\"dateModified\":\"2026-01-12T10:01:22+00:00\",\"breadcrumb\":{\"@id\":\"https:\\\/\\\/www.visitamalfi.info\\\/de\\\/amw-accommodation\\\/jori-vista-amalfi\\\/#breadcrumb\"},\"inLanguage\":\"de\",\"potentialAction\":[{\"@type\":\"ReadAction\",\"target\":[\"https:\\\/\\\/www.visitamalfi.info\\\/de\\\/amw-accommodation\\\/jori-vista-amalfi\\\/\"]}]},{\"@type\":\"ImageObject\",\"inLanguage\":\"de\",\"@id\":\"https:\\\/\\\/www.visitamalfi.info\\\/de\\\/amw-accommodation\\\/jori-vista-amalfi\\\/#primaryimage\",\"url\":\"https:\\\/\\\/www.visitamalfi.info\\\/wp-content\\\/uploads\\\/2026\\\/01\\\/PHOTO-2025-12-09-21-52-53-1.jpg\",\"contentUrl\":\"https:\\\/\\\/www.visitamalfi.info\\\/wp-content\\\/uploads\\\/2026\\\/01\\\/PHOTO-2025-12-09-21-52-53-1.jpg\",\"width\":1024,\"height\":683,\"caption\":\"Jori\u0300 Vista Amalfi_View\"},{\"@type\":\"BreadcrumbList\",\"@id\":\"https:\\\/\\\/www.visitamalfi.info\\\/de\\\/amw-accommodation\\\/jori-vista-amalfi\\\/#breadcrumb\",\"itemListElement\":[{\"@type\":\"ListItem\",\"position\":1,\"name\":\"Home\",\"item\":\"https:\\\/\\\/www.visitamalfi.info\\\/de\\\/\"},{\"@type\":\"ListItem\",\"position\":2,\"name\":\"JoR\u00ec Vista Amalfi\"}]},{\"@type\":\"WebSite\",\"@id\":\"https:\\\/\\\/www.visitamalfi.info\\\/de\\\/#website\",\"url\":\"https:\\\/\\\/www.visitamalfi.info\\\/de\\\/\",\"name\":\"Visit Amalfi\",\"description\":\"Amalfi Destination Official Website\",\"publisher\":{\"@id\":\"https:\\\/\\\/www.visitamalfi.info\\\/de\\\/#organization\"},\"potentialAction\":[{\"@type\":\"SearchAction\",\"target\":{\"@type\":\"EntryPoint\",\"urlTemplate\":\"https:\\\/\\\/www.visitamalfi.info\\\/de\\\/?s={search_term_string}\"},\"query-input\":{\"@type\":\"PropertyValueSpecification\",\"valueRequired\":true,\"valueName\":\"search_term_string\"}}],\"inLanguage\":\"de\"},{\"@type\":\"Organization\",\"@id\":\"https:\\\/\\\/www.visitamalfi.info\\\/de\\\/#organization\",\"name\":\"Visit Amalfi\",\"url\":\"https:\\\/\\\/www.visitamalfi.info\\\/de\\\/\",\"logo\":{\"@type\":\"ImageObject\",\"inLanguage\":\"de\",\"@id\":\"https:\\\/\\\/www.visitamalfi.info\\\/de\\\/#\\\/schema\\\/logo\\\/image\\\/\",\"url\":\"https:\\\/\\\/www.visitamalfi.info\\\/wp-content\\\/uploads\\\/2023\\\/04\\\/visit-amalfi-logo-web.png\",\"contentUrl\":\"https:\\\/\\\/www.visitamalfi.info\\\/wp-content\\\/uploads\\\/2023\\\/04\\\/visit-amalfi-logo-web.png\",\"width\":800,\"height\":870,\"caption\":\"Visit Amalfi\"},\"image\":{\"@id\":\"https:\\\/\\\/www.visitamalfi.info\\\/de\\\/#\\\/schema\\\/logo\\\/image\\\/\"},\"sameAs\":[\"https:\\\/\\\/www.facebook.com\\\/visitamalfiofficial\",\"https:\\\/\\\/www.instagram.com\\\/visitamalfiofficial\\\/\"]}]}<\/script>\n<!-- \/ Yoast SEO plugin. -->","yoast_head_json":{"title":"JoR\u00ec Vista Amalfi - Visit Amalfi","robots":{"index":"index","follow":"follow","max-snippet":"max-snippet:-1","max-image-preview":"max-image-preview:large","max-video-preview":"max-video-preview:-1"},"canonical":"https:\/\/www.visitamalfi.info\/de\/amw-accommodation\/jori-vista-amalfi\/","og_locale":"de_DE","og_type":"article","og_title":"JoR\u00ec Vista Amalfi - Visit Amalfi","og_description":"JoR\u00ec ist wegen seiner hervorragenden Lage und Ruhe ein ideales Ziel f\u00fcr Schriftsteller, Musiker, Maler und K\u00fcnstler.","og_url":"https:\/\/www.visitamalfi.info\/de\/amw-accommodation\/jori-vista-amalfi\/","og_site_name":"Visit Amalfi","article_publisher":"https:\/\/www.facebook.com\/visitamalfiofficial","article_modified_time":"2026-01-12T10:01:22+00:00","og_image":[{"width":1024,"height":683,"url":"https:\/\/www.visitamalfi.info\/wp-content\/uploads\/2026\/01\/PHOTO-2025-12-09-21-52-53-1.jpg","type":"image\/jpeg"}],"twitter_card":"summary_large_image","twitter_misc":{"Gesch\u00e4tzte Lesezeit":"1\u00a0Minute"},"schema":{"@context":"https:\/\/schema.org","@graph":[{"@type":"WebPage","@id":"https:\/\/www.visitamalfi.info\/de\/amw-accommodation\/jori-vista-amalfi\/","url":"https:\/\/www.visitamalfi.info\/de\/amw-accommodation\/jori-vista-amalfi\/","name":"JoR\u00ec Vista Amalfi - Visit Amalfi","isPartOf":{"@id":"https:\/\/www.visitamalfi.info\/de\/#website"},"primaryImageOfPage":{"@id":"https:\/\/www.visitamalfi.info\/de\/amw-accommodation\/jori-vista-amalfi\/#primaryimage"},"image":{"@id":"https:\/\/www.visitamalfi.info\/de\/amw-accommodation\/jori-vista-amalfi\/#primaryimage"},"thumbnailUrl":"https:\/\/www.visitamalfi.info\/wp-content\/uploads\/2026\/01\/PHOTO-2025-12-09-21-52-53-1.jpg","datePublished":"2026-01-09T12:04:03+00:00","dateModified":"2026-01-12T10:01:22+00:00","breadcrumb":{"@id":"https:\/\/www.visitamalfi.info\/de\/amw-accommodation\/jori-vista-amalfi\/#breadcrumb"},"inLanguage":"de","potentialAction":[{"@type":"ReadAction","target":["https:\/\/www.visitamalfi.info\/de\/amw-accommodation\/jori-vista-amalfi\/"]}]},{"@type":"ImageObject","inLanguage":"de","@id":"https:\/\/www.visitamalfi.info\/de\/amw-accommodation\/jori-vista-amalfi\/#primaryimage","url":"https:\/\/www.visitamalfi.info\/wp-content\/uploads\/2026\/01\/PHOTO-2025-12-09-21-52-53-1.jpg","contentUrl":"https:\/\/www.visitamalfi.info\/wp-content\/uploads\/2026\/01\/PHOTO-2025-12-09-21-52-53-1.jpg","width":1024,"height":683,"caption":"Jori\u0300 Vista Amalfi_View"},{"@type":"BreadcrumbList","@id":"https:\/\/www.visitamalfi.info\/de\/amw-accommodation\/jori-vista-amalfi\/#breadcrumb","itemListElement":[{"@type":"ListItem","position":1,"name":"Home","item":"https:\/\/www.visitamalfi.info\/de\/"},{"@type":"ListItem","position":2,"name":"JoR\u00ec Vista Amalfi"}]},{"@type":"WebSite","@id":"https:\/\/www.visitamalfi.info\/de\/#website","url":"https:\/\/www.visitamalfi.info\/de\/","name":"Visit Amalfi","description":"Amalfi Destination Official Website","publisher":{"@id":"https:\/\/www.visitamalfi.info\/de\/#organization"},"potentialAction":[{"@type":"SearchAction","target":{"@type":"EntryPoint","urlTemplate":"https:\/\/www.visitamalfi.info\/de\/?s={search_term_string}"},"query-input":{"@type":"PropertyValueSpecification","valueRequired":true,"valueName":"search_term_string"}}],"inLanguage":"de"},{"@type":"Organization","@id":"https:\/\/www.visitamalfi.info\/de\/#organization","name":"Visit Amalfi","url":"https:\/\/www.visitamalfi.info\/de\/","logo":{"@type":"ImageObject","inLanguage":"de","@id":"https:\/\/www.visitamalfi.info\/de\/#\/schema\/logo\/image\/","url":"https:\/\/www.visitamalfi.info\/wp-content\/uploads\/2023\/04\/visit-amalfi-logo-web.png","contentUrl":"https:\/\/www.visitamalfi.info\/wp-content\/uploads\/2023\/04\/visit-amalfi-logo-web.png","width":800,"height":870,"caption":"Visit Amalfi"},"image":{"@id":"https:\/\/www.visitamalfi.info\/de\/#\/schema\/logo\/image\/"},"sameAs":["https:\/\/www.facebook.com\/visitamalfiofficial","https:\/\/www.instagram.com\/visitamalfiofficial\/"]}]}},"_links":{"self":[{"href":"https:\/\/www.visitamalfi.info\/de\/wp-json\/wp\/v2\/amw_accommodation\/23699","targetHints":{"allow":["GET"]}}],"collection":[{"href":"https:\/\/www.visitamalfi.info\/de\/wp-json\/wp\/v2\/amw_accommodation"}],"about":[{"href":"https:\/\/www.visitamalfi.info\/de\/wp-json\/wp\/v2\/types\/amw_accommodation"}],"version-history":[{"count":2,"href":"https:\/\/www.visitamalfi.info\/de\/wp-json\/wp\/v2\/amw_accommodation\/23699\/revisions"}],"predecessor-version":[{"id":23714,"href":"https:\/\/www.visitamalfi.info\/de\/wp-json\/wp\/v2\/amw_accommodation\/23699\/revisions\/23714"}],"wp:featuredmedia":[{"embeddable":true,"href":"https:\/\/www.visitamalfi.info\/de\/wp-json\/wp\/v2\/media\/23657"}],"wp:attachment":[{"href":"https:\/\/www.visitamalfi.info\/de\/wp-json\/wp\/v2\/media?parent=23699"}],"wp:term":[{"taxonomy":"accommodation_strenghts","embeddable":true,"href":"https:\/\/www.visitamalfi.info\/de\/wp-json\/wp\/v2\/accommodation_strenghts?post=23699"},{"taxonomy":"season","embeddable":true,"href":"https:\/\/www.visitamalfi.info\/de\/wp-json\/wp\/v2\/season?post=23699"},{"taxonomy":"accommodation_amenities","embeddable":true,"href":"https:\/\/www.visitamalfi.info\/de\/wp-json\/wp\/v2\/accommodation_amenities?post=23699"},{"taxonomy":"amw_accommodation_type","embeddable":true,"href":"https:\/\/www.visitamalfi.info\/de\/wp-json\/wp\/v2\/amw_accommodation_type?post=23699"}],"curies":[{"name":"wp","href":"https:\/\/api.w.org\/{rel}","templated":true}]}}