{"id":19346,"date":"2024-06-26T13:46:32","date_gmt":"2024-06-26T11:46:32","guid":{"rendered":"https:\/\/www.visitamalfi.info\/amw-accommodation\/residenza-ester\/"},"modified":"2026-02-09T12:58:24","modified_gmt":"2026-02-09T11:58:24","slug":"residenza-ester","status":"publish","type":"amw_accommodation","link":"https:\/\/www.visitamalfi.info\/de\/amw-accommodation\/residenza-ester\/","title":{"rendered":"Residenza Ester"},"content":{"rendered":"<div id='gallery-1' class='gallery galleryid-19346 gallery-columns-4 gallery-size-thumbnail'><figure class='gallery-item'>\n\t\t\t<div class='gallery-icon landscape'>\n\t\t\t\t<a href='https:\/\/www.visitamalfi.info\/wp-content\/uploads\/2024\/06\/image00007.jpeg' data-lightbox=\"gal[19346]\"><img fetchpriority=\"high\" decoding=\"async\" width=\"300\" height=\"300\" src=\"https:\/\/www.visitamalfi.info\/wp-content\/uploads\/2024\/06\/image00007-300x300.jpeg\" class=\"attachment-thumbnail size-thumbnail\" alt=\"Amalfi_Residenza Ester_Bedroom\" srcset=\"https:\/\/www.visitamalfi.info\/wp-content\/uploads\/2024\/06\/image00007-300x300.jpeg 300w, https:\/\/www.visitamalfi.info\/wp-content\/uploads\/2024\/06\/image00007-510x510.jpeg 510w, https:\/\/www.visitamalfi.info\/wp-content\/uploads\/2024\/06\/image00007-160x160.jpeg 160w\" sizes=\"(max-width: 300px) 100vw, 300px\" \/><\/a>\n\t\t\t<\/div><\/figure><figure class='gallery-item'>\n\t\t\t<div class='gallery-icon portrait'>\n\t\t\t\t<a href='https:\/\/www.visitamalfi.info\/wp-content\/uploads\/2024\/06\/image00005.jpeg' data-lightbox=\"gal[19346]\"><img decoding=\"async\" width=\"300\" height=\"300\" src=\"https:\/\/www.visitamalfi.info\/wp-content\/uploads\/2024\/06\/image00005-300x300.jpeg\" class=\"attachment-thumbnail size-thumbnail\" alt=\"Amalfi_Residenza Ester_Bathroom\" srcset=\"https:\/\/www.visitamalfi.info\/wp-content\/uploads\/2024\/06\/image00005-300x300.jpeg 300w, https:\/\/www.visitamalfi.info\/wp-content\/uploads\/2024\/06\/image00005-510x510.jpeg 510w, https:\/\/www.visitamalfi.info\/wp-content\/uploads\/2024\/06\/image00005-160x160.jpeg 160w\" sizes=\"(max-width: 300px) 100vw, 300px\" \/><\/a>\n\t\t\t<\/div><\/figure><figure class='gallery-item'>\n\t\t\t<div class='gallery-icon landscape'>\n\t\t\t\t<a href='https:\/\/www.visitamalfi.info\/wp-content\/uploads\/2024\/06\/image00001.jpeg' data-lightbox=\"gal[19346]\"><img decoding=\"async\" width=\"300\" height=\"300\" src=\"https:\/\/www.visitamalfi.info\/wp-content\/uploads\/2024\/06\/image00001-300x300.jpeg\" class=\"attachment-thumbnail size-thumbnail\" alt=\"Amalfi_Residenza Ester_Bedroom\" srcset=\"https:\/\/www.visitamalfi.info\/wp-content\/uploads\/2024\/06\/image00001-300x300.jpeg 300w, https:\/\/www.visitamalfi.info\/wp-content\/uploads\/2024\/06\/image00001-510x510.jpeg 510w, https:\/\/www.visitamalfi.info\/wp-content\/uploads\/2024\/06\/image00001-160x160.jpeg 160w\" sizes=\"(max-width: 300px) 100vw, 300px\" \/><\/a>\n\t\t\t<\/div><\/figure><figure class='gallery-item'>\n\t\t\t<div class='gallery-icon portrait'>\n\t\t\t\t<a href='https:\/\/www.visitamalfi.info\/wp-content\/uploads\/2024\/06\/image00006.jpeg' data-lightbox=\"gal[19346]\"><img loading=\"lazy\" decoding=\"async\" width=\"300\" height=\"300\" src=\"https:\/\/www.visitamalfi.info\/wp-content\/uploads\/2024\/06\/image00006-300x300.jpeg\" class=\"attachment-thumbnail size-thumbnail\" alt=\"Amalfi_Residenza Ester_Terrace\" srcset=\"https:\/\/www.visitamalfi.info\/wp-content\/uploads\/2024\/06\/image00006-300x300.jpeg 300w, https:\/\/www.visitamalfi.info\/wp-content\/uploads\/2024\/06\/image00006-510x510.jpeg 510w, https:\/\/www.visitamalfi.info\/wp-content\/uploads\/2024\/06\/image00006-160x160.jpeg 160w\" sizes=\"(max-width: 300px) 100vw, 300px\" \/><\/a>\n\t\t\t<\/div><\/figure>\n\t\t<\/div>\n\n<p>Die k\u00fcrzlich renovierte Residenza Ester befindet sich im Zentrum von Amalfi und ist der perfekte Ort f\u00fcr einen ruhigen und komfortablen Aufenthalt. Vom Stadtzentrum aus leicht zu erreichen und durch die charakteristischen Gassen Amalfis, erreichen Sie die Struktur in wenigen Minuten, wo Sie von der Freundlichkeit und Herzlichkeit der Gastgeber empfangen werden, die Sie Schritt f\u00fcr Schritt von Ihrer Ankunft in Amalfi bis zum Ende Ihres Aufenthaltes begleiten werden.<\/p>\n<p>Die Residenza Ester bietet 2 Doppelzimmer, 1 Vierbettzimmer und eine unabh\u00e4ngige Wohnung mit K\u00fcche f\u00fcr 4 Personen. Die Unterk\u00fcnfte sind mit jeglichem Komfort ausgestattet. Der minimalistische Stil und die Einrichtung mit weichen Linien und Pastellt\u00f6nen harmonieren gut mit der nat\u00fcrlichen Landschaft, die Sie von den Balkonen und Terrassen aus bewundern k\u00f6nnen.<\/p>\n<p>Das Juwel in der Krone ist zweifelsohne der Empfang. Die Gebr\u00fcder Camera, Andrea und Cristian, werden Sie mit Anmut und Professionalit\u00e4t in Amalfi willkommen hei\u00dfen. Die G\u00e4ste werden bei der Anreise unterst\u00fctzt und pers\u00f6nlich zum Hotel begleitet. Sie stehen w\u00e4hrend des gesamten Aufenthalts f\u00fcr Informationen zur Verf\u00fcgung und bieten beim Check-out Unterst\u00fctzung bei allen Fragen.<\/p>\n<p>Die Residenza Ester ist die ideale L\u00f6sung f\u00fcr alle, die einen ruhigen, komfortablen Aufenthalt suchen, bei dem sie sich wie zu Hause f\u00fchlen.<\/p>\n","protected":false},"excerpt":{"rendered":"<p>Die k\u00fcrzlich renovierte Residenza Ester befindet sich im Zentrum von Amalfi und ist der perfekte Ort f\u00fcr einen ruhigen und komfortablen Aufenthalt.<\/p>\n","protected":false},"featured_media":19297,"template":"","accommodation_strenghts":[],"season":[234,229,239,242],"accommodation_amenities":[],"amw_accommodation_type":[514],"class_list":["post-19346","amw_accommodation","type-amw_accommodation","status-publish","has-post-thumbnail","hentry","season-fruehling","season-herbst","season-sommer","season-winter-de","amw_accommodation_type-zimmer"],"yoast_head":"<!-- This site is optimized with the Yoast SEO plugin v27.3 - https:\/\/yoast.com\/product\/yoast-seo-wordpress\/ -->\n<title>Residenza Ester - Visit Amalfi<\/title>\n<meta name=\"robots\" content=\"index, follow, max-snippet:-1, max-image-preview:large, max-video-preview:-1\" \/>\n<link rel=\"canonical\" href=\"https:\/\/www.visitamalfi.info\/de\/amw-accommodation\/residenza-ester\/\" \/>\n<meta property=\"og:locale\" content=\"de_DE\" \/>\n<meta property=\"og:type\" content=\"article\" \/>\n<meta property=\"og:title\" content=\"Residenza Ester - Visit Amalfi\" \/>\n<meta property=\"og:description\" content=\"Die k\u00fcrzlich renovierte Residenza Ester befindet sich im Zentrum von Amalfi und ist der perfekte Ort f\u00fcr einen ruhigen und komfortablen Aufenthalt.\" \/>\n<meta property=\"og:url\" content=\"https:\/\/www.visitamalfi.info\/de\/amw-accommodation\/residenza-ester\/\" \/>\n<meta property=\"og:site_name\" content=\"Visit Amalfi\" \/>\n<meta property=\"article:publisher\" content=\"https:\/\/www.facebook.com\/visitamalfiofficial\" \/>\n<meta property=\"article:modified_time\" content=\"2026-02-09T11:58:24+00:00\" \/>\n<meta property=\"og:image\" content=\"https:\/\/www.visitamalfi.info\/wp-content\/uploads\/2024\/06\/image00002.jpeg\" \/>\n\t<meta property=\"og:image:width\" content=\"1280\" \/>\n\t<meta property=\"og:image:height\" content=\"1920\" \/>\n\t<meta property=\"og:image:type\" content=\"image\/jpeg\" \/>\n<meta name=\"twitter:card\" content=\"summary_large_image\" \/>\n<meta name=\"twitter:label1\" content=\"Gesch\u00e4tzte Lesezeit\" \/>\n\t<meta name=\"twitter:data1\" content=\"1\u00a0Minute\" \/>\n<script type=\"application\/ld+json\" class=\"yoast-schema-graph\">{\"@context\":\"https:\\\/\\\/schema.org\",\"@graph\":[{\"@type\":\"WebPage\",\"@id\":\"https:\\\/\\\/www.visitamalfi.info\\\/de\\\/amw-accommodation\\\/residenza-ester\\\/\",\"url\":\"https:\\\/\\\/www.visitamalfi.info\\\/de\\\/amw-accommodation\\\/residenza-ester\\\/\",\"name\":\"Residenza Ester - Visit Amalfi\",\"isPartOf\":{\"@id\":\"https:\\\/\\\/www.visitamalfi.info\\\/de\\\/#website\"},\"primaryImageOfPage\":{\"@id\":\"https:\\\/\\\/www.visitamalfi.info\\\/de\\\/amw-accommodation\\\/residenza-ester\\\/#primaryimage\"},\"image\":{\"@id\":\"https:\\\/\\\/www.visitamalfi.info\\\/de\\\/amw-accommodation\\\/residenza-ester\\\/#primaryimage\"},\"thumbnailUrl\":\"https:\\\/\\\/www.visitamalfi.info\\\/wp-content\\\/uploads\\\/2024\\\/06\\\/image00002.jpeg\",\"datePublished\":\"2024-06-26T11:46:32+00:00\",\"dateModified\":\"2026-02-09T11:58:24+00:00\",\"breadcrumb\":{\"@id\":\"https:\\\/\\\/www.visitamalfi.info\\\/de\\\/amw-accommodation\\\/residenza-ester\\\/#breadcrumb\"},\"inLanguage\":\"de\",\"potentialAction\":[{\"@type\":\"ReadAction\",\"target\":[\"https:\\\/\\\/www.visitamalfi.info\\\/de\\\/amw-accommodation\\\/residenza-ester\\\/\"]}]},{\"@type\":\"ImageObject\",\"inLanguage\":\"de\",\"@id\":\"https:\\\/\\\/www.visitamalfi.info\\\/de\\\/amw-accommodation\\\/residenza-ester\\\/#primaryimage\",\"url\":\"https:\\\/\\\/www.visitamalfi.info\\\/wp-content\\\/uploads\\\/2024\\\/06\\\/image00002.jpeg\",\"contentUrl\":\"https:\\\/\\\/www.visitamalfi.info\\\/wp-content\\\/uploads\\\/2024\\\/06\\\/image00002.jpeg\",\"width\":1280,\"height\":1920,\"caption\":\"Amalfi_Residenza Ester_Balcony\"},{\"@type\":\"BreadcrumbList\",\"@id\":\"https:\\\/\\\/www.visitamalfi.info\\\/de\\\/amw-accommodation\\\/residenza-ester\\\/#breadcrumb\",\"itemListElement\":[{\"@type\":\"ListItem\",\"position\":1,\"name\":\"Home\",\"item\":\"https:\\\/\\\/www.visitamalfi.info\\\/de\\\/\"},{\"@type\":\"ListItem\",\"position\":2,\"name\":\"Residenza Ester\"}]},{\"@type\":\"WebSite\",\"@id\":\"https:\\\/\\\/www.visitamalfi.info\\\/de\\\/#website\",\"url\":\"https:\\\/\\\/www.visitamalfi.info\\\/de\\\/\",\"name\":\"Visit Amalfi\",\"description\":\"Amalfi Destination Official Website\",\"publisher\":{\"@id\":\"https:\\\/\\\/www.visitamalfi.info\\\/de\\\/#organization\"},\"potentialAction\":[{\"@type\":\"SearchAction\",\"target\":{\"@type\":\"EntryPoint\",\"urlTemplate\":\"https:\\\/\\\/www.visitamalfi.info\\\/de\\\/?s={search_term_string}\"},\"query-input\":{\"@type\":\"PropertyValueSpecification\",\"valueRequired\":true,\"valueName\":\"search_term_string\"}}],\"inLanguage\":\"de\"},{\"@type\":\"Organization\",\"@id\":\"https:\\\/\\\/www.visitamalfi.info\\\/de\\\/#organization\",\"name\":\"Visit Amalfi\",\"url\":\"https:\\\/\\\/www.visitamalfi.info\\\/de\\\/\",\"logo\":{\"@type\":\"ImageObject\",\"inLanguage\":\"de\",\"@id\":\"https:\\\/\\\/www.visitamalfi.info\\\/de\\\/#\\\/schema\\\/logo\\\/image\\\/\",\"url\":\"https:\\\/\\\/www.visitamalfi.info\\\/wp-content\\\/uploads\\\/2023\\\/04\\\/visit-amalfi-logo-web.png\",\"contentUrl\":\"https:\\\/\\\/www.visitamalfi.info\\\/wp-content\\\/uploads\\\/2023\\\/04\\\/visit-amalfi-logo-web.png\",\"width\":800,\"height\":870,\"caption\":\"Visit Amalfi\"},\"image\":{\"@id\":\"https:\\\/\\\/www.visitamalfi.info\\\/de\\\/#\\\/schema\\\/logo\\\/image\\\/\"},\"sameAs\":[\"https:\\\/\\\/www.facebook.com\\\/visitamalfiofficial\",\"https:\\\/\\\/www.instagram.com\\\/visitamalfiofficial\\\/\"]}]}<\/script>\n<!-- \/ Yoast SEO plugin. -->","yoast_head_json":{"title":"Residenza Ester - Visit Amalfi","robots":{"index":"index","follow":"follow","max-snippet":"max-snippet:-1","max-image-preview":"max-image-preview:large","max-video-preview":"max-video-preview:-1"},"canonical":"https:\/\/www.visitamalfi.info\/de\/amw-accommodation\/residenza-ester\/","og_locale":"de_DE","og_type":"article","og_title":"Residenza Ester - Visit Amalfi","og_description":"Die k\u00fcrzlich renovierte Residenza Ester befindet sich im Zentrum von Amalfi und ist der perfekte Ort f\u00fcr einen ruhigen und komfortablen Aufenthalt.","og_url":"https:\/\/www.visitamalfi.info\/de\/amw-accommodation\/residenza-ester\/","og_site_name":"Visit Amalfi","article_publisher":"https:\/\/www.facebook.com\/visitamalfiofficial","article_modified_time":"2026-02-09T11:58:24+00:00","og_image":[{"width":1280,"height":1920,"url":"https:\/\/www.visitamalfi.info\/wp-content\/uploads\/2024\/06\/image00002.jpeg","type":"image\/jpeg"}],"twitter_card":"summary_large_image","twitter_misc":{"Gesch\u00e4tzte Lesezeit":"1\u00a0Minute"},"schema":{"@context":"https:\/\/schema.org","@graph":[{"@type":"WebPage","@id":"https:\/\/www.visitamalfi.info\/de\/amw-accommodation\/residenza-ester\/","url":"https:\/\/www.visitamalfi.info\/de\/amw-accommodation\/residenza-ester\/","name":"Residenza Ester - Visit Amalfi","isPartOf":{"@id":"https:\/\/www.visitamalfi.info\/de\/#website"},"primaryImageOfPage":{"@id":"https:\/\/www.visitamalfi.info\/de\/amw-accommodation\/residenza-ester\/#primaryimage"},"image":{"@id":"https:\/\/www.visitamalfi.info\/de\/amw-accommodation\/residenza-ester\/#primaryimage"},"thumbnailUrl":"https:\/\/www.visitamalfi.info\/wp-content\/uploads\/2024\/06\/image00002.jpeg","datePublished":"2024-06-26T11:46:32+00:00","dateModified":"2026-02-09T11:58:24+00:00","breadcrumb":{"@id":"https:\/\/www.visitamalfi.info\/de\/amw-accommodation\/residenza-ester\/#breadcrumb"},"inLanguage":"de","potentialAction":[{"@type":"ReadAction","target":["https:\/\/www.visitamalfi.info\/de\/amw-accommodation\/residenza-ester\/"]}]},{"@type":"ImageObject","inLanguage":"de","@id":"https:\/\/www.visitamalfi.info\/de\/amw-accommodation\/residenza-ester\/#primaryimage","url":"https:\/\/www.visitamalfi.info\/wp-content\/uploads\/2024\/06\/image00002.jpeg","contentUrl":"https:\/\/www.visitamalfi.info\/wp-content\/uploads\/2024\/06\/image00002.jpeg","width":1280,"height":1920,"caption":"Amalfi_Residenza Ester_Balcony"},{"@type":"BreadcrumbList","@id":"https:\/\/www.visitamalfi.info\/de\/amw-accommodation\/residenza-ester\/#breadcrumb","itemListElement":[{"@type":"ListItem","position":1,"name":"Home","item":"https:\/\/www.visitamalfi.info\/de\/"},{"@type":"ListItem","position":2,"name":"Residenza Ester"}]},{"@type":"WebSite","@id":"https:\/\/www.visitamalfi.info\/de\/#website","url":"https:\/\/www.visitamalfi.info\/de\/","name":"Visit Amalfi","description":"Amalfi Destination Official Website","publisher":{"@id":"https:\/\/www.visitamalfi.info\/de\/#organization"},"potentialAction":[{"@type":"SearchAction","target":{"@type":"EntryPoint","urlTemplate":"https:\/\/www.visitamalfi.info\/de\/?s={search_term_string}"},"query-input":{"@type":"PropertyValueSpecification","valueRequired":true,"valueName":"search_term_string"}}],"inLanguage":"de"},{"@type":"Organization","@id":"https:\/\/www.visitamalfi.info\/de\/#organization","name":"Visit Amalfi","url":"https:\/\/www.visitamalfi.info\/de\/","logo":{"@type":"ImageObject","inLanguage":"de","@id":"https:\/\/www.visitamalfi.info\/de\/#\/schema\/logo\/image\/","url":"https:\/\/www.visitamalfi.info\/wp-content\/uploads\/2023\/04\/visit-amalfi-logo-web.png","contentUrl":"https:\/\/www.visitamalfi.info\/wp-content\/uploads\/2023\/04\/visit-amalfi-logo-web.png","width":800,"height":870,"caption":"Visit Amalfi"},"image":{"@id":"https:\/\/www.visitamalfi.info\/de\/#\/schema\/logo\/image\/"},"sameAs":["https:\/\/www.facebook.com\/visitamalfiofficial","https:\/\/www.instagram.com\/visitamalfiofficial\/"]}]}},"_links":{"self":[{"href":"https:\/\/www.visitamalfi.info\/de\/wp-json\/wp\/v2\/amw_accommodation\/19346","targetHints":{"allow":["GET"]}}],"collection":[{"href":"https:\/\/www.visitamalfi.info\/de\/wp-json\/wp\/v2\/amw_accommodation"}],"about":[{"href":"https:\/\/www.visitamalfi.info\/de\/wp-json\/wp\/v2\/types\/amw_accommodation"}],"version-history":[{"count":1,"href":"https:\/\/www.visitamalfi.info\/de\/wp-json\/wp\/v2\/amw_accommodation\/19346\/revisions"}],"predecessor-version":[{"id":23872,"href":"https:\/\/www.visitamalfi.info\/de\/wp-json\/wp\/v2\/amw_accommodation\/19346\/revisions\/23872"}],"wp:featuredmedia":[{"embeddable":true,"href":"https:\/\/www.visitamalfi.info\/de\/wp-json\/wp\/v2\/media\/19297"}],"wp:attachment":[{"href":"https:\/\/www.visitamalfi.info\/de\/wp-json\/wp\/v2\/media?parent=19346"}],"wp:term":[{"taxonomy":"accommodation_strenghts","embeddable":true,"href":"https:\/\/www.visitamalfi.info\/de\/wp-json\/wp\/v2\/accommodation_strenghts?post=19346"},{"taxonomy":"season","embeddable":true,"href":"https:\/\/www.visitamalfi.info\/de\/wp-json\/wp\/v2\/season?post=19346"},{"taxonomy":"accommodation_amenities","embeddable":true,"href":"https:\/\/www.visitamalfi.info\/de\/wp-json\/wp\/v2\/accommodation_amenities?post=19346"},{"taxonomy":"amw_accommodation_type","embeddable":true,"href":"https:\/\/www.visitamalfi.info\/de\/wp-json\/wp\/v2\/amw_accommodation_type?post=19346"}],"curies":[{"name":"wp","href":"https:\/\/api.w.org\/{rel}","templated":true}]}}