{"id":13509,"date":"2023-05-26T14:21:12","date_gmt":"2023-05-26T12:21:12","guid":{"rendered":"https:\/\/www.visitamalfi.info\/amw-accommodation\/la-piazzetta\/"},"modified":"2025-05-19T10:47:20","modified_gmt":"2025-05-19T08:47:20","slug":"la-piazzetta","status":"publish","type":"amw_accommodation","link":"https:\/\/www.visitamalfi.info\/de\/amw-accommodation\/la-piazzetta\/","title":{"rendered":"La Piazzetta"},"content":{"rendered":"<div id='gallery-1' class='gallery galleryid-13509 gallery-columns-4 gallery-size-thumbnail'><figure class='gallery-item'>\n\t\t\t<div class='gallery-icon landscape'>\n\t\t\t\t<a href='https:\/\/www.visitamalfi.info\/wp-content\/uploads\/2023\/05\/3-LA-PIAZZETTA.jpg' data-lightbox=\"gal[13509]\"><img fetchpriority=\"high\" decoding=\"async\" width=\"300\" height=\"300\" src=\"https:\/\/www.visitamalfi.info\/wp-content\/uploads\/2023\/05\/3-LA-PIAZZETTA-300x300.jpg\" class=\"attachment-thumbnail size-thumbnail\" alt=\"La Piazzetta - Amalfi -\" srcset=\"https:\/\/www.visitamalfi.info\/wp-content\/uploads\/2023\/05\/3-LA-PIAZZETTA-300x300.jpg 300w, https:\/\/www.visitamalfi.info\/wp-content\/uploads\/2023\/05\/3-LA-PIAZZETTA-510x510.jpg 510w, https:\/\/www.visitamalfi.info\/wp-content\/uploads\/2023\/05\/3-LA-PIAZZETTA-160x160.jpg 160w\" sizes=\"(max-width: 300px) 100vw, 300px\" \/><\/a>\n\t\t\t<\/div><\/figure><figure class='gallery-item'>\n\t\t\t<div class='gallery-icon landscape'>\n\t\t\t\t<a href='https:\/\/www.visitamalfi.info\/wp-content\/uploads\/2023\/05\/5-LA-PIAZZETTA.jpg' data-lightbox=\"gal[13509]\"><img decoding=\"async\" width=\"300\" height=\"300\" src=\"https:\/\/www.visitamalfi.info\/wp-content\/uploads\/2023\/05\/5-LA-PIAZZETTA-300x300.jpg\" class=\"attachment-thumbnail size-thumbnail\" alt=\"La Piazzetta - Amalfi - Breakfast - City view\" srcset=\"https:\/\/www.visitamalfi.info\/wp-content\/uploads\/2023\/05\/5-LA-PIAZZETTA-300x300.jpg 300w, https:\/\/www.visitamalfi.info\/wp-content\/uploads\/2023\/05\/5-LA-PIAZZETTA-510x510.jpg 510w, https:\/\/www.visitamalfi.info\/wp-content\/uploads\/2023\/05\/5-LA-PIAZZETTA-160x160.jpg 160w\" sizes=\"(max-width: 300px) 100vw, 300px\" \/><\/a>\n\t\t\t<\/div><\/figure><figure class='gallery-item'>\n\t\t\t<div class='gallery-icon landscape'>\n\t\t\t\t<a href='https:\/\/www.visitamalfi.info\/wp-content\/uploads\/2023\/05\/6-LA-PIAZZETTA.jpg' data-lightbox=\"gal[13509]\"><img decoding=\"async\" width=\"300\" height=\"300\" src=\"https:\/\/www.visitamalfi.info\/wp-content\/uploads\/2023\/05\/6-LA-PIAZZETTA-300x300.jpg\" class=\"attachment-thumbnail size-thumbnail\" alt=\"La Piazzetta - Amalfi - Bedroom\" srcset=\"https:\/\/www.visitamalfi.info\/wp-content\/uploads\/2023\/05\/6-LA-PIAZZETTA-300x300.jpg 300w, https:\/\/www.visitamalfi.info\/wp-content\/uploads\/2023\/05\/6-LA-PIAZZETTA-510x510.jpg 510w, https:\/\/www.visitamalfi.info\/wp-content\/uploads\/2023\/05\/6-LA-PIAZZETTA-160x160.jpg 160w\" sizes=\"(max-width: 300px) 100vw, 300px\" \/><\/a>\n\t\t\t<\/div><\/figure><figure class='gallery-item'>\n\t\t\t<div class='gallery-icon landscape'>\n\t\t\t\t<a href='https:\/\/www.visitamalfi.info\/wp-content\/uploads\/2023\/05\/4-LA-PIAZZETTA.jpg' data-lightbox=\"gal[13509]\"><img loading=\"lazy\" decoding=\"async\" width=\"300\" height=\"300\" src=\"https:\/\/www.visitamalfi.info\/wp-content\/uploads\/2023\/05\/4-LA-PIAZZETTA-300x300.jpg\" class=\"attachment-thumbnail size-thumbnail\" alt=\"La Piazzetta - Amalfi - Bedroom\" srcset=\"https:\/\/www.visitamalfi.info\/wp-content\/uploads\/2023\/05\/4-LA-PIAZZETTA-300x300.jpg 300w, https:\/\/www.visitamalfi.info\/wp-content\/uploads\/2023\/05\/4-LA-PIAZZETTA-510x510.jpg 510w, https:\/\/www.visitamalfi.info\/wp-content\/uploads\/2023\/05\/4-LA-PIAZZETTA-160x160.jpg 160w\" sizes=\"(max-width: 300px) 100vw, 300px\" \/><\/a>\n\t\t\t<\/div><\/figure>\n\t\t<\/div>\n\n<p><span style=\"font-weight: 400;\">Das G\u00e4stehaus La Piazzetta liegt nur wenige Schritte von der ber\u00fchmten Piazza Duomo entfernt im Herzen des historischen Zentrums von Amalfi, das durch seine typischen bunten H\u00e4user und alten Gassen gekennzeichnet ist. Das Geb\u00e4ude \u00fcberblickt den mittelalterlichen Platz Spirito Santo, auf dem sich der charakteristische Brunnen Cap&#8217; &#8216;e ciucc&#8221; befindet, der so genannt wurde, weil er einst zum Tr\u00e4nken von Eseln diente.<\/span><\/p>\n<p><span style=\"font-weight: 400;\">Das Hotel verf\u00fcgt \u00fcber Doppel- und Familienzimmer, die mit Klimaanlage, Wi-Fi-Anschluss, TV, eigenem Bad, Pflegeset, Terrasse oder Balkon ausgestattet sind.<\/span><\/p>\n<p><span style=\"font-weight: 400;\">Jeden Morgen k\u00f6nnen die G\u00e4ste ein herzhaftes italienisches Fr\u00fchst\u00fcck auf der Terrasse in der obersten Etage dieses charmanten historischen Geb\u00e4udes genie\u00dfen. <\/span><\/p>\n<p><span style=\"font-weight: 400;\">Die strategische Lage macht es einfach, zu Fu\u00df zu den wichtigsten Attraktionen und allen Dienstleistungen, wie Busse, Boote, Taxis, Gesch\u00e4fte, Bars, Restaurants und Str\u00e4nde.<\/span><\/p>\n<p>&nbsp;<\/p>\n","protected":false},"excerpt":{"rendered":"<p>Das G\u00e4stehaus La Piazzetta liegt nur wenige Schritte von der ber\u00fchmten Piazza Duomo entfernt im Herzen des historischen Zentrums von Amalfi, das durch seine typischen bunten H\u00e4user und alten Gassen gekennzeichnet ist. <\/p>\n","protected":false},"featured_media":13494,"template":"","accommodation_strenghts":[],"season":[234,229,239,242],"accommodation_amenities":[],"amw_accommodation_type":[514],"class_list":["post-13509","amw_accommodation","type-amw_accommodation","status-publish","has-post-thumbnail","hentry","season-fruehling","season-herbst","season-sommer","season-winter-de","amw_accommodation_type-zimmer"],"yoast_head":"<!-- This site is optimized with the Yoast SEO plugin v27.3 - https:\/\/yoast.com\/product\/yoast-seo-wordpress\/ -->\n<title>La Piazzetta - Visit Amalfi<\/title>\n<meta name=\"robots\" content=\"index, follow, max-snippet:-1, max-image-preview:large, max-video-preview:-1\" \/>\n<link rel=\"canonical\" href=\"https:\/\/www.visitamalfi.info\/de\/amw-accommodation\/la-piazzetta\/\" \/>\n<meta property=\"og:locale\" content=\"de_DE\" \/>\n<meta property=\"og:type\" content=\"article\" \/>\n<meta property=\"og:title\" content=\"La Piazzetta - Visit Amalfi\" \/>\n<meta property=\"og:description\" content=\"Das G\u00e4stehaus La Piazzetta liegt nur wenige Schritte von der ber\u00fchmten Piazza Duomo entfernt im Herzen des historischen Zentrums von Amalfi, das durch seine typischen bunten H\u00e4user und alten Gassen gekennzeichnet ist.\" \/>\n<meta property=\"og:url\" content=\"https:\/\/www.visitamalfi.info\/de\/amw-accommodation\/la-piazzetta\/\" \/>\n<meta property=\"og:site_name\" content=\"Visit Amalfi\" \/>\n<meta property=\"article:publisher\" content=\"https:\/\/www.facebook.com\/visitamalfiofficial\" \/>\n<meta property=\"article:modified_time\" content=\"2025-05-19T08:47:20+00:00\" \/>\n<meta property=\"og:image\" content=\"https:\/\/www.visitamalfi.info\/wp-content\/uploads\/2023\/05\/5-LA-PIAZZETTA.jpg\" \/>\n\t<meta property=\"og:image:width\" content=\"1170\" \/>\n\t<meta property=\"og:image:height\" content=\"749\" \/>\n\t<meta property=\"og:image:type\" content=\"image\/jpeg\" \/>\n<meta name=\"twitter:card\" content=\"summary_large_image\" \/>\n<meta name=\"twitter:label1\" content=\"Gesch\u00e4tzte Lesezeit\" \/>\n\t<meta name=\"twitter:data1\" content=\"1\u00a0Minute\" \/>\n<script type=\"application\/ld+json\" class=\"yoast-schema-graph\">{\"@context\":\"https:\\\/\\\/schema.org\",\"@graph\":[{\"@type\":\"WebPage\",\"@id\":\"https:\\\/\\\/www.visitamalfi.info\\\/de\\\/amw-accommodation\\\/la-piazzetta\\\/\",\"url\":\"https:\\\/\\\/www.visitamalfi.info\\\/de\\\/amw-accommodation\\\/la-piazzetta\\\/\",\"name\":\"La Piazzetta - Visit Amalfi\",\"isPartOf\":{\"@id\":\"https:\\\/\\\/www.visitamalfi.info\\\/de\\\/#website\"},\"primaryImageOfPage\":{\"@id\":\"https:\\\/\\\/www.visitamalfi.info\\\/de\\\/amw-accommodation\\\/la-piazzetta\\\/#primaryimage\"},\"image\":{\"@id\":\"https:\\\/\\\/www.visitamalfi.info\\\/de\\\/amw-accommodation\\\/la-piazzetta\\\/#primaryimage\"},\"thumbnailUrl\":\"https:\\\/\\\/www.visitamalfi.info\\\/wp-content\\\/uploads\\\/2023\\\/05\\\/5-LA-PIAZZETTA.jpg\",\"datePublished\":\"2023-05-26T12:21:12+00:00\",\"dateModified\":\"2025-05-19T08:47:20+00:00\",\"breadcrumb\":{\"@id\":\"https:\\\/\\\/www.visitamalfi.info\\\/de\\\/amw-accommodation\\\/la-piazzetta\\\/#breadcrumb\"},\"inLanguage\":\"de\",\"potentialAction\":[{\"@type\":\"ReadAction\",\"target\":[\"https:\\\/\\\/www.visitamalfi.info\\\/de\\\/amw-accommodation\\\/la-piazzetta\\\/\"]}]},{\"@type\":\"ImageObject\",\"inLanguage\":\"de\",\"@id\":\"https:\\\/\\\/www.visitamalfi.info\\\/de\\\/amw-accommodation\\\/la-piazzetta\\\/#primaryimage\",\"url\":\"https:\\\/\\\/www.visitamalfi.info\\\/wp-content\\\/uploads\\\/2023\\\/05\\\/5-LA-PIAZZETTA.jpg\",\"contentUrl\":\"https:\\\/\\\/www.visitamalfi.info\\\/wp-content\\\/uploads\\\/2023\\\/05\\\/5-LA-PIAZZETTA.jpg\",\"width\":1170,\"height\":749,\"caption\":\"La Piazzetta - Amalfi - Breakfast - City view\"},{\"@type\":\"BreadcrumbList\",\"@id\":\"https:\\\/\\\/www.visitamalfi.info\\\/de\\\/amw-accommodation\\\/la-piazzetta\\\/#breadcrumb\",\"itemListElement\":[{\"@type\":\"ListItem\",\"position\":1,\"name\":\"Home\",\"item\":\"https:\\\/\\\/www.visitamalfi.info\\\/de\\\/\"},{\"@type\":\"ListItem\",\"position\":2,\"name\":\"La Piazzetta\"}]},{\"@type\":\"WebSite\",\"@id\":\"https:\\\/\\\/www.visitamalfi.info\\\/de\\\/#website\",\"url\":\"https:\\\/\\\/www.visitamalfi.info\\\/de\\\/\",\"name\":\"Visit Amalfi\",\"description\":\"Amalfi Destination Official Website\",\"publisher\":{\"@id\":\"https:\\\/\\\/www.visitamalfi.info\\\/de\\\/#organization\"},\"potentialAction\":[{\"@type\":\"SearchAction\",\"target\":{\"@type\":\"EntryPoint\",\"urlTemplate\":\"https:\\\/\\\/www.visitamalfi.info\\\/de\\\/?s={search_term_string}\"},\"query-input\":{\"@type\":\"PropertyValueSpecification\",\"valueRequired\":true,\"valueName\":\"search_term_string\"}}],\"inLanguage\":\"de\"},{\"@type\":\"Organization\",\"@id\":\"https:\\\/\\\/www.visitamalfi.info\\\/de\\\/#organization\",\"name\":\"Visit Amalfi\",\"url\":\"https:\\\/\\\/www.visitamalfi.info\\\/de\\\/\",\"logo\":{\"@type\":\"ImageObject\",\"inLanguage\":\"de\",\"@id\":\"https:\\\/\\\/www.visitamalfi.info\\\/de\\\/#\\\/schema\\\/logo\\\/image\\\/\",\"url\":\"https:\\\/\\\/www.visitamalfi.info\\\/wp-content\\\/uploads\\\/2023\\\/04\\\/visit-amalfi-logo-web.png\",\"contentUrl\":\"https:\\\/\\\/www.visitamalfi.info\\\/wp-content\\\/uploads\\\/2023\\\/04\\\/visit-amalfi-logo-web.png\",\"width\":800,\"height\":870,\"caption\":\"Visit Amalfi\"},\"image\":{\"@id\":\"https:\\\/\\\/www.visitamalfi.info\\\/de\\\/#\\\/schema\\\/logo\\\/image\\\/\"},\"sameAs\":[\"https:\\\/\\\/www.facebook.com\\\/visitamalfiofficial\",\"https:\\\/\\\/www.instagram.com\\\/visitamalfiofficial\\\/\"]}]}<\/script>\n<!-- \/ Yoast SEO plugin. -->","yoast_head_json":{"title":"La Piazzetta - Visit Amalfi","robots":{"index":"index","follow":"follow","max-snippet":"max-snippet:-1","max-image-preview":"max-image-preview:large","max-video-preview":"max-video-preview:-1"},"canonical":"https:\/\/www.visitamalfi.info\/de\/amw-accommodation\/la-piazzetta\/","og_locale":"de_DE","og_type":"article","og_title":"La Piazzetta - Visit Amalfi","og_description":"Das G\u00e4stehaus La Piazzetta liegt nur wenige Schritte von der ber\u00fchmten Piazza Duomo entfernt im Herzen des historischen Zentrums von Amalfi, das durch seine typischen bunten H\u00e4user und alten Gassen gekennzeichnet ist.","og_url":"https:\/\/www.visitamalfi.info\/de\/amw-accommodation\/la-piazzetta\/","og_site_name":"Visit Amalfi","article_publisher":"https:\/\/www.facebook.com\/visitamalfiofficial","article_modified_time":"2025-05-19T08:47:20+00:00","og_image":[{"width":1170,"height":749,"url":"https:\/\/www.visitamalfi.info\/wp-content\/uploads\/2023\/05\/5-LA-PIAZZETTA.jpg","type":"image\/jpeg"}],"twitter_card":"summary_large_image","twitter_misc":{"Gesch\u00e4tzte Lesezeit":"1\u00a0Minute"},"schema":{"@context":"https:\/\/schema.org","@graph":[{"@type":"WebPage","@id":"https:\/\/www.visitamalfi.info\/de\/amw-accommodation\/la-piazzetta\/","url":"https:\/\/www.visitamalfi.info\/de\/amw-accommodation\/la-piazzetta\/","name":"La Piazzetta - Visit Amalfi","isPartOf":{"@id":"https:\/\/www.visitamalfi.info\/de\/#website"},"primaryImageOfPage":{"@id":"https:\/\/www.visitamalfi.info\/de\/amw-accommodation\/la-piazzetta\/#primaryimage"},"image":{"@id":"https:\/\/www.visitamalfi.info\/de\/amw-accommodation\/la-piazzetta\/#primaryimage"},"thumbnailUrl":"https:\/\/www.visitamalfi.info\/wp-content\/uploads\/2023\/05\/5-LA-PIAZZETTA.jpg","datePublished":"2023-05-26T12:21:12+00:00","dateModified":"2025-05-19T08:47:20+00:00","breadcrumb":{"@id":"https:\/\/www.visitamalfi.info\/de\/amw-accommodation\/la-piazzetta\/#breadcrumb"},"inLanguage":"de","potentialAction":[{"@type":"ReadAction","target":["https:\/\/www.visitamalfi.info\/de\/amw-accommodation\/la-piazzetta\/"]}]},{"@type":"ImageObject","inLanguage":"de","@id":"https:\/\/www.visitamalfi.info\/de\/amw-accommodation\/la-piazzetta\/#primaryimage","url":"https:\/\/www.visitamalfi.info\/wp-content\/uploads\/2023\/05\/5-LA-PIAZZETTA.jpg","contentUrl":"https:\/\/www.visitamalfi.info\/wp-content\/uploads\/2023\/05\/5-LA-PIAZZETTA.jpg","width":1170,"height":749,"caption":"La Piazzetta - Amalfi - Breakfast - City view"},{"@type":"BreadcrumbList","@id":"https:\/\/www.visitamalfi.info\/de\/amw-accommodation\/la-piazzetta\/#breadcrumb","itemListElement":[{"@type":"ListItem","position":1,"name":"Home","item":"https:\/\/www.visitamalfi.info\/de\/"},{"@type":"ListItem","position":2,"name":"La Piazzetta"}]},{"@type":"WebSite","@id":"https:\/\/www.visitamalfi.info\/de\/#website","url":"https:\/\/www.visitamalfi.info\/de\/","name":"Visit Amalfi","description":"Amalfi Destination Official Website","publisher":{"@id":"https:\/\/www.visitamalfi.info\/de\/#organization"},"potentialAction":[{"@type":"SearchAction","target":{"@type":"EntryPoint","urlTemplate":"https:\/\/www.visitamalfi.info\/de\/?s={search_term_string}"},"query-input":{"@type":"PropertyValueSpecification","valueRequired":true,"valueName":"search_term_string"}}],"inLanguage":"de"},{"@type":"Organization","@id":"https:\/\/www.visitamalfi.info\/de\/#organization","name":"Visit Amalfi","url":"https:\/\/www.visitamalfi.info\/de\/","logo":{"@type":"ImageObject","inLanguage":"de","@id":"https:\/\/www.visitamalfi.info\/de\/#\/schema\/logo\/image\/","url":"https:\/\/www.visitamalfi.info\/wp-content\/uploads\/2023\/04\/visit-amalfi-logo-web.png","contentUrl":"https:\/\/www.visitamalfi.info\/wp-content\/uploads\/2023\/04\/visit-amalfi-logo-web.png","width":800,"height":870,"caption":"Visit Amalfi"},"image":{"@id":"https:\/\/www.visitamalfi.info\/de\/#\/schema\/logo\/image\/"},"sameAs":["https:\/\/www.facebook.com\/visitamalfiofficial","https:\/\/www.instagram.com\/visitamalfiofficial\/"]}]}},"_links":{"self":[{"href":"https:\/\/www.visitamalfi.info\/de\/wp-json\/wp\/v2\/amw_accommodation\/13509","targetHints":{"allow":["GET"]}}],"collection":[{"href":"https:\/\/www.visitamalfi.info\/de\/wp-json\/wp\/v2\/amw_accommodation"}],"about":[{"href":"https:\/\/www.visitamalfi.info\/de\/wp-json\/wp\/v2\/types\/amw_accommodation"}],"version-history":[{"count":1,"href":"https:\/\/www.visitamalfi.info\/de\/wp-json\/wp\/v2\/amw_accommodation\/13509\/revisions"}],"predecessor-version":[{"id":21768,"href":"https:\/\/www.visitamalfi.info\/de\/wp-json\/wp\/v2\/amw_accommodation\/13509\/revisions\/21768"}],"wp:featuredmedia":[{"embeddable":true,"href":"https:\/\/www.visitamalfi.info\/de\/wp-json\/wp\/v2\/media\/13494"}],"wp:attachment":[{"href":"https:\/\/www.visitamalfi.info\/de\/wp-json\/wp\/v2\/media?parent=13509"}],"wp:term":[{"taxonomy":"accommodation_strenghts","embeddable":true,"href":"https:\/\/www.visitamalfi.info\/de\/wp-json\/wp\/v2\/accommodation_strenghts?post=13509"},{"taxonomy":"season","embeddable":true,"href":"https:\/\/www.visitamalfi.info\/de\/wp-json\/wp\/v2\/season?post=13509"},{"taxonomy":"accommodation_amenities","embeddable":true,"href":"https:\/\/www.visitamalfi.info\/de\/wp-json\/wp\/v2\/accommodation_amenities?post=13509"},{"taxonomy":"amw_accommodation_type","embeddable":true,"href":"https:\/\/www.visitamalfi.info\/de\/wp-json\/wp\/v2\/amw_accommodation_type?post=13509"}],"curies":[{"name":"wp","href":"https:\/\/api.w.org\/{rel}","templated":true}]}}