{"id":11434,"date":"2023-05-26T14:21:18","date_gmt":"2023-05-26T12:21:18","guid":{"rendered":"https:\/\/www.visitamalfi.info\/amw-accommodation\/domus-florio-sabbia\/"},"modified":"2023-05-26T14:21:18","modified_gmt":"2023-05-26T12:21:18","slug":"domus-florio-sabbia","status":"publish","type":"amw_accommodation","link":"https:\/\/www.visitamalfi.info\/de\/amw-accommodation\/domus-florio-sabbia\/","title":{"rendered":"Domus Florio Sabbia"},"content":{"rendered":"<div id='gallery-1' class='gallery galleryid-11434 gallery-columns-4 gallery-size-thumbnail'><figure class='gallery-item'>\n\t\t\t<div class='gallery-icon landscape'>\n\t\t\t\t<a href='https:\/\/www.visitamalfi.info\/wp-content\/uploads\/2023\/05\/DSC_4798-1-Modificata.png' data-lightbox=\"gal[11434]\"><img fetchpriority=\"high\" decoding=\"async\" width=\"300\" height=\"300\" src=\"https:\/\/www.visitamalfi.info\/wp-content\/uploads\/2023\/05\/DSC_4798-1-Modificata-300x300.png\" class=\"attachment-thumbnail size-thumbnail\" alt=\"\" srcset=\"https:\/\/www.visitamalfi.info\/wp-content\/uploads\/2023\/05\/DSC_4798-1-Modificata-300x300.png 300w, https:\/\/www.visitamalfi.info\/wp-content\/uploads\/2023\/05\/DSC_4798-1-Modificata-510x510.png 510w, https:\/\/www.visitamalfi.info\/wp-content\/uploads\/2023\/05\/DSC_4798-1-Modificata-160x160.png 160w\" sizes=\"(max-width: 300px) 100vw, 300px\" \/><\/a>\n\t\t\t<\/div><\/figure><figure class='gallery-item'>\n\t\t\t<div class='gallery-icon landscape'>\n\t\t\t\t<a href='https:\/\/www.visitamalfi.info\/wp-content\/uploads\/2023\/05\/ANA5836_Florio_Amalfi_WEB-Modificata.png' data-lightbox=\"gal[11434]\"><img decoding=\"async\" width=\"300\" height=\"300\" src=\"https:\/\/www.visitamalfi.info\/wp-content\/uploads\/2023\/05\/ANA5836_Florio_Amalfi_WEB-Modificata-300x300.png\" class=\"attachment-thumbnail size-thumbnail\" alt=\"\" srcset=\"https:\/\/www.visitamalfi.info\/wp-content\/uploads\/2023\/05\/ANA5836_Florio_Amalfi_WEB-Modificata-300x300.png 300w, https:\/\/www.visitamalfi.info\/wp-content\/uploads\/2023\/05\/ANA5836_Florio_Amalfi_WEB-Modificata-510x510.png 510w, https:\/\/www.visitamalfi.info\/wp-content\/uploads\/2023\/05\/ANA5836_Florio_Amalfi_WEB-Modificata-160x160.png 160w\" sizes=\"(max-width: 300px) 100vw, 300px\" \/><\/a>\n\t\t\t<\/div><\/figure><figure class='gallery-item'>\n\t\t\t<div class='gallery-icon landscape'>\n\t\t\t\t<a href='https:\/\/www.visitamalfi.info\/wp-content\/uploads\/2023\/05\/DSC_4796-1-Modificata.png' data-lightbox=\"gal[11434]\"><img decoding=\"async\" width=\"300\" height=\"300\" src=\"https:\/\/www.visitamalfi.info\/wp-content\/uploads\/2023\/05\/DSC_4796-1-Modificata-300x300.png\" class=\"attachment-thumbnail size-thumbnail\" alt=\"\" srcset=\"https:\/\/www.visitamalfi.info\/wp-content\/uploads\/2023\/05\/DSC_4796-1-Modificata-300x300.png 300w, https:\/\/www.visitamalfi.info\/wp-content\/uploads\/2023\/05\/DSC_4796-1-Modificata-510x510.png 510w, https:\/\/www.visitamalfi.info\/wp-content\/uploads\/2023\/05\/DSC_4796-1-Modificata-160x160.png 160w\" sizes=\"(max-width: 300px) 100vw, 300px\" \/><\/a>\n\t\t\t<\/div><\/figure><figure class='gallery-item'>\n\t\t\t<div class='gallery-icon landscape'>\n\t\t\t\t<a href='https:\/\/www.visitamalfi.info\/wp-content\/uploads\/2023\/05\/DSC_4804-Modificata.png' data-lightbox=\"gal[11434]\"><img loading=\"lazy\" decoding=\"async\" width=\"300\" height=\"300\" src=\"https:\/\/www.visitamalfi.info\/wp-content\/uploads\/2023\/05\/DSC_4804-Modificata-300x300.png\" class=\"attachment-thumbnail size-thumbnail\" alt=\"\" srcset=\"https:\/\/www.visitamalfi.info\/wp-content\/uploads\/2023\/05\/DSC_4804-Modificata-300x300.png 300w, https:\/\/www.visitamalfi.info\/wp-content\/uploads\/2023\/05\/DSC_4804-Modificata-510x510.png 510w, https:\/\/www.visitamalfi.info\/wp-content\/uploads\/2023\/05\/DSC_4804-Modificata-160x160.png 160w\" sizes=\"(max-width: 300px) 100vw, 300px\" \/><\/a>\n\t\t\t<\/div><\/figure>\n\t\t<\/div>\n\n<p><span style=\"font-weight: 400;\">Die Wohnung Domus Florio Sabbia der Gruppe <a href=\"https:\/\/maisonescher.it\/\">Maison Escher<\/a> befindet sich im Herzen des historischen Zentrums von Amalfi, nur wenige Schritte von der pr\u00e4chtigen Piazza Duomo und dem ber\u00fchmten Dom von Amalfi entfernt. Die Struktur, mit einer maximalen Kapazit\u00e4t von vier Personen, ist ideal f\u00fcr Paare oder Familien, die die authentische Seele der Seerepublik Amalfi suchen.<\/span><\/p>\n<p><span style=\"font-weight: 400;\">Die Wohnung verf\u00fcgt \u00fcber eine voll ausgestattete K\u00fcche, ein Badezimmer mit gro\u00dfer Dusche und Bidet, ein Schlafzimmer mit Doppelbett und ein bequemes Schlafsofa f\u00fcr zwei Personen im selben Raum. Um die Wohnung zu erreichen, muss man eine kurze Treppe mit 15 Stufen hinaufsteigen.<\/span><\/p>\n<div id='gallery-2' class='gallery galleryid-11434 gallery-columns-4 gallery-size-thumbnail'><figure class='gallery-item'>\n\t\t\t<div class='gallery-icon landscape'>\n\t\t\t\t<a href='https:\/\/www.visitamalfi.info\/wp-content\/uploads\/2023\/05\/DSC_4766-1-Modificata.png' data-lightbox=\"gal[11434]\"><img loading=\"lazy\" decoding=\"async\" width=\"300\" height=\"300\" src=\"https:\/\/www.visitamalfi.info\/wp-content\/uploads\/2023\/05\/DSC_4766-1-Modificata-300x300.png\" class=\"attachment-thumbnail size-thumbnail\" alt=\"\" srcset=\"https:\/\/www.visitamalfi.info\/wp-content\/uploads\/2023\/05\/DSC_4766-1-Modificata-300x300.png 300w, https:\/\/www.visitamalfi.info\/wp-content\/uploads\/2023\/05\/DSC_4766-1-Modificata-510x510.png 510w, https:\/\/www.visitamalfi.info\/wp-content\/uploads\/2023\/05\/DSC_4766-1-Modificata-160x160.png 160w\" sizes=\"(max-width: 300px) 100vw, 300px\" \/><\/a>\n\t\t\t<\/div><\/figure><figure class='gallery-item'>\n\t\t\t<div class='gallery-icon landscape'>\n\t\t\t\t<a href='https:\/\/www.visitamalfi.info\/wp-content\/uploads\/2023\/05\/ANA5871_Florio_Amalfi_WEB-Modificata.png' data-lightbox=\"gal[11434]\"><img loading=\"lazy\" decoding=\"async\" width=\"300\" height=\"300\" src=\"https:\/\/www.visitamalfi.info\/wp-content\/uploads\/2023\/05\/ANA5871_Florio_Amalfi_WEB-Modificata-300x300.png\" class=\"attachment-thumbnail size-thumbnail\" alt=\"\" srcset=\"https:\/\/www.visitamalfi.info\/wp-content\/uploads\/2023\/05\/ANA5871_Florio_Amalfi_WEB-Modificata-300x300.png 300w, https:\/\/www.visitamalfi.info\/wp-content\/uploads\/2023\/05\/ANA5871_Florio_Amalfi_WEB-Modificata-510x510.png 510w, https:\/\/www.visitamalfi.info\/wp-content\/uploads\/2023\/05\/ANA5871_Florio_Amalfi_WEB-Modificata-160x160.png 160w\" sizes=\"(max-width: 300px) 100vw, 300px\" \/><\/a>\n\t\t\t<\/div><\/figure><figure class='gallery-item'>\n\t\t\t<div class='gallery-icon portrait'>\n\t\t\t\t<a href='https:\/\/www.visitamalfi.info\/wp-content\/uploads\/2023\/05\/ANA5837_Florio_Amalfi_WEB-Modificata.png' data-lightbox=\"gal[11434]\"><img loading=\"lazy\" decoding=\"async\" width=\"300\" height=\"300\" src=\"https:\/\/www.visitamalfi.info\/wp-content\/uploads\/2023\/05\/ANA5837_Florio_Amalfi_WEB-Modificata-300x300.png\" class=\"attachment-thumbnail size-thumbnail\" alt=\"\" srcset=\"https:\/\/www.visitamalfi.info\/wp-content\/uploads\/2023\/05\/ANA5837_Florio_Amalfi_WEB-Modificata-300x300.png 300w, https:\/\/www.visitamalfi.info\/wp-content\/uploads\/2023\/05\/ANA5837_Florio_Amalfi_WEB-Modificata-510x510.png 510w, https:\/\/www.visitamalfi.info\/wp-content\/uploads\/2023\/05\/ANA5837_Florio_Amalfi_WEB-Modificata-160x160.png 160w\" sizes=\"(max-width: 300px) 100vw, 300px\" \/><\/a>\n\t\t\t<\/div><\/figure><figure class='gallery-item'>\n\t\t\t<div class='gallery-icon landscape'>\n\t\t\t\t<a href='https:\/\/www.visitamalfi.info\/wp-content\/uploads\/2023\/05\/DSC_4788-1-Modificata.png' data-lightbox=\"gal[11434]\"><img loading=\"lazy\" decoding=\"async\" width=\"300\" height=\"300\" src=\"https:\/\/www.visitamalfi.info\/wp-content\/uploads\/2023\/05\/DSC_4788-1-Modificata-300x300.png\" class=\"attachment-thumbnail size-thumbnail\" alt=\"\" srcset=\"https:\/\/www.visitamalfi.info\/wp-content\/uploads\/2023\/05\/DSC_4788-1-Modificata-300x300.png 300w, https:\/\/www.visitamalfi.info\/wp-content\/uploads\/2023\/05\/DSC_4788-1-Modificata-510x510.png 510w, https:\/\/www.visitamalfi.info\/wp-content\/uploads\/2023\/05\/DSC_4788-1-Modificata-160x160.png 160w\" sizes=\"(max-width: 300px) 100vw, 300px\" \/><\/a>\n\t\t\t<\/div><\/figure>\n\t\t<\/div>\n\n<p><span style=\"font-weight: 400;\">W\u00e4hrend ihres Aufenthalts im Domus Florio Sabbia haben die G\u00e4ste die M\u00f6glichkeit, die Reproduktionen von Gem\u00e4lden von Alfonso Florio, dem Vorfahren der Hotelbesitzer, kennen und sch\u00e4tzen zu lernen. <\/span><\/p>\n<p><span style=\"font-weight: 400;\">Vom Hotel aus k\u00f6nnen Sie den Strand von Amalfi (300 m) und die wichtigsten Sehensw\u00fcrdigkeiten der Stadt wie das Paradieskloster, die Arsenale der Republik und das Papiermuseum bequem zu Fu\u00df erreichen.<\/span><\/p>\n","protected":false},"excerpt":{"rendered":"<p>W\u00e4hrend ihres Aufenthalts im Domus Florio Sabbia haben die G\u00e4ste die M\u00f6glichkeit, die Reproduktionen von Gem\u00e4lden von Alfonso Florio, dem Vorfahren der Hotelbesitzer, kennen und sch\u00e4tzen zu lernen. <\/p>\n","protected":false},"featured_media":0,"template":"","accommodation_strenghts":[],"season":[234,229,239,242],"accommodation_amenities":[],"amw_accommodation_type":[518],"class_list":["post-11434","amw_accommodation","type-amw_accommodation","status-publish","hentry","season-fruehling","season-herbst","season-sommer","season-winter-de","amw_accommodation_type-ferienwohnungen"],"yoast_head":"<!-- This site is optimized with the Yoast SEO plugin v27.3 - https:\/\/yoast.com\/product\/yoast-seo-wordpress\/ -->\n<title>Domus Florio Sabbia - Visit Amalfi<\/title>\n<meta name=\"robots\" content=\"index, follow, max-snippet:-1, max-image-preview:large, max-video-preview:-1\" \/>\n<link rel=\"canonical\" href=\"https:\/\/www.visitamalfi.info\/de\/amw-accommodation\/domus-florio-sabbia\/\" \/>\n<meta property=\"og:locale\" content=\"de_DE\" \/>\n<meta property=\"og:type\" content=\"article\" \/>\n<meta property=\"og:title\" content=\"Domus Florio Sabbia - Visit Amalfi\" \/>\n<meta property=\"og:description\" content=\"W\u00e4hrend ihres Aufenthalts im Domus Florio Sabbia haben die G\u00e4ste die M\u00f6glichkeit, die Reproduktionen von Gem\u00e4lden von Alfonso Florio, dem Vorfahren der Hotelbesitzer, kennen und sch\u00e4tzen zu lernen.\" \/>\n<meta property=\"og:url\" content=\"https:\/\/www.visitamalfi.info\/de\/amw-accommodation\/domus-florio-sabbia\/\" \/>\n<meta property=\"og:site_name\" content=\"Visit Amalfi\" \/>\n<meta property=\"article:publisher\" content=\"https:\/\/www.facebook.com\/visitamalfiofficial\" \/>\n<meta property=\"og:image\" content=\"https:\/\/www.visitamalfi.info\/wp-content\/uploads\/2023\/05\/DSC_4798-1-Modificata-300x300.png\" \/>\n<meta name=\"twitter:card\" content=\"summary_large_image\" \/>\n<meta name=\"twitter:label1\" content=\"Gesch\u00e4tzte Lesezeit\" \/>\n\t<meta name=\"twitter:data1\" content=\"1\u00a0Minute\" \/>\n<script type=\"application\/ld+json\" class=\"yoast-schema-graph\">{\"@context\":\"https:\\\/\\\/schema.org\",\"@graph\":[{\"@type\":\"WebPage\",\"@id\":\"https:\\\/\\\/www.visitamalfi.info\\\/de\\\/amw-accommodation\\\/domus-florio-sabbia\\\/\",\"url\":\"https:\\\/\\\/www.visitamalfi.info\\\/de\\\/amw-accommodation\\\/domus-florio-sabbia\\\/\",\"name\":\"Domus Florio Sabbia - Visit Amalfi\",\"isPartOf\":{\"@id\":\"https:\\\/\\\/www.visitamalfi.info\\\/de\\\/#website\"},\"datePublished\":\"2023-05-26T12:21:18+00:00\",\"breadcrumb\":{\"@id\":\"https:\\\/\\\/www.visitamalfi.info\\\/de\\\/amw-accommodation\\\/domus-florio-sabbia\\\/#breadcrumb\"},\"inLanguage\":\"de\",\"potentialAction\":[{\"@type\":\"ReadAction\",\"target\":[\"https:\\\/\\\/www.visitamalfi.info\\\/de\\\/amw-accommodation\\\/domus-florio-sabbia\\\/\"]}]},{\"@type\":\"BreadcrumbList\",\"@id\":\"https:\\\/\\\/www.visitamalfi.info\\\/de\\\/amw-accommodation\\\/domus-florio-sabbia\\\/#breadcrumb\",\"itemListElement\":[{\"@type\":\"ListItem\",\"position\":1,\"name\":\"Home\",\"item\":\"https:\\\/\\\/www.visitamalfi.info\\\/de\\\/\"},{\"@type\":\"ListItem\",\"position\":2,\"name\":\"Domus Florio Sabbia\"}]},{\"@type\":\"WebSite\",\"@id\":\"https:\\\/\\\/www.visitamalfi.info\\\/de\\\/#website\",\"url\":\"https:\\\/\\\/www.visitamalfi.info\\\/de\\\/\",\"name\":\"Visit Amalfi\",\"description\":\"Amalfi Destination Official Website\",\"publisher\":{\"@id\":\"https:\\\/\\\/www.visitamalfi.info\\\/de\\\/#organization\"},\"potentialAction\":[{\"@type\":\"SearchAction\",\"target\":{\"@type\":\"EntryPoint\",\"urlTemplate\":\"https:\\\/\\\/www.visitamalfi.info\\\/de\\\/?s={search_term_string}\"},\"query-input\":{\"@type\":\"PropertyValueSpecification\",\"valueRequired\":true,\"valueName\":\"search_term_string\"}}],\"inLanguage\":\"de\"},{\"@type\":\"Organization\",\"@id\":\"https:\\\/\\\/www.visitamalfi.info\\\/de\\\/#organization\",\"name\":\"Visit Amalfi\",\"url\":\"https:\\\/\\\/www.visitamalfi.info\\\/de\\\/\",\"logo\":{\"@type\":\"ImageObject\",\"inLanguage\":\"de\",\"@id\":\"https:\\\/\\\/www.visitamalfi.info\\\/de\\\/#\\\/schema\\\/logo\\\/image\\\/\",\"url\":\"https:\\\/\\\/www.visitamalfi.info\\\/wp-content\\\/uploads\\\/2023\\\/04\\\/visit-amalfi-logo-web.png\",\"contentUrl\":\"https:\\\/\\\/www.visitamalfi.info\\\/wp-content\\\/uploads\\\/2023\\\/04\\\/visit-amalfi-logo-web.png\",\"width\":800,\"height\":870,\"caption\":\"Visit Amalfi\"},\"image\":{\"@id\":\"https:\\\/\\\/www.visitamalfi.info\\\/de\\\/#\\\/schema\\\/logo\\\/image\\\/\"},\"sameAs\":[\"https:\\\/\\\/www.facebook.com\\\/visitamalfiofficial\",\"https:\\\/\\\/www.instagram.com\\\/visitamalfiofficial\\\/\"]}]}<\/script>\n<!-- \/ Yoast SEO plugin. -->","yoast_head_json":{"title":"Domus Florio Sabbia - Visit Amalfi","robots":{"index":"index","follow":"follow","max-snippet":"max-snippet:-1","max-image-preview":"max-image-preview:large","max-video-preview":"max-video-preview:-1"},"canonical":"https:\/\/www.visitamalfi.info\/de\/amw-accommodation\/domus-florio-sabbia\/","og_locale":"de_DE","og_type":"article","og_title":"Domus Florio Sabbia - Visit Amalfi","og_description":"W\u00e4hrend ihres Aufenthalts im Domus Florio Sabbia haben die G\u00e4ste die M\u00f6glichkeit, die Reproduktionen von Gem\u00e4lden von Alfonso Florio, dem Vorfahren der Hotelbesitzer, kennen und sch\u00e4tzen zu lernen.","og_url":"https:\/\/www.visitamalfi.info\/de\/amw-accommodation\/domus-florio-sabbia\/","og_site_name":"Visit Amalfi","article_publisher":"https:\/\/www.facebook.com\/visitamalfiofficial","og_image":[{"url":"https:\/\/www.visitamalfi.info\/wp-content\/uploads\/2023\/05\/DSC_4798-1-Modificata-300x300.png","type":"","width":"","height":""}],"twitter_card":"summary_large_image","twitter_misc":{"Gesch\u00e4tzte Lesezeit":"1\u00a0Minute"},"schema":{"@context":"https:\/\/schema.org","@graph":[{"@type":"WebPage","@id":"https:\/\/www.visitamalfi.info\/de\/amw-accommodation\/domus-florio-sabbia\/","url":"https:\/\/www.visitamalfi.info\/de\/amw-accommodation\/domus-florio-sabbia\/","name":"Domus Florio Sabbia - Visit Amalfi","isPartOf":{"@id":"https:\/\/www.visitamalfi.info\/de\/#website"},"datePublished":"2023-05-26T12:21:18+00:00","breadcrumb":{"@id":"https:\/\/www.visitamalfi.info\/de\/amw-accommodation\/domus-florio-sabbia\/#breadcrumb"},"inLanguage":"de","potentialAction":[{"@type":"ReadAction","target":["https:\/\/www.visitamalfi.info\/de\/amw-accommodation\/domus-florio-sabbia\/"]}]},{"@type":"BreadcrumbList","@id":"https:\/\/www.visitamalfi.info\/de\/amw-accommodation\/domus-florio-sabbia\/#breadcrumb","itemListElement":[{"@type":"ListItem","position":1,"name":"Home","item":"https:\/\/www.visitamalfi.info\/de\/"},{"@type":"ListItem","position":2,"name":"Domus Florio Sabbia"}]},{"@type":"WebSite","@id":"https:\/\/www.visitamalfi.info\/de\/#website","url":"https:\/\/www.visitamalfi.info\/de\/","name":"Visit Amalfi","description":"Amalfi Destination Official Website","publisher":{"@id":"https:\/\/www.visitamalfi.info\/de\/#organization"},"potentialAction":[{"@type":"SearchAction","target":{"@type":"EntryPoint","urlTemplate":"https:\/\/www.visitamalfi.info\/de\/?s={search_term_string}"},"query-input":{"@type":"PropertyValueSpecification","valueRequired":true,"valueName":"search_term_string"}}],"inLanguage":"de"},{"@type":"Organization","@id":"https:\/\/www.visitamalfi.info\/de\/#organization","name":"Visit Amalfi","url":"https:\/\/www.visitamalfi.info\/de\/","logo":{"@type":"ImageObject","inLanguage":"de","@id":"https:\/\/www.visitamalfi.info\/de\/#\/schema\/logo\/image\/","url":"https:\/\/www.visitamalfi.info\/wp-content\/uploads\/2023\/04\/visit-amalfi-logo-web.png","contentUrl":"https:\/\/www.visitamalfi.info\/wp-content\/uploads\/2023\/04\/visit-amalfi-logo-web.png","width":800,"height":870,"caption":"Visit Amalfi"},"image":{"@id":"https:\/\/www.visitamalfi.info\/de\/#\/schema\/logo\/image\/"},"sameAs":["https:\/\/www.facebook.com\/visitamalfiofficial","https:\/\/www.instagram.com\/visitamalfiofficial\/"]}]}},"_links":{"self":[{"href":"https:\/\/www.visitamalfi.info\/de\/wp-json\/wp\/v2\/amw_accommodation\/11434","targetHints":{"allow":["GET"]}}],"collection":[{"href":"https:\/\/www.visitamalfi.info\/de\/wp-json\/wp\/v2\/amw_accommodation"}],"about":[{"href":"https:\/\/www.visitamalfi.info\/de\/wp-json\/wp\/v2\/types\/amw_accommodation"}],"version-history":[{"count":0,"href":"https:\/\/www.visitamalfi.info\/de\/wp-json\/wp\/v2\/amw_accommodation\/11434\/revisions"}],"wp:attachment":[{"href":"https:\/\/www.visitamalfi.info\/de\/wp-json\/wp\/v2\/media?parent=11434"}],"wp:term":[{"taxonomy":"accommodation_strenghts","embeddable":true,"href":"https:\/\/www.visitamalfi.info\/de\/wp-json\/wp\/v2\/accommodation_strenghts?post=11434"},{"taxonomy":"season","embeddable":true,"href":"https:\/\/www.visitamalfi.info\/de\/wp-json\/wp\/v2\/season?post=11434"},{"taxonomy":"accommodation_amenities","embeddable":true,"href":"https:\/\/www.visitamalfi.info\/de\/wp-json\/wp\/v2\/accommodation_amenities?post=11434"},{"taxonomy":"amw_accommodation_type","embeddable":true,"href":"https:\/\/www.visitamalfi.info\/de\/wp-json\/wp\/v2\/amw_accommodation_type?post=11434"}],"curies":[{"name":"wp","href":"https:\/\/api.w.org\/{rel}","templated":true}]}}